
    {"id":16559,"date":"2024-02-22T11:42:19","date_gmt":"2024-02-22T11:42:19","guid":{"rendered":"\/?page_id=16559"},"modified":"2025-11-27T14:02:38","modified_gmt":"2025-11-27T13:02:38","slug":"kariera","status":"publish","type":"page","link":"https:\/\/lindstromgroup.com\/sk\/kariera\/","title":{"rendered":"Kari\u00e9ra"},"content":{"rendered":"\n    <div\n        id=\"block_3c28c15845d56019e4a22a8454fafdac\"\n        class=\"hero-sub hero-sub--block_3c28c15845d56019e4a22a8454fafdac  flex flex-col-reverse lg:flex-row justify-between bg-dark-blue text-white\"\n    >        \n        <div class=\"flex flex-col gap-5 pt-10 pb-5 grow px-5 lg:px-20\">\n            <div class=\"flex flex-col justify-center gap-3 grow max-w-[var(--container-text-max)]\">\n                <h1 class=\"!mb-0 !text-white !text-title-medium lg:!text-title-large !font-bold hyphens-auto break-words\">\n                    Kari\u00e9ra                <\/h1>\n    \n                <div class=\"hero-sub__description\">\n                    <p>V spolo\u010dnosti Lindstr\u00f6m moment\u00e1lne pracuje pribli\u017ene 4 700 zamestnancov. N\u00e1\u0161 medzin\u00e1rodn\u00fd rast pokra\u010duje a pravidelne h\u013ead\u00e1me nov\u00fdch pracovn\u00edkov.<\/p>\n                <\/div>\n    \n                \n                            <\/div>\n                            <div class=\"font-bold hero-sub__breadcrumb text-body-small\">\n                        <span><span><a href=\"https:\/\/lindstromgroup.com\/sk\/\">Home<\/a><\/span><\/span>                <\/div>\n                    <\/div>\n\n        <div class=\"[&#038;_picture]:w-full flex h-full lg:h-auto max-h-[350px] lg:max-h-none lg:min-h-full w-full lg:w-[650px]\">\n            <img decoding=\"async\"\n                class=\"object-cover w-full h-full\"\n                src=\"https:\/\/d2ris6qfzcz0wn.cloudfront.net\/wp-content\/uploads\/sites\/22\/2024\/01\/MAS_D1458_4_striped-1024x683.jpg\"\n                alt=\"V spolo\u010dnosti Lindstr\u00f6m moment\u00e1lne pracuje pribli\u017ene 4 700 zamestnancov. N\u00e1\u0161 medzin\u00e1rodn\u00fd rast pokra\u010duje a pravidelne h\u013ead\u00e1me nov\u00fdch pracovn\u00edkov.\"\n            >\n        <\/div>\n    <\/div>\n\n\n\n        <div\n        id=\"block_0831729abd7524056c1c26625e8ad4fa\" \n        class=\"anchor-link anchor-link--block_0831729abd7524056c1c26625e8ad4fa \"\n        >\n            <div class=\"anchor-links__navbar lindstrom-container lindstrom-container--content has-scrolling-gradient\">\n                <ul>\n                                        <li class=\"navbar__item\">\n                        <a \n                            href=\"#prihovor\" \n                            onMouseOver=\"this.style.color='#003f72'\" \n                            onMouseOut=\"this.style.color='var(--color-grey-50)'\">\n                                Pr\u00edhovor HR mana\u017e\u00e1rky                        <\/a>\n                    <\/li>\n                                        <li class=\"navbar__item\">\n                        <a \n                            href=\"#jobs\" \n                            onMouseOver=\"this.style.color='#003f72'\" \n                            onMouseOut=\"this.style.color='var(--color-grey-50)'\">\n                                Aktu\u00e1lne obsadzujeme                        <\/a>\n                    <\/li>\n                                        <li class=\"navbar__item\">\n                        <a \n                            href=\"#preco\" \n                            onMouseOver=\"this.style.color='#003f72'\" \n                            onMouseOut=\"this.style.color='var(--color-grey-50)'\">\n                                Pre\u010do si vybra\u0165 Lindstr\u00f6m?                        <\/a>\n                    <\/li>\n                                        <li class=\"navbar__item\">\n                        <a \n                            href=\"#kolegovia\" \n                            onMouseOver=\"this.style.color='#003f72'\" \n                            onMouseOut=\"this.style.color='var(--color-grey-50)'\">\n                                Zauj\u00edmame sa o svojich kolegov!                        <\/a>\n                    <\/li>\n                                        <li class=\"navbar__item\">\n                        <a \n                            href=\"#story\" \n                            onMouseOver=\"this.style.color='#003f72'\" \n                            onMouseOut=\"this.style.color='var(--color-grey-50)'\">\n                                Kari\u00e9rne pr\u00edbehy                        <\/a>\n                    <\/li>\n                                    <\/ul>\n            <\/div>\n        <\/div>\n    \n\n\n        <style>\n            .lindstrom-container--block_557ca5a99520d3a978c3fb9cef419a42 {                \n                padding-top: 35px;\n                padding-bottom: 35px;\n            }\n\n            @media screen and (min-width: 768px) {\n                .lindstrom-container--block_557ca5a99520d3a978c3fb9cef419a42 {\n                    padding-top: 75px;\n                    padding-bottom: 75px;\n                }\n            }\n        <\/style>\n    \n<div\n    class=\"lindstrom-container-wrapper lindstrom-container lindstrom-container--block_557ca5a99520d3a978c3fb9cef419a42 \"\n    id=\"prihovor\"\n    style=\"background-color: #ffffff\"\n    >\n    <div class=\"lindstrom-container lindstrom-container--content items-stretch\">\n        \n\n<div class=\"wp-block-media-text alignfull is-stacked-on-mobile is-vertically-aligned-top\" style=\"grid-template-columns:30% auto\"><figure class=\"wp-block-media-text__media\"><img decoding=\"async\" width=\"400\" height=\"600\" src=\"https:\/\/d2ris6qfzcz0wn.cloudfront.net\/wp-content\/uploads\/sites\/22\/2025\/01\/Duska-M.jpg\" alt=\"\" class=\"wp-image-18727 size-full\" srcset=\"https:\/\/d2ris6qfzcz0wn.cloudfront.net\/wp-content\/uploads\/sites\/22\/2025\/01\/Duska-M.jpg 400w, https:\/\/d2ris6qfzcz0wn.cloudfront.net\/wp-content\/uploads\/sites\/22\/2025\/01\/Duska-M-200x300.jpg 200w\" sizes=\"(max-width: 400px) 100vw, 400px\" \/><\/figure><div class=\"wp-block-media-text__content\">\n<p>V\u00e1\u017een\u00e9 uch\u00e1dza\u010dky, v\u00e1\u017een\u00ed uch\u00e1dza\u010di,<\/p>\n\n\n\n<div style=\"height:20px\" aria-hidden=\"true\" class=\"wp-block-spacer\"><\/div>\n\n\n\n<p>vitajte na mieste, kde sa sp\u00e1ja viac ako <strong>175-ro\u010dn\u00e1 trad\u00edcia<\/strong> s modern\u00fdm pr\u00edstupom a inov\u00e1ciami. Na\u0161a spolo\u010dnos\u0165, ktor\u00e1 m\u00e1 siln\u00e9 z\u00e1zemie <strong>v medzin\u00e1rodnej skupine<\/strong> s f\u00ednskou materskou firmou, pon\u00faka jedine\u010dn\u00fa pr\u00edle\u017eitos\u0165 sta\u0165 sa s\u00fa\u010das\u0165ou t\u00edmu, ktor\u00fd je hrd\u00fd na svoju hist\u00f3riu a hodnoty.<\/p>\n\n\n\n<div style=\"height:20px\" aria-hidden=\"true\" class=\"wp-block-spacer\"><\/div>\n\n\n\n<p>V centre na\u0161ej filozofie stoj\u00ed <strong>WE CARE<\/strong> kult\u00fara, ktor\u00e1 pre n\u00e1s nie je len heslom. Znamen\u00e1, \u017ee n\u00e1m z\u00e1le\u017e\u00ed nielen na na\u0161ich zamestnancoch, ale aj na na\u0161ich z\u00e1kazn\u00edkoch, komunit\u00e1ch a \u017eivotnom prostred\u00ed. Sme presved\u010den\u00ed, \u017ee pr\u00e1ve starostlivos\u0165, re\u0161pekt a d\u00f4vera s\u00fa z\u00e1kladom dlhodob\u00fdch a \u00faspe\u0161n\u00fdch vz\u0165ahov \u2013 v pr\u00e1ci aj mimo nej.<\/p>\n\n\n\n<div style=\"height:20px\" aria-hidden=\"true\" class=\"wp-block-spacer\"><\/div>\n\n\n\n<p><strong>Na\u0161e hodnoty<\/strong> s\u00fa k\u013e\u00fa\u010dom k n\u00e1\u0161mu \u00faspechu. Ver\u00edme v:<\/p>\n\n\n\n<div style=\"height:20px\" aria-hidden=\"true\" class=\"wp-block-spacer\"><\/div>\n\n\n\n<p><strong>Profitabiln\u00fd rast<\/strong> \u2013 ktor\u00fd n\u00e1m umo\u017e\u0148uje neust\u00e1le zlep\u0161ovanie a inov\u00e1cie. Na\u0161\u00edm cie\u013eom je dosahova\u0165 \u00faspechy zodpovedne a udr\u017eate\u013ene.<br><strong>Zodpovednos\u0165<\/strong> \u2013 vo\u010di na\u0161im z\u00e1kazn\u00edkom, partnerom aj zamestnancom. Pln\u00edme svoje s\u013euby a v\u017edy sa sna\u017e\u00edme, aby na\u0161e kroky mali pozit\u00edvny dopad na v\u0161etk\u00fdch, ktor\u00fdch sa t\u00fdkaj\u00fa.<br><strong>Dlhodob\u00e9 vz\u0165ahy so z\u00e1kazn\u00edkmi<\/strong> \u2013 budujeme d\u00f4veru a partnerstv\u00e1, ktor\u00e9 pretrv\u00e1vaj\u00fa roky. Na\u0161e vz\u0165ahy nie s\u00fa len o obchode, ale o skuto\u010dnej spolupr\u00e1ci a vz\u00e1jomnom re\u0161pekte.<br><strong>Entuziazmus a rados\u0165 z u\u010denia<\/strong> \u2013 s nad\u0161en\u00edm a energiou \u010del\u00edme nov\u00fdm v\u00fdzvam a z\u00e1rove\u0148 sa neust\u00e1le u\u010d\u00edme. Ver\u00edme, \u017ee nepretr\u017eit\u00fd rozvoj a otvorenos\u0165 k nov\u00fdm my\u0161lienkam s\u00fa k\u013e\u00fa\u010dom k inov\u00e1ci\u00e1m a \u00faspechu.<\/p>\n\n\n\n<div style=\"height:20px\" aria-hidden=\"true\" class=\"wp-block-spacer\"><\/div>\n\n\n\n<p>Sme spolo\u010dnos\u0165, ktorej skuto\u010dne z\u00e1le\u017e\u00ed na <strong>spokojnosti svojich zamestnancov<\/strong>. Pravidelne vykon\u00e1vame prieskumy spokojnosti, aby sme lep\u0161ie pochopili potreby na\u0161ich \u013eud\u00ed a mohli im vytv\u00e1ra\u0165 prostredie, kde sa c\u00edtia dobre a maj\u00fa priestor na osobn\u00fd aj profesion\u00e1lny rast.<\/p>\n\n\n\n<div style=\"height:20px\" aria-hidden=\"true\" class=\"wp-block-spacer\"><\/div>\n\n\n\n<p>Ak h\u013ead\u00e1te miesto, kde bude o V\u00e1s naozaj postaran\u00e9, miesto, kde sa kladie d\u00f4raz na <strong>rovnov\u00e1hu medzi pr\u00e1cou a osobn\u00fdm \u017eivotom<\/strong> a kde je \u00faspech spolo\u010dnou z\u00e1le\u017eitos\u0165ou, radi v\u00e1s priv\u00edtame v na\u0161om t\u00edme.<\/p>\n\n\n\n<div style=\"height:20px\" aria-hidden=\"true\" class=\"wp-block-spacer\"><\/div>\n\n\n\n<p>Pridajte sa k n\u00e1m a bu\u010fte s\u00fa\u010das\u0165ou spolo\u010dnosti, ktor\u00e1 si v\u00e1\u017ei nielen svoju minulos\u0165, ale predov\u0161etk\u00fdm \u013eud\u00ed, ktor\u00ed formuj\u00fa jej bud\u00facnos\u0165.<\/p>\n\n\n\n<div style=\"height:20px\" aria-hidden=\"true\" class=\"wp-block-spacer\"><\/div>\n\n\n\n<p>S pozdravom<\/p>\n\n\n\n<p><strong>Du\u0161ana P\u010dolkov\u00e1<\/strong><br><em>(HR Manager)<\/em><\/p>\n<\/div><\/div>\n\n\n    <\/div>\n<\/div>\n\n\n\n        <style>\n            .lindstrom-container--block_a8f53d5be7c5c9f9ac81b61d2a6539d4 {                \n                padding-top: 15px;\n                padding-bottom: 15px;\n            }\n\n            @media screen and (min-width: 768px) {\n                .lindstrom-container--block_a8f53d5be7c5c9f9ac81b61d2a6539d4 {\n                    padding-top: 15px;\n                    padding-bottom: 15px;\n                }\n            }\n        <\/style>\n    \n<div\n    class=\"lindstrom-container-wrapper lindstrom-container lindstrom-container--block_a8f53d5be7c5c9f9ac81b61d2a6539d4 \"\n    id=\"jobs\"\n    style=\"background-color: #f2f2f2\"\n    >\n    <div class=\"lindstrom-container lindstrom-container--text items-stretch\">\n        \n\n        <div \n        id=\"tyopaikat\" \n        class=\"cta-country\"\n    >\n        <div class=\"flex flex-col gap-5\" style=\"align-items: flex-start\">\n                            <h2 class='!text-title-small lg:!text-title-medium !text-grey-100 !font-bold !my-0'>                    Aktu\u00e1lne obsadzujeme:                <\/h2>                                    <div class=\"cta-button-container cta-button-container--row\">\n                            <\/div>\n        <\/div>\n    <\/div>\n    \n\n\n        <div\n        id=\"block_5afd1a5837a7ae18c9ad68d7f5a272eb\" \n        class=\"open-job-positions open-job-positions--block_5afd1a5837a7ae18c9ad68d7f5a272eb \"\n        >\n            <div class=\"open-job-positions__list open-job-positions__list--closed\">\n                    <div class=\"open-job-positions__card\">\n        <div class=\"open-job-positions__title\">\n            <a href=\"https:\/\/lindstromgroup.com\/sk\/pracovne-ponuky\/key-account-manager-pre-nitriansky-zilinsky-a-banskobystricky-kraj\/\">\n                Key Account Manager pre Nitriansky, \u017dilinsk\u00fd a Banskobystrick\u00fd kraj            <\/a>\n        <\/div>\n        <div class=\"open-job-positions__description\">\n            N\u00e1pl\u0148 pr\u00e1ce, pr\u00e1vomoci a zodpovednosti Poz\u00edcia je obsadzovan\u00e1 ako z\u00e1stup za matersk\u00fa a rodi\u010dovsk\u00fa dovolenku, no ned\u00e1 sa vyl\u00fa\u010di\u0165 aj pokra\u010dovanie po nej. Zamestnaneck\u00e9 v\u00fdhody,&#8230;        <\/div>\n        <div class=\"open-job-positions__period\">\n            <span>\n                Uch\u00e1dza\u0165 sa je mo\u017en\u00e9 od 19.01.2026            <\/span>\n            <span>\n                Ukon\u010denie prihlasovania na pracovn\u00e9 miesto &#8211;            <\/span>\n        <\/div>\n    <\/div>\n    <div class=\"open-job-positions__card\">\n        <div class=\"open-job-positions__title\">\n            <a href=\"https:\/\/lindstromgroup.com\/sk\/pracovne-ponuky\/sales-manager-pre-vychodne-slovenko\/\">\n                Sales Manager pre V\u00fdchodn\u00e9 Slovenko            <\/a>\n        <\/div>\n        <div class=\"open-job-positions__description\">\n            M\u00e1te sk\u00fasenosti s veden\u00edm \u013eud\u00ed a obchod je va\u0161ou v\u00e1\u0161\u0148ou? Viete nielen dosahova\u0165 vlastn\u00e9 v\u00fdsledky, ale aj vies\u0165 t\u00edm k spolo\u010dn\u00fdm \u00faspechom? Ak ste roden\u00fd&#8230;        <\/div>\n        <div class=\"open-job-positions__period\">\n            <span>\n                Uch\u00e1dza\u0165 sa je mo\u017en\u00e9 od 20.11.2025            <\/span>\n            <span>\n                Ukon\u010denie prihlasovania na pracovn\u00e9 miesto &#8211;            <\/span>\n        <\/div>\n    <\/div>\n    <div class=\"open-job-positions__card\">\n        <div class=\"open-job-positions__title\">\n            <a href=\"https:\/\/lindstromgroup.com\/sk\/pracovne-ponuky\/b2b-obchodny-zastupca-pre-high-value-costumers-bratislavsky-a-trnavsky-kraj\/\">\n                B2B Obchodn\u00fd Z\u00e1stupca pre High Value Costumers &#8211; Bratislavsk\u00fd a Trnavsk\u00fd kraj            <\/a>\n        <\/div>\n        <div class=\"open-job-positions__description\">\n            N\u00e1pl\u0148 pr\u00e1ce, pr\u00e1vomoci a zodpovednosti H\u013ead\u00e1me kolegu\/kolegy\u0148u so zelen\u00fdm pr\u00edstupom! V na\u0161ej pr\u00e1\u010dovni sa \u0161pecializujeme na ekologick\u00e9 slu\u017eby v oblasti pracovn\u00fdch odevov. Vieme, ak\u00e9 d\u00f4le\u017eit\u00e9&#8230;        <\/div>\n        <div class=\"open-job-positions__period\">\n            <span>\n                Uch\u00e1dza\u0165 sa je mo\u017en\u00e9 od 12.09.2025            <\/span>\n            <span>\n                Ukon\u010denie prihlasovania na pracovn\u00e9 miesto &#8211;            <\/span>\n        <\/div>\n    <\/div>\n    <div class=\"open-job-positions__card\">\n        <div class=\"open-job-positions__title\">\n            <a href=\"https:\/\/lindstromgroup.com\/sk\/pracovne-ponuky\/fast-track-sales-representative-pre-zapadne-slovensko\/\">\n                Fast Track Sales Representative pre z\u00e1padn\u00e9 Slovensko            <\/a>\n        <\/div>\n        <div class=\"open-job-positions__description\">\n            Sme medzin\u00e1rodn\u00e1 firma s f\u00ednskymi kore\u0148mi a glob\u00e1lnym dosahom. Ka\u017ed\u00fd de\u0148 pom\u00e1hame firm\u00e1m zjednodu\u0161ova\u0165 podnikanie prostredn\u00edctvom slu\u017eieb, ktor\u00e9 zvy\u0161uj\u00fa hygienu, bezpe\u010dnos\u0165 a udr\u017eate\u013enos\u0165. Ver\u00edme, \u017ee&#8230;        <\/div>\n        <div class=\"open-job-positions__period\">\n            <span>\n                Uch\u00e1dza\u0165 sa je mo\u017en\u00e9 od 23.05.2025            <\/span>\n            <span>\n                Ukon\u010denie prihlasovania na pracovn\u00e9 miesto &#8211;            <\/span>\n        <\/div>\n    <\/div>\n    <div class=\"open-job-positions__card\">\n        <div class=\"open-job-positions__title\">\n            <a href=\"https:\/\/lindstromgroup.com\/sk\/pracovne-ponuky\/fast-track-sales-representative-pre-vychodne-slovensko\/\">\n                Fast Track Sales Representative pre v\u00fdchodn\u00e9 Slovensko            <\/a>\n        <\/div>\n        <div class=\"open-job-positions__description\">\n            Pracuj so slu\u017ebami, ktor\u00e9 d\u00e1vaj\u00fa zmysel a\u00a0zar\u00e1baj bez limitov \u200bLokalita&#8211; Ko\u0161ice, Trebi\u0161ov, Michalovce Sme medzin\u00e1rodn\u00e1 firma s f\u00ednskymi kore\u0148mi a glob\u00e1lnym dosahom. Ka\u017ed\u00fd de\u0148 pom\u00e1hame&#8230;        <\/div>\n        <div class=\"open-job-positions__period\">\n            <span>\n                Uch\u00e1dza\u0165 sa je mo\u017en\u00e9 od 13.05.2025            <\/span>\n            <span>\n                Ukon\u010denie prihlasovania na pracovn\u00e9 miesto &#8211;            <\/span>\n        <\/div>\n    <\/div>\n    <div class=\"open-job-positions__card\">\n        <div class=\"open-job-positions__title\">\n            <a href=\"https:\/\/lindstromgroup.com\/sk\/pracovne-ponuky\/pracovnik-pracovnicka-pracovne-v-trnave\/\">\n                Pracovn\u00edk \/ pracovn\u00ed\u010dka pr\u00e1\u010dovne v Trnave            <\/a>\n        <\/div>\n        <div class=\"open-job-positions__description\">\n            Chcete pracova\u0165 pre siln\u00fa zna\u010dku na trhu? Chcete byt&#8216; posilou pre na\u0161e servisn\u00e9 stredisko v Trnave a d\u00f4le\u017eitou s\u00fa\u010das\u0165ou na\u0161ich slu\u017eieb? V\u0161etko sa za\u010d\u00edna u&#8230;        <\/div>\n        <div class=\"open-job-positions__period\">\n            <span>\n                Uch\u00e1dza\u0165 sa je mo\u017en\u00e9 od 19.09.2024            <\/span>\n            <span>\n                Ukon\u010denie prihlasovania na pracovn\u00e9 miesto &#8211;            <\/span>\n        <\/div>\n    <\/div>\n    <div class=\"open-job-positions__card\">\n        <div class=\"open-job-positions__title\">\n            <a href=\"https:\/\/lindstromgroup.com\/sk\/pracovne-ponuky\/high-value-sales-representative-pre-stredne-slovensko\/\">\n                B2B Obchodn\u00fd Z\u00e1stupca pre High Value Customers \u2013 Banskobystrick\u00fd a \u017dilinsk\u00fd kraj            <\/a>\n        <\/div>\n        <div class=\"open-job-positions__description\">\n            N\u00e1pl\u0148 pr\u00e1ce, pr\u00e1vomoci a zodpovednosti Chce\u0161 sp\u00f4sobi\u0165 revol\u00faciu vo svete predaja? Si nad\u0161en\u00fd obchodn\u00edk, ktor\u00fd je pripraven\u00fd prida\u0165 sa k n\u00e1m a by\u0165 s\u00fa\u010das\u0165ou neuverite\u013en\u00e9ho&#8230;        <\/div>\n        <div class=\"open-job-positions__period\">\n            <span>\n                Uch\u00e1dza\u0165 sa je mo\u017en\u00e9 od 16.09.2024            <\/span>\n            <span>\n                Ukon\u010denie prihlasovania na pracovn\u00e9 miesto &#8211;            <\/span>\n        <\/div>\n    <\/div>\n            <\/div>\n\n                            <a class=\"open-job-positions__see-more\">\n                    <span>Pozrie\u0165 v\u0161etky<\/span>\n                    <span class=\"open-job-positions__see-more-icon material-symbols-outlined\">\n                        expand_less\n                    <\/span>\n                <\/a>\n                    <\/div>\n    \n\n\n<!-- HTML -->\n            <div\n            id=\"block_68219eccf40322f2a77c80824a9af3db\"\n            class=\"banner-cta banner-cta--block_68219eccf40322f2a77c80824a9af3db  relative\"\n        >\n            <div class=\"banner-cta__background\" style=\"background-color: #006f86\"><\/div>\n            <div\n                class=\"flex gap-3 min-h-[100px] content-center self-stretch flex-wrap lindstrom-container lindstrom-container--content banner-cta__content banner-cta__content--horizontal\">\n                <div class=\"flex-grow flex-shrink-0 basis-0 min-w-[270px] w-full banner-cta__text\">\n                                                            <p class=\"m-0 !text-white !text-body\">\n                        V\u0161etky otvoren\u00e9 pracovn\u00e9 poz\u00edcie s\u00fa dostupn\u00e9 pre extern\u00fdch ako aj intern\u00fdch uch\u00e1dza\u010dov.                    <\/p>\n                                    <\/div>\n                \n                            <\/div>\n        <\/div>\n    \n\n    <\/div>\n<\/div>\n\n\n\n        <style>\n            .lindstrom-container--block_5252bd6f8f45c56bc62da1dd28b4e669 {                \n                padding-top: 35px;\n                padding-bottom: 35px;\n            }\n\n            @media screen and (min-width: 768px) {\n                .lindstrom-container--block_5252bd6f8f45c56bc62da1dd28b4e669 {\n                    padding-top: 75px;\n                    padding-bottom: 75px;\n                }\n            }\n        <\/style>\n    \n<div\n    class=\"lindstrom-container-wrapper lindstrom-container lindstrom-container--block_5252bd6f8f45c56bc62da1dd28b4e669 \"\n    id=\"block_5252bd6f8f45c56bc62da1dd28b4e669\"\n    style=\"background-color: #ffffff\"\n    >\n    <div class=\"lindstrom-container lindstrom-container--content items-stretch\">\n        \n\n        <div \n        id=\"cta-country-block_c230d8ee65cf918aaf92caa61c876b5f\" \n        class=\"cta-country\"\n    >\n        <div class=\"flex flex-col gap-5\" style=\"align-items: flex-start\">\n                            <h2 class='!text-title-small lg:!text-title-medium !text-grey-100 !font-bold !my-0'>                    Pridajte sa k n\u00e1m!                <\/h2>                                    <div class=\"cta-button-container cta-button-container--row\">\n                            <\/div>\n        <\/div>\n    <\/div>\n    \n\n\n<div class=\"wp-block-columns is-layout-flex wp-container-core-columns-is-layout-28f84493 wp-block-columns-is-layout-flex\">\n<div class=\"wp-block-column is-layout-flow wp-block-column-is-layout-flow\">\n<div class=\"inherit-container-width wp-block-group is-layout-constrained wp-block-group-is-layout-constrained\">\n<p>V spolo\u010dnosti Lindstr\u00f6m m\u00f4\u017eete pracova\u0165 v&nbsp;rozmanit\u00fdch poz\u00edci\u00e1ch vo vy\u0161e 24 krajin\u00e1ch, napr\u00edklad v&nbsp;oblasti&nbsp;<strong>obchodu, \u00fadr\u017eby text\u00edli\u00ed, \u013eudsk\u00fdch zdrojov, finan\u010dnej spr\u00e1vy, marketingu a&nbsp;slu\u017eieb z\u00e1kazn\u00edkom<\/strong>. <\/p>\n<\/div>\n<\/div>\n\n\n\n<div class=\"wp-block-column is-layout-flow wp-block-column-is-layout-flow\">\n<p>Prejdite si na\u0161e kari\u00e9rne str\u00e1nky, sledujte na\u0161e vo\u013en\u00e9 poz\u00edcie a&nbsp;pripojte sa k na\u0161ej veselej skupine. Sledova\u0165 n\u00e1s m\u00f4\u017eete aj na&nbsp;<a href=\"https:\/\/www.linkedin.com\/company\/lindstrom\/\">LinkedIn<\/a>.<\/p>\n\n\n\n<p>P.S. M\u00e1me aj&nbsp;<strong>skvel\u00fdch kolegov<\/strong>! Viac o&nbsp;na\u0161ej spokojnosti v&nbsp;pr\u00e1ci si pre\u010d\u00edtajte v \u010dasti&nbsp;\u201ePre\u010do si vybra\u0165 Lindstr\u00f6m\u201c.<\/p>\n<\/div>\n<\/div>\n\n\n\n<div aria-hidden=\"true\" class=\"wp-block-fsb-flexible-spacer fsb-flexible-spacer\"><div class=\"fsb-flexible-spacer__device fsb-flexible-spacer__device--lg\" style=\"height:50px\"><\/div><div class=\"fsb-flexible-spacer__device fsb-flexible-spacer__device--md\" style=\"height:35px\"><\/div><div class=\"fsb-flexible-spacer__device fsb-flexible-spacer__device--sm\" style=\"height:35px\"><\/div><\/div>\n\n\n\n        <div \n        id=\"cta-country-block_332bfd110ba7fc08cc03c07e69fb98f3\" \n        class=\"cta-country\"\n    >\n        <div class=\"flex flex-col gap-5\" style=\"align-items: flex-start\">\n                                    <div class=\"cta-button-container cta-button-container--row\">\n                                                                                        <div class=\"flex rounded-full h-10 min-w-[150px] mt-auto cta-button button-outlined--black\">\n                                <a \n                                    class=\"flex flex-grow !no-underline py-3 px-5 font-bold text-[15px]\/[21px] justify-center items-center gap-2 text-center border-2 rounded-full cta-button__inner\" \n                                    href=\"#tyopaikat\"\n                                    style=\"border-color: #003f72; background-color: transparent; color: #003f72;\"\n                                    target=\"_self\"\n                                >\n                                    Vo\u013en\u00e9 poz\u00edcie                                                                            <div class=\"flex justify-center items-center w-[35px] h-[35px] cta-button__inner-icon\">\n                                                                                                <span class=\"!text-[35px] material-symbols-outlined\" style=\"color: #003f72\">open_in_new<\/span>\n                                                                                    <\/div>\n                                                                    <\/a>\n                            <\/div>\n                                                                        <\/div>\n        <\/div>\n    <\/div>\n    \n\n    <\/div>\n<\/div>\n\n\n\n        <style>\n            .lindstrom-container--block_7721c84fab201c281d87808435708bcb {                \n                padding-top: 35px;\n                padding-bottom: 35px;\n            }\n\n            @media screen and (min-width: 768px) {\n                .lindstrom-container--block_7721c84fab201c281d87808435708bcb {\n                    padding-top: 75px;\n                    padding-bottom: 75px;\n                }\n            }\n        <\/style>\n    \n<div\n    class=\"lindstrom-container-wrapper lindstrom-container lindstrom-container--block_7721c84fab201c281d87808435708bcb \"\n    id=\"preco\"\n    style=\"background-color: #f2f2f2\"\n    >\n    <div class=\"lindstrom-container lindstrom-container--content items-stretch\">\n        \n\n    <div \n        id=\"block_a5fca7d3916f8f96814f6e46bf9a8538\"\n        class=\"value-props value-props--block_a5fca7d3916f8f96814f6e46bf9a8538 \"\n    >\n                                    <div class=\"mb-5 font-bold text-center value-props__title text-title-subhead lg:text-title-small text-grey-100 lg:mb-10\">\n                    Pre\u010do si vybra\u0165 Lindstr\u00f6m?                <\/div>\n                        <div class=\"value-props__cards\">\n                            <div class=\"value-props__card\" style=\"border: 1px solid #e52330\">\n                    <div class=\"card__content\">\n                        <span class='icon-diamond' style='font-size: 50px;color: #ffffff;background-color: rgb(229,35,48);padding: 10px; border-radius: 9999px;'><\/span>                        <div class=\"content__title\" style=\"color: \">\n                            Rast\u00faci, spo\u013eahliv\u00fd a medzin\u00e1rodn\u00fd zamestn\u00e1vate\u013e                        <\/div>\n                                                    <div class=\"content__description\" style=\"color: \">\n                                V spolo\u010dnosti Lindstr\u00f6m si v\u00e1s cenia tak\u00e9ho, ak\u00fd ste. Z\u00e1le\u017e\u00ed n\u00e1m na sebe navz\u00e1jom a vieme, \u017ee \u010dlovek je viac ako len jeho pr\u00e1ca.                            <\/div>\n                                            <\/div>\n                <\/div>\n                            <div class=\"value-props__card\" style=\"border: 1px solid #e52330\">\n                    <div class=\"card__content\">\n                        <span class='icon-handshake' style='font-size: 50px;color: #ffffff;background-color: rgb(229,35,48);padding: 10px; border-radius: 9999px;'><\/span>                        <div class=\"content__title\" style=\"color: \">\n                            Zauj\u00edmav\u00fd v\u00fdber slu\u017eieb                        <\/div>\n                                                    <div class=\"content__description\" style=\"color: \">\n                                Urobte zmyslupln\u00fd vplyv na \u013eud\u00ed aj plan\u00e9tu t\u00fdm, \u017ee sa budete sna\u017ei\u0165 zabezpe\u010di\u0165 udr\u017eate\u013en\u00e9 textiln\u00e9 slu\u017eby pre na\u0161ich z\u00e1kazn\u00edkov.                            <\/div>\n                                            <\/div>\n                <\/div>\n                            <div class=\"value-props__card\" style=\"border: 1px solid #e52330\">\n                    <div class=\"card__content\">\n                        <span class='icon-globe-2' style='font-size: 50px;color: #ffffff;background-color: rgb(229,35,48);padding: 10px; border-radius: 9999px;'><\/span>                        <div class=\"content__title\" style=\"color: \">\n                            Siln\u00e1 zna\u010dka                        <\/div>\n                                                    <div class=\"content__description\" style=\"color: \">\n                                Sme glob\u00e1lna spolo\u010dnos\u0165 s prev\u00e1dzkami v 24 krajin\u00e1ch a sp\u00e1jame na\u0161e rozdiely, aby sme dosiahli v\u00e4\u010d\u0161ie veci.                            <\/div>\n                                            <\/div>\n                <\/div>\n                            <div class=\"value-props__card\" style=\"border: 1px solid #e52330\">\n                    <div class=\"card__content\">\n                        <span class='icon-thread-and-needle' style='font-size: 50px;color: #ffffff;background-color: rgb(229,35,48);padding: 10px; border-radius: 9999px;'><\/span>                        <div class=\"content__title\" style=\"color: \">\n                            Zodpovedn\u00e9 \u010dinnosti                        <\/div>\n                                                    <div class=\"content__description\" style=\"color: \">\n                                Vydajte sa s nami na cestu rastu, kde sa oslavuje zvedavos\u0165 a my v\u00e1m pon\u00fakame r\u00f4zne sp\u00f4soby, ako sa u\u010di\u0165 a za\u017eiari\u0165.                            <\/div>\n                                            <\/div>\n                <\/div>\n                        <\/div>\n            <\/div>\n\n\n    <\/div>\n<\/div>\n\n\n\n        <style>\n            .lindstrom-container--block_fc05cd2a21ca526a1ca50905e7a864d6 {                \n                padding-top: 35px;\n                padding-bottom: 35px;\n            }\n\n            @media screen and (min-width: 768px) {\n                .lindstrom-container--block_fc05cd2a21ca526a1ca50905e7a864d6 {\n                    padding-top: 75px;\n                    padding-bottom: 75px;\n                }\n            }\n        <\/style>\n    \n<div\n    class=\"lindstrom-container-wrapper lindstrom-container lindstrom-container--block_fc05cd2a21ca526a1ca50905e7a864d6 \"\n    id=\"kolegovia\"\n    style=\"background-color: #ffffff\"\n    >\n    <div class=\"lindstrom-container lindstrom-container--text items-stretch\">\n        \n\n        <div \n        id=\"cta-country-block_713b4a65c8991085cf7d5c4653613312\" \n        class=\"cta-country\"\n    >\n        <div class=\"flex flex-col gap-5\" style=\"align-items: flex-start\">\n                            <h3 class='!text-title-subhead lg:!text-title-small !text-grey-100 !font-bold !my-0'>                    Zauj\u00edmame sa o svojich kolegov!                <\/h3>                                    <div class=\"cta-button-container cta-button-container--row\">\n                            <\/div>\n        <\/div>\n    <\/div>\n    \n\n\n<h3 class=\"wp-block-heading\">Pr\u00edjemn\u00fd ka\u017edodenn\u00fd \u017eivot cez servisn\u00fa kult\u00faru<\/h3>\n\n\n\n<p>Kult\u00fara poskytovania slu\u017eieb spolo\u010dnosti Lindstr\u00f6m m\u00e1 za cie\u013e spokojn\u00fd person\u00e1l a neporovnate\u013en\u00fa sk\u00fasenos\u0165 so slu\u017ebami.<\/p>\n\n\n\n<p>Slu\u017eba je pevnou s\u00fa\u010das\u0165ou na\u0161ej kult\u00fary \u2013 tak interne, ako aj externe. Z\u00e1ujem o&nbsp;svojich kolegov, robenie vec\u00ed spolu a&nbsp;pomoc kolegom sa odzrkad\u013euje v&nbsp;dobrej sk\u00fasenosti z\u00e1kazn\u00edkov so slu\u017ebami.<\/p>\n\n\n\n<p>Za\u010diatkom roka 2010 zaviedol Lindstr\u00f6m program ,sl\u00fa\u017ei\u0165 s&nbsp;cie\u013eom by\u0165 najlep\u0161\u00ed\u2018 na dosiahnutie neporovnate\u013enej sk\u00fasenosti so slu\u017ebami. Ako s\u00fa\u010das\u0165 programu sme okrem in\u00e9ho hrali hru ,K va\u0161im slu\u017eb\u00e1m\u2018, ktor\u00e1 podporuje na\u0161u intern\u00fa kult\u00faru poskytovania slu\u017eieb a&nbsp;svojim kolegom sme celoskupinovo gratulovali elektronick\u00fdmi alebo tradi\u010dn\u00fdmi \u010fakovn\u00fdmi kartami.<\/p>\n\n\n\n<p>Pre\u010d\u00edtajte si ni\u017e\u0161ie viac o&nbsp;na\u0161ich intern\u00fdch medzin\u00e1rodn\u00fdch programoch, ktor\u00e9 podporuj\u00fa robenie vec\u00ed spolu a&nbsp;osobn\u00fd rozvoj v spolo\u010dnosti Lindstr\u00f6m.<\/p>\n\n\n    <\/div>\n<\/div>\n\n\n\n        <style>\n            .lindstrom-container--block_7d62a7b2928cb5b53e9d5867351d543f {                \n                padding-top: 35px;\n                padding-bottom: 35px;\n            }\n\n            @media screen and (min-width: 768px) {\n                .lindstrom-container--block_7d62a7b2928cb5b53e9d5867351d543f {\n                    padding-top: 75px;\n                    padding-bottom: 75px;\n                }\n            }\n        <\/style>\n    \n<div\n    class=\"lindstrom-container-wrapper lindstrom-container lindstrom-container--block_7d62a7b2928cb5b53e9d5867351d543f \"\n    id=\"block_7d62a7b2928cb5b53e9d5867351d543f\"\n    style=\"background-color: #ffffff\"\n    >\n    <div class=\"lindstrom-container lindstrom-container--text items-stretch\">\n        \n\n            <div id=\"block_8fc16953cb97eee4d83679330ddfefda\" class=\"expandable-content-with-image expandable-content-with-image--block_8fc16953cb97eee4d83679330ddfefda \">\n            <div class=\"flex flex-col expandable-content-with-image__container\">\n                                    <div class=\"grid w-full grid-cols-1 md:grid-cols-2 expandable-content__item\">\n                                                <div class=\"w-full bg-no-repeat bg-cover bg-center expandable-content__image\" style=\"background-image: url(https:\/\/d2ris6qfzcz0wn.cloudfront.net\/wp-content\/uploads\/sites\/22\/2024\/01\/0710021001-1024x683.jpg)\"><\/div>\n                        <div class=\"flex flex-col flex-1 gap-5 px-5 py-5 lg:p-10 expandable-content__content\" style=\"background-color:#003f72;\">\n                            <div class=\"flex flex-col gap-3\">\n                                <h3 \n                                    class=\"!text-title-small md:!text-title-medium text-left tracking-[0.8px] md:tracking-normal uppercase md:normal-case font-bold !mb-0\" \n                                    style=\"color:#ffffff;\">\n                                        Spoznaj, \u010do robia druh\u00ed                                <\/h3>\n                                <p class=\"text-body-small md:text-body text-left font-normal !mb-0 item__short item__short--visible\" style=\"color:#ffffff;\"> V programe &#8222;Spoznaj, \u010do robia druh\u00ed&#8220; sk\u00famate, \u010do robia druh\u00ed, u\u010d\u00edte sa nov\u00e9 veci a vytv\u00e1rate nov\u00e9 priate\u013estv\u00e1<\/p>\n                                <div class=\"text-body-small md:text-body text-left font-normal !mb-0 item__long\" style=\"color:#ffffff;\">Cie\u013eom je rozv\u00edja\u0165 kult\u00faru poskytovania slu\u017eieb a spolupr\u00e1cu spolo\u010dnosti Lindstr\u00f6m.\r\n\r\nProgram ,Spoznaj, \u010do robia druh\u00ed\u2018 je doslova 3-5 dn\u00ed spozn\u00e1vania podobnej poz\u00edcie v\u00a0inom \u00fatvare alebo in\u00fdch povinnost\u00ed v\u00a0r\u00e1mci Skupiny. Cie\u013eom je nau\u010di\u0165 sa nov\u00e9 veci a\u00a0zlep\u0161i\u0165 kompetencie person\u00e1lu oh\u013eadne pracovn\u00fdch povinnost\u00ed Skupiny a\u00a0servisn\u00fdch re\u0165azcov.\r\n\r\nProgram m\u00e1 pevn\u00fa podporu vrcholov\u00fdch mana\u017e\u00e9rov spolo\u010dnosti. Aj oni minim\u00e1lne raz ro\u010dne spozn\u00e1vaj\u00fa pracovn\u00e9 povinnosti in\u00fdch v\u00a0r\u00f4znych \u010dastiach organiz\u00e1cie. Program bol zaveden\u00fd vo F\u00ednsku na jar 2013.\u00a0V pobo\u010dk\u00e1ch Lindstr\u00f6m ho zaviedli za\u010diatkom roka 2015.\r\n\r\n,Spoznaj, \u010do robia druh\u00ed\u2018 funguje\r\n\r\nPom\u00e1ha kari\u00e9rnemu rozvoju\r\nAko cesta u\u010denia sa: nov\u00e9 n\u00e1pady, nov\u00e9 perspekt\u00edvy\r\nPri ch\u00e1pan\u00ed a\u00a0pozn\u00e1van\u00ed\u00a0r\u00f4znych procesov spolo\u010dnosti rastie v\u00fdznam vlastnej pr\u00e1ce i\u00a0pr\u00e1ce druh\u00fdch.\r\nZ\u00edskavanie kontaktov\r\n\r\nProgram ,Spoznaj, \u010do robia druh\u00ed\u2018 vy\u00fastil po\u010das prv\u00e9ho roka do nieko\u013ek\u00fdch rozvojov\u00fdch projektov, zdie\u013eania sa s\u00a0osved\u010den\u00fdmi postupmi a\u00a0nov\u00fdch priate\u013estiev. Sk\u00fa\u0161anie nov\u00fdch vec\u00ed vn\u00e1\u0161a do ka\u017edodenn\u00e9ho \u017eivota vzru\u0161enie, uviedlo to takmer 100 zamestnancov Lindstr\u00f6m!<\/div>\n                            <\/div>\n                            <div class=\"flex h-10 border-2 rounded-full w-fit item__button\" style=\"border-color:#ffffff;\">\n                                <button \n                                    data-open=\"Viac\"\n                                    data-close=\"Menej\"\n                                    type=\"button\"\n                                    class=\"!no-underline bg-transparent py-3 pr-4 pl-5 font-bold text-base flex justify-center items-center gap-3 rounded-full w-full\" \n                                    style=\"color:#ffffff;\">\n                                        <span class=\"label\">Viac<\/span> \n                                        <span class=\"material-symbols-outlined\">\n                                            add\n                                        <\/span>\n                                <\/button>\n                            <\/div>\n                        <\/div>\n                    <\/div>\n                                    <div class=\"grid w-full grid-cols-1 md:grid-cols-2 expandable-content__item\">\n                                                <div class=\"w-full bg-no-repeat bg-cover bg-center expandable-content__image\" style=\"background-image: url(https:\/\/d2ris6qfzcz0wn.cloudfront.net\/wp-content\/uploads\/sites\/22\/2023\/10\/PRODEM-Latvia-Lindstrom-Group-expansion-2023-workwear-manufacturing-close-by-1024x683.jpg)\"><\/div>\n                        <div class=\"flex flex-col flex-1 gap-5 px-5 py-5 lg:p-10 expandable-content__content\" style=\"background-color:#006f86;\">\n                            <div class=\"flex flex-col gap-3\">\n                                <h3 \n                                    class=\"!text-title-small md:!text-title-medium text-left tracking-[0.8px] md:tracking-normal uppercase md:normal-case font-bold !mb-0\" \n                                    style=\"color:#ffffff;\">\n                                        Skvel\u00e1 spokojnos\u0165 v pr\u00e1ci                                <\/h3>\n                                <p class=\"text-body-small md:text-body text-left font-normal !mb-0 item__short item__short--visible\" style=\"color:#ffffff;\">viac ako 80 % respondentov, \u017ee s\u00fa hrd\u00ed na to, \u017ee pracuj\u00fa pre Lindstr\u00f6m,<\/p>\n                                <div class=\"text-body-small md:text-body text-left font-normal !mb-0 item__long\" style=\"color:#ffffff;\">Pod\u013ea n\u00e1\u0161ho intern\u00e9ho prieskumu imid\u017eu zamestn\u00e1vate\u013ea vykonan\u00e9ho v lete 2014 uviedlo viac ako 80 % respondentov, \u017ee s\u00fa hrd\u00ed na to, \u017ee pracuj\u00fa pre Lindstr\u00f6m, a pribli\u017ene 80 % by n\u00e1s ako zamestn\u00e1vate\u013ea odpor\u00fa\u010dalo.<\/div>\n                            <\/div>\n                            <div class=\"flex h-10 border-2 rounded-full w-fit item__button\" style=\"border-color:#ffffff;\">\n                                <button \n                                    data-open=\"Viac\"\n                                    data-close=\"Menej\"\n                                    type=\"button\"\n                                    class=\"!no-underline bg-transparent py-3 pr-4 pl-5 font-bold text-base flex justify-center items-center gap-3 rounded-full w-full\" \n                                    style=\"color:#ffffff;\">\n                                        <span class=\"label\">Viac<\/span> \n                                        <span class=\"material-symbols-outlined\">\n                                            add\n                                        <\/span>\n                                <\/button>\n                            <\/div>\n                        <\/div>\n                    <\/div>\n                                    <div class=\"grid w-full grid-cols-1 md:grid-cols-2 expandable-content__item\">\n                                                <div class=\"w-full bg-no-repeat bg-cover bg-center expandable-content__image\" style=\"background-image: url(https:\/\/d2ris6qfzcz0wn.cloudfront.net\/wp-content\/uploads\/sites\/22\/2024\/04\/Header_banner_min-1024x576.jpg)\"><\/div>\n                        <div class=\"flex flex-col flex-1 gap-5 px-5 py-5 lg:p-10 expandable-content__content\" style=\"background-color:#578200;\">\n                            <div class=\"flex flex-col gap-3\">\n                                <h3 \n                                    class=\"!text-title-small md:!text-title-medium text-left tracking-[0.8px] md:tracking-normal uppercase md:normal-case font-bold !mb-0\" \n                                    style=\"color:#ffffff;\">\n                                        Zodpovedn\u00e1 spolo\u010dnos\u0165                                <\/h3>\n                                <p class=\"text-body-small md:text-body text-left font-normal !mb-0 item__short item__short--visible\" style=\"color:#ffffff;\">Svoju kari\u00e9ru budete budova\u0165 v zodpovednej spolo\u010dnosti<\/p>\n                                <div class=\"text-body-small md:text-body text-left font-normal !mb-0 item__long\" style=\"color:#ffffff;\">Zodpovednos\u0165 je d\u00f4le\u017eitou s\u00fa\u010das\u0165ou na\u0161ich \u010dinnost\u00ed. Pokr\u00fdva zodpovednos\u0165 za financie, \u017eivotn\u00e9 prostredie a person\u00e1l. Do pracovnej spokojnosti investujeme mnoh\u00fdmi r\u00f4znymi sp\u00f4sobmi, lebo sme presved\u010den\u00ed, \u017ee iba spokojn\u00fd person\u00e1l m\u00f4\u017ee zaru\u010di\u0165 neporovnate\u013en\u00fa z\u00e1kazn\u00edcku sk\u00fasenos\u0165. Prejdite si na\u0161e zodpovedn\u00e9 \u010dinnosti podrobnej\u0161ie na na\u0161ich podnikov\u00fdch str\u00e1nkach.<\/div>\n                            <\/div>\n                            <div class=\"flex h-10 border-2 rounded-full w-fit item__button\" style=\"border-color:#ffffff;\">\n                                <button \n                                    data-open=\"Viac\"\n                                    data-close=\"Menej\"\n                                    type=\"button\"\n                                    class=\"!no-underline bg-transparent py-3 pr-4 pl-5 font-bold text-base flex justify-center items-center gap-3 rounded-full w-full\" \n                                    style=\"color:#ffffff;\">\n                                        <span class=\"label\">Viac<\/span> \n                                        <span class=\"material-symbols-outlined\">\n                                            add\n                                        <\/span>\n                                <\/button>\n                            <\/div>\n                        <\/div>\n                    <\/div>\n                 \n            <\/div>\n        <\/div>\n    \n\n    <\/div>\n<\/div>\n\n\n\n        <style>\n            .lindstrom-container--block_2d9f421fede53a53d907c3fdd910bd0a {                \n                padding-top: 35px;\n                padding-bottom: 35px;\n            }\n\n            @media screen and (min-width: 768px) {\n                .lindstrom-container--block_2d9f421fede53a53d907c3fdd910bd0a {\n                    padding-top: 75px;\n                    padding-bottom: 75px;\n                }\n            }\n        <\/style>\n    \n<div\n    class=\"lindstrom-container-wrapper lindstrom-container lindstrom-container--block_2d9f421fede53a53d907c3fdd910bd0a \"\n    id=\"story\"\n    style=\"background-color: #ffffff\"\n    >\n    <div class=\"lindstrom-container lindstrom-container--content items-stretch\">\n        \n\n        <div \n        id=\"cta-country-block_4699c7390e2af62041fab1dd212c2e71\" \n        class=\"cta-country\"\n    >\n        <div class=\"flex flex-col gap-5\" style=\"align-items: flex-start\">\n                            <h2 class='!text-title-small lg:!text-title-medium !text-grey-100 !font-bold !my-0'>                    Kari\u00e9rne pr\u00edbehy                <\/h2>                                    <div class=\"cta-button-container cta-button-container--row\">\n                            <\/div>\n        <\/div>\n    <\/div>\n    \n\n\n<style>\n    @media only screen and (max-width: 1200px) {\n        #block_8c432af15e2b6dd62acb5a90cad9b5d3 .blogposts__container {\n            grid-template-columns: repeat(5, 1fr);\n        }\n    }\n<\/style>\n\n            <div \n            id=\"block_8c432af15e2b6dd62acb5a90cad9b5d3\" \n            class=\"blogposts blogposts--block_8c432af15e2b6dd62acb5a90cad9b5d3 \"\n        >\n            <div class=\"blogposts\">\n                <div class=\"blogposts__container post-row\">\n                    \n        <div class='post-card relative' data-index='19174'>\n            <img\n                class='post-card__image' \n                src='https:\/\/d2ris6qfzcz0wn.cloudfront.net\/wp-content\/uploads\/sites\/22\/2025\/11\/CItaty.kolegovia-banner-1024x577.jpg' \n                alt='Martin Bog\u00e1\u0148: Od obchodu ku koordin\u00e1cii' \n            \/>\n            <div class='post-card__content'>\n                <div class='post-card__categories z-20'>\n            <a\n                class='post-card__category'\n                href='https:\/\/lindstromgroup.com\/sk\/category\/uncategorized\/'\n            >\n                Uncategorized\n            <\/a><\/div>\n                <div class='post-card__title'>\n                    Martin Bog\u00e1\u0148: Od obchodu ku koordin\u00e1cii\n                <\/div>\n                <p class='post-card__excerpt'>\n                    N\u00e1\u0161 kolega nast\u00fapil ako Sales Representative, a dnes p\u00f4sob\u00ed ako Sales Coordinator. Jeho cesta ukazuje, ako sa d\u00e1 z obchodu plynulo prejs\u0165 do koordin\u00e1cie t\u00edmu&#8230;\n                <\/p>\n                <div class='post-card__tags z-20'>\n            <a\n                class='post-card__tag'\n                href='https:\/\/lindstromgroup.com\/sk\/tag\/kariera\/'\n                style='border: 1px solid ; color: ;'\n            >\n                #kari\u00e9ra\n            <\/a><\/div>\n            <\/div>\n            <a href='\/sk\/uncategorized\/martin-bogan-od-obchodu-ku-koordinacii\/' class='absolute inset-0 w-full h-full z-10'><\/a>\n        <\/div>\n    \n        <div class='post-card relative' data-index='19137'>\n            <img\n                class='post-card__image' \n                src='https:\/\/d2ris6qfzcz0wn.cloudfront.net\/wp-content\/uploads\/sites\/22\/2025\/11\/2-1024x577.jpg' \n                alt='Katar\u00edna Cabanov\u00e1 o d\u00f4vere a raste v Lindstr\u00f6me' \n            \/>\n            <div class='post-card__content'>\n                <div class='post-card__categories z-20'>\n            <a\n                class='post-card__category'\n                href='https:\/\/lindstromgroup.com\/sk\/category\/uncategorized\/'\n            >\n                Uncategorized\n            <\/a><\/div>\n                <div class='post-card__title'>\n                    Katar\u00edna Cabanov\u00e1 o d\u00f4vere a raste v Lindstr\u00f6me\n                <\/div>\n                <p class='post-card__excerpt'>\n                    Katar\u00edna Cabanov\u00e1 p\u00f4sob\u00ed v Lindstr\u00f6me u\u017e viac ne\u017e p\u00e4\u0165 rokov. Za\u010d\u00ednala ako obchodn\u00ed\u010dka pre roho\u017ee a dnes vedie t\u00edm ako Sales Coordinator pre v\u00fdchodn\u00e9 Slovensko&#8230;.\n                <\/p>\n                <div class='post-card__tags z-20'>\n            <a\n                class='post-card__tag'\n                href='https:\/\/lindstromgroup.com\/sk\/tag\/kariera\/'\n                style='border: 1px solid ; color: ;'\n            >\n                #kari\u00e9ra\n            <\/a><\/div>\n            <\/div>\n            <a href='\/sk\/uncategorized\/katarina-cabanova-o-dovere-a-raste-v-lindstrome\/' class='absolute inset-0 w-full h-full z-10'><\/a>\n        <\/div>\n    \n        <div class='post-card relative' data-index='19132'>\n            <img\n                class='post-card__image' \n                src='https:\/\/d2ris6qfzcz0wn.cloudfront.net\/wp-content\/uploads\/sites\/22\/2025\/11\/Untitled-design-13-1024x577.jpg' \n                alt='Michal Macko: Od Sales Managera k Sales Directorovi za tri roky' \n            \/>\n            <div class='post-card__content'>\n                <div class='post-card__categories z-20'>\n            <a\n                class='post-card__category'\n                href='https:\/\/lindstromgroup.com\/sk\/category\/uncategorized\/'\n            >\n                Uncategorized\n            <\/a><\/div>\n                <div class='post-card__title'>\n                    Michal Macko: Od Sales Managera k Sales Directorovi za tri roky\n                <\/div>\n                <p class='post-card__excerpt'>\n                    Michal Macko sa k Lindstr\u00f6m pridal v roku 2021 ako Sales Manager. Dnes vedie cel\u00fd obchodn\u00fd t\u00edm ako Sales Director. Jeho pr\u00edbeh ukazuje, \u017ee ak&#8230;\n                <\/p>\n                <div class='post-card__tags z-20'>\n            <a\n                class='post-card__tag'\n                href='https:\/\/lindstromgroup.com\/sk\/tag\/kariera\/'\n                style='border: 1px solid ; color: ;'\n            >\n                #kari\u00e9ra\n            <\/a><\/div>\n            <\/div>\n            <a href='\/sk\/uncategorized\/michal-macko-od-sales-managera-k-sales-directorovi-za-tri-roky\/' class='absolute inset-0 w-full h-full z-10'><\/a>\n        <\/div>\n    \n        <div class='post-card relative' data-index='19128'>\n            <img\n                class='post-card__image' \n                src='https:\/\/d2ris6qfzcz0wn.cloudfront.net\/wp-content\/uploads\/sites\/22\/2025\/11\/3-1024x577.jpg' \n                alt='Martin Sklen\u00e1r: Od kn\u00edh k roho\u017eiam' \n            \/>\n            <div class='post-card__content'>\n                <div class='post-card__categories z-20'>\n            <a\n                class='post-card__category'\n                href='https:\/\/lindstromgroup.com\/sk\/category\/uncategorized\/'\n            >\n                Uncategorized\n            <\/a><\/div>\n                <div class='post-card__title'>\n                    Martin Sklen\u00e1r: Od kn\u00edh k roho\u017eiam\n                <\/div>\n                <p class='post-card__excerpt'>\n                    Martinov prechod z predaja kn\u00edh do obchodn\u00e9ho t\u00edmu v Lindstr\u00f6m. Zodpovednos\u0165, t\u00edmovos\u0165 a rie\u0161enia, ktor\u00e9 funguj\u00fa.\n                <\/p>\n                <div class='post-card__tags z-20'>\n            <a\n                class='post-card__tag'\n                href='https:\/\/lindstromgroup.com\/sk\/tag\/kariera\/'\n                style='border: 1px solid ; color: ;'\n            >\n                #kari\u00e9ra\n            <\/a><\/div>\n            <\/div>\n            <a href='\/sk\/uncategorized\/od-knih-k-rohoziam-martinov-pribeh-obchodneho-zastupcu\/' class='absolute inset-0 w-full h-full z-10'><\/a>\n        <\/div>\n                    <\/div>\n                <div class=\"post-row-mobile-carousel\"><\/div>\n            <\/div>\n        <\/div>\n    \n\n    <\/div>\n<\/div>\n","protected":false},"excerpt":{"rendered":"","protected":false},"author":14,"featured_media":0,"parent":0,"menu_order":0,"comment_status":"closed","ping_status":"closed","template":"","meta":{"_acf_changed":true,"inline_featured_image":false,"_eb_attr":"","site-sidebar-layout":"default","site-content-layout":"default","ast-site-content-layout":"default","site-content-style":"default","site-sidebar-style":"default","ast-global-header-display":"","ast-banner-title-visibility":"","ast-main-header-display":"","ast-hfb-above-header-display":"","ast-hfb-below-header-display":"","ast-hfb-mobile-header-display":"","site-post-title":"","ast-breadcrumbs-content":"","ast-featured-img":"","footer-sml-layout":"","ast-disable-related-posts":"","theme-transparent-header-meta":"","adv-header-id-meta":"","stick-header-meta":"","header-above-stick-meta":"","header-main-stick-meta":"","header-below-stick-meta":"","astra-migrate-meta-layouts":"set","ast-page-background-enabled":"default","ast-page-background-meta":{"desktop":{"background-color":"var(--ast-global-color-4)","background-image":"","background-repeat":"repeat","background-position":"center center","background-size":"auto","background-attachment":"scroll","background-type":"","background-media":"","overlay-type":"","overlay-color":"","overlay-opacity":"","overlay-gradient":""},"tablet":{"background-color":"","background-image":"","background-repeat":"repeat","background-position":"center center","background-size":"auto","background-attachment":"scroll","background-type":"","background-media":"","overlay-type":"","overlay-color":"","overlay-opacity":"","overlay-gradient":""},"mobile":{"background-color":"","background-image":"","background-repeat":"repeat","background-position":"center center","background-size":"auto","background-attachment":"scroll","background-type":"","background-media":"","overlay-type":"","overlay-color":"","overlay-opacity":"","overlay-gradient":""}},"ast-content-background-meta":{"desktop":{"background-color":"var(--ast-global-color-5)","background-image":"","background-repeat":"repeat","background-position":"center center","background-size":"auto","background-attachment":"scroll","background-type":"","background-media":"","overlay-type":"","overlay-color":"","overlay-opacity":"","overlay-gradient":""},"tablet":{"background-color":"var(--ast-global-color-5)","background-image":"","background-repeat":"repeat","background-position":"center center","background-size":"auto","background-attachment":"scroll","background-type":"","background-media":"","overlay-type":"","overlay-color":"","overlay-opacity":"","overlay-gradient":""},"mobile":{"background-color":"var(--ast-global-color-5)","background-image":"","background-repeat":"repeat","background-position":"center center","background-size":"auto","background-attachment":"scroll","background-type":"","background-media":"","overlay-type":"","overlay-color":"","overlay-opacity":"","overlay-gradient":""}},"footnotes":""},"coauthors":[20],"class_list":["post-16559","page","type-page","status-publish","hentry"],"acf":[],"yoast_head":"<!-- This site is optimized with the Yoast SEO plugin v27.2 - https:\/\/yoast.com\/product\/yoast-seo-wordpress\/ -->\n<title>Kari\u00e9ra - Lindstr\u00f6m Slovakia<\/title>\n<meta name=\"robots\" content=\"index, follow, max-snippet:-1, max-image-preview:large, max-video-preview:-1\" \/>\n<meta property=\"og:locale\" content=\"sk_SK\" \/>\n<meta property=\"og:type\" content=\"article\" \/>\n<meta property=\"og:title\" content=\"Kari\u00e9ra - Lindstr\u00f6m Slovakia\" \/>\n<meta property=\"og:url\" content=\"https:\/\/lindstromgroup.com\/sk\/kariera\/\" \/>\n<meta property=\"og:site_name\" content=\"Lindstr\u00f6m Slovakia\" \/>\n<meta property=\"article:modified_time\" content=\"2025-11-27T13:02:38+00:00\" \/>\n<meta property=\"og:image\" content=\"https:\/\/lindstromgroup.com\/sk\/wp-content\/uploads\/sites\/22\/2025\/01\/Duska-M.jpg\" \/>\n<meta name=\"twitter:card\" content=\"summary_large_image\" \/>\n<meta name=\"twitter:label1\" content=\"Predpokladan\u00fd \u010das \u010d\u00edtania\" \/>\n\t<meta name=\"twitter:data1\" content=\"10 min\u00fat\" \/>\n\t<meta name=\"twitter:label2\" content=\"Written by\" \/>\n\t<meta name=\"twitter:data2\" content=\"Lindstr\u00f6m Group\" \/>\n<script type=\"application\/ld+json\" class=\"yoast-schema-graph\">{\"@context\":\"https:\/\/schema.org\",\"@graph\":[{\"@type\":\"WebPage\",\"@id\":\"https:\/\/lindstromgroup.com\/sk\/kariera\/\",\"url\":\"https:\/\/lindstromgroup.com\/sk\/kariera\/\",\"name\":\"Kari\u00e9ra - Lindstr\u00f6m Slovakia\",\"isPartOf\":{\"@id\":\"https:\/\/lindstromgroup.com\/sk\/#website\"},\"primaryImageOfPage\":{\"@id\":\"https:\/\/lindstromgroup.com\/sk\/kariera\/#primaryimage\"},\"image\":{\"@id\":\"https:\/\/lindstromgroup.com\/sk\/kariera\/#primaryimage\"},\"thumbnailUrl\":\"https:\/\/lindstromgroup.com\/sk\/wp-content\/uploads\/sites\/22\/2025\/01\/Duska-M.jpg\",\"datePublished\":\"2024-02-22T11:42:19+00:00\",\"dateModified\":\"2025-11-27T13:02:38+00:00\",\"breadcrumb\":{\"@id\":\"https:\/\/lindstromgroup.com\/sk\/kariera\/#breadcrumb\"},\"inLanguage\":\"sk-SK\",\"potentialAction\":[{\"@type\":\"ReadAction\",\"target\":[\"https:\/\/lindstromgroup.com\/sk\/kariera\/\"]}]},{\"@type\":\"ImageObject\",\"inLanguage\":\"sk-SK\",\"@id\":\"https:\/\/lindstromgroup.com\/sk\/kariera\/#primaryimage\",\"url\":\"https:\/\/d2ris6qfzcz0wn.cloudfront.net\/wp-content\/uploads\/sites\/22\/2025\/01\/Duska-M.jpg\",\"contentUrl\":\"https:\/\/d2ris6qfzcz0wn.cloudfront.net\/wp-content\/uploads\/sites\/22\/2025\/01\/Duska-M.jpg\",\"width\":400,\"height\":600},{\"@type\":\"BreadcrumbList\",\"@id\":\"https:\/\/lindstromgroup.com\/sk\/kariera\/#breadcrumb\",\"itemListElement\":[{\"@type\":\"ListItem\",\"position\":1,\"name\":\"Home\",\"item\":\"https:\/\/lindstromgroup.com\/sk\/\"},{\"@type\":\"ListItem\",\"position\":2,\"name\":\"Kari\u00e9ra\"}]},{\"@type\":\"WebSite\",\"@id\":\"https:\/\/lindstromgroup.com\/sk\/#website\",\"url\":\"https:\/\/lindstromgroup.com\/sk\/\",\"name\":\"Lindstr\u00f6m Slovakia\",\"description\":\"\",\"publisher\":{\"@id\":\"https:\/\/lindstromgroup.com\/sk\/#organization\"},\"potentialAction\":[{\"@type\":\"SearchAction\",\"target\":{\"@type\":\"EntryPoint\",\"urlTemplate\":\"https:\/\/lindstromgroup.com\/sk\/?s={search_term_string}\"},\"query-input\":{\"@type\":\"PropertyValueSpecification\",\"valueRequired\":true,\"valueName\":\"search_term_string\"}}],\"inLanguage\":\"sk-SK\"},{\"@type\":\"Organization\",\"@id\":\"https:\/\/lindstromgroup.com\/sk\/#organization\",\"name\":\"Lindstr\u00f6m Slovakia\",\"url\":\"https:\/\/lindstromgroup.com\/sk\/\",\"logo\":{\"@type\":\"ImageObject\",\"inLanguage\":\"sk-SK\",\"@id\":\"https:\/\/lindstromgroup.com\/sk\/#\/schema\/logo\/image\/\",\"url\":\"https:\/\/d2ris6qfzcz0wn.cloudfront.net\/wp-content\/uploads\/sites\/22\/2023\/10\/Logo512.png\",\"contentUrl\":\"https:\/\/d2ris6qfzcz0wn.cloudfront.net\/wp-content\/uploads\/sites\/22\/2023\/10\/Logo512.png\",\"width\":512,\"height\":109,\"caption\":\"Lindstr\u00f6m Slovakia\"},\"image\":{\"@id\":\"https:\/\/lindstromgroup.com\/sk\/#\/schema\/logo\/image\/\"}}]}<\/script>\n<!-- \/ Yoast SEO plugin. -->","yoast_head_json":{"title":"Kari\u00e9ra - Lindstr\u00f6m Slovakia","robots":{"index":"index","follow":"follow","max-snippet":"max-snippet:-1","max-image-preview":"max-image-preview:large","max-video-preview":"max-video-preview:-1"},"og_locale":"sk_SK","og_type":"article","og_title":"Kari\u00e9ra - Lindstr\u00f6m Slovakia","og_url":"https:\/\/lindstromgroup.com\/sk\/kariera\/","og_site_name":"Lindstr\u00f6m Slovakia","article_modified_time":"2025-11-27T13:02:38+00:00","og_image":[{"url":"https:\/\/lindstromgroup.com\/sk\/wp-content\/uploads\/sites\/22\/2025\/01\/Duska-M.jpg","type":"","width":"","height":""}],"twitter_card":"summary_large_image","twitter_misc":{"Predpokladan\u00fd \u010das \u010d\u00edtania":"10 min\u00fat","Written by":"Lindstr\u00f6m Group"},"schema":{"@context":"https:\/\/schema.org","@graph":[{"@type":"WebPage","@id":"https:\/\/lindstromgroup.com\/sk\/kariera\/","url":"https:\/\/lindstromgroup.com\/sk\/kariera\/","name":"Kari\u00e9ra - Lindstr\u00f6m Slovakia","isPartOf":{"@id":"https:\/\/lindstromgroup.com\/sk\/#website"},"primaryImageOfPage":{"@id":"https:\/\/lindstromgroup.com\/sk\/kariera\/#primaryimage"},"image":{"@id":"https:\/\/lindstromgroup.com\/sk\/kariera\/#primaryimage"},"thumbnailUrl":"https:\/\/lindstromgroup.com\/sk\/wp-content\/uploads\/sites\/22\/2025\/01\/Duska-M.jpg","datePublished":"2024-02-22T11:42:19+00:00","dateModified":"2025-11-27T13:02:38+00:00","breadcrumb":{"@id":"https:\/\/lindstromgroup.com\/sk\/kariera\/#breadcrumb"},"inLanguage":"sk-SK","potentialAction":[{"@type":"ReadAction","target":["https:\/\/lindstromgroup.com\/sk\/kariera\/"]}]},{"@type":"ImageObject","inLanguage":"sk-SK","@id":"https:\/\/lindstromgroup.com\/sk\/kariera\/#primaryimage","url":"https:\/\/d2ris6qfzcz0wn.cloudfront.net\/wp-content\/uploads\/sites\/22\/2025\/01\/Duska-M.jpg","contentUrl":"https:\/\/d2ris6qfzcz0wn.cloudfront.net\/wp-content\/uploads\/sites\/22\/2025\/01\/Duska-M.jpg","width":400,"height":600},{"@type":"BreadcrumbList","@id":"https:\/\/lindstromgroup.com\/sk\/kariera\/#breadcrumb","itemListElement":[{"@type":"ListItem","position":1,"name":"Home","item":"https:\/\/lindstromgroup.com\/sk\/"},{"@type":"ListItem","position":2,"name":"Kari\u00e9ra"}]},{"@type":"WebSite","@id":"https:\/\/lindstromgroup.com\/sk\/#website","url":"https:\/\/lindstromgroup.com\/sk\/","name":"Lindstr\u00f6m Slovakia","description":"","publisher":{"@id":"https:\/\/lindstromgroup.com\/sk\/#organization"},"potentialAction":[{"@type":"SearchAction","target":{"@type":"EntryPoint","urlTemplate":"https:\/\/lindstromgroup.com\/sk\/?s={search_term_string}"},"query-input":{"@type":"PropertyValueSpecification","valueRequired":true,"valueName":"search_term_string"}}],"inLanguage":"sk-SK"},{"@type":"Organization","@id":"https:\/\/lindstromgroup.com\/sk\/#organization","name":"Lindstr\u00f6m Slovakia","url":"https:\/\/lindstromgroup.com\/sk\/","logo":{"@type":"ImageObject","inLanguage":"sk-SK","@id":"https:\/\/lindstromgroup.com\/sk\/#\/schema\/logo\/image\/","url":"https:\/\/d2ris6qfzcz0wn.cloudfront.net\/wp-content\/uploads\/sites\/22\/2023\/10\/Logo512.png","contentUrl":"https:\/\/d2ris6qfzcz0wn.cloudfront.net\/wp-content\/uploads\/sites\/22\/2023\/10\/Logo512.png","width":512,"height":109,"caption":"Lindstr\u00f6m Slovakia"},"image":{"@id":"https:\/\/lindstromgroup.com\/sk\/#\/schema\/logo\/image\/"}}]}},"publishpress_future_workflow_manual_trigger":{"enabledWorkflows":[]},"distributor_meta":false,"distributor_terms":false,"distributor_media":false,"distributor_original_site_name":"Lindstr\u00f6m Slovakia","distributor_original_site_url":"https:\/\/lindstromgroup.com\/sk","push-errors":false,"_links":{"self":[{"href":"https:\/\/lindstromgroup.com\/sk\/wp-json\/wp\/v2\/pages\/16559","targetHints":{"allow":["GET"]}}],"collection":[{"href":"https:\/\/lindstromgroup.com\/sk\/wp-json\/wp\/v2\/pages"}],"about":[{"href":"https:\/\/lindstromgroup.com\/sk\/wp-json\/wp\/v2\/types\/page"}],"author":[{"embeddable":true,"href":"https:\/\/lindstromgroup.com\/sk\/wp-json\/wp\/v2\/users\/14"}],"replies":[{"embeddable":true,"href":"https:\/\/lindstromgroup.com\/sk\/wp-json\/wp\/v2\/comments?post=16559"}],"version-history":[{"count":0,"href":"https:\/\/lindstromgroup.com\/sk\/wp-json\/wp\/v2\/pages\/16559\/revisions"}],"wp:attachment":[{"href":"https:\/\/lindstromgroup.com\/sk\/wp-json\/wp\/v2\/media?parent=16559"}],"wp:term":[{"taxonomy":"author","embeddable":true,"href":"https:\/\/lindstromgroup.com\/sk\/wp-json\/wp\/v2\/coauthors?post=16559"}],"curies":[{"name":"wp","href":"https:\/\/api.w.org\/{rel}","templated":true}]}}