
    {"id":16507,"date":"2024-04-14T19:00:23","date_gmt":"2024-04-14T18:00:23","guid":{"rendered":"https:\/\/lindstromgroup.com\/si\/?post_type=services&#038;p=16507"},"modified":"2026-04-10T14:10:09","modified_gmt":"2026-04-10T12:10:09","slug":"delovna-oblacila-za-zaposlene-v-zivilski-industriji","status":"publish","type":"services","link":"https:\/\/lindstromgroup.com\/si\/storitve\/najem-delovnih-oblacil\/delovna-oblacila-za-zaposlene-v-zivilski-industriji\/","title":{"rendered":"Delovna obla\u010dila za zaposlene v \u017eivilski industriji"},"content":{"rendered":"\n    <div\n        id=\"block_cadd5fd29ffedafee12089d2d6183ca6\"\n        class=\"hero-sub hero-sub--block_cadd5fd29ffedafee12089d2d6183ca6  flex flex-col-reverse lg:flex-row justify-between bg-dark-blue text-white\"\n    >        \n        <div class=\"flex flex-col gap-5 pt-10 pb-5 grow px-5 lg:px-20\">\n            <div class=\"flex flex-col justify-center gap-3 grow max-w-[var(--container-text-max)]\">\n                <h1 class=\"!mb-0 !text-white !text-title-medium lg:!text-title-large !font-bold hyphens-auto break-words\">\n                    Delovna obla\u010dila za zaposlene v \u017eivilski industriji                <\/h1>\n    \n                <div class=\"hero-sub__description\">\n                    <p>Z delovnimi obla\u010dili Lindstr\u00f6m ste lahko prepri\u010dani, da izpolnjujejo mednarodne in nacionalne standarde.<\/p>\n                <\/div>\n    \n                                    <div class=\"flex flex-col flex-wrap gap-3 mt-3 md:flex-row\">\n                                                                                    <a \n                                    class=\"px-5 py-3 font-bold text-center text-link-small rounded-[30px] border-2 border-white !no-underline bg-white !text-dark-blue button-solid--white\"\n                                    href=\"#contact\"\n                                    target=\"_self\"\n                                >\n                                    Po\u0161ljite povpra\u0161evanje                                <\/a>\n                                                                                                                            <\/div>\n                \n                            <\/div>\n                            <div class=\"font-bold hero-sub__breadcrumb text-body-small\">\n                        <span><span><a href=\"https:\/\/lindstromgroup.com\/si\/\">Home<\/a><\/span><\/span>                <\/div>\n                    <\/div>\n\n        <div class=\"[&#038;_picture]:w-full flex h-full lg:h-auto max-h-[350px] lg:max-h-none lg:min-h-full w-full lg:w-[650px]\">\n            <img decoding=\"async\"\n                class=\"object-cover w-full h-full\"\n                src=\"https:\/\/d2ris6qfzcz0wn.cloudfront.net\/wp-content\/uploads\/sites\/12\/2024\/04\/bakery-3-revised-C-1024x683.jpg\"\n                alt=\"Z delovnimi obla\u010dili Lindstr\u00f6m ste lahko prepri\u010dani, da izpolnjujejo mednarodne in nacionalne standarde.\"\n            >\n        <\/div>\n    <\/div>\n\n\n\n        <style>\n            .lindstrom-container--block_b31ccff1cabde3dba154b25d9fdb43b9 {                \n                padding-top: 35px;\n                padding-bottom: 35px;\n            }\n\n            @media screen and (min-width: 768px) {\n                .lindstrom-container--block_b31ccff1cabde3dba154b25d9fdb43b9 {\n                    padding-top: 75px;\n                    padding-bottom: 75px;\n                }\n            }\n        <\/style>\n    \n<div\n    class=\"lindstrom-container-wrapper lindstrom-container lindstrom-container--block_b31ccff1cabde3dba154b25d9fdb43b9 \"\n    id=\"block_b31ccff1cabde3dba154b25d9fdb43b9\"\n    style=\"background-color: #ffffff\"\n    >\n    <div class=\"lindstrom-container lindstrom-container--text items-stretch\">\n        \n\n        <div \n        id=\"cta-country-block_51bbcd5dc3dd314fc0118791f756c69d\" \n        class=\"cta-country\"\n    >\n        <div class=\"flex flex-col gap-5\" style=\"align-items: center\">\n                                        <div class=\"cta-text\"><p>Na\u0161e storitve najema delovnih obla\u010dil so popolnoma prilagojene potrebam \u017eivilske industrije, saj izpolnjujejo vse higienske standarde, potrebne za varno \u017eivilsko proizvodnjo.<\/p>\n<p>Z na\u0161o celovito re\u0161itvijo boste imeli vedno na voljo zadostno koli\u010dino delovnih obla\u010dil, ki so prilagojena razli\u010dnim delovnim nalogam v va\u0161i proizvodnji. Na\u0161a \u0161iroka paleta za\u0161\u010ditnih obla\u010dil je skrbno oblikovana tako, da ustreza visokim higienskim zahtevam ter zagotavlja udobje in varnost va\u0161ih zaposlenih.<\/p>\n<p>Poleg tega je na\u0161a storitev trajnostno naravnana in temelji na principih kro\u017enega gospodarstva, kar pomeni manj\u0161o proizvodnjo tekstila in bolj\u0161e ohranjanje naravnih virov.<\/p>\n<\/div>\n                        <div class=\"cta-button-container cta-button-container--row\">\n                            <\/div>\n        <\/div>\n    <\/div>\n    \n\n    <\/div>\n<\/div>\n\n\n\n<hr class=\"wp-block-separator has-text-color has-grey-25-color has-alpha-channel-opacity has-grey-25-background-color has-background is-style-wide\" style=\"margin-top:0px;margin-bottom:0px\"\/>\n\n\n\n        <style>\n            .lindstrom-container--block_4e5b5acb49f89dc0cc1ebac20967371a {                \n                padding-top: 35px;\n                padding-bottom: 35px;\n            }\n\n            @media screen and (min-width: 768px) {\n                .lindstrom-container--block_4e5b5acb49f89dc0cc1ebac20967371a {\n                    padding-top: 75px;\n                    padding-bottom: 75px;\n                }\n            }\n        <\/style>\n    \n<div\n    class=\"lindstrom-container-wrapper lindstrom-container lindstrom-container--block_4e5b5acb49f89dc0cc1ebac20967371a \"\n    id=\"block_4e5b5acb49f89dc0cc1ebac20967371a\"\n    style=\"background-color: #ffffff\"\n    >\n    <div class=\"lindstrom-container lindstrom-container--content items-stretch\">\n        \n\n        <div \n        id=\"catalogue-block_1b79600e44866530227fe2c85dbeeec5\" \n        class=\"catalogue\"\n    >\n        <div class=\"flex flex-col catalogue__container\">\n            \n                                                <div class=\"grid w-full grid-cols-1 md:grid-cols-2\">\n                        <div class=\"catalogue__media relative\">\n                                                            <img decoding=\"async\" \n                                    class=\"object-cover h-full w-full max-h-[250px] md:max-h-none md:absolute top-0 left-0\" \n                                    src=\"https:\/\/d2ris6qfzcz0wn.cloudfront.net\/wp-content\/uploads\/sites\/12\/2024\/04\/Lindstrom-Atria-Food-Industry-Workwear-2-1024x683.jpg\" \n                                    alt=\"Zagotovite najvi\u0161je higienske standarde z na\u0161imi delovnimi obla\u010dili\" \n                                \/>\n                                                    <\/div>\n                        <div class=\"flex flex-col justify-center flex-1 gap-5 px-5 py-5 lg:px-20 lg:py-10 catalogue__content min-h-[250px] md:min-h-[350px]\" style=\"background-color:#003f72;\">\n                            <div class=\"flex flex-col gap-2\">\n                                <p \n                                    class=\"text-[16px]\/[22.4px] md:text-[25px]\/[32.5px] text-left tracking-[0.8px] md:tracking-normal uppercase md:normal-case font-bold !mb-0\" \n                                    style=\"color:#FFFFFF;\">\n                                        Zagotovite najvi\u0161je higienske standarde z na\u0161imi delovnimi obla\u010dili                                <\/p>\n                                <p class=\"text-[15px]\/[21px] text-left font-normal !mb-0\" style=\"color:#FFFFFF;\">Na\u0161a delovna obla\u010dila so skrbno zasnovana in izdelana tako, da izpolnjujejo najstro\u017eje higienske standarde, ki veljajo za predelavo hrane. Ustrezajo sistemu HACCP (Analiza tveganj in kriti\u010dnih kontrolnih to\u010dk) ter evropskemu standardu EU EN-14065, kar zagotavlja visoko raven higiene skozi celoten proces najema in vzdr\u017eevanja obla\u010dil.<\/p>\n                                                            <\/div>\n                                                    <\/div>\n                    <\/div>\n                                    <div class=\"grid w-full grid-cols-1 md:grid-cols-2\">\n                        <div class=\"catalogue__media relative\">\n                                                            <img decoding=\"async\" \n                                    class=\"object-cover h-full w-full max-h-[250px] md:max-h-none md:absolute top-0 left-0\" \n                                    src=\"https:\/\/d2ris6qfzcz0wn.cloudfront.net\/wp-content\/uploads\/sites\/12\/2024\/04\/Lindstrom-Atria-Food-Industry-Workwear-3-1024x683.jpg\" \n                                    alt=\"Brez skritih stro\u0161kov - popolna transparentnost\" \n                                \/>\n                                                    <\/div>\n                        <div class=\"flex flex-col justify-center flex-1 gap-5 px-5 py-5 lg:px-20 lg:py-10 catalogue__content min-h-[250px] md:min-h-[350px]\" style=\"background-color:#003f72;\">\n                            <div class=\"flex flex-col gap-2\">\n                                <p \n                                    class=\"text-[16px]\/[22.4px] md:text-[25px]\/[32.5px] text-left tracking-[0.8px] md:tracking-normal uppercase md:normal-case font-bold !mb-0\" \n                                    style=\"color:#FFFFFF;\">\n                                        Brez skritih stro\u0161kov &#8211; popolna transparentnost                                <\/p>\n                                <p class=\"text-[15px]\/[21px] text-left font-normal !mb-0\" style=\"color:#FFFFFF;\">Na\u0161a storitev najema delovnih obla\u010dil pokriva vse, od obla\u010dil, pranja, vzdr\u017eevanja, popravil, zamenjav, dostave, do skladi\u0161\u010denja in omar za obla\u010dila. S tem si olaj\u0161ate upravljanje delovnih obla\u010dil in se lahko popolnoma posvetite svoji osnovni dejavnosti, brez skrbi za dodatne stro\u0161ke.<\/p>\n                                                            <\/div>\n                                                    <\/div>\n                    <\/div>\n                                    <div class=\"grid w-full grid-cols-1 md:grid-cols-2\">\n                        <div class=\"catalogue__media relative\">\n                                                            <img decoding=\"async\" \n                                    class=\"object-cover h-full w-full max-h-[250px] md:max-h-none md:absolute top-0 left-0\" \n                                    src=\"https:\/\/d2ris6qfzcz0wn.cloudfront.net\/wp-content\/uploads\/sites\/12\/2024\/04\/Lindstrom-Atria-Food-Industry-Workwear-1024x683.jpg\" \n                                    alt=\"Izbolj\u0161ajte zadovoljstvo zaposlenih s trajnostno storitvijo\" \n                                \/>\n                                                    <\/div>\n                        <div class=\"flex flex-col justify-center flex-1 gap-5 px-5 py-5 lg:px-20 lg:py-10 catalogue__content min-h-[250px] md:min-h-[350px]\" style=\"background-color:#003f72;\">\n                            <div class=\"flex flex-col gap-2\">\n                                <p \n                                    class=\"text-[16px]\/[22.4px] md:text-[25px]\/[32.5px] text-left tracking-[0.8px] md:tracking-normal uppercase md:normal-case font-bold !mb-0\" \n                                    style=\"color:#FFFFFF;\">\n                                        Izbolj\u0161ajte zadovoljstvo zaposlenih s trajnostno storitvijo                                <\/p>\n                                <p class=\"text-[15px]\/[21px] text-left font-normal !mb-0\" style=\"color:#FFFFFF;\">Z na\u0161o storitvijo imajo va\u0161i zaposleni vedno na voljo \u010dista in dobro vzdr\u017eevana delovna obla\u010dila. Na\u0161e spletne storitve omogo\u010dajo pregledno in enostavno upravljanje z delovnimi obla\u010dili. Poleg tega, s tem ko izberete na\u0161o storitev, prispevate tudi k varovanju okolja, saj je na\u0161 pristop trajnostno naravnan.<\/p>\n                                                            <\/div>\n                                                    <\/div>\n                    <\/div>\n                 \n                        \n        <\/div>\n    <\/div>\n    \n\n    <\/div>\n<\/div>\n\n\n\n        <style>\n            .lindstrom-container--block_59c7ce7379190ee7aa7490ad03816f65 {                \n                padding-top: 35px;\n                padding-bottom: 35px;\n            }\n\n            @media screen and (min-width: 768px) {\n                .lindstrom-container--block_59c7ce7379190ee7aa7490ad03816f65 {\n                    padding-top: 75px;\n                    padding-bottom: 75px;\n                }\n            }\n        <\/style>\n    \n<div\n    class=\"lindstrom-container-wrapper lindstrom-container lindstrom-container--block_59c7ce7379190ee7aa7490ad03816f65 \"\n    id=\"block_59c7ce7379190ee7aa7490ad03816f65\"\n    style=\"background-color: #f4f4f4\"\n    >\n    <div class=\"lindstrom-container lindstrom-container--content items-stretch\">\n        \n\n        <div \n        id=\"cta-country-block_049e97ce08704b701271e94db66ea8d4\" \n        class=\"cta-country\"\n    >\n        <div class=\"flex flex-col gap-5\" style=\"align-items: flex-start\">\n                            <h2 class='!text-title-small lg:!text-title-medium !text-grey-100 !font-bold !my-0'>                    Prednosti na\u0161e storitve najema delovnih obla\u010dil za \u017eivilsko industrijo                <\/h2>                                    <div class=\"cta-button-container cta-button-container--row\">\n                            <\/div>\n        <\/div>\n    <\/div>\n    \n\n\n            <div \n            id=\"accordions-block_e3daa3b7f8d29aceb541f541d210eee8\" \n            class=\"accordions\"\n        >\n                            \n        <div class='accordion__item'>\n            <div class='item__header'>\n            <span class='header__icon material-symbols-outlined'>add<\/span>\n                <h4 class='header__title'>\n                    Izpolnjevanje strogih higienskih zahtev in standardov\n                <\/h4>                                \n            <\/div>\n            <div class='item__content item__content--open'>\n                <div class='content__description'>\n                    <div id=\"collapse-63055\" class=\"first collapse show\" role=\"tabpanel\" data-parent=\"#accordion-63054\" aria-labelledby=\"heading-63055\">\n<div class=\"card-block accordion-item-content clearfix\">\n<div id=\"heading-80345\" class=\"card-header\" role=\"tab\">\n<p>Z uporabo na\u0161e storitve ste lahko prepri\u010dani, da bodo delovna obla\u010dila v va\u0161em podjetju v celoti ustrezala zahtevam strogih standardov in zakonodajnih predpisov, ki veljajo na podro\u010dju predelave hrane. Na\u0161a kolekcija delovnih obla\u010dil za to panogo je v prvi vrsti izdelana za izpolnjevanje zahtev te industrije, od zasnove do vzdr\u017eevanja in kontrole kakovosti.<\/p>\n<p>Zagotovite svojim zaposlenim vedno razpolo\u017eljiva higienska obla\u010dila v potrebnih koli\u010dinah in s tem za\u0161\u010ditite osebje, proizvodnjo in delovno okolje.<\/p>\n<p>Sledimo zahtevam standarda EU EN-14065, kar zagotavlja ustrezno raven higiene v celotnem postopku, od proizvodnje do prevozov in dostave.<\/p>\n<p>Na\u0161a delovna obla\u010dila za prehrambeno industrijo imajo certificate HACCP (Hazard Analysis and Critical Control Points).<\/p>\n<\/div>\n<\/div>\n<\/div>\n\n                <\/div>\n            <\/div>\n        <\/div>\n                                \n        <div class='accordion__item'>\n            <div class='item__header'>\n            <span class='header__icon material-symbols-outlined'>add<\/span>\n                <h4 class='header__title'>\n                    Transparentne storitve z uporabo tehnologije RFID\n                <\/h4>                                \n            <\/div>\n            <div class='item__content item__content--open'>\n                <div class='content__description'>\n                    <div id=\"collapse-63056\" class=\"collapse show\" role=\"tabpanel\" data-parent=\"#accordion-63054\" aria-labelledby=\"heading-63056\">\n<div class=\"card-block accordion-item-content clearfix\">\n<p>V podru\u017enicah po svetu uporabljamo standardne operativne postopke, kar pomeni, da stranka vedno dobi pri\u010dakovano visoko kakovost. Na\u0161a storitev izposoje delovnih obla\u010dil za prehrambeno in predelovalno industrijo ustreza najbolj strogim zahtevam v panogi, ker \u017eelimo zagotoviti varnost pri delu za va\u0161e zaposlene, ki bodo vedno imeli na razpolago higienska obla\u010dila za za\u0161\u010dito proizvodnje pred kontaminacijo.<\/p>\n<p>Na\u0161a obla\u010dila so opremljena z oznakami RFID in s tem zagotavljajo transparentnost in preglednost tako uporabe delovnih obla\u010dil, kot stanja v pralnici. Na\u0161 portal za spletno storitev online omogo\u010da naro\u010dnikom spremljanje vseh podatkov v zvezi z obla\u010dili v realnem \u010dasu ter vam pomaga optimizirati zaloge.<\/p>\n<p>Oznake RFID poleg tega omogo\u010dajo avtomatsko spremljanje izpolnjevanja higienskih zahtev s pomo\u010djo na\u0161ih obse\u017enih poro\u010dil o izpolnjevanju zakonodajnih zahtev.<\/p>\n<p>Va\u0161e upravljanje z delovnimi obla\u010dili postane brezskrbno in preprosto z uporabo spletne online storitve eLindstr\u00f6m, ki zagotavlja transparentnost v \u0161tevilnih pogledih, na primer, kako pogosto se obla\u010dila menjajo, kdaj je predvidena dostava, ter nudi informacije o \u0161tevilnih drugih vpra\u0161anjih v povezavi z delovnimi obla\u010dili. Na\u0161a spletna storitev deluje 24\/7 in vam pomaga voditi svoje poslovanje nemoteno.<\/p>\n<\/div>\n<\/div>\n\n                <\/div>\n            <\/div>\n        <\/div>\n                                \n        <div class='accordion__item'>\n            <div class='item__header'>\n            <span class='header__icon material-symbols-outlined'>add<\/span>\n                <h4 class='header__title'>\n                    Stro\u0161kovno u\u010dinkovita zanesljiva storitev\n                <\/h4>                                \n            <\/div>\n            <div class='item__content item__content--open'>\n                <div class='content__description'>\n                    <div id=\"collapse-63057\" class=\"collapse show\" role=\"tabpanel\" data-parent=\"#accordion-63054\" aria-labelledby=\"heading-63057\">\n<div class=\"card-block accordion-item-content clearfix\">\n<p>Na\u0161a prilagodljiva storitev zagotavlja, da boste vedno imeli \u010dista in dobro vzdr\u017eevana delovna obla\u010dila za ustrezne zaposlene, ob pravem \u010dasu in na pravem mestu. Ni potrebe vedno znova naro\u010dati novih delovnih obla\u010dil, lo\u010devati med slu\u017ebami za dostavo in pralnicami, niti ni potrebno voditi lastnega skladi\u0161\u010denja obla\u010dil. Olaj\u0161ate si proces upravljanja z obla\u010dili s pomo\u010djo na\u0161e storitve in s tem prihranite \u010das in denar, hkrati pa si zagotovite razpolo\u017eljivost delovnih obla\u010dil in zanesljivost njihovega vzdr\u017eevanja.<\/p>\n<p>Na\u0161a storitev izposoje delovnih obla\u010dil ima prednosti v primerjavi s klasi\u010dnim samostojnim lo\u010denim vodenjem stro\u0161kov naro\u010danja delovnih obla\u010dil in pranja le-teh. Na\u0161a storitev obsega slede\u010de: pravi tip obla\u010dil za vse naloge v va\u0161em podjetju, pranje, vzdr\u017eevanje, dostavo, skladi\u0161\u010denje, vodenje osebnih omaric ter spletno online storitev eLindstr\u00f6m. Dovolite nam, da poskrbimo za va\u0161a delovna obla\u010dila, da se lahko osredoto\u010dite na va\u0161o osnovno dejavnost.<\/p>\n<\/div>\n<\/div>\n\n                <\/div>\n            <\/div>\n        <\/div>\n                                \n        <div class='accordion__item'>\n            <div class='item__header'>\n            <span class='header__icon material-symbols-outlined'>add<\/span>\n                <h4 class='header__title'>\n                    Re\u0161evanje izzivov v panogi\n                <\/h4>                                \n            <\/div>\n            <div class='item__content item__content--open'>\n                <div class='content__description'>\n                    <div id=\"collapse-63058\" class=\"collapse show\" role=\"tabpanel\" data-parent=\"#accordion-63054\" aria-labelledby=\"heading-63058\">\n<div class=\"card-block accordion-item-content clearfix\">\n<p>Na\u0161a kolekcija FoodInPro je bila ustvarjena v sodelovanju z na\u0161imi naro\u010dniki, da bi kar najbolje razumeli potrebe industrije. Na\u0161i oblikovalci so posebno pozornost posvetili izbiri materialov, udobnosti v uporabi, ergonomiji in polo\u017eaju \u017eepov, pri \u010demer se venomer upo\u0161tevajo stroge higienske zahteve.<\/p>\n<p>Kolekcija FoodInPro vam nudi \u0161irok spekter delovnih obla\u010dil, ki so izdelana za strokovno uporabo v razli\u010dnih poklicih in za razli\u010dne naloge \u2013 jakne, pla\u0161\u010di, hla\u010de, predpasniki in kape. Pomagali vam bomo najti najbolj\u0161o funkcijsko re\u0161itev za va\u0161e zaposlene.<\/p>\n<p>Na\u0161i izvedenci poskrbijo za snovanje delovnih obla\u010dil in hkratno izpolnjevanje kriterijev, ki veljajo v panogi, kar pomeni, da vam ni ve\u010d treba skrbeti zaradi spreminjajo\u010dih se zahtev in ste lahko prepri\u010dani, da bodo va\u0161a delovna obla\u010dila posodobljena in ustrezna najsodobnej\u0161im standardom in predpisom. Za vse poskrbimo mi!<\/p>\n<\/div>\n<\/div>\n\n                <\/div>\n            <\/div>\n        <\/div>\n                        <\/div>\n    \n\n    <\/div>\n<\/div>\n\n\n\n        <style>\n            .lindstrom-container--block_4add926991be1838d59cbfc95bb84f13 {                \n                padding-top: 0px;\n                padding-bottom: 0px;\n            }\n\n            @media screen and (min-width: 768px) {\n                .lindstrom-container--block_4add926991be1838d59cbfc95bb84f13 {\n                    padding-top: 75px;\n                    padding-bottom: 0px;\n                }\n            }\n        <\/style>\n    \n<div\n    class=\"lindstrom-container-wrapper lindstrom-container lindstrom-container--block_4add926991be1838d59cbfc95bb84f13 \"\n    id=\"contact\"\n    style=\"background-color: #ffffff\"\n    >\n    <div class=\"lindstrom-container lindstrom-container--content items-stretch\">\n        \n\n        <div \n        id=\"cta-country-block_abac924c6243ae59df396aac7a6a5ab4\" \n        class=\"cta-country\"\n    >\n        <div class=\"flex flex-col gap-5\" style=\"align-items: center\">\n                            <h2 class='!text-title-small lg:!text-title-medium !text-grey-100 !font-bold !my-0'>                    Zahtevajte ponudbo za storitev najema delovnih obla\u010dil                <\/h2>                                    <div class=\"cta-button-container cta-button-container--row\">\n                            <\/div>\n        <\/div>\n    <\/div>\n    \n\n\n<div class=\"wp-block-columns is-layout-flex wp-container-core-columns-is-layout-d9884270 wp-block-columns-is-layout-flex\" style=\"padding-top:0;padding-bottom:0\">\n<div class=\"wp-block-column is-layout-flow wp-block-column-is-layout-flow\">\n<figure class=\"wp-block-image size-large\"><img decoding=\"async\" width=\"1024\" height=\"682\" src=\"https:\/\/d2ris6qfzcz0wn.cloudfront.net\/wp-content\/uploads\/sites\/12\/2024\/04\/Lindstrom-workwear-for-Food-Processing-3000x2000-1400x933-1-1024x682.jpg\" alt=\"\" class=\"wp-image-16508\" style=\"aspect-ratio:4\/3;object-fit:cover\" srcset=\"https:\/\/d2ris6qfzcz0wn.cloudfront.net\/wp-content\/uploads\/sites\/12\/2024\/04\/Lindstrom-workwear-for-Food-Processing-3000x2000-1400x933-1-1024x682.jpg 1024w, https:\/\/d2ris6qfzcz0wn.cloudfront.net\/wp-content\/uploads\/sites\/12\/2024\/04\/Lindstrom-workwear-for-Food-Processing-3000x2000-1400x933-1-300x200.jpg 300w, https:\/\/d2ris6qfzcz0wn.cloudfront.net\/wp-content\/uploads\/sites\/12\/2024\/04\/Lindstrom-workwear-for-Food-Processing-3000x2000-1400x933-1-768x512.jpg 768w, https:\/\/d2ris6qfzcz0wn.cloudfront.net\/wp-content\/uploads\/sites\/12\/2024\/04\/Lindstrom-workwear-for-Food-Processing-3000x2000-1400x933-1.jpg 1400w\" sizes=\"(max-width: 1024px) 100vw, 1024px\" \/><\/figure>\n<\/div>\n\n\n\n<div class=\"wp-block-column is-layout-constrained wp-block-column-is-layout-constrained\">\n        <style>\n            .lindstrom-container--block_e5e6dc40f78a550f9d9a2498043a78f4 {                \n                padding-top: 35px;\n                padding-bottom: 35px;\n            }\n\n            @media screen and (min-width: 768px) {\n                .lindstrom-container--block_e5e6dc40f78a550f9d9a2498043a78f4 {\n                    padding-top: 0px;\n                    padding-bottom: 50px;\n                }\n            }\n        <\/style>\n    \n<div\n    class=\"lindstrom-container-wrapper lindstrom-container lindstrom-container--block_e5e6dc40f78a550f9d9a2498043a78f4 \"\n    id=\"block_e5e6dc40f78a550f9d9a2498043a78f4\"\n    style=\"background-color: #ffffff\"\n    >\n    <div class=\"lindstrom-container lindstrom-container--content items-stretch\">\n        \n\n    <div id=\"hubspot-contact-form-block_6b83907e5030184fa45e9f3adc45d70f\" class=\"hubspot-contact-form\">\n                    <h3 class=\"mt-0 !mb-5 lg:!mb-10 font-bold !text-title-small\">\n                Z veseljem vam bomo pomagali poiskati najbolj optimalno re\u0161itev za va\u0161e podjetje in zaposlene.             <\/h3>\n        \n                    <p class=\"!-mt-4 lg:!-mt-8 !mb-5 lg:!mb-10 !text-body-small\">\n                Izpolnite obrazec in si \u017ee danes zagotovite nasvet na\u0161ega svetovalca! Oglasili se vam bomo v najkraj\u0161em mo\u017enem \u010dasu!             <\/p>\n        \n        <div class=\"form-wrapper\"><\/div>\n        <div class=\"editor-message\">\n            Please set a valid form ID.\n        <\/div>\n    <\/div>\n\n<script>\n    \/**\n     * Generate dynamic init form function name to prevent it get re-initialized if there are multiple forms in a page\n     *\/\n    function initForm_69f32c5376fda() {\n        \/\/ retry until hubspot script is initialized\n        if (typeof hbspt !== \"undefined\") {\n            hbspt.forms.create({\n                region: \"eu1\",\n                portalId: \"2758505\",\n                formId: \"102e005f-c909-47bd-90db-109c2ad876d5\",\n                target: `#hubspot-contact-form-block_6b83907e5030184fa45e9f3adc45d70f .form-wrapper`,\n                onFormReady: (arg) => {\n                    const hasFeaturedField = 0;\n                    if (!hasFeaturedField) {\n                        return\n                    }\n    \n                    \/\/ in case the featured field is not available in the form\n                    const featuredField = document.querySelector(`#hubspot-contact-form-block_6b83907e5030184fa45e9f3adc45d70f .none`);\n                    if (!featuredField) {\n                        return\n                    }\n    \n                    \/\/ only support checkbox field for now\n                    convertCheckboxFeaturedField(featuredField)                \n                }\n            });\n            return;\n        }\n\n        setTimeout(initForm_69f32c5376fda, 250);\n    }\n\n    function convertCheckboxFeaturedField(featuredField) {\n        const fieldsetWrapper = featuredField.parentElement\n        \n        \/\/ add the featured field class to the wrapper fieldset element\n        \/\/ transform the featured field's UI via CSS\n        fieldsetWrapper.classList.add('featured-field')\n\n        \/\/ calculate and add enough space to display the featured field on top of the form\n        calculateFeaturedFieldSize(fieldsetWrapper)\n        window.addEventListener('resize', () => {\n            calculateFeaturedFieldSize(fieldsetWrapper)\n        })\n    }\n    \n    function calculateFeaturedFieldSize (fieldsetWrapper) {\n        fieldsetWrapper\n            .closest('.hubspot-contact-form--has-featured-field')\n            .style\n            .paddingTop = fieldsetWrapper.offsetHeight + 50 + 'px';\n    }    \n\n    initForm_69f32c5376fda();\n<\/script>\n\n\n    <\/div>\n<\/div>\n<\/div>\n<\/div>\n\n\n    <\/div>\n<\/div>\n","protected":false},"excerpt":{"rendered":"","protected":false},"author":14,"featured_media":17563,"parent":16490,"menu_order":0,"template":"","meta":{"_acf_changed":false,"inline_featured_image":false,"_eb_attr":"","site-sidebar-layout":"default","site-content-layout":"","ast-site-content-layout":"default","site-content-style":"default","site-sidebar-style":"default","ast-global-header-display":"","ast-banner-title-visibility":"","ast-main-header-display":"","ast-hfb-above-header-display":"","ast-hfb-below-header-display":"","ast-hfb-mobile-header-display":"","site-post-title":"","ast-breadcrumbs-content":"","ast-featured-img":"","footer-sml-layout":"","ast-disable-related-posts":"","theme-transparent-header-meta":"","adv-header-id-meta":"","stick-header-meta":"","header-above-stick-meta":"","header-main-stick-meta":"","header-below-stick-meta":"","astra-migrate-meta-layouts":"set","ast-page-background-enabled":"default","ast-page-background-meta":{"desktop":{"background-color":"var(--ast-global-color-4)","background-image":"","background-repeat":"repeat","background-position":"center center","background-size":"auto","background-attachment":"scroll","background-type":"","background-media":"","overlay-type":"","overlay-color":"","overlay-opacity":"","overlay-gradient":""},"tablet":{"background-color":"","background-image":"","background-repeat":"repeat","background-position":"center center","background-size":"auto","background-attachment":"scroll","background-type":"","background-media":"","overlay-type":"","overlay-color":"","overlay-opacity":"","overlay-gradient":""},"mobile":{"background-color":"","background-image":"","background-repeat":"repeat","background-position":"center center","background-size":"auto","background-attachment":"scroll","background-type":"","background-media":"","overlay-type":"","overlay-color":"","overlay-opacity":"","overlay-gradient":""}},"ast-content-background-meta":{"desktop":{"background-color":"var(--ast-global-color-5)","background-image":"","background-repeat":"repeat","background-position":"center center","background-size":"auto","background-attachment":"scroll","background-type":"","background-media":"","overlay-type":"","overlay-color":"","overlay-opacity":"","overlay-gradient":""},"tablet":{"background-color":"var(--ast-global-color-5)","background-image":"","background-repeat":"repeat","background-position":"center center","background-size":"auto","background-attachment":"scroll","background-type":"","background-media":"","overlay-type":"","overlay-color":"","overlay-opacity":"","overlay-gradient":""},"mobile":{"background-color":"var(--ast-global-color-5)","background-image":"","background-repeat":"repeat","background-position":"center center","background-size":"auto","background-attachment":"scroll","background-type":"","background-media":"","overlay-type":"","overlay-color":"","overlay-opacity":"","overlay-gradient":""}}},"coauthors":[20],"class_list":["post-16507","services","type-services","status-publish","has-post-thumbnail","hentry"],"acf":[],"yoast_head":"<!-- This site is optimized with the Yoast SEO plugin v27.2 - https:\/\/yoast.com\/product\/yoast-seo-wordpress\/ -->\n<title>Delovna obla\u010dila za zaposlene v \u017eivilski industriji - Lindstr\u00f6m Slovenia<\/title>\n<meta name=\"description\" content=\"Najem delovnih obla\u010dil za \u017eivilsko industrijo, ki zagotavlja higieno, skladnost in stalno razpolo\u017eljivost obla\u010dil za varno proizvodnjo.\" \/>\n<meta name=\"robots\" content=\"index, follow, max-snippet:-1, max-image-preview:large, max-video-preview:-1\" \/>\n<meta property=\"og:locale\" content=\"sl_SI\" \/>\n<meta property=\"og:type\" content=\"article\" \/>\n<meta property=\"og:title\" content=\"Delovna obla\u010dila za zaposlene v \u017eivilski industriji - Lindstr\u00f6m Slovenia\" \/>\n<meta property=\"og:description\" content=\"Najem delovnih obla\u010dil za \u017eivilsko industrijo, ki zagotavlja higieno, skladnost in stalno razpolo\u017eljivost obla\u010dil za varno proizvodnjo.\" \/>\n<meta property=\"og:url\" content=\"https:\/\/lindstromgroup.com\/si\/storitve\/najem-delovnih-oblacil\/delovna-oblacila-za-zaposlene-v-zivilski-industriji\/\" \/>\n<meta property=\"og:site_name\" content=\"Lindstr\u00f6m Slovenia\" \/>\n<meta property=\"article:modified_time\" content=\"2026-04-10T12:10:09+00:00\" \/>\n<meta property=\"og:image\" content=\"https:\/\/d2ris6qfzcz0wn.cloudfront.net\/wp-content\/uploads\/sites\/12\/2024\/04\/bakery-3-revised-C.jpg\" \/>\n\t<meta property=\"og:image:width\" content=\"1500\" \/>\n\t<meta property=\"og:image:height\" content=\"1000\" \/>\n\t<meta property=\"og:image:type\" content=\"image\/jpeg\" \/>\n<meta name=\"twitter:card\" content=\"summary_large_image\" \/>\n<meta name=\"twitter:label1\" content=\"Est. reading time\" \/>\n\t<meta name=\"twitter:data1\" content=\"3 minute\" \/>\n\t<meta name=\"twitter:label2\" content=\"Written by\" \/>\n\t<meta name=\"twitter:data2\" content=\"Lindstr\u00f6m Group\" \/>\n<script type=\"application\/ld+json\" class=\"yoast-schema-graph\">{\"@context\":\"https:\/\/schema.org\",\"@graph\":[{\"@type\":\"WebPage\",\"@id\":\"https:\/\/lindstromgroup.com\/si\/storitve\/najem-delovnih-oblacil\/delovna-oblacila-za-zaposlene-v-zivilski-industriji\/\",\"url\":\"https:\/\/lindstromgroup.com\/si\/storitve\/najem-delovnih-oblacil\/delovna-oblacila-za-zaposlene-v-zivilski-industriji\/\",\"name\":\"Delovna obla\u010dila za zaposlene v \u017eivilski industriji - Lindstr\u00f6m Slovenia\",\"isPartOf\":{\"@id\":\"https:\/\/lindstromgroup.com\/si\/#website\"},\"primaryImageOfPage\":{\"@id\":\"https:\/\/lindstromgroup.com\/si\/storitve\/najem-delovnih-oblacil\/delovna-oblacila-za-zaposlene-v-zivilski-industriji\/#primaryimage\"},\"image\":{\"@id\":\"https:\/\/lindstromgroup.com\/si\/storitve\/najem-delovnih-oblacil\/delovna-oblacila-za-zaposlene-v-zivilski-industriji\/#primaryimage\"},\"thumbnailUrl\":\"https:\/\/d2ris6qfzcz0wn.cloudfront.net\/wp-content\/uploads\/sites\/12\/2024\/04\/bakery-3-revised-C.jpg\",\"datePublished\":\"2024-04-14T18:00:23+00:00\",\"dateModified\":\"2026-04-10T12:10:09+00:00\",\"description\":\"Najem delovnih obla\u010dil za \u017eivilsko industrijo, ki zagotavlja higieno, skladnost in stalno razpolo\u017eljivost obla\u010dil za varno proizvodnjo.\",\"breadcrumb\":{\"@id\":\"https:\/\/lindstromgroup.com\/si\/storitve\/najem-delovnih-oblacil\/delovna-oblacila-za-zaposlene-v-zivilski-industriji\/#breadcrumb\"},\"inLanguage\":\"sl-SI\",\"potentialAction\":[{\"@type\":\"ReadAction\",\"target\":[\"https:\/\/lindstromgroup.com\/si\/storitve\/najem-delovnih-oblacil\/delovna-oblacila-za-zaposlene-v-zivilski-industriji\/\"]}]},{\"@type\":\"ImageObject\",\"inLanguage\":\"sl-SI\",\"@id\":\"https:\/\/lindstromgroup.com\/si\/storitve\/najem-delovnih-oblacil\/delovna-oblacila-za-zaposlene-v-zivilski-industriji\/#primaryimage\",\"url\":\"https:\/\/d2ris6qfzcz0wn.cloudfront.net\/wp-content\/uploads\/sites\/12\/2024\/04\/bakery-3-revised-C.jpg\",\"contentUrl\":\"https:\/\/d2ris6qfzcz0wn.cloudfront.net\/wp-content\/uploads\/sites\/12\/2024\/04\/bakery-3-revised-C.jpg\",\"width\":1500,\"height\":1000,\"caption\":\"Obla\u010dila za pekarne\"},{\"@type\":\"BreadcrumbList\",\"@id\":\"https:\/\/lindstromgroup.com\/si\/storitve\/najem-delovnih-oblacil\/delovna-oblacila-za-zaposlene-v-zivilski-industriji\/#breadcrumb\",\"itemListElement\":[{\"@type\":\"ListItem\",\"position\":1,\"name\":\"Home\",\"item\":\"https:\/\/lindstromgroup.com\/si\/\"},{\"@type\":\"ListItem\",\"position\":2,\"name\":\"Najem delovnih obla\u010dil\",\"item\":\"https:\/\/lindstromgroup.com\/si\/storitve\/najem-delovnih-oblacil\/\"},{\"@type\":\"ListItem\",\"position\":3,\"name\":\"Delovna obla\u010dila za zaposlene v \u017eivilski industriji\"}]},{\"@type\":\"WebSite\",\"@id\":\"https:\/\/lindstromgroup.com\/si\/#website\",\"url\":\"https:\/\/lindstromgroup.com\/si\/\",\"name\":\"Lindstr\u00f6m Slovenia\",\"description\":\"\",\"publisher\":{\"@id\":\"https:\/\/lindstromgroup.com\/si\/#organization\"},\"potentialAction\":[{\"@type\":\"SearchAction\",\"target\":{\"@type\":\"EntryPoint\",\"urlTemplate\":\"https:\/\/lindstromgroup.com\/si\/?s={search_term_string}\"},\"query-input\":{\"@type\":\"PropertyValueSpecification\",\"valueRequired\":true,\"valueName\":\"search_term_string\"}}],\"inLanguage\":\"sl-SI\"},{\"@type\":\"Organization\",\"@id\":\"https:\/\/lindstromgroup.com\/si\/#organization\",\"name\":\"Lindstr\u00f6m Slovenia\",\"url\":\"https:\/\/lindstromgroup.com\/si\/\",\"logo\":{\"@type\":\"ImageObject\",\"inLanguage\":\"sl-SI\",\"@id\":\"https:\/\/lindstromgroup.com\/si\/#\/schema\/logo\/image\/\",\"url\":\"https:\/\/d2ris6qfzcz0wn.cloudfront.net\/wp-content\/uploads\/sites\/12\/2023\/10\/Logo512.png\",\"contentUrl\":\"https:\/\/d2ris6qfzcz0wn.cloudfront.net\/wp-content\/uploads\/sites\/12\/2023\/10\/Logo512.png\",\"width\":512,\"height\":109,\"caption\":\"Lindstr\u00f6m Slovenia\"},\"image\":{\"@id\":\"https:\/\/lindstromgroup.com\/si\/#\/schema\/logo\/image\/\"}}]}<\/script>\n<!-- \/ Yoast SEO plugin. -->","yoast_head_json":{"title":"Delovna obla\u010dila za zaposlene v \u017eivilski industriji - Lindstr\u00f6m Slovenia","description":"Najem delovnih obla\u010dil za \u017eivilsko industrijo, ki zagotavlja higieno, skladnost in stalno razpolo\u017eljivost obla\u010dil za varno proizvodnjo.","robots":{"index":"index","follow":"follow","max-snippet":"max-snippet:-1","max-image-preview":"max-image-preview:large","max-video-preview":"max-video-preview:-1"},"og_locale":"sl_SI","og_type":"article","og_title":"Delovna obla\u010dila za zaposlene v \u017eivilski industriji - Lindstr\u00f6m Slovenia","og_description":"Najem delovnih obla\u010dil za \u017eivilsko industrijo, ki zagotavlja higieno, skladnost in stalno razpolo\u017eljivost obla\u010dil za varno proizvodnjo.","og_url":"https:\/\/lindstromgroup.com\/si\/storitve\/najem-delovnih-oblacil\/delovna-oblacila-za-zaposlene-v-zivilski-industriji\/","og_site_name":"Lindstr\u00f6m Slovenia","article_modified_time":"2026-04-10T12:10:09+00:00","og_image":[{"width":1500,"height":1000,"url":"https:\/\/d2ris6qfzcz0wn.cloudfront.net\/wp-content\/uploads\/sites\/12\/2024\/04\/bakery-3-revised-C.jpg","type":"image\/jpeg"}],"twitter_card":"summary_large_image","twitter_misc":{"Est. reading time":"3 minute","Written by":"Lindstr\u00f6m Group"},"schema":{"@context":"https:\/\/schema.org","@graph":[{"@type":"WebPage","@id":"https:\/\/lindstromgroup.com\/si\/storitve\/najem-delovnih-oblacil\/delovna-oblacila-za-zaposlene-v-zivilski-industriji\/","url":"https:\/\/lindstromgroup.com\/si\/storitve\/najem-delovnih-oblacil\/delovna-oblacila-za-zaposlene-v-zivilski-industriji\/","name":"Delovna obla\u010dila za zaposlene v \u017eivilski industriji - Lindstr\u00f6m Slovenia","isPartOf":{"@id":"https:\/\/lindstromgroup.com\/si\/#website"},"primaryImageOfPage":{"@id":"https:\/\/lindstromgroup.com\/si\/storitve\/najem-delovnih-oblacil\/delovna-oblacila-za-zaposlene-v-zivilski-industriji\/#primaryimage"},"image":{"@id":"https:\/\/lindstromgroup.com\/si\/storitve\/najem-delovnih-oblacil\/delovna-oblacila-za-zaposlene-v-zivilski-industriji\/#primaryimage"},"thumbnailUrl":"https:\/\/d2ris6qfzcz0wn.cloudfront.net\/wp-content\/uploads\/sites\/12\/2024\/04\/bakery-3-revised-C.jpg","datePublished":"2024-04-14T18:00:23+00:00","dateModified":"2026-04-10T12:10:09+00:00","description":"Najem delovnih obla\u010dil za \u017eivilsko industrijo, ki zagotavlja higieno, skladnost in stalno razpolo\u017eljivost obla\u010dil za varno proizvodnjo.","breadcrumb":{"@id":"https:\/\/lindstromgroup.com\/si\/storitve\/najem-delovnih-oblacil\/delovna-oblacila-za-zaposlene-v-zivilski-industriji\/#breadcrumb"},"inLanguage":"sl-SI","potentialAction":[{"@type":"ReadAction","target":["https:\/\/lindstromgroup.com\/si\/storitve\/najem-delovnih-oblacil\/delovna-oblacila-za-zaposlene-v-zivilski-industriji\/"]}]},{"@type":"ImageObject","inLanguage":"sl-SI","@id":"https:\/\/lindstromgroup.com\/si\/storitve\/najem-delovnih-oblacil\/delovna-oblacila-za-zaposlene-v-zivilski-industriji\/#primaryimage","url":"https:\/\/d2ris6qfzcz0wn.cloudfront.net\/wp-content\/uploads\/sites\/12\/2024\/04\/bakery-3-revised-C.jpg","contentUrl":"https:\/\/d2ris6qfzcz0wn.cloudfront.net\/wp-content\/uploads\/sites\/12\/2024\/04\/bakery-3-revised-C.jpg","width":1500,"height":1000,"caption":"Obla\u010dila za pekarne"},{"@type":"BreadcrumbList","@id":"https:\/\/lindstromgroup.com\/si\/storitve\/najem-delovnih-oblacil\/delovna-oblacila-za-zaposlene-v-zivilski-industriji\/#breadcrumb","itemListElement":[{"@type":"ListItem","position":1,"name":"Home","item":"https:\/\/lindstromgroup.com\/si\/"},{"@type":"ListItem","position":2,"name":"Najem delovnih obla\u010dil","item":"https:\/\/lindstromgroup.com\/si\/storitve\/najem-delovnih-oblacil\/"},{"@type":"ListItem","position":3,"name":"Delovna obla\u010dila za zaposlene v \u017eivilski industriji"}]},{"@type":"WebSite","@id":"https:\/\/lindstromgroup.com\/si\/#website","url":"https:\/\/lindstromgroup.com\/si\/","name":"Lindstr\u00f6m Slovenia","description":"","publisher":{"@id":"https:\/\/lindstromgroup.com\/si\/#organization"},"potentialAction":[{"@type":"SearchAction","target":{"@type":"EntryPoint","urlTemplate":"https:\/\/lindstromgroup.com\/si\/?s={search_term_string}"},"query-input":{"@type":"PropertyValueSpecification","valueRequired":true,"valueName":"search_term_string"}}],"inLanguage":"sl-SI"},{"@type":"Organization","@id":"https:\/\/lindstromgroup.com\/si\/#organization","name":"Lindstr\u00f6m Slovenia","url":"https:\/\/lindstromgroup.com\/si\/","logo":{"@type":"ImageObject","inLanguage":"sl-SI","@id":"https:\/\/lindstromgroup.com\/si\/#\/schema\/logo\/image\/","url":"https:\/\/d2ris6qfzcz0wn.cloudfront.net\/wp-content\/uploads\/sites\/12\/2023\/10\/Logo512.png","contentUrl":"https:\/\/d2ris6qfzcz0wn.cloudfront.net\/wp-content\/uploads\/sites\/12\/2023\/10\/Logo512.png","width":512,"height":109,"caption":"Lindstr\u00f6m Slovenia"},"image":{"@id":"https:\/\/lindstromgroup.com\/si\/#\/schema\/logo\/image\/"}}]}},"publishpress_future_workflow_manual_trigger":{"enabledWorkflows":[]},"distributor_meta":false,"distributor_terms":false,"distributor_media":false,"distributor_original_site_name":"Lindstr\u00f6m Slovenia","distributor_original_site_url":"https:\/\/lindstromgroup.com\/si","push-errors":false,"_links":{"self":[{"href":"https:\/\/lindstromgroup.com\/si\/wp-json\/wp\/v2\/services\/16507","targetHints":{"allow":["GET"]}}],"collection":[{"href":"https:\/\/lindstromgroup.com\/si\/wp-json\/wp\/v2\/services"}],"about":[{"href":"https:\/\/lindstromgroup.com\/si\/wp-json\/wp\/v2\/types\/services"}],"author":[{"embeddable":true,"href":"https:\/\/lindstromgroup.com\/si\/wp-json\/wp\/v2\/users\/14"}],"up":[{"embeddable":true,"href":"https:\/\/lindstromgroup.com\/si\/wp-json\/wp\/v2\/services\/16490"}],"wp:featuredmedia":[{"embeddable":true,"href":"https:\/\/lindstromgroup.com\/si\/wp-json\/wp\/v2\/media\/17563"}],"wp:attachment":[{"href":"https:\/\/lindstromgroup.com\/si\/wp-json\/wp\/v2\/media?parent=16507"}],"wp:term":[{"taxonomy":"author","embeddable":true,"href":"https:\/\/lindstromgroup.com\/si\/wp-json\/wp\/v2\/coauthors?post=16507"}],"curies":[{"name":"wp","href":"https:\/\/api.w.org\/{rel}","templated":true}]}}