
    {"id":16491,"date":"2024-04-09T23:41:21","date_gmt":"2024-04-09T22:41:21","guid":{"rendered":"https:\/\/lindstromgroup.com\/si\/?post_type=services&#038;p=16491"},"modified":"2024-04-22T19:12:35","modified_gmt":"2024-04-22T18:12:35","slug":"delovna-oblacila-za-hotele-in-restavracije-horeca","status":"publish","type":"services","link":"https:\/\/lindstromgroup.com\/si\/storitve\/najem-delovnih-oblacil\/delovna-oblacila-za-hotele-in-restavracije-horeca\/","title":{"rendered":"Delovna obla\u010dila za hotele in restavracije (HoReCa)"},"content":{"rendered":"\n    <div\n        id=\"block_8451ac58d4cb081f280015269c962869\"\n        class=\"hero-sub hero-sub--block_8451ac58d4cb081f280015269c962869  flex flex-col-reverse lg:flex-row justify-between bg-dark-blue text-white\"\n    >        \n        <div class=\"flex flex-col gap-5 pt-10 pb-5 grow px-5 lg:px-20\">\n            <div class=\"flex flex-col justify-center gap-3 grow max-w-[var(--container-text-max)]\">\n                <h1 class=\"!mb-0 !text-white !text-title-medium lg:!text-title-large !font-bold hyphens-auto break-words\">\n                    Delovna obla\u010dila za hotele in restavracije (HoReCa)                <\/h1>\n    \n                <div class=\"hero-sub__description\">\n                    <p>Na\u0161a storitev najema delovnih obla\u010dil zagotavlja, da imajo zaposleni, ki delajo v va\u0161em hotelu ali restavraciji, vedno \u010dista in reprezentativna delovna obla\u010dila, kar izbolj\u0161a podobo va\u0161ega podjetja in pomaga gostom, da prepoznajo va\u0161e zaposlene.<\/p>\n                <\/div>\n    \n                                    <div class=\"flex flex-col flex-wrap gap-3 mt-3 md:flex-row\">\n                                                                                    <a \n                                    class=\"px-5 py-3 font-bold text-center text-link-small rounded-[30px] border-2 border-white !no-underline bg-white !text-dark-blue button-solid--white\"\n                                    href=\"#contact\"\n                                    target=\"_self\"\n                                >\n                                    Po\u0161ljite povpra\u0161evanje                                <\/a>\n                                                                                                                            <\/div>\n                \n                            <\/div>\n                            <div class=\"font-bold hero-sub__breadcrumb text-body-small\">\n                        <span><span><a href=\"https:\/\/lindstromgroup.com\/si\/\">Home<\/a><\/span><\/span>                <\/div>\n                    <\/div>\n\n        <div class=\"[&#038;_picture]:w-full flex h-full lg:h-auto max-h-[350px] lg:max-h-none lg:min-h-full w-full lg:w-[650px]\">\n            <img decoding=\"async\"\n                class=\"object-cover w-full h-full\"\n                src=\"https:\/\/d2ris6qfzcz0wn.cloudfront.net\/wp-content\/uploads\/sites\/12\/2024\/04\/HTS_Lindstrom_Hotellihenkiokunta_016_hotel_1600x1200-1024x768.jpg\"\n                alt=\"Na\u0161a storitev najema delovnih obla\u010dil zagotavlja, da imajo zaposleni, ki delajo v va\u0161em hotelu ali restavraciji, vedno \u010dista in reprezentativna delovna obla\u010dila, kar izbolj\u0161a podobo va\u0161ega podjetja in pomaga gostom, da prepoznajo va\u0161e zaposlene.\"\n            >\n        <\/div>\n    <\/div>\n\n\n\n        <style>\n            .lindstrom-container--block_bc9d839976160319b91e033978ff26e2 {                \n                padding-top: 35px;\n                padding-bottom: 35px;\n            }\n\n            @media screen and (min-width: 768px) {\n                .lindstrom-container--block_bc9d839976160319b91e033978ff26e2 {\n                    padding-top: 75px;\n                    padding-bottom: 75px;\n                }\n            }\n        <\/style>\n    \n<div\n    class=\"lindstrom-container-wrapper lindstrom-container lindstrom-container--block_bc9d839976160319b91e033978ff26e2 \"\n    id=\"block_bc9d839976160319b91e033978ff26e2\"\n    style=\"background-color: #ffffff\"\n    >\n    <div class=\"lindstrom-container lindstrom-container--text items-stretch\">\n        \n\n        <div \n        id=\"cta-country-block_07176c9469afad3469d83c83354d7a68\" \n        class=\"cta-country\"\n    >\n        <div class=\"flex flex-col gap-5\" style=\"align-items: center\">\n                            <h2 class='!text-title-small lg:!text-title-medium !text-grey-100 !font-bold !my-0'>                    Urejena delovna obla\u010dila za gostinstvo in hotelirstvo                <\/h2>                                        <div class=\"cta-text\"><p>Na\u0161e storitve izposoje delovnih obla\u010dil za hotele in restavracije zagotavljajo, da bodo va\u0161i zaposleni vedno uporabljali \u010dista, urejena delovna obla\u010dila, kar bo izbolj\u0161alo podobo va\u0161ega podjetja in pomagalo strankam, da va\u0161e zaposlene prepoznajo \u017ee na prvi pogled.<\/p>\n<p>Pomagali vam bomo izbrati prava obla\u010dila za razli\u010dne naloge v va\u0161em podjetju ter tako zagotoviti odli\u010dno izku\u0161njo za stranke v va\u0161em hotelu, restavraciji ali kavarni.<\/p>\n<\/div>\n                        <div class=\"cta-button-container cta-button-container--row\">\n                            <\/div>\n        <\/div>\n    <\/div>\n    \n\n\n        <div \n        id=\"cta-country-block_4cdaaa7fb0958c39b4e8f1d5b9797bc0\" \n        class=\"cta-country\"\n    >\n        <div class=\"flex flex-col gap-5\" style=\"align-items: center\">\n                            <h2 class='!text-title-small lg:!text-title-medium !text-grey-100 !font-bold !my-0'>                    Stro\u0161kovno u\u010dinkovita re\u0161itev                <\/h2>                                        <div class=\"cta-text\"><p>Z na\u0161o storitvijo vam ni treba skrbeti za upravljanje delovnih obla\u010dil. Poleg delovnih obla\u010dil poskrbimo tudi za tedensko pranje in vzdr\u017eevanje ter dostavo in skladi\u0161\u010denje.<\/p>\n<p>Mese\u010dni stro\u0161ki so odvisni od \u0161tevila delovnih obla\u010dil, ki jih potrebujete, sektorja, v katerem deluje va\u0161e podjetje, in tudi od specifi\u010dnih potreb va\u0161ega podjetja. Na\u0161a storitev je primerna za podjetja vseh velikosti!<\/p>\n<\/div>\n                        <div class=\"cta-button-container cta-button-container--row\">\n                            <\/div>\n        <\/div>\n    <\/div>\n    \n\n    <\/div>\n<\/div>\n\n\n\n<hr class=\"wp-block-separator has-text-color has-grey-25-color has-alpha-channel-opacity has-grey-25-background-color has-background is-style-wide\" style=\"margin-top:0px;margin-bottom:0px\"\/>\n\n\n\n        <style>\n            .lindstrom-container--block_ae4d7aaf788e18b27a6ddee086b2f3e3 {                \n                padding-top: 35px;\n                padding-bottom: 35px;\n            }\n\n            @media screen and (min-width: 768px) {\n                .lindstrom-container--block_ae4d7aaf788e18b27a6ddee086b2f3e3 {\n                    padding-top: 75px;\n                    padding-bottom: 75px;\n                }\n            }\n        <\/style>\n    \n<div\n    class=\"lindstrom-container-wrapper lindstrom-container lindstrom-container--block_ae4d7aaf788e18b27a6ddee086b2f3e3 \"\n    id=\"block_ae4d7aaf788e18b27a6ddee086b2f3e3\"\n    style=\"background-color: #ffffff\"\n    >\n    <div class=\"lindstrom-container lindstrom-container--content items-stretch\">\n        \n\n        <div \n        id=\"catalogue-block_5ff04a59fb905f3ae327c5b7f42318ff\" \n        class=\"catalogue\"\n    >\n        <div class=\"flex flex-col catalogue__container\">\n            \n                                                <div class=\"grid w-full grid-cols-1 md:grid-cols-2\">\n                        <div class=\"catalogue__media relative\">\n                                                            <img decoding=\"async\" \n                                    class=\"object-cover h-full w-full max-h-[250px] md:max-h-none md:absolute top-0 left-0\" \n                                    src=\"https:\/\/d2ris6qfzcz0wn.cloudfront.net\/wp-content\/uploads\/sites\/12\/2024\/04\/RTS_Lindstrom_015_Horeca_1600x1200-1024x768-1.jpg\" \n                                    alt=\"Delovna obla\u010dila za natakarje\" \n                                \/>\n                                                    <\/div>\n                        <div class=\"flex flex-col justify-center flex-1 gap-5 px-5 py-5 lg:px-20 lg:py-10 catalogue__content min-h-[250px] md:min-h-[350px]\" style=\"background-color:#003f72;\">\n                            <div class=\"flex flex-col gap-2\">\n                                <p \n                                    class=\"text-[16px]\/[22.4px] md:text-[25px]\/[32.5px] text-left tracking-[0.8px] md:tracking-normal uppercase md:normal-case font-bold !mb-0\" \n                                    style=\"color:#FFFFFF;\">\n                                        Delovna obla\u010dila za natakarje                                <\/p>\n                                <p class=\"text-[15px]\/[21px] text-left font-normal !mb-0\" style=\"color:#FFFFFF;\">Na\u0161a kolekcija HoReCa vklju\u010duje \u0161irok izbor hla\u010d, tunik in srajc z ovratnikom razli\u010dnih vzorcev in barv za natakarje, delavce v kavarnah in barmane.\r\nKombinirajte razli\u010dne barve srajc, hla\u010d, predpasnikov in klobukov ter ustvarite popolno delovno obleko za svoje zaposlene. Obla\u010dila so zasnovana tako, da so udobna in prilagodljiva ter da se v njih zlahka gibljete &#8211; tudi v \u017eivahnih delovnih okoljih.<\/p>\n                                                            <\/div>\n                                                    <\/div>\n                    <\/div>\n                                    <div class=\"grid w-full grid-cols-1 md:grid-cols-2\">\n                        <div class=\"catalogue__media relative\">\n                                                            <img decoding=\"async\" \n                                    class=\"object-cover h-full w-full max-h-[250px] md:max-h-none md:absolute top-0 left-0\" \n                                    src=\"https:\/\/d2ris6qfzcz0wn.cloudfront.net\/wp-content\/uploads\/sites\/12\/2024\/01\/HoReCa_Chef1-1024x683.jpg\" \n                                    alt=\"Delovna obla\u010dila za kuharje in kuhinjsko osebje\" \n                                \/>\n                                                    <\/div>\n                        <div class=\"flex flex-col justify-center flex-1 gap-5 px-5 py-5 lg:px-20 lg:py-10 catalogue__content min-h-[250px] md:min-h-[350px]\" style=\"background-color:#003f72;\">\n                            <div class=\"flex flex-col gap-2\">\n                                <p \n                                    class=\"text-[16px]\/[22.4px] md:text-[25px]\/[32.5px] text-left tracking-[0.8px] md:tracking-normal uppercase md:normal-case font-bold !mb-0\" \n                                    style=\"color:#FFFFFF;\">\n                                        Delovna obla\u010dila za kuharje in kuhinjsko osebje                                <\/p>\n                                <p class=\"text-[15px]\/[21px] text-left font-normal !mb-0\" style=\"color:#FFFFFF;\">Kombinirajte razli\u010dne barvne srajce, hla\u010de, predpasnike in kape ter tako ustvarite popolno delovno obleko za svoje zaposlene. Uniforme kuharjev in drugega kuhinjskega osebja so oblikovane tako, da so udobne in prilagodljive, v njih pa se je enostavno gibati &#8211; tudi v hekti\u010dnih kuhinjskih okoljih. Obla\u010dila so zasnovana z mislijo na ergonomijo dela.\r\n\r\nNa\u0161a zbirka vklju\u010duje razli\u010dne modele klobukov, \u010depic in kap za kuharje, zaposlene v kavarnah in barmane.<\/p>\n                                                            <\/div>\n                                                    <\/div>\n                    <\/div>\n                                    <div class=\"grid w-full grid-cols-1 md:grid-cols-2\">\n                        <div class=\"catalogue__media relative\">\n                                                            <img decoding=\"async\" \n                                    class=\"object-cover h-full w-full max-h-[250px] md:max-h-none md:absolute top-0 left-0\" \n                                    src=\"https:\/\/d2ris6qfzcz0wn.cloudfront.net\/wp-content\/uploads\/sites\/12\/2024\/04\/HTS_Lindstrom_Hotellihenkiokunta_016_hotel_1600x1200-1024x768.jpg\" \n                                    alt=\"Elegantna delovna obla\u010dila za zaposlene v hotelih\" \n                                \/>\n                                                    <\/div>\n                        <div class=\"flex flex-col justify-center flex-1 gap-5 px-5 py-5 lg:px-20 lg:py-10 catalogue__content min-h-[250px] md:min-h-[350px]\" style=\"background-color:#003f72;\">\n                            <div class=\"flex flex-col gap-2\">\n                                <p \n                                    class=\"text-[16px]\/[22.4px] md:text-[25px]\/[32.5px] text-left tracking-[0.8px] md:tracking-normal uppercase md:normal-case font-bold !mb-0\" \n                                    style=\"color:#FFFFFF;\">\n                                        Elegantna delovna obla\u010dila za zaposlene v hotelih                                <\/p>\n                                <p class=\"text-[15px]\/[21px] text-left font-normal !mb-0\" style=\"color:#FFFFFF;\">Na\u0161a storitev za delovna obla\u010dila zagotavlja, da imajo va\u0161i zaposleni vedno \u010dista in reprezentativna delovna obla\u010dila, ki izbolj\u0161ujejo podobo va\u0161ega hotela in pomagajo strankam prepoznati va\u0161e zaposlene. Pomagamo vam zagotoviti odli\u010dno izku\u0161njo strank in izbrati prava delovna obla\u010dila za razli\u010dne naloge v va\u0161em podjetju.<\/p>\n                                                            <\/div>\n                                                    <\/div>\n                    <\/div>\n                 \n                        \n        <\/div>\n    <\/div>\n    \n\n    <\/div>\n<\/div>\n\n\n\n        <style>\n            .lindstrom-container--block_1875ed0d78006d6778585398c9b9162f {                \n                padding-top: 0px;\n                padding-bottom: 0px;\n            }\n\n            @media screen and (min-width: 768px) {\n                .lindstrom-container--block_1875ed0d78006d6778585398c9b9162f {\n                    padding-top: 75px;\n                    padding-bottom: 0px;\n                }\n            }\n        <\/style>\n    \n<div\n    class=\"lindstrom-container-wrapper lindstrom-container lindstrom-container--block_1875ed0d78006d6778585398c9b9162f \"\n    id=\"contact\"\n    style=\"background-color: #ffffff\"\n    >\n    <div class=\"lindstrom-container lindstrom-container--content items-stretch\">\n        \n\n        <div \n        id=\"cta-country-block_aec02aeb8ea291d091f1438a6f53c19d\" \n        class=\"cta-country\"\n    >\n        <div class=\"flex flex-col gap-5\" style=\"align-items: center\">\n                            <h2 class='!text-title-small lg:!text-title-medium !text-grey-100 !font-bold !my-0'>                    Zahtevajte ponudbo za storitev najema delovnih obla\u010dil                <\/h2>                                    <div class=\"cta-button-container cta-button-container--row\">\n                            <\/div>\n        <\/div>\n    <\/div>\n    \n\n\n<div class=\"wp-block-columns is-layout-flex wp-container-core-columns-is-layout-d9884270 wp-block-columns-is-layout-flex\" style=\"padding-top:0;padding-bottom:0\">\n<div class=\"wp-block-column is-layout-flow wp-block-column-is-layout-flow\">\n<figure class=\"wp-block-image size-large\"><img decoding=\"async\" width=\"1024\" height=\"682\" src=\"https:\/\/d2ris6qfzcz0wn.cloudfront.net\/wp-content\/uploads\/sites\/12\/2024\/04\/Lindstrom-Workwear-for-hotels-and-restaurants-3000x2000-1400x933-1-1024x682.jpg\" alt=\"\" class=\"wp-image-16497\" style=\"aspect-ratio:4\/3;object-fit:cover\" srcset=\"https:\/\/d2ris6qfzcz0wn.cloudfront.net\/wp-content\/uploads\/sites\/12\/2024\/04\/Lindstrom-Workwear-for-hotels-and-restaurants-3000x2000-1400x933-1-1024x682.jpg 1024w, https:\/\/d2ris6qfzcz0wn.cloudfront.net\/wp-content\/uploads\/sites\/12\/2024\/04\/Lindstrom-Workwear-for-hotels-and-restaurants-3000x2000-1400x933-1-300x200.jpg 300w, https:\/\/d2ris6qfzcz0wn.cloudfront.net\/wp-content\/uploads\/sites\/12\/2024\/04\/Lindstrom-Workwear-for-hotels-and-restaurants-3000x2000-1400x933-1-768x512.jpg 768w, https:\/\/d2ris6qfzcz0wn.cloudfront.net\/wp-content\/uploads\/sites\/12\/2024\/04\/Lindstrom-Workwear-for-hotels-and-restaurants-3000x2000-1400x933-1.jpg 1400w\" sizes=\"(max-width: 1024px) 100vw, 1024px\" \/><\/figure>\n<\/div>\n\n\n\n<div class=\"wp-block-column is-layout-constrained wp-block-column-is-layout-constrained\">\n        <style>\n            .lindstrom-container--block_076794819b071875acc76717761f899f {                \n                padding-top: 35px;\n                padding-bottom: 35px;\n            }\n\n            @media screen and (min-width: 768px) {\n                .lindstrom-container--block_076794819b071875acc76717761f899f {\n                    padding-top: 0px;\n                    padding-bottom: 50px;\n                }\n            }\n        <\/style>\n    \n<div\n    class=\"lindstrom-container-wrapper lindstrom-container lindstrom-container--block_076794819b071875acc76717761f899f \"\n    id=\"block_076794819b071875acc76717761f899f\"\n    style=\"background-color: #ffffff\"\n    >\n    <div class=\"lindstrom-container lindstrom-container--content items-stretch\">\n        \n\n    <div id=\"hubspot-contact-form-block_f4228952b14b19ea497dbcbc3ff4e85a\" class=\"hubspot-contact-form\">\n                    <h3 class=\"mt-0 !mb-5 lg:!mb-10 font-bold !text-title-small\">\n                Z veseljem vam bomo pomagali poiskati najbolj optimalno re\u0161itev za va\u0161e podjetje in zaposlene.             <\/h3>\n        \n                    <p class=\"!-mt-4 lg:!-mt-8 !mb-5 lg:!mb-10 !text-body-small\">\n                Izpolnite obrazec in si \u017ee danes zagotovite nasvet na\u0161ega svetovalca! Oglasili se vam bomo v najkraj\u0161em mo\u017enem \u010dasu!             <\/p>\n        \n        <div class=\"form-wrapper\"><\/div>\n        <div class=\"editor-message\">\n            Please set a valid form ID.\n        <\/div>\n    <\/div>\n\n<script>\n    \/**\n     * Generate dynamic init form function name to prevent it get re-initialized if there are multiple forms in a page\n     *\/\n    function initForm_69f39e9733ea7() {\n        \/\/ retry until hubspot script is initialized\n        if (typeof hbspt !== \"undefined\") {\n            hbspt.forms.create({\n                region: \"eu1\",\n                portalId: \"2758505\",\n                formId: \"102e005f-c909-47bd-90db-109c2ad876d5\",\n                target: `#hubspot-contact-form-block_f4228952b14b19ea497dbcbc3ff4e85a .form-wrapper`,\n                onFormReady: (arg) => {\n                    const hasFeaturedField = 0;\n                    if (!hasFeaturedField) {\n                        return\n                    }\n    \n                    \/\/ in case the featured field is not available in the form\n                    const featuredField = document.querySelector(`#hubspot-contact-form-block_f4228952b14b19ea497dbcbc3ff4e85a .none`);\n                    if (!featuredField) {\n                        return\n                    }\n    \n                    \/\/ only support checkbox field for now\n                    convertCheckboxFeaturedField(featuredField)                \n                }\n            });\n            return;\n        }\n\n        setTimeout(initForm_69f39e9733ea7, 250);\n    }\n\n    function convertCheckboxFeaturedField(featuredField) {\n        const fieldsetWrapper = featuredField.parentElement\n        \n        \/\/ add the featured field class to the wrapper fieldset element\n        \/\/ transform the featured field's UI via CSS\n        fieldsetWrapper.classList.add('featured-field')\n\n        \/\/ calculate and add enough space to display the featured field on top of the form\n        calculateFeaturedFieldSize(fieldsetWrapper)\n        window.addEventListener('resize', () => {\n            calculateFeaturedFieldSize(fieldsetWrapper)\n        })\n    }\n    \n    function calculateFeaturedFieldSize (fieldsetWrapper) {\n        fieldsetWrapper\n            .closest('.hubspot-contact-form--has-featured-field')\n            .style\n            .paddingTop = fieldsetWrapper.offsetHeight + 50 + 'px';\n    }    \n\n    initForm_69f39e9733ea7();\n<\/script>\n\n\n    <\/div>\n<\/div>\n<\/div>\n<\/div>\n\n\n    <\/div>\n<\/div>\n","protected":false},"excerpt":{"rendered":"","protected":false},"author":14,"featured_media":16493,"parent":16490,"menu_order":0,"template":"","meta":{"_acf_changed":false,"inline_featured_image":false,"_eb_attr":"","site-sidebar-layout":"default","site-content-layout":"","ast-site-content-layout":"default","site-content-style":"default","site-sidebar-style":"default","ast-global-header-display":"","ast-banner-title-visibility":"","ast-main-header-display":"","ast-hfb-above-header-display":"","ast-hfb-below-header-display":"","ast-hfb-mobile-header-display":"","site-post-title":"","ast-breadcrumbs-content":"","ast-featured-img":"","footer-sml-layout":"","ast-disable-related-posts":"","theme-transparent-header-meta":"","adv-header-id-meta":"","stick-header-meta":"","header-above-stick-meta":"","header-main-stick-meta":"","header-below-stick-meta":"","astra-migrate-meta-layouts":"default","ast-page-background-enabled":"default","ast-page-background-meta":{"desktop":{"background-color":"var(--ast-global-color-4)","background-image":"","background-repeat":"repeat","background-position":"center center","background-size":"auto","background-attachment":"scroll","background-type":"","background-media":"","overlay-type":"","overlay-color":"","overlay-opacity":"","overlay-gradient":""},"tablet":{"background-color":"","background-image":"","background-repeat":"repeat","background-position":"center center","background-size":"auto","background-attachment":"scroll","background-type":"","background-media":"","overlay-type":"","overlay-color":"","overlay-opacity":"","overlay-gradient":""},"mobile":{"background-color":"","background-image":"","background-repeat":"repeat","background-position":"center center","background-size":"auto","background-attachment":"scroll","background-type":"","background-media":"","overlay-type":"","overlay-color":"","overlay-opacity":"","overlay-gradient":""}},"ast-content-background-meta":{"desktop":{"background-color":"var(--ast-global-color-5)","background-image":"","background-repeat":"repeat","background-position":"center center","background-size":"auto","background-attachment":"scroll","background-type":"","background-media":"","overlay-type":"","overlay-color":"","overlay-opacity":"","overlay-gradient":""},"tablet":{"background-color":"var(--ast-global-color-5)","background-image":"","background-repeat":"repeat","background-position":"center center","background-size":"auto","background-attachment":"scroll","background-type":"","background-media":"","overlay-type":"","overlay-color":"","overlay-opacity":"","overlay-gradient":""},"mobile":{"background-color":"var(--ast-global-color-5)","background-image":"","background-repeat":"repeat","background-position":"center center","background-size":"auto","background-attachment":"scroll","background-type":"","background-media":"","overlay-type":"","overlay-color":"","overlay-opacity":"","overlay-gradient":""}}},"coauthors":[20],"class_list":["post-16491","services","type-services","status-publish","has-post-thumbnail","hentry"],"acf":[],"yoast_head":"<!-- This site is optimized with the Yoast SEO plugin v27.2 - https:\/\/yoast.com\/product\/yoast-seo-wordpress\/ -->\n<title>Delovna obla\u010dila za hotele in restavracije (HoReCa) - Lindstr\u00f6m Slovenia<\/title>\n<meta name=\"description\" content=\"Na\u0161a storitev najema delovnih obla\u010dil zagotavlja, da imajo zaposleni, ki delajo v va\u0161em hotelu ali restavraciji, vedno \u010dista in reprezentativna delovna obla\u010dila, kar izbolj\u0161a podobo va\u0161ega podjetja in pomaga gostom, da prepoznajo va\u0161e zaposlene.\" \/>\n<meta name=\"robots\" content=\"index, follow, max-snippet:-1, max-image-preview:large, max-video-preview:-1\" \/>\n<meta property=\"og:locale\" content=\"sl_SI\" \/>\n<meta property=\"og:type\" content=\"article\" \/>\n<meta property=\"og:title\" content=\"Delovna obla\u010dila za hotele in restavracije (HoReCa) - Lindstr\u00f6m Slovenia\" \/>\n<meta property=\"og:description\" content=\"Na\u0161a storitev najema delovnih obla\u010dil zagotavlja, da imajo zaposleni, ki delajo v va\u0161em hotelu ali restavraciji, vedno \u010dista in reprezentativna delovna obla\u010dila, kar izbolj\u0161a podobo va\u0161ega podjetja in pomaga gostom, da prepoznajo va\u0161e zaposlene.\" \/>\n<meta property=\"og:url\" content=\"https:\/\/lindstromgroup.com\/si\/storitve\/najem-delovnih-oblacil\/delovna-oblacila-za-hotele-in-restavracije-horeca\/\" \/>\n<meta property=\"og:site_name\" content=\"Lindstr\u00f6m Slovenia\" \/>\n<meta property=\"article:modified_time\" content=\"2024-04-22T18:12:35+00:00\" \/>\n<meta property=\"og:image\" content=\"https:\/\/d2ris6qfzcz0wn.cloudfront.net\/wp-content\/uploads\/sites\/12\/2024\/04\/HTS_Lindstrom_Hotellihenkiokunta_016_hotel_1600x1200.jpg\" \/>\n\t<meta property=\"og:image:width\" content=\"1600\" \/>\n\t<meta property=\"og:image:height\" content=\"1200\" \/>\n\t<meta property=\"og:image:type\" content=\"image\/jpeg\" \/>\n<meta name=\"twitter:card\" content=\"summary_large_image\" \/>\n<meta name=\"twitter:label1\" content=\"Est. reading time\" \/>\n\t<meta name=\"twitter:data1\" content=\"2 minuti\" \/>\n\t<meta name=\"twitter:label2\" content=\"Written by\" \/>\n\t<meta name=\"twitter:data2\" content=\"Lindstr\u00f6m Group\" \/>\n<script type=\"application\/ld+json\" class=\"yoast-schema-graph\">{\"@context\":\"https:\/\/schema.org\",\"@graph\":[{\"@type\":\"WebPage\",\"@id\":\"https:\/\/lindstromgroup.com\/si\/storitve\/najem-delovnih-oblacil\/delovna-oblacila-za-hotele-in-restavracije-horeca\/\",\"url\":\"https:\/\/lindstromgroup.com\/si\/storitve\/najem-delovnih-oblacil\/delovna-oblacila-za-hotele-in-restavracije-horeca\/\",\"name\":\"Delovna obla\u010dila za hotele in restavracije (HoReCa) - Lindstr\u00f6m Slovenia\",\"isPartOf\":{\"@id\":\"https:\/\/lindstromgroup.com\/si\/#website\"},\"primaryImageOfPage\":{\"@id\":\"https:\/\/lindstromgroup.com\/si\/storitve\/najem-delovnih-oblacil\/delovna-oblacila-za-hotele-in-restavracije-horeca\/#primaryimage\"},\"image\":{\"@id\":\"https:\/\/lindstromgroup.com\/si\/storitve\/najem-delovnih-oblacil\/delovna-oblacila-za-hotele-in-restavracije-horeca\/#primaryimage\"},\"thumbnailUrl\":\"https:\/\/d2ris6qfzcz0wn.cloudfront.net\/wp-content\/uploads\/sites\/12\/2024\/04\/HTS_Lindstrom_Hotellihenkiokunta_016_hotel_1600x1200.jpg\",\"datePublished\":\"2024-04-09T22:41:21+00:00\",\"dateModified\":\"2024-04-22T18:12:35+00:00\",\"description\":\"Na\u0161a storitev najema delovnih obla\u010dil zagotavlja, da imajo zaposleni, ki delajo v va\u0161em hotelu ali restavraciji, vedno \u010dista in reprezentativna delovna obla\u010dila, kar izbolj\u0161a podobo va\u0161ega podjetja in pomaga gostom, da prepoznajo va\u0161e zaposlene.\",\"breadcrumb\":{\"@id\":\"https:\/\/lindstromgroup.com\/si\/storitve\/najem-delovnih-oblacil\/delovna-oblacila-za-hotele-in-restavracije-horeca\/#breadcrumb\"},\"inLanguage\":\"sl-SI\",\"potentialAction\":[{\"@type\":\"ReadAction\",\"target\":[\"https:\/\/lindstromgroup.com\/si\/storitve\/najem-delovnih-oblacil\/delovna-oblacila-za-hotele-in-restavracije-horeca\/\"]}]},{\"@type\":\"ImageObject\",\"inLanguage\":\"sl-SI\",\"@id\":\"https:\/\/lindstromgroup.com\/si\/storitve\/najem-delovnih-oblacil\/delovna-oblacila-za-hotele-in-restavracije-horeca\/#primaryimage\",\"url\":\"https:\/\/d2ris6qfzcz0wn.cloudfront.net\/wp-content\/uploads\/sites\/12\/2024\/04\/HTS_Lindstrom_Hotellihenkiokunta_016_hotel_1600x1200.jpg\",\"contentUrl\":\"https:\/\/d2ris6qfzcz0wn.cloudfront.net\/wp-content\/uploads\/sites\/12\/2024\/04\/HTS_Lindstrom_Hotellihenkiokunta_016_hotel_1600x1200.jpg\",\"width\":1600,\"height\":1200},{\"@type\":\"BreadcrumbList\",\"@id\":\"https:\/\/lindstromgroup.com\/si\/storitve\/najem-delovnih-oblacil\/delovna-oblacila-za-hotele-in-restavracije-horeca\/#breadcrumb\",\"itemListElement\":[{\"@type\":\"ListItem\",\"position\":1,\"name\":\"Home\",\"item\":\"https:\/\/lindstromgroup.com\/si\/\"},{\"@type\":\"ListItem\",\"position\":2,\"name\":\"Najem delovnih obla\u010dil\",\"item\":\"https:\/\/lindstromgroup.com\/si\/storitve\/najem-delovnih-oblacil\/\"},{\"@type\":\"ListItem\",\"position\":3,\"name\":\"Delovna obla\u010dila za hotele in restavracije (HoReCa)\"}]},{\"@type\":\"WebSite\",\"@id\":\"https:\/\/lindstromgroup.com\/si\/#website\",\"url\":\"https:\/\/lindstromgroup.com\/si\/\",\"name\":\"Lindstr\u00f6m Slovenia\",\"description\":\"\",\"publisher\":{\"@id\":\"https:\/\/lindstromgroup.com\/si\/#organization\"},\"potentialAction\":[{\"@type\":\"SearchAction\",\"target\":{\"@type\":\"EntryPoint\",\"urlTemplate\":\"https:\/\/lindstromgroup.com\/si\/?s={search_term_string}\"},\"query-input\":{\"@type\":\"PropertyValueSpecification\",\"valueRequired\":true,\"valueName\":\"search_term_string\"}}],\"inLanguage\":\"sl-SI\"},{\"@type\":\"Organization\",\"@id\":\"https:\/\/lindstromgroup.com\/si\/#organization\",\"name\":\"Lindstr\u00f6m Slovenia\",\"url\":\"https:\/\/lindstromgroup.com\/si\/\",\"logo\":{\"@type\":\"ImageObject\",\"inLanguage\":\"sl-SI\",\"@id\":\"https:\/\/lindstromgroup.com\/si\/#\/schema\/logo\/image\/\",\"url\":\"https:\/\/d2ris6qfzcz0wn.cloudfront.net\/wp-content\/uploads\/sites\/12\/2023\/10\/Logo512.png\",\"contentUrl\":\"https:\/\/d2ris6qfzcz0wn.cloudfront.net\/wp-content\/uploads\/sites\/12\/2023\/10\/Logo512.png\",\"width\":512,\"height\":109,\"caption\":\"Lindstr\u00f6m Slovenia\"},\"image\":{\"@id\":\"https:\/\/lindstromgroup.com\/si\/#\/schema\/logo\/image\/\"}}]}<\/script>\n<!-- \/ Yoast SEO plugin. -->","yoast_head_json":{"title":"Delovna obla\u010dila za hotele in restavracije (HoReCa) - Lindstr\u00f6m Slovenia","description":"Na\u0161a storitev najema delovnih obla\u010dil zagotavlja, da imajo zaposleni, ki delajo v va\u0161em hotelu ali restavraciji, vedno \u010dista in reprezentativna delovna obla\u010dila, kar izbolj\u0161a podobo va\u0161ega podjetja in pomaga gostom, da prepoznajo va\u0161e zaposlene.","robots":{"index":"index","follow":"follow","max-snippet":"max-snippet:-1","max-image-preview":"max-image-preview:large","max-video-preview":"max-video-preview:-1"},"og_locale":"sl_SI","og_type":"article","og_title":"Delovna obla\u010dila za hotele in restavracije (HoReCa) - Lindstr\u00f6m Slovenia","og_description":"Na\u0161a storitev najema delovnih obla\u010dil zagotavlja, da imajo zaposleni, ki delajo v va\u0161em hotelu ali restavraciji, vedno \u010dista in reprezentativna delovna obla\u010dila, kar izbolj\u0161a podobo va\u0161ega podjetja in pomaga gostom, da prepoznajo va\u0161e zaposlene.","og_url":"https:\/\/lindstromgroup.com\/si\/storitve\/najem-delovnih-oblacil\/delovna-oblacila-za-hotele-in-restavracije-horeca\/","og_site_name":"Lindstr\u00f6m Slovenia","article_modified_time":"2024-04-22T18:12:35+00:00","og_image":[{"width":1600,"height":1200,"url":"https:\/\/d2ris6qfzcz0wn.cloudfront.net\/wp-content\/uploads\/sites\/12\/2024\/04\/HTS_Lindstrom_Hotellihenkiokunta_016_hotel_1600x1200.jpg","type":"image\/jpeg"}],"twitter_card":"summary_large_image","twitter_misc":{"Est. reading time":"2 minuti","Written by":"Lindstr\u00f6m Group"},"schema":{"@context":"https:\/\/schema.org","@graph":[{"@type":"WebPage","@id":"https:\/\/lindstromgroup.com\/si\/storitve\/najem-delovnih-oblacil\/delovna-oblacila-za-hotele-in-restavracije-horeca\/","url":"https:\/\/lindstromgroup.com\/si\/storitve\/najem-delovnih-oblacil\/delovna-oblacila-za-hotele-in-restavracije-horeca\/","name":"Delovna obla\u010dila za hotele in restavracije (HoReCa) - Lindstr\u00f6m Slovenia","isPartOf":{"@id":"https:\/\/lindstromgroup.com\/si\/#website"},"primaryImageOfPage":{"@id":"https:\/\/lindstromgroup.com\/si\/storitve\/najem-delovnih-oblacil\/delovna-oblacila-za-hotele-in-restavracije-horeca\/#primaryimage"},"image":{"@id":"https:\/\/lindstromgroup.com\/si\/storitve\/najem-delovnih-oblacil\/delovna-oblacila-za-hotele-in-restavracije-horeca\/#primaryimage"},"thumbnailUrl":"https:\/\/d2ris6qfzcz0wn.cloudfront.net\/wp-content\/uploads\/sites\/12\/2024\/04\/HTS_Lindstrom_Hotellihenkiokunta_016_hotel_1600x1200.jpg","datePublished":"2024-04-09T22:41:21+00:00","dateModified":"2024-04-22T18:12:35+00:00","description":"Na\u0161a storitev najema delovnih obla\u010dil zagotavlja, da imajo zaposleni, ki delajo v va\u0161em hotelu ali restavraciji, vedno \u010dista in reprezentativna delovna obla\u010dila, kar izbolj\u0161a podobo va\u0161ega podjetja in pomaga gostom, da prepoznajo va\u0161e zaposlene.","breadcrumb":{"@id":"https:\/\/lindstromgroup.com\/si\/storitve\/najem-delovnih-oblacil\/delovna-oblacila-za-hotele-in-restavracije-horeca\/#breadcrumb"},"inLanguage":"sl-SI","potentialAction":[{"@type":"ReadAction","target":["https:\/\/lindstromgroup.com\/si\/storitve\/najem-delovnih-oblacil\/delovna-oblacila-za-hotele-in-restavracije-horeca\/"]}]},{"@type":"ImageObject","inLanguage":"sl-SI","@id":"https:\/\/lindstromgroup.com\/si\/storitve\/najem-delovnih-oblacil\/delovna-oblacila-za-hotele-in-restavracije-horeca\/#primaryimage","url":"https:\/\/d2ris6qfzcz0wn.cloudfront.net\/wp-content\/uploads\/sites\/12\/2024\/04\/HTS_Lindstrom_Hotellihenkiokunta_016_hotel_1600x1200.jpg","contentUrl":"https:\/\/d2ris6qfzcz0wn.cloudfront.net\/wp-content\/uploads\/sites\/12\/2024\/04\/HTS_Lindstrom_Hotellihenkiokunta_016_hotel_1600x1200.jpg","width":1600,"height":1200},{"@type":"BreadcrumbList","@id":"https:\/\/lindstromgroup.com\/si\/storitve\/najem-delovnih-oblacil\/delovna-oblacila-za-hotele-in-restavracije-horeca\/#breadcrumb","itemListElement":[{"@type":"ListItem","position":1,"name":"Home","item":"https:\/\/lindstromgroup.com\/si\/"},{"@type":"ListItem","position":2,"name":"Najem delovnih obla\u010dil","item":"https:\/\/lindstromgroup.com\/si\/storitve\/najem-delovnih-oblacil\/"},{"@type":"ListItem","position":3,"name":"Delovna obla\u010dila za hotele in restavracije (HoReCa)"}]},{"@type":"WebSite","@id":"https:\/\/lindstromgroup.com\/si\/#website","url":"https:\/\/lindstromgroup.com\/si\/","name":"Lindstr\u00f6m Slovenia","description":"","publisher":{"@id":"https:\/\/lindstromgroup.com\/si\/#organization"},"potentialAction":[{"@type":"SearchAction","target":{"@type":"EntryPoint","urlTemplate":"https:\/\/lindstromgroup.com\/si\/?s={search_term_string}"},"query-input":{"@type":"PropertyValueSpecification","valueRequired":true,"valueName":"search_term_string"}}],"inLanguage":"sl-SI"},{"@type":"Organization","@id":"https:\/\/lindstromgroup.com\/si\/#organization","name":"Lindstr\u00f6m Slovenia","url":"https:\/\/lindstromgroup.com\/si\/","logo":{"@type":"ImageObject","inLanguage":"sl-SI","@id":"https:\/\/lindstromgroup.com\/si\/#\/schema\/logo\/image\/","url":"https:\/\/d2ris6qfzcz0wn.cloudfront.net\/wp-content\/uploads\/sites\/12\/2023\/10\/Logo512.png","contentUrl":"https:\/\/d2ris6qfzcz0wn.cloudfront.net\/wp-content\/uploads\/sites\/12\/2023\/10\/Logo512.png","width":512,"height":109,"caption":"Lindstr\u00f6m Slovenia"},"image":{"@id":"https:\/\/lindstromgroup.com\/si\/#\/schema\/logo\/image\/"}}]}},"publishpress_future_workflow_manual_trigger":{"enabledWorkflows":[]},"distributor_meta":false,"distributor_terms":false,"distributor_media":false,"distributor_original_site_name":"Lindstr\u00f6m Slovenia","distributor_original_site_url":"https:\/\/lindstromgroup.com\/si","push-errors":false,"_links":{"self":[{"href":"https:\/\/lindstromgroup.com\/si\/wp-json\/wp\/v2\/services\/16491","targetHints":{"allow":["GET"]}}],"collection":[{"href":"https:\/\/lindstromgroup.com\/si\/wp-json\/wp\/v2\/services"}],"about":[{"href":"https:\/\/lindstromgroup.com\/si\/wp-json\/wp\/v2\/types\/services"}],"author":[{"embeddable":true,"href":"https:\/\/lindstromgroup.com\/si\/wp-json\/wp\/v2\/users\/14"}],"up":[{"embeddable":true,"href":"https:\/\/lindstromgroup.com\/si\/wp-json\/wp\/v2\/services\/16490"}],"wp:featuredmedia":[{"embeddable":true,"href":"https:\/\/lindstromgroup.com\/si\/wp-json\/wp\/v2\/media\/16493"}],"wp:attachment":[{"href":"https:\/\/lindstromgroup.com\/si\/wp-json\/wp\/v2\/media?parent=16491"}],"wp:term":[{"taxonomy":"author","embeddable":true,"href":"https:\/\/lindstromgroup.com\/si\/wp-json\/wp\/v2\/coauthors?post=16491"}],"curies":[{"name":"wp","href":"https:\/\/api.w.org\/{rel}","templated":true}]}}