
    {"id":17981,"date":"2025-09-04T11:58:43","date_gmt":"2025-09-04T11:58:43","guid":{"rendered":"https:\/\/new.lindstromgroup.com\/se\/?post_type=services&#038;p=17981"},"modified":"2026-03-31T10:50:57","modified_gmt":"2026-03-31T10:50:57","slug":"restaurangklader","status":"publish","type":"services","link":"https:\/\/lindstromgroup.com\/se\/tjanster\/restaurangklader\/","title":{"rendered":"Arbetskl\u00e4der f\u00f6r restaurang"},"content":{"rendered":"\n    <div\n        id=\"block_df244be91bcfb5d2cd3ea3f94aa91a23\"\n        class=\"hero-sub hero-sub--block_df244be91bcfb5d2cd3ea3f94aa91a23  flex flex-col-reverse lg:flex-row justify-between bg-dark-blue text-white\"\n    >        \n        <div class=\"flex flex-col gap-5 pt-10 pb-5 grow px-5 lg:px-20\">\n            <div class=\"flex flex-col justify-center gap-3 grow max-w-[var(--container-text-max)]\">\n                <h1 class=\"!mb-0 !text-white !text-title-medium lg:!text-title-large !font-bold hyphens-auto break-words\">\n                    Hyra Restaurangkl\u00e4der                <\/h1>\n    \n                <div class=\"hero-sub__description\">\n                    <p>Vi erbjuder ett komplett sortiment av arbetskl\u00e4der f\u00f6r restaurang och catering. Hyr era arbetskl\u00e4der \u2013 en komplett och smidig service.<\/p>\n                <\/div>\n    \n                                    <div class=\"flex flex-col flex-wrap gap-3 mt-3 md:flex-row\">\n                                                                                    <a \n                                    class=\"px-5 py-3 font-bold text-center text-link-small rounded-[30px] border-2 border-white !no-underline bg-white !text-dark-blue button-solid--white\"\n                                    href=\"#quote\"\n                                    target=\"_self\"\n                                >\n                                    Jag vill ha ett prisf\u00f6rslag                                <\/a>\n                                                                                                                <a \n                                    class=\"px-5 py-3 font-bold text-center text-link-small rounded-[30px] border-2 border-white !no-underline bg-transparent !text-white button-outlined--white\"\n                                    href=\"https:\/\/group.lindstromgroup.com\/sv\/landskollektion-arbetsklader\"\n                                    target=\"_self\"\n                                >\n                                    Ladda ner kollektionen                                <\/a>\n                                                                        <\/div>\n                \n                            <\/div>\n                            <div class=\"font-bold hero-sub__breadcrumb text-body-small\">\n                        <span><span><a href=\"https:\/\/lindstromgroup.com\/se\/\">Lindstr\u00f6m<\/a><\/span><\/span>                <\/div>\n                    <\/div>\n\n        <div class=\"[&#038;_picture]:w-full flex h-full lg:h-auto max-h-[350px] lg:max-h-none lg:min-h-full w-full lg:w-[650px]\">\n            <img decoding=\"async\"\n                class=\"object-cover w-full h-full\"\n                src=\"https:\/\/d2ris6qfzcz0wn.cloudfront.net\/wp-content\/uploads\/sites\/34\/2024\/06\/HoReCa_Waiters3-1024x683.jpg\"\n                alt=\"Vi erbjuder ett komplett sortiment av arbetskl\u00e4der f\u00f6r restaurang och catering. Hyr era arbetskl\u00e4der \u2013 en komplett och smidig service.\"\n            >\n        <\/div>\n    <\/div>\n\n\n\n        <div\n        id=\"block_1b3daf4f963cff5e092374a8ea9dc0bb\" \n        class=\"anchor-link anchor-link--block_1b3daf4f963cff5e092374a8ea9dc0bb \"\n        >\n            <div class=\"anchor-links__navbar lindstrom-container lindstrom-container--content has-scrolling-gradient\">\n                <ul>\n                                        <li class=\"navbar__item\">\n                        <a \n                            href=\"#catalogues\" \n                            onMouseOver=\"this.style.color='#003f72'\" \n                            onMouseOut=\"this.style.color='var(--color-grey-50)'\">\n                                Kollektioner                        <\/a>\n                    <\/li>\n                                        <li class=\"navbar__item\">\n                        <a \n                            href=\"#certifications\" \n                            onMouseOver=\"this.style.color='#003f72'\" \n                            onMouseOut=\"this.style.color='var(--color-grey-50)'\">\n                                Certifieringar                        <\/a>\n                    <\/li>\n                                        <li class=\"navbar__item\">\n                        <a \n                            href=\"#funkar\" \n                            onMouseOver=\"this.style.color='#003f72'\" \n                            onMouseOut=\"this.style.color='var(--color-grey-50)'\">\n                                Hur det funkar                        <\/a>\n                    <\/li>\n                                        <li class=\"navbar__item\">\n                        <a \n                            href=\"#faq\" \n                            onMouseOver=\"this.style.color='#003f72'\" \n                            onMouseOut=\"this.style.color='var(--color-grey-50)'\">\n                                Vanliga fr\u00e5gor                        <\/a>\n                    <\/li>\n                                        <li class=\"navbar__item\">\n                        <a \n                            href=\"#about\" \n                            onMouseOver=\"this.style.color='#003f72'\" \n                            onMouseOut=\"this.style.color='var(--color-grey-50)'\">\n                                Om Lindstr\u00f6m                        <\/a>\n                    <\/li>\n                                    <\/ul>\n            <\/div>\n        <\/div>\n    \n\n\n        <style>\n            .lindstrom-container--block_d2b2cbba51457bfc58dafcfe7c3adf55 {                \n                padding-top: 35px;\n                padding-bottom: 0px;\n            }\n\n            @media screen and (min-width: 768px) {\n                .lindstrom-container--block_d2b2cbba51457bfc58dafcfe7c3adf55 {\n                    padding-top: 75px;\n                    padding-bottom: 0px;\n                }\n            }\n        <\/style>\n    \n<div\n    class=\"lindstrom-container-wrapper lindstrom-container lindstrom-container--block_d2b2cbba51457bfc58dafcfe7c3adf55 \"\n    id=\"intro\"\n    style=\"background-color: #ffffff\"\n    >\n    <div class=\"lindstrom-container lindstrom-container--text items-stretch\">\n        \n\n<div class=\"wp-block-columns is-layout-flex wp-container-core-columns-is-layout-28f84493 wp-block-columns-is-layout-flex\">\n<div class=\"wp-block-column is-layout-flow wp-block-column-is-layout-flow\">\n<p class=\"has-text-align-center\">I restaurangbranschen \u00e4r varje detalj en del av g\u00e4stens upplevelse. Fr\u00e5n den f\u00f6rsta h\u00e4lsningen i d\u00f6rren till maten p\u00e5 tallriken. Professionella, rena och enhetliga arbetskl\u00e4der s\u00e4kerst\u00e4ller att ert team inte bara uppfyller hygienkraven, utan ocks\u00e5 st\u00e4rker ert varum\u00e4rke och den k\u00e4nsla ni vill f\u00f6rmedla. Vi hj\u00e4lper er att skapa ett helhetsintryck som h\u00e5ller lika h\u00f6g klass som er meny.<\/p>\n<\/div>\n\n\n\n<div class=\"wp-block-column is-layout-flow wp-block-column-is-layout-flow\">\n<p class=\"has-text-align-center\"><strong>F\u00f6r k\u00f6ksteamet<\/strong> erbjuder vi slitstarka kockrockar, byxor och f\u00f6rkl\u00e4den som t\u00e5l h\u00f6ga temperaturer och tuffa tag. Materialen andas f\u00f6r maximal komfort under l\u00e5nga, intensiva arbetspass.<\/p>\n\n\n\n<p class=\"has-text-align-center\"><strong>F\u00f6r serveringspersonalen<\/strong> har vi eleganta och funktionella skjortor, blusar och f\u00f6rkl\u00e4den som ger ett professionellt och enhetligt intryck. Plaggen \u00e4r designade f\u00f6r att vara bekv\u00e4ma och beh\u00e5lla sin passform och f\u00e4rg, tv\u00e4tt efter tv\u00e4tt.<\/p>\n<\/div>\n<\/div>\n\n\n    <\/div>\n<\/div>\n\n\n\n        <style>\n            .lindstrom-container--block_8822d8fb75f9c835733669c323df7b8c {                \n                padding-top: 35px;\n                padding-bottom: 35px;\n            }\n\n            @media screen and (min-width: 768px) {\n                .lindstrom-container--block_8822d8fb75f9c835733669c323df7b8c {\n                    padding-top: 75px;\n                    padding-bottom: 75px;\n                }\n            }\n        <\/style>\n    \n<div\n    class=\"lindstrom-container-wrapper lindstrom-container lindstrom-container--block_8822d8fb75f9c835733669c323df7b8c \"\n    id=\"catalogues\"\n    style=\"background-color: #ffffff\"\n    >\n    <div class=\"lindstrom-container lindstrom-container--content items-stretch\">\n        \n\n        <div \n        id=\"cta-country-block_38ea6a890fc6609e232a22b972732bb6\" \n        class=\"cta-country\"\n    >\n        <div class=\"flex flex-col gap-5\" style=\"align-items: center\">\n                            <h2 class='!text-title-small lg:!text-title-medium !text-grey-100 !font-bold !my-0'>                    Dessa kan du hyra genom v\u00e5r arbetskl\u00e4destj\u00e4nst                <\/h2>                                    <div class=\"cta-button-container cta-button-container--row\">\n                            <\/div>\n        <\/div>\n    <\/div>\n    \n\n\n        <div \n        id=\"services-showcase-block_a668166158e9c5a11591b501cb6cbcbd\" \n        class=\"services-showcase\"\n    >\n        <div class=\"grid\">\n                            <div class=\"grid gap-5 service-cards service-cards-3\">\n                                    \n        <div class='flex flex-col service-card rounded-[5px]'>\n            <div>\n                <a href='https:\/\/lindstromgroup.com\/se\/tjanster\/arbetskladestjanst\/horeca-byxor\/'>\n                    <img class='!h-[250px] object-cover w-full rounded-t-[5px]' src='https:\/\/d2ris6qfzcz0wn.cloudfront.net\/wp-content\/uploads\/sites\/34\/2024\/06\/HoReCa_Waiters4-1024x683.jpg' alt='' \/>\n                <\/a>\n            <\/div>\n            <div class='flex flex-col p-5 gap-5 h-full bg-white rounded-b-[5px]'>\n                <div class='flex flex-col gap-2'>\n                    <h3 class='!mb-0'><a href='https:\/\/lindstromgroup.com\/se\/tjanster\/arbetskladestjanst\/horeca-byxor\/' class='text-[25px]\/[32.5px] font-bold !text-grey-100 !no-underline cursor-pointer !mb-0'>Arbetsbyxor f\u00f6r restaurang<\/a><\/h3>\n                    <p class='text-[15px]\/[21px] text-grey-100 !mb-0'><p>Kockbyxor \u00e4r designade med en l\u00f6s passform f\u00f6r att hj\u00e4lpa kockar att h\u00e5lla sig svala i k\u00f6ket. Den l\u00f6sa passformen ger ocks\u00e5 gott om utrymme f\u00f6r att r\u00f6ra sig fritt och b\u00f6ja sig enkelt. Kockbyxor kan vara utrustade med fickor f\u00f6r att h\u00e5lla k\u00f6ksverktyg eller handdukar. De kan \u00e4ven ha ett sm\u00e5m\u00f6nstrat rutm\u00f6nster som effektivt d\u00f6ljer de oundvikliga fl\u00e4ckar som uppst\u00e5r under arbetet.<\/p>\n<\/p><\/div>\n            <div class='border-2 border-grey-100 rounded-full h-10 min-w-[200px] w-fit flex items-center justify-center mt-auto button-outlined--black'>\n                <a class='!text-grey-100 !no-underline bg-transparent py-3 pr-4 pl-5 font-bold text-base flex justify-center items-center gap-3 w-full rounded-full service-button' href='https:\/\/lindstromgroup.com\/se\/tjanster\/arbetskladestjanst\/horeca-byxor\/'>\n                    Bl\u00e4ddra bland arbetskl\u00e4derskollektionen\n                <\/a>\n            <\/div>\n            <\/div>\n        <\/div>\n                                        \n        <div class='flex flex-col service-card rounded-[5px]'>\n            <div>\n                <a href='https:\/\/lindstromgroup.com\/se\/tjanster\/arbetskladestjanst\/horeca-skjortor\/'>\n                    <img class='!h-[250px] object-cover w-full rounded-t-[5px]' src='https:\/\/d2ris6qfzcz0wn.cloudfront.net\/wp-content\/uploads\/sites\/34\/2024\/06\/005_Lindstrom_Horeca_hires-1024x684.jpg' alt='' \/>\n                <\/a>\n            <\/div>\n            <div class='flex flex-col p-5 gap-5 h-full bg-white rounded-b-[5px]'>\n                <div class='flex flex-col gap-2'>\n                    <h3 class='!mb-0'><a href='https:\/\/lindstromgroup.com\/se\/tjanster\/arbetskladestjanst\/horeca-skjortor\/' class='text-[25px]\/[32.5px] font-bold !text-grey-100 !no-underline cursor-pointer !mb-0'>Arbetsskjortor f\u00f6r restaurang<\/a><\/h3>\n                    <p class='text-[15px]\/[21px] text-grey-100 !mb-0'><p>Servit\u00f6rernas uniformer v\u00e4ljs ofta f\u00f6r att spegla restaurangens eller hotellf\u00f6retagets unika stil. I restauranger som vill f\u00f6rmedla en mer sofistikerad image kan servit\u00f6rerna fortfarande vara kl\u00e4dda i en klassisk skjorta och slips. Att servera bord \u00e4r h\u00e5rt arbete, s\u00e5 servit\u00f6rernas uniformer m\u00e5ste ocks\u00e5 vara funktionella och bekv\u00e4ma.<\/p>\n<\/p><\/div>\n            <div class='border-2 border-grey-100 rounded-full h-10 min-w-[200px] w-fit flex items-center justify-center mt-auto button-outlined--black'>\n                <a class='!text-grey-100 !no-underline bg-transparent py-3 pr-4 pl-5 font-bold text-base flex justify-center items-center gap-3 w-full rounded-full service-button' href='https:\/\/lindstromgroup.com\/se\/tjanster\/arbetskladestjanst\/horeca-skjortor\/'>\n                    Bl\u00e4ddra bland arbetskl\u00e4derskollektionen\n                <\/a>\n            <\/div>\n            <\/div>\n        <\/div>\n                                        \n        <div class='flex flex-col service-card rounded-[5px]'>\n            <div>\n                <a href='https:\/\/lindstromgroup.com\/se\/tjanster\/arbetskladestjanst\/kockrockar\/'>\n                    <img class='!h-[250px] object-cover w-full rounded-t-[5px]' src='https:\/\/d2ris6qfzcz0wn.cloudfront.net\/wp-content\/uploads\/sites\/34\/2024\/06\/007_Lindstrom_Horeca_hires-1-1024x684.jpg' alt='' \/>\n                <\/a>\n            <\/div>\n            <div class='flex flex-col p-5 gap-5 h-full bg-white rounded-b-[5px]'>\n                <div class='flex flex-col gap-2'>\n                    <h3 class='!mb-0'><a href='https:\/\/lindstromgroup.com\/se\/tjanster\/arbetskladestjanst\/kockrockar\/' class='text-[25px]\/[32.5px] font-bold !text-grey-100 !no-underline cursor-pointer !mb-0'>Kockrockar<\/a><\/h3>\n                    <p class='text-[15px]\/[21px] text-grey-100 !mb-0'><p>En kockrock \u00e4r en viktig del av en kocks uniform. Den skyddar mot potentiella faror, som v\u00e4rmen fr\u00e5n spisar och ugnar eller heta st\u00e4nk av olja och vatten. Den dubbla lagret p\u00e5 framsidan ger extra isolering mot v\u00e4rme och br\u00e4nnskador. Ju l\u00e4ngre \u00e4rm, desto mer skydd erbjuder den mot br\u00e4nnskador och heta st\u00e4nk. Idag har den traditionella l\u00e5ng\u00e4rmade kockrocken ofta ersatts av kort\u00e4rmade versioner, som ger b\u00e4ttre r\u00f6relsefrihet och \u00e4r svalare att b\u00e4ra i k\u00f6kets v\u00e4rme.<\/p>\n<\/p><\/div>\n            <div class='border-2 border-grey-100 rounded-full h-10 min-w-[200px] w-fit flex items-center justify-center mt-auto button-outlined--black'>\n                <a class='!text-grey-100 !no-underline bg-transparent py-3 pr-4 pl-5 font-bold text-base flex justify-center items-center gap-3 w-full rounded-full service-button' href='https:\/\/lindstromgroup.com\/se\/tjanster\/arbetskladestjanst\/kockrockar\/'>\n                    Bl\u00e4ddra bland arbetskl\u00e4derskollektionen\n                <\/a>\n            <\/div>\n            <\/div>\n        <\/div>\n                                    <\/div>\n                    <\/div>\n            <\/div>\n    \n\n\n\n<div aria-hidden=\"true\" class=\"wp-block-fsb-flexible-spacer fsb-flexible-spacer\"><div class=\"fsb-flexible-spacer__device fsb-flexible-spacer__device--lg\" style=\"height:75px\"><\/div><div class=\"fsb-flexible-spacer__device fsb-flexible-spacer__device--md\" style=\"height:35px\"><\/div><div class=\"fsb-flexible-spacer__device fsb-flexible-spacer__device--sm\" style=\"height:35px\"><\/div><\/div>\n\n\n\n        <div \n        id=\"services-showcase-block_cbb619821b6a64162f4c1068b73bb826\" \n        class=\"services-showcase\"\n    >\n        <div class=\"grid\">\n                            <div class=\"grid gap-5 service-cards service-cards-2\">\n                                    \n        <div class='flex flex-col service-card rounded-[5px]'>\n            <div>\n                <a href='https:\/\/lindstromgroup.com\/se\/tjanster\/arbetskladestjanst\/forklade\/'>\n                    <img class='!h-[250px] object-cover w-full rounded-t-[5px]' src='https:\/\/d2ris6qfzcz0wn.cloudfront.net\/wp-content\/uploads\/sites\/34\/2024\/06\/015_Lindstrom_Horeca_hires.jpg' alt='' \/>\n                <\/a>\n            <\/div>\n            <div class='flex flex-col p-5 gap-5 h-full bg-white rounded-b-[5px]'>\n                <div class='flex flex-col gap-2'>\n                    <h3 class='!mb-0'><a href='https:\/\/lindstromgroup.com\/se\/tjanster\/arbetskladestjanst\/forklade\/' class='text-[25px]\/[32.5px] font-bold !text-grey-100 !no-underline cursor-pointer !mb-0'>F\u00f6rkl\u00e4de f\u00f6r restaurang och catering<\/a><\/h3>\n                    <p class='text-[15px]\/[21px] text-grey-100 !mb-0'><p>F\u00f6rkl\u00e4den \u00e4r det b\u00e4sta s\u00e4ttet att ge extra skydd till b\u00e5de kockar och k\u00f6kspersonal. De skyddar inte bara uniformen och kl\u00e4derna under, utan fungerar ocks\u00e5 som ett extra f\u00f6rsvar mot heta ytor och spill. Dessa f\u00f6rkl\u00e4den slutar vanligtvis strax under kn\u00e4na, vilket g\u00f6r att k\u00f6kspersonalen snabbt kan r\u00f6ra sig fritt i k\u00f6ket utan att fastna i tyget. F\u00f6rkl\u00e4den har ofta rymliga fickor f\u00f6r att f\u00f6rvara k\u00f6ksverktyg eller handdukar.<\/p>\n<\/p><\/div>\n            <div class='border-2 border-grey-100 rounded-full h-10 min-w-[200px] w-fit flex items-center justify-center mt-auto button-outlined--black'>\n                <a class='!text-grey-100 !no-underline bg-transparent py-3 pr-4 pl-5 font-bold text-base flex justify-center items-center gap-3 w-full rounded-full service-button' href='https:\/\/lindstromgroup.com\/se\/tjanster\/arbetskladestjanst\/forklade\/'>\n                    Bl\u00e4ddra bland arbetskl\u00e4derskollektionen\n                <\/a>\n            <\/div>\n            <\/div>\n        <\/div>\n                                        \n        <div class='flex flex-col service-card rounded-[5px]'>\n            <div>\n                <a href='https:\/\/lindstromgroup.com\/se\/tjanster\/arbetskladestjanst\/horeca-huvudbonader\/'>\n                    <img class='!h-[250px] object-cover w-full rounded-t-[5px]' src='https:\/\/d2ris6qfzcz0wn.cloudfront.net\/wp-content\/uploads\/sites\/34\/2024\/06\/001_Lindstrom_Horeca_hires-1024x684.jpg' alt='' \/>\n                <\/a>\n            <\/div>\n            <div class='flex flex-col p-5 gap-5 h-full bg-white rounded-b-[5px]'>\n                <div class='flex flex-col gap-2'>\n                    <h3 class='!mb-0'><a href='https:\/\/lindstromgroup.com\/se\/tjanster\/arbetskladestjanst\/horeca-huvudbonader\/' class='text-[25px]\/[32.5px] font-bold !text-grey-100 !no-underline cursor-pointer !mb-0'>HoReCa huvudbonader<\/a><\/h3>\n                    <p class='text-[15px]\/[21px] text-grey-100 !mb-0'><p>Det rekommenderas att alla anst\u00e4llda som arbetar med of\u00f6rpackade livsmedel, reng\u00f6r utrustning eller ytor som kommer i kontakt med livsmedel b\u00e4r h\u00e5rskydd som f\u00f6rhindrar att h\u00e5ret kommer i kontakt med exponerade livsmedel, rena ytor eller utrustning. Detta minskar \u00e4ven behovet f\u00f6r anst\u00e4llda att r\u00f6ra vid sitt h\u00e5r f\u00f6r att h\u00e5lla det borta fr\u00e5n ansiktet. Korrekt anv\u00e4nda huvudbonader, s\u00e5som hattar eller kepsar, kan uppfylla detta krav.<\/p>\n<\/p><\/div>\n            <div class='border-2 border-grey-100 rounded-full h-10 min-w-[200px] w-fit flex items-center justify-center mt-auto button-outlined--black'>\n                <a class='!text-grey-100 !no-underline bg-transparent py-3 pr-4 pl-5 font-bold text-base flex justify-center items-center gap-3 w-full rounded-full service-button' href='https:\/\/lindstromgroup.com\/se\/tjanster\/arbetskladestjanst\/horeca-huvudbonader\/'>\n                    Bl\u00e4ddra bland arbetskl\u00e4derskollektionen\n                <\/a>\n            <\/div>\n            <\/div>\n        <\/div>\n                                    <\/div>\n                    <\/div>\n            <\/div>\n    \n\n\n\n<div aria-hidden=\"true\" class=\"wp-block-fsb-flexible-spacer fsb-flexible-spacer\"><div class=\"fsb-flexible-spacer__device fsb-flexible-spacer__device--lg\" style=\"height:75px\"><\/div><div class=\"fsb-flexible-spacer__device fsb-flexible-spacer__device--md\" style=\"height:35px\"><\/div><div class=\"fsb-flexible-spacer__device fsb-flexible-spacer__device--sm\" style=\"height:35px\"><\/div><\/div>\n\n\n\n<p class=\"has-text-align-center has-body-font-size\" id=\"benefits\" style=\"font-style:normal;font-weight:600\">F\u00d6RDELAR MED ATT HYRA ARBETSKL\u00c4DER<\/p>\n\n\n\n<div aria-hidden=\"true\" class=\"wp-block-fsb-flexible-spacer fsb-flexible-spacer\"><div class=\"fsb-flexible-spacer__device fsb-flexible-spacer__device--lg\" style=\"height:35px\"><\/div><div class=\"fsb-flexible-spacer__device fsb-flexible-spacer__device--md\" style=\"height:25px\"><\/div><div class=\"fsb-flexible-spacer__device fsb-flexible-spacer__device--sm\" style=\"height:25px\"><\/div><\/div>\n\n\n\n    <div \n        id=\"block_3d488921acf68efb4d107b5e35525dab\"\n        class=\"value-props value-props--block_3d488921acf68efb4d107b5e35525dab \"\n    >\n                                <div class=\"value-props__cards\">\n                            <div class=\"value-props__card\" style=\"border: 1px solid #578200\">\n                    <div class=\"card__content\">\n                        <span class='icon-clock' style='font-size: 30px;color: #222222;'><\/span>                        <div class=\"content__title\" style=\"color: \">\n                            Kostnadseffektiv                        <\/div>\n                                                    <div class=\"content__description\" style=\"color: \">\n                                Genom att hyra sparar du b\u00e5de pengar och tid \u2013 utan dolda kostnader.                            <\/div>\n                                            <\/div>\n                <\/div>\n                            <div class=\"value-props__card\" style=\"border: 1px solid #578200\">\n                    <div class=\"card__content\">\n                        <span class='icon-check-circle' style='font-size: 30px;color: #222222;'><\/span>                        <div class=\"content__title\" style=\"color: \">\n                            Alltid f\u00f6r dig                        <\/div>\n                                                    <div class=\"content__description\" style=\"color: \">\n                                V\u00e5ra kundanpassade tj\u00e4nster underl\u00e4ttar din vardag.                            <\/div>\n                                            <\/div>\n                <\/div>\n                            <div class=\"value-props__card\" style=\"border: 1px solid #578200\">\n                    <div class=\"card__content\">\n                        <span class='icon-sustainable-1' style='font-size: 30px;color: #222222;'><\/span>                        <div class=\"content__title\" style=\"color: \">\n                            H\u00e5llbar                        <\/div>\n                                                    <div class=\"content__description\" style=\"color: \">\n                                Den cirkul\u00e4ra ekonomin \u00e4r k\u00e4rnan i det vi g\u00f6r: tillsammans g\u00f6r vi mer av mindre.                            <\/div>\n                                            <\/div>\n                <\/div>\n                            <div class=\"value-props__card\" style=\"border: 1px solid #578200\">\n                    <div class=\"card__content\">\n                        <span class='icon-care' style='font-size: 30px;color: #222222;'><\/span>                        <div class=\"content__title\" style=\"color: \">\n                            Visa att du bryr dig                        <\/div>\n                                                    <div class=\"content__description\" style=\"color: \">\n                                Se till att dina anst\u00e4llda alltid har tillg\u00e5ng till rena och funktionella textilier med b\u00e4sta passform.                            <\/div>\n                                            <\/div>\n                <\/div>\n                        <\/div>\n            <\/div>\n\n\n    <\/div>\n<\/div>\n\n\n\n<hr class=\"wp-block-separator has-text-color has-grey-25-color has-alpha-channel-opacity has-grey-25-background-color has-background is-style-wide\" style=\"margin-top:0px;margin-bottom:0px\"\/>\n\n\n\n<!-- HTML -->\n            <div\n            id=\"block_855f77776913270df46d4e023b0086de\"\n            class=\"banner-cta banner-cta--block_855f77776913270df46d4e023b0086de  relative\"\n        >\n            <div class=\"banner-cta__background\" style=\"background-color: #003F72\"><\/div>\n            <div\n                class=\"flex gap-3 min-h-[100px] content-center self-stretch flex-wrap lindstrom-container lindstrom-container--content banner-cta__content banner-cta__content--horizontal\">\n                <div class=\"flex-grow flex-shrink-0 basis-0 min-w-[270px] w-full banner-cta__text\">\n                                            <h3 class=\"font-bold mt-0 !mb-1 !text-white text-title-small\">\n                            Beh\u00f6ver du mer information?                        <\/h3>\n                                                            <p class=\"m-0 !text-white !text-body\">\n                        Kontakta v\u00e5ra kundtj\u00e4nstmedarbetare p\u00e5 det s\u00e4tt som passar dig b\u00e4st.\r\n                    <\/p>\n                                    <\/div>\n                \n                                    <div class=\"flex flex-wrap items-start gap-4\">\n                                            <div class=\"flex h-10 border-2 border-white rounded-full banner-cta__button button-outlined--white\">\n                            <a\n                                class=\"!no-underline !text-white bg-transparent py-3 px-5  font-bold text-[15px]\/[21px] flex items-center gap-3\"\n                                href=\"https:\/\/new.lindstromgroup.com\/se\/kontakta-lindstrom\/\"\n                                target=\"_self\"\n                            >\n                                Ta kontakt                                                            <\/a>\n                        <\/div>\n                                                                <\/div>\n                            <\/div>\n        <\/div>\n    \n\n\n        <style>\n            .lindstrom-container--block_64d3b28dd2cf13048f7629e969ae6ba7 {                \n                padding-top: 35px;\n                padding-bottom: 35px;\n            }\n\n            @media screen and (min-width: 768px) {\n                .lindstrom-container--block_64d3b28dd2cf13048f7629e969ae6ba7 {\n                    padding-top: 10px;\n                    padding-bottom: 35px;\n                }\n            }\n        <\/style>\n    \n<div\n    class=\"lindstrom-container-wrapper lindstrom-container lindstrom-container--block_64d3b28dd2cf13048f7629e969ae6ba7 \"\n    id=\"funkar\"\n    style=\"background-color: #ffffff\"\n    >\n    <div class=\"lindstrom-container lindstrom-container--content items-stretch\">\n        \n\n        <style>\n            .lindstrom-container--block_3b6d79a94d4a2ec47cc5cbe39e7afcc2 {                \n                padding-top: 35px;\n                padding-bottom: 35px;\n            }\n\n            @media screen and (min-width: 768px) {\n                .lindstrom-container--block_3b6d79a94d4a2ec47cc5cbe39e7afcc2 {\n                    padding-top: 75px;\n                    padding-bottom: 75px;\n                }\n            }\n        <\/style>\n    \n<div\n    class=\"lindstrom-container-wrapper lindstrom-container lindstrom-container--block_3b6d79a94d4a2ec47cc5cbe39e7afcc2 \"\n    id=\"block_3b6d79a94d4a2ec47cc5cbe39e7afcc2\"\n    style=\"background-color: #ffffff\"\n    >\n    <div class=\"lindstrom-container lindstrom-container--content items-stretch\">\n        \n\n<p class=\"has-text-align-center has-body-font-size\" id=\"how-it-works\" style=\"font-style:normal;font-weight:600\">S\u00c5 FUNKAR DET<\/p>\n\n\n\n<div aria-hidden=\"true\" class=\"wp-block-fsb-flexible-spacer fsb-flexible-spacer\"><div class=\"fsb-flexible-spacer__device fsb-flexible-spacer__device--lg\" style=\"height:35px\"><\/div><div class=\"fsb-flexible-spacer__device fsb-flexible-spacer__device--md\" style=\"height:25px\"><\/div><div class=\"fsb-flexible-spacer__device fsb-flexible-spacer__device--sm\" style=\"height:25px\"><\/div><\/div>\n\n\n\n    <div \n        id=\"block_28b5207261d9f62075c9d3f847c796dc\"\n        class=\"value-props value-props--block_28b5207261d9f62075c9d3f847c796dc \"\n    >\n                                <div class=\"value-props__cards\">\n                            <div class=\"value-props__card\" style=\"border: 1px solid #006f86\">\n                    <div class=\"card__content\">\n                        <span class='icon-thread-and-needle' style='font-size: 30px;color: #7c109a;'><\/span>                        <div class=\"content__title\" style=\"color: \">\n                            Behovsanalys, design och ink\u00f6p                        <\/div>\n                                                    <div class=\"content__description\" style=\"color: \">\n                                Vi hj\u00e4lper er med att bed\u00f6ma r\u00e4tt m\u00e4ngd textilier och hur ofta ni beh\u00f6ver byta. Vi k\u00f6per in textilierna \u00e5t er och g\u00f6r kundunika \u00e4ndringar om det beh\u00f6vs.                            <\/div>\n                                            <\/div>\n                <\/div>\n                            <div class=\"value-props__card\" style=\"border: 1px solid #006f86\">\n                    <div class=\"card__content\">\n                        <span class='icon-delivery' style='font-size: 30px;color: #bd5a00;'><\/span>                        <div class=\"content__title\" style=\"color: \">\n                            Leveranser och h\u00e4mtningar                        <\/div>\n                                                    <div class=\"content__description\" style=\"color: \">\n                                Vi levererar v\u00e4lsk\u00f6tta, rena och s\u00e4kra arbetskl\u00e4der varje vecka direkt till er f\u00f6rutbest\u00e4mda plats och tar med oss anv\u00e4nda plagg till v\u00e5rt servicecenter.                            <\/div>\n                                            <\/div>\n                <\/div>\n                            <div class=\"value-props__card\" style=\"border: 1px solid #006f86\">\n                    <div class=\"card__content\">\n                        <span class='icon-care' style='font-size: 30px;color: #006f86;'><\/span>                        <div class=\"content__title\" style=\"color: \">\n                            Tv\u00e4tt och underh\u00e5ll                        <\/div>\n                                                    <div class=\"content__description\" style=\"color: \">\n                                Vi tv\u00e4ttar och underh\u00e5ller dina arbetskl\u00e4der varje vecka. V\u00e5ra tv\u00e4ttprocesser s\u00e4kerst\u00e4ller att plaggen h\u00e5lls s\u00e4kra under hela sin livscykel och repareras och byts ut vid behov.                            <\/div>\n                                            <\/div>\n                <\/div>\n                            <div class=\"value-props__card\" style=\"border: 1px solid #006f86\">\n                    <div class=\"card__content\">\n                        <span class='icon-recycling' style='font-size: 30px;color: #578200;'><\/span>                        <div class=\"content__title\" style=\"color: \">\n                            \u00c5tervinning och kassering                        <\/div>\n                                                    <div class=\"content__description\" style=\"color: \">\n                                N\u00e4r v\u00e5ra arbetskl\u00e4der inte l\u00e4ngre kan anv\u00e4ndas, \u00e5tervinner vi dem som material f\u00f6r andra produkter. Om kl\u00e4der inte kan \u00e5tervinnas, kasserar vi dem ansvarsfullt.                             <\/div>\n                                            <\/div>\n                <\/div>\n                        <\/div>\n            <\/div>\n\n\n    <\/div>\n<\/div>\n\n\n\n<div aria-hidden=\"true\" class=\"wp-block-fsb-flexible-spacer fsb-flexible-spacer\"><div class=\"fsb-flexible-spacer__device fsb-flexible-spacer__device--lg\" style=\"height:35px\"><\/div><div class=\"fsb-flexible-spacer__device fsb-flexible-spacer__device--md\" style=\"height:25px\"><\/div><div class=\"fsb-flexible-spacer__device fsb-flexible-spacer__device--sm\" style=\"height:25px\"><\/div><\/div>\n\n\n    <\/div>\n<\/div>\n\n\n\n        <style>\n            .country-site-certifications--block_5a14433320d0c42033e6a9511040d31c {                \n                padding-top: 35px;\n                padding-bottom: 35px;\n            }\n\n            @media screen and (min-width: 768px) {\n                .country-site-certifications--block_5a14433320d0c42033e6a9511040d31c {\n                    padding-top: 50px;\n                    padding-bottom: 50px;\n                }\n            }\n        <\/style>\n    \n            <div\n            id=\"certifications\"\n            style=\"background-color: #ffffff\"\n            class=\"lindstrom-container-wrapper border-t border-grey-25 country-site-certifications country-site-certifications--block_5a14433320d0c42033e6a9511040d31c \"\n        >\n            <div class=\"flex flex-col items-center self-stretch gap-5 lindstrom-container lindstrom-container--content lg:flex-row lg:gap-20\">\n                <div class=\"flex flex-col items-center justify-center gap-5 lg:items-start basis-full lg:basis-1\/4 self-baseline\">\n                    <h2 class=\"!text-grey-100 !text-[22px]\/[33px] !font-bold uppercase tracking-[.33px]\">Vi \u00e4r proffs<\/h2>\n                    <p class=\"!text-grey-100 !text-[18px]\/[27px] opacity-90 text-center lg:text-left\"><\/p>\n                <\/div>\n                <div class=\"relative w-full max-w-full\">\n                    <div class=\"flex justify-start gap-3 overflow-x-auto lg:justify-end\">\n                                            <div class=\"relative text-center w-[150px]\">\n                            <img decoding=\"async\" class=\"aspect-square w-full object-contain\" src=\"https:\/\/d2ris6qfzcz0wn.cloudfront.net\/wp-content\/uploads\/sites\/34\/2024\/12\/Ecovadis_platinum_2026_625x625px-300x300.jpg\" alt=\"\" \/>\n                                                                                <\/div>\n                                            <div class=\"relative text-center w-[150px]\">\n                            <img decoding=\"async\" class=\"aspect-square w-full object-contain\" src=\"https:\/\/d2ris6qfzcz0wn.cloudfront.net\/wp-content\/uploads\/sites\/34\/2024\/06\/QualitySysCert_ISO9001.webp\" alt=\"\" \/>\n                                                                                <\/div>\n                                            <div class=\"relative text-center w-[150px]\">\n                            <img decoding=\"async\" class=\"aspect-square w-full object-contain\" src=\"https:\/\/d2ris6qfzcz0wn.cloudfront.net\/wp-content\/uploads\/sites\/34\/2024\/06\/EnvironmentalSysCert_ISO14001_col-1.jpg\" alt=\"\" \/>\n                                                                                <\/div>\n                                            <div class=\"relative text-center w-[150px]\">\n                            <img decoding=\"async\" class=\"aspect-square w-full object-contain\" src=\"https:\/\/d2ris6qfzcz0wn.cloudfront.net\/wp-content\/uploads\/sites\/34\/2024\/06\/ISO9001-14001-45001_625x625px-300x300.jpg.webp\" alt=\"\" \/>\n                                                                                <\/div>\n                                        <\/div>\n                <\/div>\n            <\/div>\n        <\/div>\n    \n\n\n        <style>\n            .lindstrom-container--block_dd90c008c793b86144199c4f97f0a46d {                \n                padding-top: 35px;\n                padding-bottom: 35px;\n            }\n\n            @media screen and (min-width: 768px) {\n                .lindstrom-container--block_dd90c008c793b86144199c4f97f0a46d {\n                    padding-top: 10px;\n                    padding-bottom: 35px;\n                }\n            }\n        <\/style>\n    \n<div\n    class=\"lindstrom-container-wrapper lindstrom-container lindstrom-container--block_dd90c008c793b86144199c4f97f0a46d \"\n    id=\"faq\"\n    style=\"background-color: #ffffff\"\n    >\n    <div class=\"lindstrom-container lindstrom-container--text items-stretch\">\n        \n\n        <style>\n            .lindstrom-container--block_6ad3f8706ea02845739991b896117a36 {                \n                padding-top: 35px;\n                padding-bottom: 35px;\n            }\n\n            @media screen and (min-width: 768px) {\n                .lindstrom-container--block_6ad3f8706ea02845739991b896117a36 {\n                    padding-top: 75px;\n                    padding-bottom: 75px;\n                }\n            }\n        <\/style>\n    \n<div\n    class=\"lindstrom-container-wrapper lindstrom-container lindstrom-container--block_6ad3f8706ea02845739991b896117a36 \"\n    id=\"block_6ad3f8706ea02845739991b896117a36\"\n    style=\"background-color: #ffffff\"\n    >\n    <div class=\"lindstrom-container lindstrom-container--text items-stretch\">\n        \n\n        <div \n        id=\"faq\" \n        class=\"cta-country\"\n    >\n        <div class=\"flex flex-col gap-5\" style=\"align-items: center\">\n                            <h2 class='!text-title-small lg:!text-title-medium !text-grey-100 !font-bold !my-0'>                    Vanliga fr\u00e5gor                <\/h2>                                    <div class=\"cta-button-container cta-button-container--row\">\n                            <\/div>\n        <\/div>\n    <\/div>\n    \n\n\n            <div \n            id=\"accordions-block_6bc5b90ab9f51a3fa68a78c971d8f583\" \n            class=\"accordions\"\n        >\n                            \n        <div class='accordion__item'>\n            <div class='item__header'>\n            <span class='header__icon material-symbols-outlined'>add<\/span>\n                <h4 class='header__title'>\n                    \u00c4r det inte billigare att k\u00f6pa egna arbetskl\u00e4der?\n                <\/h4>                                \n            <\/div>\n            <div class='item__content item__content--open'>\n                <div class='content__description'>\n                    <p>Vid f\u00f6rsta anblicken kan det verka billigare att k\u00f6pa arbetskl\u00e4der till dina anst\u00e4llda. Men l\u00e5ngsiktigt underh\u00e5ll, kl\u00e4dbyten och hantering av komplicerad logistik blir dyrare \u00f6ver tid. N\u00e4r du k\u00f6per arbetskl\u00e4der, m\u00f6ter du ofta oplanerade utgifter. Med v\u00e5r tj\u00e4nst f\u00f6r arbetskl\u00e4der f\u00e5r du en enkel och f\u00f6ruts\u00e4gbar l\u00f6sning d\u00e4r du direkt ser slutpriset inklusive alla kostnader. Detta ger dig mer tid och pengar att fokusera p\u00e5 din k\u00e4rnverksamhet.<\/p>\n\n                <\/div>\n            <\/div>\n        <\/div>\n                                \n        <div class='accordion__item'>\n            <div class='item__header'>\n            <span class='header__icon material-symbols-outlined'>add<\/span>\n                <h4 class='header__title'>\n                    Kan arbetskl\u00e4der skr\u00e4ddarsys efter mitt f\u00f6retags krav och de anst\u00e4lldas behov?\n                <\/h4>                                \n            <\/div>\n            <div class='item__content item__content--open'>\n                <div class='content__description'>\n                    <p>Kl\u00e4derna i v\u00e5rt sortiment av arbetskl\u00e4der kan enkelt anpassas efter dina behov \u2013 om du vill ha extra fickor eller till exempel byta knappar. Vid behov hj\u00e4lper v\u00e5rt designerteam att ta fram en bra l\u00f6sning f\u00f6r arbetskl\u00e4der, som uppfyller alla dina f\u00f6rv\u00e4ntningar.<\/p>\n\n                <\/div>\n            <\/div>\n        <\/div>\n                                \n        <div class='accordion__item'>\n            <div class='item__header'>\n            <span class='header__icon material-symbols-outlined'>add<\/span>\n                <h4 class='header__title'>\n                    Vad \u00e4r leveranstiden f\u00f6r arbetskl\u00e4der?\n                <\/h4>                                \n            <\/div>\n            <div class='item__content item__content--open'>\n                <div class='content__description'>\n                    <p>N\u00e4r vi best\u00e4ller Lindstr\u00f6m arbetskl\u00e4der testar vi det f\u00f6rst p\u00e5 dina anst\u00e4llda och samlar d\u00e4rmed in all n\u00f6dv\u00e4ndig information f\u00f6r kl\u00e4dreparationer. Vanligtvis tar den slutliga leveransen av kl\u00e4der upp till tre veckor. Den h\u00e4r tiden beh\u00f6vs f\u00f6r att f\u00f6rbereda hela kl\u00e4dkollektionen \u2013 justera \u00e4rmarna, sy logotyperna etc.<\/p>\n\n                <\/div>\n            <\/div>\n        <\/div>\n                                \n        <div class='accordion__item'>\n            <div class='item__header'>\n            <span class='header__icon material-symbols-outlined'>add<\/span>\n                <h4 class='header__title'>\n                    \u00c4r alla kl\u00e4der likadana?\n                <\/h4>                                \n            <\/div>\n            <div class='item__content item__content--open'>\n                <div class='content__description'>\n                    <p>Arbetskl\u00e4der \u00e4r olika, n\u00e4r det g\u00e4ller kvalitet och s\u00e4kerhetsniv\u00e5. Vi designar kl\u00e4der i enlighet med lagstadgad reglering, och de senaste standarderna f\u00f6r att uppfylla de anst\u00e4lldas krav p\u00e5 s\u00e4kerhet och hygien inom de olika omr\u00e5dena. Genom att ta uthyrningstj\u00e4nst f\u00f6r arbetskl\u00e4der i anspr\u00e5k fr\u00e5n en certifierad leverant\u00f6r kan du vara s\u00e4ker p\u00e5 att kl\u00e4derna tillverkas av material av h\u00f6gsta kvalitet och att de kommer att h\u00e5lla l\u00e4nge.<\/p>\n\n                <\/div>\n            <\/div>\n        <\/div>\n                                \n        <div class='accordion__item'>\n            <div class='item__header'>\n            <span class='header__icon material-symbols-outlined'>add<\/span>\n                <h4 class='header__title'>\n                    Vad \u00e4r skillnaden mellan renlighet och hygien?\n                <\/h4>                                \n            <\/div>\n            <div class='item__content item__content--open'>\n                <div class='content__description'>\n                    <p>93% av m\u00e4nniskor tycker att deras arbetskl\u00e4der \u00e4r rena efter tv\u00e4tt*. Att tv\u00e4tta kl\u00e4der hemma tar dock bara bort synlig smuts och l\u00e4mnar kvar osynliga f\u00f6roreningar, bakterier och patogener. F\u00f6r att s\u00e4kerst\u00e4lla att kl\u00e4derna uppfyller kraven p\u00e5 olika omr\u00e5den samt f\u00f6r att skydda arbetstagare och kunder fr\u00e5n potentiella h\u00e4lsorisker, \u00e4r det n\u00f6dv\u00e4ndigt att tv\u00e4tta arbetskl\u00e4derna genom till\u00e4mpning av industriella hygien\u00e5tg\u00e4rder.<\/p>\n<p>*Fr\u00e5n Europeiska textiltj\u00e4nstf\u00f6reningen (ETSA).<\/p>\n\n                <\/div>\n            <\/div>\n        <\/div>\n                                \n        <div class='accordion__item'>\n            <div class='item__header'>\n            <span class='header__icon material-symbols-outlined'>add<\/span>\n                <h4 class='header__title'>\n                    Hur ofta byts kl\u00e4derna?\n                <\/h4>                                \n            <\/div>\n            <div class='item__content item__content--open'>\n                <div class='content__description'>\n                    <p>Varje vecka levererar vi rena och v\u00e4lv\u00e5rdade arbetskl\u00e4der till dina anst\u00e4lldas sk\u00e5p. M\u00e4ngden av levererade arbetskl\u00e4der justeras efter ditt veckobehov.<\/p>\n\n                <\/div>\n            <\/div>\n        <\/div>\n                                \n        <div class='accordion__item'>\n            <div class='item__header'>\n            <span class='header__icon material-symbols-outlined'>add<\/span>\n                <h4 class='header__title'>\n                    Hur vet man att arbetskl\u00e4derna uppfyller s\u00e4kerhetsnormerna?\n                <\/h4>                                \n            <\/div>\n            <div class='item__content item__content--open'>\n                <div class='content__description'>\n                    <p>Lindstr\u00f6ms experter arbetar i \u00f6ver 20 l\u00e4nder runt om i v\u00e4rlden och f\u00f6ljer utvecklingen n\u00e4r det g\u00e4ller de senaste arbetsmilj\u00f6standarderna och de internationella kraven. F\u00f6retaget investerar st\u00e4ndigt i kl\u00e4ddesign med h\u00e4nsyn till dessa faktorer.<\/p>\n\n                <\/div>\n            <\/div>\n        <\/div>\n                        <\/div>\n    \n\n    <\/div>\n<\/div>\n\n\n    <\/div>\n<\/div>\n\n\n\n        <style>\n            .lindstrom-container--block_c1fc7eb4fbfefa07f50341a5348235b4 {                \n                padding-top: 35px;\n                padding-bottom: 35px;\n            }\n\n            @media screen and (min-width: 768px) {\n                .lindstrom-container--block_c1fc7eb4fbfefa07f50341a5348235b4 {\n                    padding-top: 100px;\n                    padding-bottom: 100px;\n                }\n            }\n        <\/style>\n    \n<div\n    class=\"lindstrom-container-wrapper lindstrom-container lindstrom-container--block_c1fc7eb4fbfefa07f50341a5348235b4 \"\n    id=\"about\"\n    style=\"background-color: #ffffff\"\n    >\n    <div class=\"lindstrom-container lindstrom-container--text items-stretch\">\n        \n\n        <div \n        id=\"cta-country-block_5a68bbb0e15b6faa917c90aa0b87b85a\" \n        class=\"cta-country\"\n    >\n        <div class=\"flex flex-col gap-5\" style=\"align-items: flex-start\">\n                            <h2 class='!text-title-small lg:!text-title-medium !text-grey-100 !font-bold !my-0'>                    \u00d6ver 175 \u00e5rs erfarenhet inom textilindustrin                <\/h2>                                        <div class=\"cta-text\"><p>Lindstr\u00f6m \u00e4r ett finskt familjef\u00f6retag med \u00f6ver 175 \u00e5rs erfarenhet inom textilbranschen. Vi tar med v\u00e5r expertis hand om textilbehoven hos f\u00f6retag som \u00e4r verksamma inom m\u00e5nga olika branscher.<\/p>\n<p>Vi har \u00f6ver 20 kontor i Finland och syssels\u00e4tter cirka 1 700 Lindstr\u00f6m-medarbetare. Dessutom \u00e4r vi framg\u00e5ngsrika internationellt och underl\u00e4ttar v\u00e5ra kunders vardag i b\u00e5de Europa och Asien.<\/p>\n<p>V\u00e5ra m\u00e5ngsidiga tj\u00e4nster \u00e4r ett h\u00e5llbart alternativ till eng\u00e5ngsprodukter och textil\u00e4gande. H\u00e5llbara v\u00e4rderingar, flexibel service och finl\u00e4ndsk kl\u00e4ddesign \u00e4r h\u00f6rnstenarna i v\u00e5r verksamhet.<\/p>\n<\/div>\n                        <div class=\"cta-button-container cta-button-container--row\">\n                                                                                        <div class=\"flex rounded-full h-10 min-w-[150px] mt-auto cta-button button-solid--blue\">\n                                <a \n                                    class=\"flex flex-grow !no-underline py-3 px-5 font-bold text-[15px]\/[21px] justify-center items-center gap-2 text-center border-2 rounded-full cta-button__inner\" \n                                    href=\"https:\/\/lindstromgroup.com\"\n                                    style=\"border-color: #003F72; background-color: #003F72; color: #FFFFFF;\"\n                                    target=\"_blank\"\n                                >\n                                    Lindstr\u00f6m Global                                                                            <div class=\"flex justify-center items-center w-[35px] h-[35px] cta-button__inner-icon\">\n                                                                                                <span class=\"!text-[35px] material-symbols-outlined\" style=\"color: #FFFFFF\">arrow_right_alt<\/span>\n                                                                                    <\/div>\n                                                                    <\/a>\n                            <\/div>\n                                                                        <\/div>\n        <\/div>\n    <\/div>\n    \n\n\n<div style=\"height:65px\" aria-hidden=\"true\" class=\"wp-block-spacer\"><\/div>\n\n\n\n    <div \n        id=\"statistics-block_1afc0b92cb8f38ca416c32393735c824\" \n        class=\"statistics\">\n        <div id=\"statistics\">\n            <div class=\"statistics__container\">\n                                <div class=\"statistic__content\" style=\"border-top: 5px solid #006f86; color: #006f86\">\n                        <div class=\"statistic__number\">4900<\/div>\n                        <div class=\"statistic__description\">anst\u00e4llda<\/div>\n                    <\/div>\n                                        <div class=\"statistic__content\" style=\"border-top: 5px solid #e52330; color: #e52330\">\n                        <div class=\"statistic__number\">21.4<\/div>\n                        <div class=\"statistic__description\">textilier i omlopp (milj)<\/div>\n                    <\/div>\n                                        <div class=\"statistic__content\" style=\"border-top: 5px solid #bd5a00; color: #bd5a00\">\n                        <div class=\"statistic__number\">518.1<\/div>\n                        <div class=\"statistic__description\">oms\u00e4ttning (milj \u20ac)<\/div>\n                    <\/div>\n                                        <div class=\"statistic__content\" style=\"border-top: 5px solid #578200; color: #578200\">\n                        <div class=\"statistic__number\">24<\/div>\n                        <div class=\"statistic__description\">l\u00e4nder<\/div>\n                    <\/div>\n                                            <\/div>\n        <\/div>\n    <\/div>\n\n\n    <\/div>\n<\/div>\n\n\n\n        <style>\n            .lindstrom-container--block_71123074dc2f350841cf09bcb66a1eb5 {                \n                padding-top: 35px;\n                padding-bottom: 35px;\n            }\n\n            @media screen and (min-width: 768px) {\n                .lindstrom-container--block_71123074dc2f350841cf09bcb66a1eb5 {\n                    padding-top: 75px;\n                    padding-bottom: 75px;\n                }\n            }\n        <\/style>\n    \n<div\n    class=\"lindstrom-container-wrapper lindstrom-container lindstrom-container--block_71123074dc2f350841cf09bcb66a1eb5 \"\n    id=\"quote_RTS\"\n    style=\"background-color: #ffffff\"\n    >\n    <div class=\"lindstrom-container lindstrom-container--content items-stretch\">\n        \n\n<div class=\"wp-block-columns is-layout-flex wp-container-core-columns-is-layout-28f84493 wp-block-columns-is-layout-flex\">\n<div class=\"wp-block-column is-layout-flow wp-block-column-is-layout-flow\">\n<figure class=\"wp-block-image size-large\"><img decoding=\"async\" width=\"1024\" height=\"570\" src=\"https:\/\/d2ris6qfzcz0wn.cloudfront.net\/wp-content\/uploads\/sites\/34\/2024\/07\/HoReCa_Chef1-e1699951681124-1024x570.jpg\" alt=\"\" class=\"wp-image-17567\" style=\"aspect-ratio:4\/3;object-fit:cover\" srcset=\"https:\/\/d2ris6qfzcz0wn.cloudfront.net\/wp-content\/uploads\/sites\/34\/2024\/07\/HoReCa_Chef1-e1699951681124-1024x570.jpg 1024w, https:\/\/d2ris6qfzcz0wn.cloudfront.net\/wp-content\/uploads\/sites\/34\/2024\/07\/HoReCa_Chef1-e1699951681124-300x167.jpg 300w, https:\/\/d2ris6qfzcz0wn.cloudfront.net\/wp-content\/uploads\/sites\/34\/2024\/07\/HoReCa_Chef1-e1699951681124-768x428.jpg 768w, https:\/\/d2ris6qfzcz0wn.cloudfront.net\/wp-content\/uploads\/sites\/34\/2024\/07\/HoReCa_Chef1-e1699951681124.jpg 1500w\" sizes=\"(max-width: 1024px) 100vw, 1024px\" \/><\/figure>\n<\/div>\n\n\n\n<div class=\"wp-block-column is-layout-flow wp-block-column-is-layout-flow\">\n        <style>\n            .lindstrom-container--block_92e0f22eb55c21fcaef749a4dcb086be {                \n                padding-top: 35px;\n                padding-bottom: 35px;\n            }\n\n            @media screen and (min-width: 768px) {\n                .lindstrom-container--block_92e0f22eb55c21fcaef749a4dcb086be {\n                    padding-top: 75px;\n                    padding-bottom: 75px;\n                }\n            }\n        <\/style>\n    \n<div\n    class=\"lindstrom-container-wrapper lindstrom-container lindstrom-container--block_92e0f22eb55c21fcaef749a4dcb086be \"\n    id=\"block_92e0f22eb55c21fcaef749a4dcb086be\"\n    style=\"background-color: #ffffff\"\n    >\n    <div class=\"lindstrom-container lindstrom-container--content items-stretch\">\n        \n\n    <div id=\"hubspot-contact-form-block_51495bcc55e4a0b496990033b3d69623\" class=\"hubspot-contact-form\">\n                    <h2 class=\"mt-0 !mb-5 lg:!mb-10 font-bold !text-title-small lg:!text-title-medium\">\n                Vill du f\u00e5 ett prisf\u00f6rslag?            <\/h2>\n        \n                    <p class=\"!-mt-4 lg:!-mt-8 !mb-5 lg:!mb-10 !text-body-small\">\n                V\u00e4nligen fyll i kontaktformul\u00e4ret nedan eller ring oss p\u00e5: +46 10 330 35 10.            <\/p>\n        \n        <div class=\"form-wrapper\"><\/div>\n        <div class=\"editor-message\">\n            Please set a valid form ID.\n        <\/div>\n    <\/div>\n\n<script>\n    \/**\n     * Generate dynamic init form function name to prevent it get re-initialized if there are multiple forms in a page\n     *\/\n    function initForm_69f594347baa6() {\n        \/\/ retry until hubspot script is initialized\n        if (typeof hbspt !== \"undefined\") {\n            hbspt.forms.create({\n                region: \"eu1\",\n                portalId: \"2758505\",\n                formId: \"cbbbaf24-f192-49dc-96bf-9312875a7d18\",\n                target: `#hubspot-contact-form-block_51495bcc55e4a0b496990033b3d69623 .form-wrapper`,\n                onFormReady: (arg) => {\n                    const hasFeaturedField = 0;\n                    if (!hasFeaturedField) {\n                        return\n                    }\n    \n                    \/\/ in case the featured field is not available in the form\n                    const featuredField = document.querySelector(`#hubspot-contact-form-block_51495bcc55e4a0b496990033b3d69623 .none`);\n                    if (!featuredField) {\n                        return\n                    }\n    \n                    \/\/ only support checkbox field for now\n                    convertCheckboxFeaturedField(featuredField)                \n                }\n            });\n            return;\n        }\n\n        setTimeout(initForm_69f594347baa6, 250);\n    }\n\n    function convertCheckboxFeaturedField(featuredField) {\n        const fieldsetWrapper = featuredField.parentElement\n        \n        \/\/ add the featured field class to the wrapper fieldset element\n        \/\/ transform the featured field's UI via CSS\n        fieldsetWrapper.classList.add('featured-field')\n\n        \/\/ calculate and add enough space to display the featured field on top of the form\n        calculateFeaturedFieldSize(fieldsetWrapper)\n        window.addEventListener('resize', () => {\n            calculateFeaturedFieldSize(fieldsetWrapper)\n        })\n    }\n    \n    function calculateFeaturedFieldSize (fieldsetWrapper) {\n        fieldsetWrapper\n            .closest('.hubspot-contact-form--has-featured-field')\n            .style\n            .paddingTop = fieldsetWrapper.offsetHeight + 50 + 'px';\n    }    \n\n    initForm_69f594347baa6();\n<\/script>\n\n\n    <\/div>\n<\/div>\n<\/div>\n<\/div>\n\n\n    <\/div>\n<\/div>\n","protected":false},"excerpt":{"rendered":"","protected":false},"author":14,"featured_media":17250,"parent":0,"menu_order":0,"template":"","meta":{"_acf_changed":true,"inline_featured_image":false,"_eb_attr":"","site-sidebar-layout":"default","site-content-layout":"default","ast-site-content-layout":"default","site-content-style":"default","site-sidebar-style":"default","ast-global-header-display":"","ast-banner-title-visibility":"","ast-main-header-display":"","ast-hfb-above-header-display":"","ast-hfb-below-header-display":"","ast-hfb-mobile-header-display":"","site-post-title":"","ast-breadcrumbs-content":"","ast-featured-img":"","footer-sml-layout":"","ast-disable-related-posts":"","theme-transparent-header-meta":"","adv-header-id-meta":"","stick-header-meta":"","header-above-stick-meta":"","header-main-stick-meta":"","header-below-stick-meta":"","astra-migrate-meta-layouts":"set","ast-page-background-enabled":"default","ast-page-background-meta":{"desktop":{"background-color":"var(--ast-global-color-4)","background-image":"","background-repeat":"repeat","background-position":"center center","background-size":"auto","background-attachment":"scroll","background-type":"","background-media":"","overlay-type":"","overlay-color":"","overlay-opacity":"","overlay-gradient":""},"tablet":{"background-color":"","background-image":"","background-repeat":"repeat","background-position":"center center","background-size":"auto","background-attachment":"scroll","background-type":"","background-media":"","overlay-type":"","overlay-color":"","overlay-opacity":"","overlay-gradient":""},"mobile":{"background-color":"","background-image":"","background-repeat":"repeat","background-position":"center center","background-size":"auto","background-attachment":"scroll","background-type":"","background-media":"","overlay-type":"","overlay-color":"","overlay-opacity":"","overlay-gradient":""}},"ast-content-background-meta":{"desktop":{"background-color":"var(--ast-global-color-5)","background-image":"","background-repeat":"repeat","background-position":"center center","background-size":"auto","background-attachment":"scroll","background-type":"","background-media":"","overlay-type":"","overlay-color":"","overlay-opacity":"","overlay-gradient":""},"tablet":{"background-color":"var(--ast-global-color-5)","background-image":"","background-repeat":"repeat","background-position":"center center","background-size":"auto","background-attachment":"scroll","background-type":"","background-media":"","overlay-type":"","overlay-color":"","overlay-opacity":"","overlay-gradient":""},"mobile":{"background-color":"var(--ast-global-color-5)","background-image":"","background-repeat":"repeat","background-position":"center center","background-size":"auto","background-attachment":"scroll","background-type":"","background-media":"","overlay-type":"","overlay-color":"","overlay-opacity":"","overlay-gradient":""}}},"coauthors":[20],"class_list":["post-17981","services","type-services","status-publish","has-post-thumbnail","hentry"],"acf":[],"yoast_head":"<!-- This site is optimized with the Yoast SEO plugin v27.2 - https:\/\/yoast.com\/product\/yoast-seo-wordpress\/ -->\n<title>Arbetskl\u00e4der f\u00f6r restaurang - Lindstr\u00f6m Sverige<\/title>\n<meta name=\"description\" content=\"Vi erbjuder ett komplett sortiment av arbetskl\u00e4der f\u00f6r restaurang och catering. Hyr era arbetskl\u00e4der \u2013 en komplett och smidig service.\" \/>\n<meta name=\"robots\" content=\"index, follow, max-snippet:-1, max-image-preview:large, max-video-preview:-1\" \/>\n<meta property=\"og:locale\" content=\"sv_SE\" \/>\n<meta property=\"og:type\" content=\"article\" \/>\n<meta property=\"og:title\" content=\"Arbetskl\u00e4der f\u00f6r restaurang - Lindstr\u00f6m Sverige\" \/>\n<meta property=\"og:description\" content=\"Vi erbjuder ett komplett sortiment av arbetskl\u00e4der f\u00f6r restaurang och catering. Hyr era arbetskl\u00e4der \u2013 en komplett och smidig service.\" \/>\n<meta property=\"og:url\" content=\"https:\/\/lindstromgroup.com\/se\/tjanster\/restaurangklader\/\" \/>\n<meta property=\"og:site_name\" content=\"Lindstr\u00f6m Sverige\" \/>\n<meta property=\"article:modified_time\" content=\"2026-03-31T10:50:57+00:00\" \/>\n<meta property=\"og:image\" content=\"https:\/\/d2ris6qfzcz0wn.cloudfront.net\/wp-content\/uploads\/sites\/34\/2024\/06\/HoReCa_Waiters3.jpg\" \/>\n\t<meta property=\"og:image:width\" content=\"2048\" \/>\n\t<meta property=\"og:image:height\" content=\"1365\" \/>\n\t<meta property=\"og:image:type\" content=\"image\/jpeg\" \/>\n<meta name=\"twitter:card\" content=\"summary_large_image\" \/>\n<meta name=\"twitter:label1\" content=\"Ber\u00e4knad l\u00e4stid\" \/>\n\t<meta name=\"twitter:data1\" content=\"7 minuter\" \/>\n\t<meta name=\"twitter:label2\" content=\"Skriven av\" \/>\n\t<meta name=\"twitter:data2\" content=\"Lindstr\u00f6m Group\" \/>\n<script type=\"application\/ld+json\" class=\"yoast-schema-graph\">{\"@context\":\"https:\/\/schema.org\",\"@graph\":[{\"@type\":\"WebPage\",\"@id\":\"https:\/\/lindstromgroup.com\/se\/tjanster\/restaurangklader\/\",\"url\":\"https:\/\/lindstromgroup.com\/se\/tjanster\/restaurangklader\/\",\"name\":\"Arbetskl\u00e4der f\u00f6r restaurang - Lindstr\u00f6m Sverige\",\"isPartOf\":{\"@id\":\"https:\/\/lindstromgroup.com\/se\/#website\"},\"primaryImageOfPage\":{\"@id\":\"https:\/\/lindstromgroup.com\/se\/tjanster\/restaurangklader\/#primaryimage\"},\"image\":{\"@id\":\"https:\/\/lindstromgroup.com\/se\/tjanster\/restaurangklader\/#primaryimage\"},\"thumbnailUrl\":\"https:\/\/d2ris6qfzcz0wn.cloudfront.net\/wp-content\/uploads\/sites\/34\/2024\/06\/HoReCa_Waiters3.jpg\",\"datePublished\":\"2025-09-04T11:58:43+00:00\",\"dateModified\":\"2026-03-31T10:50:57+00:00\",\"description\":\"Vi erbjuder ett komplett sortiment av arbetskl\u00e4der f\u00f6r restaurang och catering. Hyr era arbetskl\u00e4der \u2013 en komplett och smidig service.\",\"breadcrumb\":{\"@id\":\"https:\/\/lindstromgroup.com\/se\/tjanster\/restaurangklader\/#breadcrumb\"},\"inLanguage\":\"sv-SE\",\"potentialAction\":[{\"@type\":\"ReadAction\",\"target\":[\"https:\/\/lindstromgroup.com\/se\/tjanster\/restaurangklader\/\"]}]},{\"@type\":\"ImageObject\",\"inLanguage\":\"sv-SE\",\"@id\":\"https:\/\/lindstromgroup.com\/se\/tjanster\/restaurangklader\/#primaryimage\",\"url\":\"https:\/\/d2ris6qfzcz0wn.cloudfront.net\/wp-content\/uploads\/sites\/34\/2024\/06\/HoReCa_Waiters3.jpg\",\"contentUrl\":\"https:\/\/d2ris6qfzcz0wn.cloudfront.net\/wp-content\/uploads\/sites\/34\/2024\/06\/HoReCa_Waiters3.jpg\",\"width\":2048,\"height\":1365},{\"@type\":\"BreadcrumbList\",\"@id\":\"https:\/\/lindstromgroup.com\/se\/tjanster\/restaurangklader\/#breadcrumb\",\"itemListElement\":[{\"@type\":\"ListItem\",\"position\":1,\"name\":\"Lindstr\u00f6m\",\"item\":\"https:\/\/lindstromgroup.com\/se\/\"},{\"@type\":\"ListItem\",\"position\":2,\"name\":\"Arbetskl\u00e4der f\u00f6r restaurang\"}]},{\"@type\":\"WebSite\",\"@id\":\"https:\/\/lindstromgroup.com\/se\/#website\",\"url\":\"https:\/\/lindstromgroup.com\/se\/\",\"name\":\"Lindstr\u00f6m Sverige\",\"description\":\"Lindstr\u00f6m Group - Textilservice och Tv\u00e4ttservice\",\"publisher\":{\"@id\":\"https:\/\/lindstromgroup.com\/se\/#organization\"},\"potentialAction\":[{\"@type\":\"SearchAction\",\"target\":{\"@type\":\"EntryPoint\",\"urlTemplate\":\"https:\/\/lindstromgroup.com\/se\/?s={search_term_string}\"},\"query-input\":{\"@type\":\"PropertyValueSpecification\",\"valueRequired\":true,\"valueName\":\"search_term_string\"}}],\"inLanguage\":\"sv-SE\"},{\"@type\":\"Organization\",\"@id\":\"https:\/\/lindstromgroup.com\/se\/#organization\",\"name\":\"Lindstr\u00f6m Sverige\",\"url\":\"https:\/\/lindstromgroup.com\/se\/\",\"logo\":{\"@type\":\"ImageObject\",\"inLanguage\":\"sv-SE\",\"@id\":\"https:\/\/lindstromgroup.com\/se\/#\/schema\/logo\/image\/\",\"url\":\"https:\/\/d2ris6qfzcz0wn.cloudfront.net\/wp-content\/uploads\/sites\/3\/2023\/10\/Logo512.png\",\"contentUrl\":\"https:\/\/d2ris6qfzcz0wn.cloudfront.net\/wp-content\/uploads\/sites\/3\/2023\/10\/Logo512.png\",\"width\":512,\"height\":109,\"caption\":\"Lindstr\u00f6m Sverige\"},\"image\":{\"@id\":\"https:\/\/lindstromgroup.com\/se\/#\/schema\/logo\/image\/\"}}]}<\/script>\n<!-- \/ Yoast SEO plugin. -->","yoast_head_json":{"title":"Arbetskl\u00e4der f\u00f6r restaurang - Lindstr\u00f6m Sverige","description":"Vi erbjuder ett komplett sortiment av arbetskl\u00e4der f\u00f6r restaurang och catering. Hyr era arbetskl\u00e4der \u2013 en komplett och smidig service.","robots":{"index":"index","follow":"follow","max-snippet":"max-snippet:-1","max-image-preview":"max-image-preview:large","max-video-preview":"max-video-preview:-1"},"og_locale":"sv_SE","og_type":"article","og_title":"Arbetskl\u00e4der f\u00f6r restaurang - Lindstr\u00f6m Sverige","og_description":"Vi erbjuder ett komplett sortiment av arbetskl\u00e4der f\u00f6r restaurang och catering. Hyr era arbetskl\u00e4der \u2013 en komplett och smidig service.","og_url":"https:\/\/lindstromgroup.com\/se\/tjanster\/restaurangklader\/","og_site_name":"Lindstr\u00f6m Sverige","article_modified_time":"2026-03-31T10:50:57+00:00","og_image":[{"width":2048,"height":1365,"url":"https:\/\/d2ris6qfzcz0wn.cloudfront.net\/wp-content\/uploads\/sites\/34\/2024\/06\/HoReCa_Waiters3.jpg","type":"image\/jpeg"}],"twitter_card":"summary_large_image","twitter_misc":{"Ber\u00e4knad l\u00e4stid":"7 minuter","Skriven av":"Lindstr\u00f6m Group"},"schema":{"@context":"https:\/\/schema.org","@graph":[{"@type":"WebPage","@id":"https:\/\/lindstromgroup.com\/se\/tjanster\/restaurangklader\/","url":"https:\/\/lindstromgroup.com\/se\/tjanster\/restaurangklader\/","name":"Arbetskl\u00e4der f\u00f6r restaurang - Lindstr\u00f6m Sverige","isPartOf":{"@id":"https:\/\/lindstromgroup.com\/se\/#website"},"primaryImageOfPage":{"@id":"https:\/\/lindstromgroup.com\/se\/tjanster\/restaurangklader\/#primaryimage"},"image":{"@id":"https:\/\/lindstromgroup.com\/se\/tjanster\/restaurangklader\/#primaryimage"},"thumbnailUrl":"https:\/\/d2ris6qfzcz0wn.cloudfront.net\/wp-content\/uploads\/sites\/34\/2024\/06\/HoReCa_Waiters3.jpg","datePublished":"2025-09-04T11:58:43+00:00","dateModified":"2026-03-31T10:50:57+00:00","description":"Vi erbjuder ett komplett sortiment av arbetskl\u00e4der f\u00f6r restaurang och catering. Hyr era arbetskl\u00e4der \u2013 en komplett och smidig service.","breadcrumb":{"@id":"https:\/\/lindstromgroup.com\/se\/tjanster\/restaurangklader\/#breadcrumb"},"inLanguage":"sv-SE","potentialAction":[{"@type":"ReadAction","target":["https:\/\/lindstromgroup.com\/se\/tjanster\/restaurangklader\/"]}]},{"@type":"ImageObject","inLanguage":"sv-SE","@id":"https:\/\/lindstromgroup.com\/se\/tjanster\/restaurangklader\/#primaryimage","url":"https:\/\/d2ris6qfzcz0wn.cloudfront.net\/wp-content\/uploads\/sites\/34\/2024\/06\/HoReCa_Waiters3.jpg","contentUrl":"https:\/\/d2ris6qfzcz0wn.cloudfront.net\/wp-content\/uploads\/sites\/34\/2024\/06\/HoReCa_Waiters3.jpg","width":2048,"height":1365},{"@type":"BreadcrumbList","@id":"https:\/\/lindstromgroup.com\/se\/tjanster\/restaurangklader\/#breadcrumb","itemListElement":[{"@type":"ListItem","position":1,"name":"Lindstr\u00f6m","item":"https:\/\/lindstromgroup.com\/se\/"},{"@type":"ListItem","position":2,"name":"Arbetskl\u00e4der f\u00f6r restaurang"}]},{"@type":"WebSite","@id":"https:\/\/lindstromgroup.com\/se\/#website","url":"https:\/\/lindstromgroup.com\/se\/","name":"Lindstr\u00f6m Sverige","description":"Lindstr\u00f6m Group - Textilservice och Tv\u00e4ttservice","publisher":{"@id":"https:\/\/lindstromgroup.com\/se\/#organization"},"potentialAction":[{"@type":"SearchAction","target":{"@type":"EntryPoint","urlTemplate":"https:\/\/lindstromgroup.com\/se\/?s={search_term_string}"},"query-input":{"@type":"PropertyValueSpecification","valueRequired":true,"valueName":"search_term_string"}}],"inLanguage":"sv-SE"},{"@type":"Organization","@id":"https:\/\/lindstromgroup.com\/se\/#organization","name":"Lindstr\u00f6m Sverige","url":"https:\/\/lindstromgroup.com\/se\/","logo":{"@type":"ImageObject","inLanguage":"sv-SE","@id":"https:\/\/lindstromgroup.com\/se\/#\/schema\/logo\/image\/","url":"https:\/\/d2ris6qfzcz0wn.cloudfront.net\/wp-content\/uploads\/sites\/3\/2023\/10\/Logo512.png","contentUrl":"https:\/\/d2ris6qfzcz0wn.cloudfront.net\/wp-content\/uploads\/sites\/3\/2023\/10\/Logo512.png","width":512,"height":109,"caption":"Lindstr\u00f6m Sverige"},"image":{"@id":"https:\/\/lindstromgroup.com\/se\/#\/schema\/logo\/image\/"}}]}},"publishpress_future_workflow_manual_trigger":{"enabledWorkflows":[]},"distributor_meta":false,"distributor_terms":false,"distributor_media":false,"distributor_original_site_name":"Lindstr\u00f6m Sverige","distributor_original_site_url":"https:\/\/lindstromgroup.com\/se","push-errors":false,"_links":{"self":[{"href":"https:\/\/lindstromgroup.com\/se\/wp-json\/wp\/v2\/services\/17981","targetHints":{"allow":["GET"]}}],"collection":[{"href":"https:\/\/lindstromgroup.com\/se\/wp-json\/wp\/v2\/services"}],"about":[{"href":"https:\/\/lindstromgroup.com\/se\/wp-json\/wp\/v2\/types\/services"}],"author":[{"embeddable":true,"href":"https:\/\/lindstromgroup.com\/se\/wp-json\/wp\/v2\/users\/14"}],"wp:featuredmedia":[{"embeddable":true,"href":"https:\/\/lindstromgroup.com\/se\/wp-json\/wp\/v2\/media\/17250"}],"wp:attachment":[{"href":"https:\/\/lindstromgroup.com\/se\/wp-json\/wp\/v2\/media?parent=17981"}],"wp:term":[{"taxonomy":"author","embeddable":true,"href":"https:\/\/lindstromgroup.com\/se\/wp-json\/wp\/v2\/coauthors?post=17981"}],"curies":[{"name":"wp","href":"https:\/\/api.w.org\/{rel}","templated":true}]}}