
    {"id":16956,"date":"2024-06-12T10:39:45","date_gmt":"2024-06-12T10:39:45","guid":{"rendered":"https:\/\/lindstromgroup.com\/se\/?post_type=services&#038;p=16956"},"modified":"2026-01-12T14:20:48","modified_gmt":"2026-01-12T14:20:48","slug":"tandlakare","status":"publish","type":"services","link":"https:\/\/lindstromgroup.com\/se\/tjanster\/tandlakare\/","title":{"rendered":"Arbetskl\u00e4der F\u00f6r Tandl\u00e4kare"},"content":{"rendered":"\n    <div\n        id=\"block_4c709d68b8152752eef7887a167dbecc\"\n        class=\"hero-sub hero-sub--block_4c709d68b8152752eef7887a167dbecc  flex flex-col-reverse lg:flex-row justify-between bg-dark-blue text-white\"\n    >        \n        <div class=\"flex flex-col gap-5 pt-10 pb-5 grow px-5 lg:px-20\">\n            <div class=\"flex flex-col justify-center gap-3 grow max-w-[var(--container-text-max)]\">\n                <h1 class=\"!mb-0 !text-white !text-title-medium lg:!text-title-large !font-bold hyphens-auto break-words\">\n                    Professionella Arbetskl\u00e4der f\u00f6r Tandl\u00e4kare och Tandhygienister                <\/h1>\n    \n                <div class=\"hero-sub__description\">\n                    <p>Slipp all administration kring ink\u00f6p, tv\u00e4tt, lagerh\u00e5llning och reparationer av arbetskl\u00e4der. V\u00e5r helhetsl\u00f6sning frig\u00f6r tid och resurser s\u00e5 att ni kan fokusera helt p\u00e5 patientv\u00e5rd och klinikens utveckling.<\/p>\n                <\/div>\n    \n                                    <div class=\"flex flex-col flex-wrap gap-3 mt-3 md:flex-row\">\n                                                                                    <a \n                                    class=\"px-5 py-3 font-bold text-center text-link-small rounded-[30px] border-2 border-white !no-underline bg-white !text-dark-blue button-solid--white\"\n                                    href=\"#quote\"\n                                    target=\"_self\"\n                                >\n                                    Jag vill ha ett prisf\u00f6rslag                                <\/a>\n                                                                                                                <a \n                                    class=\"px-5 py-3 font-bold text-center text-link-small rounded-[30px] border-2 border-white !no-underline bg-transparent !text-white button-outlined--white\"\n                                    href=\"https:\/\/group.lindstromgroup.com\/sv\/arbetsklader-sjukv\u00e5rden\"\n                                    target=\"_blank\"\n                                >\n                                    Ladda ner CarePro kollektionen                                <\/a>\n                                                                        <\/div>\n                \n                            <\/div>\n                            <div class=\"font-bold hero-sub__breadcrumb text-body-small\">\n                        <span><span><a href=\"https:\/\/lindstromgroup.com\/se\/\">Lindstr\u00f6m<\/a><\/span><\/span>                <\/div>\n                    <\/div>\n\n        <div class=\"[&#038;_picture]:w-full flex h-full lg:h-auto max-h-[350px] lg:max-h-none lg:min-h-full w-full lg:w-[650px]\">\n            <img decoding=\"async\"\n                class=\"object-cover w-full h-full\"\n                src=\"https:\/\/d2ris6qfzcz0wn.cloudfront.net\/wp-content\/uploads\/sites\/34\/2024\/06\/HIGH-1470-Lindstrom-healthcare-I-1400x933-1-1024x682.jpg\"\n                alt=\"Slipp all administration kring ink\u00f6p, tv\u00e4tt, lagerh\u00e5llning och reparationer av arbetskl\u00e4der. V\u00e5r helhetsl\u00f6sning frig\u00f6r tid och resurser s\u00e5 att ni kan fokusera helt p\u00e5 patientv\u00e5rd och klinikens utveckling.\"\n            >\n        <\/div>\n    <\/div>\n\n\n\n        <style>\n            .lindstrom-container--block_0625ed11153d4a01a834cfe1332b8b63 {                \n                padding-top: 35px;\n                padding-bottom: 0px;\n            }\n\n            @media screen and (min-width: 768px) {\n                .lindstrom-container--block_0625ed11153d4a01a834cfe1332b8b63 {\n                    padding-top: 75px;\n                    padding-bottom: 75px;\n                }\n            }\n        <\/style>\n    \n<div\n    class=\"lindstrom-container-wrapper lindstrom-container lindstrom-container--block_0625ed11153d4a01a834cfe1332b8b63 \"\n    id=\"block_0625ed11153d4a01a834cfe1332b8b63\"\n    style=\"background-color: #ffffff\"\n    >\n    <div class=\"lindstrom-container lindstrom-container--text items-stretch\">\n        \n\n<div class=\"wp-block-columns is-layout-flex wp-container-core-columns-is-layout-28f84493 wp-block-columns-is-layout-flex\">\n<div class=\"wp-block-column is-layout-flow wp-block-column-is-layout-flow\">\n<p class=\"has-text-align-center\">Arbetet inom tandv\u00e5rden st\u00e4ller exceptionellt h\u00f6ga krav p\u00e5 precision, hygien och koncentration. L\u00e5nga arbetspass, ofta i statiska positioner med repetitiva finmotoriska r\u00f6relser, kr\u00e4ver arbetskl\u00e4der som erbjuder maximal komfort och r\u00f6relsefrihet utan att kompromissa med s\u00e4kerhet och hygien. <\/p>\n<\/div>\n\n\n\n<div class=\"wp-block-column is-layout-flow wp-block-column-is-layout-flow\">\n<p class=\"has-text-align-center\">Lindstr\u00f6m f\u00f6rst\u00e5r de unika utmaningarna p\u00e5 tandl\u00e4karkliniken och erbjuder arbetskl\u00e4der ur v\u00e5r CarePro-kollektion som \u00e4r designade f\u00f6r att underl\u00e4tta er viktiga vardag.<\/p>\n<\/div>\n<\/div>\n\n\n    <\/div>\n<\/div>\n\n\n\n        <style>\n            .lindstrom-container--block_a5a48a0e496409d9b75230e0e287b7fc {                \n                padding-top: 35px;\n                padding-bottom: 35px;\n            }\n\n            @media screen and (min-width: 768px) {\n                .lindstrom-container--block_a5a48a0e496409d9b75230e0e287b7fc {\n                    padding-top: 75px;\n                    padding-bottom: 75px;\n                }\n            }\n        <\/style>\n    \n<div\n    class=\"lindstrom-container-wrapper lindstrom-container lindstrom-container--block_a5a48a0e496409d9b75230e0e287b7fc \"\n    id=\"block_a5a48a0e496409d9b75230e0e287b7fc\"\n    style=\"background-color: #ffffff\"\n    >\n    <div class=\"lindstrom-container lindstrom-container--content items-stretch\">\n        \n\n        <div \n        id=\"cta-country-block_425426008749e8fdfb7f1a162989169e\" \n        class=\"cta-country\"\n    >\n        <div class=\"flex flex-col gap-5\" style=\"align-items: flex-start\">\n                            <h2 class='!text-title-small lg:!text-title-medium !text-grey-100 !font-bold !my-0'>                    Bussaronger                <\/h2>                                    <div class=\"cta-button-container cta-button-container--row\">\n                            <\/div>\n        <\/div>\n    <\/div>\n    \n\n\n        <div \n        id=\"catalogue-block_e92bfc391587c3182a978610a06682e9\" \n        class=\"catalogue\"\n    >\n        <div class=\"flex flex-col catalogue__container\">\n            \n                                                <div class=\"grid w-full grid-cols-1 md:grid-cols-2\">\n                        <div class=\"catalogue__media relative\">\n                                                            <img decoding=\"async\" \n                                    class=\"object-cover h-full w-full max-h-[250px] md:max-h-none md:absolute top-0 left-0\" \n                                    src=\"https:\/\/d2ris6qfzcz0wn.cloudfront.net\/wp-content\/uploads\/sites\/34\/2024\/06\/1F0879_tunic_CarePro-1024x585-1.png\" \n                                    alt=\"ELEN bussaronger \" \n                                \/>\n                                                    <\/div>\n                        <div class=\"flex flex-col justify-center flex-1 gap-5 px-5 py-5 lg:px-20 lg:py-10 catalogue__content min-h-[250px] md:min-h-[350px]\" style=\"background-color:#003f72;\">\n                            <div class=\"flex flex-col gap-2\">\n                                <p \n                                    class=\"text-[16px]\/[22.4px] md:text-[25px]\/[32.5px] text-left tracking-[0.8px] md:tracking-normal uppercase md:normal-case font-bold !mb-0\" \n                                    style=\"color:#FFFFFF;\">\n                                        ELEN bussaronger                                 <\/p>\n                                <p class=\"text-[15px]\/[21px] text-left font-normal !mb-0\" style=\"color:#FFFFFF;\">ELEN \u00e4r en modern och funktionell tunika, perfekt anpassad f\u00f6r tandl\u00e4kare och tandhygienister. Den lediga passformen och det stretchiga materialet ger \u00f6verl\u00e4gsen r\u00f6relsefrihet, avg\u00f6rande vid patientbehandlingar. Designen med genomt\u00e4nkta detaljer som l\u00e4tt\u00e5tkomliga fickor med nyckelh\u00e4lla och en diskret br\u00f6stficka, kombinerar stil med praktisk funktion f\u00f6r en effektiv arbetsdag.<\/p>\n                                                            <\/div>\n                                                            <div class=\"flex h-10 border-2 rounded-full w-fit button-outlined--white\" style=\"border-color:#FFFFFF;\">\n                                    <a \n                                        class=\"!no-underline bg-transparent py-3 pr-4 pl-5 font-bold text-base flex justify-center items-center gap-3 rounded-full w-full\" \n                                        href=\"#quote\"\n                                        target=\"_self\"\n                                        style=\"color:#FFFFFF;\">\n                                            Jag vill ha ett prisf\u00f6rslag <span class=\"material-symbols-outlined !font-bold\">arrow_right_alt<\/span>\n                                    <\/a>\n                                <\/div>\n                                                    <\/div>\n                    <\/div>\n                 \n                        \n        <\/div>\n    <\/div>\n    \n\n\n        <div \n        id=\"catalogue-block_91b400e7c62461bbfb93f3b93fbfd098\" \n        class=\"catalogue\"\n    >\n        <div class=\"flex flex-col catalogue__container\">\n            \n                                                <div class=\"grid w-full grid-cols-1 md:grid-cols-2\">\n                        <div class=\"catalogue__media relative\">\n                                                            <img decoding=\"async\" \n                                    class=\"object-cover h-full w-full max-h-[250px] md:max-h-none md:absolute top-0 left-0\" \n                                    src=\"https:\/\/d2ris6qfzcz0wn.cloudfront.net\/wp-content\/uploads\/sites\/34\/2024\/06\/1L3936_medical_shirt-1024x585-1.png\" \n                                    alt=\"MAI bussaronger\" \n                                \/>\n                                                    <\/div>\n                        <div class=\"flex flex-col justify-center flex-1 gap-5 px-5 py-5 lg:px-20 lg:py-10 catalogue__content min-h-[250px] md:min-h-[350px]\" style=\"background-color:#f4f4f4;\">\n                            <div class=\"flex flex-col gap-2\">\n                                <p \n                                    class=\"text-[16px]\/[22.4px] md:text-[25px]\/[32.5px] text-left tracking-[0.8px] md:tracking-normal uppercase md:normal-case font-bold !mb-0\" \n                                    style=\"color:#003f72;\">\n                                        MAI bussaronger                                <\/p>\n                                <p class=\"text-[15px]\/[21px] text-left font-normal !mb-0\" style=\"color:#003f72;\">Bussarong med korta \u00e4rmar och smal passform. Dold kn\u00e4ppning med tryckknappar. Elastisk ryggpanel. Br\u00f6stficka p\u00e5 v\u00e4nster sida. Tv\u00e5 nedre fickor med mindre innerfickor.<\/p>\n                                                            <\/div>\n                                                            <div class=\"flex h-10 border-2 rounded-full w-fit button-outlined--black\" style=\"border-color:#003f72;\">\n                                    <a \n                                        class=\"!no-underline bg-transparent py-3 pr-4 pl-5 font-bold text-base flex justify-center items-center gap-3 rounded-full w-full\" \n                                        href=\"#quote\"\n                                        target=\"_self\"\n                                        style=\"color:#003f72;\">\n                                            Jag vill ha ett prisf\u00f6rslag <span class=\"material-symbols-outlined !font-bold\">arrow_right_alt<\/span>\n                                    <\/a>\n                                <\/div>\n                                                    <\/div>\n                    <\/div>\n                 \n                        \n        <\/div>\n    <\/div>\n    \n\n\n<div style=\"height:25px\" aria-hidden=\"true\" class=\"wp-block-spacer\"><\/div>\n\n\n\n        <div \n        id=\"cta-country-block_ca5897774a970df4bd859327677bae3d\" \n        class=\"cta-country\"\n    >\n        <div class=\"flex flex-col gap-5\" style=\"align-items: flex-start\">\n                            <h2 class='!text-title-small lg:!text-title-medium !text-grey-100 !font-bold !my-0'>                    Arbetsbyxor f\u00f6r v\u00e5rdpersonal                <\/h2>                                    <div class=\"cta-button-container cta-button-container--row\">\n                            <\/div>\n        <\/div>\n    <\/div>\n    \n\n\n        <div \n        id=\"catalogue-block_a07691540c2f1d12e9510c8321bf6a0b\" \n        class=\"catalogue\"\n    >\n        <div class=\"flex flex-col catalogue__container\">\n            \n                                                <div class=\"grid w-full grid-cols-1 md:grid-cols-2\">\n                        <div class=\"catalogue__media relative\">\n                                                            <img decoding=\"async\" \n                                    class=\"object-cover h-full w-full max-h-[250px] md:max-h-none md:absolute top-0 left-0\" \n                                    src=\"https:\/\/d2ris6qfzcz0wn.cloudfront.net\/wp-content\/uploads\/sites\/34\/2024\/06\/1F0893_trousers_CarePro-1024x585-1.png\" \n                                    alt=\"ELSA arbetsbyxor\" \n                                \/>\n                                                    <\/div>\n                        <div class=\"flex flex-col justify-center flex-1 gap-5 px-5 py-5 lg:px-20 lg:py-10 catalogue__content min-h-[250px] md:min-h-[350px]\" style=\"background-color:#003f72;\">\n                            <div class=\"flex flex-col gap-2\">\n                                <p \n                                    class=\"text-[16px]\/[22.4px] md:text-[25px]\/[32.5px] text-left tracking-[0.8px] md:tracking-normal uppercase md:normal-case font-bold !mb-0\" \n                                    style=\"color:#f2f2f2;\">\n                                        ELSA arbetsbyxor                                <\/p>\n                                <p class=\"text-[15px]\/[21px] text-left font-normal !mb-0\" style=\"color:#f2f2f2;\">Stretchbyxor med elastisk midja och justerbar dragsko. Framfickor och en avsmalnande bensiluett ger ett modernt utseende och en bekv\u00e4m passform. Sidofickor. Nyckel\u00f6gla inuti h\u00f6ger framficka.<\/p>\n                                                            <\/div>\n                                                            <div class=\"flex h-10 border-2 rounded-full w-fit button-outlined--black\" style=\"border-color:#f2f2f2;\">\n                                    <a \n                                        class=\"!no-underline bg-transparent py-3 pr-4 pl-5 font-bold text-base flex justify-center items-center gap-3 rounded-full w-full\" \n                                        href=\"#quote\"\n                                        target=\"_self\"\n                                        style=\"color:#f2f2f2;\">\n                                            Jag vill ha ett prisf\u00f6rslag <span class=\"material-symbols-outlined !font-bold\">arrow_right_alt<\/span>\n                                    <\/a>\n                                <\/div>\n                                                    <\/div>\n                    <\/div>\n                 \n                        \n        <\/div>\n    <\/div>\n    \n\n\n        <div \n        id=\"catalogue-block_199370750aafc323b4d38050cd7d6093\" \n        class=\"catalogue\"\n    >\n        <div class=\"flex flex-col catalogue__container\">\n            \n                                                <div class=\"grid w-full grid-cols-1 md:grid-cols-2\">\n                        <div class=\"catalogue__media relative\">\n                                                            <img decoding=\"async\" \n                                    class=\"object-cover h-full w-full max-h-[250px] md:max-h-none md:absolute top-0 left-0\" \n                                    src=\"https:\/\/d2ris6qfzcz0wn.cloudfront.net\/wp-content\/uploads\/sites\/34\/2024\/06\/1L4286_trousers_retail-1024x585-1.png\" \n                                    alt=\"ROBIN arbetsbyxor\" \n                                \/>\n                                                    <\/div>\n                        <div class=\"flex flex-col justify-center flex-1 gap-5 px-5 py-5 lg:px-20 lg:py-10 catalogue__content min-h-[250px] md:min-h-[350px]\" style=\"background-color:#dddddd;\">\n                            <div class=\"flex flex-col gap-2\">\n                                <p \n                                    class=\"text-[16px]\/[22.4px] md:text-[25px]\/[32.5px] text-left tracking-[0.8px] md:tracking-normal uppercase md:normal-case font-bold !mb-0\" \n                                    style=\"color:#003f72;\">\n                                        ROBIN arbetsbyxor                                <\/p>\n                                <p class=\"text-[15px]\/[21px] text-left font-normal !mb-0\" style=\"color:#003f72;\">Unisex stretcharbetsbyxor med olika l\u00f6sningar f\u00f6r ben och fickor. Justerbart b\u00e4lte och elastisk midja. Olika versioner av benslut: justerbart benslut, ribbstickad mudd eller rakt benslut.<\/p>\n                                                            <\/div>\n                                                            <div class=\"flex h-10 border-2 rounded-full w-fit button-outlined--black\" style=\"border-color:#003f72;\">\n                                    <a \n                                        class=\"!no-underline bg-transparent py-3 pr-4 pl-5 font-bold text-base flex justify-center items-center gap-3 rounded-full w-full\" \n                                        href=\"#quote\"\n                                        target=\"_self\"\n                                        style=\"color:#003f72;\">\n                                            Jag vill ha ett prisf\u00f6rslag <span class=\"material-symbols-outlined !font-bold\">arrow_right_alt<\/span>\n                                    <\/a>\n                                <\/div>\n                                                    <\/div>\n                    <\/div>\n                 \n                        \n        <\/div>\n    <\/div>\n    \n\n\n<div aria-hidden=\"true\" class=\"wp-block-fsb-flexible-spacer fsb-flexible-spacer\"><div class=\"fsb-flexible-spacer__device fsb-flexible-spacer__device--lg\" style=\"height:35px\"><\/div><div class=\"fsb-flexible-spacer__device fsb-flexible-spacer__device--md\" style=\"height:35px\"><\/div><div class=\"fsb-flexible-spacer__device fsb-flexible-spacer__device--sm\" style=\"height:35px\"><\/div><\/div>\n\n\n\n        <div \n        id=\"cta-country-block_1c5e712785d1b25e02cce4a4256f2993\" \n        class=\"cta-country\"\n    >\n        <div class=\"flex flex-col gap-5\" style=\"align-items: flex-start\">\n                            <h2 class='!text-title-small lg:!text-title-medium !text-grey-100 !font-bold !my-0'>                    Ytterligare arbetskl\u00e4der                <\/h2>                                    <div class=\"cta-button-container cta-button-container--row\">\n                            <\/div>\n        <\/div>\n    <\/div>\n    \n\n\n        <div \n        id=\"services-showcase-block_e46eedd4cbb6401e56b734dd0d13f903\" \n        class=\"services-showcase\"\n    >\n        <div class=\"grid\">\n                            <div class=\"grid gap-5 service-cards service-cards-3\">\n                                    \n        <div class='flex flex-col service-card rounded-[5px]'>\n            <div>\n                <a href='https:\/\/lindstromgroup.com\/se\/tjanster\/arbetskladestjanst\/lakarrock\/'>\n                    <img class='!h-[250px] object-cover w-full rounded-t-[5px]' src='https:\/\/d2ris6qfzcz0wn.cloudfront.net\/wp-content\/uploads\/sites\/34\/2024\/06\/Healthcare_CarePro_86U5865-1400x933-1-1024x682.jpg' alt='' \/>\n                <\/a>\n            <\/div>\n            <div class='flex flex-col p-5 gap-5 h-full bg-white rounded-b-[5px]'>\n                <div class='flex flex-col gap-2'>\n                    <h3 class='!mb-0'><a href='https:\/\/lindstromgroup.com\/se\/tjanster\/arbetskladestjanst\/lakarrock\/' class='text-[25px]\/[32.5px] font-bold !text-grey-100 !no-underline cursor-pointer !mb-0'>V\u00e5rdrockar och L\u00e4karrockar<\/a><\/h3>\n                    <p class='text-[15px]\/[21px] text-grey-100 !mb-0'><p>V\u00e5ra l\u00e4karrockar har en sl\u00e4t, smutsavvisande yta som utstr\u00e5lar renhet och professionalitet. Materialet \u00e4r noga utvalt f\u00f6r att ge ett f\u00f6rtroendeingivande intryck hos patienten, samtidigt som det \u00e4r bekv\u00e4mt att b\u00e4ra under l\u00e5nga arbetsdagar.<\/p>\n<\/p><\/div>\n            <div class='border-2 border-grey-100 rounded-full h-10 min-w-[200px] w-fit flex items-center justify-center mt-auto button-outlined--black'>\n                <a class='!text-grey-100 !no-underline bg-transparent py-3 pr-4 pl-5 font-bold text-base flex justify-center items-center gap-3 w-full rounded-full service-button' href='https:\/\/lindstromgroup.com\/se\/tjanster\/arbetskladestjanst\/lakarrock\/'>\n                    L\u00e4s mer om l\u00e4karrockar\n                <\/a>\n            <\/div>\n            <\/div>\n        <\/div>\n                                        \n        <div class='flex flex-col service-card rounded-[5px]'>\n            <div>\n                <a href='https:\/\/lindstromgroup.com\/se\/tjanster\/arbetskladestjanst\/medicinska-jackor\/'>\n                    <img class='!h-[250px] object-cover w-full rounded-t-[5px]' src='https:\/\/d2ris6qfzcz0wn.cloudfront.net\/wp-content\/uploads\/sites\/34\/2024\/06\/HIGH-2881-Lindtsrom-healtacre-II-1-1024x683.jpg' alt='' \/>\n                <\/a>\n            <\/div>\n            <div class='flex flex-col p-5 gap-5 h-full bg-white rounded-b-[5px]'>\n                <div class='flex flex-col gap-2'>\n                    <h3 class='!mb-0'><a href='https:\/\/lindstromgroup.com\/se\/tjanster\/arbetskladestjanst\/medicinska-jackor\/' class='text-[25px]\/[32.5px] font-bold !text-grey-100 !no-underline cursor-pointer !mb-0'>Sweatshirts och koftor f\u00f6r v\u00e5rden<\/a><\/h3>\n                    <p class='text-[15px]\/[21px] text-grey-100 !mb-0'><p>V\u00e5ra sweatshirts, jackor och koftor \u00e4r det perfekta komplementet till den \u00f6vriga arbetskl\u00e4dseln. De \u00e4r designade f\u00f6r att ge extra v\u00e4rme och flexibilitet, och g\u00f6r det enkelt f\u00f6r personalen att anpassa sin kl\u00e4dsel efter olika arbetsuppgifter och temperaturer \u2013 oavsett om det \u00e4r p\u00e5 en sval avdelning, under ett administrativt pass eller f\u00f6r personal inom hemtj\u00e4nsten mellan bes\u00f6k.<\/p>\n<\/p><\/div>\n            <div class='border-2 border-grey-100 rounded-full h-10 min-w-[200px] w-fit flex items-center justify-center mt-auto button-outlined--black'>\n                <a class='!text-grey-100 !no-underline bg-transparent py-3 pr-4 pl-5 font-bold text-base flex justify-center items-center gap-3 w-full rounded-full service-button' href='https:\/\/lindstromgroup.com\/se\/tjanster\/arbetskladestjanst\/medicinska-jackor\/'>\n                    L\u00e4s mer om sweatshirts och jackor\n                <\/a>\n            <\/div>\n            <\/div>\n        <\/div>\n                                        \n        <div class='flex flex-col service-card rounded-[5px]'>\n            <div>\n                <a href='https:\/\/lindstromgroup.com\/se\/tjanster\/arbetskladestjanst\/vastar\/'>\n                    <img class='!h-[250px] object-cover w-full rounded-t-[5px]' src='https:\/\/d2ris6qfzcz0wn.cloudfront.net\/wp-content\/uploads\/sites\/34\/2024\/06\/toppa-1400x1027-1-1024x751.jpg' alt='' \/>\n                <\/a>\n            <\/div>\n            <div class='flex flex-col p-5 gap-5 h-full bg-white rounded-b-[5px]'>\n                <div class='flex flex-col gap-2'>\n                    <h3 class='!mb-0'><a href='https:\/\/lindstromgroup.com\/se\/tjanster\/arbetskladestjanst\/vastar\/' class='text-[25px]\/[32.5px] font-bold !text-grey-100 !no-underline cursor-pointer !mb-0'>V\u00e4star och Jackor F\u00f6r V\u00e5rdpersonal<\/a><\/h3>\n                    <p class='text-[15px]\/[21px] text-grey-100 !mb-0'><p>Denna l\u00e4tta jacka eller v\u00e4st \u00e4r den perfekta f\u00f6ljeslagaren f\u00f6r personal p\u00e5 spr\u00e5ng. Den \u00e4r designad f\u00f6r att erbjuda precis r\u00e4tt m\u00e4ngd v\u00e4rme och skydd utan att vara i v\u00e4gen, idealisk f\u00f6r exempelvis hemtj\u00e4nstpersonal mellan bes\u00f6k.<\/p>\n<p>Den smarta kombinationen av material ger optimal funktion:<\/p>\n<ul data-sourcepos=\"55:3-57:1\">\n<li data-sourcepos=\"55:3-55:109\"><strong>Slitstarkt Ripstop-tyg<\/strong> ser till att plagget h\u00e5ller sig snyggt och helt, \u00e4ven vid frekvent anv\u00e4ndning.<\/li>\n<li data-sourcepos=\"56:3-57:1\"><strong>Andningsbart Softshell-tyg<\/strong> p\u00e5 strategiska platser ger enast\u00e5ende komfort och r\u00f6relsefrihet vid patientn\u00e4ra arbete och bilk\u00f6rning.<\/li>\n<\/ul>\n<\/p><\/div>\n            <div class='border-2 border-grey-100 rounded-full h-10 min-w-[200px] w-fit flex items-center justify-center mt-auto button-outlined--black'>\n                <a class='!text-grey-100 !no-underline bg-transparent py-3 pr-4 pl-5 font-bold text-base flex justify-center items-center gap-3 w-full rounded-full service-button' href='https:\/\/lindstromgroup.com\/se\/tjanster\/arbetskladestjanst\/vastar\/'>\n                    L\u00e4s mer om varma v\u00e4star och jackor\n                <\/a>\n            <\/div>\n            <\/div>\n        <\/div>\n                                    <\/div>\n                    <\/div>\n            <\/div>\n    \n\n\n    <\/div>\n<\/div>\n\n\n\n<hr class=\"wp-block-separator has-text-color has-grey-25-color has-alpha-channel-opacity has-grey-25-background-color has-background is-style-wide\" style=\"margin-top:0px;margin-bottom:0px\"\/>\n\n\n\n        <style>\n            .country-site-certifications--block_c46a2b0ade1e110bfd289d4732e66ce4 {                \n                padding-top: 35px;\n                padding-bottom: 35px;\n            }\n\n            @media screen and (min-width: 768px) {\n                .country-site-certifications--block_c46a2b0ade1e110bfd289d4732e66ce4 {\n                    padding-top: 50px;\n                    padding-bottom: 50px;\n                }\n            }\n        <\/style>\n    \n            <div\n            id=\"block_c46a2b0ade1e110bfd289d4732e66ce4\"\n            style=\"background-color: #ffffff\"\n            class=\"lindstrom-container-wrapper border-t border-grey-25 country-site-certifications country-site-certifications--block_c46a2b0ade1e110bfd289d4732e66ce4 \"\n        >\n            <div class=\"flex flex-col items-center self-stretch gap-5 lindstrom-container lindstrom-container--content lg:flex-row lg:gap-20\">\n                <div class=\"flex flex-col items-center justify-center gap-5 lg:items-start basis-full lg:basis-1\/4 self-baseline\">\n                    <h2 class=\"!text-grey-100 !text-[22px]\/[33px] !font-bold uppercase tracking-[.33px]\">Vi \u00e4r proffs<\/h2>\n                    <p class=\"!text-grey-100 !text-[18px]\/[27px] opacity-90 text-center lg:text-left\"><\/p>\n                <\/div>\n                <div class=\"relative w-full max-w-full\">\n                    <div class=\"flex justify-start gap-3 overflow-x-auto lg:justify-end\">\n                                            <div class=\"relative text-center w-[150px]\">\n                            <img decoding=\"async\" class=\"aspect-square w-full object-contain\" src=\"https:\/\/d2ris6qfzcz0wn.cloudfront.net\/wp-content\/uploads\/sites\/34\/2024\/12\/Ecovadis_platinum_2026_625x625px-300x300.jpg\" alt=\"\" \/>\n                                                                                <\/div>\n                                            <div class=\"relative text-center w-[150px]\">\n                            <img decoding=\"async\" class=\"aspect-square w-full object-contain\" src=\"https:\/\/d2ris6qfzcz0wn.cloudfront.net\/wp-content\/uploads\/sites\/34\/2024\/06\/QualitySysCert_ISO9001.webp\" alt=\"\" \/>\n                                                                                <\/div>\n                                            <div class=\"relative text-center w-[150px]\">\n                            <img decoding=\"async\" class=\"aspect-square w-full object-contain\" src=\"https:\/\/d2ris6qfzcz0wn.cloudfront.net\/wp-content\/uploads\/sites\/34\/2024\/06\/EnvironmentalSysCert_ISO14001_col-1.jpg\" alt=\"\" \/>\n                                                                                <\/div>\n                                            <div class=\"relative text-center w-[150px]\">\n                            <img decoding=\"async\" class=\"aspect-square w-full object-contain\" src=\"https:\/\/d2ris6qfzcz0wn.cloudfront.net\/wp-content\/uploads\/sites\/34\/2024\/06\/ISO9001-14001-45001_625x625px-300x300.jpg.webp\" alt=\"\" \/>\n                                                                                <\/div>\n                                        <\/div>\n                <\/div>\n            <\/div>\n        <\/div>\n    \n\n\n        <style>\n            .lindstrom-container--block_39137a8878c674e16db615e6e30f2e00 {                \n                padding-top: 35px;\n                padding-bottom: 35px;\n            }\n\n            @media screen and (min-width: 768px) {\n                .lindstrom-container--block_39137a8878c674e16db615e6e30f2e00 {\n                    padding-top: 75px;\n                    padding-bottom: 75px;\n                }\n            }\n        <\/style>\n    \n<div\n    class=\"lindstrom-container-wrapper lindstrom-container lindstrom-container--block_39137a8878c674e16db615e6e30f2e00 \"\n    id=\"block_39137a8878c674e16db615e6e30f2e00\"\n    style=\"background-color: #ffffff\"\n    >\n    <div class=\"lindstrom-container lindstrom-container--content items-stretch\">\n        \n\n        <div \n        id=\"cta-country-block_c067d6db61a987889667fc7887be169b\" \n        class=\"cta-country\"\n    >\n        <div class=\"flex flex-col gap-5\" style=\"align-items: flex-start\">\n                            <h2 class='!text-title-small lg:!text-title-medium !text-grey-100 !font-bold !my-0'>                    Hur v\u00e5r arbetskl\u00e4destj\u00e4nst funkar                <\/h2>                                    <div class=\"cta-button-container cta-button-container--row\">\n                            <\/div>\n        <\/div>\n    <\/div>\n    \n\n\n    <div \n        id=\"block_e0b98d459c257706eb1f761533fd9ad6\"\n        class=\"visualization-service-cycles visualization-service-cycles--block_e0b98d459c257706eb1f761533fd9ad6  \"\n    >\n                            \n            <div class=\"service-cycle__steps flex flex-col\">\n                <div class=\"flex flex-col lg:flex-row\">\n                                            <div \n                            class=\"service-cycle__box\"\n                            style=\"background-color: #ca005d;\"\n                        >\n                            <div class=\"items-center\">\n                                <span class='icon-magnifying-glass' style='font-size: 40px;color: #ffffff;'><\/span>                            <\/div>\n                            <div class=\"text-white flex flex-col gap-1\">\n                                <div class=\"text-title-small font-bold\">\n                                    Tillsammans tar vi fram en kollektion anpassad f\u00f6r just din verksamhet                                <\/div>\n                                                            <\/div>                            \n                            <div \n                                class=\"service-cycle__box-triangle\"\n                                style=\"background-color: #ca005d\"\n                            >\n                            <\/div>                            \n                        <\/div>\n\n                                                                    <div \n                            class=\"service-cycle__box\"\n                            style=\"background-color: #7c109a;\"\n                        >\n                            <div class=\"items-center\">\n                                <span class='icon-delivery' style='font-size: 40px;color: #ffffff;'><\/span>                            <\/div>\n                            <div class=\"text-white flex flex-col gap-1\">\n                                <div class=\"text-title-small font-bold\">\n                                    Vi tv\u00e4ttar och underh\u00e5ller arbetskl\u00e4derna                                <\/div>\n                                                            <\/div>                            \n                            <div \n                                class=\"service-cycle__box-triangle\"\n                                style=\"background-color: #7c109a\"\n                            >\n                            <\/div>                            \n                        <\/div>\n\n                                                                    <div \n                            class=\"service-cycle__box\"\n                            style=\"background-color: #003f72;\"\n                        >\n                            <div class=\"items-center\">\n                                <span class='icon-thread-and-needle' style='font-size: 40px;color: #ffffff;'><\/span>                            <\/div>\n                            <div class=\"text-white flex flex-col gap-1\">\n                                <div class=\"text-title-small font-bold\">\n                                    Vid behov reparerar eller byter vi ut anv\u00e4nda arbetskl\u00e4der                                <\/div>\n                                                            <\/div>                            \n                            <div \n                                class=\"service-cycle__box-triangle\"\n                                style=\"background-color: #003f72\"\n                            >\n                            <\/div>                            \n                        <\/div>\n\n                                                                    <div \n                            class=\"service-cycle__box\"\n                            style=\"background-color: #006f86;\"\n                        >\n                            <div class=\"items-center\">\n                                <span class='icon-devices' style='font-size: 40px;color: #ffffff;'><\/span>                            <\/div>\n                            <div class=\"text-white flex flex-col gap-1\">\n                                <div class=\"text-title-small font-bold\">\n                                    Du kan enkelt hantera textilf\u00f6rbrukningen online                                <\/div>\n                                                            <\/div>                            \n                            <div \n                                class=\"service-cycle__box-triangle\"\n                                style=\"background-color: #006f86\"\n                            >\n                            <\/div>                            \n                        <\/div>\n\n                                                                    <div \n                            class=\"service-cycle__box\"\n                            style=\"background-color: #578200;\"\n                        >\n                            <div class=\"items-center\">\n                                <span class='icon-check-circle' style='font-size: 40px;color: #ffffff;'><\/span>                            <\/div>\n                            <div class=\"text-white flex flex-col gap-1\">\n                                <div class=\"text-title-small font-bold\">\n                                    Vi tar ansvar f\u00f6r lagring och kassering av gamla arbetskl\u00e4der.                                <\/div>\n                                                            <\/div>                            \n                            <div \n                                class=\"service-cycle__box-triangle\"\n                                style=\"background-color: #578200\"\n                            >\n                            <\/div>                            \n                        <\/div>\n\n                                                            <\/div>\n\n                <div class=\"hidden lg:flex\">\n                                            <div class=\"service-cycle__long-description\">\n                                                    <\/div>\n                                            <div class=\"service-cycle__long-description\">\n                                                    <\/div>\n                                            <div class=\"service-cycle__long-description\">\n                                                    <\/div>\n                                            <div class=\"service-cycle__long-description\">\n                                                    <\/div>\n                                            <div class=\"service-cycle__long-description\">\n                                                    <\/div>\n                                    <\/div>\n                \n            <\/div>\n            <\/div>\n\n\n    <\/div>\n<\/div>\n\n\n\n<div\n    class=\"lindstrom-container-wrapper lindstrom-container lindstrom-container--block_a24b924477a32d1f42663644390e962d \"\n    id=\"block_a24b924477a32d1f42663644390e962d\"\n    style=\"background-color: #ffffff\"\n    >\n    <div class=\"lindstrom-container lindstrom-container--content items-stretch\">\n        \n\n        <style>\n            .lindstrom-container--block_ef9b9898714e87166fefdb9836805971 {                \n                padding-top: 35px;\n                padding-bottom: 35px;\n            }\n\n            @media screen and (min-width: 768px) {\n                .lindstrom-container--block_ef9b9898714e87166fefdb9836805971 {\n                    padding-top: 10px;\n                    padding-bottom: 10px;\n                }\n            }\n        <\/style>\n    \n<div\n    class=\"lindstrom-container-wrapper lindstrom-container lindstrom-container--block_ef9b9898714e87166fefdb9836805971 \"\n    id=\"block_ef9b9898714e87166fefdb9836805971\"\n    style=\"background-color: #ffffff\"\n    >\n    <div class=\"lindstrom-container lindstrom-container--content items-stretch\">\n        \n\n<div class=\"wp-block-columns are-vertically-aligned-top is-style-default is-layout-flex wp-container-core-columns-is-layout-28f84493 wp-block-columns-is-layout-flex\">\n<div class=\"wp-block-column is-vertically-aligned-top is-layout-flow wp-block-column-is-layout-flow\">\n<figure class=\"wp-block-image size-large is-resized\"><img decoding=\"async\" width=\"1024\" height=\"683\" src=\"https:\/\/d2ris6qfzcz0wn.cloudfront.net\/wp-content\/uploads\/sites\/34\/2024\/06\/high-1843-LINDSTROM-employer-branding-02-2022-1-1024x683.jpg\" alt=\"\" class=\"wp-image-17255\" style=\"aspect-ratio:4\/3;object-fit:cover;width:1130px;height:auto\" srcset=\"https:\/\/d2ris6qfzcz0wn.cloudfront.net\/wp-content\/uploads\/sites\/34\/2024\/06\/high-1843-LINDSTROM-employer-branding-02-2022-1-1024x683.jpg 1024w, https:\/\/d2ris6qfzcz0wn.cloudfront.net\/wp-content\/uploads\/sites\/34\/2024\/06\/high-1843-LINDSTROM-employer-branding-02-2022-1-300x200.jpg 300w, https:\/\/d2ris6qfzcz0wn.cloudfront.net\/wp-content\/uploads\/sites\/34\/2024\/06\/high-1843-LINDSTROM-employer-branding-02-2022-1-768x512.jpg 768w, https:\/\/d2ris6qfzcz0wn.cloudfront.net\/wp-content\/uploads\/sites\/34\/2024\/06\/high-1843-LINDSTROM-employer-branding-02-2022-1-1536x1024.jpg 1536w, https:\/\/d2ris6qfzcz0wn.cloudfront.net\/wp-content\/uploads\/sites\/34\/2024\/06\/high-1843-LINDSTROM-employer-branding-02-2022-1.jpg 2048w\" sizes=\"(max-width: 1024px) 100vw, 1024px\" \/><\/figure>\n<\/div>\n\n\n\n<div class=\"wp-block-column is-vertically-aligned-top is-layout-flow wp-block-column-is-layout-flow\">\n        <style>\n            .lindstrom-container--block_39137a8878c674e16db615e6e30f2e00 {                \n                padding-top: 35px;\n                padding-bottom: 35px;\n            }\n\n            @media screen and (min-width: 768px) {\n                .lindstrom-container--block_39137a8878c674e16db615e6e30f2e00 {\n                    padding-top: 75px;\n                    padding-bottom: 75px;\n                }\n            }\n        <\/style>\n    \n<div\n    class=\"lindstrom-container-wrapper lindstrom-container lindstrom-container--block_39137a8878c674e16db615e6e30f2e00 \"\n    id=\"block_39137a8878c674e16db615e6e30f2e00\"\n    style=\"background-color: #ffffff\"\n    >\n    <div class=\"lindstrom-container lindstrom-container--content items-stretch\">\n        \n\n    <div id=\"hubspot-contact-form-block_ce29ffdfb3c4bcf5b44e3d78868fe802\" class=\"hubspot-contact-form\">\n                    <h2 class=\"mt-0 !mb-5 lg:!mb-10 font-bold !text-title-small lg:!text-title-medium\">\n                Vill du f\u00e5 ett prisf\u00f6rslag?            <\/h2>\n        \n                    <p class=\"!-mt-4 lg:!-mt-8 !mb-5 lg:!mb-10 !text-body-small\">\n                V\u00e4nligen fyll i kontaktformul\u00e4ret nedan eller ring oss p\u00e5: +46 10 330 35 10.            <\/p>\n        \n        <div class=\"form-wrapper\"><\/div>\n        <div class=\"editor-message\">\n            Please set a valid form ID.\n        <\/div>\n    <\/div>\n\n<script>\n    \/**\n     * Generate dynamic init form function name to prevent it get re-initialized if there are multiple forms in a page\n     *\/\n    function initForm_69f4ec64e1859() {\n        \/\/ retry until hubspot script is initialized\n        if (typeof hbspt !== \"undefined\") {\n            hbspt.forms.create({\n                region: \"eu1\",\n                portalId: \"2758505\",\n                formId: \"d2fc8692-adf4-4146-bc87-bfbc3fabaca9\",\n                target: `#hubspot-contact-form-block_ce29ffdfb3c4bcf5b44e3d78868fe802 .form-wrapper`,\n                onFormReady: (arg) => {\n                    const hasFeaturedField = 0;\n                    if (!hasFeaturedField) {\n                        return\n                    }\n    \n                    \/\/ in case the featured field is not available in the form\n                    const featuredField = document.querySelector(`#hubspot-contact-form-block_ce29ffdfb3c4bcf5b44e3d78868fe802 .none`);\n                    if (!featuredField) {\n                        return\n                    }\n    \n                    \/\/ only support checkbox field for now\n                    convertCheckboxFeaturedField(featuredField)                \n                }\n            });\n            return;\n        }\n\n        setTimeout(initForm_69f4ec64e1859, 250);\n    }\n\n    function convertCheckboxFeaturedField(featuredField) {\n        const fieldsetWrapper = featuredField.parentElement\n        \n        \/\/ add the featured field class to the wrapper fieldset element\n        \/\/ transform the featured field's UI via CSS\n        fieldsetWrapper.classList.add('featured-field')\n\n        \/\/ calculate and add enough space to display the featured field on top of the form\n        calculateFeaturedFieldSize(fieldsetWrapper)\n        window.addEventListener('resize', () => {\n            calculateFeaturedFieldSize(fieldsetWrapper)\n        })\n    }\n    \n    function calculateFeaturedFieldSize (fieldsetWrapper) {\n        fieldsetWrapper\n            .closest('.hubspot-contact-form--has-featured-field')\n            .style\n            .paddingTop = fieldsetWrapper.offsetHeight + 50 + 'px';\n    }    \n\n    initForm_69f4ec64e1859();\n<\/script>\n\n\n    <\/div>\n<\/div>\n<\/div>\n<\/div>\n\n\n    <\/div>\n<\/div>\n\n\n    <\/div>\n<\/div>\n\n\n\n        <style>\n            .lindstrom-container--block_a5a48a0e496409d9b75230e0e287b7fc {                \n                padding-top: 35px;\n                padding-bottom: 35px;\n            }\n\n            @media screen and (min-width: 768px) {\n                .lindstrom-container--block_a5a48a0e496409d9b75230e0e287b7fc {\n                    padding-top: 75px;\n                    padding-bottom: 75px;\n                }\n            }\n        <\/style>\n    \n<div\n    class=\"lindstrom-container-wrapper lindstrom-container lindstrom-container--block_a5a48a0e496409d9b75230e0e287b7fc \"\n    id=\"block_a5a48a0e496409d9b75230e0e287b7fc\"\n    style=\"background-color: #ffffff\"\n    >\n    <div class=\"lindstrom-container lindstrom-container--content items-stretch\">\n        \n\n<style>\n    @media only screen and (max-width: 1200px) {\n        #block_f1ffde5db2bd1bef98dec97dcfe33221 .blogposts__container {\n            grid-template-columns: repeat(4, 1fr);\n        }\n    }\n<\/style>\n\n            <div \n            id=\"block_f1ffde5db2bd1bef98dec97dcfe33221\" \n            class=\"blogposts blogposts--block_f1ffde5db2bd1bef98dec97dcfe33221 \"\n        >\n            <div class=\"blogposts\">\n                <div class=\"blogposts__container post-row\">\n                    \n        <div class='post-card relative' data-index='18439'>\n            <img\n                class='post-card__image' \n                src='https:\/\/d2ris6qfzcz0wn.cloudfront.net\/wp-content\/uploads\/sites\/34\/2025\/06\/Lindstrom-PRODEM-Tukums-Latvia-daily-work-WEB-2022-53-1-1024x700.jpg' \n                alt='Arbetskl\u00e4der f\u00f6r f\u00f6retag &#8211; v\u00e4lj r\u00e4tt l\u00f6sning f\u00f6r er verksamhet' \n            \/>\n            <div class='post-card__content'>\n                <div class='post-card__categories z-20'>\n            <a\n                class='post-card__category'\n                href='https:\/\/lindstromgroup.com\/se\/category\/articles\/'\n            >\n                Artiklar\n            <\/a><\/div>\n                <div class='post-card__title'>\n                    Arbetskl\u00e4der f\u00f6r f\u00f6retag &#8211; v\u00e4lj r\u00e4tt l\u00f6sning f\u00f6r er verksamhet\n                <\/div>\n                <p class='post-card__excerpt'>\n                    V\u00e4lj r\u00e4tt l\u00f6sning f\u00f6r arbetskl\u00e4der. Vi guidar er genom smarta ink\u00f6p, cirkul\u00e4r tv\u00e4ttservice och digital plaggkontroll\n                <\/p>\n                <div class='post-card__tags z-20'>\n            <a\n                class='post-card__tag'\n                href='https:\/\/lindstromgroup.com\/se\/tag\/arbetsklader\/'\n                style='border: 1px solid ; color: ;'\n            >\n                #arbetskl\u00e4der\n            <\/a><\/div>\n            <\/div>\n            <a href='\/se\/articles\/arbetsklader-for-foretag-valj-ratt-losning-for-er-verksamhet\/' class='absolute inset-0 w-full h-full z-10'><\/a>\n        <\/div>\n    \n        <div class='post-card relative' data-index='17883'>\n            <img\n                class='post-card__image' \n                src='https:\/\/d2ris6qfzcz0wn.cloudfront.net\/wp-content\/uploads\/sites\/3\/2024\/01\/Service-representative_010_Lindstrom-1024x683.jpg' \n                alt='Lindstr\u00f6m och Comforta expanderar i Sverige med ett nytt servicecenter i G\u00f6teborg' \n            \/>\n            <div class='post-card__content'>\n                <div class='post-card__categories z-20'>\n            <a\n                class='post-card__category'\n                href='https:\/\/lindstromgroup.com\/se\/category\/articles\/'\n            >\n                Artiklar\n            <\/a><\/div>\n                <div class='post-card__title'>\n                    Lindstr\u00f6m och Comforta expanderar i Sverige med ett nytt servicecenter i G\u00f6teborg\n                <\/div>\n                <p class='post-card__excerpt'>\n                    Lindstr\u00f6m ut\u00f6kar sin verksamhet i Sverige genom att \u00f6ppna ett nytt servicecenter i G\u00f6teborg. Anl\u00e4ggningen \u00e4r utformad enligt principerna f\u00f6r cirkul\u00e4r ekonomi och utrustad med avancerad energibesparande teknik f\u00f6r att fr\u00e4mja effektiv resursanv\u00e4ndning och minska avfall.\n                <\/p>\n                <div class='post-card__tags z-20'>\n            <a\n                class='post-card__tag'\n                href='https:\/\/lindstromgroup.com\/se\/tag\/hoteltextiles\/'\n                style='border: 1px solid ; color: ;'\n            >\n                #hotelltextilier\n            <\/a>\n            <a\n                class='post-card__tag'\n                href='https:\/\/lindstromgroup.com\/se\/tag\/hallbarhet\/'\n                style='border: 1px solid ; color: ;'\n            >\n                #h\u00e5llbarhet\n            <\/a><\/div>\n            <\/div>\n            <a href='\/se\/articles\/lindstrom-och-comforta-expanderar-i-sverige-med-ett-nytt-servicecenter-i-goteborg\/' class='absolute inset-0 w-full h-full z-10'><\/a>\n        <\/div>\n    \n        <div class='post-card relative' data-index='17859'>\n            <img\n                class='post-card__image' \n                src='https:\/\/d2ris6qfzcz0wn.cloudfront.net\/wp-content\/uploads\/sites\/34\/2025\/02\/0R8A8278-1024x320.jpg' \n                alt='F\u00f6renkla hanteringen av arbetskl\u00e4der med v\u00e5r digitala l\u00f6sning' \n            \/>\n            <div class='post-card__content'>\n                <div class='post-card__categories z-20'>\n            <a\n                class='post-card__category'\n                href='https:\/\/lindstromgroup.com\/se\/category\/articles\/'\n            >\n                Artiklar\n            <\/a><\/div>\n                <div class='post-card__title'>\n                    F\u00f6renkla hanteringen av arbetskl\u00e4der med v\u00e5r digitala l\u00f6sning\n                <\/div>\n                <p class='post-card__excerpt'>\n                    Effektiv hantering av arbetskl\u00e4der med v\u00e5r digitala l\u00f6sning: komplett service fr\u00e5n leverans till underh\u00e5ll.\n                <\/p>\n                <div class='post-card__tags z-20'>\n            <a\n                class='post-card__tag'\n                href='https:\/\/lindstromgroup.com\/se\/tag\/arbetsklader\/'\n                style='border: 1px solid ; color: ;'\n            >\n                #arbetskl\u00e4der\n            <\/a>\n            <a\n                class='post-card__tag'\n                href='https:\/\/lindstromgroup.com\/se\/tag\/elindstrom\/'\n                style='border: 1px solid ; color: ;'\n            >\n                #eLindstr\u00f6m\n            <\/a>\n            <a\n                class='post-card__tag'\n                href='https:\/\/lindstromgroup.com\/se\/tag\/hallbarhet\/'\n                style='border: 1px solid ; color: ;'\n            >\n                #h\u00e5llbarhet\n            <\/a><\/div>\n            <\/div>\n            <a href='\/se\/articles\/forenkla-arbetsklader-med-en-digitalt-stodd-losning\/' class='absolute inset-0 w-full h-full z-10'><\/a>\n        <\/div>\n                    <\/div>\n                <div class=\"post-row-mobile-carousel\"><\/div>\n            <\/div>\n        <\/div>\n    \n\n    <\/div>\n<\/div>\n","protected":false},"excerpt":{"rendered":"","protected":false},"author":79,"featured_media":16957,"parent":0,"menu_order":0,"template":"","meta":{"_acf_changed":true,"inline_featured_image":false,"_eb_attr":"","site-sidebar-layout":"default","site-content-layout":"","ast-site-content-layout":"default","site-content-style":"default","site-sidebar-style":"default","ast-global-header-display":"","ast-banner-title-visibility":"","ast-main-header-display":"","ast-hfb-above-header-display":"","ast-hfb-below-header-display":"","ast-hfb-mobile-header-display":"","site-post-title":"","ast-breadcrumbs-content":"","ast-featured-img":"","footer-sml-layout":"","ast-disable-related-posts":"","theme-transparent-header-meta":"","adv-header-id-meta":"","stick-header-meta":"","header-above-stick-meta":"","header-main-stick-meta":"","header-below-stick-meta":"","astra-migrate-meta-layouts":"set","ast-page-background-enabled":"default","ast-page-background-meta":{"desktop":{"background-color":"var(--ast-global-color-4)","background-image":"","background-repeat":"repeat","background-position":"center center","background-size":"auto","background-attachment":"scroll","background-type":"","background-media":"","overlay-type":"","overlay-color":"","overlay-opacity":"","overlay-gradient":""},"tablet":{"background-color":"","background-image":"","background-repeat":"repeat","background-position":"center center","background-size":"auto","background-attachment":"scroll","background-type":"","background-media":"","overlay-type":"","overlay-color":"","overlay-opacity":"","overlay-gradient":""},"mobile":{"background-color":"","background-image":"","background-repeat":"repeat","background-position":"center center","background-size":"auto","background-attachment":"scroll","background-type":"","background-media":"","overlay-type":"","overlay-color":"","overlay-opacity":"","overlay-gradient":""}},"ast-content-background-meta":{"desktop":{"background-color":"var(--ast-global-color-5)","background-image":"","background-repeat":"repeat","background-position":"center center","background-size":"auto","background-attachment":"scroll","background-type":"","background-media":"","overlay-type":"","overlay-color":"","overlay-opacity":"","overlay-gradient":""},"tablet":{"background-color":"var(--ast-global-color-5)","background-image":"","background-repeat":"repeat","background-position":"center center","background-size":"auto","background-attachment":"scroll","background-type":"","background-media":"","overlay-type":"","overlay-color":"","overlay-opacity":"","overlay-gradient":""},"mobile":{"background-color":"var(--ast-global-color-5)","background-image":"","background-repeat":"repeat","background-position":"center center","background-size":"auto","background-attachment":"scroll","background-type":"","background-media":"","overlay-type":"","overlay-color":"","overlay-opacity":"","overlay-gradient":""}}},"coauthors":[25],"class_list":["post-16956","services","type-services","status-publish","has-post-thumbnail","hentry"],"acf":[],"yoast_head":"<!-- This site is optimized with the Yoast SEO plugin v27.2 - https:\/\/yoast.com\/product\/yoast-seo-wordpress\/ -->\n<title>Arbetskl\u00e4der F\u00f6r Tandl\u00e4kare - Lindstr\u00f6m Sverige<\/title>\n<meta name=\"description\" content=\"Arbetskl\u00e4der f\u00f6r tandv\u00e5rden som m\u00f6ter de h\u00f6ga kraven p\u00e5 hygien, komfort och funktion. Designade f\u00f6r r\u00f6relsefrihet under l\u00e5nga arbetspass.\" \/>\n<meta name=\"robots\" content=\"noindex, follow\" \/>\n<meta property=\"og:locale\" content=\"sv_SE\" \/>\n<meta property=\"og:type\" content=\"article\" \/>\n<meta property=\"og:title\" content=\"Arbetskl\u00e4der F\u00f6r Tandl\u00e4kare - Lindstr\u00f6m Sverige\" \/>\n<meta property=\"og:description\" content=\"Arbetskl\u00e4der f\u00f6r tandv\u00e5rden som m\u00f6ter de h\u00f6ga kraven p\u00e5 hygien, komfort och funktion. Designade f\u00f6r r\u00f6relsefrihet under l\u00e5nga arbetspass.\" \/>\n<meta property=\"og:url\" content=\"https:\/\/lindstromgroup.com\/se\/tjanster\/tandlakare\/\" \/>\n<meta property=\"og:site_name\" content=\"Lindstr\u00f6m Sverige\" \/>\n<meta property=\"article:modified_time\" content=\"2026-01-12T14:20:48+00:00\" \/>\n<meta property=\"og:image\" content=\"https:\/\/d2ris6qfzcz0wn.cloudfront.net\/wp-content\/uploads\/sites\/34\/2024\/06\/HIGH-1470-Lindstrom-healthcare-I-1400x933-1.jpg\" \/>\n\t<meta property=\"og:image:width\" content=\"1400\" \/>\n\t<meta property=\"og:image:height\" content=\"933\" \/>\n\t<meta property=\"og:image:type\" content=\"image\/jpeg\" \/>\n<meta name=\"twitter:card\" content=\"summary_large_image\" \/>\n<meta name=\"twitter:label1\" content=\"Ber\u00e4knad l\u00e4stid\" \/>\n\t<meta name=\"twitter:data1\" content=\"3 minuter\" \/>\n\t<meta name=\"twitter:label2\" content=\"Skriven av\" \/>\n\t<meta name=\"twitter:data2\" content=\"zuzananasincova\" \/>\n<script type=\"application\/ld+json\" class=\"yoast-schema-graph\">{\"@context\":\"https:\/\/schema.org\",\"@graph\":[{\"@type\":\"WebPage\",\"@id\":\"https:\/\/lindstromgroup.com\/se\/tjanster\/tandlakare\/\",\"url\":\"https:\/\/lindstromgroup.com\/se\/tjanster\/tandlakare\/\",\"name\":\"Arbetskl\u00e4der F\u00f6r Tandl\u00e4kare - Lindstr\u00f6m Sverige\",\"isPartOf\":{\"@id\":\"https:\/\/lindstromgroup.com\/se\/#website\"},\"primaryImageOfPage\":{\"@id\":\"https:\/\/lindstromgroup.com\/se\/tjanster\/tandlakare\/#primaryimage\"},\"image\":{\"@id\":\"https:\/\/lindstromgroup.com\/se\/tjanster\/tandlakare\/#primaryimage\"},\"thumbnailUrl\":\"https:\/\/d2ris6qfzcz0wn.cloudfront.net\/wp-content\/uploads\/sites\/34\/2024\/06\/HIGH-1470-Lindstrom-healthcare-I-1400x933-1.jpg\",\"datePublished\":\"2024-06-12T10:39:45+00:00\",\"dateModified\":\"2026-01-12T14:20:48+00:00\",\"description\":\"Arbetskl\u00e4der f\u00f6r tandv\u00e5rden som m\u00f6ter de h\u00f6ga kraven p\u00e5 hygien, komfort och funktion. Designade f\u00f6r r\u00f6relsefrihet under l\u00e5nga arbetspass.\",\"breadcrumb\":{\"@id\":\"https:\/\/lindstromgroup.com\/se\/tjanster\/tandlakare\/#breadcrumb\"},\"inLanguage\":\"sv-SE\",\"potentialAction\":[{\"@type\":\"ReadAction\",\"target\":[\"https:\/\/lindstromgroup.com\/se\/tjanster\/tandlakare\/\"]}]},{\"@type\":\"ImageObject\",\"inLanguage\":\"sv-SE\",\"@id\":\"https:\/\/lindstromgroup.com\/se\/tjanster\/tandlakare\/#primaryimage\",\"url\":\"https:\/\/d2ris6qfzcz0wn.cloudfront.net\/wp-content\/uploads\/sites\/34\/2024\/06\/HIGH-1470-Lindstrom-healthcare-I-1400x933-1.jpg\",\"contentUrl\":\"https:\/\/d2ris6qfzcz0wn.cloudfront.net\/wp-content\/uploads\/sites\/34\/2024\/06\/HIGH-1470-Lindstrom-healthcare-I-1400x933-1.jpg\",\"width\":1400,\"height\":933},{\"@type\":\"BreadcrumbList\",\"@id\":\"https:\/\/lindstromgroup.com\/se\/tjanster\/tandlakare\/#breadcrumb\",\"itemListElement\":[{\"@type\":\"ListItem\",\"position\":1,\"name\":\"Lindstr\u00f6m\",\"item\":\"https:\/\/lindstromgroup.com\/se\/\"},{\"@type\":\"ListItem\",\"position\":2,\"name\":\"Arbetskl\u00e4der F\u00f6r Tandl\u00e4kare\"}]},{\"@type\":\"WebSite\",\"@id\":\"https:\/\/lindstromgroup.com\/se\/#website\",\"url\":\"https:\/\/lindstromgroup.com\/se\/\",\"name\":\"Lindstr\u00f6m Sverige\",\"description\":\"Lindstr\u00f6m Group - Textilservice och Tv\u00e4ttservice\",\"publisher\":{\"@id\":\"https:\/\/lindstromgroup.com\/se\/#organization\"},\"potentialAction\":[{\"@type\":\"SearchAction\",\"target\":{\"@type\":\"EntryPoint\",\"urlTemplate\":\"https:\/\/lindstromgroup.com\/se\/?s={search_term_string}\"},\"query-input\":{\"@type\":\"PropertyValueSpecification\",\"valueRequired\":true,\"valueName\":\"search_term_string\"}}],\"inLanguage\":\"sv-SE\"},{\"@type\":\"Organization\",\"@id\":\"https:\/\/lindstromgroup.com\/se\/#organization\",\"name\":\"Lindstr\u00f6m Sverige\",\"url\":\"https:\/\/lindstromgroup.com\/se\/\",\"logo\":{\"@type\":\"ImageObject\",\"inLanguage\":\"sv-SE\",\"@id\":\"https:\/\/lindstromgroup.com\/se\/#\/schema\/logo\/image\/\",\"url\":\"https:\/\/d2ris6qfzcz0wn.cloudfront.net\/wp-content\/uploads\/sites\/3\/2023\/10\/Logo512.png\",\"contentUrl\":\"https:\/\/d2ris6qfzcz0wn.cloudfront.net\/wp-content\/uploads\/sites\/3\/2023\/10\/Logo512.png\",\"width\":512,\"height\":109,\"caption\":\"Lindstr\u00f6m Sverige\"},\"image\":{\"@id\":\"https:\/\/lindstromgroup.com\/se\/#\/schema\/logo\/image\/\"}}]}<\/script>\n<!-- \/ Yoast SEO plugin. -->","yoast_head_json":{"title":"Arbetskl\u00e4der F\u00f6r Tandl\u00e4kare - Lindstr\u00f6m Sverige","description":"Arbetskl\u00e4der f\u00f6r tandv\u00e5rden som m\u00f6ter de h\u00f6ga kraven p\u00e5 hygien, komfort och funktion. Designade f\u00f6r r\u00f6relsefrihet under l\u00e5nga arbetspass.","robots":{"index":"noindex","follow":"follow"},"og_locale":"sv_SE","og_type":"article","og_title":"Arbetskl\u00e4der F\u00f6r Tandl\u00e4kare - Lindstr\u00f6m Sverige","og_description":"Arbetskl\u00e4der f\u00f6r tandv\u00e5rden som m\u00f6ter de h\u00f6ga kraven p\u00e5 hygien, komfort och funktion. Designade f\u00f6r r\u00f6relsefrihet under l\u00e5nga arbetspass.","og_url":"https:\/\/lindstromgroup.com\/se\/tjanster\/tandlakare\/","og_site_name":"Lindstr\u00f6m Sverige","article_modified_time":"2026-01-12T14:20:48+00:00","og_image":[{"width":1400,"height":933,"url":"https:\/\/d2ris6qfzcz0wn.cloudfront.net\/wp-content\/uploads\/sites\/34\/2024\/06\/HIGH-1470-Lindstrom-healthcare-I-1400x933-1.jpg","type":"image\/jpeg"}],"twitter_card":"summary_large_image","twitter_misc":{"Ber\u00e4knad l\u00e4stid":"3 minuter","Skriven av":"zuzananasincova"},"schema":{"@context":"https:\/\/schema.org","@graph":[{"@type":"WebPage","@id":"https:\/\/lindstromgroup.com\/se\/tjanster\/tandlakare\/","url":"https:\/\/lindstromgroup.com\/se\/tjanster\/tandlakare\/","name":"Arbetskl\u00e4der F\u00f6r Tandl\u00e4kare - Lindstr\u00f6m Sverige","isPartOf":{"@id":"https:\/\/lindstromgroup.com\/se\/#website"},"primaryImageOfPage":{"@id":"https:\/\/lindstromgroup.com\/se\/tjanster\/tandlakare\/#primaryimage"},"image":{"@id":"https:\/\/lindstromgroup.com\/se\/tjanster\/tandlakare\/#primaryimage"},"thumbnailUrl":"https:\/\/d2ris6qfzcz0wn.cloudfront.net\/wp-content\/uploads\/sites\/34\/2024\/06\/HIGH-1470-Lindstrom-healthcare-I-1400x933-1.jpg","datePublished":"2024-06-12T10:39:45+00:00","dateModified":"2026-01-12T14:20:48+00:00","description":"Arbetskl\u00e4der f\u00f6r tandv\u00e5rden som m\u00f6ter de h\u00f6ga kraven p\u00e5 hygien, komfort och funktion. Designade f\u00f6r r\u00f6relsefrihet under l\u00e5nga arbetspass.","breadcrumb":{"@id":"https:\/\/lindstromgroup.com\/se\/tjanster\/tandlakare\/#breadcrumb"},"inLanguage":"sv-SE","potentialAction":[{"@type":"ReadAction","target":["https:\/\/lindstromgroup.com\/se\/tjanster\/tandlakare\/"]}]},{"@type":"ImageObject","inLanguage":"sv-SE","@id":"https:\/\/lindstromgroup.com\/se\/tjanster\/tandlakare\/#primaryimage","url":"https:\/\/d2ris6qfzcz0wn.cloudfront.net\/wp-content\/uploads\/sites\/34\/2024\/06\/HIGH-1470-Lindstrom-healthcare-I-1400x933-1.jpg","contentUrl":"https:\/\/d2ris6qfzcz0wn.cloudfront.net\/wp-content\/uploads\/sites\/34\/2024\/06\/HIGH-1470-Lindstrom-healthcare-I-1400x933-1.jpg","width":1400,"height":933},{"@type":"BreadcrumbList","@id":"https:\/\/lindstromgroup.com\/se\/tjanster\/tandlakare\/#breadcrumb","itemListElement":[{"@type":"ListItem","position":1,"name":"Lindstr\u00f6m","item":"https:\/\/lindstromgroup.com\/se\/"},{"@type":"ListItem","position":2,"name":"Arbetskl\u00e4der F\u00f6r Tandl\u00e4kare"}]},{"@type":"WebSite","@id":"https:\/\/lindstromgroup.com\/se\/#website","url":"https:\/\/lindstromgroup.com\/se\/","name":"Lindstr\u00f6m Sverige","description":"Lindstr\u00f6m Group - Textilservice och Tv\u00e4ttservice","publisher":{"@id":"https:\/\/lindstromgroup.com\/se\/#organization"},"potentialAction":[{"@type":"SearchAction","target":{"@type":"EntryPoint","urlTemplate":"https:\/\/lindstromgroup.com\/se\/?s={search_term_string}"},"query-input":{"@type":"PropertyValueSpecification","valueRequired":true,"valueName":"search_term_string"}}],"inLanguage":"sv-SE"},{"@type":"Organization","@id":"https:\/\/lindstromgroup.com\/se\/#organization","name":"Lindstr\u00f6m Sverige","url":"https:\/\/lindstromgroup.com\/se\/","logo":{"@type":"ImageObject","inLanguage":"sv-SE","@id":"https:\/\/lindstromgroup.com\/se\/#\/schema\/logo\/image\/","url":"https:\/\/d2ris6qfzcz0wn.cloudfront.net\/wp-content\/uploads\/sites\/3\/2023\/10\/Logo512.png","contentUrl":"https:\/\/d2ris6qfzcz0wn.cloudfront.net\/wp-content\/uploads\/sites\/3\/2023\/10\/Logo512.png","width":512,"height":109,"caption":"Lindstr\u00f6m Sverige"},"image":{"@id":"https:\/\/lindstromgroup.com\/se\/#\/schema\/logo\/image\/"}}]}},"publishpress_future_workflow_manual_trigger":{"enabledWorkflows":[]},"distributor_meta":false,"distributor_terms":false,"distributor_media":false,"distributor_original_site_name":"Lindstr\u00f6m Sverige","distributor_original_site_url":"https:\/\/lindstromgroup.com\/se","push-errors":false,"_links":{"self":[{"href":"https:\/\/lindstromgroup.com\/se\/wp-json\/wp\/v2\/services\/16956","targetHints":{"allow":["GET"]}}],"collection":[{"href":"https:\/\/lindstromgroup.com\/se\/wp-json\/wp\/v2\/services"}],"about":[{"href":"https:\/\/lindstromgroup.com\/se\/wp-json\/wp\/v2\/types\/services"}],"author":[{"embeddable":true,"href":"https:\/\/lindstromgroup.com\/se\/wp-json\/wp\/v2\/users\/79"}],"wp:featuredmedia":[{"embeddable":true,"href":"https:\/\/lindstromgroup.com\/se\/wp-json\/wp\/v2\/media\/16957"}],"wp:attachment":[{"href":"https:\/\/lindstromgroup.com\/se\/wp-json\/wp\/v2\/media?parent=16956"}],"wp:term":[{"taxonomy":"author","embeddable":true,"href":"https:\/\/lindstromgroup.com\/se\/wp-json\/wp\/v2\/coauthors?post=16956"}],"curies":[{"name":"wp","href":"https:\/\/api.w.org\/{rel}","templated":true}]}}