
    {"id":16925,"date":"2024-06-11T13:29:54","date_gmt":"2024-06-11T13:29:54","guid":{"rendered":"https:\/\/lindstromgroup.com\/se\/?post_type=services&#038;p=16925"},"modified":"2026-01-12T14:07:30","modified_gmt":"2026-01-12T14:07:30","slug":"arbetskladerstjanst-for-livsmedelsproduktion","status":"publish","type":"services","link":"https:\/\/lindstromgroup.com\/se\/tjanster\/arbetskladerstjanst-for-livsmedelsproduktion\/","title":{"rendered":"Arbetskl\u00e4der f\u00f6r livsmedelsproduktion"},"content":{"rendered":"\n    <div\n        id=\"block_afa338c872cdbf8adfa42d4a59feb447\"\n        class=\"hero-sub hero-sub--block_afa338c872cdbf8adfa42d4a59feb447  flex flex-col-reverse lg:flex-row justify-between bg-dark-blue text-white\"\n    >        \n        <div class=\"flex flex-col gap-5 pt-10 pb-5 grow px-5 lg:px-20\">\n            <div class=\"flex flex-col justify-center gap-3 grow max-w-[var(--container-text-max)]\">\n                <h1 class=\"!mb-0 !text-white !text-title-medium lg:!text-title-large !font-bold hyphens-auto break-words\">\n                    Arbetskl\u00e4der f\u00f6r livsmedelsproduktion                <\/h1>\n    \n                <div class=\"hero-sub__description\">\n                    <p>Vi erbjuder ett komplett sortiment av arbetskl\u00e4der f\u00f6r livs och hygien. Hyr era arbetskl\u00e4der \u2013 en komplett och smidig service.<\/p>\n                <\/div>\n    \n                                    <div class=\"flex flex-col flex-wrap gap-3 mt-3 md:flex-row\">\n                                                                                    <a \n                                    class=\"px-5 py-3 font-bold text-center text-link-small rounded-[30px] border-2 border-white !no-underline bg-white !text-dark-blue button-solid--white\"\n                                    href=\"#quote\"\n                                    target=\"_self\"\n                                >\n                                    Jag vill ha ett prisf\u00f6rslag                                <\/a>\n                                                                                                                <a \n                                    class=\"px-5 py-3 font-bold text-center text-link-small rounded-[30px] border-2 border-white !no-underline bg-transparent !text-white button-outlined--white\"\n                                    href=\"https:\/\/group.lindstromgroup.com\/sv\/arbetsklader-livsmedelsindustrin\"\n                                    target=\"_self\"\n                                >\n                                    Ladda ner FoodIn kollektionen                                <\/a>\n                                                                        <\/div>\n                \n                            <\/div>\n                            <div class=\"font-bold hero-sub__breadcrumb text-body-small\">\n                        <span><span><a href=\"https:\/\/lindstromgroup.com\/se\/\">Lindstr\u00f6m<\/a><\/span><\/span>                <\/div>\n                    <\/div>\n\n        <div class=\"[&#038;_picture]:w-full flex h-full lg:h-auto max-h-[350px] lg:max-h-none lg:min-h-full w-full lg:w-[650px]\">\n            <img decoding=\"async\"\n                class=\"object-cover w-full h-full\"\n                src=\"https:\/\/d2ris6qfzcz0wn.cloudfront.net\/wp-content\/uploads\/sites\/34\/2024\/06\/Food-industry-177811797_l-1024x455.jpeg\"\n                alt=\"Vi erbjuder ett komplett sortiment av arbetskl\u00e4der f\u00f6r livs och hygien. Hyr era arbetskl\u00e4der \u2013 en komplett och smidig service.\"\n            >\n        <\/div>\n    <\/div>\n\n\n\n        <div\n        id=\"block_a3edf113264ec9de01d475006f05b732\" \n        class=\"anchor-link anchor-link--block_a3edf113264ec9de01d475006f05b732 \"\n        >\n            <div class=\"anchor-links__navbar lindstrom-container lindstrom-container--content has-scrolling-gradient\">\n                <ul>\n                                        <li class=\"navbar__item\">\n                        <a \n                            href=\"#catalogues\" \n                            onMouseOver=\"this.style.color='#003f72'\" \n                            onMouseOut=\"this.style.color='var(--color-grey-50)'\">\n                                Kollektioner                        <\/a>\n                    <\/li>\n                                        <li class=\"navbar__item\">\n                        <a \n                            href=\"#certifications\" \n                            onMouseOver=\"this.style.color='#003f72'\" \n                            onMouseOut=\"this.style.color='var(--color-grey-50)'\">\n                                Certifieringar                        <\/a>\n                    <\/li>\n                                        <li class=\"navbar__item\">\n                        <a \n                            href=\"#funkar\" \n                            onMouseOver=\"this.style.color='#003f72'\" \n                            onMouseOut=\"this.style.color='var(--color-grey-50)'\">\n                                Hur det funkar                        <\/a>\n                    <\/li>\n                                        <li class=\"navbar__item\">\n                        <a \n                            href=\"#faq\" \n                            onMouseOver=\"this.style.color='#003f72'\" \n                            onMouseOut=\"this.style.color='var(--color-grey-50)'\">\n                                Vanliga fr\u00e5gor                        <\/a>\n                    <\/li>\n                                        <li class=\"navbar__item\">\n                        <a \n                            href=\"#about\" \n                            onMouseOver=\"this.style.color='#003f72'\" \n                            onMouseOut=\"this.style.color='var(--color-grey-50)'\">\n                                Om Lindstr\u00f6m                        <\/a>\n                    <\/li>\n                                    <\/ul>\n            <\/div>\n        <\/div>\n    \n\n\n        <style>\n            .lindstrom-container--block_6d8a1311eaa932cb89b42d252a1f9ce6 {                \n                padding-top: 35px;\n                padding-bottom: 0px;\n            }\n\n            @media screen and (min-width: 768px) {\n                .lindstrom-container--block_6d8a1311eaa932cb89b42d252a1f9ce6 {\n                    padding-top: 75px;\n                    padding-bottom: 0px;\n                }\n            }\n        <\/style>\n    \n<div\n    class=\"lindstrom-container-wrapper lindstrom-container lindstrom-container--block_6d8a1311eaa932cb89b42d252a1f9ce6 \"\n    id=\"intro\"\n    style=\"background-color: #ffffff\"\n    >\n    <div class=\"lindstrom-container lindstrom-container--text items-stretch\">\n        \n\n<div class=\"wp-block-columns is-layout-flex wp-container-core-columns-is-layout-28f84493 wp-block-columns-is-layout-flex\">\n<div class=\"wp-block-column is-layout-flow wp-block-column-is-layout-flow\">\n<p class=\"has-text-align-center\">Inom livsmedelsindustrin \u00e4r arbetskl\u00e4der en kritisk del av livsmedelss\u00e4kerheten. V\u00e5r designprocess utg\u00e5r d\u00e4rf\u00f6r alltid fr\u00e5n er specifika produktionsmilj\u00f6 och riskklassning. Det inneb\u00e4r allt fr\u00e5n smarta, hygieniska detaljer som in\u00e5tv\u00e4nda fickor eller helt fickl\u00f6sa plagg f\u00f6r h\u00f6griskzoner, till materialval som garanterar optimal arbetskomfort \u2013 oavsett om det g\u00e4ller svala, ventilerande tyger f\u00f6r varma milj\u00f6er eller v\u00e4rmande plagg f\u00f6r kyl- och frysrum.<\/p>\n<\/div>\n\n\n\n<div class=\"wp-block-column is-layout-flow wp-block-column-is-layout-flow\">\n<p class=\"has-text-align-center\">Som er partner garanterar vi att b\u00e5de arbetskl\u00e4derna och v\u00e5r serviceprocess \u00e4r designade f\u00f6r att m\u00f6ta och \u00f6vertr\u00e4ffa de strikta kraven i standarder som <strong>HACCP, BRC och ISO 22000<\/strong>.<\/p>\n<\/div>\n<\/div>\n\n\n    <\/div>\n<\/div>\n\n\n\n        <style>\n            .lindstrom-container--block_5ae5aec934a5f24a07311676577a2180 {                \n                padding-top: 35px;\n                padding-bottom: 35px;\n            }\n\n            @media screen and (min-width: 768px) {\n                .lindstrom-container--block_5ae5aec934a5f24a07311676577a2180 {\n                    padding-top: 75px;\n                    padding-bottom: 75px;\n                }\n            }\n        <\/style>\n    \n<div\n    class=\"lindstrom-container-wrapper lindstrom-container lindstrom-container--block_5ae5aec934a5f24a07311676577a2180 \"\n    id=\"catalogues\"\n    style=\"background-color: #ffffff\"\n    >\n    <div class=\"lindstrom-container lindstrom-container--content items-stretch\">\n        \n\n        <div \n        id=\"cta-country-block_fcb9e4175bd14e5631e3783574dba96f\" \n        class=\"cta-country\"\n    >\n        <div class=\"flex flex-col gap-5\" style=\"align-items: center\">\n                            <h2 class='!text-title-small lg:!text-title-medium !text-grey-100 !font-bold !my-0'>                    Arbetskl\u00e4derstj\u00e4nst f\u00f6r livsmedelsproduktion                <\/h2>                                    <div class=\"cta-button-container cta-button-container--row\">\n                            <\/div>\n        <\/div>\n    <\/div>\n    \n\n\n        <div \n        id=\"services-showcase-block_8455ed3ff1982aae623feadb09c74a74\" \n        class=\"services-showcase\"\n    >\n        <div class=\"grid\">\n                            <div class=\"grid gap-5 service-cards service-cards-3\">\n                                    \n        <div class='flex flex-col service-card rounded-[5px]'>\n            <div>\n                <a href='https:\/\/lindstromgroup.com\/se\/tjanster\/arbetsklader-for-bagare\/'>\n                    <img class='!h-[250px] object-cover w-full rounded-t-[5px]' src='https:\/\/d2ris6qfzcz0wn.cloudfront.net\/wp-content\/uploads\/sites\/34\/2024\/06\/pracovni-obleceni_pekarna-1400x933-1-1024x682.jpg' alt='' \/>\n                <\/a>\n            <\/div>\n            <div class='flex flex-col p-5 gap-5 h-full bg-white rounded-b-[5px]'>\n                <div class='flex flex-col gap-2'>\n                    <h3 class='!mb-0'><a href='https:\/\/lindstromgroup.com\/se\/tjanster\/arbetsklader-for-bagare\/' class='text-[25px]\/[32.5px] font-bold !text-grey-100 !no-underline cursor-pointer !mb-0'>Arbetskl\u00e4der f\u00f6r bagare<\/a><\/h3>\n                    <p class='text-[15px]\/[21px] text-grey-100 !mb-0'><p>Arbetskl\u00e4der f\u00f6r bagerier som \u00e4r l\u00e4tta, bekv\u00e4ma att b\u00e4ra och tillverkade av h\u00e5llbart material.<\/p>\n<\/p><\/div>\n            <div class='border-2 border-grey-100 rounded-full h-10 min-w-[200px] w-fit flex items-center justify-center mt-auto button-outlined--black'>\n                <a class='!text-grey-100 !no-underline bg-transparent py-3 pr-4 pl-5 font-bold text-base flex justify-center items-center gap-3 w-full rounded-full service-button' href='https:\/\/lindstromgroup.com\/se\/tjanster\/arbetsklader-for-bagare\/'>\n                    Bl\u00e4ddra bland arbetskl\u00e4derskollektionen\n                <\/a>\n            <\/div>\n            <\/div>\n        <\/div>\n                                        \n        <div class='flex flex-col service-card rounded-[5px]'>\n            <div>\n                <a href='https:\/\/lindstromgroup.com\/se\/tjanster\/arbetsklader-for-slaktare\/'>\n                    <img class='!h-[250px] object-cover w-full rounded-t-[5px]' src='https:\/\/d2ris6qfzcz0wn.cloudfront.net\/wp-content\/uploads\/sites\/34\/2024\/06\/Atria_alyvaatevarasto_Lindstrom_Artikkeli-1400x933-1-1-1024x682.jpg' alt='' \/>\n                <\/a>\n            <\/div>\n            <div class='flex flex-col p-5 gap-5 h-full bg-white rounded-b-[5px]'>\n                <div class='flex flex-col gap-2'>\n                    <h3 class='!mb-0'><a href='https:\/\/lindstromgroup.com\/se\/tjanster\/arbetsklader-for-slaktare\/' class='text-[25px]\/[32.5px] font-bold !text-grey-100 !no-underline cursor-pointer !mb-0'>Arbetskl\u00e4der f\u00f6r slaktare<\/a><\/h3>\n                    <p class='text-[15px]\/[21px] text-grey-100 !mb-0'><p>P\u00e5 jobbet hanterar slaktare l\u00e4ttf\u00f6rd\u00e4rvliga livsmedel, vilket kr\u00e4ver att den hygieniska renligheten och kl\u00e4dernas skyddsfunktion bibeh\u00e5lls.<\/p>\n<\/p><\/div>\n            <div class='border-2 border-grey-100 rounded-full h-10 min-w-[200px] w-fit flex items-center justify-center mt-auto button-outlined--black'>\n                <a class='!text-grey-100 !no-underline bg-transparent py-3 pr-4 pl-5 font-bold text-base flex justify-center items-center gap-3 w-full rounded-full service-button' href='https:\/\/lindstromgroup.com\/se\/tjanster\/arbetsklader-for-slaktare\/'>\n                    Bl\u00e4ddra bland arbetskl\u00e4derskollektionen\n                <\/a>\n            <\/div>\n            <\/div>\n        <\/div>\n                                        \n        <div class='flex flex-col service-card rounded-[5px]'>\n            <div>\n                <a href='https:\/\/lindstromgroup.com\/se\/tjanster\/arbetsklader-for-dryckesproduktion\/'>\n                    <img class='!h-[250px] object-cover w-full rounded-t-[5px]' src='https:\/\/d2ris6qfzcz0wn.cloudfront.net\/wp-content\/uploads\/sites\/34\/2024\/06\/Napojari-1400x1123-1-1024x821.jpg' alt='' \/>\n                <\/a>\n            <\/div>\n            <div class='flex flex-col p-5 gap-5 h-full bg-white rounded-b-[5px]'>\n                <div class='flex flex-col gap-2'>\n                    <h3 class='!mb-0'><a href='https:\/\/lindstromgroup.com\/se\/tjanster\/arbetsklader-for-dryckesproduktion\/' class='text-[25px]\/[32.5px] font-bold !text-grey-100 !no-underline cursor-pointer !mb-0'>Arbetskl\u00e4der f\u00f6r dryckesproduktion<\/a><\/h3>\n                    <p class='text-[15px]\/[21px] text-grey-100 !mb-0'><p>Arbetskl\u00e4der f\u00f6r bryggare, producenter av lemonad, l\u00e4sk eller mineralvatten f\u00f6r tappning eller destillerier.<\/p>\n<\/p><\/div>\n            <div class='border-2 border-grey-100 rounded-full h-10 min-w-[200px] w-fit flex items-center justify-center mt-auto button-outlined--black'>\n                <a class='!text-grey-100 !no-underline bg-transparent py-3 pr-4 pl-5 font-bold text-base flex justify-center items-center gap-3 w-full rounded-full service-button' href='https:\/\/lindstromgroup.com\/se\/tjanster\/arbetsklader-for-dryckesproduktion\/'>\n                    Bl\u00e4ddra bland arbetskl\u00e4derskollektionen\n                <\/a>\n            <\/div>\n            <\/div>\n        <\/div>\n                                    <\/div>\n                    <\/div>\n            <\/div>\n    \n\n\n\n<div aria-hidden=\"true\" class=\"wp-block-fsb-flexible-spacer fsb-flexible-spacer\"><div class=\"fsb-flexible-spacer__device fsb-flexible-spacer__device--lg\" style=\"height:75px\"><\/div><div class=\"fsb-flexible-spacer__device fsb-flexible-spacer__device--md\" style=\"height:35px\"><\/div><div class=\"fsb-flexible-spacer__device fsb-flexible-spacer__device--sm\" style=\"height:35px\"><\/div><\/div>\n\n\n\n        <div \n        id=\"services-showcase-block_639d3520a3627c3e3a580e9d6b6572bb\" \n        class=\"services-showcase\"\n    >\n        <div class=\"grid\">\n                            <div class=\"grid gap-5 service-cards service-cards-2\">\n                                    \n        <div class='flex flex-col service-card rounded-[5px]'>\n            <div>\n                <a href='https:\/\/lindstromgroup.com\/se\/tjanster\/arbetsklader-for-lagerhallare-kyld-mat\/'>\n                    <img class='!h-[250px] object-cover w-full rounded-t-[5px]' src='https:\/\/d2ris6qfzcz0wn.cloudfront.net\/wp-content\/uploads\/sites\/34\/2024\/06\/Warehouse-1-1400x990-1-1024x724.jpg' alt='' \/>\n                <\/a>\n            <\/div>\n            <div class='flex flex-col p-5 gap-5 h-full bg-white rounded-b-[5px]'>\n                <div class='flex flex-col gap-2'>\n                    <h3 class='!mb-0'><a href='https:\/\/lindstromgroup.com\/se\/tjanster\/arbetsklader-for-lagerhallare-kyld-mat\/' class='text-[25px]\/[32.5px] font-bold !text-grey-100 !no-underline cursor-pointer !mb-0'>Arbetskl\u00e4der f\u00f6r lagerh\u00e5llare (kyld mat)<\/a><\/h3>\n                    <p class='text-[15px]\/[21px] text-grey-100 !mb-0'><p>Lagerh\u00e5llaren tar emot varorna och kontrollerar de handlingar som medf\u00f6ljer varorna. I kyllagret h\u00e5lls temperaturen fr\u00e5n 0\u00b0C till +10\u00b0C.<\/p>\n<\/p><\/div>\n            <div class='border-2 border-grey-100 rounded-full h-10 min-w-[200px] w-fit flex items-center justify-center mt-auto button-outlined--black'>\n                <a class='!text-grey-100 !no-underline bg-transparent py-3 pr-4 pl-5 font-bold text-base flex justify-center items-center gap-3 w-full rounded-full service-button' href='https:\/\/lindstromgroup.com\/se\/tjanster\/arbetsklader-for-lagerhallare-kyld-mat\/'>\n                    Bl\u00e4ddra bland arbetskl\u00e4derskollektionen\n                <\/a>\n            <\/div>\n            <\/div>\n        <\/div>\n                                        \n        <div class='flex flex-col service-card rounded-[5px]'>\n            <div>\n                <a href='https:\/\/lindstromgroup.com\/se\/tjanster\/arbetsklader-for-lagerhallare-fryst-mat\/'>\n                    <img class='!h-[250px] object-cover w-full rounded-t-[5px]' src='https:\/\/d2ris6qfzcz0wn.cloudfront.net\/wp-content\/uploads\/sites\/34\/2024\/06\/Warehouse-1400x990-1-1024x724.jpg' alt='' \/>\n                <\/a>\n            <\/div>\n            <div class='flex flex-col p-5 gap-5 h-full bg-white rounded-b-[5px]'>\n                <div class='flex flex-col gap-2'>\n                    <h3 class='!mb-0'><a href='https:\/\/lindstromgroup.com\/se\/tjanster\/arbetsklader-for-lagerhallare-fryst-mat\/' class='text-[25px]\/[32.5px] font-bold !text-grey-100 !no-underline cursor-pointer !mb-0'>Arbetskl\u00e4der f\u00f6r lagerh\u00e5llare (fryst mat)<\/a><\/h3>\n                    <p class='text-[15px]\/[21px] text-grey-100 !mb-0'><p>Lagerh\u00e5llaren tar emot varorna och kontrollerar de handlingar som medf\u00f6ljer varorna. I kyllagret h\u00e5lls temperaturen fr\u00e5n 0\u00b0C till +10\u00b0C.<\/p>\n<\/p><\/div>\n            <div class='border-2 border-grey-100 rounded-full h-10 min-w-[200px] w-fit flex items-center justify-center mt-auto button-outlined--black'>\n                <a class='!text-grey-100 !no-underline bg-transparent py-3 pr-4 pl-5 font-bold text-base flex justify-center items-center gap-3 w-full rounded-full service-button' href='https:\/\/lindstromgroup.com\/se\/tjanster\/arbetsklader-for-lagerhallare-fryst-mat\/'>\n                    Bl\u00e4ddra bland arbetskl\u00e4derskollektionen\n                <\/a>\n            <\/div>\n            <\/div>\n        <\/div>\n                                    <\/div>\n                    <\/div>\n            <\/div>\n    \n\n\n\n<div aria-hidden=\"true\" class=\"wp-block-fsb-flexible-spacer fsb-flexible-spacer\"><div class=\"fsb-flexible-spacer__device fsb-flexible-spacer__device--lg\" style=\"height:75px\"><\/div><div class=\"fsb-flexible-spacer__device fsb-flexible-spacer__device--md\" style=\"height:35px\"><\/div><div class=\"fsb-flexible-spacer__device fsb-flexible-spacer__device--sm\" style=\"height:35px\"><\/div><\/div>\n\n\n\n<p class=\"has-text-align-center has-body-font-size\" id=\"benefits\" style=\"font-style:normal;font-weight:600\">F\u00d6RDELAR MED ATT HYRA ARBETSKL\u00c4DER<\/p>\n\n\n\n<div aria-hidden=\"true\" class=\"wp-block-fsb-flexible-spacer fsb-flexible-spacer\"><div class=\"fsb-flexible-spacer__device fsb-flexible-spacer__device--lg\" style=\"height:35px\"><\/div><div class=\"fsb-flexible-spacer__device fsb-flexible-spacer__device--md\" style=\"height:25px\"><\/div><div class=\"fsb-flexible-spacer__device fsb-flexible-spacer__device--sm\" style=\"height:25px\"><\/div><\/div>\n\n\n\n    <div \n        id=\"block_dc71ff36c5b23a23558dcf3e184e472b\"\n        class=\"value-props value-props--block_dc71ff36c5b23a23558dcf3e184e472b \"\n    >\n                                <div class=\"value-props__cards\">\n                            <div class=\"value-props__card\" style=\"border: 1px solid #578200\">\n                    <div class=\"card__content\">\n                        <span class='icon-clock' style='font-size: 30px;color: #222222;'><\/span>                        <div class=\"content__title\" style=\"color: \">\n                            Kostnadseffektiv                        <\/div>\n                                                    <div class=\"content__description\" style=\"color: \">\n                                Genom att hyra sparar du b\u00e5de pengar och tid \u2013 utan dolda kostnader.                            <\/div>\n                                            <\/div>\n                <\/div>\n                            <div class=\"value-props__card\" style=\"border: 1px solid #578200\">\n                    <div class=\"card__content\">\n                        <span class='icon-check-circle' style='font-size: 30px;color: #222222;'><\/span>                        <div class=\"content__title\" style=\"color: \">\n                            Alltid f\u00f6r dig                        <\/div>\n                                                    <div class=\"content__description\" style=\"color: \">\n                                V\u00e5ra kundanpassade tj\u00e4nster underl\u00e4ttar din vardag.                            <\/div>\n                                            <\/div>\n                <\/div>\n                            <div class=\"value-props__card\" style=\"border: 1px solid #578200\">\n                    <div class=\"card__content\">\n                        <span class='icon-sustainable-1' style='font-size: 30px;color: #222222;'><\/span>                        <div class=\"content__title\" style=\"color: \">\n                            H\u00e5llbar                        <\/div>\n                                                    <div class=\"content__description\" style=\"color: \">\n                                Den cirkul\u00e4ra ekonomin \u00e4r k\u00e4rnan i det vi g\u00f6r: tillsammans g\u00f6r vi mer av mindre.                            <\/div>\n                                            <\/div>\n                <\/div>\n                            <div class=\"value-props__card\" style=\"border: 1px solid #578200\">\n                    <div class=\"card__content\">\n                        <span class='icon-care' style='font-size: 30px;color: #222222;'><\/span>                        <div class=\"content__title\" style=\"color: \">\n                            Visa att du bryr dig                        <\/div>\n                                                    <div class=\"content__description\" style=\"color: \">\n                                Se till att dina anst\u00e4llda alltid har tillg\u00e5ng till rena och funktionella textilier med b\u00e4sta passform.                            <\/div>\n                                            <\/div>\n                <\/div>\n                        <\/div>\n            <\/div>\n\n\n    <\/div>\n<\/div>\n\n\n\n<hr class=\"wp-block-separator has-text-color has-grey-25-color has-alpha-channel-opacity has-grey-25-background-color has-background is-style-wide\" style=\"margin-top:0px;margin-bottom:0px\"\/>\n\n\n\n        <style>\n            .country-site-certifications--block_49d8a3f22a744c7d6eb0d8300ac7fa29 {                \n                padding-top: 35px;\n                padding-bottom: 35px;\n            }\n\n            @media screen and (min-width: 768px) {\n                .country-site-certifications--block_49d8a3f22a744c7d6eb0d8300ac7fa29 {\n                    padding-top: 50px;\n                    padding-bottom: 50px;\n                }\n            }\n        <\/style>\n    \n            <div\n            id=\"certifications\"\n            style=\"background-color: #ffffff\"\n            class=\"lindstrom-container-wrapper border-t border-grey-25 country-site-certifications country-site-certifications--block_49d8a3f22a744c7d6eb0d8300ac7fa29 \"\n        >\n            <div class=\"flex flex-col items-center self-stretch gap-5 lindstrom-container lindstrom-container--content lg:flex-row lg:gap-20\">\n                <div class=\"flex flex-col items-center justify-center gap-5 lg:items-start basis-full lg:basis-1\/4 self-baseline\">\n                    <h2 class=\"!text-grey-100 !text-[22px]\/[33px] !font-bold uppercase tracking-[.33px]\">Vi \u00e4r proffs<\/h2>\n                    <p class=\"!text-grey-100 !text-[18px]\/[27px] opacity-90 text-center lg:text-left\"><\/p>\n                <\/div>\n                <div class=\"relative w-full max-w-full\">\n                    <div class=\"flex justify-start gap-3 overflow-x-auto lg:justify-end\">\n                                            <div class=\"relative text-center w-[150px]\">\n                            <img decoding=\"async\" class=\"aspect-square w-full object-contain\" src=\"https:\/\/d2ris6qfzcz0wn.cloudfront.net\/wp-content\/uploads\/sites\/34\/2024\/12\/Ecovadis_platinum_2026_625x625px-300x300.jpg\" alt=\"\" \/>\n                                                                                <\/div>\n                                            <div class=\"relative text-center w-[150px]\">\n                            <img decoding=\"async\" class=\"aspect-square w-full object-contain\" src=\"https:\/\/d2ris6qfzcz0wn.cloudfront.net\/wp-content\/uploads\/sites\/34\/2024\/06\/QualitySysCert_ISO9001.webp\" alt=\"\" \/>\n                                                                                <\/div>\n                                            <div class=\"relative text-center w-[150px]\">\n                            <img decoding=\"async\" class=\"aspect-square w-full object-contain\" src=\"https:\/\/d2ris6qfzcz0wn.cloudfront.net\/wp-content\/uploads\/sites\/34\/2024\/06\/EnvironmentalSysCert_ISO14001_col-1.jpg\" alt=\"\" \/>\n                                                                                <\/div>\n                                            <div class=\"relative text-center w-[150px]\">\n                            <img decoding=\"async\" class=\"aspect-square w-full object-contain\" src=\"https:\/\/d2ris6qfzcz0wn.cloudfront.net\/wp-content\/uploads\/sites\/34\/2024\/06\/ISO9001-14001-45001_625x625px-300x300.jpg.webp\" alt=\"\" \/>\n                                                                                <\/div>\n                                        <\/div>\n                <\/div>\n            <\/div>\n        <\/div>\n    \n\n\n        <style>\n            .lindstrom-container--block_b8c94f1f05dcad02cf23621d7180f105 {                \n                padding-top: 35px;\n                padding-bottom: 35px;\n            }\n\n            @media screen and (min-width: 768px) {\n                .lindstrom-container--block_b8c94f1f05dcad02cf23621d7180f105 {\n                    padding-top: 75px;\n                    padding-bottom: 75px;\n                }\n            }\n        <\/style>\n    \n<div\n    class=\"lindstrom-container-wrapper lindstrom-container lindstrom-container--block_b8c94f1f05dcad02cf23621d7180f105 \"\n    id=\"funkar\"\n    style=\"background-color: #ffffff\"\n    >\n    <div class=\"lindstrom-container lindstrom-container--content items-stretch\">\n        \n\n        <style>\n            .lindstrom-container--block_4a87e6b29592d3c61b60592bd0fe7b4a {                \n                padding-top: 35px;\n                padding-bottom: 35px;\n            }\n\n            @media screen and (min-width: 768px) {\n                .lindstrom-container--block_4a87e6b29592d3c61b60592bd0fe7b4a {\n                    padding-top: 75px;\n                    padding-bottom: 75px;\n                }\n            }\n        <\/style>\n    \n<div\n    class=\"lindstrom-container-wrapper lindstrom-container lindstrom-container--block_4a87e6b29592d3c61b60592bd0fe7b4a \"\n    id=\"block_4a87e6b29592d3c61b60592bd0fe7b4a\"\n    style=\"background-color: #ffffff\"\n    >\n    <div class=\"lindstrom-container lindstrom-container--content items-stretch\">\n        \n\n<p class=\"has-text-align-center has-body-font-size\" id=\"how-it-works\" style=\"font-style:normal;font-weight:600\">S\u00c5 FUNKAR DET<\/p>\n\n\n\n<div aria-hidden=\"true\" class=\"wp-block-fsb-flexible-spacer fsb-flexible-spacer\"><div class=\"fsb-flexible-spacer__device fsb-flexible-spacer__device--lg\" style=\"height:35px\"><\/div><div class=\"fsb-flexible-spacer__device fsb-flexible-spacer__device--md\" style=\"height:25px\"><\/div><div class=\"fsb-flexible-spacer__device fsb-flexible-spacer__device--sm\" style=\"height:25px\"><\/div><\/div>\n\n\n\n    <div \n        id=\"block_58cce66816f8f1a73d5c0f29f26f210a\"\n        class=\"value-props value-props--block_58cce66816f8f1a73d5c0f29f26f210a \"\n    >\n                                <div class=\"value-props__cards\">\n                            <div class=\"value-props__card\" style=\"border: 1px solid #006f86\">\n                    <div class=\"card__content\">\n                        <span class='icon-thread-and-needle' style='font-size: 30px;color: #7c109a;'><\/span>                        <div class=\"content__title\" style=\"color: \">\n                            Behovsanalys, design och ink\u00f6p                        <\/div>\n                                                    <div class=\"content__description\" style=\"color: \">\n                                Vi hj\u00e4lper er med att bed\u00f6ma r\u00e4tt m\u00e4ngd textilier och hur ofta ni beh\u00f6ver byta. Vi k\u00f6per in textilierna \u00e5t er och g\u00f6r kundunika \u00e4ndringar om det beh\u00f6vs.                            <\/div>\n                                            <\/div>\n                <\/div>\n                            <div class=\"value-props__card\" style=\"border: 1px solid #006f86\">\n                    <div class=\"card__content\">\n                        <span class='icon-delivery' style='font-size: 30px;color: #bd5a00;'><\/span>                        <div class=\"content__title\" style=\"color: \">\n                            Leveranser och h\u00e4mtningar                        <\/div>\n                                                    <div class=\"content__description\" style=\"color: \">\n                                Vi levererar v\u00e4lsk\u00f6tta, rena och s\u00e4kra arbetskl\u00e4der varje vecka direkt till er f\u00f6rutbest\u00e4mda plats och tar med oss anv\u00e4nda plagg till v\u00e5rt servicecenter.                            <\/div>\n                                            <\/div>\n                <\/div>\n                            <div class=\"value-props__card\" style=\"border: 1px solid #006f86\">\n                    <div class=\"card__content\">\n                        <span class='icon-care' style='font-size: 30px;color: #006f86;'><\/span>                        <div class=\"content__title\" style=\"color: \">\n                            Tv\u00e4tt och underh\u00e5ll                        <\/div>\n                                                    <div class=\"content__description\" style=\"color: \">\n                                Vi tv\u00e4ttar och underh\u00e5ller dina arbetskl\u00e4der varje vecka. V\u00e5ra tv\u00e4ttprocesser s\u00e4kerst\u00e4ller att plaggen h\u00e5lls s\u00e4kra under hela sin livscykel och repareras och byts ut vid behov.                            <\/div>\n                                            <\/div>\n                <\/div>\n                            <div class=\"value-props__card\" style=\"border: 1px solid #006f86\">\n                    <div class=\"card__content\">\n                        <span class='icon-recycling' style='font-size: 30px;color: #578200;'><\/span>                        <div class=\"content__title\" style=\"color: \">\n                            \u00c5tervinning och kassering                        <\/div>\n                                                    <div class=\"content__description\" style=\"color: \">\n                                N\u00e4r v\u00e5ra arbetskl\u00e4der inte l\u00e4ngre kan anv\u00e4ndas, \u00e5tervinner vi dem som material f\u00f6r andra produkter. Om kl\u00e4der inte kan \u00e5tervinnas, kasserar vi dem ansvarsfullt.                             <\/div>\n                                            <\/div>\n                <\/div>\n                        <\/div>\n            <\/div>\n\n\n    <\/div>\n<\/div>\n\n\n\n<div aria-hidden=\"true\" class=\"wp-block-fsb-flexible-spacer fsb-flexible-spacer\"><div class=\"fsb-flexible-spacer__device fsb-flexible-spacer__device--lg\" style=\"height:35px\"><\/div><div class=\"fsb-flexible-spacer__device fsb-flexible-spacer__device--md\" style=\"height:25px\"><\/div><div class=\"fsb-flexible-spacer__device fsb-flexible-spacer__device--sm\" style=\"height:25px\"><\/div><\/div>\n\n\n    <\/div>\n<\/div>\n\n\n\n        <style>\n            .lindstrom-container--block_89b1be6a79f605d5062e8d87ed287f2f {                \n                padding-top: 35px;\n                padding-bottom: 35px;\n            }\n\n            @media screen and (min-width: 768px) {\n                .lindstrom-container--block_89b1be6a79f605d5062e8d87ed287f2f {\n                    padding-top: 75px;\n                    padding-bottom: 75px;\n                }\n            }\n        <\/style>\n    \n<div\n    class=\"lindstrom-container-wrapper lindstrom-container lindstrom-container--block_89b1be6a79f605d5062e8d87ed287f2f \"\n    id=\"faq\"\n    style=\"background-color: #ffffff\"\n    >\n    <div class=\"lindstrom-container lindstrom-container--text items-stretch\">\n        \n\n        <style>\n            .lindstrom-container--block_f12c80fa2323b72e46a5c91139c16339 {                \n                padding-top: 35px;\n                padding-bottom: 35px;\n            }\n\n            @media screen and (min-width: 768px) {\n                .lindstrom-container--block_f12c80fa2323b72e46a5c91139c16339 {\n                    padding-top: 75px;\n                    padding-bottom: 75px;\n                }\n            }\n        <\/style>\n    \n<div\n    class=\"lindstrom-container-wrapper lindstrom-container lindstrom-container--block_f12c80fa2323b72e46a5c91139c16339 \"\n    id=\"block_f12c80fa2323b72e46a5c91139c16339\"\n    style=\"background-color: #ffffff\"\n    >\n    <div class=\"lindstrom-container lindstrom-container--text items-stretch\">\n        \n\n        <div \n        id=\"faq\" \n        class=\"cta-country\"\n    >\n        <div class=\"flex flex-col gap-5\" style=\"align-items: center\">\n                            <h2 class='!text-title-small lg:!text-title-medium !text-grey-100 !font-bold !my-0'>                    Vanliga fr\u00e5gor                <\/h2>                                    <div class=\"cta-button-container cta-button-container--row\">\n                            <\/div>\n        <\/div>\n    <\/div>\n    \n\n\n            <div \n            id=\"accordions-block_acc4f30add1c4aea647cd4c8aad62f82\" \n            class=\"accordions\"\n        >\n                            \n        <div class='accordion__item'>\n            <div class='item__header'>\n            <span class='header__icon material-symbols-outlined'>add<\/span>\n                <h4 class='header__title'>\n                    \u00c4r det inte billigare att k\u00f6pa egna arbetskl\u00e4der?\n                <\/h4>                                \n            <\/div>\n            <div class='item__content item__content--open'>\n                <div class='content__description'>\n                    <p>Vid f\u00f6rsta anblicken kan det verka billigare att k\u00f6pa arbetskl\u00e4der till dina anst\u00e4llda. Men l\u00e5ngsiktigt underh\u00e5ll, kl\u00e4dbyten och hantering av komplicerad logistik blir dyrare \u00f6ver tid. N\u00e4r du k\u00f6per arbetskl\u00e4der, m\u00f6ter du ofta oplanerade utgifter. Med v\u00e5r tj\u00e4nst f\u00f6r arbetskl\u00e4der f\u00e5r du en enkel och f\u00f6ruts\u00e4gbar l\u00f6sning d\u00e4r du direkt ser slutpriset inklusive alla kostnader. Detta ger dig mer tid och pengar att fokusera p\u00e5 din k\u00e4rnverksamhet.<\/p>\n\n                <\/div>\n            <\/div>\n        <\/div>\n                                \n        <div class='accordion__item'>\n            <div class='item__header'>\n            <span class='header__icon material-symbols-outlined'>add<\/span>\n                <h4 class='header__title'>\n                    Kan arbetskl\u00e4der skr\u00e4ddarsys efter mitt f\u00f6retags krav och de anst\u00e4lldas behov?\n                <\/h4>                                \n            <\/div>\n            <div class='item__content item__content--open'>\n                <div class='content__description'>\n                    <p>Kl\u00e4derna i v\u00e5rt sortiment av arbetskl\u00e4der kan enkelt anpassas efter dina behov \u2013 om du vill ha extra fickor eller till exempel byta knappar. Vid behov hj\u00e4lper v\u00e5rt designerteam att ta fram en bra l\u00f6sning f\u00f6r arbetskl\u00e4der, som uppfyller alla dina f\u00f6rv\u00e4ntningar.<\/p>\n\n                <\/div>\n            <\/div>\n        <\/div>\n                                \n        <div class='accordion__item'>\n            <div class='item__header'>\n            <span class='header__icon material-symbols-outlined'>add<\/span>\n                <h4 class='header__title'>\n                    Vad \u00e4r leveranstiden f\u00f6r arbetskl\u00e4der?\n                <\/h4>                                \n            <\/div>\n            <div class='item__content item__content--open'>\n                <div class='content__description'>\n                    <p>N\u00e4r vi best\u00e4ller Lindstr\u00f6m arbetskl\u00e4der testar vi det f\u00f6rst p\u00e5 dina anst\u00e4llda och samlar d\u00e4rmed in all n\u00f6dv\u00e4ndig information f\u00f6r kl\u00e4dreparationer. Vanligtvis tar den slutliga leveransen av kl\u00e4der upp till tre veckor. Den h\u00e4r tiden beh\u00f6vs f\u00f6r att f\u00f6rbereda hela kl\u00e4dkollektionen \u2013 justera \u00e4rmarna, sy logotyperna etc.<\/p>\n\n                <\/div>\n            <\/div>\n        <\/div>\n                                \n        <div class='accordion__item'>\n            <div class='item__header'>\n            <span class='header__icon material-symbols-outlined'>add<\/span>\n                <h4 class='header__title'>\n                    \u00c4r alla kl\u00e4der likadana?\n                <\/h4>                                \n            <\/div>\n            <div class='item__content item__content--open'>\n                <div class='content__description'>\n                    <p>Arbetskl\u00e4der \u00e4r olika, n\u00e4r det g\u00e4ller kvalitet och s\u00e4kerhetsniv\u00e5. Vi designar kl\u00e4der i enlighet med lagstadgad reglering, och de senaste standarderna f\u00f6r att uppfylla de anst\u00e4lldas krav p\u00e5 s\u00e4kerhet och hygien inom de olika omr\u00e5dena. Genom att ta uthyrningstj\u00e4nst f\u00f6r arbetskl\u00e4der i anspr\u00e5k fr\u00e5n en certifierad leverant\u00f6r kan du vara s\u00e4ker p\u00e5 att kl\u00e4derna tillverkas av material av h\u00f6gsta kvalitet och att de kommer att h\u00e5lla l\u00e4nge.<\/p>\n\n                <\/div>\n            <\/div>\n        <\/div>\n                                \n        <div class='accordion__item'>\n            <div class='item__header'>\n            <span class='header__icon material-symbols-outlined'>add<\/span>\n                <h4 class='header__title'>\n                    Vad \u00e4r skillnaden mellan renlighet och hygien?\n                <\/h4>                                \n            <\/div>\n            <div class='item__content item__content--open'>\n                <div class='content__description'>\n                    <p>93% av m\u00e4nniskor tycker att deras arbetskl\u00e4der \u00e4r rena efter tv\u00e4tt*. Att tv\u00e4tta kl\u00e4der hemma tar dock bara bort synlig smuts och l\u00e4mnar kvar osynliga f\u00f6roreningar, bakterier och patogener. F\u00f6r att s\u00e4kerst\u00e4lla att kl\u00e4derna uppfyller kraven p\u00e5 olika omr\u00e5den samt f\u00f6r att skydda arbetstagare och kunder fr\u00e5n potentiella h\u00e4lsorisker, \u00e4r det n\u00f6dv\u00e4ndigt att tv\u00e4tta arbetskl\u00e4derna genom till\u00e4mpning av industriella hygien\u00e5tg\u00e4rder.<\/p>\n<p>*Fr\u00e5n Europeiska textiltj\u00e4nstf\u00f6reningen (ETSA).<\/p>\n\n                <\/div>\n            <\/div>\n        <\/div>\n                                \n        <div class='accordion__item'>\n            <div class='item__header'>\n            <span class='header__icon material-symbols-outlined'>add<\/span>\n                <h4 class='header__title'>\n                    Hur ofta byts kl\u00e4derna?\n                <\/h4>                                \n            <\/div>\n            <div class='item__content item__content--open'>\n                <div class='content__description'>\n                    <p>Varje vecka levererar vi rena och v\u00e4lv\u00e5rdade arbetskl\u00e4der till dina anst\u00e4lldas sk\u00e5p. M\u00e4ngden av levererade arbetskl\u00e4der justeras efter ditt veckobehov.<\/p>\n\n                <\/div>\n            <\/div>\n        <\/div>\n                                \n        <div class='accordion__item'>\n            <div class='item__header'>\n            <span class='header__icon material-symbols-outlined'>add<\/span>\n                <h4 class='header__title'>\n                    Hur vet man att arbetskl\u00e4derna uppfyller s\u00e4kerhetsnormerna?\n                <\/h4>                                \n            <\/div>\n            <div class='item__content item__content--open'>\n                <div class='content__description'>\n                    <p>Lindstr\u00f6ms experter arbetar i \u00f6ver 20 l\u00e4nder runt om i v\u00e4rlden och f\u00f6ljer utvecklingen n\u00e4r det g\u00e4ller de senaste arbetsmilj\u00f6standarderna och de internationella kraven. F\u00f6retaget investerar st\u00e4ndigt i kl\u00e4ddesign med h\u00e4nsyn till dessa faktorer.<\/p>\n\n                <\/div>\n            <\/div>\n        <\/div>\n                        <\/div>\n    \n\n    <\/div>\n<\/div>\n\n\n    <\/div>\n<\/div>\n\n\n\n        <style>\n            .lindstrom-container--block_aa488e86fb6c2ddb4812f06b947388be {                \n                padding-top: 35px;\n                padding-bottom: 35px;\n            }\n\n            @media screen and (min-width: 768px) {\n                .lindstrom-container--block_aa488e86fb6c2ddb4812f06b947388be {\n                    padding-top: 100px;\n                    padding-bottom: 100px;\n                }\n            }\n        <\/style>\n    \n<div\n    class=\"lindstrom-container-wrapper lindstrom-container lindstrom-container--block_aa488e86fb6c2ddb4812f06b947388be \"\n    id=\"about\"\n    style=\"background-color: #ffffff\"\n    >\n    <div class=\"lindstrom-container lindstrom-container--text items-stretch\">\n        \n\n        <div \n        id=\"cta-country-block_3594454145e71ed2ed6ba4e93bd6310a\" \n        class=\"cta-country\"\n    >\n        <div class=\"flex flex-col gap-5\" style=\"align-items: flex-start\">\n                            <h2 class='!text-title-small lg:!text-title-medium !text-grey-100 !font-bold !my-0'>                    \u00d6ver 175 \u00e5rs erfarenhet inom textilindustrin                <\/h2>                                        <div class=\"cta-text\"><p>Lindstr\u00f6m \u00e4r ett finskt familjef\u00f6retag med \u00f6ver 175 \u00e5rs erfarenhet inom textilbranschen. Vi tar med v\u00e5r expertis hand om textilbehoven hos f\u00f6retag som \u00e4r verksamma inom m\u00e5nga olika branscher.<\/p>\n<p>Vi har \u00f6ver 20 kontor i Finland och syssels\u00e4tter cirka 1 700 Lindstr\u00f6m-medarbetare. Dessutom \u00e4r vi framg\u00e5ngsrika internationellt och underl\u00e4ttar v\u00e5ra kunders vardag i b\u00e5de Europa och Asien.<\/p>\n<p>V\u00e5ra m\u00e5ngsidiga tj\u00e4nster \u00e4r ett h\u00e5llbart alternativ till eng\u00e5ngsprodukter och textil\u00e4gande. H\u00e5llbara v\u00e4rderingar, flexibel service och finl\u00e4ndsk kl\u00e4ddesign \u00e4r h\u00f6rnstenarna i v\u00e5r verksamhet.<\/p>\n<\/div>\n                        <div class=\"cta-button-container cta-button-container--row\">\n                                                                                        <div class=\"flex rounded-full h-10 min-w-[150px] mt-auto cta-button button-solid--blue\">\n                                <a \n                                    class=\"flex flex-grow !no-underline py-3 px-5 font-bold text-[15px]\/[21px] justify-center items-center gap-2 text-center border-2 rounded-full cta-button__inner\" \n                                    href=\"https:\/\/lindstromgroup.com\"\n                                    style=\"border-color: #003F72; background-color: #003F72; color: #FFFFFF;\"\n                                    target=\"_blank\"\n                                >\n                                    Lindstr\u00f6m Global                                                                            <div class=\"flex justify-center items-center w-[35px] h-[35px] cta-button__inner-icon\">\n                                                                                                <span class=\"!text-[35px] material-symbols-outlined\" style=\"color: #FFFFFF\">arrow_right_alt<\/span>\n                                                                                    <\/div>\n                                                                    <\/a>\n                            <\/div>\n                                                                        <\/div>\n        <\/div>\n    <\/div>\n    \n\n\n<div style=\"height:65px\" aria-hidden=\"true\" class=\"wp-block-spacer\"><\/div>\n\n\n\n    <div \n        id=\"statistics-block_0668e761261e292eb1a1ae5d0d072b83\" \n        class=\"statistics\">\n        <div id=\"statistics\">\n            <div class=\"statistics__container\">\n                                <div class=\"statistic__content\" style=\"border-top: 5px solid #006f86; color: #006f86\">\n                        <div class=\"statistic__number\">4900<\/div>\n                        <div class=\"statistic__description\">anst\u00e4llda<\/div>\n                    <\/div>\n                                        <div class=\"statistic__content\" style=\"border-top: 5px solid #e52330; color: #e52330\">\n                        <div class=\"statistic__number\">21.4<\/div>\n                        <div class=\"statistic__description\">textilier i omlopp (milj)<\/div>\n                    <\/div>\n                                        <div class=\"statistic__content\" style=\"border-top: 5px solid #bd5a00; color: #bd5a00\">\n                        <div class=\"statistic__number\">518.1<\/div>\n                        <div class=\"statistic__description\">oms\u00e4ttning (milj \u20ac)<\/div>\n                    <\/div>\n                                        <div class=\"statistic__content\" style=\"border-top: 5px solid #578200; color: #578200\">\n                        <div class=\"statistic__number\">24<\/div>\n                        <div class=\"statistic__description\">l\u00e4nder<\/div>\n                    <\/div>\n                                            <\/div>\n        <\/div>\n    <\/div>\n\n\n    <\/div>\n<\/div>\n\n\n\n<div\n    class=\"lindstrom-container-wrapper lindstrom-container lindstrom-container--block_7e563626fda0f6579fd3880670fc1d17 \"\n    id=\"block_7e563626fda0f6579fd3880670fc1d17\"\n    style=\"background-color: #ffffff\"\n    >\n    <div class=\"lindstrom-container lindstrom-container--content items-stretch\">\n        \n\n        <style>\n            .lindstrom-container--block_8f40e4e496a9fa89bb8ed74abe1d0215 {                \n                padding-top: 35px;\n                padding-bottom: 35px;\n            }\n\n            @media screen and (min-width: 768px) {\n                .lindstrom-container--block_8f40e4e496a9fa89bb8ed74abe1d0215 {\n                    padding-top: 10px;\n                    padding-bottom: 10px;\n                }\n            }\n        <\/style>\n    \n<div\n    class=\"lindstrom-container-wrapper lindstrom-container lindstrom-container--block_8f40e4e496a9fa89bb8ed74abe1d0215 \"\n    id=\"block_8f40e4e496a9fa89bb8ed74abe1d0215\"\n    style=\"background-color: #ffffff\"\n    >\n    <div class=\"lindstrom-container lindstrom-container--content items-stretch\">\n        \n\n<div class=\"wp-block-columns are-vertically-aligned-top is-style-default is-layout-flex wp-container-core-columns-is-layout-28f84493 wp-block-columns-is-layout-flex\">\n<div class=\"wp-block-column is-vertically-aligned-top is-layout-flow wp-block-column-is-layout-flow\">\n<figure class=\"wp-block-image size-large is-resized\"><img decoding=\"async\" width=\"1024\" height=\"683\" src=\"https:\/\/d2ris6qfzcz0wn.cloudfront.net\/wp-content\/uploads\/sites\/34\/2024\/06\/high-1843-LINDSTROM-employer-branding-02-2022-1-1024x683.jpg\" alt=\"\" class=\"wp-image-17255\" style=\"aspect-ratio:4\/3;object-fit:cover;width:1130px;height:auto\" srcset=\"https:\/\/d2ris6qfzcz0wn.cloudfront.net\/wp-content\/uploads\/sites\/34\/2024\/06\/high-1843-LINDSTROM-employer-branding-02-2022-1-1024x683.jpg 1024w, https:\/\/d2ris6qfzcz0wn.cloudfront.net\/wp-content\/uploads\/sites\/34\/2024\/06\/high-1843-LINDSTROM-employer-branding-02-2022-1-300x200.jpg 300w, https:\/\/d2ris6qfzcz0wn.cloudfront.net\/wp-content\/uploads\/sites\/34\/2024\/06\/high-1843-LINDSTROM-employer-branding-02-2022-1-768x512.jpg 768w, https:\/\/d2ris6qfzcz0wn.cloudfront.net\/wp-content\/uploads\/sites\/34\/2024\/06\/high-1843-LINDSTROM-employer-branding-02-2022-1-1536x1024.jpg 1536w, https:\/\/d2ris6qfzcz0wn.cloudfront.net\/wp-content\/uploads\/sites\/34\/2024\/06\/high-1843-LINDSTROM-employer-branding-02-2022-1.jpg 2048w\" sizes=\"(max-width: 1024px) 100vw, 1024px\" \/><\/figure>\n<\/div>\n\n\n\n<div class=\"wp-block-column is-vertically-aligned-top is-layout-flow wp-block-column-is-layout-flow\">\n        <style>\n            .lindstrom-container--block_293f6d3056b465d531f353d344f990d0 {                \n                padding-top: 35px;\n                padding-bottom: 35px;\n            }\n\n            @media screen and (min-width: 768px) {\n                .lindstrom-container--block_293f6d3056b465d531f353d344f990d0 {\n                    padding-top: 75px;\n                    padding-bottom: 75px;\n                }\n            }\n        <\/style>\n    \n<div\n    class=\"lindstrom-container-wrapper lindstrom-container lindstrom-container--block_293f6d3056b465d531f353d344f990d0 \"\n    id=\"block_293f6d3056b465d531f353d344f990d0\"\n    style=\"background-color: #ffffff\"\n    >\n    <div class=\"lindstrom-container lindstrom-container--content items-stretch\">\n        \n\n    <div id=\"hubspot-contact-form-block_25d2a9592bc1305b3186f02ac2b5598d\" class=\"hubspot-contact-form\">\n                    <h2 class=\"mt-0 !mb-5 lg:!mb-10 font-bold !text-title-small lg:!text-title-medium\">\n                Vill du f\u00e5 ett prisf\u00f6rslag?            <\/h2>\n        \n                    <p class=\"!-mt-4 lg:!-mt-8 !mb-5 lg:!mb-10 !text-body-small\">\n                V\u00e4nligen fyll i kontaktformul\u00e4ret nedan eller ring oss p\u00e5: +46 10 330 35 10.            <\/p>\n        \n        <div class=\"form-wrapper\"><\/div>\n        <div class=\"editor-message\">\n            Please set a valid form ID.\n        <\/div>\n    <\/div>\n\n<script>\n    \/**\n     * Generate dynamic init form function name to prevent it get re-initialized if there are multiple forms in a page\n     *\/\n    function initForm_69f4891a1cbda() {\n        \/\/ retry until hubspot script is initialized\n        if (typeof hbspt !== \"undefined\") {\n            hbspt.forms.create({\n                region: \"eu1\",\n                portalId: \"2758505\",\n                formId: \"d2fc8692-adf4-4146-bc87-bfbc3fabaca9\",\n                target: `#hubspot-contact-form-block_25d2a9592bc1305b3186f02ac2b5598d .form-wrapper`,\n                onFormReady: (arg) => {\n                    const hasFeaturedField = 0;\n                    if (!hasFeaturedField) {\n                        return\n                    }\n    \n                    \/\/ in case the featured field is not available in the form\n                    const featuredField = document.querySelector(`#hubspot-contact-form-block_25d2a9592bc1305b3186f02ac2b5598d .none`);\n                    if (!featuredField) {\n                        return\n                    }\n    \n                    \/\/ only support checkbox field for now\n                    convertCheckboxFeaturedField(featuredField)                \n                }\n            });\n            return;\n        }\n\n        setTimeout(initForm_69f4891a1cbda, 250);\n    }\n\n    function convertCheckboxFeaturedField(featuredField) {\n        const fieldsetWrapper = featuredField.parentElement\n        \n        \/\/ add the featured field class to the wrapper fieldset element\n        \/\/ transform the featured field's UI via CSS\n        fieldsetWrapper.classList.add('featured-field')\n\n        \/\/ calculate and add enough space to display the featured field on top of the form\n        calculateFeaturedFieldSize(fieldsetWrapper)\n        window.addEventListener('resize', () => {\n            calculateFeaturedFieldSize(fieldsetWrapper)\n        })\n    }\n    \n    function calculateFeaturedFieldSize (fieldsetWrapper) {\n        fieldsetWrapper\n            .closest('.hubspot-contact-form--has-featured-field')\n            .style\n            .paddingTop = fieldsetWrapper.offsetHeight + 50 + 'px';\n    }    \n\n    initForm_69f4891a1cbda();\n<\/script>\n\n\n    <\/div>\n<\/div>\n<\/div>\n<\/div>\n\n\n    <\/div>\n<\/div>\n\n\n    <\/div>\n<\/div>\n","protected":false},"excerpt":{"rendered":"","protected":false},"author":14,"featured_media":16869,"parent":0,"menu_order":0,"template":"","meta":{"_acf_changed":true,"inline_featured_image":false,"_eb_attr":"","site-sidebar-layout":"default","site-content-layout":"default","ast-site-content-layout":"default","site-content-style":"default","site-sidebar-style":"default","ast-global-header-display":"","ast-banner-title-visibility":"","ast-main-header-display":"","ast-hfb-above-header-display":"","ast-hfb-below-header-display":"","ast-hfb-mobile-header-display":"","site-post-title":"","ast-breadcrumbs-content":"","ast-featured-img":"","footer-sml-layout":"","ast-disable-related-posts":"","theme-transparent-header-meta":"","adv-header-id-meta":"","stick-header-meta":"","header-above-stick-meta":"","header-main-stick-meta":"","header-below-stick-meta":"","astra-migrate-meta-layouts":"set","ast-page-background-enabled":"default","ast-page-background-meta":{"desktop":{"background-color":"var(--ast-global-color-4)","background-image":"","background-repeat":"repeat","background-position":"center center","background-size":"auto","background-attachment":"scroll","background-type":"","background-media":"","overlay-type":"","overlay-color":"","overlay-opacity":"","overlay-gradient":""},"tablet":{"background-color":"","background-image":"","background-repeat":"repeat","background-position":"center center","background-size":"auto","background-attachment":"scroll","background-type":"","background-media":"","overlay-type":"","overlay-color":"","overlay-opacity":"","overlay-gradient":""},"mobile":{"background-color":"","background-image":"","background-repeat":"repeat","background-position":"center center","background-size":"auto","background-attachment":"scroll","background-type":"","background-media":"","overlay-type":"","overlay-color":"","overlay-opacity":"","overlay-gradient":""}},"ast-content-background-meta":{"desktop":{"background-color":"var(--ast-global-color-5)","background-image":"","background-repeat":"repeat","background-position":"center center","background-size":"auto","background-attachment":"scroll","background-type":"","background-media":"","overlay-type":"","overlay-color":"","overlay-opacity":"","overlay-gradient":""},"tablet":{"background-color":"var(--ast-global-color-5)","background-image":"","background-repeat":"repeat","background-position":"center center","background-size":"auto","background-attachment":"scroll","background-type":"","background-media":"","overlay-type":"","overlay-color":"","overlay-opacity":"","overlay-gradient":""},"mobile":{"background-color":"var(--ast-global-color-5)","background-image":"","background-repeat":"repeat","background-position":"center center","background-size":"auto","background-attachment":"scroll","background-type":"","background-media":"","overlay-type":"","overlay-color":"","overlay-opacity":"","overlay-gradient":""}}},"coauthors":[20],"class_list":["post-16925","services","type-services","status-publish","has-post-thumbnail","hentry"],"acf":[],"yoast_head":"<!-- This site is optimized with the Yoast SEO plugin v27.2 - https:\/\/yoast.com\/product\/yoast-seo-wordpress\/ -->\n<title>Arbetskl\u00e4der f\u00f6r livsmedelsproduktion - Lindstr\u00f6m Sverige<\/title>\n<meta name=\"description\" content=\"En komplett hyrservice f\u00f6r arbetskl\u00e4der inom livsmedelsindustrin. Vi hanterar allt fr\u00e5n ink\u00f6p och tv\u00e4tt till leverans.\" \/>\n<meta name=\"robots\" content=\"index, follow, max-snippet:-1, max-image-preview:large, max-video-preview:-1\" \/>\n<meta property=\"og:locale\" content=\"sv_SE\" \/>\n<meta property=\"og:type\" content=\"article\" \/>\n<meta property=\"og:title\" content=\"Arbetskl\u00e4der f\u00f6r livsmedelsproduktion - Lindstr\u00f6m Sverige\" \/>\n<meta property=\"og:description\" content=\"En komplett hyrservice f\u00f6r arbetskl\u00e4der inom livsmedelsindustrin. Vi hanterar allt fr\u00e5n ink\u00f6p och tv\u00e4tt till leverans.\" \/>\n<meta property=\"og:url\" content=\"https:\/\/lindstromgroup.com\/se\/tjanster\/arbetskladerstjanst-for-livsmedelsproduktion\/\" \/>\n<meta property=\"og:site_name\" content=\"Lindstr\u00f6m Sverige\" \/>\n<meta property=\"article:modified_time\" content=\"2026-01-12T14:07:30+00:00\" \/>\n<meta property=\"og:image\" content=\"https:\/\/d2ris6qfzcz0wn.cloudfront.net\/wp-content\/uploads\/sites\/34\/2024\/06\/34039923_L-1400x987-3.jpg\" \/>\n\t<meta property=\"og:image:width\" content=\"1400\" \/>\n\t<meta property=\"og:image:height\" content=\"987\" \/>\n\t<meta property=\"og:image:type\" content=\"image\/jpeg\" \/>\n<meta name=\"twitter:card\" content=\"summary_large_image\" \/>\n<meta name=\"twitter:label1\" content=\"Ber\u00e4knad l\u00e4stid\" \/>\n\t<meta name=\"twitter:data1\" content=\"5 minuter\" \/>\n\t<meta name=\"twitter:label2\" content=\"Skriven av\" \/>\n\t<meta name=\"twitter:data2\" content=\"Lindstr\u00f6m Group\" \/>\n<script type=\"application\/ld+json\" class=\"yoast-schema-graph\">{\"@context\":\"https:\/\/schema.org\",\"@graph\":[{\"@type\":\"WebPage\",\"@id\":\"https:\/\/lindstromgroup.com\/se\/tjanster\/arbetskladerstjanst-for-livsmedelsproduktion\/\",\"url\":\"https:\/\/lindstromgroup.com\/se\/tjanster\/arbetskladerstjanst-for-livsmedelsproduktion\/\",\"name\":\"Arbetskl\u00e4der f\u00f6r livsmedelsproduktion - Lindstr\u00f6m Sverige\",\"isPartOf\":{\"@id\":\"https:\/\/lindstromgroup.com\/se\/#website\"},\"primaryImageOfPage\":{\"@id\":\"https:\/\/lindstromgroup.com\/se\/tjanster\/arbetskladerstjanst-for-livsmedelsproduktion\/#primaryimage\"},\"image\":{\"@id\":\"https:\/\/lindstromgroup.com\/se\/tjanster\/arbetskladerstjanst-for-livsmedelsproduktion\/#primaryimage\"},\"thumbnailUrl\":\"https:\/\/d2ris6qfzcz0wn.cloudfront.net\/wp-content\/uploads\/sites\/34\/2024\/06\/34039923_L-1400x987-3.jpg\",\"datePublished\":\"2024-06-11T13:29:54+00:00\",\"dateModified\":\"2026-01-12T14:07:30+00:00\",\"description\":\"En komplett hyrservice f\u00f6r arbetskl\u00e4der inom livsmedelsindustrin. Vi hanterar allt fr\u00e5n ink\u00f6p och tv\u00e4tt till leverans.\",\"breadcrumb\":{\"@id\":\"https:\/\/lindstromgroup.com\/se\/tjanster\/arbetskladerstjanst-for-livsmedelsproduktion\/#breadcrumb\"},\"inLanguage\":\"sv-SE\",\"potentialAction\":[{\"@type\":\"ReadAction\",\"target\":[\"https:\/\/lindstromgroup.com\/se\/tjanster\/arbetskladerstjanst-for-livsmedelsproduktion\/\"]}]},{\"@type\":\"ImageObject\",\"inLanguage\":\"sv-SE\",\"@id\":\"https:\/\/lindstromgroup.com\/se\/tjanster\/arbetskladerstjanst-for-livsmedelsproduktion\/#primaryimage\",\"url\":\"https:\/\/d2ris6qfzcz0wn.cloudfront.net\/wp-content\/uploads\/sites\/34\/2024\/06\/34039923_L-1400x987-3.jpg\",\"contentUrl\":\"https:\/\/d2ris6qfzcz0wn.cloudfront.net\/wp-content\/uploads\/sites\/34\/2024\/06\/34039923_L-1400x987-3.jpg\",\"width\":1400,\"height\":987},{\"@type\":\"BreadcrumbList\",\"@id\":\"https:\/\/lindstromgroup.com\/se\/tjanster\/arbetskladerstjanst-for-livsmedelsproduktion\/#breadcrumb\",\"itemListElement\":[{\"@type\":\"ListItem\",\"position\":1,\"name\":\"Lindstr\u00f6m\",\"item\":\"https:\/\/lindstromgroup.com\/se\/\"},{\"@type\":\"ListItem\",\"position\":2,\"name\":\"Arbetskl\u00e4der f\u00f6r livsmedelsproduktion\"}]},{\"@type\":\"WebSite\",\"@id\":\"https:\/\/lindstromgroup.com\/se\/#website\",\"url\":\"https:\/\/lindstromgroup.com\/se\/\",\"name\":\"Lindstr\u00f6m Sverige\",\"description\":\"Lindstr\u00f6m Group - Textilservice och Tv\u00e4ttservice\",\"publisher\":{\"@id\":\"https:\/\/lindstromgroup.com\/se\/#organization\"},\"potentialAction\":[{\"@type\":\"SearchAction\",\"target\":{\"@type\":\"EntryPoint\",\"urlTemplate\":\"https:\/\/lindstromgroup.com\/se\/?s={search_term_string}\"},\"query-input\":{\"@type\":\"PropertyValueSpecification\",\"valueRequired\":true,\"valueName\":\"search_term_string\"}}],\"inLanguage\":\"sv-SE\"},{\"@type\":\"Organization\",\"@id\":\"https:\/\/lindstromgroup.com\/se\/#organization\",\"name\":\"Lindstr\u00f6m Sverige\",\"url\":\"https:\/\/lindstromgroup.com\/se\/\",\"logo\":{\"@type\":\"ImageObject\",\"inLanguage\":\"sv-SE\",\"@id\":\"https:\/\/lindstromgroup.com\/se\/#\/schema\/logo\/image\/\",\"url\":\"https:\/\/d2ris6qfzcz0wn.cloudfront.net\/wp-content\/uploads\/sites\/3\/2023\/10\/Logo512.png\",\"contentUrl\":\"https:\/\/d2ris6qfzcz0wn.cloudfront.net\/wp-content\/uploads\/sites\/3\/2023\/10\/Logo512.png\",\"width\":512,\"height\":109,\"caption\":\"Lindstr\u00f6m Sverige\"},\"image\":{\"@id\":\"https:\/\/lindstromgroup.com\/se\/#\/schema\/logo\/image\/\"}}]}<\/script>\n<!-- \/ Yoast SEO plugin. -->","yoast_head_json":{"title":"Arbetskl\u00e4der f\u00f6r livsmedelsproduktion - Lindstr\u00f6m Sverige","description":"En komplett hyrservice f\u00f6r arbetskl\u00e4der inom livsmedelsindustrin. Vi hanterar allt fr\u00e5n ink\u00f6p och tv\u00e4tt till leverans.","robots":{"index":"index","follow":"follow","max-snippet":"max-snippet:-1","max-image-preview":"max-image-preview:large","max-video-preview":"max-video-preview:-1"},"og_locale":"sv_SE","og_type":"article","og_title":"Arbetskl\u00e4der f\u00f6r livsmedelsproduktion - Lindstr\u00f6m Sverige","og_description":"En komplett hyrservice f\u00f6r arbetskl\u00e4der inom livsmedelsindustrin. Vi hanterar allt fr\u00e5n ink\u00f6p och tv\u00e4tt till leverans.","og_url":"https:\/\/lindstromgroup.com\/se\/tjanster\/arbetskladerstjanst-for-livsmedelsproduktion\/","og_site_name":"Lindstr\u00f6m Sverige","article_modified_time":"2026-01-12T14:07:30+00:00","og_image":[{"width":1400,"height":987,"url":"https:\/\/d2ris6qfzcz0wn.cloudfront.net\/wp-content\/uploads\/sites\/34\/2024\/06\/34039923_L-1400x987-3.jpg","type":"image\/jpeg"}],"twitter_card":"summary_large_image","twitter_misc":{"Ber\u00e4knad l\u00e4stid":"5 minuter","Skriven av":"Lindstr\u00f6m Group"},"schema":{"@context":"https:\/\/schema.org","@graph":[{"@type":"WebPage","@id":"https:\/\/lindstromgroup.com\/se\/tjanster\/arbetskladerstjanst-for-livsmedelsproduktion\/","url":"https:\/\/lindstromgroup.com\/se\/tjanster\/arbetskladerstjanst-for-livsmedelsproduktion\/","name":"Arbetskl\u00e4der f\u00f6r livsmedelsproduktion - Lindstr\u00f6m Sverige","isPartOf":{"@id":"https:\/\/lindstromgroup.com\/se\/#website"},"primaryImageOfPage":{"@id":"https:\/\/lindstromgroup.com\/se\/tjanster\/arbetskladerstjanst-for-livsmedelsproduktion\/#primaryimage"},"image":{"@id":"https:\/\/lindstromgroup.com\/se\/tjanster\/arbetskladerstjanst-for-livsmedelsproduktion\/#primaryimage"},"thumbnailUrl":"https:\/\/d2ris6qfzcz0wn.cloudfront.net\/wp-content\/uploads\/sites\/34\/2024\/06\/34039923_L-1400x987-3.jpg","datePublished":"2024-06-11T13:29:54+00:00","dateModified":"2026-01-12T14:07:30+00:00","description":"En komplett hyrservice f\u00f6r arbetskl\u00e4der inom livsmedelsindustrin. Vi hanterar allt fr\u00e5n ink\u00f6p och tv\u00e4tt till leverans.","breadcrumb":{"@id":"https:\/\/lindstromgroup.com\/se\/tjanster\/arbetskladerstjanst-for-livsmedelsproduktion\/#breadcrumb"},"inLanguage":"sv-SE","potentialAction":[{"@type":"ReadAction","target":["https:\/\/lindstromgroup.com\/se\/tjanster\/arbetskladerstjanst-for-livsmedelsproduktion\/"]}]},{"@type":"ImageObject","inLanguage":"sv-SE","@id":"https:\/\/lindstromgroup.com\/se\/tjanster\/arbetskladerstjanst-for-livsmedelsproduktion\/#primaryimage","url":"https:\/\/d2ris6qfzcz0wn.cloudfront.net\/wp-content\/uploads\/sites\/34\/2024\/06\/34039923_L-1400x987-3.jpg","contentUrl":"https:\/\/d2ris6qfzcz0wn.cloudfront.net\/wp-content\/uploads\/sites\/34\/2024\/06\/34039923_L-1400x987-3.jpg","width":1400,"height":987},{"@type":"BreadcrumbList","@id":"https:\/\/lindstromgroup.com\/se\/tjanster\/arbetskladerstjanst-for-livsmedelsproduktion\/#breadcrumb","itemListElement":[{"@type":"ListItem","position":1,"name":"Lindstr\u00f6m","item":"https:\/\/lindstromgroup.com\/se\/"},{"@type":"ListItem","position":2,"name":"Arbetskl\u00e4der f\u00f6r livsmedelsproduktion"}]},{"@type":"WebSite","@id":"https:\/\/lindstromgroup.com\/se\/#website","url":"https:\/\/lindstromgroup.com\/se\/","name":"Lindstr\u00f6m Sverige","description":"Lindstr\u00f6m Group - Textilservice och Tv\u00e4ttservice","publisher":{"@id":"https:\/\/lindstromgroup.com\/se\/#organization"},"potentialAction":[{"@type":"SearchAction","target":{"@type":"EntryPoint","urlTemplate":"https:\/\/lindstromgroup.com\/se\/?s={search_term_string}"},"query-input":{"@type":"PropertyValueSpecification","valueRequired":true,"valueName":"search_term_string"}}],"inLanguage":"sv-SE"},{"@type":"Organization","@id":"https:\/\/lindstromgroup.com\/se\/#organization","name":"Lindstr\u00f6m Sverige","url":"https:\/\/lindstromgroup.com\/se\/","logo":{"@type":"ImageObject","inLanguage":"sv-SE","@id":"https:\/\/lindstromgroup.com\/se\/#\/schema\/logo\/image\/","url":"https:\/\/d2ris6qfzcz0wn.cloudfront.net\/wp-content\/uploads\/sites\/3\/2023\/10\/Logo512.png","contentUrl":"https:\/\/d2ris6qfzcz0wn.cloudfront.net\/wp-content\/uploads\/sites\/3\/2023\/10\/Logo512.png","width":512,"height":109,"caption":"Lindstr\u00f6m Sverige"},"image":{"@id":"https:\/\/lindstromgroup.com\/se\/#\/schema\/logo\/image\/"}}]}},"publishpress_future_workflow_manual_trigger":{"enabledWorkflows":[]},"distributor_meta":false,"distributor_terms":false,"distributor_media":false,"distributor_original_site_name":"Lindstr\u00f6m Sverige","distributor_original_site_url":"https:\/\/lindstromgroup.com\/se","push-errors":false,"_links":{"self":[{"href":"https:\/\/lindstromgroup.com\/se\/wp-json\/wp\/v2\/services\/16925","targetHints":{"allow":["GET"]}}],"collection":[{"href":"https:\/\/lindstromgroup.com\/se\/wp-json\/wp\/v2\/services"}],"about":[{"href":"https:\/\/lindstromgroup.com\/se\/wp-json\/wp\/v2\/types\/services"}],"author":[{"embeddable":true,"href":"https:\/\/lindstromgroup.com\/se\/wp-json\/wp\/v2\/users\/14"}],"wp:featuredmedia":[{"embeddable":true,"href":"https:\/\/lindstromgroup.com\/se\/wp-json\/wp\/v2\/media\/16869"}],"wp:attachment":[{"href":"https:\/\/lindstromgroup.com\/se\/wp-json\/wp\/v2\/media?parent=16925"}],"wp:term":[{"taxonomy":"author","embeddable":true,"href":"https:\/\/lindstromgroup.com\/se\/wp-json\/wp\/v2\/coauthors?post=16925"}],"curies":[{"name":"wp","href":"https:\/\/api.w.org\/{rel}","templated":true}]}}