
    {"id":16915,"date":"2024-06-11T12:31:17","date_gmt":"2024-06-11T12:31:17","guid":{"rendered":"https:\/\/lindstromgroup.com\/se\/?post_type=services&#038;p=16915"},"modified":"2026-01-12T14:06:29","modified_gmt":"2026-01-12T14:06:29","slug":"arbetsklader-for-lagerhallare-kyld-mat","status":"publish","type":"services","link":"https:\/\/lindstromgroup.com\/se\/tjanster\/arbetsklader-for-lagerhallare-kyld-mat\/","title":{"rendered":"Arbetskl\u00e4der f\u00f6r lagerh\u00e5llare (kyld mat)"},"content":{"rendered":"\n    <div\n        id=\"block_2c5a4778a4a7098b65624b381a745a01\"\n        class=\"hero-sub hero-sub--block_2c5a4778a4a7098b65624b381a745a01  flex flex-col-reverse lg:flex-row justify-between bg-dark-blue text-white\"\n    >        \n        <div class=\"flex flex-col gap-5 pt-10 pb-5 grow px-5 lg:px-20\">\n            <div class=\"flex flex-col justify-center gap-3 grow max-w-[var(--container-text-max)]\">\n                <h1 class=\"!mb-0 !text-white !text-title-medium lg:!text-title-large !font-bold hyphens-auto break-words\">\n                    Arbetskl\u00e4der f\u00f6r lagerh\u00e5llare                <\/h1>\n    \n                <div class=\"hero-sub__description\">\n                    <p>Lagerh\u00e5llaren tar emot varorna och kontrollerar de handlingar som medf\u00f6ljer varorna. I kyllagret h\u00e5lls temperaturen fr\u00e5n 0\u00b0C till +10\u00b0C.<\/p>\n                <\/div>\n    \n                                    <div class=\"flex flex-col flex-wrap gap-3 mt-3 md:flex-row\">\n                                                                                    <a \n                                    class=\"px-5 py-3 font-bold text-center text-link-small rounded-[30px] border-2 border-white !no-underline bg-white !text-dark-blue button-solid--white\"\n                                    href=\"#quote\"\n                                    target=\"_self\"\n                                >\n                                    Jag vill ha ett prisf\u00f6rslag                                <\/a>\n                                                                                                                <a \n                                    class=\"px-5 py-3 font-bold text-center text-link-small rounded-[30px] border-2 border-white !no-underline bg-transparent !text-white button-outlined--white\"\n                                    href=\"https:\/\/group.lindstromgroup.com\/sv\/arbetsklader-livsmedelsindustrin\"\n                                    target=\"_self\"\n                                >\n                                    Ladda ner FoodIn kollektionen                                <\/a>\n                                                                        <\/div>\n                \n                            <\/div>\n                            <div class=\"font-bold hero-sub__breadcrumb text-body-small\">\n                        <span><span><a href=\"https:\/\/lindstromgroup.com\/se\/\">Lindstr\u00f6m<\/a><\/span><\/span>                <\/div>\n                    <\/div>\n\n        <div class=\"[&#038;_picture]:w-full flex h-full lg:h-auto max-h-[350px] lg:max-h-none lg:min-h-full w-full lg:w-[650px]\">\n            <img decoding=\"async\"\n                class=\"object-cover w-full h-full\"\n                src=\"https:\/\/d2ris6qfzcz0wn.cloudfront.net\/wp-content\/uploads\/sites\/34\/2024\/06\/Warehouse-1-1400x990-1-1024x724.jpg\"\n                alt=\"Lagerh\u00e5llaren tar emot varorna och kontrollerar de handlingar som medf\u00f6ljer varorna. I kyllagret h\u00e5lls temperaturen fr\u00e5n 0\u00b0C till +10\u00b0C.\"\n            >\n        <\/div>\n    <\/div>\n\n\n\n        <style>\n            .lindstrom-container--block_bc441fe45a98748fe0a888431645f3d4 {                \n                padding-top: 35px;\n                padding-bottom: 0px;\n            }\n\n            @media screen and (min-width: 768px) {\n                .lindstrom-container--block_bc441fe45a98748fe0a888431645f3d4 {\n                    padding-top: 75px;\n                    padding-bottom: 75px;\n                }\n            }\n        <\/style>\n    \n<div\n    class=\"lindstrom-container-wrapper lindstrom-container lindstrom-container--block_bc441fe45a98748fe0a888431645f3d4 \"\n    id=\"block_bc441fe45a98748fe0a888431645f3d4\"\n    style=\"background-color: #ffffff\"\n    >\n    <div class=\"lindstrom-container lindstrom-container--text items-stretch\">\n        \n\n<p class=\"has-text-align-center\">Lagerarbetare hanterar livsmedel som l\u00e4tt f\u00f6rst\u00f6rs eller bara \u00e4r delvis inslagna, vilket inneb\u00e4r att arbetskl\u00e4dernas skyddsfunktion inte beh\u00f6ver vara s\u00e4rskilt h\u00f6g. Lagerarbetares arbetskl\u00e4der m\u00e5ste bytas minst varje vecka. Vi rekommenderar arbetskl\u00e4der med l\u00e5nga \u00e4rmar och fickor med lock f\u00f6r att f\u00f6rhindra att f\u00f6rem\u00e5l faller ut.<\/p>\n\n\n    <\/div>\n<\/div>\n\n\n\n        <style>\n            .lindstrom-container--block_9af39578b217273fd8c029e5eb086e8b {                \n                padding-top: 35px;\n                padding-bottom: 35px;\n            }\n\n            @media screen and (min-width: 768px) {\n                .lindstrom-container--block_9af39578b217273fd8c029e5eb086e8b {\n                    padding-top: 75px;\n                    padding-bottom: 75px;\n                }\n            }\n        <\/style>\n    \n<div\n    class=\"lindstrom-container-wrapper lindstrom-container lindstrom-container--block_9af39578b217273fd8c029e5eb086e8b \"\n    id=\"block_9af39578b217273fd8c029e5eb086e8b\"\n    style=\"background-color: #ffffff\"\n    >\n    <div class=\"lindstrom-container lindstrom-container--content items-stretch\">\n        \n\n        <div \n        id=\"cta-country-block_561e48d1634e096378ff6b3e3ef5e948\" \n        class=\"cta-country\"\n    >\n        <div class=\"flex flex-col gap-5\" style=\"align-items: flex-start\">\n                            <h2 class='!text-title-small lg:!text-title-medium !text-grey-100 !font-bold !my-0'>                    Arbetskl\u00e4der f\u00f6r lagerh\u00e5llare (kyld mat)                <\/h2>                                    <div class=\"cta-button-container cta-button-container--row\">\n                            <\/div>\n        <\/div>\n    <\/div>\n    \n\n\n        <div \n        id=\"catalogue-block_27819f09b7a41ede1a2dde6776c5edf8\" \n        class=\"catalogue\"\n    >\n        <div class=\"flex flex-col catalogue__container\">\n            \n                                                <div class=\"grid w-full grid-cols-1 md:grid-cols-2\">\n                        <div class=\"catalogue__media relative\">\n                                                            <img decoding=\"async\" \n                                    class=\"object-cover h-full w-full max-h-[250px] md:max-h-none md:absolute top-0 left-0\" \n                                    src=\"https:\/\/d2ris6qfzcz0wn.cloudfront.net\/wp-content\/uploads\/sites\/34\/2024\/06\/Vat_bunda_sklad-1024x585.png\" \n                                    alt=\"REMI vadderad arbetsjacka\" \n                                \/>\n                                                    <\/div>\n                        <div class=\"flex flex-col justify-center flex-1 gap-5 px-5 py-5 lg:px-20 lg:py-10 catalogue__content min-h-[250px] md:min-h-[350px]\" style=\"background-color:#003f72;\">\n                            <div class=\"flex flex-col gap-2\">\n                                <p \n                                    class=\"text-[16px]\/[22.4px] md:text-[25px]\/[32.5px] text-left tracking-[0.8px] md:tracking-normal uppercase md:normal-case font-bold !mb-0\" \n                                    style=\"color:#FFFFFF;\">\n                                        REMI vadderad arbetsjacka                                <\/p>\n                                <p class=\"text-[15px]\/[21px] text-left font-normal !mb-0\" style=\"color:#FFFFFF;\">L\u00e4tt vadderad arbetsjacka tillverkad av ripstop-polyester. Ribbad krage och \u00e4rmmanschetter som sluter t\u00e4tt mot kroppen och minskar luftcirkulationen. Framtill st\u00e4ngs jackan med en dragkedja. Inga fickor. Den f\u00f6rl\u00e4ngda ryggdelen h\u00e5ller svanskotan varm. Axelpanelerna p\u00e5 ryggen ger st\u00f6rre r\u00f6relsefrihet och fungerar som ventilation f\u00f6r att f\u00f6rhindra svettning. Sidoslitsar nedtill ger b\u00e4ttre r\u00f6relsefrihet vid b\u00f6jning eller sittande. Material: 100% polyester, Pro Ripstop 75 g. Storlekar: 2S- 4L. F\u00e4rg: vit<\/p>\n                                                            <\/div>\n                                                            <div class=\"flex h-10 border-2 rounded-full w-fit button-outlined--white\" style=\"border-color:#FFFFFF;\">\n                                    <a \n                                        class=\"!no-underline bg-transparent py-3 pr-4 pl-5 font-bold text-base flex justify-center items-center gap-3 rounded-full w-full\" \n                                        href=\"#cenovanabidka\"\n                                        target=\"_self\"\n                                        style=\"color:#FFFFFF;\">\n                                            F\u00e5 ett prisf\u00f6rslag <span class=\"material-symbols-outlined !font-bold\">arrow_right_alt<\/span>\n                                    <\/a>\n                                <\/div>\n                                                    <\/div>\n                    <\/div>\n                 \n                        \n        <\/div>\n    <\/div>\n    \n\n\n        <div \n        id=\"catalogue-block_dcfdf5bc8d8c35e4039906c9d02d6c9e\" \n        class=\"catalogue\"\n    >\n        <div class=\"flex flex-col catalogue__container\">\n            \n                                                <div class=\"grid w-full grid-cols-1 md:grid-cols-2\">\n                        <div class=\"catalogue__media relative\">\n                                                            <img decoding=\"async\" \n                                    class=\"object-cover h-full w-full max-h-[250px] md:max-h-none md:absolute top-0 left-0\" \n                                    src=\"https:\/\/d2ris6qfzcz0wn.cloudfront.net\/wp-content\/uploads\/sites\/34\/2024\/06\/Vat_vesta_sklad-1024x585-1.png\" \n                                    alt=\"MARLON vadderad v\u00e4st\" \n                                \/>\n                                                    <\/div>\n                        <div class=\"flex flex-col justify-center flex-1 gap-5 px-5 py-5 lg:px-20 lg:py-10 catalogue__content min-h-[250px] md:min-h-[350px]\" style=\"background-color:#f4f4f4;\">\n                            <div class=\"flex flex-col gap-2\">\n                                <p \n                                    class=\"text-[16px]\/[22.4px] md:text-[25px]\/[32.5px] text-left tracking-[0.8px] md:tracking-normal uppercase md:normal-case font-bold !mb-0\" \n                                    style=\"color:#003f72;\">\n                                        MARLON vadderad v\u00e4st                                <\/p>\n                                <p class=\"text-[15px]\/[21px] text-left font-normal !mb-0\" style=\"color:#003f72;\">Vit vadderad v\u00e4st med V-ringning. St\u00e4ngning framtill med 3 knappar. F\u00f6rl\u00e4ngd ryggdel. Vadd 200 g. Material: 65% Polyester\/ 35% Cotton, Pro Twill 210 g. Storlekar: 4S- 6L. F\u00e4rg: vit\r\n\r\n<\/p>\n                                                            <\/div>\n                                                            <div class=\"flex h-10 border-2 rounded-full w-fit button-outlined--black\" style=\"border-color:#003f72;\">\n                                    <a \n                                        class=\"!no-underline bg-transparent py-3 pr-4 pl-5 font-bold text-base flex justify-center items-center gap-3 rounded-full w-full\" \n                                        href=\"#quote\"\n                                        target=\"_self\"\n                                        style=\"color:#003f72;\">\n                                            F\u00e5 ett prisf\u00f6rslag <span class=\"material-symbols-outlined !font-bold\">arrow_right_alt<\/span>\n                                    <\/a>\n                                <\/div>\n                                                    <\/div>\n                    <\/div>\n                 \n                        \n        <\/div>\n    <\/div>\n    \n\n\n<div style=\"height:25px\" aria-hidden=\"true\" class=\"wp-block-spacer\"><\/div>\n\n\n\n        <div \n        id=\"catalogue-block_822014944730eb1bae53ab5d0ac184df\" \n        class=\"catalogue\"\n    >\n        <div class=\"flex flex-col catalogue__container\">\n            \n                                                <div class=\"grid w-full grid-cols-1 md:grid-cols-2\">\n                        <div class=\"catalogue__media relative\">\n                                                            <img decoding=\"async\" \n                                    class=\"object-cover h-full w-full max-h-[250px] md:max-h-none md:absolute top-0 left-0\" \n                                    src=\"https:\/\/d2ris6qfzcz0wn.cloudfront.net\/wp-content\/uploads\/sites\/34\/2024\/06\/Kalhoty_sklad_Kari-1024x585.png\" \n                                    alt=\"KARI h\u00e4ngselbyxa\" \n                                \/>\n                                                    <\/div>\n                        <div class=\"flex flex-col justify-center flex-1 gap-5 px-5 py-5 lg:px-20 lg:py-10 catalogue__content min-h-[250px] md:min-h-[350px]\" style=\"background-color:#003f72;\">\n                            <div class=\"flex flex-col gap-2\">\n                                <p \n                                    class=\"text-[16px]\/[22.4px] md:text-[25px]\/[32.5px] text-left tracking-[0.8px] md:tracking-normal uppercase md:normal-case font-bold !mb-0\" \n                                    style=\"color:#f2f2f2;\">\n                                        KARI h\u00e4ngselbyxa                                <\/p>\n                                <p class=\"text-[15px]\/[21px] text-left font-normal !mb-0\" style=\"color:#f2f2f2;\">Herrarbetsbyxor med dragsko. Justerbart res\u00e5rband i midjans baksida. Justerbar benl\u00e4ngd. Dold dragkedja framtill. Utan hammarhank. F\u00f6rst\u00e4rkta framfickor. Tv\u00e5 p\u00e5sydda bakfickor och en ficka f\u00f6r kniv. St\u00e4ngbar ficka med lock och en separat ficka f\u00f6r penna i br\u00f6stfickan med lock.Material: 65% cotton\/ 35% polyester, Pro Twill 210 g. Storlekar: 42-66. F\u00e4rg: vit<\/p>\n                                                            <\/div>\n                                                            <div class=\"flex h-10 border-2 rounded-full w-fit button-outlined--black\" style=\"border-color:#f2f2f2;\">\n                                    <a \n                                        class=\"!no-underline bg-transparent py-3 pr-4 pl-5 font-bold text-base flex justify-center items-center gap-3 rounded-full w-full\" \n                                        href=\"#quote\"\n                                        target=\"_self\"\n                                        style=\"color:#f2f2f2;\">\n                                            F\u00e5 ett prisf\u00f6rslag <span class=\"material-symbols-outlined !font-bold\">arrow_right_alt<\/span>\n                                    <\/a>\n                                <\/div>\n                                                    <\/div>\n                    <\/div>\n                 \n                        \n        <\/div>\n    <\/div>\n    \n\n\n        <div \n        id=\"catalogue-block_46298266e4b1f7d6a7e99c66ea7feefc\" \n        class=\"catalogue\"\n    >\n        <div class=\"flex flex-col catalogue__container\">\n            \n                                                <div class=\"grid w-full grid-cols-1 md:grid-cols-2\">\n                        <div class=\"catalogue__media relative\">\n                                                            <img decoding=\"async\" \n                                    class=\"object-cover h-full w-full max-h-[250px] md:max-h-none md:absolute top-0 left-0\" \n                                    src=\"https:\/\/d2ris6qfzcz0wn.cloudfront.net\/wp-content\/uploads\/sites\/34\/2024\/06\/Kombineza_sklad_Atti-1024x585.png\" \n                                    alt=\"ANTTI arbetsoverall\" \n                                \/>\n                                                    <\/div>\n                        <div class=\"flex flex-col justify-center flex-1 gap-5 px-5 py-5 lg:px-20 lg:py-10 catalogue__content min-h-[250px] md:min-h-[350px]\" style=\"background-color:#f4f4f4;\">\n                            <div class=\"flex flex-col gap-2\">\n                                <p \n                                    class=\"text-[16px]\/[22.4px] md:text-[25px]\/[32.5px] text-left tracking-[0.8px] md:tracking-normal uppercase md:normal-case font-bold !mb-0\" \n                                    style=\"color:#003f72;\">\n                                        ANTTI arbetsoverall                                <\/p>\n                                <p class=\"text-[15px]\/[21px] text-left font-normal !mb-0\" style=\"color:#003f72;\">Herr arbetsoverall med vikt krage. Justerbart res\u00e5rband i midjans baksida. Dold st\u00e4ngning med tryckknappar. En br\u00f6stficka med lock p\u00e5 v\u00e4nster sida. Utan hammarhank. Tv\u00e5 sidofickor, knivficka och tv\u00e5 bakfickor. Raka \u00e4rmar med avsmalnande manschetter. Material: 65% cotton\/ 35% polyester, Pro Twill 210 g. Storlekar: 42-66. F\u00e4rg: vit<\/p>\n                                                            <\/div>\n                                                            <div class=\"flex h-10 border-2 rounded-full w-fit button-outlined--black\" style=\"border-color:#003f72;\">\n                                    <a \n                                        class=\"!no-underline bg-transparent py-3 pr-4 pl-5 font-bold text-base flex justify-center items-center gap-3 rounded-full w-full\" \n                                        href=\"#quote\"\n                                        target=\"_self\"\n                                        style=\"color:#003f72;\">\n                                            F\u00e5 ett prisf\u00f6rslag <span class=\"material-symbols-outlined !font-bold\">arrow_right_alt<\/span>\n                                    <\/a>\n                                <\/div>\n                                                    <\/div>\n                    <\/div>\n                 \n                        \n        <\/div>\n    <\/div>\n    \n\n\n<div aria-hidden=\"true\" class=\"wp-block-fsb-flexible-spacer fsb-flexible-spacer\"><div class=\"fsb-flexible-spacer__device fsb-flexible-spacer__device--lg\" style=\"height:35px\"><\/div><div class=\"fsb-flexible-spacer__device fsb-flexible-spacer__device--md\" style=\"height:35px\"><\/div><div class=\"fsb-flexible-spacer__device fsb-flexible-spacer__device--sm\" style=\"height:35px\"><\/div><\/div>\n\n\n\n        <div \n        id=\"cta-country-block_92a65a8f52dd10fe7ad3b8b5352bb7fc\" \n        class=\"cta-country\"\n    >\n        <div class=\"flex flex-col gap-5\" style=\"align-items: flex-start\">\n                            <h2 class='!text-title-small lg:!text-title-medium !text-grey-100 !font-bold !my-0'>                    Ytterligare arbetskl\u00e4der                <\/h2>                                    <div class=\"cta-button-container cta-button-container--row\">\n                            <\/div>\n        <\/div>\n    <\/div>\n    \n\n\n        <div \n        id=\"services-showcase-block_8d0c1c36e7ab4bbbbfc35730812ffe55\" \n        class=\"services-showcase\"\n    >\n        <div class=\"grid\">\n                            <div class=\"grid gap-5 service-cards service-cards-3\">\n                                    \n        <div class='flex flex-col service-card rounded-[5px]'>\n            <div>\n                <a href='https:\/\/lindstromgroup.com\/se\/tjanster\/arbetskladestjanst\/arbetsforklade\/'>\n                    <img class='!h-[250px] object-cover w-full rounded-t-[5px]' src='https:\/\/d2ris6qfzcz0wn.cloudfront.net\/wp-content\/uploads\/sites\/3\/2023\/10\/002_Lindstrom_Set2_hires_final-1024x683.jpg' alt='' \/>\n                <\/a>\n            <\/div>\n            <div class='flex flex-col p-5 gap-5 h-full bg-white rounded-b-[5px]'>\n                <div class='flex flex-col gap-2'>\n                    <h3 class='!mb-0'><a href='https:\/\/lindstromgroup.com\/se\/tjanster\/arbetskladestjanst\/arbetsforklade\/' class='text-[25px]\/[32.5px] font-bold !text-grey-100 !no-underline cursor-pointer !mb-0'>Arbetsf\u00f6rkl\u00e4de<\/a><\/h3>\n                    <p class='text-[15px]\/[21px] text-grey-100 !mb-0'><p>Ett bra komplement till vanliga arbetskl\u00e4der. G\u00f6r det enkelt att snabbt ta av sig arbetskl\u00e4derna.<\/p>\n<\/p><\/div>\n            <div class='border-2 border-grey-100 rounded-full h-10 min-w-[200px] w-fit flex items-center justify-center mt-auto button-outlined--black'>\n                <a class='!text-grey-100 !no-underline bg-transparent py-3 pr-4 pl-5 font-bold text-base flex justify-center items-center gap-3 w-full rounded-full service-button' href='https:\/\/lindstromgroup.com\/se\/tjanster\/arbetskladestjanst\/arbetsforklade\/'>\n                    L\u00e4s mer om arbetsf\u00f6rkl\u00e4de\n                <\/a>\n            <\/div>\n            <\/div>\n        <\/div>\n                                        \n        <div class='flex flex-col service-card rounded-[5px]'>\n            <div>\n                <a href='https:\/\/lindstromgroup.com\/se\/tjanster\/arbetskladestjanst\/arbetsmossor\/'>\n                    <img class='!h-[250px] object-cover w-full rounded-t-[5px]' src='https:\/\/d2ris6qfzcz0wn.cloudfront.net\/wp-content\/uploads\/sites\/34\/2024\/06\/Atria_alyvaatevarasto_Lindstrom_Artikkeli-1400x933-1-1024x682.jpg' alt='' \/>\n                <\/a>\n            <\/div>\n            <div class='flex flex-col p-5 gap-5 h-full bg-white rounded-b-[5px]'>\n                <div class='flex flex-col gap-2'>\n                    <h3 class='!mb-0'><a href='https:\/\/lindstromgroup.com\/se\/tjanster\/arbetskladestjanst\/arbetsmossor\/' class='text-[25px]\/[32.5px] font-bold !text-grey-100 !no-underline cursor-pointer !mb-0'>Arbetsm\u00f6ssor<\/a><\/h3>\n                    <p class='text-[15px]\/[21px] text-grey-100 !mb-0'><p>De grundl\u00e4ggande arbetskl\u00e4derna f\u00f6r arbetare inom livsmedelsf\u00f6r\u00e4dling. Viktigt f\u00f6r att t\u00e4cka h\u00e5ret och skydda livsmedelsprodukterna.<\/p>\n<\/p><\/div>\n            <div class='border-2 border-grey-100 rounded-full h-10 min-w-[200px] w-fit flex items-center justify-center mt-auto button-outlined--black'>\n                <a class='!text-grey-100 !no-underline bg-transparent py-3 pr-4 pl-5 font-bold text-base flex justify-center items-center gap-3 w-full rounded-full service-button' href='https:\/\/lindstromgroup.com\/se\/tjanster\/arbetskladestjanst\/arbetsmossor\/'>\n                    L\u00e4s mer om arbetsm\u00f6ssor\n                <\/a>\n            <\/div>\n            <\/div>\n        <\/div>\n                                        \n        <div class='flex flex-col service-card rounded-[5px]'>\n            <div>\n                <a href='https:\/\/lindstromgroup.com\/se\/tjanster\/arbetskladestjanst\/arbetsrockar-for-livsmedelsarbetare\/'>\n                    <img class='!h-[250px] object-cover w-full rounded-t-[5px]' src='https:\/\/d2ris6qfzcz0wn.cloudfront.net\/wp-content\/uploads\/sites\/3\/2024\/01\/004_Lindstrom_Set2_hires_final-1024x683.jpg' alt='' \/>\n                <\/a>\n            <\/div>\n            <div class='flex flex-col p-5 gap-5 h-full bg-white rounded-b-[5px]'>\n                <div class='flex flex-col gap-2'>\n                    <h3 class='!mb-0'><a href='https:\/\/lindstromgroup.com\/se\/tjanster\/arbetskladestjanst\/arbetsrockar-for-livsmedelsarbetare\/' class='text-[25px]\/[32.5px] font-bold !text-grey-100 !no-underline cursor-pointer !mb-0'>Arbetsrockar f\u00f6r livsmedelsarbetare<\/a><\/h3>\n                    <p class='text-[15px]\/[21px] text-grey-100 !mb-0'><p>Arbetsmanteln \u00e4r en obligatorisk del av de skyddande arbetskl\u00e4derna inom livsmedelsindustrin och cateringbranschen. Det skyddar arbetskl\u00e4der och hud fr\u00e5n fl\u00e4ckar och minskar risken f\u00f6r skador.<\/p>\n<\/p><\/div>\n            <div class='border-2 border-grey-100 rounded-full h-10 min-w-[200px] w-fit flex items-center justify-center mt-auto button-outlined--black'>\n                <a class='!text-grey-100 !no-underline bg-transparent py-3 pr-4 pl-5 font-bold text-base flex justify-center items-center gap-3 w-full rounded-full service-button' href='https:\/\/lindstromgroup.com\/se\/tjanster\/arbetskladestjanst\/arbetsrockar-for-livsmedelsarbetare\/'>\n                    L\u00e4s mer om arbetsrockar\n                <\/a>\n            <\/div>\n            <\/div>\n        <\/div>\n                                    <\/div>\n                    <\/div>\n            <\/div>\n    \n\n\n    <\/div>\n<\/div>\n\n\n\n<hr class=\"wp-block-separator has-text-color has-grey-25-color has-alpha-channel-opacity has-grey-25-background-color has-background is-style-wide\" style=\"margin-top:0px;margin-bottom:0px\"\/>\n\n\n\n        <style>\n            .country-site-certifications--block_412a2c0f3d8474b35b986385a4544be3 {                \n                padding-top: 35px;\n                padding-bottom: 35px;\n            }\n\n            @media screen and (min-width: 768px) {\n                .country-site-certifications--block_412a2c0f3d8474b35b986385a4544be3 {\n                    padding-top: 50px;\n                    padding-bottom: 50px;\n                }\n            }\n        <\/style>\n    \n            <div\n            id=\"block_412a2c0f3d8474b35b986385a4544be3\"\n            style=\"background-color: #ffffff\"\n            class=\"lindstrom-container-wrapper border-t border-grey-25 country-site-certifications country-site-certifications--block_412a2c0f3d8474b35b986385a4544be3 \"\n        >\n            <div class=\"flex flex-col items-center self-stretch gap-5 lindstrom-container lindstrom-container--content lg:flex-row lg:gap-20\">\n                <div class=\"flex flex-col items-center justify-center gap-5 lg:items-start basis-full lg:basis-1\/4 self-baseline\">\n                    <h2 class=\"!text-grey-100 !text-[22px]\/[33px] !font-bold uppercase tracking-[.33px]\">Vi \u00e4r proffs<\/h2>\n                    <p class=\"!text-grey-100 !text-[18px]\/[27px] opacity-90 text-center lg:text-left\"><\/p>\n                <\/div>\n                <div class=\"relative w-full max-w-full\">\n                    <div class=\"flex justify-start gap-3 overflow-x-auto lg:justify-end\">\n                                            <div class=\"relative text-center w-[150px]\">\n                            <img decoding=\"async\" class=\"aspect-square w-full object-contain\" src=\"https:\/\/d2ris6qfzcz0wn.cloudfront.net\/wp-content\/uploads\/sites\/34\/2024\/12\/Ecovadis_platinum_2026_625x625px-300x300.jpg\" alt=\"\" \/>\n                                                                                <\/div>\n                                            <div class=\"relative text-center w-[150px]\">\n                            <img decoding=\"async\" class=\"aspect-square w-full object-contain\" src=\"https:\/\/d2ris6qfzcz0wn.cloudfront.net\/wp-content\/uploads\/sites\/34\/2024\/06\/QualitySysCert_ISO9001.webp\" alt=\"\" \/>\n                                                                                <\/div>\n                                            <div class=\"relative text-center w-[150px]\">\n                            <img decoding=\"async\" class=\"aspect-square w-full object-contain\" src=\"https:\/\/d2ris6qfzcz0wn.cloudfront.net\/wp-content\/uploads\/sites\/34\/2024\/06\/EnvironmentalSysCert_ISO14001_col-1.jpg\" alt=\"\" \/>\n                                                                                <\/div>\n                                            <div class=\"relative text-center w-[150px]\">\n                            <img decoding=\"async\" class=\"aspect-square w-full object-contain\" src=\"https:\/\/d2ris6qfzcz0wn.cloudfront.net\/wp-content\/uploads\/sites\/34\/2024\/06\/ISO9001-14001-45001_625x625px-300x300.jpg.webp\" alt=\"\" \/>\n                                                                                <\/div>\n                                        <\/div>\n                <\/div>\n            <\/div>\n        <\/div>\n    \n\n\n        <style>\n            .lindstrom-container--block_fecf905fbfdeac823fb69078cbf2fdce {                \n                padding-top: 35px;\n                padding-bottom: 35px;\n            }\n\n            @media screen and (min-width: 768px) {\n                .lindstrom-container--block_fecf905fbfdeac823fb69078cbf2fdce {\n                    padding-top: 75px;\n                    padding-bottom: 75px;\n                }\n            }\n        <\/style>\n    \n<div\n    class=\"lindstrom-container-wrapper lindstrom-container lindstrom-container--block_fecf905fbfdeac823fb69078cbf2fdce \"\n    id=\"block_fecf905fbfdeac823fb69078cbf2fdce\"\n    style=\"background-color: #ffffff\"\n    >\n    <div class=\"lindstrom-container lindstrom-container--content items-stretch\">\n        \n\n        <div \n        id=\"cta-country-block_959d0318d7e59563b66c1e01e2152847\" \n        class=\"cta-country\"\n    >\n        <div class=\"flex flex-col gap-5\" style=\"align-items: flex-start\">\n                            <h2 class='!text-title-small lg:!text-title-medium !text-grey-100 !font-bold !my-0'>                    Hur v\u00e5r arbetskl\u00e4destj\u00e4nst funkar                <\/h2>                                    <div class=\"cta-button-container cta-button-container--row\">\n                            <\/div>\n        <\/div>\n    <\/div>\n    \n\n\n    <div \n        id=\"block_3f3d75cb1c7a0263158f33fad2126eee\"\n        class=\"visualization-service-cycles visualization-service-cycles--block_3f3d75cb1c7a0263158f33fad2126eee  \"\n    >\n                            \n            <div class=\"service-cycle__steps flex flex-col\">\n                <div class=\"flex flex-col lg:flex-row\">\n                                            <div \n                            class=\"service-cycle__box\"\n                            style=\"background-color: #ca005d;\"\n                        >\n                            <div class=\"items-center\">\n                                <span class='icon-magnifying-glass' style='font-size: 40px;color: #ffffff;'><\/span>                            <\/div>\n                            <div class=\"text-white flex flex-col gap-1\">\n                                <div class=\"text-title-small font-bold\">\n                                    Tillsammans tar vi fram en kollektion anpassad f\u00f6r just din verksamhet                                <\/div>\n                                                            <\/div>                            \n                            <div \n                                class=\"service-cycle__box-triangle\"\n                                style=\"background-color: #ca005d\"\n                            >\n                            <\/div>                            \n                        <\/div>\n\n                                                                    <div \n                            class=\"service-cycle__box\"\n                            style=\"background-color: #7c109a;\"\n                        >\n                            <div class=\"items-center\">\n                                <span class='icon-delivery' style='font-size: 40px;color: #ffffff;'><\/span>                            <\/div>\n                            <div class=\"text-white flex flex-col gap-1\">\n                                <div class=\"text-title-small font-bold\">\n                                    Vi tv\u00e4ttar och underh\u00e5ller arbetskl\u00e4derna                                <\/div>\n                                                            <\/div>                            \n                            <div \n                                class=\"service-cycle__box-triangle\"\n                                style=\"background-color: #7c109a\"\n                            >\n                            <\/div>                            \n                        <\/div>\n\n                                                                    <div \n                            class=\"service-cycle__box\"\n                            style=\"background-color: #003f72;\"\n                        >\n                            <div class=\"items-center\">\n                                <span class='icon-thread-and-needle' style='font-size: 40px;color: #ffffff;'><\/span>                            <\/div>\n                            <div class=\"text-white flex flex-col gap-1\">\n                                <div class=\"text-title-small font-bold\">\n                                    Vid behov reparerar eller byter vi ut anv\u00e4nda arbetskl\u00e4der                                <\/div>\n                                                            <\/div>                            \n                            <div \n                                class=\"service-cycle__box-triangle\"\n                                style=\"background-color: #003f72\"\n                            >\n                            <\/div>                            \n                        <\/div>\n\n                                                                    <div \n                            class=\"service-cycle__box\"\n                            style=\"background-color: #006f86;\"\n                        >\n                            <div class=\"items-center\">\n                                <span class='icon-devices' style='font-size: 40px;color: #ffffff;'><\/span>                            <\/div>\n                            <div class=\"text-white flex flex-col gap-1\">\n                                <div class=\"text-title-small font-bold\">\n                                    Du kan enkelt hantera textilf\u00f6rbrukningen online                                <\/div>\n                                                            <\/div>                            \n                            <div \n                                class=\"service-cycle__box-triangle\"\n                                style=\"background-color: #006f86\"\n                            >\n                            <\/div>                            \n                        <\/div>\n\n                                                                    <div \n                            class=\"service-cycle__box\"\n                            style=\"background-color: #578200;\"\n                        >\n                            <div class=\"items-center\">\n                                <span class='icon-check-circle' style='font-size: 40px;color: #ffffff;'><\/span>                            <\/div>\n                            <div class=\"text-white flex flex-col gap-1\">\n                                <div class=\"text-title-small font-bold\">\n                                    Vi tar ansvar f\u00f6r lagring och kassering av gamla arbetskl\u00e4der.                                <\/div>\n                                                            <\/div>                            \n                            <div \n                                class=\"service-cycle__box-triangle\"\n                                style=\"background-color: #578200\"\n                            >\n                            <\/div>                            \n                        <\/div>\n\n                                                            <\/div>\n\n                <div class=\"hidden lg:flex\">\n                                            <div class=\"service-cycle__long-description\">\n                                                    <\/div>\n                                            <div class=\"service-cycle__long-description\">\n                                                    <\/div>\n                                            <div class=\"service-cycle__long-description\">\n                                                    <\/div>\n                                            <div class=\"service-cycle__long-description\">\n                                                    <\/div>\n                                            <div class=\"service-cycle__long-description\">\n                                                    <\/div>\n                                    <\/div>\n                \n            <\/div>\n            <\/div>\n\n\n    <\/div>\n<\/div>\n\n\n\n<div\n    class=\"lindstrom-container-wrapper lindstrom-container lindstrom-container--block_111cea46fc78ea7a964b2f1a7720a440 \"\n    id=\"block_111cea46fc78ea7a964b2f1a7720a440\"\n    style=\"background-color: #ffffff\"\n    >\n    <div class=\"lindstrom-container lindstrom-container--content items-stretch\">\n        \n\n        <style>\n            .lindstrom-container--block_99977ecc293fdb1d9acebaa9f57f28db {                \n                padding-top: 35px;\n                padding-bottom: 35px;\n            }\n\n            @media screen and (min-width: 768px) {\n                .lindstrom-container--block_99977ecc293fdb1d9acebaa9f57f28db {\n                    padding-top: 10px;\n                    padding-bottom: 10px;\n                }\n            }\n        <\/style>\n    \n<div\n    class=\"lindstrom-container-wrapper lindstrom-container lindstrom-container--block_99977ecc293fdb1d9acebaa9f57f28db \"\n    id=\"block_99977ecc293fdb1d9acebaa9f57f28db\"\n    style=\"background-color: #ffffff\"\n    >\n    <div class=\"lindstrom-container lindstrom-container--content items-stretch\">\n        \n\n<div class=\"wp-block-columns are-vertically-aligned-top is-style-default is-layout-flex wp-container-core-columns-is-layout-28f84493 wp-block-columns-is-layout-flex\">\n<div class=\"wp-block-column is-vertically-aligned-top is-layout-flow wp-block-column-is-layout-flow\">\n<figure class=\"wp-block-image size-large is-resized\"><img decoding=\"async\" width=\"1024\" height=\"683\" src=\"https:\/\/d2ris6qfzcz0wn.cloudfront.net\/wp-content\/uploads\/sites\/34\/2024\/06\/high-1843-LINDSTROM-employer-branding-02-2022-1-1024x683.jpg\" alt=\"\" class=\"wp-image-17255\" style=\"aspect-ratio:4\/3;object-fit:cover;width:1130px;height:auto\" srcset=\"https:\/\/d2ris6qfzcz0wn.cloudfront.net\/wp-content\/uploads\/sites\/34\/2024\/06\/high-1843-LINDSTROM-employer-branding-02-2022-1-1024x683.jpg 1024w, https:\/\/d2ris6qfzcz0wn.cloudfront.net\/wp-content\/uploads\/sites\/34\/2024\/06\/high-1843-LINDSTROM-employer-branding-02-2022-1-300x200.jpg 300w, https:\/\/d2ris6qfzcz0wn.cloudfront.net\/wp-content\/uploads\/sites\/34\/2024\/06\/high-1843-LINDSTROM-employer-branding-02-2022-1-768x512.jpg 768w, https:\/\/d2ris6qfzcz0wn.cloudfront.net\/wp-content\/uploads\/sites\/34\/2024\/06\/high-1843-LINDSTROM-employer-branding-02-2022-1-1536x1024.jpg 1536w, https:\/\/d2ris6qfzcz0wn.cloudfront.net\/wp-content\/uploads\/sites\/34\/2024\/06\/high-1843-LINDSTROM-employer-branding-02-2022-1.jpg 2048w\" sizes=\"(max-width: 1024px) 100vw, 1024px\" \/><\/figure>\n<\/div>\n\n\n\n<div class=\"wp-block-column is-vertically-aligned-top is-layout-flow wp-block-column-is-layout-flow\">\n        <style>\n            .lindstrom-container--block_fecf905fbfdeac823fb69078cbf2fdce {                \n                padding-top: 35px;\n                padding-bottom: 35px;\n            }\n\n            @media screen and (min-width: 768px) {\n                .lindstrom-container--block_fecf905fbfdeac823fb69078cbf2fdce {\n                    padding-top: 75px;\n                    padding-bottom: 75px;\n                }\n            }\n        <\/style>\n    \n<div\n    class=\"lindstrom-container-wrapper lindstrom-container lindstrom-container--block_fecf905fbfdeac823fb69078cbf2fdce \"\n    id=\"block_fecf905fbfdeac823fb69078cbf2fdce\"\n    style=\"background-color: #ffffff\"\n    >\n    <div class=\"lindstrom-container lindstrom-container--content items-stretch\">\n        \n\n    <div id=\"hubspot-contact-form-block_aaf984929bf65d0523768eb53979dd34\" class=\"hubspot-contact-form\">\n                    <h2 class=\"mt-0 !mb-5 lg:!mb-10 font-bold !text-title-small lg:!text-title-medium\">\n                Vill du f\u00e5 ett prisf\u00f6rslag?            <\/h2>\n        \n                    <p class=\"!-mt-4 lg:!-mt-8 !mb-5 lg:!mb-10 !text-body-small\">\n                V\u00e4nligen fyll i kontaktformul\u00e4ret nedan eller ring oss p\u00e5: +46 10 330 35 10.            <\/p>\n        \n        <div class=\"form-wrapper\"><\/div>\n        <div class=\"editor-message\">\n            Please set a valid form ID.\n        <\/div>\n    <\/div>\n\n<script>\n    \/**\n     * Generate dynamic init form function name to prevent it get re-initialized if there are multiple forms in a page\n     *\/\n    function initForm_69f73f83d4e28() {\n        \/\/ retry until hubspot script is initialized\n        if (typeof hbspt !== \"undefined\") {\n            hbspt.forms.create({\n                region: \"eu1\",\n                portalId: \"2758505\",\n                formId: \"d2fc8692-adf4-4146-bc87-bfbc3fabaca9\",\n                target: `#hubspot-contact-form-block_aaf984929bf65d0523768eb53979dd34 .form-wrapper`,\n                onFormReady: (arg) => {\n                    const hasFeaturedField = 0;\n                    if (!hasFeaturedField) {\n                        return\n                    }\n    \n                    \/\/ in case the featured field is not available in the form\n                    const featuredField = document.querySelector(`#hubspot-contact-form-block_aaf984929bf65d0523768eb53979dd34 .none`);\n                    if (!featuredField) {\n                        return\n                    }\n    \n                    \/\/ only support checkbox field for now\n                    convertCheckboxFeaturedField(featuredField)                \n                }\n            });\n            return;\n        }\n\n        setTimeout(initForm_69f73f83d4e28, 250);\n    }\n\n    function convertCheckboxFeaturedField(featuredField) {\n        const fieldsetWrapper = featuredField.parentElement\n        \n        \/\/ add the featured field class to the wrapper fieldset element\n        \/\/ transform the featured field's UI via CSS\n        fieldsetWrapper.classList.add('featured-field')\n\n        \/\/ calculate and add enough space to display the featured field on top of the form\n        calculateFeaturedFieldSize(fieldsetWrapper)\n        window.addEventListener('resize', () => {\n            calculateFeaturedFieldSize(fieldsetWrapper)\n        })\n    }\n    \n    function calculateFeaturedFieldSize (fieldsetWrapper) {\n        fieldsetWrapper\n            .closest('.hubspot-contact-form--has-featured-field')\n            .style\n            .paddingTop = fieldsetWrapper.offsetHeight + 50 + 'px';\n    }    \n\n    initForm_69f73f83d4e28();\n<\/script>\n\n\n    <\/div>\n<\/div>\n<\/div>\n<\/div>\n\n\n    <\/div>\n<\/div>\n\n\n    <\/div>\n<\/div>\n\n\n\n        <style>\n            .lindstrom-container--block_9af39578b217273fd8c029e5eb086e8b {                \n                padding-top: 35px;\n                padding-bottom: 35px;\n            }\n\n            @media screen and (min-width: 768px) {\n                .lindstrom-container--block_9af39578b217273fd8c029e5eb086e8b {\n                    padding-top: 75px;\n                    padding-bottom: 75px;\n                }\n            }\n        <\/style>\n    \n<div\n    class=\"lindstrom-container-wrapper lindstrom-container lindstrom-container--block_9af39578b217273fd8c029e5eb086e8b \"\n    id=\"block_9af39578b217273fd8c029e5eb086e8b\"\n    style=\"background-color: #ffffff\"\n    >\n    <div class=\"lindstrom-container lindstrom-container--content items-stretch\">\n        \n\n<style>\n    @media only screen and (max-width: 1200px) {\n        #block_e34db44a28d1ea726708bc7c6904894c .blogposts__container {\n            grid-template-columns: repeat(4, 1fr);\n        }\n    }\n<\/style>\n\n            <div \n            id=\"block_e34db44a28d1ea726708bc7c6904894c\" \n            class=\"blogposts blogposts--block_e34db44a28d1ea726708bc7c6904894c \"\n        >\n            <div class=\"blogposts\">\n                <div class=\"blogposts__container post-row\">\n                    \n        <div class='post-card relative' data-index='18439'>\n            <img\n                class='post-card__image' \n                src='https:\/\/d2ris6qfzcz0wn.cloudfront.net\/wp-content\/uploads\/sites\/34\/2025\/06\/Lindstrom-PRODEM-Tukums-Latvia-daily-work-WEB-2022-53-1-1024x700.jpg' \n                alt='Arbetskl\u00e4der f\u00f6r f\u00f6retag &#8211; v\u00e4lj r\u00e4tt l\u00f6sning f\u00f6r er verksamhet' \n            \/>\n            <div class='post-card__content'>\n                <div class='post-card__categories z-20'>\n            <a\n                class='post-card__category'\n                href='https:\/\/lindstromgroup.com\/se\/category\/articles\/'\n            >\n                Artiklar\n            <\/a><\/div>\n                <div class='post-card__title'>\n                    Arbetskl\u00e4der f\u00f6r f\u00f6retag &#8211; v\u00e4lj r\u00e4tt l\u00f6sning f\u00f6r er verksamhet\n                <\/div>\n                <p class='post-card__excerpt'>\n                    V\u00e4lj r\u00e4tt l\u00f6sning f\u00f6r arbetskl\u00e4der. Vi guidar er genom smarta ink\u00f6p, cirkul\u00e4r tv\u00e4ttservice och digital plaggkontroll\n                <\/p>\n                <div class='post-card__tags z-20'>\n            <a\n                class='post-card__tag'\n                href='https:\/\/lindstromgroup.com\/se\/tag\/arbetsklader\/'\n                style='border: 1px solid ; color: ;'\n            >\n                #arbetskl\u00e4der\n            <\/a><\/div>\n            <\/div>\n            <a href='\/se\/articles\/arbetsklader-for-foretag-valj-ratt-losning-for-er-verksamhet\/' class='absolute inset-0 w-full h-full z-10'><\/a>\n        <\/div>\n    \n        <div class='post-card relative' data-index='17883'>\n            <img\n                class='post-card__image' \n                src='https:\/\/d2ris6qfzcz0wn.cloudfront.net\/wp-content\/uploads\/sites\/3\/2024\/01\/Service-representative_010_Lindstrom-1024x683.jpg' \n                alt='Lindstr\u00f6m och Comforta expanderar i Sverige med ett nytt servicecenter i G\u00f6teborg' \n            \/>\n            <div class='post-card__content'>\n                <div class='post-card__categories z-20'>\n            <a\n                class='post-card__category'\n                href='https:\/\/lindstromgroup.com\/se\/category\/articles\/'\n            >\n                Artiklar\n            <\/a><\/div>\n                <div class='post-card__title'>\n                    Lindstr\u00f6m och Comforta expanderar i Sverige med ett nytt servicecenter i G\u00f6teborg\n                <\/div>\n                <p class='post-card__excerpt'>\n                    Lindstr\u00f6m ut\u00f6kar sin verksamhet i Sverige genom att \u00f6ppna ett nytt servicecenter i G\u00f6teborg. Anl\u00e4ggningen \u00e4r utformad enligt principerna f\u00f6r cirkul\u00e4r ekonomi och utrustad med avancerad energibesparande teknik f\u00f6r att fr\u00e4mja effektiv resursanv\u00e4ndning och minska avfall.\n                <\/p>\n                <div class='post-card__tags z-20'>\n            <a\n                class='post-card__tag'\n                href='https:\/\/lindstromgroup.com\/se\/tag\/hoteltextiles\/'\n                style='border: 1px solid ; color: ;'\n            >\n                #hotelltextilier\n            <\/a>\n            <a\n                class='post-card__tag'\n                href='https:\/\/lindstromgroup.com\/se\/tag\/hallbarhet\/'\n                style='border: 1px solid ; color: ;'\n            >\n                #h\u00e5llbarhet\n            <\/a><\/div>\n            <\/div>\n            <a href='\/se\/articles\/lindstrom-och-comforta-expanderar-i-sverige-med-ett-nytt-servicecenter-i-goteborg\/' class='absolute inset-0 w-full h-full z-10'><\/a>\n        <\/div>\n    \n        <div class='post-card relative' data-index='17859'>\n            <img\n                class='post-card__image' \n                src='https:\/\/d2ris6qfzcz0wn.cloudfront.net\/wp-content\/uploads\/sites\/34\/2025\/02\/0R8A8278-1024x320.jpg' \n                alt='F\u00f6renkla hanteringen av arbetskl\u00e4der med v\u00e5r digitala l\u00f6sning' \n            \/>\n            <div class='post-card__content'>\n                <div class='post-card__categories z-20'>\n            <a\n                class='post-card__category'\n                href='https:\/\/lindstromgroup.com\/se\/category\/articles\/'\n            >\n                Artiklar\n            <\/a><\/div>\n                <div class='post-card__title'>\n                    F\u00f6renkla hanteringen av arbetskl\u00e4der med v\u00e5r digitala l\u00f6sning\n                <\/div>\n                <p class='post-card__excerpt'>\n                    Effektiv hantering av arbetskl\u00e4der med v\u00e5r digitala l\u00f6sning: komplett service fr\u00e5n leverans till underh\u00e5ll.\n                <\/p>\n                <div class='post-card__tags z-20'>\n            <a\n                class='post-card__tag'\n                href='https:\/\/lindstromgroup.com\/se\/tag\/arbetsklader\/'\n                style='border: 1px solid ; color: ;'\n            >\n                #arbetskl\u00e4der\n            <\/a>\n            <a\n                class='post-card__tag'\n                href='https:\/\/lindstromgroup.com\/se\/tag\/elindstrom\/'\n                style='border: 1px solid ; color: ;'\n            >\n                #eLindstr\u00f6m\n            <\/a>\n            <a\n                class='post-card__tag'\n                href='https:\/\/lindstromgroup.com\/se\/tag\/hallbarhet\/'\n                style='border: 1px solid ; color: ;'\n            >\n                #h\u00e5llbarhet\n            <\/a><\/div>\n            <\/div>\n            <a href='\/se\/articles\/forenkla-arbetsklader-med-en-digitalt-stodd-losning\/' class='absolute inset-0 w-full h-full z-10'><\/a>\n        <\/div>\n                    <\/div>\n                <div class=\"post-row-mobile-carousel\"><\/div>\n            <\/div>\n        <\/div>\n    \n\n    <\/div>\n<\/div>\n","protected":false},"excerpt":{"rendered":"","protected":false},"author":79,"featured_media":16916,"parent":0,"menu_order":0,"template":"","meta":{"_acf_changed":true,"inline_featured_image":false,"_eb_attr":"","site-sidebar-layout":"default","site-content-layout":"","ast-site-content-layout":"default","site-content-style":"default","site-sidebar-style":"default","ast-global-header-display":"","ast-banner-title-visibility":"","ast-main-header-display":"","ast-hfb-above-header-display":"","ast-hfb-below-header-display":"","ast-hfb-mobile-header-display":"","site-post-title":"","ast-breadcrumbs-content":"","ast-featured-img":"","footer-sml-layout":"","ast-disable-related-posts":"","theme-transparent-header-meta":"","adv-header-id-meta":"","stick-header-meta":"","header-above-stick-meta":"","header-main-stick-meta":"","header-below-stick-meta":"","astra-migrate-meta-layouts":"set","ast-page-background-enabled":"default","ast-page-background-meta":{"desktop":{"background-color":"var(--ast-global-color-4)","background-image":"","background-repeat":"repeat","background-position":"center center","background-size":"auto","background-attachment":"scroll","background-type":"","background-media":"","overlay-type":"","overlay-color":"","overlay-opacity":"","overlay-gradient":""},"tablet":{"background-color":"","background-image":"","background-repeat":"repeat","background-position":"center center","background-size":"auto","background-attachment":"scroll","background-type":"","background-media":"","overlay-type":"","overlay-color":"","overlay-opacity":"","overlay-gradient":""},"mobile":{"background-color":"","background-image":"","background-repeat":"repeat","background-position":"center center","background-size":"auto","background-attachment":"scroll","background-type":"","background-media":"","overlay-type":"","overlay-color":"","overlay-opacity":"","overlay-gradient":""}},"ast-content-background-meta":{"desktop":{"background-color":"var(--ast-global-color-5)","background-image":"","background-repeat":"repeat","background-position":"center center","background-size":"auto","background-attachment":"scroll","background-type":"","background-media":"","overlay-type":"","overlay-color":"","overlay-opacity":"","overlay-gradient":""},"tablet":{"background-color":"var(--ast-global-color-5)","background-image":"","background-repeat":"repeat","background-position":"center center","background-size":"auto","background-attachment":"scroll","background-type":"","background-media":"","overlay-type":"","overlay-color":"","overlay-opacity":"","overlay-gradient":""},"mobile":{"background-color":"var(--ast-global-color-5)","background-image":"","background-repeat":"repeat","background-position":"center center","background-size":"auto","background-attachment":"scroll","background-type":"","background-media":"","overlay-type":"","overlay-color":"","overlay-opacity":"","overlay-gradient":""}}},"coauthors":[25],"class_list":["post-16915","services","type-services","status-publish","has-post-thumbnail","hentry"],"acf":[],"yoast_head":"<!-- This site is optimized with the Yoast SEO plugin v27.2 - https:\/\/yoast.com\/product\/yoast-seo-wordpress\/ -->\n<title>Arbetskl\u00e4der f\u00f6r lagerh\u00e5llare (kyld mat) - Lindstr\u00f6m Sverige<\/title>\n<meta name=\"description\" content=\"Arbetskl\u00e4der f\u00f6r lagerarbetare som hanterar livsmedel. Plaggen \u00e4r anpassade f\u00f6r temperaturer mellan 0\u00b0C och +10\u00b0C i kyllager.\" \/>\n<meta name=\"robots\" content=\"index, follow, max-snippet:-1, max-image-preview:large, max-video-preview:-1\" \/>\n<meta property=\"og:locale\" content=\"sv_SE\" \/>\n<meta property=\"og:type\" content=\"article\" \/>\n<meta property=\"og:title\" content=\"Arbetskl\u00e4der f\u00f6r lagerh\u00e5llare (kyld mat) - Lindstr\u00f6m Sverige\" \/>\n<meta property=\"og:description\" content=\"Arbetskl\u00e4der f\u00f6r lagerarbetare som hanterar livsmedel. Plaggen \u00e4r anpassade f\u00f6r temperaturer mellan 0\u00b0C och +10\u00b0C i kyllager.\" \/>\n<meta property=\"og:url\" content=\"https:\/\/lindstromgroup.com\/se\/tjanster\/arbetsklader-for-lagerhallare-kyld-mat\/\" \/>\n<meta property=\"og:site_name\" content=\"Lindstr\u00f6m Sverige\" \/>\n<meta property=\"article:modified_time\" content=\"2026-01-12T14:06:29+00:00\" \/>\n<meta property=\"og:image\" content=\"https:\/\/d2ris6qfzcz0wn.cloudfront.net\/wp-content\/uploads\/sites\/34\/2024\/06\/Warehouse-1-1400x990-1.jpg\" \/>\n\t<meta property=\"og:image:width\" content=\"1400\" \/>\n\t<meta property=\"og:image:height\" content=\"990\" \/>\n\t<meta property=\"og:image:type\" content=\"image\/jpeg\" \/>\n<meta name=\"twitter:card\" content=\"summary_large_image\" \/>\n<meta name=\"twitter:label1\" content=\"Ber\u00e4knad l\u00e4stid\" \/>\n\t<meta name=\"twitter:data1\" content=\"3 minuter\" \/>\n\t<meta name=\"twitter:label2\" content=\"Skriven av\" \/>\n\t<meta name=\"twitter:data2\" content=\"zuzananasincova\" \/>\n<script type=\"application\/ld+json\" class=\"yoast-schema-graph\">{\"@context\":\"https:\/\/schema.org\",\"@graph\":[{\"@type\":\"WebPage\",\"@id\":\"https:\/\/lindstromgroup.com\/se\/tjanster\/arbetsklader-for-lagerhallare-kyld-mat\/\",\"url\":\"https:\/\/lindstromgroup.com\/se\/tjanster\/arbetsklader-for-lagerhallare-kyld-mat\/\",\"name\":\"Arbetskl\u00e4der f\u00f6r lagerh\u00e5llare (kyld mat) - Lindstr\u00f6m Sverige\",\"isPartOf\":{\"@id\":\"https:\/\/lindstromgroup.com\/se\/#website\"},\"primaryImageOfPage\":{\"@id\":\"https:\/\/lindstromgroup.com\/se\/tjanster\/arbetsklader-for-lagerhallare-kyld-mat\/#primaryimage\"},\"image\":{\"@id\":\"https:\/\/lindstromgroup.com\/se\/tjanster\/arbetsklader-for-lagerhallare-kyld-mat\/#primaryimage\"},\"thumbnailUrl\":\"https:\/\/d2ris6qfzcz0wn.cloudfront.net\/wp-content\/uploads\/sites\/34\/2024\/06\/Warehouse-1-1400x990-1.jpg\",\"datePublished\":\"2024-06-11T12:31:17+00:00\",\"dateModified\":\"2026-01-12T14:06:29+00:00\",\"description\":\"Arbetskl\u00e4der f\u00f6r lagerarbetare som hanterar livsmedel. Plaggen \u00e4r anpassade f\u00f6r temperaturer mellan 0\u00b0C och +10\u00b0C i kyllager.\",\"breadcrumb\":{\"@id\":\"https:\/\/lindstromgroup.com\/se\/tjanster\/arbetsklader-for-lagerhallare-kyld-mat\/#breadcrumb\"},\"inLanguage\":\"sv-SE\",\"potentialAction\":[{\"@type\":\"ReadAction\",\"target\":[\"https:\/\/lindstromgroup.com\/se\/tjanster\/arbetsklader-for-lagerhallare-kyld-mat\/\"]}]},{\"@type\":\"ImageObject\",\"inLanguage\":\"sv-SE\",\"@id\":\"https:\/\/lindstromgroup.com\/se\/tjanster\/arbetsklader-for-lagerhallare-kyld-mat\/#primaryimage\",\"url\":\"https:\/\/d2ris6qfzcz0wn.cloudfront.net\/wp-content\/uploads\/sites\/34\/2024\/06\/Warehouse-1-1400x990-1.jpg\",\"contentUrl\":\"https:\/\/d2ris6qfzcz0wn.cloudfront.net\/wp-content\/uploads\/sites\/34\/2024\/06\/Warehouse-1-1400x990-1.jpg\",\"width\":1400,\"height\":990},{\"@type\":\"BreadcrumbList\",\"@id\":\"https:\/\/lindstromgroup.com\/se\/tjanster\/arbetsklader-for-lagerhallare-kyld-mat\/#breadcrumb\",\"itemListElement\":[{\"@type\":\"ListItem\",\"position\":1,\"name\":\"Lindstr\u00f6m\",\"item\":\"https:\/\/lindstromgroup.com\/se\/\"},{\"@type\":\"ListItem\",\"position\":2,\"name\":\"Arbetskl\u00e4der f\u00f6r lagerh\u00e5llare (kyld mat)\"}]},{\"@type\":\"WebSite\",\"@id\":\"https:\/\/lindstromgroup.com\/se\/#website\",\"url\":\"https:\/\/lindstromgroup.com\/se\/\",\"name\":\"Lindstr\u00f6m Sverige\",\"description\":\"Lindstr\u00f6m Group - Textilservice och Tv\u00e4ttservice\",\"publisher\":{\"@id\":\"https:\/\/lindstromgroup.com\/se\/#organization\"},\"potentialAction\":[{\"@type\":\"SearchAction\",\"target\":{\"@type\":\"EntryPoint\",\"urlTemplate\":\"https:\/\/lindstromgroup.com\/se\/?s={search_term_string}\"},\"query-input\":{\"@type\":\"PropertyValueSpecification\",\"valueRequired\":true,\"valueName\":\"search_term_string\"}}],\"inLanguage\":\"sv-SE\"},{\"@type\":\"Organization\",\"@id\":\"https:\/\/lindstromgroup.com\/se\/#organization\",\"name\":\"Lindstr\u00f6m Sverige\",\"url\":\"https:\/\/lindstromgroup.com\/se\/\",\"logo\":{\"@type\":\"ImageObject\",\"inLanguage\":\"sv-SE\",\"@id\":\"https:\/\/lindstromgroup.com\/se\/#\/schema\/logo\/image\/\",\"url\":\"https:\/\/d2ris6qfzcz0wn.cloudfront.net\/wp-content\/uploads\/sites\/3\/2023\/10\/Logo512.png\",\"contentUrl\":\"https:\/\/d2ris6qfzcz0wn.cloudfront.net\/wp-content\/uploads\/sites\/3\/2023\/10\/Logo512.png\",\"width\":512,\"height\":109,\"caption\":\"Lindstr\u00f6m Sverige\"},\"image\":{\"@id\":\"https:\/\/lindstromgroup.com\/se\/#\/schema\/logo\/image\/\"}}]}<\/script>\n<!-- \/ Yoast SEO plugin. -->","yoast_head_json":{"title":"Arbetskl\u00e4der f\u00f6r lagerh\u00e5llare (kyld mat) - Lindstr\u00f6m Sverige","description":"Arbetskl\u00e4der f\u00f6r lagerarbetare som hanterar livsmedel. Plaggen \u00e4r anpassade f\u00f6r temperaturer mellan 0\u00b0C och +10\u00b0C i kyllager.","robots":{"index":"index","follow":"follow","max-snippet":"max-snippet:-1","max-image-preview":"max-image-preview:large","max-video-preview":"max-video-preview:-1"},"og_locale":"sv_SE","og_type":"article","og_title":"Arbetskl\u00e4der f\u00f6r lagerh\u00e5llare (kyld mat) - Lindstr\u00f6m Sverige","og_description":"Arbetskl\u00e4der f\u00f6r lagerarbetare som hanterar livsmedel. Plaggen \u00e4r anpassade f\u00f6r temperaturer mellan 0\u00b0C och +10\u00b0C i kyllager.","og_url":"https:\/\/lindstromgroup.com\/se\/tjanster\/arbetsklader-for-lagerhallare-kyld-mat\/","og_site_name":"Lindstr\u00f6m Sverige","article_modified_time":"2026-01-12T14:06:29+00:00","og_image":[{"width":1400,"height":990,"url":"https:\/\/d2ris6qfzcz0wn.cloudfront.net\/wp-content\/uploads\/sites\/34\/2024\/06\/Warehouse-1-1400x990-1.jpg","type":"image\/jpeg"}],"twitter_card":"summary_large_image","twitter_misc":{"Ber\u00e4knad l\u00e4stid":"3 minuter","Skriven av":"zuzananasincova"},"schema":{"@context":"https:\/\/schema.org","@graph":[{"@type":"WebPage","@id":"https:\/\/lindstromgroup.com\/se\/tjanster\/arbetsklader-for-lagerhallare-kyld-mat\/","url":"https:\/\/lindstromgroup.com\/se\/tjanster\/arbetsklader-for-lagerhallare-kyld-mat\/","name":"Arbetskl\u00e4der f\u00f6r lagerh\u00e5llare (kyld mat) - Lindstr\u00f6m Sverige","isPartOf":{"@id":"https:\/\/lindstromgroup.com\/se\/#website"},"primaryImageOfPage":{"@id":"https:\/\/lindstromgroup.com\/se\/tjanster\/arbetsklader-for-lagerhallare-kyld-mat\/#primaryimage"},"image":{"@id":"https:\/\/lindstromgroup.com\/se\/tjanster\/arbetsklader-for-lagerhallare-kyld-mat\/#primaryimage"},"thumbnailUrl":"https:\/\/d2ris6qfzcz0wn.cloudfront.net\/wp-content\/uploads\/sites\/34\/2024\/06\/Warehouse-1-1400x990-1.jpg","datePublished":"2024-06-11T12:31:17+00:00","dateModified":"2026-01-12T14:06:29+00:00","description":"Arbetskl\u00e4der f\u00f6r lagerarbetare som hanterar livsmedel. Plaggen \u00e4r anpassade f\u00f6r temperaturer mellan 0\u00b0C och +10\u00b0C i kyllager.","breadcrumb":{"@id":"https:\/\/lindstromgroup.com\/se\/tjanster\/arbetsklader-for-lagerhallare-kyld-mat\/#breadcrumb"},"inLanguage":"sv-SE","potentialAction":[{"@type":"ReadAction","target":["https:\/\/lindstromgroup.com\/se\/tjanster\/arbetsklader-for-lagerhallare-kyld-mat\/"]}]},{"@type":"ImageObject","inLanguage":"sv-SE","@id":"https:\/\/lindstromgroup.com\/se\/tjanster\/arbetsklader-for-lagerhallare-kyld-mat\/#primaryimage","url":"https:\/\/d2ris6qfzcz0wn.cloudfront.net\/wp-content\/uploads\/sites\/34\/2024\/06\/Warehouse-1-1400x990-1.jpg","contentUrl":"https:\/\/d2ris6qfzcz0wn.cloudfront.net\/wp-content\/uploads\/sites\/34\/2024\/06\/Warehouse-1-1400x990-1.jpg","width":1400,"height":990},{"@type":"BreadcrumbList","@id":"https:\/\/lindstromgroup.com\/se\/tjanster\/arbetsklader-for-lagerhallare-kyld-mat\/#breadcrumb","itemListElement":[{"@type":"ListItem","position":1,"name":"Lindstr\u00f6m","item":"https:\/\/lindstromgroup.com\/se\/"},{"@type":"ListItem","position":2,"name":"Arbetskl\u00e4der f\u00f6r lagerh\u00e5llare (kyld mat)"}]},{"@type":"WebSite","@id":"https:\/\/lindstromgroup.com\/se\/#website","url":"https:\/\/lindstromgroup.com\/se\/","name":"Lindstr\u00f6m Sverige","description":"Lindstr\u00f6m Group - Textilservice och Tv\u00e4ttservice","publisher":{"@id":"https:\/\/lindstromgroup.com\/se\/#organization"},"potentialAction":[{"@type":"SearchAction","target":{"@type":"EntryPoint","urlTemplate":"https:\/\/lindstromgroup.com\/se\/?s={search_term_string}"},"query-input":{"@type":"PropertyValueSpecification","valueRequired":true,"valueName":"search_term_string"}}],"inLanguage":"sv-SE"},{"@type":"Organization","@id":"https:\/\/lindstromgroup.com\/se\/#organization","name":"Lindstr\u00f6m Sverige","url":"https:\/\/lindstromgroup.com\/se\/","logo":{"@type":"ImageObject","inLanguage":"sv-SE","@id":"https:\/\/lindstromgroup.com\/se\/#\/schema\/logo\/image\/","url":"https:\/\/d2ris6qfzcz0wn.cloudfront.net\/wp-content\/uploads\/sites\/3\/2023\/10\/Logo512.png","contentUrl":"https:\/\/d2ris6qfzcz0wn.cloudfront.net\/wp-content\/uploads\/sites\/3\/2023\/10\/Logo512.png","width":512,"height":109,"caption":"Lindstr\u00f6m Sverige"},"image":{"@id":"https:\/\/lindstromgroup.com\/se\/#\/schema\/logo\/image\/"}}]}},"publishpress_future_workflow_manual_trigger":{"enabledWorkflows":[]},"distributor_meta":false,"distributor_terms":false,"distributor_media":false,"distributor_original_site_name":"Lindstr\u00f6m Sverige","distributor_original_site_url":"https:\/\/lindstromgroup.com\/se","push-errors":false,"_links":{"self":[{"href":"https:\/\/lindstromgroup.com\/se\/wp-json\/wp\/v2\/services\/16915","targetHints":{"allow":["GET"]}}],"collection":[{"href":"https:\/\/lindstromgroup.com\/se\/wp-json\/wp\/v2\/services"}],"about":[{"href":"https:\/\/lindstromgroup.com\/se\/wp-json\/wp\/v2\/types\/services"}],"author":[{"embeddable":true,"href":"https:\/\/lindstromgroup.com\/se\/wp-json\/wp\/v2\/users\/79"}],"wp:featuredmedia":[{"embeddable":true,"href":"https:\/\/lindstromgroup.com\/se\/wp-json\/wp\/v2\/media\/16916"}],"wp:attachment":[{"href":"https:\/\/lindstromgroup.com\/se\/wp-json\/wp\/v2\/media?parent=16915"}],"wp:term":[{"taxonomy":"author","embeddable":true,"href":"https:\/\/lindstromgroup.com\/se\/wp-json\/wp\/v2\/coauthors?post=16915"}],"curies":[{"name":"wp","href":"https:\/\/api.w.org\/{rel}","templated":true}]}}