
    {"id":16831,"date":"2024-06-07T10:59:18","date_gmt":"2024-06-07T10:59:18","guid":{"rendered":"https:\/\/lindstromgroup.com\/se\/?post_type=services&#038;p=16831"},"modified":"2026-03-03T12:35:35","modified_gmt":"2026-03-03T12:35:35","slug":"arbetsrockar-for-livsmedelsarbetare","status":"publish","type":"services","link":"https:\/\/lindstromgroup.com\/se\/tjanster\/arbetskladestjanst\/arbetsrockar-for-livsmedelsarbetare\/","title":{"rendered":"Arbetsrockar f\u00f6r livsmedelsarbetare"},"content":{"rendered":"\n    <div\n        id=\"block_670577f1e5f06558c08dc68e8422483b\"\n        class=\"hero-sub hero-sub--block_670577f1e5f06558c08dc68e8422483b  flex flex-col-reverse lg:flex-row justify-between bg-dark-blue text-white\"\n    >        \n        <div class=\"flex flex-col gap-5 pt-10 pb-5 grow px-5 lg:px-20\">\n            <div class=\"flex flex-col justify-center gap-3 grow max-w-[var(--container-text-max)]\">\n                <h1 class=\"!mb-0 !text-white !text-title-medium lg:!text-title-large !font-bold hyphens-auto break-words\">\n                    Arbetsrockar f\u00f6r livsmedelsarbetare                <\/h1>\n    \n                <div class=\"hero-sub__description\">\n                    <p>Arbetsrocken \u00e4r ett krav inom livsmedel och catering. Den skyddar dina kl\u00e4der fr\u00e5n spill och minskar risken f\u00f6r att smuts sprids i produktionen.<\/p>\n                <\/div>\n    \n                                    <div class=\"flex flex-col flex-wrap gap-3 mt-3 md:flex-row\">\n                                                                                    <a \n                                    class=\"px-5 py-3 font-bold text-center text-link-small rounded-[30px] border-2 border-white !no-underline bg-white !text-dark-blue button-solid--white\"\n                                    href=\"#quote\"\n                                    target=\"_self\"\n                                >\n                                    Jag vill ha ett prisf\u00f6rslag                                <\/a>\n                                                                                                                <a \n                                    class=\"px-5 py-3 font-bold text-center text-link-small rounded-[30px] border-2 border-white !no-underline bg-transparent !text-white button-outlined--white\"\n                                    href=\"https:\/\/group.lindstromgroup.com\/sv\/arbetsklader-livsmedelsindustrin?_gl=1*1xj48pc*_gcl_aw*R0NMLjE3NzAzNzQ1NzMuQ2p3S0NBaUF2NWJNQmhBSUVpd0FxUDlHdUJ0VV9vS0JwXzZzWHNuWWp2dVdhbjlKNHVfdGtiQ0U3X1hDc3B4T05hQ3RHcWNEWUR6aVlSb0NyWTRRQXZEX0J3RQ..*_gcl_au*NjQyNTA1NDcwLjE3Njc5NjQzODU.*_ga*MTA2OTIwMTgwMC4xNzYwMDAxMjk2*_ga_WFWPSV746R*czE3NzI1MzIxNjEkbzQxJGcxJHQxNzcyNTMyMTYyJGo1OSRsMCRoMA..\"\n                                    target=\"_self\"\n                                >\n                                    Ladda ner FoodIn kollektionen                                <\/a>\n                                                                        <\/div>\n                \n                            <\/div>\n                            <div class=\"font-bold hero-sub__breadcrumb text-body-small\">\n                        <span><span><a href=\"https:\/\/lindstromgroup.com\/se\/\">Lindstr\u00f6m<\/a><\/span><\/span>                <\/div>\n                    <\/div>\n\n        <div class=\"[&#038;_picture]:w-full flex h-full lg:h-auto max-h-[350px] lg:max-h-none lg:min-h-full w-full lg:w-[650px]\">\n            <img decoding=\"async\"\n                class=\"object-cover w-full h-full\"\n                src=\"https:\/\/d2ris6qfzcz0wn.cloudfront.net\/wp-content\/uploads\/sites\/3\/2024\/01\/004_Lindstrom_Set2_hires_final-1024x683.jpg\"\n                alt=\"Arbetsrocken \u00e4r ett krav inom livsmedel och catering. Den skyddar dina kl\u00e4der fr\u00e5n spill och minskar risken f\u00f6r att smuts sprids i produktionen.\"\n            >\n        <\/div>\n    <\/div>\n\n\n\n        <style>\n            .lindstrom-container--block_ff51fe03a409b9acc86b180d37c435db {                \n                padding-top: 35px;\n                padding-bottom: 35px;\n            }\n\n            @media screen and (min-width: 768px) {\n                .lindstrom-container--block_ff51fe03a409b9acc86b180d37c435db {\n                    padding-top: 75px;\n                    padding-bottom: 10px;\n                }\n            }\n        <\/style>\n    \n<div\n    class=\"lindstrom-container-wrapper lindstrom-container lindstrom-container--block_ff51fe03a409b9acc86b180d37c435db \"\n    id=\"block_ff51fe03a409b9acc86b180d37c435db\"\n    style=\"background-color: #ffffff\"\n    >\n    <div class=\"lindstrom-container lindstrom-container--content items-stretch\">\n        \n\n<div class=\"wp-block-columns is-layout-flex wp-container-core-columns-is-layout-28f84493 wp-block-columns-is-layout-flex\">\n<div class=\"wp-block-column is-layout-flow wp-block-column-is-layout-flow\">\n<p class=\"has-text-align-center\">Arbetsrocken \u00e4r en obligatorisk del av skyddsutrustningen inom livsmedelsindustrin och cateringbranschen. Lindstr\u00f6ms arbetsrockar \u00e4r utformade med h\u00e4nsyn till skillnaderna mellan manliga och kvinnliga silhuetter. Dammodellen har en skr\u00e4ddarsydd midja och en elegant sk\u00e4rning \u00f6ver h\u00f6fterna, medan herrmodellen har ett rakt snitt. Lindstr\u00f6ms arbetsrockar kan \u00e4ven anv\u00e4ndas som labbrockar. De garanterar l\u00e5ng livsl\u00e4ngd och h\u00f6g slitstyrka i tyget, vilket m\u00f6jligg\u00f6r frekvent tv\u00e4tt \u00e4ven i h\u00f6ga temperaturer.<\/p>\n<\/div>\n\n\n\n<div class=\"wp-block-column is-layout-flow wp-block-column-is-layout-flow\">\n<p class=\"has-text-align-center\">Arbetsrockar f\u00f6r livsmedelsarbetare m\u00e5ste b\u00e4ras kn\u00e4ppta och vara tillr\u00e4ckligt l\u00e5nga f\u00f6r att t\u00e4cka byxornas sidofickor. Ut\u00f6ver arbetsrockar med p\u00e5sydda fickor erbjuder vi \u00e4ven modeller helt utan fickor, eller med fickor som sitter p\u00e5 insidan av rocken. Kn\u00e4ppningen p\u00e5 rockar f\u00f6r livsmedelsproduktion sker vanligtvis med metallknappar (tryckknappar) som enkelt kan uppt\u00e4ckas av en metalldetektor.<\/p>\n<\/div>\n<\/div>\n\n\n    <\/div>\n<\/div>\n\n\n\n        <style>\n            .lindstrom-container--block_62d9314c6d725fbf4d8f7aa2327e5d6b {                \n                padding-top: 35px;\n                padding-bottom: 35px;\n            }\n\n            @media screen and (min-width: 768px) {\n                .lindstrom-container--block_62d9314c6d725fbf4d8f7aa2327e5d6b {\n                    padding-top: 10px;\n                    padding-bottom: 10px;\n                }\n            }\n        <\/style>\n    \n<div\n    class=\"lindstrom-container-wrapper lindstrom-container lindstrom-container--block_62d9314c6d725fbf4d8f7aa2327e5d6b \"\n    id=\"block_62d9314c6d725fbf4d8f7aa2327e5d6b\"\n    style=\"background-color: #ffffff\"\n    >\n    <div class=\"lindstrom-container lindstrom-container--content items-stretch\">\n        \n\n            <div\n            class=\"flex flex-col gap-7 product-intro product-intro--block_033f7f11244c00f86a02533e878c8617  md:gap-15 md:flex-row\"\n            id=\"block_033f7f11244c00f86a02533e878c8617\"\n            >\n            <div class=\"flex flex-col flex-1 gap-3 overflow-hidden product-intro__gallery \">\n                                                        <div class=\"relative gallery__highlight\">\n                        <div class=\"relative gallery__highlight-image w-full h-[350px] md:h-[400px]\">\n                                                            <img decoding=\"async\"\n                                    data-index=\"0\"\n                                    class=\"!w-full !h-full object-cover selected\" \n                                    src=\"https:\/\/d2ris6qfzcz0wn.cloudfront.net\/wp-content\/uploads\/sites\/34\/2024\/06\/Schwan_cosmetics_CR-1400x787-1-1024x576-1.jpg\" \n                                \/>\n                                                            <img decoding=\"async\"\n                                    data-index=\"1\"\n                                    class=\"!w-full !h-full object-cover \" \n                                    src=\"https:\/\/d2ris6qfzcz0wn.cloudfront.net\/wp-content\/uploads\/sites\/34\/2024\/06\/8001_working_coat-1024x585.png\" \n                                \/>\n                                                            <img decoding=\"async\"\n                                    data-index=\"2\"\n                                    class=\"!w-full !h-full object-cover \" \n                                    src=\"https:\/\/d2ris6qfzcz0wn.cloudfront.net\/wp-content\/uploads\/sites\/34\/2024\/06\/8026_working_coat-1024x585.png\" \n                                \/>\n                                                            <img decoding=\"async\"\n                                    data-index=\"3\"\n                                    class=\"!w-full !h-full object-cover \" \n                                    src=\"https:\/\/d2ris6qfzcz0wn.cloudfront.net\/wp-content\/uploads\/sites\/34\/2024\/06\/8019_working_coat-1024x585.png\" \n                                \/>\n                                                    <\/div>\n\n                        <div class=\"gallery__nav gallery__nav--left\">\n                            <span class=\"material-symbols-outlined\">chevron_left<\/span>\n                        <\/div>\n                        <div class=\"gallery__nav gallery__nav--right\">\n                            <span class=\"material-symbols-outlined\">chevron_right<\/span>\n                        <\/div>\n\n                        <div class=\"flex flex-row gap-2 gallery__dots\">\n                                                            <div data-index=\"0\" class=\"gallery__dot selected\">\n                                <\/div>\n                                                            <div data-index=\"1\" class=\"gallery__dot \">\n                                <\/div>\n                                                            <div data-index=\"2\" class=\"gallery__dot \">\n                                <\/div>\n                                                            <div data-index=\"3\" class=\"gallery__dot \">\n                                <\/div>\n                                                    <\/div>\n                    <\/div>\n                    <div class=\"flex flex-row gap-2 overflow-x-auto gallery__thumbnails\">\n                                                    <img decoding=\"async\" \n                                data-index=\"0\" \n                                class=\"object-cover w-20 h-20 cursor-pointer\" \n                                src=\"https:\/\/d2ris6qfzcz0wn.cloudfront.net\/wp-content\/uploads\/sites\/34\/2024\/06\/Schwan_cosmetics_CR-1400x787-1-1024x576-1.jpg\" \n                            \/>  \n                                                    <img decoding=\"async\" \n                                data-index=\"1\" \n                                class=\"object-cover w-20 h-20 cursor-pointer\" \n                                src=\"https:\/\/d2ris6qfzcz0wn.cloudfront.net\/wp-content\/uploads\/sites\/34\/2024\/06\/8001_working_coat-1024x585.png\" \n                            \/>  \n                                                    <img decoding=\"async\" \n                                data-index=\"2\" \n                                class=\"object-cover w-20 h-20 cursor-pointer\" \n                                src=\"https:\/\/d2ris6qfzcz0wn.cloudfront.net\/wp-content\/uploads\/sites\/34\/2024\/06\/8026_working_coat-1024x585.png\" \n                            \/>  \n                                                    <img decoding=\"async\" \n                                data-index=\"3\" \n                                class=\"object-cover w-20 h-20 cursor-pointer\" \n                                src=\"https:\/\/d2ris6qfzcz0wn.cloudfront.net\/wp-content\/uploads\/sites\/34\/2024\/06\/8019_working_coat-1024x585.png\" \n                            \/>  \n                                            <\/div>\n                            <\/div>\n            <div class=\"flex flex-col flex-1 gap-5 product-intro__content\">\n                <div class=\"flex flex-col gap-5\">\n                    <h3 class=\"font-bold !text-title-small\">\n                        Arbetsrockar f\u00f6r m\u00e4n                    <\/h3>\n                    <div class=\"text-body\">\n                        <p>Arbetsrockar f\u00f6r m\u00e4n med modern passform i flera olika l\u00e4ngder. Dessa h\u00f6gkvalitativa arbetsrockar \u00e4r designade f\u00f6r anst\u00e4llda inom livsmedelsindustrin och finns b\u00e5de med fickor eller helt utan fickor. De funktionella och bekv\u00e4ma sk\u00e4rningarna begr\u00e4nsar inte r\u00f6relsefriheten.<\/p>\n<ul>\n<li>Material: 65 % bomull \/ 35 % polyester, Pro Twill 210 g<\/li>\n<li>Storlekar: 42\u201366<\/li>\n<li>F\u00e4rg: Vit<\/li>\n<\/ul>\n<p>&nbsp;<\/p>\n                    <\/div>\n                <\/div>\n                <div class=\"flex flex-col gap-5\">\n                        \n                    \n                                    <\/div>\n            <\/div>            \n        <\/div>\n    \n\n\n<div style=\"height:25px\" aria-hidden=\"true\" class=\"wp-block-spacer\"><\/div>\n\n\n\n            <div\n            class=\"flex flex-col gap-7 product-intro product-intro--block_72d1f6d29dcac205729a32b2331936e6  md:gap-15 md:flex-row\"\n            id=\"block_72d1f6d29dcac205729a32b2331936e6\"\n            >\n            <div class=\"flex flex-col flex-1 gap-3 overflow-hidden product-intro__gallery \">\n                                                        <div class=\"relative gallery__highlight\">\n                        <div class=\"relative gallery__highlight-image w-full h-[350px] md:h-[400px]\">\n                                                            <img decoding=\"async\"\n                                    data-index=\"0\"\n                                    class=\"!w-full !h-full object-cover selected\" \n                                    src=\"https:\/\/d2ris6qfzcz0wn.cloudfront.net\/wp-content\/uploads\/sites\/34\/2024\/06\/010_Lindstrom_Set2_hires_final-1400x934-1-1024x683.jpg\" \n                                \/>\n                                                            <img decoding=\"async\"\n                                    data-index=\"1\"\n                                    class=\"!w-full !h-full object-cover \" \n                                    src=\"https:\/\/d2ris6qfzcz0wn.cloudfront.net\/wp-content\/uploads\/sites\/34\/2024\/06\/18247_working_coat-1-1024x585.png\" \n                                \/>\n                                                            <img decoding=\"async\"\n                                    data-index=\"2\"\n                                    class=\"!w-full !h-full object-cover \" \n                                    src=\"https:\/\/d2ris6qfzcz0wn.cloudfront.net\/wp-content\/uploads\/sites\/34\/2024\/06\/18448_working_coat-1024x585.png\" \n                                \/>\n                                                            <img decoding=\"async\"\n                                    data-index=\"3\"\n                                    class=\"!w-full !h-full object-cover \" \n                                    src=\"https:\/\/d2ris6qfzcz0wn.cloudfront.net\/wp-content\/uploads\/sites\/34\/2024\/06\/8200_working_coat-1024x585.png\" \n                                \/>\n                                                            <img decoding=\"async\"\n                                    data-index=\"4\"\n                                    class=\"!w-full !h-full object-cover \" \n                                    src=\"https:\/\/d2ris6qfzcz0wn.cloudfront.net\/wp-content\/uploads\/sites\/34\/2024\/06\/1L2756_working_coat-1024x585.png\" \n                                \/>\n                                                    <\/div>\n\n                        <div class=\"gallery__nav gallery__nav--left\">\n                            <span class=\"material-symbols-outlined\">chevron_left<\/span>\n                        <\/div>\n                        <div class=\"gallery__nav gallery__nav--right\">\n                            <span class=\"material-symbols-outlined\">chevron_right<\/span>\n                        <\/div>\n\n                        <div class=\"flex flex-row gap-2 gallery__dots\">\n                                                            <div data-index=\"0\" class=\"gallery__dot selected\">\n                                <\/div>\n                                                            <div data-index=\"1\" class=\"gallery__dot \">\n                                <\/div>\n                                                            <div data-index=\"2\" class=\"gallery__dot \">\n                                <\/div>\n                                                            <div data-index=\"3\" class=\"gallery__dot \">\n                                <\/div>\n                                                            <div data-index=\"4\" class=\"gallery__dot \">\n                                <\/div>\n                                                    <\/div>\n                    <\/div>\n                    <div class=\"flex flex-row gap-2 overflow-x-auto gallery__thumbnails\">\n                                                    <img decoding=\"async\" \n                                data-index=\"0\" \n                                class=\"object-cover w-20 h-20 cursor-pointer\" \n                                src=\"https:\/\/d2ris6qfzcz0wn.cloudfront.net\/wp-content\/uploads\/sites\/34\/2024\/06\/010_Lindstrom_Set2_hires_final-1400x934-1-1024x683.jpg\" \n                            \/>  \n                                                    <img decoding=\"async\" \n                                data-index=\"1\" \n                                class=\"object-cover w-20 h-20 cursor-pointer\" \n                                src=\"https:\/\/d2ris6qfzcz0wn.cloudfront.net\/wp-content\/uploads\/sites\/34\/2024\/06\/18247_working_coat-1-1024x585.png\" \n                            \/>  \n                                                    <img decoding=\"async\" \n                                data-index=\"2\" \n                                class=\"object-cover w-20 h-20 cursor-pointer\" \n                                src=\"https:\/\/d2ris6qfzcz0wn.cloudfront.net\/wp-content\/uploads\/sites\/34\/2024\/06\/18448_working_coat-1024x585.png\" \n                            \/>  \n                                                    <img decoding=\"async\" \n                                data-index=\"3\" \n                                class=\"object-cover w-20 h-20 cursor-pointer\" \n                                src=\"https:\/\/d2ris6qfzcz0wn.cloudfront.net\/wp-content\/uploads\/sites\/34\/2024\/06\/8200_working_coat-1024x585.png\" \n                            \/>  \n                                                    <img decoding=\"async\" \n                                data-index=\"4\" \n                                class=\"object-cover w-20 h-20 cursor-pointer\" \n                                src=\"https:\/\/d2ris6qfzcz0wn.cloudfront.net\/wp-content\/uploads\/sites\/34\/2024\/06\/1L2756_working_coat-1024x585.png\" \n                            \/>  \n                                            <\/div>\n                            <\/div>\n            <div class=\"flex flex-col flex-1 gap-5 product-intro__content\">\n                <div class=\"flex flex-col gap-5\">\n                    <h3 class=\"font-bold !text-title-small\">\n                        Arbetsrockar f\u00f6r kvinnor                    <\/h3>\n                    <div class=\"text-body\">\n                        <p>Arbetsrockar f\u00f6r kvinnor med modern passform i flera olika l\u00e4ngder. Dessa h\u00f6gkvalitativa arbetsrockar \u00e4r designade f\u00f6r anst\u00e4llda inom livsmedelsindustrin och finns med utanp\u00e5liggande fickor, innerfickor eller helt utan fickor. De funktionella och bekv\u00e4ma sk\u00e4rningarna \u00e4r anpassade efter den kvinnliga silhuetten med en markerad midja f\u00f6r optimal passform och r\u00f6relsefrihet.<\/p>\n<ul>\n<li>Material: 65 % bomull \/ 35 % polyester, Pro Twill 210 g<\/li>\n<li>Storlekar: 28\u201362<\/li>\n<li>F\u00e4rg: Vit<\/li>\n<\/ul>\n                    <\/div>\n                <\/div>\n                <div class=\"flex flex-col gap-5\">\n                        \n                    \n                                    <\/div>\n            <\/div>            \n        <\/div>\n    \n\n\n<div style=\"height:25px\" aria-hidden=\"true\" class=\"wp-block-spacer\"><\/div>\n\n\n\n            <div\n            class=\"flex flex-col gap-7 product-intro product-intro--block_7501abc77dfa74609bfc6b36b4a38e1c  md:gap-15 md:flex-row\"\n            id=\"block_7501abc77dfa74609bfc6b36b4a38e1c\"\n            >\n            <div class=\"flex flex-col flex-1 gap-3 overflow-hidden product-intro__gallery \">\n                                                        <div class=\"relative gallery__highlight\">\n                        <div class=\"relative gallery__highlight-image w-full h-[350px] md:h-[400px]\">\n                                                            <img decoding=\"async\"\n                                    data-index=\"0\"\n                                    class=\"!w-full !h-full object-cover selected\" \n                                    src=\"https:\/\/d2ris6qfzcz0wn.cloudfront.net\/wp-content\/uploads\/sites\/3\/2024\/03\/011_Lindstrom_2016_hires_final-1024x683.jpg\" \n                                \/>\n                                                            <img decoding=\"async\"\n                                    data-index=\"1\"\n                                    class=\"!w-full !h-full object-cover \" \n                                    src=\"https:\/\/d2ris6qfzcz0wn.cloudfront.net\/wp-content\/uploads\/sites\/34\/2024\/06\/1846_working_jacket-1024x585.png\" \n                                \/>\n                                                    <\/div>\n\n                        <div class=\"gallery__nav gallery__nav--left\">\n                            <span class=\"material-symbols-outlined\">chevron_left<\/span>\n                        <\/div>\n                        <div class=\"gallery__nav gallery__nav--right\">\n                            <span class=\"material-symbols-outlined\">chevron_right<\/span>\n                        <\/div>\n\n                        <div class=\"flex flex-row gap-2 gallery__dots\">\n                                                            <div data-index=\"0\" class=\"gallery__dot selected\">\n                                <\/div>\n                                                            <div data-index=\"1\" class=\"gallery__dot \">\n                                <\/div>\n                                                    <\/div>\n                    <\/div>\n                    <div class=\"flex flex-row gap-2 overflow-x-auto gallery__thumbnails\">\n                                                    <img decoding=\"async\" \n                                data-index=\"0\" \n                                class=\"object-cover w-20 h-20 cursor-pointer\" \n                                src=\"https:\/\/d2ris6qfzcz0wn.cloudfront.net\/wp-content\/uploads\/sites\/3\/2024\/03\/011_Lindstrom_2016_hires_final-1024x683.jpg\" \n                            \/>  \n                                                    <img decoding=\"async\" \n                                data-index=\"1\" \n                                class=\"object-cover w-20 h-20 cursor-pointer\" \n                                src=\"https:\/\/d2ris6qfzcz0wn.cloudfront.net\/wp-content\/uploads\/sites\/34\/2024\/06\/1846_working_jacket-1024x585.png\" \n                            \/>  \n                                            <\/div>\n                            <\/div>\n            <div class=\"flex flex-col flex-1 gap-5 product-intro__content\">\n                <div class=\"flex flex-col gap-5\">\n                    <h3 class=\"font-bold !text-title-small\">\n                        Arbetsrockar f\u00f6r arbete i kylan                    <\/h3>\n                    <div class=\"text-body\">\n                        <p>H\u00f6gkvalitativa och slitstarka arbetsrockar f\u00f6r arbete i kalla milj\u00f6er med mycket goda v\u00e4rmeisolerande egenskaper. \u00c4rmsluten \u00e4r tillverkade av fuktavvisande tyg. Kn\u00e4ppning framtill med tryckknappar i metall. Tv\u00e5 utanp\u00e5liggande fickor med lock. Stickad mudd vid \u00e4rmslut. Ventilation i armh\u00e5lorna och p\u00e5 ryggen. Varm fleece \u00e4r insydd i kragen och p\u00e5 \u00f6vre delen av ryggen. Nederkanten har res\u00e5r baktill. Utan vaddering.<\/p>\n<ul>\n<li>Material: 65 % bomull \/ 35 % polyester, Pro Twill 210 g<\/li>\n<li>Storlekar: XS\u20135XL<\/li>\n<li>F\u00e4rg: Vit<\/li>\n<\/ul>\n                    <\/div>\n                <\/div>\n                <div class=\"flex flex-col gap-5\">\n                        \n                    \n                                    <\/div>\n            <\/div>            \n        <\/div>\n    \n\n    <\/div>\n<\/div>\n\n\n\n        <style>\n            .lindstrom-container--block_44b4a09270efc7de84917abbfe4d6f2b {                \n                padding-top: 35px;\n                padding-bottom: 35px;\n            }\n\n            @media screen and (min-width: 768px) {\n                .lindstrom-container--block_44b4a09270efc7de84917abbfe4d6f2b {\n                    padding-top: 75px;\n                    padding-bottom: 75px;\n                }\n            }\n        <\/style>\n    \n<div\n    class=\"lindstrom-container-wrapper lindstrom-container lindstrom-container--block_44b4a09270efc7de84917abbfe4d6f2b \"\n    id=\"block_44b4a09270efc7de84917abbfe4d6f2b\"\n    style=\"background-color: #ffffff\"\n    >\n    <div class=\"lindstrom-container lindstrom-container--content items-stretch\">\n        \n\n        <div \n        id=\"cta-country-block_69431023f2d957a0df35c1f45687026a\" \n        class=\"cta-country\"\n    >\n        <div class=\"flex flex-col gap-5\" style=\"align-items: flex-start\">\n                            <h2 class='!text-title-small lg:!text-title-medium !text-grey-100 !font-bold !my-0'>                    Hur v\u00e5r arbetskl\u00e4destj\u00e4nst funkar                <\/h2>                                    <div class=\"cta-button-container cta-button-container--row\">\n                            <\/div>\n        <\/div>\n    <\/div>\n    \n\n\n    <div \n        id=\"block_d111a46aade613a6d114216cde073087\"\n        class=\"visualization-service-cycles visualization-service-cycles--block_d111a46aade613a6d114216cde073087  \"\n    >\n                            \n            <div class=\"service-cycle__steps flex flex-col\">\n                <div class=\"flex flex-col lg:flex-row\">\n                                            <div \n                            class=\"service-cycle__box\"\n                            style=\"background-color: #ca005d;\"\n                        >\n                            <div class=\"items-center\">\n                                <span class='icon-magnifying-glass' style='font-size: 40px;color: #ffffff;'><\/span>                            <\/div>\n                            <div class=\"text-white flex flex-col gap-1\">\n                                <div class=\"text-title-small font-bold\">\n                                    Tillsammans tar vi fram en kollektion anpassad f\u00f6r just din verksamhet                                <\/div>\n                                                            <\/div>                            \n                            <div \n                                class=\"service-cycle__box-triangle\"\n                                style=\"background-color: #ca005d\"\n                            >\n                            <\/div>                            \n                        <\/div>\n\n                                                                    <div \n                            class=\"service-cycle__box\"\n                            style=\"background-color: #7c109a;\"\n                        >\n                            <div class=\"items-center\">\n                                <span class='icon-delivery' style='font-size: 40px;color: #ffffff;'><\/span>                            <\/div>\n                            <div class=\"text-white flex flex-col gap-1\">\n                                <div class=\"text-title-small font-bold\">\n                                    Vi tv\u00e4ttar och underh\u00e5ller arbetskl\u00e4derna                                <\/div>\n                                                            <\/div>                            \n                            <div \n                                class=\"service-cycle__box-triangle\"\n                                style=\"background-color: #7c109a\"\n                            >\n                            <\/div>                            \n                        <\/div>\n\n                                                                    <div \n                            class=\"service-cycle__box\"\n                            style=\"background-color: #003f72;\"\n                        >\n                            <div class=\"items-center\">\n                                <span class='icon-thread-and-needle' style='font-size: 40px;color: #ffffff;'><\/span>                            <\/div>\n                            <div class=\"text-white flex flex-col gap-1\">\n                                <div class=\"text-title-small font-bold\">\n                                    Vid behov reparerar eller byter vi ut anv\u00e4nda arbetskl\u00e4der                                <\/div>\n                                                            <\/div>                            \n                            <div \n                                class=\"service-cycle__box-triangle\"\n                                style=\"background-color: #003f72\"\n                            >\n                            <\/div>                            \n                        <\/div>\n\n                                                                    <div \n                            class=\"service-cycle__box\"\n                            style=\"background-color: #006f86;\"\n                        >\n                            <div class=\"items-center\">\n                                <span class='icon-devices' style='font-size: 40px;color: #ffffff;'><\/span>                            <\/div>\n                            <div class=\"text-white flex flex-col gap-1\">\n                                <div class=\"text-title-small font-bold\">\n                                    Du kan enkelt hantera textilf\u00f6rbrukningen online                                <\/div>\n                                                            <\/div>                            \n                            <div \n                                class=\"service-cycle__box-triangle\"\n                                style=\"background-color: #006f86\"\n                            >\n                            <\/div>                            \n                        <\/div>\n\n                                                                    <div \n                            class=\"service-cycle__box\"\n                            style=\"background-color: #578200;\"\n                        >\n                            <div class=\"items-center\">\n                                <span class='icon-check-circle' style='font-size: 40px;color: #ffffff;'><\/span>                            <\/div>\n                            <div class=\"text-white flex flex-col gap-1\">\n                                <div class=\"text-title-small font-bold\">\n                                    Vi tar ansvar f\u00f6r lagring och kassering av gamla arbetskl\u00e4der.                                <\/div>\n                                                            <\/div>                            \n                            <div \n                                class=\"service-cycle__box-triangle\"\n                                style=\"background-color: #578200\"\n                            >\n                            <\/div>                            \n                        <\/div>\n\n                                                            <\/div>\n\n                <div class=\"hidden lg:flex\">\n                                            <div class=\"service-cycle__long-description\">\n                                                    <\/div>\n                                            <div class=\"service-cycle__long-description\">\n                                                    <\/div>\n                                            <div class=\"service-cycle__long-description\">\n                                                    <\/div>\n                                            <div class=\"service-cycle__long-description\">\n                                                    <\/div>\n                                            <div class=\"service-cycle__long-description\">\n                                                    <\/div>\n                                    <\/div>\n                \n            <\/div>\n            <\/div>\n\n\n    <\/div>\n<\/div>\n\n\n\n        <style>\n            .country-site-certifications--block_595a8f81e91d8a8cb5b99e08b7ebac32 {                \n                padding-top: 35px;\n                padding-bottom: 35px;\n            }\n\n            @media screen and (min-width: 768px) {\n                .country-site-certifications--block_595a8f81e91d8a8cb5b99e08b7ebac32 {\n                    padding-top: 75px;\n                    padding-bottom: 75px;\n                }\n            }\n        <\/style>\n    \n            <div\n            id=\"block_595a8f81e91d8a8cb5b99e08b7ebac32\"\n            style=\"background-color: #ffffff\"\n            class=\"lindstrom-container-wrapper border-t border-grey-25 country-site-certifications country-site-certifications--block_595a8f81e91d8a8cb5b99e08b7ebac32 \"\n        >\n            <div class=\"flex flex-col items-center self-stretch gap-5 lindstrom-container lindstrom-container--content lg:flex-row lg:gap-20\">\n                <div class=\"flex flex-col items-center justify-center gap-5 lg:items-start basis-full lg:basis-1\/4 self-baseline\">\n                    <h2 class=\"!text-grey-100 !text-[22px]\/[33px] !font-bold uppercase tracking-[.33px]\">We are professionals<\/h2>\n                    <p class=\"!text-grey-100 !text-[18px]\/[27px] opacity-90 text-center lg:text-left\"><\/p>\n                <\/div>\n                <div class=\"relative w-full max-w-full\">\n                    <div class=\"flex justify-start gap-3 overflow-x-auto lg:justify-end\">\n                                            <div class=\"relative text-center w-[150px]\">\n                            <img decoding=\"async\" class=\"aspect-square w-full object-contain\" src=\"https:\/\/d2ris6qfzcz0wn.cloudfront.net\/wp-content\/uploads\/sites\/34\/2024\/12\/Ecovadis_platinum_2026_625x625px-300x300.jpg\" alt=\"\" \/>\n                                                                                <\/div>\n                                            <div class=\"relative text-center w-[150px]\">\n                            <img decoding=\"async\" class=\"aspect-square w-full object-contain\" src=\"https:\/\/d2ris6qfzcz0wn.cloudfront.net\/wp-content\/uploads\/sites\/34\/2024\/06\/QualitySysCert_ISO9001.webp\" alt=\"\" \/>\n                                                                                <\/div>\n                                            <div class=\"relative text-center w-[150px]\">\n                            <img decoding=\"async\" class=\"aspect-square w-full object-contain\" src=\"https:\/\/d2ris6qfzcz0wn.cloudfront.net\/wp-content\/uploads\/sites\/34\/2024\/06\/ISO9001-14001-45001_625x625px-300x300.jpg.webp\" alt=\"\" \/>\n                                                                                <\/div>\n                                            <div class=\"relative text-center w-[150px]\">\n                            <img decoding=\"async\" class=\"aspect-square w-full object-contain\" src=\"https:\/\/d2ris6qfzcz0wn.cloudfront.net\/wp-content\/uploads\/sites\/34\/2024\/06\/EnvironmentalSysCert_ISO14001_col-1.jpg\" alt=\"\" \/>\n                                                                                <\/div>\n                                        <\/div>\n                <\/div>\n            <\/div>\n        <\/div>\n    \n\n\n        <style>\n            .lindstrom-container--block_04bb2b43b349fdba64302d949cfd15bd {                \n                padding-top: 0px;\n                padding-bottom: 0px;\n            }\n\n            @media screen and (min-width: 768px) {\n                .lindstrom-container--block_04bb2b43b349fdba64302d949cfd15bd {\n                    padding-top: 0px;\n                    padding-bottom: 0px;\n                }\n            }\n        <\/style>\n    \n<div\n    class=\"lindstrom-container-wrapper lindstrom-container lindstrom-container--block_04bb2b43b349fdba64302d949cfd15bd \"\n    id=\"quote\"\n    style=\"background-color: #ffffff\"\n    >\n    <div class=\"lindstrom-container lindstrom-container--wide items-stretch\">\n        \n\n<div class=\"wp-block-columns is-layout-flex wp-container-core-columns-is-layout-d9884270 wp-block-columns-is-layout-flex\" style=\"padding-top:0;padding-bottom:0\">\n<div class=\"wp-block-column is-layout-flow wp-block-column-is-layout-flow\">\n<figure class=\"wp-block-image size-large\"><img decoding=\"async\" width=\"1024\" height=\"683\" src=\"https:\/\/d2ris6qfzcz0wn.cloudfront.net\/wp-content\/uploads\/sites\/34\/2024\/06\/high-1843-LINDSTROM-employer-branding-02-2022-1-1024x683.jpg\" alt=\"\" class=\"wp-image-17255\" style=\"aspect-ratio:4\/3;object-fit:cover\" srcset=\"https:\/\/d2ris6qfzcz0wn.cloudfront.net\/wp-content\/uploads\/sites\/34\/2024\/06\/high-1843-LINDSTROM-employer-branding-02-2022-1-1024x683.jpg 1024w, https:\/\/d2ris6qfzcz0wn.cloudfront.net\/wp-content\/uploads\/sites\/34\/2024\/06\/high-1843-LINDSTROM-employer-branding-02-2022-1-300x200.jpg 300w, https:\/\/d2ris6qfzcz0wn.cloudfront.net\/wp-content\/uploads\/sites\/34\/2024\/06\/high-1843-LINDSTROM-employer-branding-02-2022-1-768x512.jpg 768w, https:\/\/d2ris6qfzcz0wn.cloudfront.net\/wp-content\/uploads\/sites\/34\/2024\/06\/high-1843-LINDSTROM-employer-branding-02-2022-1-1536x1024.jpg 1536w, https:\/\/d2ris6qfzcz0wn.cloudfront.net\/wp-content\/uploads\/sites\/34\/2024\/06\/high-1843-LINDSTROM-employer-branding-02-2022-1.jpg 2048w\" sizes=\"(max-width: 1024px) 100vw, 1024px\" \/><\/figure>\n<\/div>\n\n\n\n<div class=\"wp-block-column is-layout-constrained wp-block-column-is-layout-constrained\">\n        <style>\n            .lindstrom-container--block_bab3870f6c807c16bfc1d9e9d13d2f37 {                \n                padding-top: 35px;\n                padding-bottom: 35px;\n            }\n\n            @media screen and (min-width: 768px) {\n                .lindstrom-container--block_bab3870f6c807c16bfc1d9e9d13d2f37 {\n                    padding-top: 75px;\n                    padding-bottom: 75px;\n                }\n            }\n        <\/style>\n    \n<div\n    class=\"lindstrom-container-wrapper lindstrom-container lindstrom-container--block_bab3870f6c807c16bfc1d9e9d13d2f37 \"\n    id=\"quote\"\n    style=\"background-color: #ffffff\"\n    >\n    <div class=\"lindstrom-container lindstrom-container--content items-stretch\">\n        \n\n    <div id=\"hubspot-contact-form-block_60f32d8f1fe404ec8679113bf257e1d9\" class=\"hubspot-contact-form\">\n                    <h3 class=\"mt-0 !mb-5 lg:!mb-10 font-bold !text-title-small\">\n                Vill du f\u00e5 ett prisf\u00f6rslag?            <\/h3>\n        \n                    <p class=\"!-mt-4 lg:!-mt-8 !mb-5 lg:!mb-10 !text-body-small\">\n                V\u00e4nligen fyll i kontaktformul\u00e4ret nedan eller ring oss p\u00e5: +46 10 330 35 10.            <\/p>\n        \n        <div class=\"form-wrapper\"><\/div>\n        <div class=\"editor-message\">\n            Please set a valid form ID.\n        <\/div>\n    <\/div>\n\n<script>\n    \/**\n     * Generate dynamic init form function name to prevent it get re-initialized if there are multiple forms in a page\n     *\/\n    function initForm_69f4b595db779() {\n        \/\/ retry until hubspot script is initialized\n        if (typeof hbspt !== \"undefined\") {\n            hbspt.forms.create({\n                region: \"eu1\",\n                portalId: \"2758505\",\n                formId: \"eb19227b-c421-4893-9f7d-3764cbe35da7\",\n                target: `#hubspot-contact-form-block_60f32d8f1fe404ec8679113bf257e1d9 .form-wrapper`,\n                onFormReady: (arg) => {\n                    const hasFeaturedField = 0;\n                    if (!hasFeaturedField) {\n                        return\n                    }\n    \n                    \/\/ in case the featured field is not available in the form\n                    const featuredField = document.querySelector(`#hubspot-contact-form-block_60f32d8f1fe404ec8679113bf257e1d9 .none`);\n                    if (!featuredField) {\n                        return\n                    }\n    \n                    \/\/ only support checkbox field for now\n                    convertCheckboxFeaturedField(featuredField)                \n                }\n            });\n            return;\n        }\n\n        setTimeout(initForm_69f4b595db779, 250);\n    }\n\n    function convertCheckboxFeaturedField(featuredField) {\n        const fieldsetWrapper = featuredField.parentElement\n        \n        \/\/ add the featured field class to the wrapper fieldset element\n        \/\/ transform the featured field's UI via CSS\n        fieldsetWrapper.classList.add('featured-field')\n\n        \/\/ calculate and add enough space to display the featured field on top of the form\n        calculateFeaturedFieldSize(fieldsetWrapper)\n        window.addEventListener('resize', () => {\n            calculateFeaturedFieldSize(fieldsetWrapper)\n        })\n    }\n    \n    function calculateFeaturedFieldSize (fieldsetWrapper) {\n        fieldsetWrapper\n            .closest('.hubspot-contact-form--has-featured-field')\n            .style\n            .paddingTop = fieldsetWrapper.offsetHeight + 50 + 'px';\n    }    \n\n    initForm_69f4b595db779();\n<\/script>\n\n\n    <\/div>\n<\/div>\n<\/div>\n<\/div>\n\n\n    <\/div>\n<\/div>\n\n\n\n<style>\n    @media only screen and (max-width: 1200px) {\n        #block_6922f109d72b4228e46ee54bd1772af8 .blogposts__container {\n            grid-template-columns: repeat(4, 1fr);\n        }\n    }\n<\/style>\n\n            <div \n            id=\"block_6922f109d72b4228e46ee54bd1772af8\" \n            class=\"blogposts blogposts--block_6922f109d72b4228e46ee54bd1772af8 \"\n        >\n            <div class=\"blogposts\">\n                <div class=\"blogposts__container post-row\">\n                    \n        <div class='post-card relative' data-index='18439'>\n            <img\n                class='post-card__image' \n                src='https:\/\/d2ris6qfzcz0wn.cloudfront.net\/wp-content\/uploads\/sites\/34\/2025\/06\/Lindstrom-PRODEM-Tukums-Latvia-daily-work-WEB-2022-53-1-1024x700.jpg' \n                alt='Arbetskl\u00e4der f\u00f6r f\u00f6retag &#8211; v\u00e4lj r\u00e4tt l\u00f6sning f\u00f6r er verksamhet' \n            \/>\n            <div class='post-card__content'>\n                <div class='post-card__categories z-20'>\n            <a\n                class='post-card__category'\n                href='https:\/\/lindstromgroup.com\/se\/category\/articles\/'\n            >\n                Artiklar\n            <\/a><\/div>\n                <div class='post-card__title'>\n                    Arbetskl\u00e4der f\u00f6r f\u00f6retag &#8211; v\u00e4lj r\u00e4tt l\u00f6sning f\u00f6r er verksamhet\n                <\/div>\n                <p class='post-card__excerpt'>\n                    V\u00e4lj r\u00e4tt l\u00f6sning f\u00f6r arbetskl\u00e4der. Vi guidar er genom smarta ink\u00f6p, cirkul\u00e4r tv\u00e4ttservice och digital plaggkontroll\n                <\/p>\n                <div class='post-card__tags z-20'>\n            <a\n                class='post-card__tag'\n                href='https:\/\/lindstromgroup.com\/se\/tag\/arbetsklader\/'\n                style='border: 1px solid ; color: ;'\n            >\n                #arbetskl\u00e4der\n            <\/a><\/div>\n            <\/div>\n            <a href='\/se\/articles\/arbetsklader-for-foretag-valj-ratt-losning-for-er-verksamhet\/' class='absolute inset-0 w-full h-full z-10'><\/a>\n        <\/div>\n    \n        <div class='post-card relative' data-index='17883'>\n            <img\n                class='post-card__image' \n                src='https:\/\/d2ris6qfzcz0wn.cloudfront.net\/wp-content\/uploads\/sites\/3\/2024\/01\/Service-representative_010_Lindstrom-1024x683.jpg' \n                alt='Lindstr\u00f6m och Comforta expanderar i Sverige med ett nytt servicecenter i G\u00f6teborg' \n            \/>\n            <div class='post-card__content'>\n                <div class='post-card__categories z-20'>\n            <a\n                class='post-card__category'\n                href='https:\/\/lindstromgroup.com\/se\/category\/articles\/'\n            >\n                Artiklar\n            <\/a><\/div>\n                <div class='post-card__title'>\n                    Lindstr\u00f6m och Comforta expanderar i Sverige med ett nytt servicecenter i G\u00f6teborg\n                <\/div>\n                <p class='post-card__excerpt'>\n                    Lindstr\u00f6m ut\u00f6kar sin verksamhet i Sverige genom att \u00f6ppna ett nytt servicecenter i G\u00f6teborg. Anl\u00e4ggningen \u00e4r utformad enligt principerna f\u00f6r cirkul\u00e4r ekonomi och utrustad med avancerad energibesparande teknik f\u00f6r att fr\u00e4mja effektiv resursanv\u00e4ndning och minska avfall.\n                <\/p>\n                <div class='post-card__tags z-20'>\n            <a\n                class='post-card__tag'\n                href='https:\/\/lindstromgroup.com\/se\/tag\/hoteltextiles\/'\n                style='border: 1px solid ; color: ;'\n            >\n                #hotelltextilier\n            <\/a>\n            <a\n                class='post-card__tag'\n                href='https:\/\/lindstromgroup.com\/se\/tag\/hallbarhet\/'\n                style='border: 1px solid ; color: ;'\n            >\n                #h\u00e5llbarhet\n            <\/a><\/div>\n            <\/div>\n            <a href='\/se\/articles\/lindstrom-och-comforta-expanderar-i-sverige-med-ett-nytt-servicecenter-i-goteborg\/' class='absolute inset-0 w-full h-full z-10'><\/a>\n        <\/div>\n    \n        <div class='post-card relative' data-index='17859'>\n            <img\n                class='post-card__image' \n                src='https:\/\/d2ris6qfzcz0wn.cloudfront.net\/wp-content\/uploads\/sites\/34\/2025\/02\/0R8A8278-1024x320.jpg' \n                alt='F\u00f6renkla hanteringen av arbetskl\u00e4der med v\u00e5r digitala l\u00f6sning' \n            \/>\n            <div class='post-card__content'>\n                <div class='post-card__categories z-20'>\n            <a\n                class='post-card__category'\n                href='https:\/\/lindstromgroup.com\/se\/category\/articles\/'\n            >\n                Artiklar\n            <\/a><\/div>\n                <div class='post-card__title'>\n                    F\u00f6renkla hanteringen av arbetskl\u00e4der med v\u00e5r digitala l\u00f6sning\n                <\/div>\n                <p class='post-card__excerpt'>\n                    Effektiv hantering av arbetskl\u00e4der med v\u00e5r digitala l\u00f6sning: komplett service fr\u00e5n leverans till underh\u00e5ll.\n                <\/p>\n                <div class='post-card__tags z-20'>\n            <a\n                class='post-card__tag'\n                href='https:\/\/lindstromgroup.com\/se\/tag\/arbetsklader\/'\n                style='border: 1px solid ; color: ;'\n            >\n                #arbetskl\u00e4der\n            <\/a>\n            <a\n                class='post-card__tag'\n                href='https:\/\/lindstromgroup.com\/se\/tag\/elindstrom\/'\n                style='border: 1px solid ; color: ;'\n            >\n                #eLindstr\u00f6m\n            <\/a>\n            <a\n                class='post-card__tag'\n                href='https:\/\/lindstromgroup.com\/se\/tag\/hallbarhet\/'\n                style='border: 1px solid ; color: ;'\n            >\n                #h\u00e5llbarhet\n            <\/a><\/div>\n            <\/div>\n            <a href='\/se\/articles\/forenkla-arbetsklader-med-en-digitalt-stodd-losning\/' class='absolute inset-0 w-full h-full z-10'><\/a>\n        <\/div>\n                    <\/div>\n                <div class=\"post-row-mobile-carousel\"><\/div>\n            <\/div>\n        <\/div>\n    ","protected":false},"excerpt":{"rendered":"","protected":false},"author":79,"featured_media":16319,"parent":16709,"menu_order":0,"template":"","meta":{"_acf_changed":false,"inline_featured_image":false,"_eb_attr":"","site-sidebar-layout":"default","site-content-layout":"","ast-site-content-layout":"default","site-content-style":"default","site-sidebar-style":"default","ast-global-header-display":"","ast-banner-title-visibility":"","ast-main-header-display":"","ast-hfb-above-header-display":"","ast-hfb-below-header-display":"","ast-hfb-mobile-header-display":"","site-post-title":"","ast-breadcrumbs-content":"","ast-featured-img":"","footer-sml-layout":"","ast-disable-related-posts":"","theme-transparent-header-meta":"","adv-header-id-meta":"","stick-header-meta":"","header-above-stick-meta":"","header-main-stick-meta":"","header-below-stick-meta":"","astra-migrate-meta-layouts":"set","ast-page-background-enabled":"default","ast-page-background-meta":{"desktop":{"background-color":"var(--ast-global-color-4)","background-image":"","background-repeat":"repeat","background-position":"center center","background-size":"auto","background-attachment":"scroll","background-type":"","background-media":"","overlay-type":"","overlay-color":"","overlay-opacity":"","overlay-gradient":""},"tablet":{"background-color":"","background-image":"","background-repeat":"repeat","background-position":"center center","background-size":"auto","background-attachment":"scroll","background-type":"","background-media":"","overlay-type":"","overlay-color":"","overlay-opacity":"","overlay-gradient":""},"mobile":{"background-color":"","background-image":"","background-repeat":"repeat","background-position":"center center","background-size":"auto","background-attachment":"scroll","background-type":"","background-media":"","overlay-type":"","overlay-color":"","overlay-opacity":"","overlay-gradient":""}},"ast-content-background-meta":{"desktop":{"background-color":"var(--ast-global-color-5)","background-image":"","background-repeat":"repeat","background-position":"center center","background-size":"auto","background-attachment":"scroll","background-type":"","background-media":"","overlay-type":"","overlay-color":"","overlay-opacity":"","overlay-gradient":""},"tablet":{"background-color":"var(--ast-global-color-5)","background-image":"","background-repeat":"repeat","background-position":"center center","background-size":"auto","background-attachment":"scroll","background-type":"","background-media":"","overlay-type":"","overlay-color":"","overlay-opacity":"","overlay-gradient":""},"mobile":{"background-color":"var(--ast-global-color-5)","background-image":"","background-repeat":"repeat","background-position":"center center","background-size":"auto","background-attachment":"scroll","background-type":"","background-media":"","overlay-type":"","overlay-color":"","overlay-opacity":"","overlay-gradient":""}}},"coauthors":[25],"class_list":["post-16831","services","type-services","status-publish","has-post-thumbnail","hentry"],"acf":[],"yoast_head":"<!-- This site is optimized with the Yoast SEO plugin v27.2 - https:\/\/yoast.com\/product\/yoast-seo-wordpress\/ -->\n<title>Arbetsrockar f\u00f6r livsmedelsarbetare - Lindstr\u00f6m Sverige<\/title>\n<meta name=\"description\" content=\"Hitta slitstarka arbetsrockar f\u00f6r catering och livsmedel. Vi erbjuder modeller anpassade f\u00f6r dam och herr, med hygieniska l\u00f6sningar som innerfickor eller helt utan fickor.\" \/>\n<meta name=\"robots\" content=\"noindex, follow\" \/>\n<meta property=\"og:locale\" content=\"sv_SE\" \/>\n<meta property=\"og:type\" content=\"article\" \/>\n<meta property=\"og:title\" content=\"Arbetsrockar f\u00f6r livsmedelsarbetare - Lindstr\u00f6m Sverige\" \/>\n<meta property=\"og:description\" content=\"Hitta slitstarka arbetsrockar f\u00f6r catering och livsmedel. Vi erbjuder modeller anpassade f\u00f6r dam och herr, med hygieniska l\u00f6sningar som innerfickor eller helt utan fickor.\" \/>\n<meta property=\"og:url\" content=\"https:\/\/lindstromgroup.com\/se\/tjanster\/arbetskladestjanst\/arbetsrockar-for-livsmedelsarbetare\/\" \/>\n<meta property=\"og:site_name\" content=\"Lindstr\u00f6m Sverige\" \/>\n<meta property=\"article:modified_time\" content=\"2026-03-03T12:35:35+00:00\" \/>\n<meta property=\"og:image\" content=\"https:\/\/d2ris6qfzcz0wn.cloudfront.net\/wp-content\/uploads\/sites\/3\/2024\/01\/004_Lindstrom_Set2_hires_final.jpg\" \/>\n\t<meta property=\"og:image:width\" content=\"1500\" \/>\n\t<meta property=\"og:image:height\" content=\"1001\" \/>\n\t<meta property=\"og:image:type\" content=\"image\/jpeg\" \/>\n<meta name=\"twitter:card\" content=\"summary_large_image\" \/>\n<meta name=\"twitter:label1\" content=\"Ber\u00e4knad l\u00e4stid\" \/>\n\t<meta name=\"twitter:data1\" content=\"6 minuter\" \/>\n\t<meta name=\"twitter:label2\" content=\"Skriven av\" \/>\n\t<meta name=\"twitter:data2\" content=\"zuzananasincova\" \/>\n<script type=\"application\/ld+json\" class=\"yoast-schema-graph\">{\"@context\":\"https:\/\/schema.org\",\"@graph\":[{\"@type\":\"WebPage\",\"@id\":\"https:\/\/lindstromgroup.com\/se\/tjanster\/arbetskladestjanst\/arbetsrockar-for-livsmedelsarbetare\/\",\"url\":\"https:\/\/lindstromgroup.com\/se\/tjanster\/arbetskladestjanst\/arbetsrockar-for-livsmedelsarbetare\/\",\"name\":\"Arbetsrockar f\u00f6r livsmedelsarbetare - Lindstr\u00f6m Sverige\",\"isPartOf\":{\"@id\":\"https:\/\/lindstromgroup.com\/se\/#website\"},\"primaryImageOfPage\":{\"@id\":\"https:\/\/lindstromgroup.com\/se\/tjanster\/arbetskladestjanst\/arbetsrockar-for-livsmedelsarbetare\/#primaryimage\"},\"image\":{\"@id\":\"https:\/\/lindstromgroup.com\/se\/tjanster\/arbetskladestjanst\/arbetsrockar-for-livsmedelsarbetare\/#primaryimage\"},\"thumbnailUrl\":\"https:\/\/d2ris6qfzcz0wn.cloudfront.net\/wp-content\/uploads\/sites\/3\/2024\/01\/004_Lindstrom_Set2_hires_final.jpg\",\"datePublished\":\"2024-06-07T10:59:18+00:00\",\"dateModified\":\"2026-03-03T12:35:35+00:00\",\"description\":\"Hitta slitstarka arbetsrockar f\u00f6r catering och livsmedel. Vi erbjuder modeller anpassade f\u00f6r dam och herr, med hygieniska l\u00f6sningar som innerfickor eller helt utan fickor.\",\"breadcrumb\":{\"@id\":\"https:\/\/lindstromgroup.com\/se\/tjanster\/arbetskladestjanst\/arbetsrockar-for-livsmedelsarbetare\/#breadcrumb\"},\"inLanguage\":\"sv-SE\",\"potentialAction\":[{\"@type\":\"ReadAction\",\"target\":[\"https:\/\/lindstromgroup.com\/se\/tjanster\/arbetskladestjanst\/arbetsrockar-for-livsmedelsarbetare\/\"]}]},{\"@type\":\"ImageObject\",\"inLanguage\":\"sv-SE\",\"@id\":\"https:\/\/lindstromgroup.com\/se\/tjanster\/arbetskladestjanst\/arbetsrockar-for-livsmedelsarbetare\/#primaryimage\",\"url\":\"https:\/\/d2ris6qfzcz0wn.cloudfront.net\/wp-content\/uploads\/sites\/3\/2024\/01\/004_Lindstrom_Set2_hires_final.jpg\",\"contentUrl\":\"https:\/\/d2ris6qfzcz0wn.cloudfront.net\/wp-content\/uploads\/sites\/3\/2024\/01\/004_Lindstrom_Set2_hires_final.jpg\",\"width\":1500,\"height\":1001},{\"@type\":\"BreadcrumbList\",\"@id\":\"https:\/\/lindstromgroup.com\/se\/tjanster\/arbetskladestjanst\/arbetsrockar-for-livsmedelsarbetare\/#breadcrumb\",\"itemListElement\":[{\"@type\":\"ListItem\",\"position\":1,\"name\":\"Lindstr\u00f6m\",\"item\":\"https:\/\/lindstromgroup.com\/se\/\"},{\"@type\":\"ListItem\",\"position\":2,\"name\":\"Arbetskl\u00e4destj\u00e4nst\",\"item\":\"https:\/\/lindstromgroup.com\/se\/tjanster\/arbetskladestjanst\/\"},{\"@type\":\"ListItem\",\"position\":3,\"name\":\"Arbetsrockar f\u00f6r livsmedelsarbetare\"}]},{\"@type\":\"WebSite\",\"@id\":\"https:\/\/lindstromgroup.com\/se\/#website\",\"url\":\"https:\/\/lindstromgroup.com\/se\/\",\"name\":\"Lindstr\u00f6m Sverige\",\"description\":\"Lindstr\u00f6m Group - Textilservice och Tv\u00e4ttservice\",\"publisher\":{\"@id\":\"https:\/\/lindstromgroup.com\/se\/#organization\"},\"potentialAction\":[{\"@type\":\"SearchAction\",\"target\":{\"@type\":\"EntryPoint\",\"urlTemplate\":\"https:\/\/lindstromgroup.com\/se\/?s={search_term_string}\"},\"query-input\":{\"@type\":\"PropertyValueSpecification\",\"valueRequired\":true,\"valueName\":\"search_term_string\"}}],\"inLanguage\":\"sv-SE\"},{\"@type\":\"Organization\",\"@id\":\"https:\/\/lindstromgroup.com\/se\/#organization\",\"name\":\"Lindstr\u00f6m Sverige\",\"url\":\"https:\/\/lindstromgroup.com\/se\/\",\"logo\":{\"@type\":\"ImageObject\",\"inLanguage\":\"sv-SE\",\"@id\":\"https:\/\/lindstromgroup.com\/se\/#\/schema\/logo\/image\/\",\"url\":\"https:\/\/d2ris6qfzcz0wn.cloudfront.net\/wp-content\/uploads\/sites\/3\/2023\/10\/Logo512.png\",\"contentUrl\":\"https:\/\/d2ris6qfzcz0wn.cloudfront.net\/wp-content\/uploads\/sites\/3\/2023\/10\/Logo512.png\",\"width\":512,\"height\":109,\"caption\":\"Lindstr\u00f6m Sverige\"},\"image\":{\"@id\":\"https:\/\/lindstromgroup.com\/se\/#\/schema\/logo\/image\/\"}}]}<\/script>\n<!-- \/ Yoast SEO plugin. -->","yoast_head_json":{"title":"Arbetsrockar f\u00f6r livsmedelsarbetare - Lindstr\u00f6m Sverige","description":"Hitta slitstarka arbetsrockar f\u00f6r catering och livsmedel. Vi erbjuder modeller anpassade f\u00f6r dam och herr, med hygieniska l\u00f6sningar som innerfickor eller helt utan fickor.","robots":{"index":"noindex","follow":"follow"},"og_locale":"sv_SE","og_type":"article","og_title":"Arbetsrockar f\u00f6r livsmedelsarbetare - Lindstr\u00f6m Sverige","og_description":"Hitta slitstarka arbetsrockar f\u00f6r catering och livsmedel. Vi erbjuder modeller anpassade f\u00f6r dam och herr, med hygieniska l\u00f6sningar som innerfickor eller helt utan fickor.","og_url":"https:\/\/lindstromgroup.com\/se\/tjanster\/arbetskladestjanst\/arbetsrockar-for-livsmedelsarbetare\/","og_site_name":"Lindstr\u00f6m Sverige","article_modified_time":"2026-03-03T12:35:35+00:00","og_image":[{"width":1500,"height":1001,"url":"https:\/\/d2ris6qfzcz0wn.cloudfront.net\/wp-content\/uploads\/sites\/3\/2024\/01\/004_Lindstrom_Set2_hires_final.jpg","type":"image\/jpeg"}],"twitter_card":"summary_large_image","twitter_misc":{"Ber\u00e4knad l\u00e4stid":"6 minuter","Skriven av":"zuzananasincova"},"schema":{"@context":"https:\/\/schema.org","@graph":[{"@type":"WebPage","@id":"https:\/\/lindstromgroup.com\/se\/tjanster\/arbetskladestjanst\/arbetsrockar-for-livsmedelsarbetare\/","url":"https:\/\/lindstromgroup.com\/se\/tjanster\/arbetskladestjanst\/arbetsrockar-for-livsmedelsarbetare\/","name":"Arbetsrockar f\u00f6r livsmedelsarbetare - Lindstr\u00f6m Sverige","isPartOf":{"@id":"https:\/\/lindstromgroup.com\/se\/#website"},"primaryImageOfPage":{"@id":"https:\/\/lindstromgroup.com\/se\/tjanster\/arbetskladestjanst\/arbetsrockar-for-livsmedelsarbetare\/#primaryimage"},"image":{"@id":"https:\/\/lindstromgroup.com\/se\/tjanster\/arbetskladestjanst\/arbetsrockar-for-livsmedelsarbetare\/#primaryimage"},"thumbnailUrl":"https:\/\/d2ris6qfzcz0wn.cloudfront.net\/wp-content\/uploads\/sites\/3\/2024\/01\/004_Lindstrom_Set2_hires_final.jpg","datePublished":"2024-06-07T10:59:18+00:00","dateModified":"2026-03-03T12:35:35+00:00","description":"Hitta slitstarka arbetsrockar f\u00f6r catering och livsmedel. Vi erbjuder modeller anpassade f\u00f6r dam och herr, med hygieniska l\u00f6sningar som innerfickor eller helt utan fickor.","breadcrumb":{"@id":"https:\/\/lindstromgroup.com\/se\/tjanster\/arbetskladestjanst\/arbetsrockar-for-livsmedelsarbetare\/#breadcrumb"},"inLanguage":"sv-SE","potentialAction":[{"@type":"ReadAction","target":["https:\/\/lindstromgroup.com\/se\/tjanster\/arbetskladestjanst\/arbetsrockar-for-livsmedelsarbetare\/"]}]},{"@type":"ImageObject","inLanguage":"sv-SE","@id":"https:\/\/lindstromgroup.com\/se\/tjanster\/arbetskladestjanst\/arbetsrockar-for-livsmedelsarbetare\/#primaryimage","url":"https:\/\/d2ris6qfzcz0wn.cloudfront.net\/wp-content\/uploads\/sites\/3\/2024\/01\/004_Lindstrom_Set2_hires_final.jpg","contentUrl":"https:\/\/d2ris6qfzcz0wn.cloudfront.net\/wp-content\/uploads\/sites\/3\/2024\/01\/004_Lindstrom_Set2_hires_final.jpg","width":1500,"height":1001},{"@type":"BreadcrumbList","@id":"https:\/\/lindstromgroup.com\/se\/tjanster\/arbetskladestjanst\/arbetsrockar-for-livsmedelsarbetare\/#breadcrumb","itemListElement":[{"@type":"ListItem","position":1,"name":"Lindstr\u00f6m","item":"https:\/\/lindstromgroup.com\/se\/"},{"@type":"ListItem","position":2,"name":"Arbetskl\u00e4destj\u00e4nst","item":"https:\/\/lindstromgroup.com\/se\/tjanster\/arbetskladestjanst\/"},{"@type":"ListItem","position":3,"name":"Arbetsrockar f\u00f6r livsmedelsarbetare"}]},{"@type":"WebSite","@id":"https:\/\/lindstromgroup.com\/se\/#website","url":"https:\/\/lindstromgroup.com\/se\/","name":"Lindstr\u00f6m Sverige","description":"Lindstr\u00f6m Group - Textilservice och Tv\u00e4ttservice","publisher":{"@id":"https:\/\/lindstromgroup.com\/se\/#organization"},"potentialAction":[{"@type":"SearchAction","target":{"@type":"EntryPoint","urlTemplate":"https:\/\/lindstromgroup.com\/se\/?s={search_term_string}"},"query-input":{"@type":"PropertyValueSpecification","valueRequired":true,"valueName":"search_term_string"}}],"inLanguage":"sv-SE"},{"@type":"Organization","@id":"https:\/\/lindstromgroup.com\/se\/#organization","name":"Lindstr\u00f6m Sverige","url":"https:\/\/lindstromgroup.com\/se\/","logo":{"@type":"ImageObject","inLanguage":"sv-SE","@id":"https:\/\/lindstromgroup.com\/se\/#\/schema\/logo\/image\/","url":"https:\/\/d2ris6qfzcz0wn.cloudfront.net\/wp-content\/uploads\/sites\/3\/2023\/10\/Logo512.png","contentUrl":"https:\/\/d2ris6qfzcz0wn.cloudfront.net\/wp-content\/uploads\/sites\/3\/2023\/10\/Logo512.png","width":512,"height":109,"caption":"Lindstr\u00f6m Sverige"},"image":{"@id":"https:\/\/lindstromgroup.com\/se\/#\/schema\/logo\/image\/"}}]}},"publishpress_future_workflow_manual_trigger":{"enabledWorkflows":[]},"distributor_meta":false,"distributor_terms":false,"distributor_media":false,"distributor_original_site_name":"Lindstr\u00f6m Sverige","distributor_original_site_url":"https:\/\/lindstromgroup.com\/se","push-errors":false,"_links":{"self":[{"href":"https:\/\/lindstromgroup.com\/se\/wp-json\/wp\/v2\/services\/16831","targetHints":{"allow":["GET"]}}],"collection":[{"href":"https:\/\/lindstromgroup.com\/se\/wp-json\/wp\/v2\/services"}],"about":[{"href":"https:\/\/lindstromgroup.com\/se\/wp-json\/wp\/v2\/types\/services"}],"author":[{"embeddable":true,"href":"https:\/\/lindstromgroup.com\/se\/wp-json\/wp\/v2\/users\/79"}],"up":[{"embeddable":true,"href":"https:\/\/lindstromgroup.com\/se\/wp-json\/wp\/v2\/services\/16709"}],"wp:featuredmedia":[{"embeddable":true,"href":"https:\/\/lindstromgroup.com\/se\/wp-json\/wp\/v2\/media\/16319"}],"wp:attachment":[{"href":"https:\/\/lindstromgroup.com\/se\/wp-json\/wp\/v2\/media?parent=16831"}],"wp:term":[{"taxonomy":"author","embeddable":true,"href":"https:\/\/lindstromgroup.com\/se\/wp-json\/wp\/v2\/coauthors?post=16831"}],"curies":[{"name":"wp","href":"https:\/\/api.w.org\/{rel}","templated":true}]}}