
    {"id":16829,"date":"2024-06-07T10:56:05","date_gmt":"2024-06-07T10:56:05","guid":{"rendered":"https:\/\/lindstromgroup.com\/se\/?post_type=services&#038;p=16829"},"modified":"2026-03-05T17:05:25","modified_gmt":"2026-03-05T17:05:25","slug":"arbetsmossor","status":"publish","type":"services","link":"https:\/\/lindstromgroup.com\/se\/tjanster\/arbetskladestjanst\/arbetsmossor\/","title":{"rendered":"Arbetsm\u00f6ssor"},"content":{"rendered":"\n    <div\n        id=\"block_fd924cb2fbf476769d779738cf246c14\"\n        class=\"hero-sub hero-sub--block_fd924cb2fbf476769d779738cf246c14  flex flex-col-reverse lg:flex-row justify-between bg-dark-blue text-white\"\n    >        \n        <div class=\"flex flex-col gap-5 pt-10 pb-5 grow px-5 lg:px-20\">\n            <div class=\"flex flex-col justify-center gap-3 grow max-w-[var(--container-text-max)]\">\n                <h1 class=\"!mb-0 !text-white !text-title-medium lg:!text-title-large !font-bold hyphens-auto break-words\">\n                    Arbetsm\u00f6ssor f\u00f6r livsmedel och industri                <\/h1>\n    \n                <div class=\"hero-sub__description\">\n                    <p>Arbetsm\u00f6ssor \u00e4r en grundl\u00e4ggande del av utrustningen inom livsmedelsf\u00f6r\u00e4dling. De \u00e4r avg\u00f6rande f\u00f6r att s\u00e4kerst\u00e4lla h\u00f6g hygien genom att t\u00e4cka h\u00e5ret och d\u00e4rmed skydda livsmedelsprodukterna.<\/p>\n                <\/div>\n    \n                                    <div class=\"flex flex-col flex-wrap gap-3 mt-3 md:flex-row\">\n                                                                                    <a \n                                    class=\"px-5 py-3 font-bold text-center text-link-small rounded-[30px] border-2 border-white !no-underline bg-white !text-dark-blue button-solid--white\"\n                                    href=\"#quote\"\n                                    target=\"_self\"\n                                >\n                                    Beg\u00e4r en offert                                <\/a>\n                                                                                                                <a \n                                    class=\"px-5 py-3 font-bold text-center text-link-small rounded-[30px] border-2 border-white !no-underline bg-transparent !text-white button-outlined--white\"\n                                    href=\"https:\/\/group.lindstromgroup.com\/sv\/arbetsklader-livsmedelsindustrin\"\n                                    target=\"_self\"\n                                >\n                                    Ladda ner FoodIn kollektionen                                <\/a>\n                                                                        <\/div>\n                \n                            <\/div>\n                            <div class=\"font-bold hero-sub__breadcrumb text-body-small\">\n                        <span><span><a href=\"https:\/\/lindstromgroup.com\/se\/\">Lindstr\u00f6m<\/a><\/span><\/span>                <\/div>\n                    <\/div>\n\n        <div class=\"[&#038;_picture]:w-full flex h-full lg:h-auto max-h-[350px] lg:max-h-none lg:min-h-full w-full lg:w-[650px]\">\n            <img decoding=\"async\"\n                class=\"object-cover w-full h-full\"\n                src=\"https:\/\/d2ris6qfzcz0wn.cloudfront.net\/wp-content\/uploads\/sites\/34\/2024\/06\/Atria_alyvaatevarasto_Lindstrom_Artikkeli-1400x933-1-1024x682.jpg\"\n                alt=\"Arbetsm\u00f6ssor \u00e4r en grundl\u00e4ggande del av utrustningen inom livsmedelsf\u00f6r\u00e4dling. De \u00e4r avg\u00f6rande f\u00f6r att s\u00e4kerst\u00e4lla h\u00f6g hygien genom att t\u00e4cka h\u00e5ret och d\u00e4rmed skydda livsmedelsprodukterna.\"\n            >\n        <\/div>\n    <\/div>\n\n\n\n        <style>\n            .lindstrom-container--block_f86628279d4302970176de057af20149 {                \n                padding-top: 35px;\n                padding-bottom: 35px;\n            }\n\n            @media screen and (min-width: 768px) {\n                .lindstrom-container--block_f86628279d4302970176de057af20149 {\n                    padding-top: 75px;\n                    padding-bottom: 10px;\n                }\n            }\n        <\/style>\n    \n<div\n    class=\"lindstrom-container-wrapper lindstrom-container lindstrom-container--block_f86628279d4302970176de057af20149 \"\n    id=\"block_f86628279d4302970176de057af20149\"\n    style=\"background-color: #ffffff\"\n    >\n    <div class=\"lindstrom-container lindstrom-container--text items-stretch\">\n        \n\n<p class=\"has-text-align-center\">Arbetsm\u00f6ssor eller huvudbonader anv\u00e4nds som skyddsutrustning inom gastronomi och livsmedelsproduktion, d\u00e4r de skyddar h\u00e5r och huvud mot smuts samt s\u00e4kerst\u00e4ller att medarbetarnas h\u00e5r inte kontaminerar slutprodukter och produktionsutrustning.<\/p>\n\n\n    <\/div>\n<\/div>\n\n\n\n        <style>\n            .lindstrom-container--block_dece4247633a08bce6ba02e70893fb37 {                \n                padding-top: 35px;\n                padding-bottom: 35px;\n            }\n\n            @media screen and (min-width: 768px) {\n                .lindstrom-container--block_dece4247633a08bce6ba02e70893fb37 {\n                    padding-top: 10px;\n                    padding-bottom: 10px;\n                }\n            }\n        <\/style>\n    \n<div\n    class=\"lindstrom-container-wrapper lindstrom-container lindstrom-container--block_dece4247633a08bce6ba02e70893fb37 \"\n    id=\"block_dece4247633a08bce6ba02e70893fb37\"\n    style=\"background-color: #ffffff\"\n    >\n    <div class=\"lindstrom-container lindstrom-container--content items-stretch\">\n        \n\n        <div \n        id=\"catalogue-block_608f67eceea8aa409abe733146bf8ae1\" \n        class=\"catalogue\"\n    >\n        <div class=\"flex flex-col catalogue__container\">\n            \n                                                <div class=\"grid w-full grid-cols-1 md:grid-cols-2\">\n                        <div class=\"catalogue__media relative\">\n                                                            <img decoding=\"async\" \n                                    class=\"object-cover h-full w-full max-h-[250px] md:max-h-none md:absolute top-0 left-0\" \n                                    src=\"https:\/\/d2ris6qfzcz0wn.cloudfront.net\/wp-content\/uploads\/sites\/34\/2024\/06\/1L4213_working_cap-1024x585.png\" \n                                    alt=\"Arbetsm\u00f6ssa KIRK med nackskydd\" \n                                \/>\n                                                    <\/div>\n                        <div class=\"flex flex-col justify-center flex-1 gap-5 px-5 py-5 lg:px-20 lg:py-10 catalogue__content min-h-[250px] md:min-h-[350px]\" style=\"background-color:#003f72;\">\n                            <div class=\"flex flex-col gap-2\">\n                                <p \n                                    class=\"text-[16px]\/[22.4px] md:text-[25px]\/[32.5px] text-left tracking-[0.8px] md:tracking-normal uppercase md:normal-case font-bold !mb-0\" \n                                    style=\"color:#FFFFFF;\">\n                                        Arbetsm\u00f6ssa KIRK med nackskydd                                <\/p>\n                                <p class=\"text-[15px]\/[21px] text-left font-normal !mb-0\" style=\"color:#FFFFFF;\">Arbetsm\u00f6ssa med sk\u00e4rm och kardborre f\u00f6r storleksjustering. Har en f\u00f6rl\u00e4ngning som t\u00e4cker nacken. Finns \u00e4ven i en variant med h\u00e5rn\u00e4t.<\/p>\n                                                            <\/div>\n                                                            <div class=\"flex h-10 border-2 rounded-full w-fit button-outlined--white\" style=\"border-color:#FFFFFF;\">\n                                    <a \n                                        class=\"!no-underline bg-transparent py-3 pr-4 pl-5 font-bold text-base flex justify-center items-center gap-3 rounded-full w-full\" \n                                        href=\"#quote\"\n                                        target=\"_self\"\n                                        style=\"color:#FFFFFF;\">\n                                            Jag vill ha ett prisf\u00f6rslag <span class=\"material-symbols-outlined !font-bold\">arrow_right_alt<\/span>\n                                    <\/a>\n                                <\/div>\n                                                    <\/div>\n                    <\/div>\n                                    <div class=\"grid w-full grid-cols-1 md:grid-cols-2\">\n                        <div class=\"catalogue__media relative\">\n                                                            <img decoding=\"async\" \n                                    class=\"object-cover h-full w-full max-h-[250px] md:max-h-none md:absolute top-0 left-0\" \n                                    src=\"https:\/\/d2ris6qfzcz0wn.cloudfront.net\/wp-content\/uploads\/sites\/34\/2024\/06\/1L3442_working_cap-1024x585.jpg\" \n                                    alt=\"Arbetsm\u00f6ssa KIRK\" \n                                \/>\n                                                    <\/div>\n                        <div class=\"flex flex-col justify-center flex-1 gap-5 px-5 py-5 lg:px-20 lg:py-10 catalogue__content min-h-[250px] md:min-h-[350px]\" style=\"background-color:#003f72;\">\n                            <div class=\"flex flex-col gap-2\">\n                                <p \n                                    class=\"text-[16px]\/[22.4px] md:text-[25px]\/[32.5px] text-left tracking-[0.8px] md:tracking-normal uppercase md:normal-case font-bold !mb-0\" \n                                    style=\"color:#FFFFFF;\">\n                                        Arbetsm\u00f6ssa KIRK                                <\/p>\n                                <p class=\"text-[15px]\/[21px] text-left font-normal !mb-0\" style=\"color:#FFFFFF;\">Arbetsm\u00f6ssa med sk\u00e4rm och justerbar storlek med kardborre.<\/p>\n                                                            <\/div>\n                                                            <div class=\"flex h-10 border-2 rounded-full w-fit button-outlined--white\" style=\"border-color:#FFFFFF;\">\n                                    <a \n                                        class=\"!no-underline bg-transparent py-3 pr-4 pl-5 font-bold text-base flex justify-center items-center gap-3 rounded-full w-full\" \n                                        href=\"#quote\"\n                                        target=\"_self\"\n                                        style=\"color:#FFFFFF;\">\n                                            Jag vill ha ett prisf\u00f6rlsag <span class=\"material-symbols-outlined !font-bold\">arrow_right_alt<\/span>\n                                    <\/a>\n                                <\/div>\n                                                    <\/div>\n                    <\/div>\n                                    <div class=\"grid w-full grid-cols-1 md:grid-cols-2\">\n                        <div class=\"catalogue__media relative\">\n                                                            <img decoding=\"async\" \n                                    class=\"object-cover h-full w-full max-h-[250px] md:max-h-none md:absolute top-0 left-0\" \n                                    src=\"https:\/\/d2ris6qfzcz0wn.cloudfront.net\/wp-content\/uploads\/sites\/34\/2024\/06\/Balaclava_head_cover_food-industry-1024x682-1.jpg\" \n                                    alt=\"Balaklava\" \n                                \/>\n                                                    <\/div>\n                        <div class=\"flex flex-col justify-center flex-1 gap-5 px-5 py-5 lg:px-20 lg:py-10 catalogue__content min-h-[250px] md:min-h-[350px]\" style=\"background-color:#003f72;\">\n                            <div class=\"flex flex-col gap-2\">\n                                <p \n                                    class=\"text-[16px]\/[22.4px] md:text-[25px]\/[32.5px] text-left tracking-[0.8px] md:tracking-normal uppercase md:normal-case font-bold !mb-0\" \n                                    style=\"color:#FFFFFF;\">\n                                        Balaklava                                <\/p>\n                                <p class=\"text-[15px]\/[21px] text-left font-normal !mb-0\" style=\"color:#FFFFFF;\">Komplett huvudskydd som t\u00e4cker hela huvudet, nacken och en del av axlarna. Bekv\u00e4mt material som \u00e4r l\u00e4tt att tv\u00e4tta.<\/p>\n                                                            <\/div>\n                                                            <div class=\"flex h-10 border-2 rounded-full w-fit button-outlined--white\" style=\"border-color:#FFFFFF;\">\n                                    <a \n                                        class=\"!no-underline bg-transparent py-3 pr-4 pl-5 font-bold text-base flex justify-center items-center gap-3 rounded-full w-full\" \n                                        href=\"#quote\"\n                                        target=\"_self\"\n                                        style=\"color:#FFFFFF;\">\n                                            Jag vill ha ett prisf\u00f6rslag <span class=\"material-symbols-outlined !font-bold\">arrow_right_alt<\/span>\n                                    <\/a>\n                                <\/div>\n                                                    <\/div>\n                    <\/div>\n                 \n                        \n        <\/div>\n    <\/div>\n    \n\n    <\/div>\n<\/div>\n\n\n\n        <style>\n            .lindstrom-container--block_d655f549279e1f7b6c824032e29c88f1 {                \n                padding-top: 35px;\n                padding-bottom: 35px;\n            }\n\n            @media screen and (min-width: 768px) {\n                .lindstrom-container--block_d655f549279e1f7b6c824032e29c88f1 {\n                    padding-top: 10px;\n                    padding-bottom: 0px;\n                }\n            }\n        <\/style>\n    \n<div\n    class=\"lindstrom-container-wrapper lindstrom-container lindstrom-container--block_d655f549279e1f7b6c824032e29c88f1 \"\n    id=\"block_d655f549279e1f7b6c824032e29c88f1\"\n    style=\"background-color: #ffffff\"\n    >\n    <div class=\"lindstrom-container lindstrom-container--content items-stretch\">\n        \n\n<h2 class=\"wp-block-heading has-grey-100-color has-text-color has-link-color has-h-3-font-size wp-elements-cb9faab7a9b7692efcd7ada79489cc71\">Hur v\u00e5r arbetskl\u00e4destj\u00e4nst funkar<\/h2>\n\n\n\n    <div \n        id=\"block_bc92f96db43ae76baf9f1e5149e1a968\"\n        class=\"visualization-service-cycles visualization-service-cycles--block_bc92f96db43ae76baf9f1e5149e1a968  \"\n    >\n                            \n            <div class=\"service-cycle__steps flex flex-col\">\n                <div class=\"flex flex-col lg:flex-row\">\n                                            <div \n                            class=\"service-cycle__box\"\n                            style=\"background-color: #ca005d;\"\n                        >\n                            <div class=\"items-center\">\n                                <span class='icon-magnifying-glass' style='font-size: 40px;color: #ffffff;'><\/span>                            <\/div>\n                            <div class=\"text-white flex flex-col gap-1\">\n                                <div class=\"text-title-small font-bold\">\n                                    Tillsammans tar vi fram en kollektion anpassad f\u00f6r just din verksamhet                                <\/div>\n                                                            <\/div>                            \n                            <div \n                                class=\"service-cycle__box-triangle\"\n                                style=\"background-color: #ca005d\"\n                            >\n                            <\/div>                            \n                        <\/div>\n\n                                                                    <div \n                            class=\"service-cycle__box\"\n                            style=\"background-color: #7c109a;\"\n                        >\n                            <div class=\"items-center\">\n                                <span class='icon-delivery' style='font-size: 40px;color: #ffffff;'><\/span>                            <\/div>\n                            <div class=\"text-white flex flex-col gap-1\">\n                                <div class=\"text-title-small font-bold\">\n                                    Vi tv\u00e4ttar och underh\u00e5ller arbetskl\u00e4derna                                <\/div>\n                                                            <\/div>                            \n                            <div \n                                class=\"service-cycle__box-triangle\"\n                                style=\"background-color: #7c109a\"\n                            >\n                            <\/div>                            \n                        <\/div>\n\n                                                                    <div \n                            class=\"service-cycle__box\"\n                            style=\"background-color: #003f72;\"\n                        >\n                            <div class=\"items-center\">\n                                <span class='icon-thread-and-needle' style='font-size: 40px;color: #ffffff;'><\/span>                            <\/div>\n                            <div class=\"text-white flex flex-col gap-1\">\n                                <div class=\"text-title-small font-bold\">\n                                    Vid behov reparerar eller byter vi ut anv\u00e4nda arbetskl\u00e4der                                <\/div>\n                                                            <\/div>                            \n                            <div \n                                class=\"service-cycle__box-triangle\"\n                                style=\"background-color: #003f72\"\n                            >\n                            <\/div>                            \n                        <\/div>\n\n                                                                    <div \n                            class=\"service-cycle__box\"\n                            style=\"background-color: #006f86;\"\n                        >\n                            <div class=\"items-center\">\n                                <span class='icon-devices' style='font-size: 40px;color: #ffffff;'><\/span>                            <\/div>\n                            <div class=\"text-white flex flex-col gap-1\">\n                                <div class=\"text-title-small font-bold\">\n                                    Vid behov reparerar eller byter vi ut anv\u00e4nda arbetskl\u00e4der                                <\/div>\n                                                            <\/div>                            \n                            <div \n                                class=\"service-cycle__box-triangle\"\n                                style=\"background-color: #006f86\"\n                            >\n                            <\/div>                            \n                        <\/div>\n\n                                                                    <div \n                            class=\"service-cycle__box\"\n                            style=\"background-color: #578200;\"\n                        >\n                            <div class=\"items-center\">\n                                <span class='icon-check-circle' style='font-size: 40px;color: #ffffff;'><\/span>                            <\/div>\n                            <div class=\"text-white flex flex-col gap-1\">\n                                <div class=\"text-title-small font-bold\">\n                                    Vid behov reparerar eller byter vi ut anv\u00e4nda arbetskl\u00e4der                                <\/div>\n                                                            <\/div>                            \n                            <div \n                                class=\"service-cycle__box-triangle\"\n                                style=\"background-color: #578200\"\n                            >\n                            <\/div>                            \n                        <\/div>\n\n                                                            <\/div>\n\n                <div class=\"hidden lg:flex\">\n                                            <div class=\"service-cycle__long-description\">\n                                                    <\/div>\n                                            <div class=\"service-cycle__long-description\">\n                                                    <\/div>\n                                            <div class=\"service-cycle__long-description\">\n                                                    <\/div>\n                                            <div class=\"service-cycle__long-description\">\n                                                    <\/div>\n                                            <div class=\"service-cycle__long-description\">\n                                                    <\/div>\n                                    <\/div>\n                \n            <\/div>\n            <\/div>\n\n\n    <\/div>\n<\/div>\n\n\n\n        <style>\n            .country-site-certifications--block_526b87eafda61c4f736af19f48dc651d {                \n                padding-top: 35px;\n                padding-bottom: 35px;\n            }\n\n            @media screen and (min-width: 768px) {\n                .country-site-certifications--block_526b87eafda61c4f736af19f48dc651d {\n                    padding-top: 75px;\n                    padding-bottom: 75px;\n                }\n            }\n        <\/style>\n    \n            <div\n            id=\"block_526b87eafda61c4f736af19f48dc651d\"\n            style=\"background-color: #ffffff\"\n            class=\"lindstrom-container-wrapper border-t border-grey-25 country-site-certifications country-site-certifications--block_526b87eafda61c4f736af19f48dc651d \"\n        >\n            <div class=\"flex flex-col items-center self-stretch gap-5 lindstrom-container lindstrom-container--content lg:flex-row lg:gap-20\">\n                <div class=\"flex flex-col items-center justify-center gap-5 lg:items-start basis-full lg:basis-1\/4 self-baseline\">\n                    <h2 class=\"!text-grey-100 !text-[22px]\/[33px] !font-bold uppercase tracking-[.33px]\">We are professionals<\/h2>\n                    <p class=\"!text-grey-100 !text-[18px]\/[27px] opacity-90 text-center lg:text-left\"><\/p>\n                <\/div>\n                <div class=\"relative w-full max-w-full\">\n                    <div class=\"flex justify-start gap-3 overflow-x-auto lg:justify-end\">\n                                            <div class=\"relative text-center w-[150px]\">\n                            <img decoding=\"async\" class=\"aspect-square w-full object-contain\" src=\"https:\/\/d2ris6qfzcz0wn.cloudfront.net\/wp-content\/uploads\/sites\/34\/2024\/12\/Ecovadis_platinum_2026_625x625px-300x300.jpg\" alt=\"\" \/>\n                                                                                <\/div>\n                                            <div class=\"relative text-center w-[150px]\">\n                            <img decoding=\"async\" class=\"aspect-square w-full object-contain\" src=\"https:\/\/d2ris6qfzcz0wn.cloudfront.net\/wp-content\/uploads\/sites\/34\/2024\/06\/QualitySysCert_ISO9001.webp\" alt=\"\" \/>\n                                                                                <\/div>\n                                            <div class=\"relative text-center w-[150px]\">\n                            <img decoding=\"async\" class=\"aspect-square w-full object-contain\" src=\"https:\/\/d2ris6qfzcz0wn.cloudfront.net\/wp-content\/uploads\/sites\/34\/2024\/06\/EnvironmentalSysCert_ISO14001_col-1.jpg\" alt=\"\" \/>\n                                                                                <\/div>\n                                            <div class=\"relative text-center w-[150px]\">\n                            <img decoding=\"async\" class=\"aspect-square w-full object-contain\" src=\"https:\/\/d2ris6qfzcz0wn.cloudfront.net\/wp-content\/uploads\/sites\/34\/2024\/06\/ISO9001-14001-45001_625x625px-300x300.jpg.webp\" alt=\"\" \/>\n                                                                                <\/div>\n                                        <\/div>\n                <\/div>\n            <\/div>\n        <\/div>\n    \n\n\n        <style>\n            .lindstrom-container--block_a79a64b47f84ea626a83d4d1dc3e41b6 {                \n                padding-top: 35px;\n                padding-bottom: 35px;\n            }\n\n            @media screen and (min-width: 768px) {\n                .lindstrom-container--block_a79a64b47f84ea626a83d4d1dc3e41b6 {\n                    padding-top: 10px;\n                    padding-bottom: 10px;\n                }\n            }\n        <\/style>\n    \n<div\n    class=\"lindstrom-container-wrapper lindstrom-container lindstrom-container--block_a79a64b47f84ea626a83d4d1dc3e41b6 \"\n    id=\"quote\"\n    style=\"background-color: #ffffff\"\n    >\n    <div class=\"lindstrom-container lindstrom-container--content items-stretch\">\n        \n\n<div class=\"wp-block-columns is-layout-flex wp-container-core-columns-is-layout-28f84493 wp-block-columns-is-layout-flex\">\n<div class=\"wp-block-column is-layout-flow wp-block-column-is-layout-flow\" style=\"flex-basis:33.33%\">\n<figure class=\"wp-block-image size-large\"><img decoding=\"async\" src=\"https:\/\/lindstrom-sites.s3.eu-north-1.amazonaws.com\/wp-content\/uploads\/sites\/25\/2024\/04\/IMG_7915-683x1024.jpg\" alt=\"\" class=\"wp-image-16901\"\/><\/figure>\n<\/div>\n\n\n\n<div class=\"wp-block-column is-layout-flow wp-block-column-is-layout-flow\" style=\"flex-basis:66.66%\">\n    <div id=\"hubspot-contact-form-block_d546f04f098c6c253e0a5c9eb4e7f095\" class=\"hubspot-contact-form\">\n                    <h3 class=\"mt-0 !mb-5 lg:!mb-10 font-bold !text-title-small\">\n                Vill du f\u00e5 ett prisf\u00f6rslag?            <\/h3>\n        \n                    <p class=\"!-mt-4 lg:!-mt-8 !mb-5 lg:!mb-10 !text-body-small\">\n                V\u00e4nligen fyll i kontaktformul\u00e4ret nedan eller ring oss p\u00e5: +46 10 330 35 10.            <\/p>\n        \n        <div class=\"form-wrapper\"><\/div>\n        <div class=\"editor-message\">\n            Please set a valid form ID.\n        <\/div>\n    <\/div>\n\n<script>\n    \/**\n     * Generate dynamic init form function name to prevent it get re-initialized if there are multiple forms in a page\n     *\/\n    function initForm_69f4b5969a302() {\n        \/\/ retry until hubspot script is initialized\n        if (typeof hbspt !== \"undefined\") {\n            hbspt.forms.create({\n                region: \"eu1\",\n                portalId: \"2758505\",\n                formId: \"d2fc8692-adf4-4146-bc87-bfbc3fabaca9\",\n                target: `#hubspot-contact-form-block_d546f04f098c6c253e0a5c9eb4e7f095 .form-wrapper`,\n                onFormReady: (arg) => {\n                    const hasFeaturedField = 0;\n                    if (!hasFeaturedField) {\n                        return\n                    }\n    \n                    \/\/ in case the featured field is not available in the form\n                    const featuredField = document.querySelector(`#hubspot-contact-form-block_d546f04f098c6c253e0a5c9eb4e7f095 .none`);\n                    if (!featuredField) {\n                        return\n                    }\n    \n                    \/\/ only support checkbox field for now\n                    convertCheckboxFeaturedField(featuredField)                \n                }\n            });\n            return;\n        }\n\n        setTimeout(initForm_69f4b5969a302, 250);\n    }\n\n    function convertCheckboxFeaturedField(featuredField) {\n        const fieldsetWrapper = featuredField.parentElement\n        \n        \/\/ add the featured field class to the wrapper fieldset element\n        \/\/ transform the featured field's UI via CSS\n        fieldsetWrapper.classList.add('featured-field')\n\n        \/\/ calculate and add enough space to display the featured field on top of the form\n        calculateFeaturedFieldSize(fieldsetWrapper)\n        window.addEventListener('resize', () => {\n            calculateFeaturedFieldSize(fieldsetWrapper)\n        })\n    }\n    \n    function calculateFeaturedFieldSize (fieldsetWrapper) {\n        fieldsetWrapper\n            .closest('.hubspot-contact-form--has-featured-field')\n            .style\n            .paddingTop = fieldsetWrapper.offsetHeight + 50 + 'px';\n    }    \n\n    initForm_69f4b5969a302();\n<\/script>\n<\/div>\n<\/div>\n\n\n    <\/div>\n<\/div>\n\n\n\n<style>\n    @media only screen and (max-width: 1200px) {\n        #block_b984da5c8f99a26479e30809d89c3e71 .blogposts__container {\n            grid-template-columns: repeat(4, 1fr);\n        }\n    }\n<\/style>\n\n            <div \n            id=\"block_b984da5c8f99a26479e30809d89c3e71\" \n            class=\"blogposts blogposts--block_b984da5c8f99a26479e30809d89c3e71 \"\n        >\n            <div class=\"blogposts\">\n                <div class=\"blogposts__container post-row\">\n                    \n        <div class='post-card relative' data-index='18439'>\n            <img\n                class='post-card__image' \n                src='https:\/\/d2ris6qfzcz0wn.cloudfront.net\/wp-content\/uploads\/sites\/34\/2025\/06\/Lindstrom-PRODEM-Tukums-Latvia-daily-work-WEB-2022-53-1-1024x700.jpg' \n                alt='Arbetskl\u00e4der f\u00f6r f\u00f6retag &#8211; v\u00e4lj r\u00e4tt l\u00f6sning f\u00f6r er verksamhet' \n            \/>\n            <div class='post-card__content'>\n                <div class='post-card__categories z-20'>\n            <a\n                class='post-card__category'\n                href='https:\/\/lindstromgroup.com\/se\/category\/articles\/'\n            >\n                Artiklar\n            <\/a><\/div>\n                <div class='post-card__title'>\n                    Arbetskl\u00e4der f\u00f6r f\u00f6retag &#8211; v\u00e4lj r\u00e4tt l\u00f6sning f\u00f6r er verksamhet\n                <\/div>\n                <p class='post-card__excerpt'>\n                    V\u00e4lj r\u00e4tt l\u00f6sning f\u00f6r arbetskl\u00e4der. Vi guidar er genom smarta ink\u00f6p, cirkul\u00e4r tv\u00e4ttservice och digital plaggkontroll\n                <\/p>\n                <div class='post-card__tags z-20'>\n            <a\n                class='post-card__tag'\n                href='https:\/\/lindstromgroup.com\/se\/tag\/arbetsklader\/'\n                style='border: 1px solid ; color: ;'\n            >\n                #arbetskl\u00e4der\n            <\/a><\/div>\n            <\/div>\n            <a href='\/se\/articles\/arbetsklader-for-foretag-valj-ratt-losning-for-er-verksamhet\/' class='absolute inset-0 w-full h-full z-10'><\/a>\n        <\/div>\n    \n        <div class='post-card relative' data-index='17883'>\n            <img\n                class='post-card__image' \n                src='https:\/\/d2ris6qfzcz0wn.cloudfront.net\/wp-content\/uploads\/sites\/3\/2024\/01\/Service-representative_010_Lindstrom-1024x683.jpg' \n                alt='Lindstr\u00f6m och Comforta expanderar i Sverige med ett nytt servicecenter i G\u00f6teborg' \n            \/>\n            <div class='post-card__content'>\n                <div class='post-card__categories z-20'>\n            <a\n                class='post-card__category'\n                href='https:\/\/lindstromgroup.com\/se\/category\/articles\/'\n            >\n                Artiklar\n            <\/a><\/div>\n                <div class='post-card__title'>\n                    Lindstr\u00f6m och Comforta expanderar i Sverige med ett nytt servicecenter i G\u00f6teborg\n                <\/div>\n                <p class='post-card__excerpt'>\n                    Lindstr\u00f6m ut\u00f6kar sin verksamhet i Sverige genom att \u00f6ppna ett nytt servicecenter i G\u00f6teborg. Anl\u00e4ggningen \u00e4r utformad enligt principerna f\u00f6r cirkul\u00e4r ekonomi och utrustad med avancerad energibesparande teknik f\u00f6r att fr\u00e4mja effektiv resursanv\u00e4ndning och minska avfall.\n                <\/p>\n                <div class='post-card__tags z-20'>\n            <a\n                class='post-card__tag'\n                href='https:\/\/lindstromgroup.com\/se\/tag\/hoteltextiles\/'\n                style='border: 1px solid ; color: ;'\n            >\n                #hotelltextilier\n            <\/a>\n            <a\n                class='post-card__tag'\n                href='https:\/\/lindstromgroup.com\/se\/tag\/hallbarhet\/'\n                style='border: 1px solid ; color: ;'\n            >\n                #h\u00e5llbarhet\n            <\/a><\/div>\n            <\/div>\n            <a href='\/se\/articles\/lindstrom-och-comforta-expanderar-i-sverige-med-ett-nytt-servicecenter-i-goteborg\/' class='absolute inset-0 w-full h-full z-10'><\/a>\n        <\/div>\n    \n        <div class='post-card relative' data-index='17859'>\n            <img\n                class='post-card__image' \n                src='https:\/\/d2ris6qfzcz0wn.cloudfront.net\/wp-content\/uploads\/sites\/34\/2025\/02\/0R8A8278-1024x320.jpg' \n                alt='F\u00f6renkla hanteringen av arbetskl\u00e4der med v\u00e5r digitala l\u00f6sning' \n            \/>\n            <div class='post-card__content'>\n                <div class='post-card__categories z-20'>\n            <a\n                class='post-card__category'\n                href='https:\/\/lindstromgroup.com\/se\/category\/articles\/'\n            >\n                Artiklar\n            <\/a><\/div>\n                <div class='post-card__title'>\n                    F\u00f6renkla hanteringen av arbetskl\u00e4der med v\u00e5r digitala l\u00f6sning\n                <\/div>\n                <p class='post-card__excerpt'>\n                    Effektiv hantering av arbetskl\u00e4der med v\u00e5r digitala l\u00f6sning: komplett service fr\u00e5n leverans till underh\u00e5ll.\n                <\/p>\n                <div class='post-card__tags z-20'>\n            <a\n                class='post-card__tag'\n                href='https:\/\/lindstromgroup.com\/se\/tag\/arbetsklader\/'\n                style='border: 1px solid ; color: ;'\n            >\n                #arbetskl\u00e4der\n            <\/a>\n            <a\n                class='post-card__tag'\n                href='https:\/\/lindstromgroup.com\/se\/tag\/elindstrom\/'\n                style='border: 1px solid ; color: ;'\n            >\n                #eLindstr\u00f6m\n            <\/a>\n            <a\n                class='post-card__tag'\n                href='https:\/\/lindstromgroup.com\/se\/tag\/hallbarhet\/'\n                style='border: 1px solid ; color: ;'\n            >\n                #h\u00e5llbarhet\n            <\/a><\/div>\n            <\/div>\n            <a href='\/se\/articles\/forenkla-arbetsklader-med-en-digitalt-stodd-losning\/' class='absolute inset-0 w-full h-full z-10'><\/a>\n        <\/div>\n                    <\/div>\n                <div class=\"post-row-mobile-carousel\"><\/div>\n            <\/div>\n        <\/div>\n    ","protected":false},"excerpt":{"rendered":"","protected":false},"author":79,"featured_media":16810,"parent":16709,"menu_order":0,"template":"","meta":{"_acf_changed":false,"inline_featured_image":false,"_eb_attr":"","site-sidebar-layout":"default","site-content-layout":"","ast-site-content-layout":"default","site-content-style":"default","site-sidebar-style":"default","ast-global-header-display":"","ast-banner-title-visibility":"","ast-main-header-display":"","ast-hfb-above-header-display":"","ast-hfb-below-header-display":"","ast-hfb-mobile-header-display":"","site-post-title":"","ast-breadcrumbs-content":"","ast-featured-img":"","footer-sml-layout":"","ast-disable-related-posts":"","theme-transparent-header-meta":"","adv-header-id-meta":"","stick-header-meta":"","header-above-stick-meta":"","header-main-stick-meta":"","header-below-stick-meta":"","astra-migrate-meta-layouts":"set","ast-page-background-enabled":"default","ast-page-background-meta":{"desktop":{"background-color":"var(--ast-global-color-4)","background-image":"","background-repeat":"repeat","background-position":"center center","background-size":"auto","background-attachment":"scroll","background-type":"","background-media":"","overlay-type":"","overlay-color":"","overlay-opacity":"","overlay-gradient":""},"tablet":{"background-color":"","background-image":"","background-repeat":"repeat","background-position":"center center","background-size":"auto","background-attachment":"scroll","background-type":"","background-media":"","overlay-type":"","overlay-color":"","overlay-opacity":"","overlay-gradient":""},"mobile":{"background-color":"","background-image":"","background-repeat":"repeat","background-position":"center center","background-size":"auto","background-attachment":"scroll","background-type":"","background-media":"","overlay-type":"","overlay-color":"","overlay-opacity":"","overlay-gradient":""}},"ast-content-background-meta":{"desktop":{"background-color":"var(--ast-global-color-5)","background-image":"","background-repeat":"repeat","background-position":"center center","background-size":"auto","background-attachment":"scroll","background-type":"","background-media":"","overlay-type":"","overlay-color":"","overlay-opacity":"","overlay-gradient":""},"tablet":{"background-color":"var(--ast-global-color-5)","background-image":"","background-repeat":"repeat","background-position":"center center","background-size":"auto","background-attachment":"scroll","background-type":"","background-media":"","overlay-type":"","overlay-color":"","overlay-opacity":"","overlay-gradient":""},"mobile":{"background-color":"var(--ast-global-color-5)","background-image":"","background-repeat":"repeat","background-position":"center center","background-size":"auto","background-attachment":"scroll","background-type":"","background-media":"","overlay-type":"","overlay-color":"","overlay-opacity":"","overlay-gradient":""}}},"coauthors":[25],"class_list":["post-16829","services","type-services","status-publish","has-post-thumbnail","hentry"],"acf":[],"yoast_head":"<!-- This site is optimized with the Yoast SEO plugin v27.2 - https:\/\/yoast.com\/product\/yoast-seo-wordpress\/ -->\n<title>Arbetsm\u00f6ssor - Lindstr\u00f6m Sverige<\/title>\n<meta name=\"description\" content=\"\u00e4kra hygienen i livsmedelsf\u00f6r\u00e4dlingen med v\u00e5ra arbetsm\u00f6ssor. Skyddar produktionen mot kontaminering och h\u00e5ller h\u00e5ret p\u00e5 plats.\" \/>\n<meta name=\"robots\" content=\"noindex, follow\" \/>\n<meta property=\"og:locale\" content=\"sv_SE\" \/>\n<meta property=\"og:type\" content=\"article\" \/>\n<meta property=\"og:title\" content=\"Arbetsm\u00f6ssor - Lindstr\u00f6m Sverige\" \/>\n<meta property=\"og:description\" content=\"\u00e4kra hygienen i livsmedelsf\u00f6r\u00e4dlingen med v\u00e5ra arbetsm\u00f6ssor. Skyddar produktionen mot kontaminering och h\u00e5ller h\u00e5ret p\u00e5 plats.\" \/>\n<meta property=\"og:url\" content=\"https:\/\/lindstromgroup.com\/se\/tjanster\/arbetskladestjanst\/arbetsmossor\/\" \/>\n<meta property=\"og:site_name\" content=\"Lindstr\u00f6m Sverige\" \/>\n<meta property=\"article:modified_time\" content=\"2026-03-05T17:05:25+00:00\" \/>\n<meta property=\"og:image\" content=\"https:\/\/d2ris6qfzcz0wn.cloudfront.net\/wp-content\/uploads\/sites\/34\/2024\/06\/Atria_alyvaatevarasto_Lindstrom_Artikkeli-1400x933-1.jpg\" \/>\n\t<meta property=\"og:image:width\" content=\"1400\" \/>\n\t<meta property=\"og:image:height\" content=\"933\" \/>\n\t<meta property=\"og:image:type\" content=\"image\/jpeg\" \/>\n<meta name=\"twitter:card\" content=\"summary_large_image\" \/>\n<meta name=\"twitter:label1\" content=\"Ber\u00e4knad l\u00e4stid\" \/>\n\t<meta name=\"twitter:data1\" content=\"4 minuter\" \/>\n\t<meta name=\"twitter:label2\" content=\"Skriven av\" \/>\n\t<meta name=\"twitter:data2\" content=\"zuzananasincova\" \/>\n<script type=\"application\/ld+json\" class=\"yoast-schema-graph\">{\"@context\":\"https:\/\/schema.org\",\"@graph\":[{\"@type\":\"WebPage\",\"@id\":\"https:\/\/lindstromgroup.com\/se\/tjanster\/arbetskladestjanst\/arbetsmossor\/\",\"url\":\"https:\/\/lindstromgroup.com\/se\/tjanster\/arbetskladestjanst\/arbetsmossor\/\",\"name\":\"Arbetsm\u00f6ssor - Lindstr\u00f6m Sverige\",\"isPartOf\":{\"@id\":\"https:\/\/lindstromgroup.com\/se\/#website\"},\"primaryImageOfPage\":{\"@id\":\"https:\/\/lindstromgroup.com\/se\/tjanster\/arbetskladestjanst\/arbetsmossor\/#primaryimage\"},\"image\":{\"@id\":\"https:\/\/lindstromgroup.com\/se\/tjanster\/arbetskladestjanst\/arbetsmossor\/#primaryimage\"},\"thumbnailUrl\":\"https:\/\/d2ris6qfzcz0wn.cloudfront.net\/wp-content\/uploads\/sites\/34\/2024\/06\/Atria_alyvaatevarasto_Lindstrom_Artikkeli-1400x933-1.jpg\",\"datePublished\":\"2024-06-07T10:56:05+00:00\",\"dateModified\":\"2026-03-05T17:05:25+00:00\",\"description\":\"\u00e4kra hygienen i livsmedelsf\u00f6r\u00e4dlingen med v\u00e5ra arbetsm\u00f6ssor. Skyddar produktionen mot kontaminering och h\u00e5ller h\u00e5ret p\u00e5 plats.\",\"breadcrumb\":{\"@id\":\"https:\/\/lindstromgroup.com\/se\/tjanster\/arbetskladestjanst\/arbetsmossor\/#breadcrumb\"},\"inLanguage\":\"sv-SE\",\"potentialAction\":[{\"@type\":\"ReadAction\",\"target\":[\"https:\/\/lindstromgroup.com\/se\/tjanster\/arbetskladestjanst\/arbetsmossor\/\"]}]},{\"@type\":\"ImageObject\",\"inLanguage\":\"sv-SE\",\"@id\":\"https:\/\/lindstromgroup.com\/se\/tjanster\/arbetskladestjanst\/arbetsmossor\/#primaryimage\",\"url\":\"https:\/\/d2ris6qfzcz0wn.cloudfront.net\/wp-content\/uploads\/sites\/34\/2024\/06\/Atria_alyvaatevarasto_Lindstrom_Artikkeli-1400x933-1.jpg\",\"contentUrl\":\"https:\/\/d2ris6qfzcz0wn.cloudfront.net\/wp-content\/uploads\/sites\/34\/2024\/06\/Atria_alyvaatevarasto_Lindstrom_Artikkeli-1400x933-1.jpg\",\"width\":1400,\"height\":933},{\"@type\":\"BreadcrumbList\",\"@id\":\"https:\/\/lindstromgroup.com\/se\/tjanster\/arbetskladestjanst\/arbetsmossor\/#breadcrumb\",\"itemListElement\":[{\"@type\":\"ListItem\",\"position\":1,\"name\":\"Lindstr\u00f6m\",\"item\":\"https:\/\/lindstromgroup.com\/se\/\"},{\"@type\":\"ListItem\",\"position\":2,\"name\":\"Arbetskl\u00e4destj\u00e4nst\",\"item\":\"https:\/\/lindstromgroup.com\/se\/tjanster\/arbetskladestjanst\/\"},{\"@type\":\"ListItem\",\"position\":3,\"name\":\"Arbetsm\u00f6ssor\"}]},{\"@type\":\"WebSite\",\"@id\":\"https:\/\/lindstromgroup.com\/se\/#website\",\"url\":\"https:\/\/lindstromgroup.com\/se\/\",\"name\":\"Lindstr\u00f6m Sverige\",\"description\":\"Lindstr\u00f6m Group - Textilservice och Tv\u00e4ttservice\",\"publisher\":{\"@id\":\"https:\/\/lindstromgroup.com\/se\/#organization\"},\"potentialAction\":[{\"@type\":\"SearchAction\",\"target\":{\"@type\":\"EntryPoint\",\"urlTemplate\":\"https:\/\/lindstromgroup.com\/se\/?s={search_term_string}\"},\"query-input\":{\"@type\":\"PropertyValueSpecification\",\"valueRequired\":true,\"valueName\":\"search_term_string\"}}],\"inLanguage\":\"sv-SE\"},{\"@type\":\"Organization\",\"@id\":\"https:\/\/lindstromgroup.com\/se\/#organization\",\"name\":\"Lindstr\u00f6m Sverige\",\"url\":\"https:\/\/lindstromgroup.com\/se\/\",\"logo\":{\"@type\":\"ImageObject\",\"inLanguage\":\"sv-SE\",\"@id\":\"https:\/\/lindstromgroup.com\/se\/#\/schema\/logo\/image\/\",\"url\":\"https:\/\/d2ris6qfzcz0wn.cloudfront.net\/wp-content\/uploads\/sites\/3\/2023\/10\/Logo512.png\",\"contentUrl\":\"https:\/\/d2ris6qfzcz0wn.cloudfront.net\/wp-content\/uploads\/sites\/3\/2023\/10\/Logo512.png\",\"width\":512,\"height\":109,\"caption\":\"Lindstr\u00f6m Sverige\"},\"image\":{\"@id\":\"https:\/\/lindstromgroup.com\/se\/#\/schema\/logo\/image\/\"}}]}<\/script>\n<!-- \/ Yoast SEO plugin. -->","yoast_head_json":{"title":"Arbetsm\u00f6ssor - Lindstr\u00f6m Sverige","description":"\u00e4kra hygienen i livsmedelsf\u00f6r\u00e4dlingen med v\u00e5ra arbetsm\u00f6ssor. Skyddar produktionen mot kontaminering och h\u00e5ller h\u00e5ret p\u00e5 plats.","robots":{"index":"noindex","follow":"follow"},"og_locale":"sv_SE","og_type":"article","og_title":"Arbetsm\u00f6ssor - Lindstr\u00f6m Sverige","og_description":"\u00e4kra hygienen i livsmedelsf\u00f6r\u00e4dlingen med v\u00e5ra arbetsm\u00f6ssor. Skyddar produktionen mot kontaminering och h\u00e5ller h\u00e5ret p\u00e5 plats.","og_url":"https:\/\/lindstromgroup.com\/se\/tjanster\/arbetskladestjanst\/arbetsmossor\/","og_site_name":"Lindstr\u00f6m Sverige","article_modified_time":"2026-03-05T17:05:25+00:00","og_image":[{"width":1400,"height":933,"url":"https:\/\/d2ris6qfzcz0wn.cloudfront.net\/wp-content\/uploads\/sites\/34\/2024\/06\/Atria_alyvaatevarasto_Lindstrom_Artikkeli-1400x933-1.jpg","type":"image\/jpeg"}],"twitter_card":"summary_large_image","twitter_misc":{"Ber\u00e4knad l\u00e4stid":"4 minuter","Skriven av":"zuzananasincova"},"schema":{"@context":"https:\/\/schema.org","@graph":[{"@type":"WebPage","@id":"https:\/\/lindstromgroup.com\/se\/tjanster\/arbetskladestjanst\/arbetsmossor\/","url":"https:\/\/lindstromgroup.com\/se\/tjanster\/arbetskladestjanst\/arbetsmossor\/","name":"Arbetsm\u00f6ssor - Lindstr\u00f6m Sverige","isPartOf":{"@id":"https:\/\/lindstromgroup.com\/se\/#website"},"primaryImageOfPage":{"@id":"https:\/\/lindstromgroup.com\/se\/tjanster\/arbetskladestjanst\/arbetsmossor\/#primaryimage"},"image":{"@id":"https:\/\/lindstromgroup.com\/se\/tjanster\/arbetskladestjanst\/arbetsmossor\/#primaryimage"},"thumbnailUrl":"https:\/\/d2ris6qfzcz0wn.cloudfront.net\/wp-content\/uploads\/sites\/34\/2024\/06\/Atria_alyvaatevarasto_Lindstrom_Artikkeli-1400x933-1.jpg","datePublished":"2024-06-07T10:56:05+00:00","dateModified":"2026-03-05T17:05:25+00:00","description":"\u00e4kra hygienen i livsmedelsf\u00f6r\u00e4dlingen med v\u00e5ra arbetsm\u00f6ssor. Skyddar produktionen mot kontaminering och h\u00e5ller h\u00e5ret p\u00e5 plats.","breadcrumb":{"@id":"https:\/\/lindstromgroup.com\/se\/tjanster\/arbetskladestjanst\/arbetsmossor\/#breadcrumb"},"inLanguage":"sv-SE","potentialAction":[{"@type":"ReadAction","target":["https:\/\/lindstromgroup.com\/se\/tjanster\/arbetskladestjanst\/arbetsmossor\/"]}]},{"@type":"ImageObject","inLanguage":"sv-SE","@id":"https:\/\/lindstromgroup.com\/se\/tjanster\/arbetskladestjanst\/arbetsmossor\/#primaryimage","url":"https:\/\/d2ris6qfzcz0wn.cloudfront.net\/wp-content\/uploads\/sites\/34\/2024\/06\/Atria_alyvaatevarasto_Lindstrom_Artikkeli-1400x933-1.jpg","contentUrl":"https:\/\/d2ris6qfzcz0wn.cloudfront.net\/wp-content\/uploads\/sites\/34\/2024\/06\/Atria_alyvaatevarasto_Lindstrom_Artikkeli-1400x933-1.jpg","width":1400,"height":933},{"@type":"BreadcrumbList","@id":"https:\/\/lindstromgroup.com\/se\/tjanster\/arbetskladestjanst\/arbetsmossor\/#breadcrumb","itemListElement":[{"@type":"ListItem","position":1,"name":"Lindstr\u00f6m","item":"https:\/\/lindstromgroup.com\/se\/"},{"@type":"ListItem","position":2,"name":"Arbetskl\u00e4destj\u00e4nst","item":"https:\/\/lindstromgroup.com\/se\/tjanster\/arbetskladestjanst\/"},{"@type":"ListItem","position":3,"name":"Arbetsm\u00f6ssor"}]},{"@type":"WebSite","@id":"https:\/\/lindstromgroup.com\/se\/#website","url":"https:\/\/lindstromgroup.com\/se\/","name":"Lindstr\u00f6m Sverige","description":"Lindstr\u00f6m Group - Textilservice och Tv\u00e4ttservice","publisher":{"@id":"https:\/\/lindstromgroup.com\/se\/#organization"},"potentialAction":[{"@type":"SearchAction","target":{"@type":"EntryPoint","urlTemplate":"https:\/\/lindstromgroup.com\/se\/?s={search_term_string}"},"query-input":{"@type":"PropertyValueSpecification","valueRequired":true,"valueName":"search_term_string"}}],"inLanguage":"sv-SE"},{"@type":"Organization","@id":"https:\/\/lindstromgroup.com\/se\/#organization","name":"Lindstr\u00f6m Sverige","url":"https:\/\/lindstromgroup.com\/se\/","logo":{"@type":"ImageObject","inLanguage":"sv-SE","@id":"https:\/\/lindstromgroup.com\/se\/#\/schema\/logo\/image\/","url":"https:\/\/d2ris6qfzcz0wn.cloudfront.net\/wp-content\/uploads\/sites\/3\/2023\/10\/Logo512.png","contentUrl":"https:\/\/d2ris6qfzcz0wn.cloudfront.net\/wp-content\/uploads\/sites\/3\/2023\/10\/Logo512.png","width":512,"height":109,"caption":"Lindstr\u00f6m Sverige"},"image":{"@id":"https:\/\/lindstromgroup.com\/se\/#\/schema\/logo\/image\/"}}]}},"publishpress_future_workflow_manual_trigger":{"enabledWorkflows":[]},"distributor_meta":false,"distributor_terms":false,"distributor_media":false,"distributor_original_site_name":"Lindstr\u00f6m Sverige","distributor_original_site_url":"https:\/\/lindstromgroup.com\/se","push-errors":false,"_links":{"self":[{"href":"https:\/\/lindstromgroup.com\/se\/wp-json\/wp\/v2\/services\/16829","targetHints":{"allow":["GET"]}}],"collection":[{"href":"https:\/\/lindstromgroup.com\/se\/wp-json\/wp\/v2\/services"}],"about":[{"href":"https:\/\/lindstromgroup.com\/se\/wp-json\/wp\/v2\/types\/services"}],"author":[{"embeddable":true,"href":"https:\/\/lindstromgroup.com\/se\/wp-json\/wp\/v2\/users\/79"}],"up":[{"embeddable":true,"href":"https:\/\/lindstromgroup.com\/se\/wp-json\/wp\/v2\/services\/16709"}],"wp:featuredmedia":[{"embeddable":true,"href":"https:\/\/lindstromgroup.com\/se\/wp-json\/wp\/v2\/media\/16810"}],"wp:attachment":[{"href":"https:\/\/lindstromgroup.com\/se\/wp-json\/wp\/v2\/media?parent=16829"}],"wp:term":[{"taxonomy":"author","embeddable":true,"href":"https:\/\/lindstromgroup.com\/se\/wp-json\/wp\/v2\/coauthors?post=16829"}],"curies":[{"name":"wp","href":"https:\/\/api.w.org\/{rel}","templated":true}]}}