
    {"id":17943,"date":"2025-06-30T12:22:50","date_gmt":"2025-06-30T12:22:50","guid":{"rendered":"https:\/\/lindstromgroup.com\/se\/?page_id=17943"},"modified":"2025-08-07T13:45:34","modified_gmt":"2025-08-07T13:45:34","slug":"prodem","status":"publish","type":"page","link":"https:\/\/lindstromgroup.com\/se\/prodem\/","title":{"rendered":"PRODEM: produktion efter behov"},"content":{"rendered":"\n            <div id=\"hero-block_4afd464343ee9422e8a3ae1f18c3d462\" class=\"hero\">\n            <div class=\"hero-container\" style=\"flex-direction: row\">\n                <div class=\"hero__content\">\n                    <div class=\"content__text\" style=\"background-color: #006f86\">\n                        <div class=\"content__text-inner\">\n                            <div class=\"text__title\">\n                                <h2>PRODEM: PROduction on DEMand<\/h2>                            <\/div>\n                            <div class=\"text__description\">Vi designar arbetskl\u00e4der f\u00f6r en l\u00e5ng livsl\u00e4ngd och tillverkar dem med precision. Vi tillverkar arbetskl\u00e4der p\u00e5 best\u00e4llning, bara f\u00f6r er<\/div>\n                                                    <\/div>\n                    <\/div>\n                                    <\/div>\n\n                <div class=\"hero__image-wrap\">\n                    <img decoding=\"async\" class=\"hero__image skip-lazy\" src=\"https:\/\/d2ris6qfzcz0wn.cloudfront.net\/wp-content\/uploads\/sites\/34\/2025\/06\/PRODEM_workwear_factory_Latvia_0015-1024x683.jpg\" alt=\"Vi designar arbetskl\u00e4der f\u00f6r en l\u00e5ng livsl\u00e4ngd och tillverkar dem med precision. Vi tillverkar arbetskl\u00e4der p\u00e5 best\u00e4llning, bara f\u00f6r er\" \/>\n                <\/div>\n                \n                            <\/div>\n        <\/div>\n    \n\n\n        <style>\n            .lindstrom-container--block_485a8ba6a91ce649a96f0f03e2b21464 {                \n                padding-top: 35px;\n                padding-bottom: 35px;\n            }\n\n            @media screen and (min-width: 768px) {\n                .lindstrom-container--block_485a8ba6a91ce649a96f0f03e2b21464 {\n                    padding-top: 75px;\n                    padding-bottom: 75px;\n                }\n            }\n        <\/style>\n    \n<div\n    class=\"lindstrom-container-wrapper lindstrom-container lindstrom-container--block_485a8ba6a91ce649a96f0f03e2b21464 \"\n    id=\"block_485a8ba6a91ce649a96f0f03e2b21464\"\n    style=\"background-color: #ffffff\"\n    >\n    <div class=\"lindstrom-container lindstrom-container--content items-stretch\">\n        \n\n        <div\n        id=\"block_b2bda1cf6a3284f4118ed6d8b694119d\" \n        class=\"anchor-link anchor-link--block_b2bda1cf6a3284f4118ed6d8b694119d \"\n        >\n            <div class=\"anchor-links__navbar lindstrom-container lindstrom-container--content has-scrolling-gradient\">\n                <ul>\n                                        <li class=\"navbar__item\">\n                        <a \n                            href=\"#Prodem\" \n                            onMouseOver=\"this.style.color='#006f86'\" \n                            onMouseOut=\"this.style.color='var(--color-grey-50)'\">\n                                Vad \u00e4r PRODEM?                        <\/a>\n                    <\/li>\n                                        <li class=\"navbar__item\">\n                        <a \n                            href=\"#Figures\" \n                            onMouseOver=\"this.style.color='#006f86'\" \n                            onMouseOut=\"this.style.color='var(--color-grey-50)'\">\n                                PRODEM i siffror                        <\/a>\n                    <\/li>\n                                        <li class=\"navbar__item\">\n                        <a \n                            href=\"#How\" \n                            onMouseOver=\"this.style.color='#006f86'\" \n                            onMouseOut=\"this.style.color='var(--color-grey-50)'\">\n                                Hur fungerar det?                        <\/a>\n                    <\/li>\n                                        <li class=\"navbar__item\">\n                        <a \n                            href=\"#Where\" \n                            onMouseOver=\"this.style.color='#006f86'\" \n                            onMouseOut=\"this.style.color='var(--color-grey-50)'\">\n                                Var finns PRODEM?                        <\/a>\n                    <\/li>\n                                        <li class=\"navbar__item\">\n                        <a \n                            href=\"#Sustainability\" \n                            onMouseOver=\"this.style.color='#006f86'\" \n                            onMouseOut=\"this.style.color='var(--color-grey-50)'\">\n                                H\u00e5llbarhet                        <\/a>\n                    <\/li>\n                                        <li class=\"navbar__item\">\n                        <a \n                            href=\"#Articles\" \n                            onMouseOver=\"this.style.color='#006f86'\" \n                            onMouseOut=\"this.style.color='var(--color-grey-50)'\">\n                                Mer om PRODEM                        <\/a>\n                    <\/li>\n                                    <\/ul>\n            <\/div>\n        <\/div>\n    \n\n\n            <div \n            id=\"sustainability-at-Lindstrom\" \n            class=\"cta\"\n            style=\"justify-content: center; \n    margin-top:150px; \n    margin-bottom:20px; \"\n        >\n            <div class=\"cta__content\">\n                <div class=\"cta__title\" style=\"text-align: center\">\n                    N\u00e4r du beh\u00f6ver dem, var du beh\u00f6ver dem                <\/div>\n                <div \n                    class=\"cta__description cta__description--small\" \n                    style=\"color:#003F72; text-align: center\"\n                >\n                    <h2>Arbetskl\u00e4der tillverkade on-demand<\/h2>                <\/div>\n                                    <div class=\"cta__subdescription\" style=\"text-align: center\">\n                        <p data-start=\"245\" data-end=\"344\">P\u00e5 Lindstr\u00f6m har vi slutat med massproduktion som leder till lager av os\u00e5lda plagg. Vi tillverkar bara det du beh\u00f6ver, n\u00e4r du beh\u00f6ver det, h\u00e4r i Europa. Det minskar inte bara svinnet drastiskt, utan l\u00e5ter oss \u00e4ven fokusera p\u00e5 kvalitet, h\u00e5llbarhet och snabba leveranser.<\/p>\n                    <\/div>\n                                            <\/div>\n        <\/div>\n    \n\n    <\/div>\n<\/div>\n\n\n\n<div style=\"height:0px\" aria-hidden=\"true\" id=\"goals-targets-results\" class=\"wp-block-spacer\"><\/div>\n\n\n\n        <style>\n            .lindstrom-container--block_be6b96bfb5b7aabcb8e5c2bd71b31d9e {                \n                padding-top: 0px;\n                padding-bottom: 0px;\n            }\n\n            @media screen and (min-width: 768px) {\n                .lindstrom-container--block_be6b96bfb5b7aabcb8e5c2bd71b31d9e {\n                    padding-top: 0px;\n                    padding-bottom: 0px;\n                }\n            }\n        <\/style>\n    \n<div\n    class=\"lindstrom-container-wrapper lindstrom-container lindstrom-container--block_be6b96bfb5b7aabcb8e5c2bd71b31d9e \"\n    id=\"block_be6b96bfb5b7aabcb8e5c2bd71b31d9e\"\n    style=\"background-color: #ffffff\"\n    >\n    <div class=\"lindstrom-container lindstrom-container--content items-stretch\">\n        \n\n<div class=\"wp-block-columns is-layout-flex wp-container-core-columns-is-layout-28f84493 wp-block-columns-is-layout-flex\">\n<div class=\"wp-block-column is-layout-flow wp-block-column-is-layout-flow\">\n<div class=\"wp-block-columns is-layout-flex wp-container-core-columns-is-layout-28f84493 wp-block-columns-is-layout-flex\">\n<div class=\"wp-block-column is-layout-flow wp-block-column-is-layout-flow\">\n<figure class=\"wp-block-image size-large is-resized\"><img decoding=\"async\" width=\"1024\" height=\"683\" src=\"https:\/\/d2ris6qfzcz0wn.cloudfront.net\/wp-content\/uploads\/sites\/34\/2025\/06\/DSC02155-1-1024x683.jpg\" alt=\"PRODEM\" class=\"wp-image-17948\" style=\"object-fit:cover;width:600px;height:400px\" srcset=\"https:\/\/d2ris6qfzcz0wn.cloudfront.net\/wp-content\/uploads\/sites\/34\/2025\/06\/DSC02155-1-1024x683.jpg 1024w, https:\/\/d2ris6qfzcz0wn.cloudfront.net\/wp-content\/uploads\/sites\/34\/2025\/06\/DSC02155-1-300x200.jpg 300w, https:\/\/d2ris6qfzcz0wn.cloudfront.net\/wp-content\/uploads\/sites\/34\/2025\/06\/DSC02155-1-768x512.jpg 768w, https:\/\/d2ris6qfzcz0wn.cloudfront.net\/wp-content\/uploads\/sites\/34\/2025\/06\/DSC02155-1.jpg 1500w\" sizes=\"(max-width: 1024px) 100vw, 1024px\" \/><\/figure>\n<\/div>\n\n\n\n<div class=\"wp-block-column is-vertically-aligned-center is-layout-flow wp-block-column-is-layout-flow\">\n<figure class=\"wp-block-image size-large is-resized is-style-default\"><img decoding=\"async\" width=\"1024\" height=\"700\" src=\"https:\/\/d2ris6qfzcz0wn.cloudfront.net\/wp-content\/uploads\/sites\/34\/2025\/06\/Lindstrom-PRODEM-Tukums-Latvia-daily-work-WEB-2022-53-1-1024x700.jpg\" alt=\"Produktion p\u00e5 efterfr\u00e5gan\" class=\"wp-image-17947\" style=\"object-fit:cover;width:600px;height:400px\" srcset=\"https:\/\/d2ris6qfzcz0wn.cloudfront.net\/wp-content\/uploads\/sites\/34\/2025\/06\/Lindstrom-PRODEM-Tukums-Latvia-daily-work-WEB-2022-53-1-1024x700.jpg 1024w, https:\/\/d2ris6qfzcz0wn.cloudfront.net\/wp-content\/uploads\/sites\/34\/2025\/06\/Lindstrom-PRODEM-Tukums-Latvia-daily-work-WEB-2022-53-1-300x205.jpg 300w, https:\/\/d2ris6qfzcz0wn.cloudfront.net\/wp-content\/uploads\/sites\/34\/2025\/06\/Lindstrom-PRODEM-Tukums-Latvia-daily-work-WEB-2022-53-1-768x525.jpg 768w, https:\/\/d2ris6qfzcz0wn.cloudfront.net\/wp-content\/uploads\/sites\/34\/2025\/06\/Lindstrom-PRODEM-Tukums-Latvia-daily-work-WEB-2022-53-1.jpg 1499w\" sizes=\"(max-width: 1024px) 100vw, 1024px\" \/><\/figure>\n<\/div>\n\n\n\n<div class=\"wp-block-column is-layout-flow wp-block-column-is-layout-flow\">\n<figure class=\"wp-block-image size-large is-resized\"><img decoding=\"async\" width=\"1024\" height=\"684\" src=\"https:\/\/d2ris6qfzcz0wn.cloudfront.net\/wp-content\/uploads\/sites\/34\/2025\/06\/Prodem-Latvia-factory-2020-3-2-1024x684.jpg\" alt=\"Prodem produktion p\u00e5 efterfr\u00e5gan\" class=\"wp-image-17946\" style=\"object-fit:cover;width:600px;height:400px\" srcset=\"https:\/\/d2ris6qfzcz0wn.cloudfront.net\/wp-content\/uploads\/sites\/34\/2025\/06\/Prodem-Latvia-factory-2020-3-2-1024x684.jpg 1024w, https:\/\/d2ris6qfzcz0wn.cloudfront.net\/wp-content\/uploads\/sites\/34\/2025\/06\/Prodem-Latvia-factory-2020-3-2-300x200.jpg 300w, https:\/\/d2ris6qfzcz0wn.cloudfront.net\/wp-content\/uploads\/sites\/34\/2025\/06\/Prodem-Latvia-factory-2020-3-2-768x513.jpg 768w, https:\/\/d2ris6qfzcz0wn.cloudfront.net\/wp-content\/uploads\/sites\/34\/2025\/06\/Prodem-Latvia-factory-2020-3-2.jpg 1499w\" sizes=\"(max-width: 1024px) 100vw, 1024px\" \/><\/figure>\n<\/div>\n<\/div>\n<\/div>\n<\/div>\n\n\n    <\/div>\n<\/div>\n\n\n\n        <style>\n            .lindstrom-container--block_485a8ba6a91ce649a96f0f03e2b21464 {                \n                padding-top: 35px;\n                padding-bottom: 35px;\n            }\n\n            @media screen and (min-width: 768px) {\n                .lindstrom-container--block_485a8ba6a91ce649a96f0f03e2b21464 {\n                    padding-top: 75px;\n                    padding-bottom: 75px;\n                }\n            }\n        <\/style>\n    \n<div\n    class=\"lindstrom-container-wrapper lindstrom-container lindstrom-container--block_485a8ba6a91ce649a96f0f03e2b21464 \"\n    id=\"block_485a8ba6a91ce649a96f0f03e2b21464\"\n    style=\"background-color: #ffffff\"\n    >\n    <div class=\"lindstrom-container lindstrom-container--content items-stretch\">\n        \n\n            <div \n            id=\"Prodem\" \n            class=\"cta\"\n            style=\"justify-content: center; \n    margin-top:80px; \n    margin-bottom:0px; \"\n        >\n            <div class=\"cta__content\">\n                <div class=\"cta__title\" style=\"text-align: center\">\n                                    <\/div>\n                <div \n                    class=\"cta__description cta__description--small\" \n                    style=\"color:#003F72; text-align: center\"\n                >\n                    <h2>Vad \u00e4r PRODEM?<\/h2>                <\/div>\n                                    <div class=\"cta__subdescription\" style=\"text-align: center\">\n                        <p data-start=\"322\" data-end=\"454\">PRODEM \u00e4r Lindstr\u00f6ms egen produktionsmodell f\u00f6r arbetskl\u00e4der. Ist\u00e4llet f\u00f6r att producera stora m\u00e4ngder baserat p\u00e5 prognoser tillverkar vi kl\u00e4der endast efter att vi mottagit bekr\u00e4ftade best\u00e4llningar. Det inneb\u00e4r att inga extra plagg ligger i lager och inga resurser sl\u00f6sas bort. V\u00e5r produktion f\u00f6ljer principerna f\u00f6r lean manufacturing, d\u00e4r varje steg \u00e4r utformat f\u00f6r effektivitet, noggrannhet och flexibilitet.<\/p>\n                    <\/div>\n                                            <\/div>\n        <\/div>\n    \n\n\n<div style=\"height:41px\" aria-hidden=\"true\" class=\"wp-block-spacer\"><\/div>\n\n\n\n        <style>\n            .lindstrom-container--block_3b6dcb94362790a9f18ec04e93a506df {                \n                padding-top: 35px;\n                padding-bottom: 35px;\n            }\n\n            @media screen and (min-width: 768px) {\n                .lindstrom-container--block_3b6dcb94362790a9f18ec04e93a506df {\n                    padding-top: 75px;\n                    padding-bottom: 75px;\n                }\n            }\n        <\/style>\n    \n<div\n    class=\"lindstrom-container-wrapper lindstrom-container lindstrom-container--block_3b6dcb94362790a9f18ec04e93a506df \"\n    id=\"block_3b6dcb94362790a9f18ec04e93a506df\"\n    style=\"background-color: #f4f4f4\"\n    >\n    <div class=\"lindstrom-container lindstrom-container--content items-stretch\">\n        \n\n            <div \n            id=\"How\" \n            class=\"cta\"\n            style=\"justify-content: center; \n    margin-top:50px; \n    margin-bottom:50px; \"\n        >\n            <div class=\"cta__content\">\n                <div class=\"cta__title\" style=\"text-align: center\">\n                    Smidig, snabb och flexibel                <\/div>\n                <div \n                    class=\"cta__description cta__description--medium\" \n                    style=\"color:#003F72; text-align: center\"\n                >\n                    <h2>Vad PRODEM inneb\u00e4r f\u00f6r dig<\/h2>                <\/div>\n                                    <div class=\"cta__subdescription\" style=\"text-align: center\">\n                        <p>Genom att tillverka arbetskl\u00e4der p\u00e5 best\u00e4llning kan vi m\u00f6ta dina behov med flexibilitet och f\u00f6rminskar milj\u00f6p\u00e5verkan. N\u00e4r en kundorder kommer in, d\u00e5 signalerar det en produktionsstart i n\u00e4rmaste PRODEM-anl\u00e4ggning.<\/p>\n                    <\/div>\n                                            <\/div>\n        <\/div>\n    \n\n\n        <div \n        id=\"block_66a3dd5fd9741ea667028c8c5dd11096\" \n        class=\"info-cards info-cards--block_66a3dd5fd9741ea667028c8c5dd11096 \"\n    >\n        <div class=\"grid\">\n            <div \n                class=\"grid gap-5 info-cards__grid\"\n                style=\"grid-template-columns: repeat(4, 1fr);\"\n            >\n                            <div class=\"info-cards__item\" style=\"background-color: #ffffff\">\n                                            <img decoding=\"async\" \n                            class=\"!h-[250px] object-cover w-full\" \n                            src=\"https:\/\/d2ris6qfzcz0wn.cloudfront.net\/wp-content\/uploads\/sites\/34\/2025\/06\/Untitled-design-15.jpg\"\n                            alt=\"Alltid snabba\" \n                        \/>\n                                        <div class=\"flex flex-col p-5 gap-5 rounded-b-[5px]\" style=\"background-color: #ffffff\">\n                        <div class=\"flex flex-col gap-4\">\n                            <h3 class=\"text-title-small font-bold !no-underline !mb-0\" style=\"color: #003f72\">\n                                Alltid snabba                            <\/h3>\n                            <div class=\"!text-body-small info-card__description\" style=\"color: #003f72\">\n                                <p>Med oss slipper du v\u00e4nta! Vi sk\u00f6ter snabba leveranser f\u00f6r b\u00e5de stora och sm\u00e5 best\u00e4llningar. Det inneb\u00e4r att dina medarbetare alltid f\u00e5r r\u00e4tt plagg i tid.<\/p>\n                            <\/div>\n                                                                                <\/div>\n                    <\/div>\n                <\/div>\n                            <div class=\"info-cards__item\" style=\"background-color: #ffffff\">\n                                            <img decoding=\"async\" \n                            class=\"!h-[250px] object-cover w-full\" \n                            src=\"https:\/\/d2ris6qfzcz0wn.cloudfront.net\/wp-content\/uploads\/sites\/34\/2025\/06\/Untitled-design-16.jpg\"\n                            alt=\"Exakt det du beh\u00f6ver\" \n                        \/>\n                                        <div class=\"flex flex-col p-5 gap-5 rounded-b-[5px]\" style=\"background-color: #ffffff\">\n                        <div class=\"flex flex-col gap-4\">\n                            <h3 class=\"text-title-small font-bold !no-underline !mb-0\" style=\"color: #003f72\">\n                                Exakt det du beh\u00f6ver                            <\/h3>\n                            <div class=\"!text-body-small info-card__description\" style=\"color: #003f72\">\n                                <p>Eftersom vi endast producerar det som best\u00e4lls slipper du lagerkostnader. Du f\u00e5r p\u00e5litliga leveranser till ett f\u00f6ruts\u00e4gbart pris.<\/p>\n                            <\/div>\n                                                                                <\/div>\n                    <\/div>\n                <\/div>\n                            <div class=\"info-cards__item\" style=\"background-color: #ffffff\">\n                                            <img decoding=\"async\" \n                            class=\"!h-[250px] object-cover w-full\" \n                            src=\"https:\/\/d2ris6qfzcz0wn.cloudfront.net\/wp-content\/uploads\/sites\/34\/2025\/06\/Untitled-design-17.jpg\"\n                            alt=\"Ett dedikerat team\" \n                        \/>\n                                        <div class=\"flex flex-col p-5 gap-5 rounded-b-[5px]\" style=\"background-color: #ffffff\">\n                        <div class=\"flex flex-col gap-4\">\n                            <h3 class=\"text-title-small font-bold !no-underline !mb-0\" style=\"color: #003f72\">\n                                Ett dedikerat team                            <\/h3>\n                            <div class=\"!text-body-small info-card__description\" style=\"color: #003f72\">\n                                <p data-start=\"825\" data-end=\"963\">V\u00e5ra team arbetar i sm\u00e5 grupper och \u00e4r utbildade f\u00f6r att hantera flera produktionssteg. Det s\u00e4kerst\u00e4ller att varje plagg tillverkas med exceptionell omsorg och precision<\/p>\n                            <\/div>\n                                                                                <\/div>\n                    <\/div>\n                <\/div>\n                            <div class=\"info-cards__item\" style=\"background-color: #ffffff\">\n                                            <img decoding=\"async\" \n                            class=\"!h-[250px] object-cover w-full\" \n                            src=\"https:\/\/d2ris6qfzcz0wn.cloudfront.net\/wp-content\/uploads\/sites\/34\/2025\/06\/Untitled-design-18.jpg\"\n                            alt=\"Kvalitet som h\u00e5ller\" \n                        \/>\n                                        <div class=\"flex flex-col p-5 gap-5 rounded-b-[5px]\" style=\"background-color: #ffffff\">\n                        <div class=\"flex flex-col gap-4\">\n                            <h3 class=\"text-title-small font-bold !no-underline !mb-0\" style=\"color: #003f72\">\n                                Kvalitet som h\u00e5ller                            <\/h3>\n                            <div class=\"!text-body-small info-card__description\" style=\"color: #003f72\">\n                                <p>Varje best\u00e4llning produceras och kontrolleras noggrant enligt strikta kvalitetsstandarder. Resultatet \u00e4r h\u00e5llbara arbetskl\u00e4der som klarar daglig anv\u00e4ndning.<\/p>\n                            <\/div>\n                                                                                <\/div>\n                    <\/div>\n                <\/div>\n                        <\/div>\n        <\/div>\n    <\/div>\n    \n\n    <\/div>\n<\/div>\n\n\n\n            <div \n            id=\"cta-block_324380e208dba9346c58da2548af6f89\" \n            class=\"cta\"\n            style=\"justify-content: center; \n    margin-top:20px; \n    margin-bottom:px; \"\n        >\n            <div class=\"cta__content\">\n                <div class=\"cta__title\" style=\"text-align: center\">\n                                    <\/div>\n                <div \n                    class=\"cta__description cta__description--small\" \n                    style=\"color:#003F72; text-align: center\"\n                >\n                    <h3>PRODEM i siffror (2024)<\/h3>                <\/div>\n                                    <div class=\"cta__subdescription\" style=\"text-align: center\">\n                        <p>\u00c5r 2024 var den genomsnittliga orderkvantiteten 4,6 st\/best\u00e4llning, och vi levererade arbetskl\u00e4desplagg p\u00e5 totalt 5\u20137 dagar.<\/p>\n                    <\/div>\n                                            <\/div>\n        <\/div>\n    \n\n\n    <div \n        id=\"statistics-block_25efbea1d143520153ca6d5e31c21413\" \n        class=\"statistics\">\n        <div id=\"statistics\">\n            <div class=\"statistics__container\">\n                                <div class=\"statistic__content\" style=\"border-top: 5px solid #ca005d; color: #ca005d\">\n                        <div class=\"statistic__number\">405<\/div>\n                        <div class=\"statistic__description\">Anst\u00e4llda<\/div>\n                    <\/div>\n                                        <div class=\"statistic__content\" style=\"border-top: 5px solid #ca005d; color: #ca005d\">\n                        <div class=\"statistic__number\">3<\/div>\n                        <div class=\"statistic__description\">Fabriker<\/div>\n                    <\/div>\n                                        <div class=\"statistic__content\" style=\"border-top: 5px solid #ca005d; color: #ca005d\">\n                        <div class=\"statistic__number\">715320<\/div>\n                        <div class=\"statistic__description\">Producerade plagg<\/div>\n                    <\/div>\n                                        <div class=\"statistic__content\" style=\"border-top: 5px solid #ca005d; color: #ca005d\">\n                        <div class=\"statistic__number\">100<\/div>\n                        <div class=\"statistic__description\">% F\u00f6rnybar energi anv\u00e4nds<\/div>\n                    <\/div>\n                                            <\/div>\n        <\/div>\n    <\/div>\n\n\n\n<div aria-hidden=\"true\" class=\"wp-block-fsb-flexible-spacer fsb-flexible-spacer\"><div class=\"fsb-flexible-spacer__device fsb-flexible-spacer__device--lg\" style=\"height:80px\"><\/div><div class=\"fsb-flexible-spacer__device fsb-flexible-spacer__device--md\" style=\"height:80px\"><\/div><div class=\"fsb-flexible-spacer__device fsb-flexible-spacer__device--sm\" style=\"height:79px\"><\/div><\/div>\n\n\n    <\/div>\n<\/div>\n\n\n\n        <style>\n            .lindstrom-container--block_255e1379dec55de0bf135ff1fed06603 {                \n                padding-top: 35px;\n                padding-bottom: 35px;\n            }\n\n            @media screen and (min-width: 768px) {\n                .lindstrom-container--block_255e1379dec55de0bf135ff1fed06603 {\n                    padding-top: 20px;\n                    padding-bottom: 75px;\n                }\n            }\n        <\/style>\n    \n<div\n    class=\"lindstrom-container-wrapper lindstrom-container lindstrom-container--block_255e1379dec55de0bf135ff1fed06603 \"\n    id=\"block_255e1379dec55de0bf135ff1fed06603\"\n    style=\"background-color: #ffffff\"\n    >\n    <div class=\"lindstrom-container lindstrom-container--content items-stretch\">\n        \n\n            <div \n            id=\"Where\" \n            class=\"cta\"\n            style=\"justify-content: center; \n    margin-top:75px; \n    margin-bottom:50px; \"\n        >\n            <div class=\"cta__content\">\n                <div class=\"cta__title\" style=\"text-align: center\">\n                    3 produktionsanl\u00e4ggningar                <\/div>\n                <div \n                    class=\"cta__description cta__description--small\" \n                    style=\"color:#003F72; text-align: center\"\n                >\n                    <h2>N\u00e4ra dig<\/h2>                <\/div>\n                                    <div class=\"cta__subdescription\" style=\"text-align: center\">\n                        <p>Vi driver f\u00f6r n\u00e4rvarande PRODEM-fabriker i Lettland, Ungern och Indien. Varje anl\u00e4ggning betj\u00e4nar sin n\u00e4rregion, vilket g\u00f6r att vi kan leverera snabbt och h\u00e5lla transportstr\u00e4ckorna \u2013 och utsl\u00e4ppen \u2013 korta.<\/p>\n<p>&nbsp;<\/p>\n<p>&nbsp;<\/p>\n<h3>PRODEM Lettland<\/h3>\n<p>&nbsp;<\/p>\n<p data-start=\"274\" data-end=\"450\">Sedan 2017 har v\u00e5r lettiska anl\u00e4ggning servat norra Europa med snabb och effektiv service. Tack vare l\u00e4get n\u00e4ra kunderna \u00e4r leveranstiderna korta och transportutsl\u00e4ppen l\u00e5ga.<\/p>\n<blockquote data-start=\"452\" data-end=\"860\">\n<p data-start=\"454\" data-end=\"800\"><em>\u201dV\u00e5r fabrik \u00e4r unik. Vi \u00e4r specialiserade p\u00e5 snabb produktion av sm\u00e5 serier och klarar sn\u00e4va tidsramar med imponerande effektivitet. I traditionell konfektions\u00adproduktion ligger ledtiderna ofta p\u00e5 40 \u2013 60, ibland 100 dagar, och orderstorlekarna r\u00e4knas i hundra- eller tusental. P\u00e5 PRODEM g\u00e5r det betydligt fortare: vi pratar bara n\u00e5gra dagar.\u201d<\/em><\/p>\n<p data-start=\"808\" data-end=\"860\"><strong data-start=\"808\" data-end=\"860\">Gusts Dzenis, Managing Director, PRODEM Lettland<\/strong><\/p>\n<\/blockquote>\n<h3><\/h3>\n<p>&nbsp;<\/p>\n<h3>PRODEM Ungern<\/h3>\n<p>&nbsp;<\/p>\n<p data-start=\"888\" data-end=\"1132\">V\u00e5r strategi f\u00f6r tillverkning av arbetskl\u00e4der etablerades i Ungern 2019, genom ombyggnad av en befintlig fabrik och utbildning av teamet enligt PRODEM-konceptet. I dag f\u00f6rser anl\u00e4ggningen Lindstr\u00f6ms kunder i Centraleuropa och Syd\u00f6stra Europa.<\/p>\n<blockquote data-start=\"1134\" data-end=\"1456\">\n<p data-start=\"1136\" data-end=\"1395\"><em>\u201dAtt kl\u00e4dproduktion bara kan ske till acceptabla priser i l\u00e4nder med extremt l\u00e5ga l\u00f6nekostnader och d\u00e5liga arbets\u00adf\u00f6rh\u00e5llanden st\u00e4mmer inte l\u00e4ngre. Fokuset skiftar mot plagg av h\u00f6gre kvalitet som tillverkas effektivt och h\u00e5llbart i moderna arbetsmilj\u00f6er.\u201d<\/em><\/p>\n<p data-start=\"1403\" data-end=\"1456\"><strong data-start=\"1403\" data-end=\"1456\">Zsolt Keresztes, Managing Director, PRODEM Ungern<\/strong><\/p>\n<\/blockquote>\n<blockquote><p>&nbsp;<\/p><\/blockquote>\n<h3>PRODEM Indien<\/h3>\n<p>&nbsp;<\/p>\n<p data-start=\"1484\" data-end=\"1571\">V\u00e5r toppmoderna fabrik i Mumbai \u00f6ppnade 2018 och betj\u00e4nar Lindstr\u00f6ms kunder i Indien.<\/p>\n<blockquote data-start=\"1573\" data-end=\"1889\">\n<p data-start=\"1575\" data-end=\"1844\"><em>\u201dV\u00e5r produktionsmodell \u00e4r utformad f\u00f6r att leverera plagg av h\u00f6g kvalitet med korta ledtider \u2013 vilket eliminerar lager av f\u00e4rdiga plagg. V\u00e5ra flexibla och effektiva processer st\u00f6djer Lindstr\u00f6ms dynamiska supply-chain-modell och v\u00e5ra milj\u00f6- och verksamhetsstrategier.\u201d<\/em><\/p>\n<p data-start=\"1852\" data-end=\"1889\"><strong data-start=\"1852\" data-end=\"1889\">Mehul Sahu, Head of PRODEM Indien<\/strong><\/p>\n<\/blockquote>\n                    <\/div>\n                                            <\/div>\n        <\/div>\n    \n\n\n<figure class=\"wp-block-image aligncenter size-large\"><img decoding=\"async\" width=\"1024\" height=\"724\" src=\"https:\/\/d2ris6qfzcz0wn.cloudfront.net\/wp-content\/uploads\/sites\/34\/2025\/06\/Lindstrom_grafiikkaa.pdf-1-1024x724.jpg\" alt=\"PRODEM i Lettland, Ungern och Indien\" class=\"wp-image-17959\" srcset=\"https:\/\/d2ris6qfzcz0wn.cloudfront.net\/wp-content\/uploads\/sites\/34\/2025\/06\/Lindstrom_grafiikkaa.pdf-1-1024x724.jpg 1024w, https:\/\/d2ris6qfzcz0wn.cloudfront.net\/wp-content\/uploads\/sites\/34\/2025\/06\/Lindstrom_grafiikkaa.pdf-1-300x212.jpg 300w, https:\/\/d2ris6qfzcz0wn.cloudfront.net\/wp-content\/uploads\/sites\/34\/2025\/06\/Lindstrom_grafiikkaa.pdf-1-768x543.jpg 768w, https:\/\/d2ris6qfzcz0wn.cloudfront.net\/wp-content\/uploads\/sites\/34\/2025\/06\/Lindstrom_grafiikkaa.pdf-1-1536x1086.jpg 1536w, https:\/\/d2ris6qfzcz0wn.cloudfront.net\/wp-content\/uploads\/sites\/34\/2025\/06\/Lindstrom_grafiikkaa.pdf-1.jpg 2000w\" sizes=\"(max-width: 1024px) 100vw, 1024px\" \/><\/figure>\n\n\n\n            <div \n            id=\"cta-block_e50ab9c484732c88f8b229b4c8a083d3\" \n            class=\"cta\"\n            style=\"justify-content: center; \n    margin-top:40px; \n    margin-bottom:10px; \"\n        >\n            <div class=\"cta__content\">\n                <div class=\"cta__title\" style=\"text-align: center\">\n                                    <\/div>\n                <div \n                    class=\"cta__description cta__description--small\" \n                    style=\"color:#003F72; text-align: center\"\n                >\n                    <h3>En inblick in v\u00e5r produktion i Lettland<\/h3>                <\/div>\n                                            <\/div>\n        <\/div>\n    \n\n\n<figure class=\"wp-block-embed is-type-video is-provider-youtube wp-block-embed-youtube wp-embed-aspect-16-9 wp-has-aspect-ratio\" style=\"margin-top:var(--wp--preset--spacing--30);margin-right:var(--wp--preset--spacing--80);margin-bottom:var(--wp--preset--spacing--30);margin-left:var(--wp--preset--spacing--80)\"><div class=\"wp-block-embed__wrapper\">\n<iframe loading=\"lazy\" title=\"Producing workwear based on customers needs - Lindstr\u00f6m Group Prodem\" width=\"500\" height=\"281\" src=\"https:\/\/www.youtube.com\/embed\/wsrbwo4UYvw?feature=oembed&#038;enablejsapi=1&#038;origin=https:\/\/lindstromgroup.com\" frameborder=\"0\" allow=\"accelerometer; autoplay; clipboard-write; encrypted-media; gyroscope; picture-in-picture; web-share\" referrerpolicy=\"strict-origin-when-cross-origin\" allowfullscreen><\/iframe>\n<\/div><\/figure>\n\n\n    <\/div>\n<\/div>\n\n\n\n        <style>\n            .lindstrom-container--block_c885ab87bbb7ad4eddcc9421d60001a5 {                \n                padding-top: 35px;\n                padding-bottom: 35px;\n            }\n\n            @media screen and (min-width: 768px) {\n                .lindstrom-container--block_c885ab87bbb7ad4eddcc9421d60001a5 {\n                    padding-top: 75px;\n                    padding-bottom: 75px;\n                }\n            }\n        <\/style>\n    \n<div\n    class=\"lindstrom-container-wrapper lindstrom-container lindstrom-container--block_c885ab87bbb7ad4eddcc9421d60001a5 \"\n    id=\"block_c885ab87bbb7ad4eddcc9421d60001a5\"\n    style=\"background-color: #ffffff\"\n    >\n    <div class=\"lindstrom-container lindstrom-container--content items-center\">\n        \n\n        <style>\n            .lindstrom-container--block_9b2c8834796d108fe067745ef98119c0 {                \n                padding-top: 35px;\n                padding-bottom: 35px;\n            }\n\n            @media screen and (min-width: 768px) {\n                .lindstrom-container--block_9b2c8834796d108fe067745ef98119c0 {\n                    padding-top: 40px;\n                    padding-bottom: 75px;\n                }\n            }\n        <\/style>\n    \n<div\n    class=\"lindstrom-container-wrapper lindstrom-container lindstrom-container--block_9b2c8834796d108fe067745ef98119c0 \"\n    id=\"block_9b2c8834796d108fe067745ef98119c0\"\n    style=\"background-color: #f4f4f4\"\n    >\n    <div class=\"lindstrom-container lindstrom-container--content items-stretch\">\n        \n\n            <div \n            id=\"Sustainability\" \n            class=\"cta\"\n            style=\"justify-content: center; \n    margin-top:50px; \n    margin-bottom:50px; \"\n        >\n            <div class=\"cta__content\">\n                <div class=\"cta__title\" style=\"text-align: center\">\n                    H\u00e5llbarhet fr\u00e5n b\u00f6rjan till slut                <\/div>\n                <div \n                    class=\"cta__description cta__description--small\" \n                    style=\"color:#003F72; text-align: center\"\n                >\n                    <h2>H\u00e5llbarhet genom hela produktionskedjan<\/h2>                <\/div>\n                                    <div class=\"cta__subdescription\" style=\"text-align: center\">\n                        <p>PRODEM \u00e4r mer \u00e4n bara en effektiv produktionsmodell, det \u00e4r v\u00e5rt svar p\u00e5 textilindustrins h\u00e5llbarhetsutmaningar. Genom att enbart producera efter behov undviker vi \u00f6verproduktion och avfall. Detta \u00e4r ett effektivt s\u00e4tt att eliminera risken f\u00f6r textila \u00f6verskott i lager. Varje steg, fr\u00e5n ink\u00f6p av h\u00e5llbara och certifierade material till \u00e5tervinning av produktionsspill, \u00e4r utformat f\u00f6r att minska v\u00e5rt klimatavtrytryck.<\/p>\n                    <\/div>\n                                            <\/div>\n        <\/div>\n    \n\n\n        <div \n        id=\"block_daa154876b1c833c49d4a3c32fb4e893\" \n        class=\"info-cards info-cards--block_daa154876b1c833c49d4a3c32fb4e893 \"\n    >\n        <div class=\"grid\">\n            <div \n                class=\"grid gap-5 info-cards__grid\"\n                style=\"grid-template-columns: repeat(4, 1fr);\"\n            >\n                            <div class=\"info-cards__item\" style=\"background-color: #ffffff\">\n                                        <div class=\"flex flex-col p-5 gap-5 rounded-b-[5px]\" style=\"background-color: #ffffff\">\n                        <div class=\"flex flex-col gap-4\">\n                            <h3 class=\"text-title-small font-bold !no-underline !mb-0\" style=\"color: #003f72\">\n                                Ingen \u00f6verproduktion                            <\/h3>\n                            <div class=\"!text-body-small info-card__description\" style=\"color: #003f72\">\n                                <p data-start=\"3802\" data-end=\"3887\">Vi producerar kl\u00e4der efter behov och minskar d\u00e4rmed lager och avfall. Genom lean-metoder inspirerade av Toyotas produktionssystem minskar vi ocks\u00e5 resursanv\u00e4ndningen i processen.<\/p>\n                            <\/div>\n                                                                                <\/div>\n                    <\/div>\n                <\/div>\n                            <div class=\"info-cards__item\" style=\"background-color: #ffffff\">\n                                        <div class=\"flex flex-col p-5 gap-5 rounded-b-[5px]\" style=\"background-color: #ffffff\">\n                        <div class=\"flex flex-col gap-4\">\n                            <h3 class=\"text-title-small font-bold !no-underline !mb-0\" style=\"color: #003f72\">\n                                Material\u00e5tervinning                            <\/h3>\n                            <div class=\"!text-body-small info-card__description\" style=\"color: #003f72\">\n                                <p data-start=\"3915\" data-end=\"4139\">Under produktionen samlas tygspill och rester in f\u00f6r \u00e5tervinning. V\u00e5ra p\u00e5litliga samarbetspartners, SK-Tex i Slovakien och Texool Refashion i Indien, tar hand om \u00e4ven komplexa material.<\/p>\n                            <\/div>\n                                                                                <\/div>\n                    <\/div>\n                <\/div>\n                            <div class=\"info-cards__item\" style=\"background-color: #ffffff\">\n                                        <div class=\"flex flex-col p-5 gap-5 rounded-b-[5px]\" style=\"background-color: #ffffff\">\n                        <div class=\"flex flex-col gap-4\">\n                            <h3 class=\"text-title-small font-bold !no-underline !mb-0\" style=\"color: #003f72\">\n                                H\u00e5llbara material                            <\/h3>\n                            <div class=\"!text-body-small info-card__description\" style=\"color: #003f72\">\n                                <p data-start=\"4165\" data-end=\"4313\">Vi anv\u00e4nder h\u00f6gkvalitativa tyger som klarar daglig anv\u00e4ndning. F\u00e4rre utbyten beh\u00f6vs och reparationer prioriteras, vilket f\u00f6rl\u00e4nger plaggets livsl\u00e4ngd och minskar textilavfall.<\/p>\n                            <\/div>\n                                                                                <\/div>\n                    <\/div>\n                <\/div>\n                            <div class=\"info-cards__item\" style=\"background-color: #ffffff\">\n                                        <div class=\"flex flex-col p-5 gap-5 rounded-b-[5px]\" style=\"background-color: #ffffff\">\n                        <div class=\"flex flex-col gap-4\">\n                            <h3 class=\"text-title-small font-bold !no-underline !mb-0\" style=\"color: #003f72\">\n                                F\u00f6rnybar energi                            <\/h3>\n                            <div class=\"!text-body-small info-card__description\" style=\"color: #003f72\">\n                                <p data-start=\"4338\" data-end=\"4613\">Alla PRODEM-fabriker anv\u00e4nder nu 100 % f\u00f6rnybar el. 25 % genereras av v\u00e5ra egna solpaneler och resten best\u00e5r av certifierad gr\u00f6n energi, vilket hj\u00e4lper oss att n\u00e5 v\u00e5ra klimatm\u00e5l.<\/p>\n                            <\/div>\n                                                                                <\/div>\n                    <\/div>\n                <\/div>\n                        <\/div>\n        <\/div>\n    <\/div>\n    \n\n    <\/div>\n<\/div>\n\n\n\n<div aria-hidden=\"true\" class=\"wp-block-fsb-flexible-spacer fsb-flexible-spacer\"><div class=\"fsb-flexible-spacer__device fsb-flexible-spacer__device--lg\" style=\"height:80px\"><\/div><div class=\"fsb-flexible-spacer__device fsb-flexible-spacer__device--md\" style=\"height:80px\"><\/div><div class=\"fsb-flexible-spacer__device fsb-flexible-spacer__device--sm\" style=\"height:79px\"><\/div><\/div>\n\n\n\n<figure class=\"wp-block-image aligncenter size-full size-large\"><img decoding=\"async\" width=\"1920\" height=\"1080\" src=\"https:\/\/d2ris6qfzcz0wn.cloudfront.net\/wp-content\/uploads\/sites\/34\/2025\/06\/ZeroBurden_EN1_V1.pdf.jpg\" alt=\"Cirkul\u00e4r ekonomi p\u00e5 Lindstr\u00f6m\" class=\"wp-image-17956\" srcset=\"https:\/\/d2ris6qfzcz0wn.cloudfront.net\/wp-content\/uploads\/sites\/34\/2025\/06\/ZeroBurden_EN1_V1.pdf.jpg 1920w, https:\/\/d2ris6qfzcz0wn.cloudfront.net\/wp-content\/uploads\/sites\/34\/2025\/06\/ZeroBurden_EN1_V1.pdf-300x169.jpg 300w, https:\/\/d2ris6qfzcz0wn.cloudfront.net\/wp-content\/uploads\/sites\/34\/2025\/06\/ZeroBurden_EN1_V1.pdf-1024x576.jpg 1024w, https:\/\/d2ris6qfzcz0wn.cloudfront.net\/wp-content\/uploads\/sites\/34\/2025\/06\/ZeroBurden_EN1_V1.pdf-768x432.jpg 768w, https:\/\/d2ris6qfzcz0wn.cloudfront.net\/wp-content\/uploads\/sites\/34\/2025\/06\/ZeroBurden_EN1_V1.pdf-1536x864.jpg 1536w\" sizes=\"(max-width: 1920px) 100vw, 1920px\" \/><\/figure>\n\n\n\n<div style=\"height:41px\" aria-hidden=\"true\" class=\"wp-block-spacer\"><\/div>\n\n\n\n        <style>\n            .lindstrom-container--block_f63a8bb4990b163247b517be359ab81b {                \n                padding-top: 35px;\n                padding-bottom: 35px;\n            }\n\n            @media screen and (min-width: 768px) {\n                .lindstrom-container--block_f63a8bb4990b163247b517be359ab81b {\n                    padding-top: 40px;\n                    padding-bottom: 75px;\n                }\n            }\n        <\/style>\n    \n<div\n    class=\"lindstrom-container-wrapper lindstrom-container lindstrom-container--block_f63a8bb4990b163247b517be359ab81b \"\n    id=\"block_f63a8bb4990b163247b517be359ab81b\"\n    style=\"background-color: #f2f2f2\"\n    >\n    <div class=\"lindstrom-container lindstrom-container--content items-stretch\">\n        \n\n            <div \n            id=\"Sustainability\" \n            class=\"cta\"\n            style=\"justify-content: center; \n    margin-top:150px; \n    margin-bottom:50px; \"\n        >\n            <div class=\"cta__content\">\n                <div class=\"cta__title\" style=\"text-align: center\">\n                    Vi \u00e4r inte klara \u00e4n!                <\/div>\n                <div \n                    class=\"cta__description cta__description--small\" \n                    style=\"color:#003F72; text-align: center\"\n                >\n                    <h2>PRODEM 2.0<\/h2>                <\/div>\n                                    <div class=\"cta__subdescription\" style=\"text-align: center\">\n                        <p data-start=\"0\" data-end=\"477\">Vi utvecklar st\u00e4ndigt PRODEM f\u00f6r att g\u00f6ra v\u00e5ra processer enklare, effektivare och mer framtidss\u00e4kra. Detta inneb\u00e4r att vi standardiserar designer f\u00f6r att snabba p\u00e5 produktionen, anv\u00e4nder automation i utvalda produktionssteg, testar hur robotar, AI och 3D-verktyg kan hj\u00e4lpa oss, och s\u00e4kerst\u00e4ller att v\u00e5ra medarbetare har r\u00e4tt kompetens i takt med att tekniken utvecklas. Vill du f\u00f6lja med p\u00e5 v\u00e5r resa mot en mer cirkul\u00e4r design av arbetskl\u00e4der?<\/p>\n                    <\/div>\n                                            <\/div>\n        <\/div>\n    \n\n\n<figure class=\"wp-block-image aligncenter size-large is-resized\"><img decoding=\"async\" src=\"https:\/\/lindstromgroup.com\/wp-content\/uploads\/2025\/06\/Lindstrom_illustration_management_V01-1.svg\" alt=\"Sustainability in textiles \" class=\"wp-image-24023\" style=\"width:1032px;height:auto\"\/><\/figure>\n\n\n    <\/div>\n<\/div>\n\n\n\n            <div \n            id=\"Articles\" \n            class=\"cta\"\n            style=\"justify-content: center; \n    margin-top:150px; \n    margin-bottom:50px; \"\n        >\n            <div class=\"cta__content\">\n                <div class=\"cta__title\" style=\"text-align: center\">\n                    Nyfiken att l\u00e4sa mer om PRODEM?                <\/div>\n                <div \n                    class=\"cta__description cta__description--medium\" \n                    style=\"color:#003F72; text-align: center\"\n                >\n                    <h2>Mer om PRODEM<\/h2>                <\/div>\n                                                    <div class=\"cta__buttons\" style=\"justify-content: center\">\n                                                <div class=\"cta__button\">\n                                <a href=\"https:\/\/lindstromgroup.com\/?s=prodem\">\n                                    Nyheter om PRODEM (p\u00e5 engelska)                                <\/a>\n                            <\/div>\n                                                                <\/div>\n                            <\/div>\n        <\/div>\n    \n\n    <\/div>\n<\/div>\n\n\n\n<div style=\"height:0px\" aria-hidden=\"true\" id=\"circular-business-model\" class=\"wp-block-spacer\"><\/div>\n\n\n\n<div style=\"height:0px\" aria-hidden=\"true\" class=\"wp-block-spacer\"><\/div>\n\n\n\n<div class=\"wp-block-columns is-layout-flex wp-container-core-columns-is-layout-28f84493 wp-block-columns-is-layout-flex\">\n<div class=\"wp-block-column is-layout-flow wp-block-column-is-layout-flow\" style=\"flex-basis:25%\"><\/div>\n\n\n\n<div class=\"wp-block-column is-layout-flow wp-block-column-is-layout-flow\" style=\"flex-basis:50%\">\n    <div \n        id=\"cta-with-image-block_920b27cf1437f957ee630e7ae2211655\" \n        class=\"cta-with-image\"\n    >\n        <div class=\"cta__content\" style=\"color: #222222; background-color: #ffffff\">\n            <div class=\"content__title\">Arbetskl\u00e4der f\u00f6r just din business.<\/div>\n            <div class=\"content__description\">Att hyra arbetskl\u00e4der \u00e4r smart f\u00f6r b\u00e5de ditt f\u00f6retag och klimatet. <\/div>\n            <div class=\"content__button-links\">\n                                    <div class=\"button-link\">\n                        <a \n                            href=\"https:\/\/lindstromgroup.com\/se\/tjanster\/arbetskladestjanst\/\" \n                            style=\"background-color: #e52330; color: #FFFFFF; border: 2px solid \"\n                        >\n                            L\u00e4s mer!                        <\/a>\n                    <\/div>\n                            <\/div>\n        <\/div>\n        <div class=\"cta__image\"><img decoding=\"async\" src=\"https:\/\/d2ris6qfzcz0wn.cloudfront.net\/wp-content\/uploads\/sites\/34\/2024\/09\/006_Lindstrom_hotel_final_hires-1-1024x683.jpg\" alt=\"\" \/><\/div>\n    <\/div>\n<\/div>\n\n\n\n<div class=\"wp-block-column is-layout-flow wp-block-column-is-layout-flow\" style=\"flex-basis:25%\"><\/div>\n<\/div>\n","protected":false},"excerpt":{"rendered":"","protected":false},"author":14,"featured_media":17944,"parent":0,"menu_order":0,"comment_status":"closed","ping_status":"closed","template":"","meta":{"_acf_changed":true,"inline_featured_image":false,"_eb_attr":"","site-sidebar-layout":"default","site-content-layout":"default","ast-site-content-layout":"default","site-content-style":"default","site-sidebar-style":"default","ast-global-header-display":"","ast-banner-title-visibility":"","ast-main-header-display":"","ast-hfb-above-header-display":"","ast-hfb-below-header-display":"","ast-hfb-mobile-header-display":"","site-post-title":"disabled","ast-breadcrumbs-content":"","ast-featured-img":"","footer-sml-layout":"","ast-disable-related-posts":"","theme-transparent-header-meta":"","adv-header-id-meta":"","stick-header-meta":"","header-above-stick-meta":"","header-main-stick-meta":"","header-below-stick-meta":"","astra-migrate-meta-layouts":"default","ast-page-background-enabled":"default","ast-page-background-meta":{"desktop":{"background-color":"var(--ast-global-color-4)","background-image":"","background-repeat":"repeat","background-position":"center center","background-size":"auto","background-attachment":"scroll","background-type":"","background-media":"","overlay-type":"","overlay-color":"","overlay-opacity":"","overlay-gradient":""},"tablet":{"background-color":"","background-image":"","background-repeat":"repeat","background-position":"center center","background-size":"auto","background-attachment":"scroll","background-type":"","background-media":"","overlay-type":"","overlay-color":"","overlay-opacity":"","overlay-gradient":""},"mobile":{"background-color":"","background-image":"","background-repeat":"repeat","background-position":"center center","background-size":"auto","background-attachment":"scroll","background-type":"","background-media":"","overlay-type":"","overlay-color":"","overlay-opacity":"","overlay-gradient":""}},"ast-content-background-meta":{"desktop":{"background-color":"var(--ast-global-color-5)","background-image":"","background-repeat":"repeat","background-position":"center center","background-size":"auto","background-attachment":"scroll","background-type":"","background-media":"","overlay-type":"","overlay-color":"","overlay-opacity":"","overlay-gradient":""},"tablet":{"background-color":"var(--ast-global-color-5)","background-image":"","background-repeat":"repeat","background-position":"center center","background-size":"auto","background-attachment":"scroll","background-type":"","background-media":"","overlay-type":"","overlay-color":"","overlay-opacity":"","overlay-gradient":""},"mobile":{"background-color":"var(--ast-global-color-5)","background-image":"","background-repeat":"repeat","background-position":"center center","background-size":"auto","background-attachment":"scroll","background-type":"","background-media":"","overlay-type":"","overlay-color":"","overlay-opacity":"","overlay-gradient":""}},"footnotes":""},"coauthors":[20],"class_list":["post-17943","page","type-page","status-publish","has-post-thumbnail","hentry"],"acf":[],"yoast_head":"<!-- This site is optimized with the Yoast SEO plugin v27.2 - https:\/\/yoast.com\/product\/yoast-seo-wordpress\/ -->\n<title>PRODEM: produktion efter behov - Lindstr\u00f6m Sverige<\/title>\n<meta name=\"description\" content=\"Uppt\u00e4ck PRODEM \u2013 Lindstr\u00f6ms producent av arbetskl\u00e4der p\u00e5 best\u00e4llning. Vi tillverkar plagg av h\u00f6g kvalitet enbart vid behov, vilket minskar avfall och utsl\u00e4pp.\" \/>\n<meta name=\"robots\" content=\"index, follow, max-snippet:-1, max-image-preview:large, max-video-preview:-1\" \/>\n<meta property=\"og:locale\" content=\"sv_SE\" \/>\n<meta property=\"og:type\" content=\"article\" \/>\n<meta property=\"og:title\" content=\"PRODEM: produktion efter behov - Lindstr\u00f6m Sverige\" \/>\n<meta property=\"og:description\" content=\"Uppt\u00e4ck PRODEM \u2013 Lindstr\u00f6ms producent av arbetskl\u00e4der p\u00e5 best\u00e4llning. Vi tillverkar plagg av h\u00f6g kvalitet enbart vid behov, vilket minskar avfall och utsl\u00e4pp.\" \/>\n<meta property=\"og:url\" content=\"https:\/\/lindstromgroup.com\/se\/prodem\/\" \/>\n<meta property=\"og:site_name\" content=\"Lindstr\u00f6m Sverige\" \/>\n<meta property=\"article:modified_time\" content=\"2025-08-07T13:45:34+00:00\" \/>\n<meta property=\"og:image\" content=\"https:\/\/d2ris6qfzcz0wn.cloudfront.net\/wp-content\/uploads\/sites\/34\/2025\/06\/PRODEM_workwear_factory_Latvia_0015.jpg\" \/>\n\t<meta property=\"og:image:width\" content=\"1500\" \/>\n\t<meta property=\"og:image:height\" content=\"1000\" \/>\n\t<meta property=\"og:image:type\" content=\"image\/jpeg\" \/>\n<meta name=\"twitter:card\" content=\"summary_large_image\" \/>\n<meta name=\"twitter:label1\" content=\"Ber\u00e4knad l\u00e4stid\" \/>\n\t<meta name=\"twitter:data1\" content=\"3 minuter\" \/>\n\t<meta name=\"twitter:label2\" content=\"Skriven av\" \/>\n\t<meta name=\"twitter:data2\" content=\"Lindstr\u00f6m Group\" \/>\n<script type=\"application\/ld+json\" class=\"yoast-schema-graph\">{\"@context\":\"https:\/\/schema.org\",\"@graph\":[{\"@type\":\"WebPage\",\"@id\":\"https:\/\/lindstromgroup.com\/se\/prodem\/\",\"url\":\"https:\/\/lindstromgroup.com\/se\/prodem\/\",\"name\":\"PRODEM: produktion efter behov - Lindstr\u00f6m Sverige\",\"isPartOf\":{\"@id\":\"https:\/\/lindstromgroup.com\/se\/#website\"},\"primaryImageOfPage\":{\"@id\":\"https:\/\/lindstromgroup.com\/se\/prodem\/#primaryimage\"},\"image\":{\"@id\":\"https:\/\/lindstromgroup.com\/se\/prodem\/#primaryimage\"},\"thumbnailUrl\":\"https:\/\/d2ris6qfzcz0wn.cloudfront.net\/wp-content\/uploads\/sites\/34\/2025\/06\/PRODEM_workwear_factory_Latvia_0015.jpg\",\"datePublished\":\"2025-06-30T12:22:50+00:00\",\"dateModified\":\"2025-08-07T13:45:34+00:00\",\"description\":\"Uppt\u00e4ck PRODEM \u2013 Lindstr\u00f6ms producent av arbetskl\u00e4der p\u00e5 best\u00e4llning. Vi tillverkar plagg av h\u00f6g kvalitet enbart vid behov, vilket minskar avfall och utsl\u00e4pp.\",\"breadcrumb\":{\"@id\":\"https:\/\/lindstromgroup.com\/se\/prodem\/#breadcrumb\"},\"inLanguage\":\"sv-SE\",\"potentialAction\":[{\"@type\":\"ReadAction\",\"target\":[\"https:\/\/lindstromgroup.com\/se\/prodem\/\"]}]},{\"@type\":\"ImageObject\",\"inLanguage\":\"sv-SE\",\"@id\":\"https:\/\/lindstromgroup.com\/se\/prodem\/#primaryimage\",\"url\":\"https:\/\/d2ris6qfzcz0wn.cloudfront.net\/wp-content\/uploads\/sites\/34\/2025\/06\/PRODEM_workwear_factory_Latvia_0015.jpg\",\"contentUrl\":\"https:\/\/d2ris6qfzcz0wn.cloudfront.net\/wp-content\/uploads\/sites\/34\/2025\/06\/PRODEM_workwear_factory_Latvia_0015.jpg\",\"width\":1500,\"height\":1000,\"caption\":\"Prodem means production on demand\"},{\"@type\":\"BreadcrumbList\",\"@id\":\"https:\/\/lindstromgroup.com\/se\/prodem\/#breadcrumb\",\"itemListElement\":[{\"@type\":\"ListItem\",\"position\":1,\"name\":\"Lindstr\u00f6m\",\"item\":\"https:\/\/lindstromgroup.com\/se\/\"},{\"@type\":\"ListItem\",\"position\":2,\"name\":\"PRODEM: produktion efter behov\"}]},{\"@type\":\"WebSite\",\"@id\":\"https:\/\/lindstromgroup.com\/se\/#website\",\"url\":\"https:\/\/lindstromgroup.com\/se\/\",\"name\":\"Lindstr\u00f6m Sverige\",\"description\":\"Lindstr\u00f6m Group - Textilservice och Tv\u00e4ttservice\",\"publisher\":{\"@id\":\"https:\/\/lindstromgroup.com\/se\/#organization\"},\"potentialAction\":[{\"@type\":\"SearchAction\",\"target\":{\"@type\":\"EntryPoint\",\"urlTemplate\":\"https:\/\/lindstromgroup.com\/se\/?s={search_term_string}\"},\"query-input\":{\"@type\":\"PropertyValueSpecification\",\"valueRequired\":true,\"valueName\":\"search_term_string\"}}],\"inLanguage\":\"sv-SE\"},{\"@type\":\"Organization\",\"@id\":\"https:\/\/lindstromgroup.com\/se\/#organization\",\"name\":\"Lindstr\u00f6m Sverige\",\"url\":\"https:\/\/lindstromgroup.com\/se\/\",\"logo\":{\"@type\":\"ImageObject\",\"inLanguage\":\"sv-SE\",\"@id\":\"https:\/\/lindstromgroup.com\/se\/#\/schema\/logo\/image\/\",\"url\":\"https:\/\/d2ris6qfzcz0wn.cloudfront.net\/wp-content\/uploads\/sites\/3\/2023\/10\/Logo512.png\",\"contentUrl\":\"https:\/\/d2ris6qfzcz0wn.cloudfront.net\/wp-content\/uploads\/sites\/3\/2023\/10\/Logo512.png\",\"width\":512,\"height\":109,\"caption\":\"Lindstr\u00f6m Sverige\"},\"image\":{\"@id\":\"https:\/\/lindstromgroup.com\/se\/#\/schema\/logo\/image\/\"}}]}<\/script>\n<!-- \/ Yoast SEO plugin. -->","yoast_head_json":{"title":"PRODEM: produktion efter behov - Lindstr\u00f6m Sverige","description":"Uppt\u00e4ck PRODEM \u2013 Lindstr\u00f6ms producent av arbetskl\u00e4der p\u00e5 best\u00e4llning. Vi tillverkar plagg av h\u00f6g kvalitet enbart vid behov, vilket minskar avfall och utsl\u00e4pp.","robots":{"index":"index","follow":"follow","max-snippet":"max-snippet:-1","max-image-preview":"max-image-preview:large","max-video-preview":"max-video-preview:-1"},"og_locale":"sv_SE","og_type":"article","og_title":"PRODEM: produktion efter behov - Lindstr\u00f6m Sverige","og_description":"Uppt\u00e4ck PRODEM \u2013 Lindstr\u00f6ms producent av arbetskl\u00e4der p\u00e5 best\u00e4llning. Vi tillverkar plagg av h\u00f6g kvalitet enbart vid behov, vilket minskar avfall och utsl\u00e4pp.","og_url":"https:\/\/lindstromgroup.com\/se\/prodem\/","og_site_name":"Lindstr\u00f6m Sverige","article_modified_time":"2025-08-07T13:45:34+00:00","og_image":[{"width":1500,"height":1000,"url":"https:\/\/d2ris6qfzcz0wn.cloudfront.net\/wp-content\/uploads\/sites\/34\/2025\/06\/PRODEM_workwear_factory_Latvia_0015.jpg","type":"image\/jpeg"}],"twitter_card":"summary_large_image","twitter_misc":{"Ber\u00e4knad l\u00e4stid":"3 minuter","Skriven av":"Lindstr\u00f6m Group"},"schema":{"@context":"https:\/\/schema.org","@graph":[{"@type":"WebPage","@id":"https:\/\/lindstromgroup.com\/se\/prodem\/","url":"https:\/\/lindstromgroup.com\/se\/prodem\/","name":"PRODEM: produktion efter behov - Lindstr\u00f6m Sverige","isPartOf":{"@id":"https:\/\/lindstromgroup.com\/se\/#website"},"primaryImageOfPage":{"@id":"https:\/\/lindstromgroup.com\/se\/prodem\/#primaryimage"},"image":{"@id":"https:\/\/lindstromgroup.com\/se\/prodem\/#primaryimage"},"thumbnailUrl":"https:\/\/d2ris6qfzcz0wn.cloudfront.net\/wp-content\/uploads\/sites\/34\/2025\/06\/PRODEM_workwear_factory_Latvia_0015.jpg","datePublished":"2025-06-30T12:22:50+00:00","dateModified":"2025-08-07T13:45:34+00:00","description":"Uppt\u00e4ck PRODEM \u2013 Lindstr\u00f6ms producent av arbetskl\u00e4der p\u00e5 best\u00e4llning. Vi tillverkar plagg av h\u00f6g kvalitet enbart vid behov, vilket minskar avfall och utsl\u00e4pp.","breadcrumb":{"@id":"https:\/\/lindstromgroup.com\/se\/prodem\/#breadcrumb"},"inLanguage":"sv-SE","potentialAction":[{"@type":"ReadAction","target":["https:\/\/lindstromgroup.com\/se\/prodem\/"]}]},{"@type":"ImageObject","inLanguage":"sv-SE","@id":"https:\/\/lindstromgroup.com\/se\/prodem\/#primaryimage","url":"https:\/\/d2ris6qfzcz0wn.cloudfront.net\/wp-content\/uploads\/sites\/34\/2025\/06\/PRODEM_workwear_factory_Latvia_0015.jpg","contentUrl":"https:\/\/d2ris6qfzcz0wn.cloudfront.net\/wp-content\/uploads\/sites\/34\/2025\/06\/PRODEM_workwear_factory_Latvia_0015.jpg","width":1500,"height":1000,"caption":"Prodem means production on demand"},{"@type":"BreadcrumbList","@id":"https:\/\/lindstromgroup.com\/se\/prodem\/#breadcrumb","itemListElement":[{"@type":"ListItem","position":1,"name":"Lindstr\u00f6m","item":"https:\/\/lindstromgroup.com\/se\/"},{"@type":"ListItem","position":2,"name":"PRODEM: produktion efter behov"}]},{"@type":"WebSite","@id":"https:\/\/lindstromgroup.com\/se\/#website","url":"https:\/\/lindstromgroup.com\/se\/","name":"Lindstr\u00f6m Sverige","description":"Lindstr\u00f6m Group - Textilservice och Tv\u00e4ttservice","publisher":{"@id":"https:\/\/lindstromgroup.com\/se\/#organization"},"potentialAction":[{"@type":"SearchAction","target":{"@type":"EntryPoint","urlTemplate":"https:\/\/lindstromgroup.com\/se\/?s={search_term_string}"},"query-input":{"@type":"PropertyValueSpecification","valueRequired":true,"valueName":"search_term_string"}}],"inLanguage":"sv-SE"},{"@type":"Organization","@id":"https:\/\/lindstromgroup.com\/se\/#organization","name":"Lindstr\u00f6m Sverige","url":"https:\/\/lindstromgroup.com\/se\/","logo":{"@type":"ImageObject","inLanguage":"sv-SE","@id":"https:\/\/lindstromgroup.com\/se\/#\/schema\/logo\/image\/","url":"https:\/\/d2ris6qfzcz0wn.cloudfront.net\/wp-content\/uploads\/sites\/3\/2023\/10\/Logo512.png","contentUrl":"https:\/\/d2ris6qfzcz0wn.cloudfront.net\/wp-content\/uploads\/sites\/3\/2023\/10\/Logo512.png","width":512,"height":109,"caption":"Lindstr\u00f6m Sverige"},"image":{"@id":"https:\/\/lindstromgroup.com\/se\/#\/schema\/logo\/image\/"}}]}},"publishpress_future_workflow_manual_trigger":{"enabledWorkflows":[]},"distributor_meta":false,"distributor_terms":false,"distributor_media":false,"distributor_original_site_name":"Lindstr\u00f6m Sverige","distributor_original_site_url":"https:\/\/lindstromgroup.com\/se","push-errors":false,"_links":{"self":[{"href":"https:\/\/lindstromgroup.com\/se\/wp-json\/wp\/v2\/pages\/17943","targetHints":{"allow":["GET"]}}],"collection":[{"href":"https:\/\/lindstromgroup.com\/se\/wp-json\/wp\/v2\/pages"}],"about":[{"href":"https:\/\/lindstromgroup.com\/se\/wp-json\/wp\/v2\/types\/page"}],"author":[{"embeddable":true,"href":"https:\/\/lindstromgroup.com\/se\/wp-json\/wp\/v2\/users\/14"}],"replies":[{"embeddable":true,"href":"https:\/\/lindstromgroup.com\/se\/wp-json\/wp\/v2\/comments?post=17943"}],"version-history":[{"count":0,"href":"https:\/\/lindstromgroup.com\/se\/wp-json\/wp\/v2\/pages\/17943\/revisions"}],"wp:featuredmedia":[{"embeddable":true,"href":"https:\/\/lindstromgroup.com\/se\/wp-json\/wp\/v2\/media\/17944"}],"wp:attachment":[{"href":"https:\/\/lindstromgroup.com\/se\/wp-json\/wp\/v2\/media?parent=17943"}],"wp:term":[{"taxonomy":"author","embeddable":true,"href":"https:\/\/lindstromgroup.com\/se\/wp-json\/wp\/v2\/coauthors?post=17943"}],"curies":[{"name":"wp","href":"https:\/\/api.w.org\/{rel}","templated":true}]}}