
    {"id":16507,"date":"2024-04-14T19:00:23","date_gmt":"2024-04-14T18:00:23","guid":{"rendered":"https:\/\/lindstromgroup.com\/rs\/?post_type=services&#038;p=16507"},"modified":"2026-04-23T11:51:33","modified_gmt":"2026-04-23T09:51:33","slug":"radna-odeca-za-zaposlene-u-prehrambenoj-industriji","status":"publish","type":"services","link":"https:\/\/lindstromgroup.com\/rs\/usluge\/iznajmljivanje-radne-odece\/radna-odeca-za-zaposlene-u-prehrambenoj-industriji\/","title":{"rendered":"Radna ode\u0107a za zaposlene u prehrambenoj industriji"},"content":{"rendered":"\n    <div\n        id=\"block_3231884d0301cbfd9db7bfd95bed31b1\"\n        class=\"hero-sub hero-sub--block_3231884d0301cbfd9db7bfd95bed31b1  flex flex-col-reverse lg:flex-row justify-between bg-dark-blue text-white\"\n    >        \n        <div class=\"flex flex-col gap-5 pt-10 pb-5 grow px-5 lg:px-20\">\n            <div class=\"flex flex-col justify-center gap-3 grow max-w-[var(--container-text-max)]\">\n                <h1 class=\"!mb-0 !text-white !text-title-medium lg:!text-title-large !font-bold hyphens-auto break-words\">\n                    Radna ode\u0107a za zaposlene u prehrambenoj industriji                <\/h1>\n    \n                <div class=\"hero-sub__description\">\n                    <p>Va\u0161 izbor na\u0161e usluge iznajmljivanja radne odec\u0301e obezbe\u0111uje da radna odec\u0301a va\u0161ih zaposlenih uvek bude \u010dista i higijenska. Na taj na\u010din c\u0301ete za\u0161tititi ne samo zdravlje svojih zaposlenih, vec\u0301 i kvalitet svojih proizvoda i \u010distoc\u0301u radnog okru\u017eenja.<\/p>\n                <\/div>\n    \n                                    <div class=\"flex flex-col flex-wrap gap-3 mt-3 md:flex-row\">\n                                                                                    <a \n                                    class=\"px-5 py-3 font-bold text-center text-link-small rounded-[30px] border-2 border-white !no-underline bg-white !text-dark-blue button-solid--white\"\n                                    href=\"https:\/\/group.lindstromgroup.com\/vodic-kroz-higijensku-radnu-odecu-za-prehrambenu-industriju\"\n                                    target=\"_blank\"\n                                >\n                                    Preuzmite vodi\u010d za radnu ode\u0107u u prehrambenoj industriji                                <\/a>\n                                                                                                                <a \n                                    class=\"px-5 py-3 font-bold text-center text-link-small rounded-[30px] border-2 border-white !no-underline bg-transparent !text-white button-outlined--white\"\n                                    href=\"#contact\"\n                                    target=\"_self\"\n                                >\n                                    Po\u0161aljite upit                                <\/a>\n                                                                        <\/div>\n                \n                            <\/div>\n                            <div class=\"font-bold hero-sub__breadcrumb text-body-small\">\n                        <span><span><a href=\"https:\/\/lindstromgroup.com\/rs\/\">Home<\/a><\/span><\/span>                <\/div>\n                    <\/div>\n\n        <div class=\"[&#038;_picture]:w-full flex h-full lg:h-auto max-h-[350px] lg:max-h-none lg:min-h-full w-full lg:w-[650px]\">\n            <img decoding=\"async\"\n                class=\"object-cover w-full h-full\"\n                src=\"https:\/\/d2ris6qfzcz0wn.cloudfront.net\/wp-content\/uploads\/sites\/18\/2024\/04\/P1144759-1024x683.jpg\"\n                alt=\"Va\u0161 izbor na\u0161e usluge iznajmljivanja radne odec\u0301e obezbe\u0111uje da radna odec\u0301a va\u0161ih zaposlenih uvek bude \u010dista i higijenska. Na taj na\u010din c\u0301ete za\u0161tititi ne samo zdravlje svojih zaposlenih, vec\u0301 i kvalitet svojih proizvoda i \u010distoc\u0301u radnog okru\u017eenja.\"\n            >\n        <\/div>\n    <\/div>\n\n\n\n        <style>\n            .lindstrom-container--block_b31ccff1cabde3dba154b25d9fdb43b9 {                \n                padding-top: 35px;\n                padding-bottom: 35px;\n            }\n\n            @media screen and (min-width: 768px) {\n                .lindstrom-container--block_b31ccff1cabde3dba154b25d9fdb43b9 {\n                    padding-top: 75px;\n                    padding-bottom: 75px;\n                }\n            }\n        <\/style>\n    \n<div\n    class=\"lindstrom-container-wrapper lindstrom-container lindstrom-container--block_b31ccff1cabde3dba154b25d9fdb43b9 \"\n    id=\"block_b31ccff1cabde3dba154b25d9fdb43b9\"\n    style=\"background-color: #ffffff\"\n    >\n    <div class=\"lindstrom-container lindstrom-container--text items-stretch\">\n        \n\n        <div \n        id=\"cta-country-block_70c57a7231d005338bbac46efd14d36c\" \n        class=\"cta-country\"\n    >\n        <div class=\"flex flex-col gap-5\" style=\"align-items: center\">\n                                        <div class=\"cta-text\"><p>Na\u0161e usluge iznajmljivanja radne odec\u0301e savr\u0161eno su prilago\u0111ene potrebama prehrambene industrije, po\u0161to ispunjavaju sve higijenske standarde neophodne za bezbednu proizvodnju hrane.<\/p>\n<p>Uz na\u0161e sveobuhvatno re\u0161enje, uvek c\u0301ete imati na raspolaganju dovoljnu koli\u010dinu radne odec\u0301e koja je prilago\u0111ena razli\u010ditim radnim zadacima u va\u0161oj proizvodnji. Na\u0161 \u0161irok asortiman za\u0161titne odec\u0301e pa\u017eljivo je dizajniran da ispuni visoke higijenske zahteve i obezbedi udobnost i bezbednost va\u0161ih zaposlenih.<\/p>\n<p>Pored toga, na\u0161a usluga je odr\u017eiva i zasnovana na principima cirkularne ekonomije, \u0161to zna\u010di manje proizvodnje tekstila i bolje o\u010duvanje prirodnih resursa.<\/p>\n<\/div>\n                        <div class=\"cta-button-container cta-button-container--row\">\n                            <\/div>\n        <\/div>\n    <\/div>\n    \n\n    <\/div>\n<\/div>\n\n\n\n            <div id=\"hero-wide-image-block_0094d3772c939b770e4b82abb8fc556a\" class=\"hero-wide-image\">\n            <div class=\"hero-wide-image__featured\">\n                                                        <div \n                        class=\"featured__item featured__item--current\" \n                        data-index=\"0\"\n                    >\n                        <picture \n                                                            class=\"skip-lazy\"\n                                                    >\n                            <source media=\"(min-width: 768px)\" srcset=\"https:\/\/d2ris6qfzcz0wn.cloudfront.net\/wp-content\/uploads\/sites\/18\/2025\/10\/Ribella.00_01_20_16.Still022.jpg\">\n                            <img decoding=\"async\" \n                                class=\"featured__img\" \n                                src=\"https:\/\/d2ris6qfzcz0wn.cloudfront.net\/wp-content\/uploads\/sites\/18\/2025\/10\/Ribella.00_01_20_16.Still022-1024x576.jpg\" \n                                alt=\"Radna ode\u0107a u prehrambenoj industriji: higijena, kvalitet i uskla\u0111enost\" \n                            \/>\n                        <\/picture>\n                        <div class=\"featured__tag\">\n                                                    <\/div>\n                        <div class=\"featured__title\">\n                            Radna ode\u0107a u prehrambenoj industriji: higijena, kvalitet i uskla\u0111enost                        <\/div>\n                    <\/div>\n                                                        <div \n                        class=\"featured__item\" \n                        data-index=\"1\"\n                    >\n                        <picture \n                                                    >\n                            <source media=\"(min-width: 768px)\" srcset=\"https:\/\/d2ris6qfzcz0wn.cloudfront.net\/wp-content\/uploads\/sites\/18\/2025\/06\/ART_1050-LR.jpg\">\n                            <img decoding=\"async\" \n                                class=\"featured__img\" \n                                src=\"https:\/\/d2ris6qfzcz0wn.cloudfront.net\/wp-content\/uploads\/sites\/18\/2025\/06\/ART_1050-LR-1024x683.jpg\" \n                                alt=\"Kako se pripremiti za inspekciju u prehrambenoj industriji\" \n                            \/>\n                        <\/picture>\n                        <div class=\"featured__tag\">\n                                                    <\/div>\n                        <div class=\"featured__title\">\n                            Kako se pripremiti za inspekciju u prehrambenoj industriji                        <\/div>\n                    <\/div>\n                                                        <div \n                        class=\"featured__item\" \n                        data-index=\"2\"\n                    >\n                        <picture \n                                                    >\n                            <source media=\"(min-width: 768px)\" srcset=\"https:\/\/d2ris6qfzcz0wn.cloudfront.net\/wp-content\/uploads\/sites\/18\/2024\/04\/DSC07062.jpg\">\n                            <img decoding=\"async\" \n                                class=\"featured__img\" \n                                src=\"https:\/\/d2ris6qfzcz0wn.cloudfront.net\/wp-content\/uploads\/sites\/18\/2024\/04\/DSC07062-1024x683.jpg\" \n                                alt=\"Bezbednost hrane i prevencija kontaminacije\" \n                            \/>\n                        <\/picture>\n                        <div class=\"featured__tag\">\n                                                    <\/div>\n                        <div class=\"featured__title\">\n                            Bezbednost hrane i prevencija kontaminacije                        <\/div>\n                    <\/div>\n                            <\/div>\n            \n            <div class=\"hero-wide-image__tabs\">\n                                    <a \n                        class=\"tab__item\" \n                        href=\"https:\/\/lindstromgroup.com\/rs\/clanci\/radna-odeca-u-prehrambenoj-industriji-higijena-kvalitet-i-uskladjenost\/\" \n                        data-index=\"0\"\n                    >\n                    <div class=\"item__text\">\n                        <div class=\"text__tag\"><\/div>\n                        <div class=\"text__title\">Radna ode\u0107a u prehrambenoj industriji: higijena, kvalitet i uskla\u0111enost<\/div>\n                    <\/div>\n                    <span class=\"material-symbols-outlined !text-[30px] text-dark-blue\">north_east<\/span>\n                <\/a>\n                                    <a \n                        class=\"tab__item\" \n                        href=\"https:\/\/lindstromgroup.com\/rs\/clanci\/kako-se-pripremiti-za-sanitarne-inspekcije-u-prehrambenoj-industriji\/\" \n                        data-index=\"1\"\n                    >\n                    <div class=\"item__text\">\n                        <div class=\"text__tag\"><\/div>\n                        <div class=\"text__title\">Kako se pripremiti za inspekciju u prehrambenoj industriji<\/div>\n                    <\/div>\n                    <span class=\"material-symbols-outlined !text-[30px] text-dark-blue\">north_east<\/span>\n                <\/a>\n                                    <a \n                        class=\"tab__item\" \n                        href=\"https:\/\/lindstromgroup.com\/rs\/clanci\/bezbednost-hrane-i-prevencija-kontaminacije-pomocu-odgovarajuce-radne-odece\/\" \n                        data-index=\"2\"\n                    >\n                    <div class=\"item__text\">\n                        <div class=\"text__tag\"><\/div>\n                        <div class=\"text__title\">Bezbednost hrane i prevencija kontaminacije<\/div>\n                    <\/div>\n                    <span class=\"material-symbols-outlined !text-[30px] text-dark-blue\">north_east<\/span>\n                <\/a>\n                            <\/div>\n        <\/div>\n    \n\n\n            <div id=\"hero-block_bdda7e107468c2e85b01e23ef004c5b1\" class=\"hero\">\n            <div class=\"hero-container\" style=\"flex-direction: row\">\n                <div class=\"hero__content\">\n                    <div class=\"content__text\" style=\"background-color: #003f72\">\n                        <div class=\"content__text-inner\">\n                            <div class=\"text__title\">\n                                <h2>eVodi\u010d kroz higijensku radnu ode\u0107u u prehrambenoj industriji<\/h2>                            <\/div>\n                            <div class=\"text__description\">Ovaj vodi\u010d \u0107e vam predstaviti i pojednostaviti sve najva\u017enije oblasti koje treba da razmotrite prilikom izbora re\u0161enja radne ode\u0107e za prehrambenu industriju. Od dizajna, isporuke, kori\u0161\u0107enja, preko pranja i odr\u017eavanja, do kontrole rizika. Budite uvek u skladu sa relevantnim principima i standardima poput GHP, HACCP,  IFS Food, BRCGS i drugim.<\/div>\n                                                            <div class=\"text__buttons\">\n                                                                                                                                                                        <div class=\"text__button\">\n                                                    <a href=\"https:\/\/group.lindstromgroup.com\/vodic-kroz-higijensku-radnu-odecu-za-prehrambenu-industriju\">\n                                                        <button type=\"button\">\n                                                            Preuzmite eVodi\u010d                                                        <\/button>\n                                                    <\/a>\n                                                <\/div>\n                                                                                                                                                        <\/div>\n                                                    <\/div>\n                    <\/div>\n                                    <\/div>\n\n                <div class=\"hero__image-wrap\">\n                    <img decoding=\"async\" class=\"hero__image skip-lazy\" src=\"https:\/\/d2ris6qfzcz0wn.cloudfront.net\/wp-content\/uploads\/sites\/18\/2024\/04\/ART_0796-LR-1024x683.jpg\" alt=\"Ovaj vodi\u010d \u0107e vam predstaviti i pojednostaviti sve najva\u017enije oblasti koje treba da razmotrite prilikom izbora re\u0161enja radne ode\u0107e za prehrambenu industriju. Od dizajna, isporuke, kori\u0161\u0107enja, preko pranja i odr\u017eavanja, do kontrole rizika. Budite uvek u skladu sa relevantnim principima i standardima poput GHP, HACCP,  IFS Food, BRCGS i drugim.\" \/>\n                <\/div>\n                \n                            <\/div>\n        <\/div>\n    \n\n\n            <div id=\"hero-block_85f01a050377ae1d982616e43dd5376a\" class=\"hero\">\n            <div class=\"hero-container\" style=\"flex-direction: row-reverse\">\n                <div class=\"hero__content\">\n                    <div class=\"content__text\" style=\"background-color: #006f86\">\n                        <div class=\"content__text-inner\">\n                            <div class=\"text__title\">\n                                <h2>Studija: Kako svakodnevne prakse kori\u0161\u0107enja radne ode\u0107e uti\u010du na bezbednost hrane i odr\u017eivost<\/h2>                            <\/div>\n                            <div class=\"text__description\">Studija koju je u 11 evropskih zemalja u februaru 2025. sproveo Norstat, vodec\u0301i nezavisni evropski sakuplja\u010d podataka za istra\u017eivanje tr\u017ei\u0161ta, pokazala je da u prehrambenoj industriji postoje neki rizici po bezbednost hrane povezani sa svakodnevnom praksom kori\u0161\u0107enja, pranja i odr\u017eavanja radnih uniformi.<\/div>\n                                                            <div class=\"text__buttons\">\n                                                                                                                                                                        <div class=\"text__button\">\n                                                    <a href=\"https:\/\/group.lindstromgroup.com\/studija-prehrambene-industrije\">\n                                                        <button type=\"button\">\n                                                            Preuzmite studiju                                                        <\/button>\n                                                    <\/a>\n                                                <\/div>\n                                                                                                                                                        <\/div>\n                                                    <\/div>\n                    <\/div>\n                                    <\/div>\n\n                <div class=\"hero__image-wrap\">\n                    <img decoding=\"async\" class=\"hero__image skip-lazy\" src=\"https:\/\/d2ris6qfzcz0wn.cloudfront.net\/wp-content\/uploads\/sites\/18\/2025\/05\/RS_eGuide-study-food-Industry-2025-naslovna-za-home-page-968x1024.jpg\" alt=\"Studija koju je u 11 evropskih zemalja u februaru 2025. sproveo Norstat, vodec\u0301i nezavisni evropski sakuplja\u010d podataka za istra\u017eivanje tr\u017ei\u0161ta, pokazala je da u prehrambenoj industriji postoje neki rizici po bezbednost hrane povezani sa svakodnevnom praksom kori\u0161\u0107enja, pranja i odr\u017eavanja radnih uniformi.\" \/>\n                <\/div>\n                \n                            <\/div>\n        <\/div>\n    \n\n\n            <div id=\"hero-block_6e43e6b23307e5d71126b49f15c27b9c\" class=\"hero\">\n            <div class=\"hero-container\" style=\"flex-direction: row\">\n                <div class=\"hero__content\">\n                    <div class=\"content__text\" style=\"background-color: #003f72\">\n                        <div class=\"content__text-inner\">\n                            <div class=\"text__title\">\n                                <h2>Webinar: Minimalni higijenski zahtevi radne ode\u0107e u prehrambenoj industriji<\/h2>                            <\/div>\n                            <div class=\"text__description\">Radna ode\u0107a je va\u017ean deo proizvodnog procesa jer, ako je adekvatna, \u0161titi i proizvode i radnike. Ako je neodgovaraju\u0107a, mo\u017ee ugroziti i zaposlene i proces. Webinar odr\u017ean u aprilu 2025. nudi odgovore na neka va\u017ena pitanja:\r\n\u0160ta je higijenski minimum za zaposlene u prehrambenoj industriji i kako se on odra\u017eava na njihove radne uniforme<\/div>\n                                                            <div class=\"text__buttons\">\n                                                                                                                                                                        <div class=\"text__button\">\n                                                    <a href=\"https:\/\/lindstromgroup.com\/rs\/webinar-higijenski-minimum-uniformi-u-prehrambenoj-industriji\/\">\n                                                        <button type=\"button\">\n                                                            Pogledajte webinar                                                        <\/button>\n                                                    <\/a>\n                                                <\/div>\n                                                                                                                                                        <\/div>\n                                                    <\/div>\n                    <\/div>\n                                    <\/div>\n\n                <div class=\"hero__image-wrap\">\n                    <img decoding=\"async\" class=\"hero__image skip-lazy\" src=\"https:\/\/d2ris6qfzcz0wn.cloudfront.net\/wp-content\/uploads\/sites\/18\/2024\/04\/ART_1045-LR-683x1024.jpg\" alt=\"Radna ode\u0107a je va\u017ean deo proizvodnog procesa jer, ako je adekvatna, \u0161titi i proizvode i radnike. Ako je neodgovaraju\u0107a, mo\u017ee ugroziti i zaposlene i proces. Webinar odr\u017ean u aprilu 2025. nudi odgovore na neka va\u017ena pitanja:\r\n\u0160ta je higijenski minimum za zaposlene u prehrambenoj industriji i kako se on odra\u017eava na njihove radne uniforme\" \/>\n                <\/div>\n                \n                            <\/div>\n        <\/div>\n    \n\n\n<hr class=\"wp-block-separator has-text-color has-grey-25-color has-alpha-channel-opacity has-grey-25-background-color has-background is-style-wide\" style=\"margin-top:0px;margin-bottom:0px\"\/>\n\n\n\n        <style>\n            .lindstrom-container--block_4e5b5acb49f89dc0cc1ebac20967371a {                \n                padding-top: 35px;\n                padding-bottom: 35px;\n            }\n\n            @media screen and (min-width: 768px) {\n                .lindstrom-container--block_4e5b5acb49f89dc0cc1ebac20967371a {\n                    padding-top: 75px;\n                    padding-bottom: 75px;\n                }\n            }\n        <\/style>\n    \n<div\n    class=\"lindstrom-container-wrapper lindstrom-container lindstrom-container--block_4e5b5acb49f89dc0cc1ebac20967371a \"\n    id=\"block_4e5b5acb49f89dc0cc1ebac20967371a\"\n    style=\"background-color: #ffffff\"\n    >\n    <div class=\"lindstrom-container lindstrom-container--content items-stretch\">\n        \n\n        <div \n        id=\"catalogue-block_80e471a926fc7298f0b78608198b356d\" \n        class=\"catalogue\"\n    >\n        <div class=\"flex flex-col catalogue__container\">\n            \n                                                <div class=\"grid w-full grid-cols-1 md:grid-cols-2\">\n                        <div class=\"catalogue__media relative\">\n                                                            <img decoding=\"async\" \n                                    class=\"object-cover h-full w-full max-h-[250px] md:max-h-none md:absolute top-0 left-0\" \n                                    src=\"https:\/\/d2ris6qfzcz0wn.cloudfront.net\/wp-content\/uploads\/sites\/12\/2024\/04\/Lindstrom-Atria-Food-Industry-Workwear-2-1024x683.jpg\" \n                                    alt=\"Obezbedite najvi\u0161e higijenske standarde sa na\u0161om radnom odec\u0301om\" \n                                \/>\n                                                    <\/div>\n                        <div class=\"flex flex-col justify-center flex-1 gap-5 px-5 py-5 lg:px-20 lg:py-10 catalogue__content min-h-[250px] md:min-h-[350px]\" style=\"background-color:#003f72;\">\n                            <div class=\"flex flex-col gap-2\">\n                                <p \n                                    class=\"text-[16px]\/[22.4px] md:text-[25px]\/[32.5px] text-left tracking-[0.8px] md:tracking-normal uppercase md:normal-case font-bold !mb-0\" \n                                    style=\"color:#FFFFFF;\">\n                                        Obezbedite najvi\u0161e higijenske standarde sa na\u0161om radnom odec\u0301om                                <\/p>\n                                <p class=\"text-[15px]\/[21px] text-left font-normal !mb-0\" style=\"color:#FFFFFF;\">Na\u0161a radna odec\u0301a je pa\u017eljivo dizajnirana i proizvedena u skladu sa najstro\u017eim higijenskim standardima koji se primenjuju na preradu hrane. Usagla\u0161eni su sa HACCP sistemom (Analiza rizika i kriti\u010dnih kontrolnih ta\u010daka) i evropskim standardom EU EN-14065, koji obezbe\u0111uje visok nivo higijene tokom celog procesa iznajmljivanja i odr\u017eavanja odec\u0301e.<\/p>\n                                                            <\/div>\n                                                    <\/div>\n                    <\/div>\n                                    <div class=\"grid w-full grid-cols-1 md:grid-cols-2\">\n                        <div class=\"catalogue__media relative\">\n                                                            <img decoding=\"async\" \n                                    class=\"object-cover h-full w-full max-h-[250px] md:max-h-none md:absolute top-0 left-0\" \n                                    src=\"https:\/\/d2ris6qfzcz0wn.cloudfront.net\/wp-content\/uploads\/sites\/12\/2024\/04\/Lindstrom-Atria-Food-Industry-Workwear-3-1024x683.jpg\" \n                                    alt=\"Bez skrivenih tro\u0161kova - potpuna transparentnost\" \n                                \/>\n                                                    <\/div>\n                        <div class=\"flex flex-col justify-center flex-1 gap-5 px-5 py-5 lg:px-20 lg:py-10 catalogue__content min-h-[250px] md:min-h-[350px]\" style=\"background-color:#003f72;\">\n                            <div class=\"flex flex-col gap-2\">\n                                <p \n                                    class=\"text-[16px]\/[22.4px] md:text-[25px]\/[32.5px] text-left tracking-[0.8px] md:tracking-normal uppercase md:normal-case font-bold !mb-0\" \n                                    style=\"color:#FFFFFF;\">\n                                        Bez skrivenih tro\u0161kova &#8211; potpuna transparentnost                                <\/p>\n                                <p class=\"text-[15px]\/[21px] text-left font-normal !mb-0\" style=\"color:#FFFFFF;\">Na\u0161a usluga iznajmljivanja radne odec\u0301e pokriva sve, od odec\u0301e, pranja, odr\u017eavanja, popravki, zamene, isporuke, do skladi\u0161tenja i garderobe. Ovo olak\u0161ava upravljanje radnom odec\u0301om i mo\u017eete se u potpunosti usredsrediti na svoju osnovnu delatnost, bez brige o dodatnim tro\u0161kovima.<\/p>\n                                                            <\/div>\n                                                    <\/div>\n                    <\/div>\n                                    <div class=\"grid w-full grid-cols-1 md:grid-cols-2\">\n                        <div class=\"catalogue__media relative\">\n                                                            <img decoding=\"async\" \n                                    class=\"object-cover h-full w-full max-h-[250px] md:max-h-none md:absolute top-0 left-0\" \n                                    src=\"https:\/\/d2ris6qfzcz0wn.cloudfront.net\/wp-content\/uploads\/sites\/18\/2026\/03\/ART_0927-LR-1024x683.jpg\" \n                                    alt=\"Pobolj\u0161ajte zadovoljstvo zaposlenih odr\u017eivom uslugom\" \n                                \/>\n                                                    <\/div>\n                        <div class=\"flex flex-col justify-center flex-1 gap-5 px-5 py-5 lg:px-20 lg:py-10 catalogue__content min-h-[250px] md:min-h-[350px]\" style=\"background-color:#003f72;\">\n                            <div class=\"flex flex-col gap-2\">\n                                <p \n                                    class=\"text-[16px]\/[22.4px] md:text-[25px]\/[32.5px] text-left tracking-[0.8px] md:tracking-normal uppercase md:normal-case font-bold !mb-0\" \n                                    style=\"color:#FFFFFF;\">\n                                        Pobolj\u0161ajte zadovoljstvo zaposlenih odr\u017eivom uslugom                                <\/p>\n                                <p class=\"text-[15px]\/[21px] text-left font-normal !mb-0\" style=\"color:#FFFFFF;\">Uz na\u0161u uslugu, va\u0161i zaposleni uvek imaju na raspolaganju \u010distu i dobro odr\u017eavanu radnu odec\u0301u. Na\u0161e onlajn usluge omoguc\u0301avaju transparentno i lako upravljanje radnom odec\u0301om. Pored toga, odabirom na\u0161e usluge doprinosite i za\u0161titi \u017eivotne sredine, jer je na\u0161 pristup odr\u017eiv.<\/p>\n                                                            <\/div>\n                                                    <\/div>\n                    <\/div>\n                 \n                        \n        <\/div>\n    <\/div>\n    \n\n    <\/div>\n<\/div>\n\n\n\n        <style>\n            .lindstrom-container--block_59c7ce7379190ee7aa7490ad03816f65 {                \n                padding-top: 35px;\n                padding-bottom: 35px;\n            }\n\n            @media screen and (min-width: 768px) {\n                .lindstrom-container--block_59c7ce7379190ee7aa7490ad03816f65 {\n                    padding-top: 75px;\n                    padding-bottom: 75px;\n                }\n            }\n        <\/style>\n    \n<div\n    class=\"lindstrom-container-wrapper lindstrom-container lindstrom-container--block_59c7ce7379190ee7aa7490ad03816f65 \"\n    id=\"block_59c7ce7379190ee7aa7490ad03816f65\"\n    style=\"background-color: #f4f4f4\"\n    >\n    <div class=\"lindstrom-container lindstrom-container--content items-stretch\">\n        \n\n        <div \n        id=\"cta-country-block_f3480751a688a06723cb0127b78a4635\" \n        class=\"cta-country\"\n    >\n        <div class=\"flex flex-col gap-5\" style=\"align-items: flex-start\">\n                            <h2 class='!text-title-small lg:!text-title-medium !text-grey-100 !font-bold !my-0'>                    Prednosti na\u0161e usluge iznajmljivanja radne odec\u0301e za prehrambenu industriju                <\/h2>                                    <div class=\"cta-button-container cta-button-container--row\">\n                            <\/div>\n        <\/div>\n    <\/div>\n    \n\n<script type=\"application\/ld+json\">{\"@context\":\"https:\\\/\\\/schema.org\",\"@type\":\"FAQPage\",\"mainEntity\":[{\"@type\":\"Question\",\"name\":\"Ispunjavanje strogih higijenskih zahteva i standarda\",\"acceptedAnswer\":{\"@type\":\"Answer\",\"text\":\"\\n\\n\\nKoristec\\u0301i na\\u0161u uslugu, mo\\u017eete biti sigurni da c\\u0301e radna odec\\u0301a u Va\\u0161em preduzec\\u0301u u potpunosti ispunjavati zahteve strogih standarda i zakonskih propisa koji va\\u017ee u oblasti prerade hrane. Na\\u0161a kolekcija radne odec\\u0301e za ovu industriju je pre svega napravljena da zadovolji zahteve ove industrije, od dizajna do odr\\u017eavanja i kontrole kvaliteta.\\nObezbedite svojim zaposlenima uvek dostupnu higijensku odec\\u0301u u potrebnim koli\\u010dinama i na taj na\\u010din za\\u0161titite osoblje, proizvodnju i radno okru\\u017eenje.\\nPratimo zahteve standarda EU EN-14065, koji obezbe\\u0111uje adekvatan nivo higijene u celom procesu, od proizvodnje do transporta i isporuke.\\nNa\\u0161a radna odec\\u0301a za prehrambenu industriju poseduje HACCP (Analiza opasnosti i kriti\\u010dne kontrolne ta\\u010dke) sertifikat.\\n\\n\\n\\n\"}},{\"@type\":\"Question\",\"name\":\"Transparentne usluge koje koriste RFID tehnologiju\",\"acceptedAnswer\":{\"@type\":\"Answer\",\"text\":\"\\n\\nKoristimo standardne operativne procedure u filijalama \\u0161irom sveta, \\u0161to zna\\u010di da kupac uvek dobija o\\u010dekivani visok kvalitet. Na\\u0161a usluga iznajmljivanja radne odec\\u0301e za prehrambenu i prera\\u0111iva\\u010dku industriju ispunjava najstro\\u017ee zahteve u industriji, jer \\u017eelimo da obezbedimo bezbednost na radu za va\\u0161e zaposlene, koji c\\u0301e uvek imati na raspolaganju higijensku odec\\u0301u za za\\u0161titu proizvodnje od kontaminacije.\\nNa\\u0161a odec\\u0301a je opremljena RFID oznakama i na taj na\\u010din obezbe\\u0111uje transparentnost i transparentnost kako upotrebe radne odec\\u0301e tako i stanja ve\\u0161a. Na\\u0161 portal usluga na mre\\u017ei omoguc\\u0301ava kupcima da prate sve podatke o odec\\u0301i u realnom vremenu i poma\\u017ee vam da optimizujete zalihe.\\nRFID oznake tako\\u0111e omoguc\\u0301avaju automatizovano prac\\u0301enje uskla\\u0111enosti sa higijenom sa na\\u0161im opse\\u017enim izve\\u0161tajima o uskla\\u0111enosti sa propisima.\\nUpravljanje va\\u0161om radnom odec\\u0301om postaje bezbri\\u017eno i jednostavno kori\\u0161c\\u0301enjem eLindstrom-ove onlajn usluge, koja pru\\u017ea transparentnost u mnogim aspektima, kao \\u0161to je koliko \\u010desto se menja odec\\u0301a, kada se o\\u010dekuje isporuka i pru\\u017ea informacije o mnogim drugim pitanjima vezanim za radnu odec\\u0301u. Na\\u0161a onlajn usluga radi 24\\\/7 i poma\\u017ee vam da nesmetano vodite svoje poslovanje.\\n\\n\\n\"}},{\"@type\":\"Question\",\"name\":\"Isplativa pouzdana usluga\",\"acceptedAnswer\":{\"@type\":\"Answer\",\"text\":\"\\n\\nNa\\u0161a fleksibilna usluga osigurava da uvek imate \\u010distu i dobro odr\\u017eavanu radnu odec\\u0301u za prave zaposlene, u pravo vreme i na pravom mestu. Nema potrebe da naru\\u010dujete novu radnu odec\\u0301u iznova i iznova, da razdvajate usluge dostave i praonice, niti je potrebno da upravljate sopstvenim skladi\\u0161tem odec\\u0301e. Olak\\u0161avate proces upravljanja odec\\u0301om uz pomoc\\u0301 na\\u0161eg servisa i na taj na\\u010din \\u0161tedite vreme i novac, a istovremeno obezbe\\u0111ujete dostupnost radne odec\\u0301e i pouzdanost njenog odr\\u017eavanja.\\nNa\\u0161a usluga iznajmljivanja radne odec\\u0301e ima prednosti u odnosu na klasi\\u010dno samostalno odvojeno upravljanje tro\\u0161kovima naru\\u010divanja radne odec\\u0301e i njenog pranja. Na\\u0161a usluga obuhvata sledec\\u0301e: odgovarajuc\\u0301u vrstu odec\\u0301e za sve zadatke u va\\u0161oj kompaniji, pranje, odr\\u017eavanje, isporuku, skladi\\u0161tenje, upravljanje li\\u010dnim ormaric\\u0301ima i eLindstrom onlajn uslugu. Dozvolite nam da se pobrinemo za va\\u0161u radnu odec\\u0301u kako biste se mogli fokusirati na svoju osnovnu delatnost.\\n\\n\\n\"}},{\"@type\":\"Question\",\"name\":\"Re\\u0161avanje industrijskih izazova\",\"acceptedAnswer\":{\"@type\":\"Answer\",\"text\":\"\\n\\nNa\\u0161a FoodInPro kolekcija je kreirana u saradnji sa na\\u0161im klijentima kako bismo najbolje razumeli potrebe industrije. Na\\u0161i dizajneri su posebnu pa\\u017enju posvetili izboru materijala, jednostavnosti upotrebe, ergonomiji i polo\\u017eaju d\\u017eepova, uvek vodec\\u0301i ra\\u010duna o strogim higijenskim zahtevima.\\nKolekcija FoodInPro vam nudi \\u0161irok asortiman radne odec\\u0301e, koja je pravljena za profesionalnu upotrebu u razli\\u010ditim profesijama i za razli\\u010dite zadatke &#8211; jakne, kaputi, pantalone, kecelje i ka\\u010dketi. Pomoc\\u0301i c\\u0301emo vam da prona\\u0111ete najbolje funkcionalno re\\u0161enje za va\\u0161e zaposlene.\\nNa\\u0161i stru\\u010dnjaci brinu o dizajniranju radne odec\\u0301e uz ispunjavanje kriterijuma koji va\\u017ee u industriji, \\u0161to zna\\u010di da vi\\u0161e ne morate da brinete o promeni zahteva i mo\\u017eete biti sigurni da c\\u0301e va\\u0161a radna odec\\u0301a biti a\\u017eurirana i uskla\\u0111ena sa najsavremenijim standardima i propisi. Mi brinemo o svemu!\\n\\n\\n\"}}]}<\/script>\n            <div \n            id=\"accordions-block_a62b452df630f105f8ee32b2c6b3c286\" \n            class=\"accordions\"\n        >\n                            \n        <div class='accordion__item'>\n            <div class='item__header'>\n            <span class='header__icon material-symbols-outlined'>add<\/span>\n                <h4 class='header__title'>\n                    Ispunjavanje strogih higijenskih zahteva i standarda\n                <\/h4>                                \n            <\/div>\n            <div class='item__content item__content--open'>\n                <div class='content__description'>\n                    <div id=\"collapse-63055\" class=\"first collapse show\" role=\"tabpanel\" data-parent=\"#accordion-63054\" aria-labelledby=\"heading-63055\">\n<div class=\"card-block accordion-item-content clearfix\">\n<div id=\"heading-80345\" class=\"card-header\" role=\"tab\">\n<p>Koristec\u0301i na\u0161u uslugu, mo\u017eete biti sigurni da c\u0301e radna odec\u0301a u Va\u0161em preduzec\u0301u u potpunosti ispunjavati zahteve strogih standarda i zakonskih propisa koji va\u017ee u oblasti prerade hrane. Na\u0161a kolekcija radne odec\u0301e za ovu industriju je pre svega napravljena da zadovolji zahteve ove industrije, od dizajna do odr\u017eavanja i kontrole kvaliteta.<\/p>\n<p>Obezbedite svojim zaposlenima uvek dostupnu higijensku odec\u0301u u potrebnim koli\u010dinama i na taj na\u010din za\u0161titite osoblje, proizvodnju i radno okru\u017eenje.<\/p>\n<p>Pratimo zahteve standarda EU EN-14065, koji obezbe\u0111uje adekvatan nivo higijene u celom procesu, od proizvodnje do transporta i isporuke.<\/p>\n<p>Na\u0161a radna odec\u0301a za prehrambenu industriju poseduje HACCP (Analiza opasnosti i kriti\u010dne kontrolne ta\u010dke) sertifikat.<\/p>\n<\/div>\n<\/div>\n<\/div>\n\n                <\/div>\n            <\/div>\n        <\/div>\n                                \n        <div class='accordion__item'>\n            <div class='item__header'>\n            <span class='header__icon material-symbols-outlined'>add<\/span>\n                <h4 class='header__title'>\n                    Transparentne usluge koje koriste RFID tehnologiju\n                <\/h4>                                \n            <\/div>\n            <div class='item__content item__content--open'>\n                <div class='content__description'>\n                    <div id=\"collapse-63056\" class=\"collapse show\" role=\"tabpanel\" data-parent=\"#accordion-63054\" aria-labelledby=\"heading-63056\">\n<div class=\"card-block accordion-item-content clearfix\">\n<p>Koristimo standardne operativne procedure u filijalama \u0161irom sveta, \u0161to zna\u010di da kupac uvek dobija o\u010dekivani visok kvalitet. Na\u0161a usluga iznajmljivanja radne odec\u0301e za prehrambenu i prera\u0111iva\u010dku industriju ispunjava najstro\u017ee zahteve u industriji, jer \u017eelimo da obezbedimo bezbednost na radu za va\u0161e zaposlene, koji c\u0301e uvek imati na raspolaganju higijensku odec\u0301u za za\u0161titu proizvodnje od kontaminacije.<\/p>\n<p>Na\u0161a odec\u0301a je opremljena RFID oznakama i na taj na\u010din obezbe\u0111uje transparentnost i transparentnost kako upotrebe radne odec\u0301e tako i stanja ve\u0161a. Na\u0161 portal usluga na mre\u017ei omoguc\u0301ava kupcima da prate sve podatke o odec\u0301i u realnom vremenu i poma\u017ee vam da optimizujete zalihe.<\/p>\n<p>RFID oznake tako\u0111e omoguc\u0301avaju automatizovano prac\u0301enje uskla\u0111enosti sa higijenom sa na\u0161im opse\u017enim izve\u0161tajima o uskla\u0111enosti sa propisima.<\/p>\n<p>Upravljanje va\u0161om radnom odec\u0301om postaje bezbri\u017eno i jednostavno kori\u0161c\u0301enjem eLindstrom-ove onlajn usluge, koja pru\u017ea transparentnost u mnogim aspektima, kao \u0161to je koliko \u010desto se menja odec\u0301a, kada se o\u010dekuje isporuka i pru\u017ea informacije o mnogim drugim pitanjima vezanim za radnu odec\u0301u. Na\u0161a onlajn usluga radi 24\/7 i poma\u017ee vam da nesmetano vodite svoje poslovanje.<\/p>\n<\/div>\n<\/div>\n\n                <\/div>\n            <\/div>\n        <\/div>\n                                \n        <div class='accordion__item'>\n            <div class='item__header'>\n            <span class='header__icon material-symbols-outlined'>add<\/span>\n                <h4 class='header__title'>\n                    Isplativa pouzdana usluga\n                <\/h4>                                \n            <\/div>\n            <div class='item__content item__content--open'>\n                <div class='content__description'>\n                    <div id=\"collapse-63057\" class=\"collapse show\" role=\"tabpanel\" data-parent=\"#accordion-63054\" aria-labelledby=\"heading-63057\">\n<div class=\"card-block accordion-item-content clearfix\">\n<p>Na\u0161a fleksibilna usluga osigurava da uvek imate \u010distu i dobro odr\u017eavanu radnu odec\u0301u za prave zaposlene, u pravo vreme i na pravom mestu. Nema potrebe da naru\u010dujete novu radnu odec\u0301u iznova i iznova, da razdvajate usluge dostave i praonice, niti je potrebno da upravljate sopstvenim skladi\u0161tem odec\u0301e. Olak\u0161avate proces upravljanja odec\u0301om uz pomoc\u0301 na\u0161eg servisa i na taj na\u010din \u0161tedite vreme i novac, a istovremeno obezbe\u0111ujete dostupnost radne odec\u0301e i pouzdanost njenog odr\u017eavanja.<\/p>\n<p>Na\u0161a usluga iznajmljivanja radne odec\u0301e ima prednosti u odnosu na klasi\u010dno samostalno odvojeno upravljanje tro\u0161kovima naru\u010divanja radne odec\u0301e i njenog pranja. Na\u0161a usluga obuhvata sledec\u0301e: odgovarajuc\u0301u vrstu odec\u0301e za sve zadatke u va\u0161oj kompaniji, pranje, odr\u017eavanje, isporuku, skladi\u0161tenje, upravljanje li\u010dnim ormaric\u0301ima i eLindstrom onlajn uslugu. Dozvolite nam da se pobrinemo za va\u0161u radnu odec\u0301u kako biste se mogli fokusirati na svoju osnovnu delatnost.<\/p>\n<\/div>\n<\/div>\n\n                <\/div>\n            <\/div>\n        <\/div>\n                                \n        <div class='accordion__item'>\n            <div class='item__header'>\n            <span class='header__icon material-symbols-outlined'>add<\/span>\n                <h4 class='header__title'>\n                    Re\u0161avanje industrijskih izazova\n                <\/h4>                                \n            <\/div>\n            <div class='item__content item__content--open'>\n                <div class='content__description'>\n                    <div id=\"collapse-63058\" class=\"collapse show\" role=\"tabpanel\" data-parent=\"#accordion-63054\" aria-labelledby=\"heading-63058\">\n<div class=\"card-block accordion-item-content clearfix\">\n<p>Na\u0161a FoodInPro kolekcija je kreirana u saradnji sa na\u0161im klijentima kako bismo najbolje razumeli potrebe industrije. Na\u0161i dizajneri su posebnu pa\u017enju posvetili izboru materijala, jednostavnosti upotrebe, ergonomiji i polo\u017eaju d\u017eepova, uvek vodec\u0301i ra\u010duna o strogim higijenskim zahtevima.<\/p>\n<p>Kolekcija FoodInPro vam nudi \u0161irok asortiman radne odec\u0301e, koja je pravljena za profesionalnu upotrebu u razli\u010ditim profesijama i za razli\u010dite zadatke &#8211; jakne, kaputi, pantalone, kecelje i ka\u010dketi. Pomoc\u0301i c\u0301emo vam da prona\u0111ete najbolje funkcionalno re\u0161enje za va\u0161e zaposlene.<\/p>\n<p>Na\u0161i stru\u010dnjaci brinu o dizajniranju radne odec\u0301e uz ispunjavanje kriterijuma koji va\u017ee u industriji, \u0161to zna\u010di da vi\u0161e ne morate da brinete o promeni zahteva i mo\u017eete biti sigurni da c\u0301e va\u0161a radna odec\u0301a biti a\u017eurirana i uskla\u0111ena sa najsavremenijim standardima i propisi. Mi brinemo o svemu!<\/p>\n<\/div>\n<\/div>\n\n                <\/div>\n            <\/div>\n        <\/div>\n                        <\/div>\n    \n\n    <\/div>\n<\/div>\n\n\n\n        <style>\n            .lindstrom-container--block_c2c2840c134375c7eaf14754cd3dfe27 {                \n                padding-top: 35px;\n                padding-bottom: 35px;\n            }\n\n            @media screen and (min-width: 768px) {\n                .lindstrom-container--block_c2c2840c134375c7eaf14754cd3dfe27 {\n                    padding-top: 75px;\n                    padding-bottom: 75px;\n                }\n            }\n        <\/style>\n    \n<div\n    class=\"lindstrom-container-wrapper lindstrom-container lindstrom-container--block_c2c2840c134375c7eaf14754cd3dfe27 \"\n    id=\"vodic\"\n    style=\"background-color: #003f72\"\n    >\n    <div class=\"lindstrom-container lindstrom-container--content items-stretch\">\n        \n\n    <div \n        id=\"cta-with-image-block_73c7db20788352030914e34e315ac579\" \n        class=\"cta-with-image\"\n    >\n        <div class=\"cta__content\" style=\"color: #ffffff; background-color: #003f72\">\n            <div class=\"content__title\">Proverite da li je va\u0161e re\u0161enje optimalno<\/div>\n            <div class=\"content__description\">Preuzmite ovaj korisni materijal i proverite da li va\u0161e trenutno re\u0161enje radne ode\u0107e zadovoljava sve propise, standarde i koliko je ekolo\u0161ko i odr\u017eivo. \r\nObuhva\u0107eni su najva\u017eniji propisi i standardi,\r\ndizajn,\r\npranje i isporuka radne ode\u0107e,\r\nosiguravanje kvaliteta,\r\nkontrolna lista za proveru usluge radne ode\u0107e i \r\nLindstr\u00f6movo re\u0161enje &#8211; \u0161ta obuhvata i kako funkcioni\u0161e<\/div>\n            <div class=\"content__button-links\">\n                                    <div class=\"button-link\">\n                        <a \n                            href=\"https:\/\/group.lindstromgroup.com\/vodic-kroz-higijensku-radnu-odecu-za-prehrambenu-industriju\" \n                            style=\"background-color: #e52330; color: #FFFFFF; border: 2px solid \"\n                        >\n                            Preuzmite vodi\u010d                        <\/a>\n                    <\/div>\n                            <\/div>\n        <\/div>\n        <div class=\"cta__image\"><img decoding=\"async\" src=\"https:\/\/d2ris6qfzcz0wn.cloudfront.net\/wp-content\/uploads\/sites\/18\/2025\/05\/ART_0944-LR-1024x683.jpg\" alt=\"\" \/><\/div>\n    <\/div>\n\n\n\n<div style=\"height:14px\" aria-hidden=\"true\" class=\"wp-block-spacer\"><\/div>\n\n\n    <\/div>\n<\/div>\n\n\n\n        <style>\n            .lindstrom-container--block_4add926991be1838d59cbfc95bb84f13 {                \n                padding-top: 0px;\n                padding-bottom: 0px;\n            }\n\n            @media screen and (min-width: 768px) {\n                .lindstrom-container--block_4add926991be1838d59cbfc95bb84f13 {\n                    padding-top: 75px;\n                    padding-bottom: 0px;\n                }\n            }\n        <\/style>\n    \n<div\n    class=\"lindstrom-container-wrapper lindstrom-container lindstrom-container--block_4add926991be1838d59cbfc95bb84f13 \"\n    id=\"contact\"\n    style=\"background-color: #ffffff\"\n    >\n    <div class=\"lindstrom-container lindstrom-container--content items-stretch\">\n        \n\n        <div \n        id=\"cta-country-block_f294cddb06e4e333858a3f3f1e011d91\" \n        class=\"cta-country\"\n    >\n        <div class=\"flex flex-col gap-5\" style=\"align-items: center\">\n                            <h2 class='!text-title-small lg:!text-title-medium !text-grey-100 !font-bold !my-0'>                    Zatra\u017eite ponudu za uslugu iznajmljivanja radne odec\u0301e                <\/h2>                                    <div class=\"cta-button-container cta-button-container--row\">\n                            <\/div>\n        <\/div>\n    <\/div>\n    \n\n\n<div class=\"wp-block-columns is-layout-flex wp-container-core-columns-is-layout-d9884270 wp-block-columns-is-layout-flex\" style=\"padding-top:0;padding-bottom:0\">\n<div class=\"wp-block-column is-layout-flow wp-block-column-is-layout-flow\">\n<figure class=\"wp-block-image size-large\"><img decoding=\"async\" width=\"1024\" height=\"682\" src=\"https:\/\/d2ris6qfzcz0wn.cloudfront.net\/wp-content\/uploads\/sites\/12\/2024\/04\/Lindstrom-workwear-for-Food-Processing-3000x2000-1400x933-1-1024x682.jpg\" alt=\"\" class=\"wp-image-16508\" style=\"aspect-ratio:4\/3;object-fit:cover\" srcset=\"https:\/\/d2ris6qfzcz0wn.cloudfront.net\/wp-content\/uploads\/sites\/12\/2024\/04\/Lindstrom-workwear-for-Food-Processing-3000x2000-1400x933-1-1024x682.jpg 1024w, https:\/\/d2ris6qfzcz0wn.cloudfront.net\/wp-content\/uploads\/sites\/12\/2024\/04\/Lindstrom-workwear-for-Food-Processing-3000x2000-1400x933-1-300x200.jpg 300w, https:\/\/d2ris6qfzcz0wn.cloudfront.net\/wp-content\/uploads\/sites\/12\/2024\/04\/Lindstrom-workwear-for-Food-Processing-3000x2000-1400x933-1-768x512.jpg 768w, https:\/\/d2ris6qfzcz0wn.cloudfront.net\/wp-content\/uploads\/sites\/12\/2024\/04\/Lindstrom-workwear-for-Food-Processing-3000x2000-1400x933-1.jpg 1400w\" sizes=\"(max-width: 1024px) 100vw, 1024px\" \/><\/figure>\n<\/div>\n\n\n\n<div class=\"wp-block-column is-layout-constrained wp-block-column-is-layout-constrained\">\n        <style>\n            .lindstrom-container--block_e5e6dc40f78a550f9d9a2498043a78f4 {                \n                padding-top: 35px;\n                padding-bottom: 35px;\n            }\n\n            @media screen and (min-width: 768px) {\n                .lindstrom-container--block_e5e6dc40f78a550f9d9a2498043a78f4 {\n                    padding-top: 0px;\n                    padding-bottom: 50px;\n                }\n            }\n        <\/style>\n    \n<div\n    class=\"lindstrom-container-wrapper lindstrom-container lindstrom-container--block_e5e6dc40f78a550f9d9a2498043a78f4 \"\n    id=\"block_e5e6dc40f78a550f9d9a2498043a78f4\"\n    style=\"background-color: #ffffff\"\n    >\n    <div class=\"lindstrom-container lindstrom-container--content items-stretch\">\n        \n\n    <div id=\"hubspot-contact-form-block_966c202f64de1003bd727089fa646402\" class=\"hubspot-contact-form\">\n                    <h3 class=\"mt-0 !mb-5 lg:!mb-10 font-bold !text-title-small\">\n                Rado c\u0301emo vam pomoc\u0301i da prona\u0111ete optimalno re\u0161enje za va\u0161u kompaniju i zaposlene.            <\/h3>\n        \n                    <p class=\"!-mt-4 lg:!-mt-8 !mb-5 lg:!mb-10 !text-body-small\">\n                Popunite formular i dobijte savet od na\u0161eg eksperta vec\u0301 danas! Javic\u0301emo vam se \u0161to je pre moguc\u0301e!            <\/p>\n        \n        <div class=\"form-wrapper\"><\/div>\n        <div class=\"editor-message\">\n            Please set a valid form ID.\n        <\/div>\n    <\/div>\n\n<script>\n    \/**\n     * Generate dynamic init form function name to prevent it get re-initialized if there are multiple forms in a page\n     *\/\n    function initForm_69f0c59484e55() {\n        \/\/ retry until hubspot script is initialized\n        if (typeof hbspt !== \"undefined\") {\n            hbspt.forms.create({\n                region: \"eu1\",\n                portalId: \"2758505\",\n                formId: \"8b3d5a4b-c488-4a5d-aaee-beb9a8ae1fbc\",\n                target: `#hubspot-contact-form-block_966c202f64de1003bd727089fa646402 .form-wrapper`,\n                onFormReady: (arg) => {\n                    const hasFeaturedField = 0;\n                    if (!hasFeaturedField) {\n                        return\n                    }\n    \n                    \/\/ in case the featured field is not available in the form\n                    const featuredField = document.querySelector(`#hubspot-contact-form-block_966c202f64de1003bd727089fa646402 .none`);\n                    if (!featuredField) {\n                        return\n                    }\n    \n                    \/\/ only support checkbox field for now\n                    convertCheckboxFeaturedField(featuredField)                \n                }\n            });\n            return;\n        }\n\n        setTimeout(initForm_69f0c59484e55, 250);\n    }\n\n    function convertCheckboxFeaturedField(featuredField) {\n        const fieldsetWrapper = featuredField.parentElement\n        \n        \/\/ add the featured field class to the wrapper fieldset element\n        \/\/ transform the featured field's UI via CSS\n        fieldsetWrapper.classList.add('featured-field')\n\n        \/\/ calculate and add enough space to display the featured field on top of the form\n        calculateFeaturedFieldSize(fieldsetWrapper)\n        window.addEventListener('resize', () => {\n            calculateFeaturedFieldSize(fieldsetWrapper)\n        })\n    }\n    \n    function calculateFeaturedFieldSize (fieldsetWrapper) {\n        fieldsetWrapper\n            .closest('.hubspot-contact-form--has-featured-field')\n            .style\n            .paddingTop = fieldsetWrapper.offsetHeight + 50 + 'px';\n    }    \n\n    initForm_69f0c59484e55();\n<\/script>\n\n\n    <\/div>\n<\/div>\n<\/div>\n<\/div>\n\n\n    <\/div>\n<\/div>\n\n\n\n        <style>\n            .lindstrom-container--block_d1f985bf511b06e6c563fbede75ff620 {                \n                padding-top: 35px;\n                padding-bottom: 35px;\n            }\n\n            @media screen and (min-width: 768px) {\n                .lindstrom-container--block_d1f985bf511b06e6c563fbede75ff620 {\n                    padding-top: 75px;\n                    padding-bottom: 75px;\n                }\n            }\n        <\/style>\n    \n<div\n    class=\"lindstrom-container-wrapper lindstrom-container lindstrom-container--block_d1f985bf511b06e6c563fbede75ff620 \"\n    id=\"block_d1f985bf511b06e6c563fbede75ff620\"\n    style=\"background-color: #ffffff\"\n    >\n    <div class=\"lindstrom-container lindstrom-container--content items-stretch\">\n        \n    <\/div>\n<\/div>\n","protected":false},"excerpt":{"rendered":"","protected":false},"author":14,"featured_media":16508,"parent":16490,"menu_order":0,"template":"","meta":{"_acf_changed":true,"inline_featured_image":false,"_eb_attr":"","site-sidebar-layout":"default","site-content-layout":"default","ast-site-content-layout":"default","site-content-style":"default","site-sidebar-style":"default","ast-global-header-display":"","ast-banner-title-visibility":"","ast-main-header-display":"","ast-hfb-above-header-display":"","ast-hfb-below-header-display":"","ast-hfb-mobile-header-display":"","site-post-title":"","ast-breadcrumbs-content":"","ast-featured-img":"","footer-sml-layout":"","ast-disable-related-posts":"","theme-transparent-header-meta":"","adv-header-id-meta":"","stick-header-meta":"","header-above-stick-meta":"","header-main-stick-meta":"","header-below-stick-meta":"","astra-migrate-meta-layouts":"set","ast-page-background-enabled":"default","ast-page-background-meta":{"desktop":{"background-color":"var(--ast-global-color-4)","background-image":"","background-repeat":"repeat","background-position":"center center","background-size":"auto","background-attachment":"scroll","background-type":"","background-media":"","overlay-type":"","overlay-color":"","overlay-opacity":"","overlay-gradient":""},"tablet":{"background-color":"","background-image":"","background-repeat":"repeat","background-position":"center center","background-size":"auto","background-attachment":"scroll","background-type":"","background-media":"","overlay-type":"","overlay-color":"","overlay-opacity":"","overlay-gradient":""},"mobile":{"background-color":"","background-image":"","background-repeat":"repeat","background-position":"center center","background-size":"auto","background-attachment":"scroll","background-type":"","background-media":"","overlay-type":"","overlay-color":"","overlay-opacity":"","overlay-gradient":""}},"ast-content-background-meta":{"desktop":{"background-color":"var(--ast-global-color-5)","background-image":"","background-repeat":"repeat","background-position":"center center","background-size":"auto","background-attachment":"scroll","background-type":"","background-media":"","overlay-type":"","overlay-color":"","overlay-opacity":"","overlay-gradient":""},"tablet":{"background-color":"var(--ast-global-color-5)","background-image":"","background-repeat":"repeat","background-position":"center center","background-size":"auto","background-attachment":"scroll","background-type":"","background-media":"","overlay-type":"","overlay-color":"","overlay-opacity":"","overlay-gradient":""},"mobile":{"background-color":"var(--ast-global-color-5)","background-image":"","background-repeat":"repeat","background-position":"center center","background-size":"auto","background-attachment":"scroll","background-type":"","background-media":"","overlay-type":"","overlay-color":"","overlay-opacity":"","overlay-gradient":""}}},"coauthors":[20],"class_list":["post-16507","services","type-services","status-publish","has-post-thumbnail","hentry"],"acf":[],"yoast_head":"<!-- This site is optimized with the Yoast SEO plugin v27.2 - https:\/\/yoast.com\/product\/yoast-seo-wordpress\/ -->\n<title>Radna ode\u0107a za zaposlene u prehrambenoj industriji - Lindstr\u00f6m Serbia<\/title>\n<meta name=\"description\" content=\"Va\u0161 izbor na\u0161e usluge iznajmljivanja radne odec\u0301e obezbe\u0111uje da radna odec\u0301a va\u0161ih zaposlenih uvek bude \u010dista i higijenska. Na taj na\u010din c\u0301ete za\u0161tititi ne samo zdravlje svojih zaposlenih, vec\u0301 i kvalitet svojih proizvoda i \u010distoc\u0301u radnog okru\u017eenja.\" \/>\n<meta name=\"robots\" content=\"index, follow, max-snippet:-1, max-image-preview:large, max-video-preview:-1\" \/>\n<meta property=\"og:locale\" content=\"sr_RS\" \/>\n<meta property=\"og:type\" content=\"article\" \/>\n<meta property=\"og:title\" content=\"Radna ode\u0107a za zaposlene u prehrambenoj industriji - Lindstr\u00f6m Serbia\" \/>\n<meta property=\"og:description\" content=\"Va\u0161 izbor na\u0161e usluge iznajmljivanja radne odec\u0301e obezbe\u0111uje da radna odec\u0301a va\u0161ih zaposlenih uvek bude \u010dista i higijenska. Na taj na\u010din c\u0301ete za\u0161tititi ne samo zdravlje svojih zaposlenih, vec\u0301 i kvalitet svojih proizvoda i \u010distoc\u0301u radnog okru\u017eenja.\" \/>\n<meta property=\"og:url\" content=\"https:\/\/lindstromgroup.com\/rs\/usluge\/iznajmljivanje-radne-odece\/radna-odeca-za-zaposlene-u-prehrambenoj-industriji\/\" \/>\n<meta property=\"og:site_name\" content=\"Lindstr\u00f6m Serbia\" \/>\n<meta property=\"article:modified_time\" content=\"2026-04-23T09:51:33+00:00\" \/>\n<meta property=\"og:image\" content=\"https:\/\/d2ris6qfzcz0wn.cloudfront.net\/wp-content\/uploads\/sites\/12\/2024\/04\/Lindstrom-workwear-for-Food-Processing-3000x2000-1400x933-1.jpg\" \/>\n\t<meta property=\"og:image:width\" content=\"1400\" \/>\n\t<meta property=\"og:image:height\" content=\"933\" \/>\n\t<meta property=\"og:image:type\" content=\"image\/jpeg\" \/>\n<meta name=\"twitter:card\" content=\"summary_large_image\" \/>\n<meta name=\"twitter:label1\" content=\"\u041f\u0440\u043e\u0446\u0435\u045a\u0435\u043d\u043e \u0432\u0440\u0435\u043c\u0435 \u0447\u0438\u0442\u0430\u045a\u0430\" \/>\n\t<meta name=\"twitter:data1\" content=\"4 \u043c\u0438\u043d\u0443\u0442\u0430\" \/>\n\t<meta name=\"twitter:label2\" content=\"Written by\" \/>\n\t<meta name=\"twitter:data2\" content=\"Lindstr\u00f6m Group\" \/>\n<script type=\"application\/ld+json\" class=\"yoast-schema-graph\">{\"@context\":\"https:\/\/schema.org\",\"@graph\":[{\"@type\":\"WebPage\",\"@id\":\"https:\/\/lindstromgroup.com\/rs\/usluge\/iznajmljivanje-radne-odece\/radna-odeca-za-zaposlene-u-prehrambenoj-industriji\/\",\"url\":\"https:\/\/lindstromgroup.com\/rs\/usluge\/iznajmljivanje-radne-odece\/radna-odeca-za-zaposlene-u-prehrambenoj-industriji\/\",\"name\":\"Radna ode\u0107a za zaposlene u prehrambenoj industriji - Lindstr\u00f6m Serbia\",\"isPartOf\":{\"@id\":\"https:\/\/lindstromgroup.com\/rs\/#website\"},\"primaryImageOfPage\":{\"@id\":\"https:\/\/lindstromgroup.com\/rs\/usluge\/iznajmljivanje-radne-odece\/radna-odeca-za-zaposlene-u-prehrambenoj-industriji\/#primaryimage\"},\"image\":{\"@id\":\"https:\/\/lindstromgroup.com\/rs\/usluge\/iznajmljivanje-radne-odece\/radna-odeca-za-zaposlene-u-prehrambenoj-industriji\/#primaryimage\"},\"thumbnailUrl\":\"https:\/\/d2ris6qfzcz0wn.cloudfront.net\/wp-content\/uploads\/sites\/12\/2024\/04\/Lindstrom-workwear-for-Food-Processing-3000x2000-1400x933-1.jpg\",\"datePublished\":\"2024-04-14T18:00:23+00:00\",\"dateModified\":\"2026-04-23T09:51:33+00:00\",\"description\":\"Va\u0161 izbor na\u0161e usluge iznajmljivanja radne odec\u0301e obezbe\u0111uje da radna odec\u0301a va\u0161ih zaposlenih uvek bude \u010dista i higijenska. Na taj na\u010din c\u0301ete za\u0161tititi ne samo zdravlje svojih zaposlenih, vec\u0301 i kvalitet svojih proizvoda i \u010distoc\u0301u radnog okru\u017eenja.\",\"breadcrumb\":{\"@id\":\"https:\/\/lindstromgroup.com\/rs\/usluge\/iznajmljivanje-radne-odece\/radna-odeca-za-zaposlene-u-prehrambenoj-industriji\/#breadcrumb\"},\"inLanguage\":\"sr-RS\",\"potentialAction\":[{\"@type\":\"ReadAction\",\"target\":[\"https:\/\/lindstromgroup.com\/rs\/usluge\/iznajmljivanje-radne-odece\/radna-odeca-za-zaposlene-u-prehrambenoj-industriji\/\"]}]},{\"@type\":\"ImageObject\",\"inLanguage\":\"sr-RS\",\"@id\":\"https:\/\/lindstromgroup.com\/rs\/usluge\/iznajmljivanje-radne-odece\/radna-odeca-za-zaposlene-u-prehrambenoj-industriji\/#primaryimage\",\"url\":\"https:\/\/d2ris6qfzcz0wn.cloudfront.net\/wp-content\/uploads\/sites\/12\/2024\/04\/Lindstrom-workwear-for-Food-Processing-3000x2000-1400x933-1.jpg\",\"contentUrl\":\"https:\/\/d2ris6qfzcz0wn.cloudfront.net\/wp-content\/uploads\/sites\/12\/2024\/04\/Lindstrom-workwear-for-Food-Processing-3000x2000-1400x933-1.jpg\",\"width\":1400,\"height\":933},{\"@type\":\"BreadcrumbList\",\"@id\":\"https:\/\/lindstromgroup.com\/rs\/usluge\/iznajmljivanje-radne-odece\/radna-odeca-za-zaposlene-u-prehrambenoj-industriji\/#breadcrumb\",\"itemListElement\":[{\"@type\":\"ListItem\",\"position\":1,\"name\":\"Home\",\"item\":\"https:\/\/lindstromgroup.com\/rs\/\"},{\"@type\":\"ListItem\",\"position\":2,\"name\":\"Iznajmljivanje radne ode\u0107e\",\"item\":\"https:\/\/lindstromgroup.com\/rs\/usluge\/iznajmljivanje-radne-odece\/\"},{\"@type\":\"ListItem\",\"position\":3,\"name\":\"Radna ode\u0107a za zaposlene u prehrambenoj industriji\"}]},{\"@type\":\"WebSite\",\"@id\":\"https:\/\/lindstromgroup.com\/rs\/#website\",\"url\":\"https:\/\/lindstromgroup.com\/rs\/\",\"name\":\"Lindstr\u00f6m Serbia\",\"description\":\"\",\"publisher\":{\"@id\":\"https:\/\/lindstromgroup.com\/rs\/#organization\"},\"potentialAction\":[{\"@type\":\"SearchAction\",\"target\":{\"@type\":\"EntryPoint\",\"urlTemplate\":\"https:\/\/lindstromgroup.com\/rs\/?s={search_term_string}\"},\"query-input\":{\"@type\":\"PropertyValueSpecification\",\"valueRequired\":true,\"valueName\":\"search_term_string\"}}],\"inLanguage\":\"sr-RS\"},{\"@type\":\"Organization\",\"@id\":\"https:\/\/lindstromgroup.com\/rs\/#organization\",\"name\":\"Lindstr\u00f6m Serbia\",\"url\":\"https:\/\/lindstromgroup.com\/rs\/\",\"logo\":{\"@type\":\"ImageObject\",\"inLanguage\":\"sr-RS\",\"@id\":\"https:\/\/lindstromgroup.com\/rs\/#\/schema\/logo\/image\/\",\"url\":\"https:\/\/d2ris6qfzcz0wn.cloudfront.net\/wp-content\/uploads\/sites\/12\/2023\/10\/Logo512.png\",\"contentUrl\":\"https:\/\/d2ris6qfzcz0wn.cloudfront.net\/wp-content\/uploads\/sites\/12\/2023\/10\/Logo512.png\",\"width\":512,\"height\":109,\"caption\":\"Lindstr\u00f6m Serbia\"},\"image\":{\"@id\":\"https:\/\/lindstromgroup.com\/rs\/#\/schema\/logo\/image\/\"}}]}<\/script>\n<!-- \/ Yoast SEO plugin. -->","yoast_head_json":{"title":"Radna ode\u0107a za zaposlene u prehrambenoj industriji - Lindstr\u00f6m Serbia","description":"Va\u0161 izbor na\u0161e usluge iznajmljivanja radne odec\u0301e obezbe\u0111uje da radna odec\u0301a va\u0161ih zaposlenih uvek bude \u010dista i higijenska. Na taj na\u010din c\u0301ete za\u0161tititi ne samo zdravlje svojih zaposlenih, vec\u0301 i kvalitet svojih proizvoda i \u010distoc\u0301u radnog okru\u017eenja.","robots":{"index":"index","follow":"follow","max-snippet":"max-snippet:-1","max-image-preview":"max-image-preview:large","max-video-preview":"max-video-preview:-1"},"og_locale":"sr_RS","og_type":"article","og_title":"Radna ode\u0107a za zaposlene u prehrambenoj industriji - Lindstr\u00f6m Serbia","og_description":"Va\u0161 izbor na\u0161e usluge iznajmljivanja radne odec\u0301e obezbe\u0111uje da radna odec\u0301a va\u0161ih zaposlenih uvek bude \u010dista i higijenska. Na taj na\u010din c\u0301ete za\u0161tititi ne samo zdravlje svojih zaposlenih, vec\u0301 i kvalitet svojih proizvoda i \u010distoc\u0301u radnog okru\u017eenja.","og_url":"https:\/\/lindstromgroup.com\/rs\/usluge\/iznajmljivanje-radne-odece\/radna-odeca-za-zaposlene-u-prehrambenoj-industriji\/","og_site_name":"Lindstr\u00f6m Serbia","article_modified_time":"2026-04-23T09:51:33+00:00","og_image":[{"width":1400,"height":933,"url":"https:\/\/d2ris6qfzcz0wn.cloudfront.net\/wp-content\/uploads\/sites\/12\/2024\/04\/Lindstrom-workwear-for-Food-Processing-3000x2000-1400x933-1.jpg","type":"image\/jpeg"}],"twitter_card":"summary_large_image","twitter_misc":{"\u041f\u0440\u043e\u0446\u0435\u045a\u0435\u043d\u043e \u0432\u0440\u0435\u043c\u0435 \u0447\u0438\u0442\u0430\u045a\u0430":"4 \u043c\u0438\u043d\u0443\u0442\u0430","Written by":"Lindstr\u00f6m Group"},"schema":{"@context":"https:\/\/schema.org","@graph":[{"@type":"WebPage","@id":"https:\/\/lindstromgroup.com\/rs\/usluge\/iznajmljivanje-radne-odece\/radna-odeca-za-zaposlene-u-prehrambenoj-industriji\/","url":"https:\/\/lindstromgroup.com\/rs\/usluge\/iznajmljivanje-radne-odece\/radna-odeca-za-zaposlene-u-prehrambenoj-industriji\/","name":"Radna ode\u0107a za zaposlene u prehrambenoj industriji - Lindstr\u00f6m Serbia","isPartOf":{"@id":"https:\/\/lindstromgroup.com\/rs\/#website"},"primaryImageOfPage":{"@id":"https:\/\/lindstromgroup.com\/rs\/usluge\/iznajmljivanje-radne-odece\/radna-odeca-za-zaposlene-u-prehrambenoj-industriji\/#primaryimage"},"image":{"@id":"https:\/\/lindstromgroup.com\/rs\/usluge\/iznajmljivanje-radne-odece\/radna-odeca-za-zaposlene-u-prehrambenoj-industriji\/#primaryimage"},"thumbnailUrl":"https:\/\/d2ris6qfzcz0wn.cloudfront.net\/wp-content\/uploads\/sites\/12\/2024\/04\/Lindstrom-workwear-for-Food-Processing-3000x2000-1400x933-1.jpg","datePublished":"2024-04-14T18:00:23+00:00","dateModified":"2026-04-23T09:51:33+00:00","description":"Va\u0161 izbor na\u0161e usluge iznajmljivanja radne odec\u0301e obezbe\u0111uje da radna odec\u0301a va\u0161ih zaposlenih uvek bude \u010dista i higijenska. Na taj na\u010din c\u0301ete za\u0161tititi ne samo zdravlje svojih zaposlenih, vec\u0301 i kvalitet svojih proizvoda i \u010distoc\u0301u radnog okru\u017eenja.","breadcrumb":{"@id":"https:\/\/lindstromgroup.com\/rs\/usluge\/iznajmljivanje-radne-odece\/radna-odeca-za-zaposlene-u-prehrambenoj-industriji\/#breadcrumb"},"inLanguage":"sr-RS","potentialAction":[{"@type":"ReadAction","target":["https:\/\/lindstromgroup.com\/rs\/usluge\/iznajmljivanje-radne-odece\/radna-odeca-za-zaposlene-u-prehrambenoj-industriji\/"]}]},{"@type":"ImageObject","inLanguage":"sr-RS","@id":"https:\/\/lindstromgroup.com\/rs\/usluge\/iznajmljivanje-radne-odece\/radna-odeca-za-zaposlene-u-prehrambenoj-industriji\/#primaryimage","url":"https:\/\/d2ris6qfzcz0wn.cloudfront.net\/wp-content\/uploads\/sites\/12\/2024\/04\/Lindstrom-workwear-for-Food-Processing-3000x2000-1400x933-1.jpg","contentUrl":"https:\/\/d2ris6qfzcz0wn.cloudfront.net\/wp-content\/uploads\/sites\/12\/2024\/04\/Lindstrom-workwear-for-Food-Processing-3000x2000-1400x933-1.jpg","width":1400,"height":933},{"@type":"BreadcrumbList","@id":"https:\/\/lindstromgroup.com\/rs\/usluge\/iznajmljivanje-radne-odece\/radna-odeca-za-zaposlene-u-prehrambenoj-industriji\/#breadcrumb","itemListElement":[{"@type":"ListItem","position":1,"name":"Home","item":"https:\/\/lindstromgroup.com\/rs\/"},{"@type":"ListItem","position":2,"name":"Iznajmljivanje radne ode\u0107e","item":"https:\/\/lindstromgroup.com\/rs\/usluge\/iznajmljivanje-radne-odece\/"},{"@type":"ListItem","position":3,"name":"Radna ode\u0107a za zaposlene u prehrambenoj industriji"}]},{"@type":"WebSite","@id":"https:\/\/lindstromgroup.com\/rs\/#website","url":"https:\/\/lindstromgroup.com\/rs\/","name":"Lindstr\u00f6m Serbia","description":"","publisher":{"@id":"https:\/\/lindstromgroup.com\/rs\/#organization"},"potentialAction":[{"@type":"SearchAction","target":{"@type":"EntryPoint","urlTemplate":"https:\/\/lindstromgroup.com\/rs\/?s={search_term_string}"},"query-input":{"@type":"PropertyValueSpecification","valueRequired":true,"valueName":"search_term_string"}}],"inLanguage":"sr-RS"},{"@type":"Organization","@id":"https:\/\/lindstromgroup.com\/rs\/#organization","name":"Lindstr\u00f6m Serbia","url":"https:\/\/lindstromgroup.com\/rs\/","logo":{"@type":"ImageObject","inLanguage":"sr-RS","@id":"https:\/\/lindstromgroup.com\/rs\/#\/schema\/logo\/image\/","url":"https:\/\/d2ris6qfzcz0wn.cloudfront.net\/wp-content\/uploads\/sites\/12\/2023\/10\/Logo512.png","contentUrl":"https:\/\/d2ris6qfzcz0wn.cloudfront.net\/wp-content\/uploads\/sites\/12\/2023\/10\/Logo512.png","width":512,"height":109,"caption":"Lindstr\u00f6m Serbia"},"image":{"@id":"https:\/\/lindstromgroup.com\/rs\/#\/schema\/logo\/image\/"}}]}},"publishpress_future_workflow_manual_trigger":{"enabledWorkflows":[]},"distributor_meta":false,"distributor_terms":false,"distributor_media":false,"distributor_original_site_name":"Lindstr\u00f6m Serbia","distributor_original_site_url":"https:\/\/lindstromgroup.com\/rs","push-errors":false,"_links":{"self":[{"href":"https:\/\/lindstromgroup.com\/rs\/wp-json\/wp\/v2\/services\/16507","targetHints":{"allow":["GET"]}}],"collection":[{"href":"https:\/\/lindstromgroup.com\/rs\/wp-json\/wp\/v2\/services"}],"about":[{"href":"https:\/\/lindstromgroup.com\/rs\/wp-json\/wp\/v2\/types\/services"}],"author":[{"embeddable":true,"href":"https:\/\/lindstromgroup.com\/rs\/wp-json\/wp\/v2\/users\/14"}],"up":[{"embeddable":true,"href":"https:\/\/lindstromgroup.com\/rs\/wp-json\/wp\/v2\/services\/16490"}],"wp:featuredmedia":[{"embeddable":true,"href":"https:\/\/lindstromgroup.com\/rs\/wp-json\/wp\/v2\/media\/16508"}],"wp:attachment":[{"href":"https:\/\/lindstromgroup.com\/rs\/wp-json\/wp\/v2\/media?parent=16507"}],"wp:term":[{"taxonomy":"author","embeddable":true,"href":"https:\/\/lindstromgroup.com\/rs\/wp-json\/wp\/v2\/coauthors?post=16507"}],"curies":[{"name":"wp","href":"https:\/\/api.w.org\/{rel}","templated":true}]}}