
    {"id":17665,"date":"2024-04-10T15:24:41","date_gmt":"2024-04-10T14:24:41","guid":{"rendered":"https:\/\/lindstromgroup.com\/pl\/?post_type=services&#038;p=17665"},"modified":"2025-10-22T08:19:22","modified_gmt":"2025-10-22T07:19:22","slug":"maty-na-klatki-schodowe","status":"publish","type":"services","link":"https:\/\/lindstromgroup.com\/pl\/serwis\/maty\/maty-na-klatki-schodowe\/","title":{"rendered":"Maty na klatki schodowe"},"content":{"rendered":"\n    <div\n        id=\"block_b08c8d8d1bd2b8ea970984799000f774\"\n        class=\"hero-sub hero-sub--block_b08c8d8d1bd2b8ea970984799000f774  flex flex-col-reverse lg:flex-row justify-between bg-dark-blue text-white\"\n    >        \n        <div class=\"flex flex-col gap-5 pt-10 pb-5 grow px-5 lg:px-20\">\n            <div class=\"flex flex-col justify-center gap-3 grow max-w-[var(--container-text-max)]\">\n                <h1 class=\"!mb-0 !text-white !text-title-medium lg:!text-title-large !font-bold hyphens-auto break-words\">\n                    Maty na klatki schodowe                <\/h1>\n    \n                <div class=\"hero-sub__description\">\n                    <p>Zadbaj o estetyk\u0119 i bezpiecze\u0144stwo ju\u017c od pierwszego kroku \u2013 dos\u0142ownie. Maty na klatki schodowe od Lindstr\u00f6m to skuteczne rozwi\u0105zanie, kt\u00f3re ogranicza ryzyko po\u015blizgni\u0119\u0107, chroni nawierzchni\u0119 przed zniszczeniem i zapewnia schludny wygl\u0105d w ka\u017cdej porze roku. To profesjonalny serwis mat \u2013 bez konieczno\u015bci zakupu, czyszczenia czy wymiany we w\u0142asnym zakresie.<\/p>\n                <\/div>\n    \n                                    <div class=\"flex flex-col flex-wrap gap-3 mt-3 md:flex-row\">\n                                                                                    <a \n                                    class=\"px-5 py-3 font-bold text-center text-link-small rounded-[30px] border-2 border-white !no-underline bg-white !text-dark-blue button-solid--white\"\n                                    href=\"#Poprosz\u0119\"\n                                    target=\"_self\"\n                                >\n                                    Poprosz\u0119 o ofert\u0119                                <\/a>\n                                                                        <\/div>\n                \n                            <\/div>\n                            <div class=\"font-bold hero-sub__breadcrumb text-body-small\">\n                        <span><span><a href=\"https:\/\/lindstromgroup.com\/pl\/\">Lindstr\u00f6m<\/a><\/span><\/span>                <\/div>\n                    <\/div>\n\n        <div class=\"[&#038;_picture]:w-full flex h-full lg:h-auto max-h-[350px] lg:max-h-none lg:min-h-full w-full lg:w-[650px]\">\n            <img decoding=\"async\"\n                class=\"object-cover w-full h-full\"\n                src=\"https:\/\/d2ris6qfzcz0wn.cloudfront.net\/wp-content\/uploads\/sites\/20\/2024\/04\/MAS_Lindstrom_Rappukaytavanmatot_Flamingo_sisaankaynti2_1600x1200px-1024x768-1.jpg\"\n                alt=\"Zadbaj o estetyk\u0119 i bezpiecze\u0144stwo ju\u017c od pierwszego kroku \u2013 dos\u0142ownie. Maty na klatki schodowe od Lindstr\u00f6m to skuteczne rozwi\u0105zanie, kt\u00f3re ogranicza ryzyko po\u015blizgni\u0119\u0107, chroni nawierzchni\u0119 przed zniszczeniem i zapewnia schludny wygl\u0105d w ka\u017cdej porze roku. To profesjonalny serwis mat \u2013 bez konieczno\u015bci zakupu, czyszczenia czy wymiany we w\u0142asnym zakresie.\"\n            >\n        <\/div>\n    <\/div>\n\n\n\n        <style>\n            .lindstrom-container--block_159d775d6e52ba9dfd902badc0867824 {                \n                padding-top: 35px;\n                padding-bottom: 0px;\n            }\n\n            @media screen and (min-width: 768px) {\n                .lindstrom-container--block_159d775d6e52ba9dfd902badc0867824 {\n                    padding-top: 75px;\n                    padding-bottom: 0px;\n                }\n            }\n        <\/style>\n    \n<div\n    class=\"lindstrom-container-wrapper lindstrom-container lindstrom-container--block_159d775d6e52ba9dfd902badc0867824 \"\n    id=\"block_159d775d6e52ba9dfd902badc0867824\"\n    style=\"background-color: #ffffff\"\n    >\n    <div class=\"lindstrom-container lindstrom-container--text items-stretch\">\n        \n\n        <div \n        id=\"cta-country-block_b498393b74c130cea2d74d1d7e15168f\" \n        class=\"cta-country\"\n    >\n        <div class=\"flex flex-col gap-5\" style=\"align-items: center\">\n                            <h2 class='!text-title-small lg:!text-title-medium !text-grey-100 !font-bold !my-0'>                    Dlaczego warto stosowa\u0107 maty na klatki wej\u015bciowe?                <\/h2>                                        <div class=\"cta-text\"><p>Maty na klatki schodowe maj\u0105 wi\u0119cej funkcji, ni\u017c mo\u017ce si\u0119 wydawa\u0107:<\/p>\n<ul>\n<li><strong>Zwi\u0119kszaj\u0105 bezpiecze\u0144stwo<\/strong> \u2013 zmniejszaj\u0105 ryzyko po\u015blizgni\u0119cia si\u0119 na mokrych lub zabrudzonych schodach.<\/li>\n<li><strong>Chroni\u0105 powierzchnie<\/strong> \u2013 zapobiegaj\u0105 \u015bcieraniu, rysowaniu i niszczeniu posadzek.<\/li>\n<li><strong>Poprawiaj\u0105 estetyk\u0119<\/strong> \u2013 maty s\u0105 eleganckie i dopasowane do wn\u0119trz budynk\u00f3w.<\/li>\n<li><strong>Ograniczaj\u0105 zabrudzenia<\/strong> \u2013 zatrzymuj\u0105 wod\u0119, b\u0142oto i py\u0142 ju\u017c na wej\u015bciu.<\/li>\n<li><strong>S\u0105 mobilne i elastyczne<\/strong> \u2013 mo\u017cna je \u0142atwo zdj\u0105\u0107, przenie\u015b\u0107 i dopasowa\u0107 do uk\u0142adu schod\u00f3w.<\/li>\n<\/ul>\n<\/div>\n                        <div class=\"cta-button-container cta-button-container--row\">\n                            <\/div>\n        <\/div>\n    <\/div>\n    \n\n\n        <div \n        id=\"cta-country-block_fbe23c3dd581d5d8cf587d52a3c0d3a1\" \n        class=\"cta-country\"\n    >\n        <div class=\"flex flex-col gap-5\" style=\"align-items: center\">\n                            <h2 class='!text-title-small lg:!text-title-medium !text-grey-100 !font-bold !my-0'>                    Maty na klatki schodowe to idealne rozwi\u0105zanie dla:                <\/h2>                                        <div class=\"cta-text\"><ul>\n<li>biurowc\u00f3w i obiekt\u00f3w u\u017cyteczno\u015bci publicznej<\/li>\n<li>klatek schodowych w budynkach mieszkalnych<\/li>\n<li>hoteli i pensjonat\u00f3w<\/li>\n<li>obiekt\u00f3w handlowych<\/li>\n<li>szk\u00f3\u0142 i plac\u00f3wek medycznych<\/li>\n<\/ul>\n<\/div>\n                        <div class=\"cta-button-container cta-button-container--row\">\n                            <\/div>\n        <\/div>\n    <\/div>\n    \n\n\n<figure class=\"wp-block-embed is-type-video is-provider-youtube wp-block-embed-youtube wp-embed-aspect-16-9 wp-has-aspect-ratio\" style=\"margin-top:var(--wp--preset--spacing--80);margin-right:var(--wp--preset--spacing--80);margin-bottom:var(--wp--preset--spacing--80);margin-left:var(--wp--preset--spacing--80)\"><div class=\"wp-block-embed__wrapper\">\n<iframe loading=\"lazy\" title=\"Komfort z wynajmu mat standard Lindstrom\" width=\"500\" height=\"281\" src=\"https:\/\/www.youtube.com\/embed\/oBMpaxrklvw?feature=oembed&#038;enablejsapi=1&#038;origin=https:\/\/lindstromgroup.com\" frameborder=\"0\" allow=\"accelerometer; autoplay; clipboard-write; encrypted-media; gyroscope; picture-in-picture; web-share\" referrerpolicy=\"strict-origin-when-cross-origin\" allowfullscreen><\/iframe>\n<\/div><\/figure>\n\n\n\n<div aria-hidden=\"true\" class=\"wp-block-fsb-flexible-spacer fsb-flexible-spacer\"><div class=\"fsb-flexible-spacer__device fsb-flexible-spacer__device--lg\" style=\"height:100px\"><\/div><div class=\"fsb-flexible-spacer__device fsb-flexible-spacer__device--md\" style=\"height:100px\"><\/div><div class=\"fsb-flexible-spacer__device fsb-flexible-spacer__device--sm\" style=\"height:100px\"><\/div><\/div>\n\n\n\n        <div \n        id=\"cta-country-block_61b1ffc8d13ca8c068b35d2d6daefb56\" \n        class=\"cta-country\"\n    >\n        <div class=\"flex flex-col gap-5\" style=\"align-items: center\">\n                            <h2 class='!text-title-small lg:!text-title-medium !text-grey-100 !font-bold !my-0'>                    Wynajem mat schodowych \u2013 jak dzia\u0142a us\u0142uga Lindstr\u00f6m?                <\/h2>                                        <div class=\"cta-text\"><p>W Lindstr\u00f6m oferujemy <strong>kompleksow\u0105 us\u0142ug\u0119 wynajmu mat na klatki schodowe<\/strong>:<\/p>\n<ol>\n<li><strong>Dopasowanie produktu<\/strong> \u2013 dobieramy rodzaj i rozmiar mat do lokalizacji.<\/li>\n<li><strong>Regularna wymiana<\/strong> \u2013 cykliczne odbiory zabrudzonych mat i dostawa czystych.<\/li>\n<li><strong>Profesjonalne pranie<\/strong> \u2013 zgodne z normami higienicznymi.<\/li>\n<li><strong>Zarz\u0105dzanie zapasami<\/strong> \u2013 monitorowanie potrzeb przez system eLindstr\u00f6m.<\/li>\n<li><strong>Zero obowi\u0105zk\u00f3w po stronie klienta<\/strong> \u2013 oszcz\u0119dno\u015b\u0107 czasu i koszt\u00f3w.<\/li>\n<\/ol>\n<\/div>\n                        <div class=\"cta-button-container cta-button-container--row\">\n                            <\/div>\n        <\/div>\n    <\/div>\n    \n\n\n        <div \n        id=\"cta-country-block_3d6c9e7a2e2572f72a42c2e610d5cc0b\" \n        class=\"cta-country\"\n    >\n        <div class=\"flex flex-col gap-5\" style=\"align-items: flex-start\">\n                            <h2 class='!text-title-small lg:!text-title-medium !text-grey-100 !font-bold !my-0'>                    Specyfikacja mat schodowych Lindstr\u00f6m:                <\/h2>                                        <div class=\"cta-text\"><ul>\n<li>Wysoka ch\u0142onno\u015b\u0107 (woda, b\u0142oto, s\u00f3l drogowa)<\/li>\n<li>Powierzchnia antypo\u015blizgowa<\/li>\n<li>Wysoka odporno\u015b\u0107 na \u015bcieranie<\/li>\n<li>Stabilne przyleganie do powierzchni<\/li>\n<li>Mo\u017cliwo\u015b\u0107 dopasowania kolorystycznego i rozmiarowego<\/li>\n<\/ul>\n<\/div>\n                        <div class=\"cta-button-container cta-button-container--row\">\n                            <\/div>\n        <\/div>\n    <\/div>\n    \n\n\n        <div \n        id=\"cta-country-block_9adc0a34d55f2e6d2cd5311f72ed3a3b\" \n        class=\"cta-country\"\n    >\n        <div class=\"flex flex-col gap-5\" style=\"align-items: flex-start\">\n                            <h2 class='!text-title-small lg:!text-title-medium !text-grey-100 !font-bold !my-0'>                    Korzy\u015bci dla Twojej firmy lub instytucji                <\/h2>                                        <div class=\"cta-text\"><ul>\n<li><strong>Bezpiecze\u0144stwo pracownik\u00f3w i go\u015bci<\/strong><\/li>\n<li><strong>Ni\u017csze koszty utrzymania czysto\u015bci<\/strong><\/li>\n<li><strong>Zadbany wygl\u0105d wn\u0119trz niezale\u017cnie od pogody<\/strong><\/li>\n<li><strong>Mniejsze zu\u017cycie schod\u00f3w i posadzek<\/strong><\/li>\n<li><strong>Zgodno\u015b\u0107 z normami BHP<\/strong><\/li>\n<\/ul>\n<\/div>\n                        <div class=\"cta-button-container cta-button-container--row\">\n                            <\/div>\n        <\/div>\n    <\/div>\n    \n\n    <\/div>\n<\/div>\n\n\n\n        <div \n        id=\"catalogue-block_c05d61a6b6cb0a5ee81b27bc40efc2b5\" \n        class=\"catalogue\"\n    >\n        <div class=\"flex flex-col catalogue__container\">\n            \n                                                <div class=\"grid w-full grid-cols-1 md:grid-cols-2\">\n                        <div class=\"catalogue__media relative\">\n                                                            <img decoding=\"async\" \n                                    class=\"object-cover h-full w-full max-h-[250px] md:max-h-none md:absolute top-0 left-0\" \n                                    src=\"https:\/\/d2ris6qfzcz0wn.cloudfront.net\/wp-content\/uploads\/sites\/20\/2024\/08\/vchod-rohoz-1.jpeg\" \n                                    alt=\"Czyste i bezpieczne klatki schodowe zapewniaj\u0105 zadowolonych mieszka\u0144c\u00f3w\" \n                                \/>\n                                                    <\/div>\n                        <div class=\"flex flex-col justify-center flex-1 gap-5 px-5 py-5 lg:px-20 lg:py-10 catalogue__content min-h-[250px] md:min-h-[350px]\" style=\"background-color:#003f72;\">\n                            <div class=\"flex flex-col gap-2\">\n                                <p \n                                    class=\"text-[16px]\/[22.4px] md:text-[25px]\/[32.5px] text-left tracking-[0.8px] md:tracking-normal uppercase md:normal-case font-bold !mb-0\" \n                                    style=\"color:#FFFFFF;\">\n                                        Czyste i bezpieczne klatki schodowe zapewniaj\u0105 zadowolonych mieszka\u0144c\u00f3w                                <\/p>\n                                <p class=\"text-[15px]\/[21px] text-left font-normal !mb-0\" style=\"color:#FFFFFF;\">Waga:\u00a02,6\u00a0kg\/m2\r\nRozmiary (cm):\r\n\r\nbr\u0105zowa: 85 x 150cm , 115 x 200 cm;\u00a0\r\n<\/p>\n                                                            <\/div>\n                                                    <\/div>\n                    <\/div>\n                                    <div class=\"grid w-full grid-cols-1 md:grid-cols-2\">\n                        <div class=\"catalogue__media relative\">\n                                                            <img decoding=\"async\" \n                                    class=\"object-cover h-full w-full max-h-[250px] md:max-h-none md:absolute top-0 left-0\" \n                                    src=\"https:\/\/d2ris6qfzcz0wn.cloudfront.net\/wp-content\/uploads\/sites\/20\/2024\/08\/img-7124-1024x683-1.jpeg\" \n                                    alt=\"Zlecaj\u0105c wynajem i serwis mat zyskujesz czas i masz gwarancj\u0119 czystego wn\u0119trza\" \n                                \/>\n                                                    <\/div>\n                        <div class=\"flex flex-col justify-center flex-1 gap-5 px-5 py-5 lg:px-20 lg:py-10 catalogue__content min-h-[250px] md:min-h-[350px]\" style=\"background-color:#003f72;\">\n                            <div class=\"flex flex-col gap-2\">\n                                <p \n                                    class=\"text-[16px]\/[22.4px] md:text-[25px]\/[32.5px] text-left tracking-[0.8px] md:tracking-normal uppercase md:normal-case font-bold !mb-0\" \n                                    style=\"color:#FFFFFF;\">\n                                        Zlecaj\u0105c wynajem i serwis mat zyskujesz czas i masz gwarancj\u0119 czystego wn\u0119trza                                <\/p>\n                                <p class=\"text-[15px]\/[21px] text-left font-normal !mb-0\" style=\"color:#FFFFFF;\">szara: 85 x 150 cm,\u00a0 115 x 200 cm; 150 x 250 cm; 150 x\u00a0 300 cm\r\nMateria\u0142: Skr\u0119cane w\u0142\u00f3kna nylonowe, pod\u0142o\u017ce z kauczuku nitrylowego\r\nKlasa reakcji na ogie\u0144 (EN 13501):\u00a0Cfl\u00a0\u2013 S1<\/p>\n                                                            <\/div>\n                                                    <\/div>\n                    <\/div>\n                                    <div class=\"grid w-full grid-cols-1 md:grid-cols-2\">\n                        <div class=\"catalogue__media relative\">\n                                                            <img decoding=\"async\" \n                                    class=\"object-cover h-full w-full max-h-[250px] md:max-h-none md:absolute top-0 left-0\" \n                                    src=\"https:\/\/d2ris6qfzcz0wn.cloudfront.net\/wp-content\/uploads\/sites\/20\/2024\/08\/highres-mas-design-referenssi-trokarinlinna-0950-1024x704-1.jpeg\" \n                                    alt=\"Ekologiczne - wykonane z butelek PET z recyklingu\" \n                                \/>\n                                                    <\/div>\n                        <div class=\"flex flex-col justify-center flex-1 gap-5 px-5 py-5 lg:px-20 lg:py-10 catalogue__content min-h-[250px] md:min-h-[350px]\" style=\"background-color:#003f72;\">\n                            <div class=\"flex flex-col gap-2\">\n                                <p \n                                    class=\"text-[16px]\/[22.4px] md:text-[25px]\/[32.5px] text-left tracking-[0.8px] md:tracking-normal uppercase md:normal-case font-bold !mb-0\" \n                                    style=\"color:#FFFFFF;\">\n                                        Ekologiczne &#8211; wykonane z butelek PET z recyklingu                                <\/p>\n                                <p class=\"text-[15px]\/[21px] text-left font-normal !mb-0\" style=\"color:#FFFFFF;\">Do produkcji wej\u015bciowej maty Standard \/ Eko Design (personalizowanych mat np. z logo) o wymiarach 115 x 200 cm u\u017cyto 150 butelek PET (0,5 l) pochodz\u0105cych z recyklingu.<\/p>\n                                                            <\/div>\n                                                    <\/div>\n                    <\/div>\n                 \n                        \n        <\/div>\n    <\/div>\n    \n\n\n        <style>\n            .lindstrom-container--block_e27d789f3952925b142a8807670afdc5 {                \n                padding-top: 35px;\n                padding-bottom: 0px;\n            }\n\n            @media screen and (min-width: 768px) {\n                .lindstrom-container--block_e27d789f3952925b142a8807670afdc5 {\n                    padding-top: 75px;\n                    padding-bottom: 0px;\n                }\n            }\n        <\/style>\n    \n<div\n    class=\"lindstrom-container-wrapper lindstrom-container lindstrom-container--block_e27d789f3952925b142a8807670afdc5 \"\n    id=\"section-2\"\n    style=\"background-color: #ffffff\"\n    >\n    <div class=\"lindstrom-container lindstrom-container--text items-stretch\">\n        \n\n        <div \n        id=\"mat\" \n        class=\"cta-country\"\n    >\n        <div class=\"flex flex-col gap-5\" style=\"align-items: center\">\n                            <h2 class='!text-title-small lg:!text-title-medium !text-grey-100 !font-bold !my-0'>                    Wynajem mat wej\u015bciowych                <\/h2>                                    <div class=\"cta-button-container cta-button-container--row\">\n                            <\/div>\n        <\/div>\n    <\/div>\n    \n\n\n            <div \n            id=\"accordions-block_cff82e0dd6154cf9a26cc103e302c424\" \n            class=\"accordions\"\n        >\n                            \n        <div class='accordion__item'>\n            <div class='item__header'>\n            <span class='header__icon material-symbols-outlined'>add<\/span>\n                <h4 class='header__title'>\n                    Dlaczego warto skorzysta\u0107 z us\u0142ugi wynajmu mat pod\u0142ogowych?\n                <\/h4>                                \n            <\/div>\n            <div class='item__content item__content--open'>\n                <div class='content__description'>\n                    <ul>\n<li><strong>Czasoch\u0142onne:<\/strong> Konserwacja i czyszczenie w\u0142asnych wycieraczek wej\u015bciowych mo\u017ce zaj\u0105\u0107 du\u017co czasu i wysi\u0142ku. Oznacza to, \u017ce Twoi pracownicy s\u0105 zaj\u0119ci sprz\u0105taniem i nie mog\u0105 wykonywa\u0107 innych wa\u017cnych zada\u0144 zawodowych.<\/li>\n<li><strong>Estetyczny i czysty wygl\u0105d:<\/strong> Us\u0142uga wynajmu mat pod\u0142ogowych obejmuje wymian\u0119 mat w regularnych odst\u0119pach czasu i w miar\u0119 potrzeb, co zagwarantuje estetyczny wygl\u0105d stref wej\u015bciowych. Maty niestandardowe po pewnym czasie u\u017cytkowania mog\u0105 straci\u0107 sw\u00f3j wygl\u0105d i jako\u015b\u0107 i trzeba je wyrzuci\u0107 i kupi\u0107 nowe.<\/li>\n<li><strong>Us\u0142uga dostosowana do indywidualnych potrzeb:<\/strong> W przypadku korzystania z w\u0142asnych mat mo\u017ce zaistnie\u0107 sytuacja, w kt\u00f3rej mata b\u0119dzie niedost\u0119pna (np. podczas prania lub czyszczenia). To nie stanie si\u0119 z Tob\u0105 w przypadku us\u0142ugi. Nie czekasz, a\u017c mata zostanie wyprana i wysuszona, zanim b\u0119dziesz m\u00f3g\u0142 j\u0105 ponownie roz\u0142o\u017cy\u0107 w holu. Dzi\u0119ki serwisowi Lindstr\u00f6m mata jest zawsze na swoim miejscu.<\/li>\n<\/ul>\n\n                <\/div>\n            <\/div>\n        <\/div>\n                                \n        <div class='accordion__item'>\n            <div class='item__header'>\n            <span class='header__icon material-symbols-outlined'>add<\/span>\n                <h4 class='header__title'>\n                    Jak dzia\u0142a us\u0142uga wynajmu mat wej\u015bciowych?\n                <\/h4>                                \n            <\/div>\n            <div class='item__content item__content--open'>\n                <div class='content__description'>\n                    <p>Je\u015bli si\u0119 z nami skontaktujesz,\u00a0\u00a0<strong>pomo\u017cemy Ci nie tylko w wyborze<\/strong>\u00a0. Oferujemy\u00a0us\u0142ug\u0119\u00a0\u00a0<strong>wynajmu mat wej\u015bciowych<\/strong>, dzi\u0119ki kt\u00f3rej b\u0119dziesz mia\u0142 minimum zmartwie\u0144 zwi\u0105zanych z matami. Je\u015bli zdecydujesz si\u0119 na wynajem,\u00a0\u00a0<strong>wsp\u00f3lnie dobierzemy maty do Twojego lokalu<\/strong>\u00a0, pomo\u017cemy w doborze ilo\u015bci i rodzaju mat oraz z pewno\u015bci\u0105 spe\u0142nimy Twoje wymagania projektowe. Nast\u0119pnie Lindstr\u00f6m kupuje uzgodnione maty lub zleca ich wykonanie. Nast\u0119pnie\u00a0\u00a0<strong>przywieziemy maty do Twojej firmy i umie\u015bcimy je w wyznaczonych miejscach<\/strong>\u00a0. Zgodnie z umow\u0105 lub w zale\u017cno\u015bci od aktualnego stopnia zabrudzenia\u00a0\u00a0<strong>regularnie jedziemy odebra\u0107 maty i zabra\u0107 je do czyszczenia.<\/strong> \u00a0W strefach wej\u015bciowych od razu umieszczamy nowe, czyste maty. Nast\u0119pnie specjalnie czy\u015bcimy zabrudzone maty. Je\u015bli s\u0105 na nich jakie\u015b uszkodzenia, naprawimy maty. Na koniec po ustalonym terminie ponownie przywieziemy nowe i czyste maty oraz ponownie zabierzemy zabrudzone maty. Zawsze szanujemy potrzeby danej firmy. W miejscach, gdzie codziennie przechodz\u0105 setki os\u00f3b, cz\u0119\u015bciej zmieniamy maty i odwrotnie.<\/p>\n<p>Dzi\u0119ki wypo\u017cyczeniu mat Lindstr\u00f6m nie musisz martwi\u0107 si\u0119 o wyb\u00f3r mat i ich czyszczenie.\u00a0\u00a0<b>Twoja firma b\u0119dzie wtedy wygl\u0105da\u0107 reprezentacyjnie i czysto ka\u017cdego dnia.<\/b><\/p>\n\n                <\/div>\n            <\/div>\n        <\/div>\n                                \n        <div class='accordion__item'>\n            <div class='item__header'>\n            <span class='header__icon material-symbols-outlined'>add<\/span>\n                <h4 class='header__title'>\n                    Jaki kszta\u0142t maty dost\u0119pny jest w ramach us\u0142ugi wynajmu maty?\n                <\/h4>                                \n            <\/div>\n            <div class='item__content item__content--open'>\n                <div class='content__description'>\n                    <p><span>Produkujemy czyszcz\u0105ce maty wej\u015bciowe\u00a0<\/span><strong><span>we wszystkich mo\u017cliwych kszta\u0142tach i rozmiarach<\/span><\/strong><span>\u00a0\u00a0do kilku metr\u00f3w d\u0142ugo\u015bci. Opr\u00f3cz prostok\u0105tnego kszta\u0142tu w naszej kolekcji znajduj\u0105 si\u0119 r\u00f3wnie\u017c maty okr\u0105g\u0142e, sze\u015bciok\u0105tne, a nawet owalne, pasuj\u0105ce do ka\u017cdej przestrzeni.<\/span><\/p>\n\n                <\/div>\n            <\/div>\n        <\/div>\n                                \n        <div class='accordion__item'>\n            <div class='item__header'>\n            <span class='header__icon material-symbols-outlined'>add<\/span>\n                <h4 class='header__title'>\n                    Jaka jest najlepsza cz\u0119stotliwo\u015b\u0107 zmiany mat?\n                <\/h4>                                \n            <\/div>\n            <div class='item__content item__content--open'>\n                <div class='content__description'>\n                    <p>Cz\u0119stotliwo\u015b\u0107 wymiany wypo\u017cyczanych mat wynosi zazwyczaj 2x w miesi\u0105cu lub 1x w tygodniu:<\/p>\n<ul>\n<li>Cz\u0119stotliwo\u015b\u0107 wymiany 2x w miesi\u0105cu jest odpowiednia, je\u015bli przez mat\u0119 pod\u0142ogow\u0105 przechodzi du\u017ca liczba os\u00f3b (oko\u0142o 50-100 os\u00f3b dziennie). Mata po\u0142o\u017cona jest w pobli\u017cu g\u0142\u00f3wnego wej\u015bcia do budynku. Ilo\u015b\u0107 brudu z ulicy nie jest zbyt du\u017ca.<\/li>\n<li>Cz\u0119stotliwo\u015b\u0107 wymiany wybieramy raz w tygodniu w przypadku, gdy przez mat\u0119 czyszcz\u0105c\u0105 codziennie przechodzi du\u017ca liczba os\u00f3b (ponad 100 os\u00f3b dziennie). Maty umieszczone s\u0105 przy g\u0142\u00f3wnym wej\u015bciu do budynku. Z ulicy przywo\u017cone s\u0105 du\u017ce ilo\u015bci brudu.<\/li>\n<li>Cz\u0119stotliwo\u015b\u0107 wymiany raz na 4 tygodnie zalecamy kiedy dziennie przechodzi przez mat\u0119 oko\u0142o 20 os\u00f3b. Dodatkowo je\u015bli jest ona po\u0142o\u017cona w g\u0142\u0119bi budynku nie trzeba jej wymienia\u0107 tak cz\u0119sto.<\/li>\n<\/ul>\n\n                <\/div>\n            <\/div>\n        <\/div>\n                                \n        <div class='accordion__item'>\n            <div class='item__header'>\n            <span class='header__icon material-symbols-outlined'>add<\/span>\n                <h4 class='header__title'>\n                    Jak wygl\u0105daj\u0105 maty \u2013 czy mo\u017cna tworzy\u0107 w\u0142asne wzory?\n                <\/h4>                                \n            <\/div>\n            <div class='item__content item__content--open'>\n                <div class='content__description'>\n                    <p>Tak, jak najbardziej mo\u017cna na macie tworzy\u0107 obrazy jak z galerii. Cz\u0119sto te\u017c umieszczamy na matach logo lub inne napisy jak &#8221; Dowiedzenia&#8221;, lub &#8222;Witamy&#8221;. Dost\u0119pne jest a\u017c 65 kolor\u00f3w dzi\u0119ki czemu mo\u017cna na mat\u0119 przenie\u015b\u0107 skomplikowane grafiki. Kolory nie p\u0142owiej\u0105 i d\u0142ugu utrzymuj\u0105 si\u0119 na macie.<\/p>\n\n                <\/div>\n            <\/div>\n        <\/div>\n                                \n        <div class='accordion__item'>\n            <div class='item__header'>\n            <span class='header__icon material-symbols-outlined'>add<\/span>\n                <h4 class='header__title'>\n                    Czy cz\u0119stotliwo\u015b\u0107 wynajmu mo\u017ce ulec zmianie w ci\u0105gu okresu?\n                <\/h4>                                \n            <\/div>\n            <div class='item__content item__content--open'>\n                <div class='content__description'>\n                    <p>Mo\u017cesz z g\u00f3ry okre\u015bli\u0107, kt\u00f3ry okres chcesz zmienia\u0107 i jak cz\u0119sto &#8211; np. w zale\u017cno\u015bci od sezonowo\u015bci w lecie zmieniaj cz\u0119\u015bciej w zimie co tydzie\u0144 ze wzgl\u0119du na pogod\u0119 i s\u00f3l. W lecie rekomendujemy wymiany co miesi\u0105c. Potrafimy dostosowa\u0107 si\u0119 do klient\u00f3w tak\u017ce operacyjnie.<\/p>\n\n                <\/div>\n            <\/div>\n        <\/div>\n                        <\/div>\n    \n\n    <\/div>\n<\/div>\n\n\n\n<div aria-hidden=\"true\" class=\"wp-block-fsb-flexible-spacer fsb-flexible-spacer\"><div class=\"fsb-flexible-spacer__device fsb-flexible-spacer__device--lg\" style=\"height:100px\"><\/div><div class=\"fsb-flexible-spacer__device fsb-flexible-spacer__device--md\" style=\"height:100px\"><\/div><div class=\"fsb-flexible-spacer__device fsb-flexible-spacer__device--sm\" style=\"height:100px\"><\/div><\/div>\n\n\n\n        <style>\n            .country-site-certifications--block_717f32e1eeac25727803702eefea534c {                \n                padding-top: 35px;\n                padding-bottom: 35px;\n            }\n\n            @media screen and (min-width: 768px) {\n                .country-site-certifications--block_717f32e1eeac25727803702eefea534c {\n                    padding-top: 50px;\n                    padding-bottom: 50px;\n                }\n            }\n        <\/style>\n    \n            <div\n            id=\"block_717f32e1eeac25727803702eefea534c\"\n            style=\"background-color: #ffffff\"\n            class=\"lindstrom-container-wrapper border-t border-grey-25 country-site-certifications country-site-certifications--block_717f32e1eeac25727803702eefea534c \"\n        >\n            <div class=\"flex flex-col items-center self-stretch gap-5 lindstrom-container lindstrom-container--content lg:flex-row lg:gap-20\">\n                <div class=\"flex flex-col items-center justify-center gap-5 lg:items-start basis-full lg:basis-1\/4 self-baseline\">\n                    <h2 class=\"!text-grey-100 !text-[22px]\/[33px] !font-bold uppercase tracking-[.33px]\">Certyfikaty<\/h2>\n                    <p class=\"!text-grey-100 !text-[18px]\/[27px] opacity-90 text-center lg:text-left\"><\/p>\n                <\/div>\n                <div class=\"relative w-full max-w-full\">\n                    <div class=\"flex justify-start gap-3 overflow-x-auto lg:justify-end\">\n                                            <div class=\"relative text-center w-[150px]\">\n                            <img decoding=\"async\" class=\"aspect-square w-full object-contain\" src=\"https:\/\/d2ris6qfzcz0wn.cloudfront.net\/wp-content\/uploads\/sites\/20\/2024\/01\/ManagementSysCert_ISO9001_14001_45001_col_11-1-e1671201305996-300x300-1.webp\" alt=\"\" \/>\n                                                                                <\/div>\n                                            <div class=\"relative text-center w-[150px]\">\n                            <img decoding=\"async\" class=\"aspect-square w-full object-contain\" src=\"https:\/\/d2ris6qfzcz0wn.cloudfront.net\/wp-content\/uploads\/sites\/20\/2024\/04\/BioContaminationControl_EN14065_col11-1-300x291.png\" alt=\"\" \/>\n                                                                                <\/div>\n                                            <div class=\"relative text-center w-[150px]\">\n                            <img decoding=\"async\" class=\"aspect-square w-full object-contain\" src=\"https:\/\/d2ris6qfzcz0wn.cloudfront.net\/wp-content\/uploads\/sites\/20\/2024\/04\/EnvironmentalSysCert_ISO14001_col-1-250x300-1.jpg\" alt=\"\" \/>\n                                                                                <\/div>\n                                            <div class=\"relative text-center w-[150px]\">\n                            <img decoding=\"async\" class=\"aspect-square w-full object-contain\" src=\"https:\/\/d2ris6qfzcz0wn.cloudfront.net\/wp-content\/uploads\/sites\/20\/2024\/04\/QualitySysCert_ISO9001_col-1-250x300-1.jpg\" alt=\"\" \/>\n                                                                                <\/div>\n                                            <div class=\"relative text-center w-[150px]\">\n                            <img decoding=\"async\" class=\"aspect-square w-full object-contain\" src=\"https:\/\/d2ris6qfzcz0wn.cloudfront.net\/wp-content\/uploads\/sites\/20\/2024\/04\/LINDSTROM-OY-GROUP_EV_Recognition_2026_p-300x300.jpg\" alt=\"\" \/>\n                                                                                <\/div>\n                                        <\/div>\n                <\/div>\n            <\/div>\n        <\/div>\n    \n\n\n        <style>\n            .lindstrom-container--block_7b4039c02d06fe4a6bb69aea3396c16c {                \n                padding-top: 35px;\n                padding-bottom: 35px;\n            }\n\n            @media screen and (min-width: 768px) {\n                .lindstrom-container--block_7b4039c02d06fe4a6bb69aea3396c16c {\n                    padding-top: 75px;\n                    padding-bottom: 75px;\n                }\n            }\n        <\/style>\n    \n<div\n    class=\"lindstrom-container-wrapper lindstrom-container lindstrom-container--block_7b4039c02d06fe4a6bb69aea3396c16c \"\n    id=\"block_7b4039c02d06fe4a6bb69aea3396c16c\"\n    style=\"background-color: #f2f2f2\"\n    >\n    <div class=\"lindstrom-container lindstrom-container--content items-stretch\">\n        \n\n        <div \n        id=\"cta-country-block_c2053fa8802751e68cffdd1075a82550\" \n        class=\"cta-country\"\n    >\n        <div class=\"flex flex-col gap-5\" style=\"align-items: flex-start\">\n                            <h2 class='!text-title-small lg:!text-title-medium !text-grey-100 !font-bold !my-0'>                    Nasze inne popularne us\u0142ugi                <\/h2>                                    <div class=\"cta-button-container cta-button-container--row\">\n                            <\/div>\n        <\/div>\n    <\/div>\n    \n\n\n        <div \n        id=\"services-showcase-block_b4af6a6cdc3310a6ba861c7d309df56d\" \n        class=\"services-showcase\"\n    >\n        <div class=\"grid\">\n                            <div class=\"grid gap-5 service-cards service-cards-3\">\n                                    \n        <div class='flex flex-col service-card rounded-[5px]'>\n            <div>\n                <a href='https:\/\/lindstromgroup.com\/pl\/serwis\/odziez-robocza\/odziez-robocza-dla-zarzadcow-nieruchomosci\/'>\n                    <img class='!h-[250px] object-cover w-full rounded-t-[5px]' src='https:\/\/d2ris6qfzcz0wn.cloudfront.net\/wp-content\/uploads\/sites\/20\/2024\/04\/006_Lindstrom_2016_hires_final-1400x934-1-1024x683.jpg' alt='' \/>\n                <\/a>\n            <\/div>\n            <div class='flex flex-col p-5 gap-5 h-full bg-white rounded-b-[5px]'>\n                <div class='flex flex-col gap-2'>\n                    <h3 class='!mb-0'><a href='https:\/\/lindstromgroup.com\/pl\/serwis\/odziez-robocza\/odziez-robocza-dla-zarzadcow-nieruchomosci\/' class='text-[25px]\/[32.5px] font-bold !text-grey-100 !no-underline cursor-pointer !mb-0'>Odzie\u017c robocza dla konserwator\u00f3w nieruchomo\u015bci<\/a><\/h3>\n                    <p class='text-[15px]\/[21px] text-grey-100 !mb-0'><p>Poznaj nasze kompleksowe rozwi\u0105zania w zakresie odzie\u017cy roboczej dla zarz\u0105dc\u00f3w nieruchomo\u015bci \u2013 wygodne, bezpieczne i dopasowane do potrzeb Twojego zespo\u0142u. Sprawd\u017a, jak mo\u017cemy pom\u00f3c w podniesieniu profesjonalnego wizerunku Twojej firmy i zapewnieniu komfortu pracownikom!<\/p>\n<\/p><\/div>\n            <div class='border-2 border-grey-100 rounded-full h-10 min-w-[200px] w-fit flex items-center justify-center mt-auto button-outlined--black'>\n                <a class='!text-grey-100 !no-underline bg-transparent py-3 pr-4 pl-5 font-bold text-base flex justify-center items-center gap-3 w-full rounded-full service-button' href='https:\/\/lindstromgroup.com\/pl\/serwis\/odziez-robocza\/odziez-robocza-dla-zarzadcow-nieruchomosci\/'>\n                    Czytam dalej\n                <\/a>\n            <\/div>\n            <\/div>\n        <\/div>\n                                        \n        <div class='flex flex-col service-card rounded-[5px]'>\n            <div>\n                <a href='https:\/\/lindstromgroup.com\/pl\/serwis\/odziez-robocza\/odziez-ochronna-odblaskowa\/'>\n                    <img class='!h-[250px] object-cover w-full rounded-t-[5px]' src='https:\/\/d2ris6qfzcz0wn.cloudfront.net\/wp-content\/uploads\/sites\/20\/2024\/04\/WWS_Lindstrom_Highvis_kelt___DSC7338_1600x1200-1024x768-1.jpg' alt='' \/>\n                <\/a>\n            <\/div>\n            <div class='flex flex-col p-5 gap-5 h-full bg-white rounded-b-[5px]'>\n                <div class='flex flex-col gap-2'>\n                    <h3 class='!mb-0'><a href='https:\/\/lindstromgroup.com\/pl\/serwis\/odziez-robocza\/odziez-ochronna-odblaskowa\/' class='text-[25px]\/[32.5px] font-bold !text-grey-100 !no-underline cursor-pointer !mb-0'>Odzie\u017c robocza odblaskowa<\/a><\/h3>\n                    <p class='text-[15px]\/[21px] text-grey-100 !mb-0'><p>Dyskretna odzie\u017c robocza HighVisPro to idealne rozwi\u0105zanie, kt\u00f3re zapewni bezpiecze\u0144stwo Twoim pracownikom w miejscach pracy, gdzie istotna jest ich widoczno\u015b\u0107.<\/p>\n<\/p><\/div>\n            <div class='border-2 border-grey-100 rounded-full h-10 min-w-[200px] w-fit flex items-center justify-center mt-auto button-outlined--black'>\n                <a class='!text-grey-100 !no-underline bg-transparent py-3 pr-4 pl-5 font-bold text-base flex justify-center items-center gap-3 w-full rounded-full service-button' href='https:\/\/lindstromgroup.com\/pl\/serwis\/odziez-robocza\/odziez-ochronna-odblaskowa\/'>\n                    Czytam dalej\n                <\/a>\n            <\/div>\n            <\/div>\n        <\/div>\n                                        \n        <div class='flex flex-col service-card rounded-[5px]'>\n            <div>\n                <a href='https:\/\/lindstromgroup.com\/pl\/serwis\/maty\/maty-rubber-scraper\/'>\n                    <img class='!h-[250px] object-cover w-full rounded-t-[5px]' src='https:\/\/d2ris6qfzcz0wn.cloudfront.net\/wp-content\/uploads\/sites\/20\/2024\/04\/86U1344-1400x961-1-1024x703.jpg' alt='' \/>\n                <\/a>\n            <\/div>\n            <div class='flex flex-col p-5 gap-5 h-full bg-white rounded-b-[5px]'>\n                <div class='flex flex-col gap-2'>\n                    <h3 class='!mb-0'><a href='https:\/\/lindstromgroup.com\/pl\/serwis\/maty\/maty-rubber-scraper\/' class='text-[25px]\/[32.5px] font-bold !text-grey-100 !no-underline cursor-pointer !mb-0'>Maty Rubber Scraper<\/a><\/h3>\n                    <p class='text-[15px]\/[21px] text-grey-100 !mb-0'><p>Maty zewn\u0119trzne\u00a0 skutecznie zapobiegaj\u0105 rozprzestrzenianiu si\u0119 brudu, zatrzymuj\u0105 gruboziarnisty piach i \u015bnieg wnoszony do wewn\u0105trz na butach.<\/p>\n<\/p><\/div>\n            <div class='border-2 border-grey-100 rounded-full h-10 min-w-[200px] w-fit flex items-center justify-center mt-auto button-outlined--black'>\n                <a class='!text-grey-100 !no-underline bg-transparent py-3 pr-4 pl-5 font-bold text-base flex justify-center items-center gap-3 w-full rounded-full service-button' href='https:\/\/lindstromgroup.com\/pl\/serwis\/maty\/maty-rubber-scraper\/'>\n                    Czytam dalej\n                <\/a>\n            <\/div>\n            <\/div>\n        <\/div>\n                                    <\/div>\n                    <\/div>\n            <\/div>\n    \n\n\n    <\/div>\n<\/div>\n\n\n\n        <style>\n            .lindstrom-container--block_46e5a46e9581a9e3d23e75572b2e2735 {                \n                padding-top: 0px;\n                padding-bottom: 0px;\n            }\n\n            @media screen and (min-width: 768px) {\n                .lindstrom-container--block_46e5a46e9581a9e3d23e75572b2e2735 {\n                    padding-top: 0px;\n                    padding-bottom: 0px;\n                }\n            }\n        <\/style>\n    \n<div\n    class=\"lindstrom-container-wrapper lindstrom-container lindstrom-container--block_46e5a46e9581a9e3d23e75572b2e2735 \"\n    id=\"block_46e5a46e9581a9e3d23e75572b2e2735\"\n    style=\"background-color: #ffffff\"\n    >\n    <div class=\"lindstrom-container lindstrom-container--wide items-stretch\">\n        \n\n<div class=\"wp-block-columns is-layout-flex wp-container-core-columns-is-layout-d9884270 wp-block-columns-is-layout-flex\" style=\"padding-top:0;padding-bottom:0\">\n<div class=\"wp-block-column is-layout-flow wp-block-column-is-layout-flow\">\n<figure class=\"wp-block-image size-full\"><img decoding=\"async\" width=\"1024\" height=\"704\" src=\"https:\/\/d2ris6qfzcz0wn.cloudfront.net\/wp-content\/uploads\/sites\/20\/2024\/08\/highres-mas-design-referenssi-trokarinlinna-0950-1024x704-1.jpeg\" alt=\"\" class=\"wp-image-20068\" style=\"aspect-ratio:4\/3;object-fit:cover\" srcset=\"https:\/\/d2ris6qfzcz0wn.cloudfront.net\/wp-content\/uploads\/sites\/20\/2024\/08\/highres-mas-design-referenssi-trokarinlinna-0950-1024x704-1.jpeg 1024w, https:\/\/d2ris6qfzcz0wn.cloudfront.net\/wp-content\/uploads\/sites\/20\/2024\/08\/highres-mas-design-referenssi-trokarinlinna-0950-1024x704-1-300x206.jpeg 300w, https:\/\/d2ris6qfzcz0wn.cloudfront.net\/wp-content\/uploads\/sites\/20\/2024\/08\/highres-mas-design-referenssi-trokarinlinna-0950-1024x704-1-768x528.jpeg 768w\" sizes=\"(max-width: 1024px) 100vw, 1024px\" \/><\/figure>\n<\/div>\n\n\n\n<div class=\"wp-block-column is-layout-constrained wp-block-column-is-layout-constrained\">\n        <style>\n            .lindstrom-container--block_411dd50a90a744b65099fc74664a6d6a {                \n                padding-top: 35px;\n                padding-bottom: 35px;\n            }\n\n            @media screen and (min-width: 768px) {\n                .lindstrom-container--block_411dd50a90a744b65099fc74664a6d6a {\n                    padding-top: 75px;\n                    padding-bottom: 75px;\n                }\n            }\n        <\/style>\n    \n<div\n    class=\"lindstrom-container-wrapper lindstrom-container lindstrom-container--block_411dd50a90a744b65099fc74664a6d6a \"\n    id=\"block_411dd50a90a744b65099fc74664a6d6a\"\n    style=\"background-color: #ffffff\"\n    >\n    <div class=\"lindstrom-container lindstrom-container--content items-stretch\">\n        \n\n    <div id=\"Poprosz\u0119\" class=\"hubspot-contact-form\">\n                    <h3 class=\"mt-0 !mb-5 lg:!mb-10 font-bold !text-title-small\">\n                Poprosz\u0119 o konsultacje lub ofert\u0119            <\/h3>\n        \n                    <p class=\"!-mt-4 lg:!-mt-8 !mb-5 lg:!mb-10 !text-body-small\">\n                Prosz\u0119 wype\u0142nij formularz kontaktowy lub przedzwo\u0144 pod numer 22 614-24-05            <\/p>\n        \n        <div class=\"form-wrapper\"><\/div>\n        <div class=\"editor-message\">\n            Please set a valid form ID.\n        <\/div>\n    <\/div>\n\n<script>\n    \/**\n     * Generate dynamic init form function name to prevent it get re-initialized if there are multiple forms in a page\n     *\/\n    function initForm_69ef886058cd3() {\n        \/\/ retry until hubspot script is initialized\n        if (typeof hbspt !== \"undefined\") {\n            hbspt.forms.create({\n                region: \"eu1\",\n                portalId: \"2758505\",\n                formId: \"01a979eb-dce6-4209-a33e-e15764a5e932\",\n                target: `#Poprosz\u0119 .form-wrapper`,\n                onFormReady: (arg) => {\n                    const hasFeaturedField = 0;\n                    if (!hasFeaturedField) {\n                        return\n                    }\n    \n                    \/\/ in case the featured field is not available in the form\n                    const featuredField = document.querySelector(`#Poprosz\u0119 .none`);\n                    if (!featuredField) {\n                        return\n                    }\n    \n                    \/\/ only support checkbox field for now\n                    convertCheckboxFeaturedField(featuredField)                \n                }\n            });\n            return;\n        }\n\n        setTimeout(initForm_69ef886058cd3, 250);\n    }\n\n    function convertCheckboxFeaturedField(featuredField) {\n        const fieldsetWrapper = featuredField.parentElement\n        \n        \/\/ add the featured field class to the wrapper fieldset element\n        \/\/ transform the featured field's UI via CSS\n        fieldsetWrapper.classList.add('featured-field')\n\n        \/\/ calculate and add enough space to display the featured field on top of the form\n        calculateFeaturedFieldSize(fieldsetWrapper)\n        window.addEventListener('resize', () => {\n            calculateFeaturedFieldSize(fieldsetWrapper)\n        })\n    }\n    \n    function calculateFeaturedFieldSize (fieldsetWrapper) {\n        fieldsetWrapper\n            .closest('.hubspot-contact-form--has-featured-field')\n            .style\n            .paddingTop = fieldsetWrapper.offsetHeight + 50 + 'px';\n    }    \n\n    initForm_69ef886058cd3();\n<\/script>\n\n\n    <\/div>\n<\/div>\n<\/div>\n<\/div>\n\n\n    <\/div>\n<\/div>\n\n\n\n        <style>\n            .lindstrom-container--block_4835994060622dd14e0223aabd993572 {                \n                padding-top: 35px;\n                padding-bottom: 35px;\n            }\n\n            @media screen and (min-width: 768px) {\n                .lindstrom-container--block_4835994060622dd14e0223aabd993572 {\n                    padding-top: 75px;\n                    padding-bottom: 75px;\n                }\n            }\n        <\/style>\n    \n<div\n    class=\"lindstrom-container-wrapper lindstrom-container lindstrom-container--block_4835994060622dd14e0223aabd993572 \"\n    id=\"block_4835994060622dd14e0223aabd993572\"\n    style=\"background-color: #e5e5e5\"\n    >\n    <div class=\"lindstrom-container lindstrom-container--content items-stretch\">\n        \n\n        <div \n        id=\"cta-country-block_4b1d3ae3b2fa28b7a4f7256f69bc263d\" \n        class=\"cta-country\"\n    >\n        <div class=\"flex flex-col gap-5\" style=\"align-items: center\">\n                            <h2 class='!text-title-small lg:!text-title-medium !text-grey-100 !font-bold !my-0'>                    Najcz\u0119\u015bciej czytane artyku\u0142y                <\/h2>                                    <div class=\"cta-button-container cta-button-container--row\">\n                            <\/div>\n        <\/div>\n    <\/div>\n    \n\n\n<style>\n    @media only screen and (max-width: 1200px) {\n        #block_927be4a0edaeebd9d97a52ae44e85d41 .blogposts__container {\n            grid-template-columns: repeat(4, 1fr);\n        }\n    }\n<\/style>\n\n            <div \n            id=\"block_927be4a0edaeebd9d97a52ae44e85d41\" \n            class=\"blogposts blogposts--block_927be4a0edaeebd9d97a52ae44e85d41 \"\n        >\n            <div class=\"blogposts\">\n                <div class=\"blogposts__container post-row\">\n                    \n        <div class='post-card relative' data-index='21870'>\n            <img\n                class='post-card__image' \n                src='https:\/\/d2ris6qfzcz0wn.cloudfront.net\/wp-content\/uploads\/sites\/20\/2025\/11\/lindstrom-vanoce-slamavbotach-683x1024-1.jpg.webp' \n                alt='Jak nie zrobi\u0107 z \u015awi\u0105t ekologicznej katastrofy?' \n            \/>\n            <div class='post-card__content'>\n                <div class='post-card__categories z-20'>\n            <a\n                class='post-card__category'\n                href='https:\/\/lindstromgroup.com\/pl\/category\/artykuly\/'\n            >\n                Artyku\u0142y\n            <\/a><\/div>\n                <div class='post-card__title'>\n                    Jak nie zrobi\u0107 z \u015awi\u0105t ekologicznej katastrofy?\n                <\/div>\n                <p class='post-card__excerpt'>\n                    Zainspiruj si\u0119 pomys\u0142ami na ekologiczne \u015awi\u0119ta: dekoracje DIY, zr\u00f3wnowa\u017cone prezenty i sposoby na ograniczenie odpad\u00f3w w duchu gospodarki cyrkularnej.\n                <\/p>\n                <div class='post-card__tags z-20'>\n            <a\n                class='post-card__tag'\n                href='https:\/\/lindstromgroup.com\/pl\/tag\/odziez-robocza\/'\n                style='border: 1px solid ; color: ;'\n            >\n                #odzie\u017c robocza\n            <\/a><\/div>\n            <\/div>\n            <a href='\/pl\/artykuly\/jak-nie-zrobic-z-swiat-ekologicznej-katastrofy\/' class='absolute inset-0 w-full h-full z-10'><\/a>\n        <\/div>\n    \n        <div class='post-card relative' data-index='21867'>\n            <img\n                class='post-card__image' \n                src='https:\/\/d2ris6qfzcz0wn.cloudfront.net\/wp-content\/uploads\/sites\/20\/2025\/11\/lindstrom-od-black-friday-k-circular-monday-112025-1-1536x1041.jpg-1024x694.webp' \n                alt='Od Black Friday do Circular Monday: kiedy zmienia si\u0119 spos\u00f3b, w jaki my\u015blimy o konsumpcji' \n            \/>\n            <div class='post-card__content'>\n                <div class='post-card__categories z-20'>\n            <a\n                class='post-card__category'\n                href='https:\/\/lindstromgroup.com\/pl\/category\/artykuly\/'\n            >\n                Artyku\u0142y\n            <\/a><\/div>\n                <div class='post-card__title'>\n                    Od Black Friday do Circular Monday: kiedy zmienia si\u0119 spos\u00f3b, w jaki my\u015blimy o konsumpcji\n                <\/div>\n                <p class='post-card__excerpt'>\n                    Zmie\u0144 Black Friday w Circular Monday \u2013 odkryj ide\u0119 odpowiedzialnej konsumpcji, gospodarki cyrkularnej i zr\u00f3wnowa\u017conych wybor\u00f3w na co dzie\u0144.\n                <\/p>\n                <div class='post-card__tags z-20'>\n            <a\n                class='post-card__tag'\n                href='https:\/\/lindstromgroup.com\/pl\/tag\/odziez-robocza\/'\n                style='border: 1px solid ; color: ;'\n            >\n                #odzie\u017c robocza\n            <\/a><\/div>\n            <\/div>\n            <a href='\/pl\/artykuly\/od-black-friday-do-circular-monday-kiedy-zmienia-sie-sposob-w-jaki-myslimy-o-konsumpcji\/' class='absolute inset-0 w-full h-full z-10'><\/a>\n        <\/div>\n    \n        <div class='post-card relative' data-index='21728'>\n            <img\n                class='post-card__image' \n                src='https:\/\/d2ris6qfzcz0wn.cloudfront.net\/wp-content\/uploads\/sites\/20\/2025\/03\/015_Lindstrom_Set2_hires_final-1-1024x683.jpg' \n                alt='Unikalno\u015b\u0107 czy jednolito\u015b\u0107? Dlaczego sp\u00f3jna strategia odzie\u017cy roboczej op\u0142aca si\u0119 w bran\u017cy motoryzacyjnej' \n            \/>\n            <div class='post-card__content'>\n                <div class='post-card__categories z-20'>\n            <a\n                class='post-card__category'\n                href='https:\/\/lindstromgroup.com\/pl\/category\/artykuly\/'\n            >\n                Artyku\u0142y\n            <\/a><\/div>\n                <div class='post-card__title'>\n                    Unikalno\u015b\u0107 czy jednolito\u015b\u0107? Dlaczego sp\u00f3jna strategia odzie\u017cy roboczej op\u0142aca si\u0119 w bran\u017cy motoryzacyjnej\n                <\/div>\n                <p class='post-card__excerpt'>\n                    Poznaj, dlaczego sp\u00f3jna strategia odzie\u017cy roboczej w bran\u017cy motoryzacyjnej redukuje koszty, zwi\u0119ksza bezpiecze\u0144stwo i wspiera zr\u00f3wnowa\u017cony rozw\u00f3j\n                <\/p>\n                <div class='post-card__tags z-20'>\n            <a\n                class='post-card__tag'\n                href='https:\/\/lindstromgroup.com\/pl\/tag\/odziez-robocza\/'\n                style='border: 1px solid ; color: ;'\n            >\n                #odzie\u017c robocza\n            <\/a><\/div>\n            <\/div>\n            <a href='\/pl\/artykuly\/unikalnosc-czy-jednolitosc-dlaczego-spojna-strategia-odziezy-roboczej-oplaca-sie-w-branzy-motoryzacyjnej\/' class='absolute inset-0 w-full h-full z-10'><\/a>\n        <\/div>\n                    <\/div>\n                <div class=\"post-row-mobile-carousel\"><\/div>\n            <\/div>\n        <\/div>\n    \n\n    <\/div>\n<\/div>\n","protected":false},"excerpt":{"rendered":"","protected":false},"author":14,"featured_media":17666,"parent":17621,"menu_order":0,"template":"","meta":{"_acf_changed":true,"inline_featured_image":false,"_eb_attr":"","site-sidebar-layout":"default","site-content-layout":"default","ast-site-content-layout":"default","site-content-style":"default","site-sidebar-style":"default","ast-global-header-display":"","ast-banner-title-visibility":"","ast-main-header-display":"","ast-hfb-above-header-display":"","ast-hfb-below-header-display":"","ast-hfb-mobile-header-display":"","site-post-title":"","ast-breadcrumbs-content":"","ast-featured-img":"","footer-sml-layout":"","ast-disable-related-posts":"","theme-transparent-header-meta":"","adv-header-id-meta":"","stick-header-meta":"","header-above-stick-meta":"","header-main-stick-meta":"","header-below-stick-meta":"","astra-migrate-meta-layouts":"set","ast-page-background-enabled":"default","ast-page-background-meta":{"desktop":{"background-color":"var(--ast-global-color-4)","background-image":"","background-repeat":"repeat","background-position":"center center","background-size":"auto","background-attachment":"scroll","background-type":"","background-media":"","overlay-type":"","overlay-color":"","overlay-opacity":"","overlay-gradient":""},"tablet":{"background-color":"","background-image":"","background-repeat":"repeat","background-position":"center center","background-size":"auto","background-attachment":"scroll","background-type":"","background-media":"","overlay-type":"","overlay-color":"","overlay-opacity":"","overlay-gradient":""},"mobile":{"background-color":"","background-image":"","background-repeat":"repeat","background-position":"center center","background-size":"auto","background-attachment":"scroll","background-type":"","background-media":"","overlay-type":"","overlay-color":"","overlay-opacity":"","overlay-gradient":""}},"ast-content-background-meta":{"desktop":{"background-color":"var(--ast-global-color-5)","background-image":"","background-repeat":"repeat","background-position":"center center","background-size":"auto","background-attachment":"scroll","background-type":"","background-media":"","overlay-type":"","overlay-color":"","overlay-opacity":"","overlay-gradient":""},"tablet":{"background-color":"var(--ast-global-color-5)","background-image":"","background-repeat":"repeat","background-position":"center center","background-size":"auto","background-attachment":"scroll","background-type":"","background-media":"","overlay-type":"","overlay-color":"","overlay-opacity":"","overlay-gradient":""},"mobile":{"background-color":"var(--ast-global-color-5)","background-image":"","background-repeat":"repeat","background-position":"center center","background-size":"auto","background-attachment":"scroll","background-type":"","background-media":"","overlay-type":"","overlay-color":"","overlay-opacity":"","overlay-gradient":""}}},"coauthors":[20],"class_list":["post-17665","services","type-services","status-publish","has-post-thumbnail","hentry"],"acf":[],"yoast_head":"<!-- This site is optimized with the Yoast SEO plugin v27.2 - https:\/\/yoast.com\/product\/yoast-seo-wordpress\/ -->\n<title>Maty na klatki schodowe - Lindstr\u00f6m Poland<\/title>\n<meta name=\"description\" content=\"Znacznie oszcz\u0119dza koszty sprz\u0105tania, zapobiega wystawianiu przez mieszka\u0144c\u00f3w na korytarze r\u00f3\u017cnych wycieraczek, kt\u00f3re nie s\u0105 ognioodporne.\" \/>\n<meta name=\"robots\" content=\"index, follow, max-snippet:-1, max-image-preview:large, max-video-preview:-1\" \/>\n<meta property=\"og:locale\" content=\"pl_PL\" \/>\n<meta property=\"og:type\" content=\"article\" \/>\n<meta property=\"og:title\" content=\"Maty na klatki schodowe - Lindstr\u00f6m Poland\" \/>\n<meta property=\"og:description\" content=\"Znacznie oszcz\u0119dza koszty sprz\u0105tania, zapobiega wystawianiu przez mieszka\u0144c\u00f3w na korytarze r\u00f3\u017cnych wycieraczek, kt\u00f3re nie s\u0105 ognioodporne.\" \/>\n<meta property=\"og:url\" content=\"https:\/\/lindstromgroup.com\/pl\/serwis\/maty\/maty-na-klatki-schodowe\/\" \/>\n<meta property=\"og:site_name\" content=\"Lindstr\u00f6m Poland\" \/>\n<meta property=\"article:modified_time\" content=\"2025-10-22T07:19:22+00:00\" \/>\n<meta property=\"og:image\" content=\"https:\/\/d2ris6qfzcz0wn.cloudfront.net\/wp-content\/uploads\/sites\/20\/2024\/04\/MAS_Lindstrom_Rappukaytavanmatot_Flamingo_sisaankaynti2_1600x1200px-1024x768-1.jpg\" \/>\n\t<meta property=\"og:image:width\" content=\"1024\" \/>\n\t<meta property=\"og:image:height\" content=\"768\" \/>\n\t<meta property=\"og:image:type\" content=\"image\/jpeg\" \/>\n<meta name=\"twitter:card\" content=\"summary_large_image\" \/>\n<meta name=\"twitter:label1\" content=\"Szacowany czas czytania\" \/>\n\t<meta name=\"twitter:data1\" content=\"11 minut\" \/>\n\t<meta name=\"twitter:label2\" content=\"Written by\" \/>\n\t<meta name=\"twitter:data2\" content=\"Lindstr\u00f6m Group\" \/>\n<script type=\"application\/ld+json\" class=\"yoast-schema-graph\">{\"@context\":\"https:\/\/schema.org\",\"@graph\":[{\"@type\":\"WebPage\",\"@id\":\"https:\/\/lindstromgroup.com\/pl\/serwis\/maty\/maty-na-klatki-schodowe\/\",\"url\":\"https:\/\/lindstromgroup.com\/pl\/serwis\/maty\/maty-na-klatki-schodowe\/\",\"name\":\"Maty na klatki schodowe - Lindstr\u00f6m Poland\",\"isPartOf\":{\"@id\":\"https:\/\/lindstromgroup.com\/pl\/#website\"},\"primaryImageOfPage\":{\"@id\":\"https:\/\/lindstromgroup.com\/pl\/serwis\/maty\/maty-na-klatki-schodowe\/#primaryimage\"},\"image\":{\"@id\":\"https:\/\/lindstromgroup.com\/pl\/serwis\/maty\/maty-na-klatki-schodowe\/#primaryimage\"},\"thumbnailUrl\":\"https:\/\/d2ris6qfzcz0wn.cloudfront.net\/wp-content\/uploads\/sites\/20\/2024\/04\/MAS_Lindstrom_Rappukaytavanmatot_Flamingo_sisaankaynti2_1600x1200px-1024x768-1.jpg\",\"datePublished\":\"2024-04-10T14:24:41+00:00\",\"dateModified\":\"2025-10-22T07:19:22+00:00\",\"description\":\"Znacznie oszcz\u0119dza koszty sprz\u0105tania, zapobiega wystawianiu przez mieszka\u0144c\u00f3w na korytarze r\u00f3\u017cnych wycieraczek, kt\u00f3re nie s\u0105 ognioodporne.\",\"breadcrumb\":{\"@id\":\"https:\/\/lindstromgroup.com\/pl\/serwis\/maty\/maty-na-klatki-schodowe\/#breadcrumb\"},\"inLanguage\":\"pl-PL\",\"potentialAction\":[{\"@type\":\"ReadAction\",\"target\":[\"https:\/\/lindstromgroup.com\/pl\/serwis\/maty\/maty-na-klatki-schodowe\/\"]}]},{\"@type\":\"ImageObject\",\"inLanguage\":\"pl-PL\",\"@id\":\"https:\/\/lindstromgroup.com\/pl\/serwis\/maty\/maty-na-klatki-schodowe\/#primaryimage\",\"url\":\"https:\/\/d2ris6qfzcz0wn.cloudfront.net\/wp-content\/uploads\/sites\/20\/2024\/04\/MAS_Lindstrom_Rappukaytavanmatot_Flamingo_sisaankaynti2_1600x1200px-1024x768-1.jpg\",\"contentUrl\":\"https:\/\/d2ris6qfzcz0wn.cloudfront.net\/wp-content\/uploads\/sites\/20\/2024\/04\/MAS_Lindstrom_Rappukaytavanmatot_Flamingo_sisaankaynti2_1600x1200px-1024x768-1.jpg\",\"width\":1024,\"height\":768},{\"@type\":\"BreadcrumbList\",\"@id\":\"https:\/\/lindstromgroup.com\/pl\/serwis\/maty\/maty-na-klatki-schodowe\/#breadcrumb\",\"itemListElement\":[{\"@type\":\"ListItem\",\"position\":1,\"name\":\"Lindstr\u00f6m\",\"item\":\"https:\/\/lindstromgroup.com\/pl\/\"},{\"@type\":\"ListItem\",\"position\":2,\"name\":\"Wynajem mat wej\u015bciowych\",\"item\":\"https:\/\/lindstromgroup.com\/pl\/serwis\/maty\/\"},{\"@type\":\"ListItem\",\"position\":3,\"name\":\"Maty na klatki schodowe\"}]},{\"@type\":\"WebSite\",\"@id\":\"https:\/\/lindstromgroup.com\/pl\/#website\",\"url\":\"https:\/\/lindstromgroup.com\/pl\/\",\"name\":\"Lindstr\u00f6m Poland\",\"description\":\"\",\"publisher\":{\"@id\":\"https:\/\/lindstromgroup.com\/pl\/#organization\"},\"potentialAction\":[{\"@type\":\"SearchAction\",\"target\":{\"@type\":\"EntryPoint\",\"urlTemplate\":\"https:\/\/lindstromgroup.com\/pl\/?s={search_term_string}\"},\"query-input\":{\"@type\":\"PropertyValueSpecification\",\"valueRequired\":true,\"valueName\":\"search_term_string\"}}],\"inLanguage\":\"pl-PL\"},{\"@type\":\"Organization\",\"@id\":\"https:\/\/lindstromgroup.com\/pl\/#organization\",\"name\":\"Lindstr\u00f6m Poland\",\"url\":\"https:\/\/lindstromgroup.com\/pl\/\",\"logo\":{\"@type\":\"ImageObject\",\"inLanguage\":\"pl-PL\",\"@id\":\"https:\/\/lindstromgroup.com\/pl\/#\/schema\/logo\/image\/\",\"url\":\"https:\/\/d2ris6qfzcz0wn.cloudfront.net\/wp-content\/uploads\/sites\/20\/2023\/10\/Logo512.png\",\"contentUrl\":\"https:\/\/d2ris6qfzcz0wn.cloudfront.net\/wp-content\/uploads\/sites\/20\/2023\/10\/Logo512.png\",\"width\":512,\"height\":109,\"caption\":\"Lindstr\u00f6m Poland\"},\"image\":{\"@id\":\"https:\/\/lindstromgroup.com\/pl\/#\/schema\/logo\/image\/\"}}]}<\/script>\n<!-- \/ Yoast SEO plugin. -->","yoast_head_json":{"title":"Maty na klatki schodowe - Lindstr\u00f6m Poland","description":"Znacznie oszcz\u0119dza koszty sprz\u0105tania, zapobiega wystawianiu przez mieszka\u0144c\u00f3w na korytarze r\u00f3\u017cnych wycieraczek, kt\u00f3re nie s\u0105 ognioodporne.","robots":{"index":"index","follow":"follow","max-snippet":"max-snippet:-1","max-image-preview":"max-image-preview:large","max-video-preview":"max-video-preview:-1"},"og_locale":"pl_PL","og_type":"article","og_title":"Maty na klatki schodowe - Lindstr\u00f6m Poland","og_description":"Znacznie oszcz\u0119dza koszty sprz\u0105tania, zapobiega wystawianiu przez mieszka\u0144c\u00f3w na korytarze r\u00f3\u017cnych wycieraczek, kt\u00f3re nie s\u0105 ognioodporne.","og_url":"https:\/\/lindstromgroup.com\/pl\/serwis\/maty\/maty-na-klatki-schodowe\/","og_site_name":"Lindstr\u00f6m Poland","article_modified_time":"2025-10-22T07:19:22+00:00","og_image":[{"width":1024,"height":768,"url":"https:\/\/d2ris6qfzcz0wn.cloudfront.net\/wp-content\/uploads\/sites\/20\/2024\/04\/MAS_Lindstrom_Rappukaytavanmatot_Flamingo_sisaankaynti2_1600x1200px-1024x768-1.jpg","type":"image\/jpeg"}],"twitter_card":"summary_large_image","twitter_misc":{"Szacowany czas czytania":"11 minut","Written by":"Lindstr\u00f6m Group"},"schema":{"@context":"https:\/\/schema.org","@graph":[{"@type":"WebPage","@id":"https:\/\/lindstromgroup.com\/pl\/serwis\/maty\/maty-na-klatki-schodowe\/","url":"https:\/\/lindstromgroup.com\/pl\/serwis\/maty\/maty-na-klatki-schodowe\/","name":"Maty na klatki schodowe - Lindstr\u00f6m Poland","isPartOf":{"@id":"https:\/\/lindstromgroup.com\/pl\/#website"},"primaryImageOfPage":{"@id":"https:\/\/lindstromgroup.com\/pl\/serwis\/maty\/maty-na-klatki-schodowe\/#primaryimage"},"image":{"@id":"https:\/\/lindstromgroup.com\/pl\/serwis\/maty\/maty-na-klatki-schodowe\/#primaryimage"},"thumbnailUrl":"https:\/\/d2ris6qfzcz0wn.cloudfront.net\/wp-content\/uploads\/sites\/20\/2024\/04\/MAS_Lindstrom_Rappukaytavanmatot_Flamingo_sisaankaynti2_1600x1200px-1024x768-1.jpg","datePublished":"2024-04-10T14:24:41+00:00","dateModified":"2025-10-22T07:19:22+00:00","description":"Znacznie oszcz\u0119dza koszty sprz\u0105tania, zapobiega wystawianiu przez mieszka\u0144c\u00f3w na korytarze r\u00f3\u017cnych wycieraczek, kt\u00f3re nie s\u0105 ognioodporne.","breadcrumb":{"@id":"https:\/\/lindstromgroup.com\/pl\/serwis\/maty\/maty-na-klatki-schodowe\/#breadcrumb"},"inLanguage":"pl-PL","potentialAction":[{"@type":"ReadAction","target":["https:\/\/lindstromgroup.com\/pl\/serwis\/maty\/maty-na-klatki-schodowe\/"]}]},{"@type":"ImageObject","inLanguage":"pl-PL","@id":"https:\/\/lindstromgroup.com\/pl\/serwis\/maty\/maty-na-klatki-schodowe\/#primaryimage","url":"https:\/\/d2ris6qfzcz0wn.cloudfront.net\/wp-content\/uploads\/sites\/20\/2024\/04\/MAS_Lindstrom_Rappukaytavanmatot_Flamingo_sisaankaynti2_1600x1200px-1024x768-1.jpg","contentUrl":"https:\/\/d2ris6qfzcz0wn.cloudfront.net\/wp-content\/uploads\/sites\/20\/2024\/04\/MAS_Lindstrom_Rappukaytavanmatot_Flamingo_sisaankaynti2_1600x1200px-1024x768-1.jpg","width":1024,"height":768},{"@type":"BreadcrumbList","@id":"https:\/\/lindstromgroup.com\/pl\/serwis\/maty\/maty-na-klatki-schodowe\/#breadcrumb","itemListElement":[{"@type":"ListItem","position":1,"name":"Lindstr\u00f6m","item":"https:\/\/lindstromgroup.com\/pl\/"},{"@type":"ListItem","position":2,"name":"Wynajem mat wej\u015bciowych","item":"https:\/\/lindstromgroup.com\/pl\/serwis\/maty\/"},{"@type":"ListItem","position":3,"name":"Maty na klatki schodowe"}]},{"@type":"WebSite","@id":"https:\/\/lindstromgroup.com\/pl\/#website","url":"https:\/\/lindstromgroup.com\/pl\/","name":"Lindstr\u00f6m Poland","description":"","publisher":{"@id":"https:\/\/lindstromgroup.com\/pl\/#organization"},"potentialAction":[{"@type":"SearchAction","target":{"@type":"EntryPoint","urlTemplate":"https:\/\/lindstromgroup.com\/pl\/?s={search_term_string}"},"query-input":{"@type":"PropertyValueSpecification","valueRequired":true,"valueName":"search_term_string"}}],"inLanguage":"pl-PL"},{"@type":"Organization","@id":"https:\/\/lindstromgroup.com\/pl\/#organization","name":"Lindstr\u00f6m Poland","url":"https:\/\/lindstromgroup.com\/pl\/","logo":{"@type":"ImageObject","inLanguage":"pl-PL","@id":"https:\/\/lindstromgroup.com\/pl\/#\/schema\/logo\/image\/","url":"https:\/\/d2ris6qfzcz0wn.cloudfront.net\/wp-content\/uploads\/sites\/20\/2023\/10\/Logo512.png","contentUrl":"https:\/\/d2ris6qfzcz0wn.cloudfront.net\/wp-content\/uploads\/sites\/20\/2023\/10\/Logo512.png","width":512,"height":109,"caption":"Lindstr\u00f6m Poland"},"image":{"@id":"https:\/\/lindstromgroup.com\/pl\/#\/schema\/logo\/image\/"}}]}},"publishpress_future_workflow_manual_trigger":{"enabledWorkflows":[]},"distributor_meta":false,"distributor_terms":false,"distributor_media":false,"distributor_original_site_name":"Lindstr\u00f6m Poland","distributor_original_site_url":"https:\/\/lindstromgroup.com\/pl","push-errors":false,"_links":{"self":[{"href":"https:\/\/lindstromgroup.com\/pl\/wp-json\/wp\/v2\/services\/17665","targetHints":{"allow":["GET"]}}],"collection":[{"href":"https:\/\/lindstromgroup.com\/pl\/wp-json\/wp\/v2\/services"}],"about":[{"href":"https:\/\/lindstromgroup.com\/pl\/wp-json\/wp\/v2\/types\/services"}],"author":[{"embeddable":true,"href":"https:\/\/lindstromgroup.com\/pl\/wp-json\/wp\/v2\/users\/14"}],"up":[{"embeddable":true,"href":"https:\/\/lindstromgroup.com\/pl\/wp-json\/wp\/v2\/services\/17621"}],"wp:featuredmedia":[{"embeddable":true,"href":"https:\/\/lindstromgroup.com\/pl\/wp-json\/wp\/v2\/media\/17666"}],"wp:attachment":[{"href":"https:\/\/lindstromgroup.com\/pl\/wp-json\/wp\/v2\/media?parent=17665"}],"wp:term":[{"taxonomy":"author","embeddable":true,"href":"https:\/\/lindstromgroup.com\/pl\/wp-json\/wp\/v2\/coauthors?post=17665"}],"curies":[{"name":"wp","href":"https:\/\/api.w.org\/{rel}","templated":true}]}}