
    {"id":17421,"date":"2024-04-08T14:11:30","date_gmt":"2024-04-08T13:11:30","guid":{"rendered":"https:\/\/lindstromgroup.com\/pl\/?post_type=services&#038;p=17421"},"modified":"2024-09-02T14:54:34","modified_gmt":"2024-09-02T13:54:34","slug":"odziez-robocza-dla-piekarza","status":"publish","type":"services","link":"https:\/\/lindstromgroup.com\/pl\/serwis\/odziez-robocza\/odziez-robocza-dla-przemyslu-spozywczego\/odziez-robocza-dla-piekarza\/","title":{"rendered":"Odzie\u017c robocza dla piekarzy"},"content":{"rendered":"\n    <div\n        id=\"block_5a763380bb5fa52955636ab0b85d21c9\"\n        class=\"hero-sub hero-sub--block_5a763380bb5fa52955636ab0b85d21c9  flex flex-col-reverse lg:flex-row justify-between bg-dark-blue text-white\"\n    >        \n        <div class=\"flex flex-col gap-5 pt-10 pb-5 grow px-5 lg:px-20\">\n            <div class=\"flex flex-col justify-center gap-3 grow max-w-[var(--container-text-max)]\">\n                <h1 class=\"!mb-0 !text-white !text-title-medium lg:!text-title-large !font-bold hyphens-auto break-words\">\n                    Odzie\u017c robocza dla piekarzy                <\/h1>\n    \n                <div class=\"hero-sub__description\">\n                    <p>Odzie\u017c robocza dla piekarni, kt\u00f3ra jest lekka, wygodna w noszeniu i wykonana z wytrzyma\u0142ego materia\u0142u.<\/p>\n                <\/div>\n    \n                                    <div class=\"flex flex-col flex-wrap gap-3 mt-3 md:flex-row\">\n                                                                                    <a \n                                    class=\"px-5 py-3 font-bold text-center text-link-small rounded-[30px] border-2 border-white !no-underline bg-white !text-dark-blue button-solid--white\"\n                                    href=\"#Poprosz\u0119\"\n                                    target=\"_self\"\n                                >\n                                    Zapytaj o ofert\u0119                                <\/a>\n                                                                                                                <a \n                                    class=\"px-5 py-3 font-bold text-center text-link-small rounded-[30px] border-2 border-white !no-underline bg-transparent !text-white button-outlined--white\"\n                                    href=\"https:\/\/group.lindstromgroup.com\/pl\/odziez_robocza_dla_producentow_zywnosci\"\n                                    target=\"_self\"\n                                >\n                                    Pobieram broszur\u0119                                <\/a>\n                                                                        <\/div>\n                \n                            <\/div>\n                            <div class=\"font-bold hero-sub__breadcrumb text-body-small\">\n                        <span><span><a href=\"https:\/\/lindstromgroup.com\/pl\/\">Lindstr\u00f6m<\/a><\/span><\/span>                <\/div>\n                    <\/div>\n\n        <div class=\"[&#038;_picture]:w-full flex h-full lg:h-auto max-h-[350px] lg:max-h-none lg:min-h-full w-full lg:w-[650px]\">\n            <img decoding=\"async\"\n                class=\"object-cover w-full h-full\"\n                src=\"https:\/\/d2ris6qfzcz0wn.cloudfront.net\/wp-content\/uploads\/sites\/20\/2024\/04\/pracovni-obleceni_pekarna-1400x933-1-1024x682.jpg.webp\"\n                alt=\"Odzie\u017c robocza dla piekarni, kt\u00f3ra jest lekka, wygodna w noszeniu i wykonana z wytrzyma\u0142ego materia\u0142u.\"\n            >\n        <\/div>\n    <\/div>\n\n\n\n<div\n    class=\"lindstrom-container-wrapper lindstrom-container lindstrom-container--block_a4b09e30c9e93061f8b652093ef52fce \"\n    id=\"block_a4b09e30c9e93061f8b652093ef52fce\"\n    style=\"background-color: #ffffff\"\n    >\n    <div class=\"lindstrom-container lindstrom-container--content items-stretch\">\n        \n\n        <div\n        id=\"block_92b470d57f848d94cee2f2c7ba8fb7ad\" \n        class=\"tabbed-content tabbed-content--block_92b470d57f848d94cee2f2c7ba8fb7ad \"\n        >\n            <!-- Navbar -->\n            <div class=\"tabbed-content__navbar has-scrolling-gradient\">\n                <ul>\n                                        <li class=\"navbar__item\">\n                        <p\n                            class=\"navbar__text\"\n                            data-active=\"true\"\n                            data-index=0                        >\n                            Wst\u0119p                        <\/p>\n                    <\/li>\n                                        <li class=\"navbar__item\">\n                        <p\n                            class=\"navbar__text\"\n                            data-active=\"false\"\n                            data-index=1                        >\n                            Wynajem odzie\u017cy roboczej                        <\/p>\n                    <\/li>\n                                        <li class=\"navbar__item\">\n                        <p\n                            class=\"navbar__text\"\n                            data-active=\"false\"\n                            data-index=2                        >\n                            Kolekcja bran\u017cy spo\u017cywczej                        <\/p>\n                    <\/li>\n                                        <li class=\"navbar__item\">\n                        <p\n                            class=\"navbar__text\"\n                            data-active=\"false\"\n                            data-index=3                        >\n                            Korzy\u015bci z serwisu odzie\u017cy roboczej                        <\/p>\n                    <\/li>\n                                    <\/ul>\n            <\/div>\n\n            <!-- Content -->\n            <div class=\"tabbed-content__container py-7 lg:pt-10 lg:pb-15\">\n                                    <div \n                        class=\"tabbed-content__body\"\n                        data-index=\"0\"\n                        data-active=\"true\"\n                        >\n                        <h2>Odzie\u017c piekarska i piekarsko-cukiernicza jako us\u0142uga<\/h2>\n<p>Pomo\u017cemy Ci zapewni\u0107 doskona\u0142\u0105 obs\u0142ug\u0119 piekarni i wybra\u0107 odpowiedni\u0105 odzie\u017c robocz\u0105 dla personelu piekarni.<\/p>\n<h3>Koszule i kurtki<\/h3>\n<p>W naszej kolekcji znajdziesz szeroki wyb\u00f3r r\u00f3\u017cnorodnych blat\u00f3w dla piekarzy i piekarzy-cukiernik\u00f3w. Ubrania zaprojektowano tak, aby by\u0142y wygodne, elastyczne i \u0142atwe w noszeniu \u2013 nawet w intensywnym \u015brodowisku pracy.<\/p>\n<h3>Spodnie piekarza<\/h3>\n<p>W naszej kolekcji znajdziesz szeroki wyb\u00f3r spodni piekarskich w r\u00f3\u017cnych modelach. \u0141\u0105cz r\u00f3\u017cne kolorowe koszule, spodnie, fartuchy i czapki, aby stworzy\u0107 idealny str\u00f3j do pracy dla swoich pracownik\u00f3w. Ubrania s\u0105 wygodne, elastyczne i \u0142atwe w noszeniu.<\/p>\n<p>Chcesz zobaczy\u0107 ca\u0142\u0105 nasz\u0105 kolekcj\u0119 restauracyjn\u0105? Zostaw nam pro\u015bb\u0119 o kontakt.<\/p>\n                    <\/div>\n                                    <div \n                        class=\"tabbed-content__body\"\n                        data-index=\"1\"\n                        data-active=\"false\"\n                        >\n                        <h2>Higieniczna odzie\u017c robocza jest niezb\u0119dna w przemy\u015ble spo\u017cywczym<\/h2>\n<p>Nasz serwis odzie\u017cy roboczej gwarantuje, \u017ce Twoi pracownicy zawsze b\u0119d\u0105 mieli dost\u0119p do higienicznej odzie\u017cy roboczej, kt\u00f3ra nie tylko chroni pracownik\u00f3w, ale tak\u017ce produkty i \u015brodowisko pracy. Pomagamy wybra\u0107 odpowiednie rozwi\u0105zanie dla Twoich potrzeb, spe\u0142niaj\u0105ce standardy bran\u017cy spo\u017cywczej oraz regulacje wymagane przepisami prawa.<\/p>\n<p>Piekarze musz\u0105 przez d\u0142ugi czas sta\u0107 na nogach podczas pracy, obserwuj\u0105c proces wypieku, przygotowuj\u0105c ciasto, czyszcz\u0105c sprz\u0119t do pieczenia czy pakuj\u0105c ciasta. Pracuj\u0105 w wysokich temperaturach i musz\u0105 przenosi\u0107 du\u017ce obci\u0105\u017cenia podczas podnoszenia\/przenoszenia work\u00f3w z m\u0105k\u0105. Polecamy odzie\u017c robocz\u0105 z d\u0142ugim r\u0119kawem i spodniami. Kieszenie musz\u0105 by\u0107 zamykane i umieszczone poni\u017cej poziomu talii.<\/p>\n                    <\/div>\n                                    <div \n                        class=\"tabbed-content__body\"\n                        data-index=\"2\"\n                        data-active=\"false\"\n                        >\n                        <h2>Kurtki, koszule i tuniki dla przemys\u0142u spo\u017cywczego<\/h2>\n<p>Kolekcja FoodInPro spe\u0142nia wymogi bezpiecze\u0144stwa \u017cywno\u015bci, kt\u00f3re s\u0105 odpowiednie zar\u00f3wno dla pracownik\u00f3w, jak i ochrony pracy. W naszej kolekcji znajdziesz zar\u00f3wno dla kobiet, jak i m\u0119\u017cczyzn:<\/p>\n<ul>\n<li>koszule, kurtki, tuniki r\u00f3\u017cnych modeli i d\u0142ugo\u015bci<\/li>\n<li>r\u00f3\u017cne modele spodni, fartuch\u00f3w i kombinezon\u00f3w<\/li>\n<li>r\u00f3\u017cne modele nakry\u0107 g\u0142owy<\/li>\n<\/ul>\n<p>Mo\u017cesz \u0142\u0105czy\u0107 r\u00f3\u017cne modele koszul, spodni i czapek, aby stworzy\u0107 idealny str\u00f3j do pracy dla swoich pracownik\u00f3w. Ubrania zosta\u0142y zaprojektowane tak, aby by\u0142y wygodne i elastyczne, a tak\u017ce zapewnia\u0142y swobod\u0119 ruch\u00f3w.<\/p>\n                    <\/div>\n                                    <div \n                        class=\"tabbed-content__body\"\n                        data-index=\"3\"\n                        data-active=\"false\"\n                        >\n                        <h2>Spe\u0142nia wysokie standardy higieny<\/h2>\n<p>Dzi\u0119ki naszemu serwisowi odzie\u017cy roboczej masz pewno\u015b\u0107, \u017ce Twoja firma spe\u0142nia wysokie standardy produkcji \u017cywno\u015bci oraz wymogi wymagane przepisami prawa. Nasza oferta odzie\u017cy roboczej dla przemys\u0142u spo\u017cywczego zosta\u0142a zaprojektowana tak, aby spe\u0142nia\u0107 kryteria tej bran\u017cy, pocz\u0105wszy od projektu odzie\u017cy, po jej konserwacj\u0119 i zapewnienie jako\u015bci.<\/p>\n<p>Upewnij si\u0119, \u017ce Twoi pracownicy zawsze maj\u0105 pod r\u0119k\u0105 wystarczaj\u0105c\u0105 ilo\u015b\u0107 higienicznej odzie\u017cy roboczej. W ten spos\u00f3b mo\u017cesz chroni\u0107 swoich pracownik\u00f3w, produkcj\u0119 i \u015brodowisko pracy.<\/p>\n<p>Spe\u0142niamy norm\u0119 unijn\u0105 EN-14065, kt\u00f3ra gwarantuje wymagany poziom higieny w ca\u0142ym procesie obs\u0142ugi, od produkcji po transport i dostaw\u0119.<\/p>\n<p>Odzie\u017c robocza dla przemys\u0142u spo\u017cywczego jest zgodna z systemem HACCP (analiza zagro\u017ce\u0144 i krytyczne punkty kontroli). Nasz profesjonalny zesp\u00f3\u0142 pomo\u017ce Ci wybra\u0107 odpowiedni\u0105 opcj\u0119, kt\u00f3ra pomo\u017ce Ci spe\u0142ni\u0107 Twoje wymagania dotycz\u0105ce inspekcji.<\/p>\n<h2>Przejrzysta obs\u0142uga z wykorzystaniem technologii RFID<\/h2>\n<p>Nasza us\u0142uga wynajmu dla bran\u017cy spo\u017cywczej spe\u0142nia nawet najbardziej rygorystyczne wymagania bran\u017cowe. Pragniemy zadba\u0107 o bezpiecze\u0144stwo Pa\u0144stwa pracownik\u00f3w w pracy i zawsze oferujemy czyst\u0105 i higieniczn\u0105 odzie\u017c robocz\u0105, kt\u00f3ra jednocze\u015bnie chroni produkcj\u0119 przed zanieczyszczeniami.<\/p>\n<p>Nasza odzie\u017c robocza oznaczona jest kodami RFID, kt\u00f3re zapewniaj\u0105 przejrzysto\u015b\u0107 u\u017cytkowania i prania odzie\u017cy roboczej. Dzi\u0119ki naszemu serwisowi online mo\u017cesz w czasie rzeczywistym monitorowa\u0107 informacje o odzie\u017cy roboczej i w ten spos\u00f3b optymalizowa\u0107 ilo\u015b\u0107 odzie\u017cy roboczej. Tagi RFID umo\u017cliwiaj\u0105 automatyczne monitorowanie przepis\u00f3w higienicznych za pomoc\u0105 kompleksowych raport\u00f3w zgodno\u015bci.<\/p>\n<p>U\u0142atw sobie zarz\u0105dzanie odzie\u017c\u0105 robocz\u0105 dzi\u0119ki naszemu serwisowi internetowemu eLindstr\u00f6m. W serwisie mo\u017cesz sprawdzi\u0107 termin kolejnej dostawy odzie\u017cy roboczej, okres wymiany oraz inne kwestie zwi\u0105zane z zarz\u0105dzaniem odzie\u017c\u0105.<\/p>\n<h2>Ekonomiczna i niezawodna obs\u0142uga<\/h2>\n<p>Nasza elastyczna obs\u0142uga gwarantuje, \u017ce zawsze b\u0119dziesz mie\u0107 czyst\u0105 i dobrze utrzyman\u0105 odzie\u017c robocz\u0105 dost\u0119pn\u0105 dla w\u0142a\u015bciwych os\u00f3b, we w\u0142a\u015bciwym czasie i we w\u0142a\u015bciwym miejscu. Nie ma ju\u017c potrzeby ci\u0105g\u0142ego zamawiania odzie\u017cy roboczej, oddzielnego \u015bwiadczenia us\u0142ug prania i dostawy ani w\u0142asnego magazynu odzie\u017cy roboczej. Dzi\u0119ki naszym us\u0142ugom zarz\u0105dzanie odzie\u017c\u0105 robocz\u0105 b\u0119dzie proste i zaoszcz\u0119dzisz czas i pieni\u0105dze.<\/p>\n<p>Opr\u00f3cz odzie\u017cy roboczej nasze us\u0142ugi obejmuj\u0105 pranie, konserwacj\u0119, dostaw\u0119, przechowywanie i obs\u0142ug\u0119 szafek, a tak\u017ce us\u0142ug\u0119 online eLindstr\u00f6m. Pozw\u00f3l nam zadba\u0107 o Twoj\u0105 odzie\u017c robocz\u0105, aby\u015b m\u00f3g\u0142 skupi\u0107 si\u0119 na swoich podstawowych zadaniach!<\/p>\n<h2>Odpowiadaj na wyzwania bran\u017cy<\/h2>\n<p>Aby jak najlepiej sprosta\u0107 wyzwaniom bran\u017cy, wsp\u00f3lnie z naszymi klientami zaprojektowali\u015bmy kolekcj\u0119 FoodInPro. Nasi projektanci zwr\u00f3cili szczeg\u00f3ln\u0105 uwag\u0119 na materia\u0142y, wygod\u0119, ergonomi\u0119 i rozmieszczenie kieszeni. Zastosowano tak\u017ce rygorystyczne zasady higieny.<\/p>\n<p>Kolekcja FoodInPro oferuje szeroki wyb\u00f3r odzie\u017cy roboczej przeznaczonej dla profesjonalist\u00f3w \u2013 kurtki, spodnie, kombinezony i czapki. Pomo\u017cemy Ci wybra\u0107 najlepsze rozwi\u0105zanie dla Twoich pracownik\u00f3w.<\/p>\n<p>Nasi eksperci ds. odzie\u017cy roboczej dbaj\u0105 o rozw\u00f3j odzie\u017cy roboczej i spe\u0142nianie kryteri\u00f3w bran\u017cowych, dzi\u0119ki czemu Twoja firma nie musi martwi\u0107 si\u0119 zmieniaj\u0105cymi si\u0119 przepisami i standardami. Zadbamy o nie za Ciebie!<\/p>\n                    <\/div>\n                            <\/div>\n        <\/div>\n    \n\n    <\/div>\n<\/div>\n\n\n\n        <style>\n            .lindstrom-container--block_81f3989242d28eea33ed938a7754b200 {                \n                padding-top: 35px;\n                padding-bottom: 35px;\n            }\n\n            @media screen and (min-width: 768px) {\n                .lindstrom-container--block_81f3989242d28eea33ed938a7754b200 {\n                    padding-top: 75px;\n                    padding-bottom: 75px;\n                }\n            }\n        <\/style>\n    \n<div\n    class=\"lindstrom-container-wrapper lindstrom-container lindstrom-container--block_81f3989242d28eea33ed938a7754b200 \"\n    id=\"block_81f3989242d28eea33ed938a7754b200\"\n    style=\"background-color: #ffffff\"\n    >\n    <div class=\"lindstrom-container lindstrom-container--content items-stretch\">\n        \n\n<figure class=\"wp-block-image aligncenter size-large\"><a href=\" https:\/\/group.lindstromgroup.com\/pl\/odziez_robocza_dla_producentow_zywnosci\"><img decoding=\"async\" width=\"1024\" height=\"536\" src=\"https:\/\/d2ris6qfzcz0wn.cloudfront.net\/wp-content\/uploads\/sites\/20\/2024\/05\/food-1024x536.jpg\" alt=\"\" class=\"wp-image-19528\" srcset=\"https:\/\/d2ris6qfzcz0wn.cloudfront.net\/wp-content\/uploads\/sites\/20\/2024\/05\/food-1024x536.jpg 1024w, https:\/\/d2ris6qfzcz0wn.cloudfront.net\/wp-content\/uploads\/sites\/20\/2024\/05\/food-300x157.jpg 300w, https:\/\/d2ris6qfzcz0wn.cloudfront.net\/wp-content\/uploads\/sites\/20\/2024\/05\/food-768x402.jpg 768w, https:\/\/d2ris6qfzcz0wn.cloudfront.net\/wp-content\/uploads\/sites\/20\/2024\/05\/food.jpg 1200w\" sizes=\"(max-width: 1024px) 100vw, 1024px\" \/><\/a><\/figure>\n\n\n\n<div aria-hidden=\"true\" class=\"wp-block-fsb-flexible-spacer fsb-flexible-spacer\"><div class=\"fsb-flexible-spacer__device fsb-flexible-spacer__device--lg\" style=\"height:100px\"><\/div><div class=\"fsb-flexible-spacer__device fsb-flexible-spacer__device--md\" style=\"height:100px\"><\/div><div class=\"fsb-flexible-spacer__device fsb-flexible-spacer__device--sm\" style=\"height:100px\"><\/div><\/div>\n\n\n\n        <div \n        id=\"cta-country-block_93defb2744cfb5bc06c1995091606ea6\" \n        class=\"cta-country\"\n    >\n        <div class=\"flex flex-col gap-5\" style=\"align-items: center\">\n                            <h3 class='!text-title-subhead lg:!text-title-small !text-grey-100 !font-bold !my-0'>                    Odzie\u017c robocza dla piekarzy                <\/h3>                                    <div class=\"cta-button-container cta-button-container--row\">\n                            <\/div>\n        <\/div>\n    <\/div>\n    \n\n\n        <div \n        id=\"catalogue-block_606c4ea69b601e0ad6a5a3f63658ac0b\" \n        class=\"catalogue\"\n    >\n        <div class=\"flex flex-col catalogue__container\">\n            \n                                                <div class=\"grid w-full grid-cols-1 md:grid-cols-2\">\n                        <div class=\"catalogue__media relative\">\n                                                            <img decoding=\"async\" \n                                    class=\"object-cover h-full w-full max-h-[250px] md:max-h-none md:absolute top-0 left-0\" \n                                    src=\"https:\/\/d2ris6qfzcz0wn.cloudfront.net\/wp-content\/uploads\/sites\/20\/2024\/04\/8003alec.png\" \n                                    alt=\"Kurtka robocza ALEC 8003\" \n                                \/>\n                                                    <\/div>\n                        <div class=\"flex flex-col justify-center flex-1 gap-5 px-5 py-5 lg:px-20 lg:py-10 catalogue__content min-h-[250px] md:min-h-[350px]\" style=\"background-color:#003f72;\">\n                            <div class=\"flex flex-col gap-2\">\n                                <p \n                                    class=\"text-[16px]\/[22.4px] md:text-[25px]\/[32.5px] text-left tracking-[0.8px] md:tracking-normal uppercase md:normal-case font-bold !mb-0\" \n                                    style=\"color:#FFFFFF;\">\n                                        Kurtka robocza ALEC 8003                                <\/p>\n                                <p class=\"text-[15px]\/[21px] text-left font-normal !mb-0\" style=\"color:#FFFFFF;\">65% bawe\u0142na \/ 35% poliester, Pro Twill 210 g\r\nRozmiar: 42 -66\r\nKolor bia\u0142y\r\nM\u0119ski kr\u00f3tka koszula robocza z d\u0142ugimi r\u0119kawami. Zamkni\u0119cia na zatrzaski. 2 kieszenie boczne w szwie bocznym pod tali\u0105, zamykane na zatrzaski. Prosty otw\u00f3r r\u0119kawa, regulowany za pomoc\u0105 zatrzask\u00f3w.<\/p>\n                                                            <\/div>\n                                                    <\/div>\n                    <\/div>\n                                    <div class=\"grid w-full grid-cols-1 md:grid-cols-2\">\n                        <div class=\"catalogue__media relative\">\n                                                            <img decoding=\"async\" \n                                    class=\"object-cover h-full w-full max-h-[250px] md:max-h-none md:absolute top-0 left-0\" \n                                    src=\"https:\/\/d2ris6qfzcz0wn.cloudfront.net\/wp-content\/uploads\/sites\/20\/2024\/04\/8100henri.png\" \n                                    alt=\"M\u0119skie spodnie robocze HENRI 8100\" \n                                \/>\n                                                    <\/div>\n                        <div class=\"flex flex-col justify-center flex-1 gap-5 px-5 py-5 lg:px-20 lg:py-10 catalogue__content min-h-[250px] md:min-h-[350px]\" style=\"background-color:#003f72;\">\n                            <div class=\"flex flex-col gap-2\">\n                                <p \n                                    class=\"text-[16px]\/[22.4px] md:text-[25px]\/[32.5px] text-left tracking-[0.8px] md:tracking-normal uppercase md:normal-case font-bold !mb-0\" \n                                    style=\"color:#FFFFFF;\">\n                                        M\u0119skie spodnie robocze HENRI 8100                                <\/p>\n                                <p class=\"text-[15px]\/[21px] text-left font-normal !mb-0\" style=\"color:#FFFFFF;\">65% bawe\u0142na \/ 35% poliester, Pro Twill 210 g\r\nRozmiar: 40-66\r\nKolor bia\u0142y\r\nSpodnie m\u0119skie z gumk\u0105 w pasie. Regulowana gumka w pasie.\r\n<\/p>\n                                                            <\/div>\n                                                    <\/div>\n                    <\/div>\n                                    <div class=\"grid w-full grid-cols-1 md:grid-cols-2\">\n                        <div class=\"catalogue__media relative\">\n                                                            <img decoding=\"async\" \n                                    class=\"object-cover h-full w-full max-h-[250px] md:max-h-none md:absolute top-0 left-0\" \n                                    src=\"https:\/\/d2ris6qfzcz0wn.cloudfront.net\/wp-content\/uploads\/sites\/20\/2024\/04\/8037hans.png\" \n                                    alt=\"M\u0119skie spodnie robocze HANS 8037\" \n                                \/>\n                                                    <\/div>\n                        <div class=\"flex flex-col justify-center flex-1 gap-5 px-5 py-5 lg:px-20 lg:py-10 catalogue__content min-h-[250px] md:min-h-[350px]\" style=\"background-color:#003f72;\">\n                            <div class=\"flex flex-col gap-2\">\n                                <p \n                                    class=\"text-[16px]\/[22.4px] md:text-[25px]\/[32.5px] text-left tracking-[0.8px] md:tracking-normal uppercase md:normal-case font-bold !mb-0\" \n                                    style=\"color:#FFFFFF;\">\n                                        M\u0119skie spodnie robocze HANS 8037                                <\/p>\n                                <p class=\"text-[15px]\/[21px] text-left font-normal !mb-0\" style=\"color:#FFFFFF;\">65% bawe\u0142na \/ 35% poliester, Pro Twill 210 g\r\nRozmiar: 42 &#8211; 66\r\nKolor bia\u0142y\r\nSpodnie m\u0119skie. Boczne kieszenie i szlufki na pasek.\r\n<\/p>\n                                                            <\/div>\n                                                    <\/div>\n                    <\/div>\n                                    <div class=\"grid w-full grid-cols-1 md:grid-cols-2\">\n                        <div class=\"catalogue__media relative\">\n                                                            <img decoding=\"async\" \n                                    class=\"object-cover h-full w-full max-h-[250px] md:max-h-none md:absolute top-0 left-0\" \n                                    src=\"https:\/\/d2ris6qfzcz0wn.cloudfront.net\/wp-content\/uploads\/sites\/20\/2024\/04\/8001ALEC.png\" \n                                    alt=\"Fartuch roboczy ALEC 8001\" \n                                \/>\n                                                    <\/div>\n                        <div class=\"flex flex-col justify-center flex-1 gap-5 px-5 py-5 lg:px-20 lg:py-10 catalogue__content min-h-[250px] md:min-h-[350px]\" style=\"background-color:#003f72;\">\n                            <div class=\"flex flex-col gap-2\">\n                                <p \n                                    class=\"text-[16px]\/[22.4px] md:text-[25px]\/[32.5px] text-left tracking-[0.8px] md:tracking-normal uppercase md:normal-case font-bold !mb-0\" \n                                    style=\"color:#FFFFFF;\">\n                                        Fartuch roboczy ALEC 8001                                <\/p>\n                                <p class=\"text-[15px]\/[21px] text-left font-normal !mb-0\" style=\"color:#FFFFFF;\">65% bawe\u0142na \/ 35% poliester, Pro Twill 210 g\r\nRozmiar: 42 &#8211; 66\r\nKolor bia\u0142y\r\n\r\nD\u0142ugi fartuch m\u0119ski z d\u0142ugim r\u0119kawem. Zamkni\u0119cie na zatrzaski. 2 kieszenie boczne w szwie bocznym pod tali\u0105, zamykane na zatrzaski. Prosty otw\u00f3r r\u0119kawa, regulowany za pomoc\u0105 zatrzask\u00f3w.<\/p>\n                                                            <\/div>\n                                                    <\/div>\n                    <\/div>\n                                    <div class=\"grid w-full grid-cols-1 md:grid-cols-2\">\n                        <div class=\"catalogue__media relative\">\n                                                            <img decoding=\"async\" \n                                    class=\"object-cover h-full w-full max-h-[250px] md:max-h-none md:absolute top-0 left-0\" \n                                    src=\"https:\/\/d2ris6qfzcz0wn.cloudfront.net\/wp-content\/uploads\/sites\/20\/2024\/04\/18244nora-3.png\" \n                                    alt=\"Kurtka robocza damska NORA 18244 \" \n                                \/>\n                                                    <\/div>\n                        <div class=\"flex flex-col justify-center flex-1 gap-5 px-5 py-5 lg:px-20 lg:py-10 catalogue__content min-h-[250px] md:min-h-[350px]\" style=\"background-color:#006f86;\">\n                            <div class=\"flex flex-col gap-2\">\n                                <p \n                                    class=\"text-[16px]\/[22.4px] md:text-[25px]\/[32.5px] text-left tracking-[0.8px] md:tracking-normal uppercase md:normal-case font-bold !mb-0\" \n                                    style=\"color:#FFFFFF;\">\n                                        Kurtka robocza damska NORA 18244                                 <\/p>\n                                <p class=\"text-[15px]\/[21px] text-left font-normal !mb-0\" style=\"color:#FFFFFF;\">65% bawe\u0142na \/ 35% poliester, Pro Twill 210 g\r\nRozmiar: 32 &#8211; 56\r\nKolor bia\u0142y\r\nKr\u00f3tka kurtka damska z d\u0142ugim r\u0119kawem. Zamkni\u0119cie na zatrzaski. 2 kieszenie boczne w szwie bocznym pod tali\u0105, zamykane na zatrzaski. Prosty otw\u00f3r r\u0119kawa, regulowany za pomoc\u0105 zatrzask\u00f3w.<\/p>\n                                                            <\/div>\n                                                    <\/div>\n                    <\/div>\n                                    <div class=\"grid w-full grid-cols-1 md:grid-cols-2\">\n                        <div class=\"catalogue__media relative\">\n                                                            <img decoding=\"async\" \n                                    class=\"object-cover h-full w-full max-h-[250px] md:max-h-none md:absolute top-0 left-0\" \n                                    src=\"https:\/\/d2ris6qfzcz0wn.cloudfront.net\/wp-content\/uploads\/sites\/20\/2024\/04\/8038carla.png\" \n                                    alt=\"Spodnie damskie CARLA 8038\" \n                                \/>\n                                                    <\/div>\n                        <div class=\"flex flex-col justify-center flex-1 gap-5 px-5 py-5 lg:px-20 lg:py-10 catalogue__content min-h-[250px] md:min-h-[350px]\" style=\"background-color:#006f86;\">\n                            <div class=\"flex flex-col gap-2\">\n                                <p \n                                    class=\"text-[16px]\/[22.4px] md:text-[25px]\/[32.5px] text-left tracking-[0.8px] md:tracking-normal uppercase md:normal-case font-bold !mb-0\" \n                                    style=\"color:#FFFFFF;\">\n                                        Spodnie damskie CARLA 8038                                <\/p>\n                                <p class=\"text-[15px]\/[21px] text-left font-normal !mb-0\" style=\"color:#FFFFFF;\">65% bawe\u0142na \/ 35% poliester, Pro Twill 210 g\r\nRozmiar: 32 &#8211; 56\r\nKolor bia\u0142y\r\nSpodnie damskie. Kieszenie boczne.  Regulowana gumka po wewn\u0119trznej stronie talii z ty\u0142u.\r\n<\/p>\n                                                            <\/div>\n                                                    <\/div>\n                    <\/div>\n                                    <div class=\"grid w-full grid-cols-1 md:grid-cols-2\">\n                        <div class=\"catalogue__media relative\">\n                                                            <img decoding=\"async\" \n                                    class=\"object-cover h-full w-full max-h-[250px] md:max-h-none md:absolute top-0 left-0\" \n                                    src=\"https:\/\/d2ris6qfzcz0wn.cloudfront.net\/wp-content\/uploads\/sites\/20\/2024\/04\/18250nora-1.png\" \n                                    alt=\"Fartuch roboczy damski NORA 18250 \" \n                                \/>\n                                                    <\/div>\n                        <div class=\"flex flex-col justify-center flex-1 gap-5 px-5 py-5 lg:px-20 lg:py-10 catalogue__content min-h-[250px] md:min-h-[350px]\" style=\"background-color:#006f86;\">\n                            <div class=\"flex flex-col gap-2\">\n                                <p \n                                    class=\"text-[16px]\/[22.4px] md:text-[25px]\/[32.5px] text-left tracking-[0.8px] md:tracking-normal uppercase md:normal-case font-bold !mb-0\" \n                                    style=\"color:#FFFFFF;\">\n                                        Fartuch roboczy damski NORA 18250                                 <\/p>\n                                <p class=\"text-[15px]\/[21px] text-left font-normal !mb-0\" style=\"color:#FFFFFF;\">65% bawe\u0142na \/ 35% poliester, Pro Twill 210 g\r\nRozmiar: 32 &#8211; 56\r\nKolor bia\u0142y\r\nBardzo d\u0142ugi fartuch damski z d\u0142ugim r\u0119kawem. Zamkni\u0119cie na zatrzaski. Pas tylny regulowany za pomoc\u0105 zatrzask\u00f3w. 1 naszywana kiesze\u0144 na lewej piersi. \r\n2 dolne naszywane kieszenie. Prosty otw\u00f3r r\u0119kawa, regulowany za pomoc\u0105 zatrzask\u00f3w.<\/p>\n                                                            <\/div>\n                                                    <\/div>\n                    <\/div>\n                 \n                        \n        <\/div>\n    <\/div>\n    \n\n    <\/div>\n<\/div>\n\n\n\n        <style>\n            .lindstrom-container--block_042d43a13e3a8f0ed0a78edd886236f8 {                \n                padding-top: 35px;\n                padding-bottom: 35px;\n            }\n\n            @media screen and (min-width: 768px) {\n                .lindstrom-container--block_042d43a13e3a8f0ed0a78edd886236f8 {\n                    padding-top: 75px;\n                    padding-bottom: 75px;\n                }\n            }\n        <\/style>\n    \n<div\n    class=\"lindstrom-container-wrapper lindstrom-container lindstrom-container--block_042d43a13e3a8f0ed0a78edd886236f8 \"\n    id=\"block_042d43a13e3a8f0ed0a78edd886236f8\"\n    style=\"background-color: #f4f4f4\"\n    >\n    <div class=\"lindstrom-container lindstrom-container--content items-stretch\">\n        \n\n        <div \n        id=\"cta-country-block_8aef1e4c568f21f127531c1c8b642f69\" \n        class=\"cta-country\"\n    >\n        <div class=\"flex flex-col gap-5\" style=\"align-items: center\">\n                            <h2 class='!text-title-small lg:!text-title-medium !text-grey-100 !font-bold !my-0'>                    Uzupe\u0142niaj\u0105ca odzie\u017c robocza                <\/h2>                                    <div class=\"cta-button-container cta-button-container--row\">\n                            <\/div>\n        <\/div>\n    <\/div>\n    \n\n\n        <div \n        id=\"services-showcase-block_6a821b8f7452166baa22c62473feb19b\" \n        class=\"services-showcase\"\n    >\n        <div class=\"grid\">\n                            <div class=\"grid gap-5 service-cards service-cards-3\">\n                                    \n        <div class='flex flex-col service-card rounded-[5px]'>\n            <div>\n                <a href='https:\/\/lindstromgroup.com\/pl\/serwis\/odziez-robocza\/odziez-robocza-dla-przemyslu-spozywczego\/czapka-robocza\/'>\n                    <img class='!h-[250px] object-cover w-full rounded-t-[5px]' src='https:\/\/d2ris6qfzcz0wn.cloudfront.net\/wp-content\/uploads\/sites\/20\/2024\/04\/Atria_alyvaatevarasto_Lindstrom_Artikkeli-1400x933-1-1024x682.jpg.webp' alt='' \/>\n                <\/a>\n            <\/div>\n            <div class='flex flex-col p-5 gap-5 h-full bg-white rounded-b-[5px]'>\n                <div class='flex flex-col gap-2'>\n                    <h3 class='!mb-0'><a href='https:\/\/lindstromgroup.com\/pl\/serwis\/odziez-robocza\/odziez-robocza-dla-przemyslu-spozywczego\/czapka-robocza\/' class='text-[25px]\/[32.5px] font-bold !text-grey-100 !no-underline cursor-pointer !mb-0'>Czapka robocza<\/a><\/h3>\n                    <p class='text-[15px]\/[21px] text-grey-100 !mb-0'><p>Nasz serwis odzie\u017cy roboczej gwarantuje, \u017ce piekarze i piekarze-cukiernicy pracuj\u0105cy w piekarni zawsze b\u0119d\u0105 mieli czyst\u0105 i estetyczn\u0105 odzie\u017c robocz\u0105, kt\u00f3ra poprawi wizerunek piekarni i pomo\u017ce Twoim klientom rozpozna\u0107 Twoich pracownik\u00f3w.<\/p>\n<\/p><\/div>\n            <div class='border-2 border-grey-100 rounded-full h-10 min-w-[200px] w-fit flex items-center justify-center mt-auto button-outlined--black'>\n                <a class='!text-grey-100 !no-underline bg-transparent py-3 pr-4 pl-5 font-bold text-base flex justify-center items-center gap-3 w-full rounded-full service-button' href='https:\/\/lindstromgroup.com\/pl\/serwis\/odziez-robocza\/odziez-robocza-dla-przemyslu-spozywczego\/czapka-robocza\/'>\n                    Czytam dalej\n                <\/a>\n            <\/div>\n            <\/div>\n        <\/div>\n                                        \n        <div class='flex flex-col service-card rounded-[5px]'>\n            <div>\n                <a href='https:\/\/lindstromgroup.com\/pl\/serwis\/odziez-robocza\/odziez-robocza-dla-przemyslu-spozywczego\/fartuchy-robocze\/'>\n                    <img class='!h-[250px] object-cover w-full rounded-t-[5px]' src='https:\/\/d2ris6qfzcz0wn.cloudfront.net\/wp-content\/uploads\/sites\/20\/2024\/04\/002_Lindstrom_Set2_hires_final-1024x684.jpg.webp' alt='' \/>\n                <\/a>\n            <\/div>\n            <div class='flex flex-col p-5 gap-5 h-full bg-white rounded-b-[5px]'>\n                <div class='flex flex-col gap-2'>\n                    <h3 class='!mb-0'><a href='https:\/\/lindstromgroup.com\/pl\/serwis\/odziez-robocza\/odziez-robocza-dla-przemyslu-spozywczego\/fartuchy-robocze\/' class='text-[25px]\/[32.5px] font-bold !text-grey-100 !no-underline cursor-pointer !mb-0'>Fartuchy robocze<\/a><\/h3>\n                    <p class='text-[15px]\/[21px] text-grey-100 !mb-0'><p>\u015awietny dodatek do odzie\u017cy roboczej, zw\u0142aszcza<strong>\u00a0gdy potrzebna jest wi\u0119ksza ochrona<\/strong>. Jest to r\u00f3wnie\u017c dobry dodatek dla tych, kt\u00f3rzy pracuj\u0105 w\u00a0<strong>handlu detalicznym lub produkcji spo\u017cywczej<\/strong> i musz\u0105 zachowa\u0107 czysto\u015b\u0107. \u0141atwo jest zdj\u0105\u0107 takie ubranie robocze.<\/p>\n<\/p><\/div>\n            <div class='border-2 border-grey-100 rounded-full h-10 min-w-[200px] w-fit flex items-center justify-center mt-auto button-outlined--black'>\n                <a class='!text-grey-100 !no-underline bg-transparent py-3 pr-4 pl-5 font-bold text-base flex justify-center items-center gap-3 w-full rounded-full service-button' href='https:\/\/lindstromgroup.com\/pl\/serwis\/odziez-robocza\/odziez-robocza-dla-przemyslu-spozywczego\/fartuchy-robocze\/'>\n                    Czytam dalej\n                <\/a>\n            <\/div>\n            <\/div>\n        <\/div>\n                                        \n        <div class='flex flex-col service-card rounded-[5px]'>\n            <div>\n                <a href='https:\/\/lindstromgroup.com\/pl\/serwis\/odziez-robocza\/odziez-robocza-dla-przemyslu-spozywczego\/kitle-robocze-dla-pracownikow-branzy-spozywczej\/'>\n                    <img class='!h-[250px] object-cover w-full rounded-t-[5px]' src='https:\/\/d2ris6qfzcz0wn.cloudfront.net\/wp-content\/uploads\/sites\/20\/2024\/04\/004_Lindstrom_Set2_hires_final-1400x934-1-1024x683.jpg.webp' alt='' \/>\n                <\/a>\n            <\/div>\n            <div class='flex flex-col p-5 gap-5 h-full bg-white rounded-b-[5px]'>\n                <div class='flex flex-col gap-2'>\n                    <h3 class='!mb-0'><a href='https:\/\/lindstromgroup.com\/pl\/serwis\/odziez-robocza\/odziez-robocza-dla-przemyslu-spozywczego\/kitle-robocze-dla-pracownikow-branzy-spozywczej\/' class='text-[25px]\/[32.5px] font-bold !text-grey-100 !no-underline cursor-pointer !mb-0'>Kitle robocze dla pracownik\u00f3w bran\u017cy spo\u017cywczej<\/a><\/h3>\n                    <p class='text-[15px]\/[21px] text-grey-100 !mb-0'><p>Kitle roboczy jest obowi\u0105zkowym elementem element\u00f3w ochronnych w przemy\u015ble spo\u017cywczym i gastronomii. Chroni ubrania i sk\u00f3r\u0119 przed zabrudzeniem oraz zmniejsza ryzyko obra\u017ce\u0144.<\/p>\n<\/p><\/div>\n            <div class='border-2 border-grey-100 rounded-full h-10 min-w-[200px] w-fit flex items-center justify-center mt-auto button-outlined--black'>\n                <a class='!text-grey-100 !no-underline bg-transparent py-3 pr-4 pl-5 font-bold text-base flex justify-center items-center gap-3 w-full rounded-full service-button' href='https:\/\/lindstromgroup.com\/pl\/serwis\/odziez-robocza\/odziez-robocza-dla-przemyslu-spozywczego\/kitle-robocze-dla-pracownikow-branzy-spozywczej\/'>\n                    Czytam dalej\n                <\/a>\n            <\/div>\n            <\/div>\n        <\/div>\n                                    <\/div>\n                    <\/div>\n            <\/div>\n    \n\n\n    <\/div>\n<\/div>\n\n\n\n<div aria-hidden=\"true\" class=\"wp-block-fsb-flexible-spacer fsb-flexible-spacer\"><div class=\"fsb-flexible-spacer__device fsb-flexible-spacer__device--lg\" style=\"height:100px\"><\/div><div class=\"fsb-flexible-spacer__device fsb-flexible-spacer__device--md\" style=\"height:100px\"><\/div><div class=\"fsb-flexible-spacer__device fsb-flexible-spacer__device--sm\" style=\"height:100px\"><\/div><\/div>\n\n\n\n        <style>\n            .lindstrom-container--block_81f3989242d28eea33ed938a7754b200 {                \n                padding-top: 35px;\n                padding-bottom: 35px;\n            }\n\n            @media screen and (min-width: 768px) {\n                .lindstrom-container--block_81f3989242d28eea33ed938a7754b200 {\n                    padding-top: 75px;\n                    padding-bottom: 75px;\n                }\n            }\n        <\/style>\n    \n<div\n    class=\"lindstrom-container-wrapper lindstrom-container lindstrom-container--block_81f3989242d28eea33ed938a7754b200 \"\n    id=\"block_81f3989242d28eea33ed938a7754b200\"\n    style=\"background-color: #ffffff\"\n    >\n    <div class=\"lindstrom-container lindstrom-container--content items-stretch\">\n        \n\n        <div \n        id=\"cta-country-block_7560721f5c4a1a3ed625683834168999\" \n        class=\"cta-country\"\n    >\n        <div class=\"flex flex-col gap-5\" style=\"align-items: flex-start\">\n                            <h2 class='!text-title-small lg:!text-title-medium !text-grey-100 !font-bold !my-0'>                    W ten spos\u00f3b przeprowadzimy us\u0142ug\u0119 wynajmu odzie\u017cy roboczej                <\/h2>                                    <div class=\"cta-button-container cta-button-container--row\">\n                            <\/div>\n        <\/div>\n    <\/div>\n    \n\n\n    <div \n        id=\"block_073a386beb094076a4894aa3ec42bad9\"\n        class=\"value-props value-props--block_073a386beb094076a4894aa3ec42bad9 \"\n    >\n                                <div class=\"value-props__cards\">\n                            <div class=\"value-props__card\" style=\"border: 1px solid #003f72\">\n                    <div class=\"card__content\">\n                        \n        <div class='content__circle' style='background-color: #003f72'>\n            <div class='circle__number'>\n                1\n            <\/div>\n        <\/div>\n                                <div class=\"content__title\" style=\"color: \">\n                            Zostaw pro\u015bb\u0119 o kontakt                        <\/div>\n                                                    <div class=\"content__description\" style=\"color: \">\n                                Zostaw pro\u015bb\u0119 o kontakt, a my skontaktujemy si\u0119 z Tob\u0105 tak szybko, jak to mo\u017cliwe.                            <\/div>\n                                            <\/div>\n                <\/div>\n                            <div class=\"value-props__card\" style=\"border: 1px solid #003f72\">\n                    <div class=\"card__content\">\n                        \n        <div class='content__circle' style='background-color: #003f72'>\n            <div class='circle__number'>\n                2\n            <\/div>\n        <\/div>\n                                <div class=\"content__title\" style=\"color: \">\n                            Wsp\u00f3lnie dokonujemy oceny potrzeb                        <\/div>\n                                                    <div class=\"content__description\" style=\"color: \">\n                                Pomagamy oceni\u0107 Twoje potrzeby, okre\u015bli\u0107 ile odzie\u017cy roboczej potrzeba i jak cz\u0119sto nale\u017cy j\u0105 zmienia\u0107 w oparciu o obowi\u0105zki s\u0142u\u017cbowe pracownika, tak aby u\u017cytkownik zawsze mia\u0142 dost\u0119p do czystej odzie\u017cy.                            <\/div>\n                                            <\/div>\n                <\/div>\n                            <div class=\"value-props__card\" style=\"border: 1px solid #003f72\">\n                    <div class=\"card__content\">\n                        \n        <div class='content__circle' style='background-color: #003f72'>\n            <div class='circle__number'>\n                3\n            <\/div>\n        <\/div>\n                                <div class=\"content__title\" style=\"color: \">\n                            Odzie\u017c robocz\u0105 dopasowujemy indywidualnie                        <\/div>\n                                                    <div class=\"content__description\" style=\"color: \">\n                                Nasz\u0105 us\u0142ug\u0119 rozpoczynamy od dopasowania odzie\u017cy roboczej. Ka\u017cdy pracownik zas\u0142uguje na wygodn\u0105 i dobrze dopasowan\u0105 odzie\u017c robocz\u0105. Dbamy o to, aby ka\u017cdy egzemplarz mia\u0142 odpowiedni rozmiar i dokonujemy niezb\u0119dnych przer\u00f3bek, np. skr\u00f3cenia nogawek.                            <\/div>\n                                            <\/div>\n                <\/div>\n                            <div class=\"value-props__card\" style=\"border: 1px solid #003f72\">\n                    <div class=\"card__content\">\n                        \n        <div class='content__circle' style='background-color: #003f72'>\n            <div class='circle__number'>\n                4\n            <\/div>\n        <\/div>\n                                <div class=\"content__title\" style=\"color: \">\n                            Zawsze czyste i nienaruszone ubranie robocze                        <\/div>\n                                                    <div class=\"content__description\" style=\"color: \">\n                                Nasz serwisant regularnie dostarcza czyst\u0105 odzie\u017c robocz\u0105 na teren Twojej firmy i jednocze\u015bnie odbiera odzie\u017c robocz\u0105, kt\u00f3r\u0105 mo\u017cna wypra\u0107 i naprawi\u0107. Dzi\u0119ki naszemu serwisowi Twoja odzie\u017c robocza b\u0119dzie zawsze czysta, bezpieczna i wygodna.                            <\/div>\n                                            <\/div>\n                <\/div>\n                            <div class=\"value-props__card\" style=\"border: 1px solid #003f72\">\n                    <div class=\"card__content\">\n                        \n        <div class='content__circle' style='background-color: #003f72'>\n            <div class='circle__number'>\n                5\n            <\/div>\n        <\/div>\n                                <div class=\"content__title\" style=\"color: \">\n                            Odpowiedzialna ostateczna utylizacja                        <\/div>\n                                                    <div class=\"content__description\" style=\"color: \">\n                                Odpowiedzialnie dbamy o przechowywanie i ostateczn\u0105 utylizacj\u0119 Twojej odzie\u017cy roboczej.                            <\/div>\n                                            <\/div>\n                <\/div>\n                        <\/div>\n            <\/div>\n\n\n    <\/div>\n<\/div>\n\n\n\n        <style>\n            .country-site-certifications--block_400cbba4eef0a0fe1d098313f4f20571 {                \n                padding-top: 35px;\n                padding-bottom: 35px;\n            }\n\n            @media screen and (min-width: 768px) {\n                .country-site-certifications--block_400cbba4eef0a0fe1d098313f4f20571 {\n                    padding-top: 75px;\n                    padding-bottom: 75px;\n                }\n            }\n        <\/style>\n    \n            <div\n            id=\"block_400cbba4eef0a0fe1d098313f4f20571\"\n            style=\"background-color: #ffffff\"\n            class=\"lindstrom-container-wrapper border-t border-grey-25 country-site-certifications country-site-certifications--block_400cbba4eef0a0fe1d098313f4f20571 \"\n        >\n            <div class=\"flex flex-col items-center self-stretch gap-5 lindstrom-container lindstrom-container--content lg:flex-row lg:gap-20\">\n                <div class=\"flex flex-col items-center justify-center gap-5 lg:items-start basis-full lg:basis-1\/4 self-baseline\">\n                    <h2 class=\"!text-grey-100 !text-[22px]\/[33px] !font-bold uppercase tracking-[.33px]\">CERTYFIKATY<\/h2>\n                    <p class=\"!text-grey-100 !text-[18px]\/[27px] opacity-90 text-center lg:text-left\">\r\n\r\n<\/p>\n                <\/div>\n                <div class=\"relative w-full max-w-full\">\n                    <div class=\"flex justify-start gap-3 overflow-x-auto lg:justify-end\">\n                                            <div class=\"relative text-center w-[150px]\">\n                            <img decoding=\"async\" class=\"aspect-square w-full object-contain\" src=\"https:\/\/d2ris6qfzcz0wn.cloudfront.net\/wp-content\/uploads\/sites\/20\/2024\/01\/ManagementSysCert_ISO9001_14001_45001_col_11-1-e1671201305996-300x300-1.webp\" alt=\"\" \/>\n                                                                                <\/div>\n                                            <div class=\"relative text-center w-[150px]\">\n                            <img decoding=\"async\" class=\"aspect-square w-full object-contain\" src=\"https:\/\/d2ris6qfzcz0wn.cloudfront.net\/wp-content\/uploads\/sites\/20\/2024\/04\/BioContaminationControl_EN14065_col11-1-300x291.png\" alt=\"\" \/>\n                                                                                <\/div>\n                                            <div class=\"relative text-center w-[150px]\">\n                            <img decoding=\"async\" class=\"aspect-square w-full object-contain\" src=\"https:\/\/d2ris6qfzcz0wn.cloudfront.net\/wp-content\/uploads\/sites\/20\/2024\/04\/EnvironmentalSysCert_ISO14001_col-1-250x300-1.jpg\" alt=\"\" \/>\n                                                                                <\/div>\n                                            <div class=\"relative text-center w-[150px]\">\n                            <img decoding=\"async\" class=\"aspect-square w-full object-contain\" src=\"https:\/\/d2ris6qfzcz0wn.cloudfront.net\/wp-content\/uploads\/sites\/20\/2024\/04\/QualitySysCert_ISO9001_col-1-250x300-1.jpg\" alt=\"\" \/>\n                                                                                <\/div>\n                                            <div class=\"relative text-center w-[150px]\">\n                            <img decoding=\"async\" class=\"aspect-square w-full object-contain\" src=\"https:\/\/d2ris6qfzcz0wn.cloudfront.net\/wp-content\/uploads\/sites\/20\/2024\/04\/LINDSTROM-OY-GROUP_EV_Recognition_2026_p-300x300.jpg\" alt=\"\" \/>\n                                                                                <\/div>\n                                        <\/div>\n                <\/div>\n            <\/div>\n        <\/div>\n    \n\n\n        <div \n        id=\"catalogue-block_f16b658df81482fdffc8f290cb7e0097\" \n        class=\"catalogue\"\n    >\n        <div class=\"flex flex-col catalogue__container\">\n            \n                                                <div class=\"grid w-full grid-cols-1 md:grid-cols-2\">\n                        <div class=\"catalogue__media relative\">\n                                                            <img decoding=\"async\" \n                                    class=\"object-cover h-full w-full max-h-[250px] md:max-h-none md:absolute top-0 left-0\" \n                                    src=\"https:\/\/d2ris6qfzcz0wn.cloudfront.net\/wp-content\/uploads\/sites\/20\/2024\/04\/pexels-nejc-kosir-108379-338936-1024x595.jpg\" \n                                    alt=\"Przeczytaj wi\u0119cej o naszej odpowiedzialno\u015bci\" \n                                \/>\n                                                    <\/div>\n                        <div class=\"flex flex-col justify-center flex-1 gap-5 px-5 py-5 lg:px-20 lg:py-10 catalogue__content min-h-[250px] md:min-h-[350px]\" style=\"background-color:#003f72;\">\n                            <div class=\"flex flex-col gap-2\">\n                                <p \n                                    class=\"text-[16px]\/[22.4px] md:text-[25px]\/[32.5px] text-left tracking-[0.8px] md:tracking-normal uppercase md:normal-case font-bold !mb-0\" \n                                    style=\"color:#FFFFFF;\">\n                                        Przeczytaj wi\u0119cej o naszej odpowiedzialno\u015bci                                <\/p>\n                                <p class=\"text-[15px]\/[21px] text-left font-normal !mb-0\" style=\"color:#FFFFFF;\"><\/p>\n                                                            <\/div>\n                                                            <div class=\"flex h-10 border-2 rounded-full w-fit button-outlined--white\" style=\"border-color:#FFFFFF;\">\n                                    <a \n                                        class=\"!no-underline bg-transparent py-3 pr-4 pl-5 font-bold text-base flex justify-center items-center gap-3 rounded-full w-full\" \n                                        href=\"https:\/\/lindstromgroup.com\/pl\/zrownowazony-rozwoj\/\"\n                                        target=\"_self\"\n                                        style=\"color:#FFFFFF;\">\n                                            Czytam dalej  <span class=\"material-symbols-outlined !font-bold\">arrow_right_alt<\/span>\n                                    <\/a>\n                                <\/div>\n                                                    <\/div>\n                    <\/div>\n                                    <div class=\"grid w-full grid-cols-1 md:grid-cols-2\">\n                        <div class=\"catalogue__media relative\">\n                                                            <img decoding=\"async\" \n                                    class=\"object-cover h-full w-full max-h-[250px] md:max-h-none md:absolute top-0 left-0\" \n                                    src=\"https:\/\/d2ris6qfzcz0wn.cloudfront.net\/wp-content\/uploads\/sites\/20\/2024\/04\/pesukone-turku-Lindstrom-hero-post-1600x900-1-1024x576-1.jpg\" \n                                    alt=\"Ponad po\u0142owa pracownik\u00f3w samodzielnie pierze odzie\u017c robocz\u0105\" \n                                \/>\n                                                    <\/div>\n                        <div class=\"flex flex-col justify-center flex-1 gap-5 px-5 py-5 lg:px-20 lg:py-10 catalogue__content min-h-[250px] md:min-h-[350px]\" style=\"background-color:#006f86;\">\n                            <div class=\"flex flex-col gap-2\">\n                                <p \n                                    class=\"text-[16px]\/[22.4px] md:text-[25px]\/[32.5px] text-left tracking-[0.8px] md:tracking-normal uppercase md:normal-case font-bold !mb-0\" \n                                    style=\"color:#FFFFFF;\">\n                                        Ponad po\u0142owa pracownik\u00f3w samodzielnie pierze odzie\u017c robocz\u0105                                <\/p>\n                                <p class=\"text-[15px]\/[21px] text-left font-normal !mb-0\" style=\"color:#FFFFFF;\">\u0179le wyprana odzie\u017c robocza nie spe\u0142nia wymog\u00f3w higienicznych<\/p>\n                                                            <\/div>\n                                                            <div class=\"flex h-10 border-2 rounded-full w-fit button-outlined--white\" style=\"border-color:#FFFFFF;\">\n                                    <a \n                                        class=\"!no-underline bg-transparent py-3 pr-4 pl-5 font-bold text-base flex justify-center items-center gap-3 rounded-full w-full\" \n                                        href=\"https:\/\/lindstromgroup.com\/pl\/artykuly\/jak-dziala-nasza-pralnia-odziezy-roboczej\/\"\n                                        target=\"_self\"\n                                        style=\"color:#FFFFFF;\">\n                                            Czytam dalej <span class=\"material-symbols-outlined !font-bold\">arrow_right_alt<\/span>\n                                    <\/a>\n                                <\/div>\n                                                    <\/div>\n                    <\/div>\n                 \n                        \n        <\/div>\n    <\/div>\n    \n\n\n        <style>\n            .lindstrom-container--block_81f3989242d28eea33ed938a7754b200 {                \n                padding-top: 35px;\n                padding-bottom: 35px;\n            }\n\n            @media screen and (min-width: 768px) {\n                .lindstrom-container--block_81f3989242d28eea33ed938a7754b200 {\n                    padding-top: 75px;\n                    padding-bottom: 75px;\n                }\n            }\n        <\/style>\n    \n<div\n    class=\"lindstrom-container-wrapper lindstrom-container lindstrom-container--block_81f3989242d28eea33ed938a7754b200 \"\n    id=\"block_81f3989242d28eea33ed938a7754b200\"\n    style=\"background-color: #ffffff\"\n    >\n    <div class=\"lindstrom-container lindstrom-container--content items-stretch\">\n        \n\n        <div \n        id=\"cta-country-block_be43cc0d23899167774e0a7e4eecb81a\" \n        class=\"cta-country\"\n    >\n        <div class=\"flex flex-col gap-5\" style=\"align-items: flex-start\">\n                            <h2 class='!text-title-small lg:!text-title-medium !text-grey-100 !font-bold !my-0'>                    Nasze inne popularne us\u0142ugi                <\/h2>                                    <div class=\"cta-button-container cta-button-container--row\">\n                            <\/div>\n        <\/div>\n    <\/div>\n    \n\n\n        <div \n        id=\"services-showcase-block_fa00696a09a5be21bcb01c0b50d93b29\" \n        class=\"services-showcase\"\n    >\n        <div class=\"grid\">\n                            <div class=\"grid gap-5 service-cards service-cards-2\">\n                                    \n        <div class='flex flex-col service-card rounded-[5px]'>\n            <div>\n                <a href='https:\/\/lindstromgroup.com\/pl\/serwis\/maty\/maty-standard\/'>\n                    <img class='!h-[250px] object-cover w-full rounded-t-[5px]' src='https:\/\/d2ris6qfzcz0wn.cloudfront.net\/wp-content\/uploads\/sites\/20\/2024\/01\/Vakiomatto-Rantatie-683x1024-1.jpg' alt='' \/>\n                <\/a>\n            <\/div>\n            <div class='flex flex-col p-5 gap-5 h-full bg-white rounded-b-[5px]'>\n                <div class='flex flex-col gap-2'>\n                    <h3 class='!mb-0'><a href='https:\/\/lindstromgroup.com\/pl\/serwis\/maty\/maty-standard\/' class='text-[25px]\/[32.5px] font-bold !text-grey-100 !no-underline cursor-pointer !mb-0'>Maty standard<\/a><\/h3>\n                    <p class='text-[15px]\/[21px] text-grey-100 !mb-0'><p>Bestsellerowa mata wej\u015bciowa Lindstr\u00f6m, kt\u00f3r\u0105 projektujemy tak, aby brud i wilgo\u0107 wsi\u0105ka\u0142y w mat\u0119. Gwarantujemy, \u017ce Twoje pod\u0142ogi b\u0119d\u0105 suche i czyste nawet w porze deszczowej!<\/p>\n<\/p><\/div>\n            <div class='border-2 border-grey-100 rounded-full h-10 min-w-[200px] w-fit flex items-center justify-center mt-auto button-outlined--black'>\n                <a class='!text-grey-100 !no-underline bg-transparent py-3 pr-4 pl-5 font-bold text-base flex justify-center items-center gap-3 w-full rounded-full service-button' href='https:\/\/lindstromgroup.com\/pl\/serwis\/maty\/maty-standard\/'>\n                    Czytam dalej\n                <\/a>\n            <\/div>\n            <\/div>\n        <\/div>\n                                        \n        <div class='flex flex-col service-card rounded-[5px]'>\n            <div>\n                <a href='https:\/\/lindstromgroup.com\/pl\/serwis\/maty\/maty-ergonomiczne\/'>\n                    <img class='!h-[250px] object-cover w-full rounded-t-[5px]' src='https:\/\/d2ris6qfzcz0wn.cloudfront.net\/wp-content\/uploads\/sites\/20\/2024\/04\/MAS_Lindstrom_Ergonomiamatot_86U3363_1600x1200px-1024x768-1.jpg' alt='' \/>\n                <\/a>\n            <\/div>\n            <div class='flex flex-col p-5 gap-5 h-full bg-white rounded-b-[5px]'>\n                <div class='flex flex-col gap-2'>\n                    <h3 class='!mb-0'><a href='https:\/\/lindstromgroup.com\/pl\/serwis\/maty\/maty-ergonomiczne\/' class='text-[25px]\/[32.5px] font-bold !text-grey-100 !no-underline cursor-pointer !mb-0'>Maty ergonomiczne<\/a><\/h3>\n                    <p class='text-[15px]\/[21px] text-grey-100 !mb-0'><p>Wynajem mata ergonomiczna jest idealnym rozwi\u0105zaniem je\u015bli wykonujesz prac\u0119 stoj\u0105c. Konstrukcja maty odci\u0105\u017ca kr\u0119gos\u0142up i stawy.<\/p>\n<\/p><\/div>\n            <div class='border-2 border-grey-100 rounded-full h-10 min-w-[200px] w-fit flex items-center justify-center mt-auto button-outlined--black'>\n                <a class='!text-grey-100 !no-underline bg-transparent py-3 pr-4 pl-5 font-bold text-base flex justify-center items-center gap-3 w-full rounded-full service-button' href='https:\/\/lindstromgroup.com\/pl\/serwis\/maty\/maty-ergonomiczne\/'>\n                    Czytam dalej\n                <\/a>\n            <\/div>\n            <\/div>\n        <\/div>\n                                    <\/div>\n                    <\/div>\n            <\/div>\n    \n\n\n    <\/div>\n<\/div>\n\n\n\n        <style>\n            .lindstrom-container--block_4df13c3f476ae05fa73a64cde5f61670 {                \n                padding-top: 0px;\n                padding-bottom: 0px;\n            }\n\n            @media screen and (min-width: 768px) {\n                .lindstrom-container--block_4df13c3f476ae05fa73a64cde5f61670 {\n                    padding-top: 0px;\n                    padding-bottom: 0px;\n                }\n            }\n        <\/style>\n    \n<div\n    class=\"lindstrom-container-wrapper lindstrom-container lindstrom-container--block_4df13c3f476ae05fa73a64cde5f61670 \"\n    id=\"block_4df13c3f476ae05fa73a64cde5f61670\"\n    style=\"background-color: #ffffff\"\n    >\n    <div class=\"lindstrom-container lindstrom-container--wide items-stretch\">\n        \n\n<div class=\"wp-block-columns is-layout-flex wp-container-core-columns-is-layout-d9884270 wp-block-columns-is-layout-flex\" style=\"padding-top:0;padding-bottom:0\">\n<div class=\"wp-block-column is-layout-flow wp-block-column-is-layout-flow\">\n<figure class=\"wp-block-image size-large\"><img decoding=\"async\" src=\"https:\/\/lindstromgroup.com\/fi\/wp-content\/uploads\/sites\/8\/2024\/02\/WRS_Lindstrom_Kelaa_tata_Efesia_03_1600x1200px-1024x768.jpg\" alt=\"\" class=\"wp-image-4891\" style=\"aspect-ratio:4\/3;object-fit:cover\"\/><\/figure>\n<\/div>\n\n\n\n<div class=\"wp-block-column is-layout-constrained wp-block-column-is-layout-constrained\">\n        <style>\n            .lindstrom-container--block_60d3158f7ea1854712cfbf8bc7161807 {                \n                padding-top: 35px;\n                padding-bottom: 35px;\n            }\n\n            @media screen and (min-width: 768px) {\n                .lindstrom-container--block_60d3158f7ea1854712cfbf8bc7161807 {\n                    padding-top: 50px;\n                    padding-bottom: 50px;\n                }\n            }\n        <\/style>\n    \n<div\n    class=\"lindstrom-container-wrapper lindstrom-container lindstrom-container--block_60d3158f7ea1854712cfbf8bc7161807 \"\n    id=\"contact\"\n    style=\"background-color: #ffffff\"\n    >\n    <div class=\"lindstrom-container lindstrom-container--content items-stretch\">\n        \n\n    <div id=\"Poprosz\u0119\" class=\"hubspot-contact-form\">\n                    <h3 class=\"mt-0 !mb-5 lg:!mb-10 font-bold !text-title-small\">\n                Poprosz\u0119 o ofert\u0119            <\/h3>\n        \n                    <p class=\"!-mt-4 lg:!-mt-8 !mb-5 lg:!mb-10 !text-body-small\">\n                Prosz\u0119 wype\u0142nij formularz kontaktowy lub przedzwo\u0144 pod numer 22 614-24-05            <\/p>\n        \n        <div class=\"form-wrapper\"><\/div>\n        <div class=\"editor-message\">\n            Please set a valid form ID.\n        <\/div>\n    <\/div>\n\n<script>\n    \/**\n     * Generate dynamic init form function name to prevent it get re-initialized if there are multiple forms in a page\n     *\/\n    function initForm_69f317a62e996() {\n        \/\/ retry until hubspot script is initialized\n        if (typeof hbspt !== \"undefined\") {\n            hbspt.forms.create({\n                region: \"eu1\",\n                portalId: \"2758505\",\n                formId: \"9d25aeb6-3b45-48e0-b48a-b1aee4c208e5\",\n                target: `#Poprosz\u0119 .form-wrapper`,\n                onFormReady: (arg) => {\n                    const hasFeaturedField = 0;\n                    if (!hasFeaturedField) {\n                        return\n                    }\n    \n                    \/\/ in case the featured field is not available in the form\n                    const featuredField = document.querySelector(`#Poprosz\u0119 .none`);\n                    if (!featuredField) {\n                        return\n                    }\n    \n                    \/\/ only support checkbox field for now\n                    convertCheckboxFeaturedField(featuredField)                \n                }\n            });\n            return;\n        }\n\n        setTimeout(initForm_69f317a62e996, 250);\n    }\n\n    function convertCheckboxFeaturedField(featuredField) {\n        const fieldsetWrapper = featuredField.parentElement\n        \n        \/\/ add the featured field class to the wrapper fieldset element\n        \/\/ transform the featured field's UI via CSS\n        fieldsetWrapper.classList.add('featured-field')\n\n        \/\/ calculate and add enough space to display the featured field on top of the form\n        calculateFeaturedFieldSize(fieldsetWrapper)\n        window.addEventListener('resize', () => {\n            calculateFeaturedFieldSize(fieldsetWrapper)\n        })\n    }\n    \n    function calculateFeaturedFieldSize (fieldsetWrapper) {\n        fieldsetWrapper\n            .closest('.hubspot-contact-form--has-featured-field')\n            .style\n            .paddingTop = fieldsetWrapper.offsetHeight + 50 + 'px';\n    }    \n\n    initForm_69f317a62e996();\n<\/script>\n\n\n    <\/div>\n<\/div>\n<\/div>\n<\/div>\n\n\n    <\/div>\n<\/div>\n","protected":false},"excerpt":{"rendered":"","protected":false},"author":14,"featured_media":18452,"parent":17392,"menu_order":0,"template":"","meta":{"_acf_changed":false,"inline_featured_image":false,"_eb_attr":"","site-sidebar-layout":"default","site-content-layout":"","ast-site-content-layout":"default","site-content-style":"default","site-sidebar-style":"default","ast-global-header-display":"","ast-banner-title-visibility":"","ast-main-header-display":"","ast-hfb-above-header-display":"","ast-hfb-below-header-display":"","ast-hfb-mobile-header-display":"","site-post-title":"","ast-breadcrumbs-content":"","ast-featured-img":"","footer-sml-layout":"","ast-disable-related-posts":"","theme-transparent-header-meta":"","adv-header-id-meta":"","stick-header-meta":"","header-above-stick-meta":"","header-main-stick-meta":"","header-below-stick-meta":"","astra-migrate-meta-layouts":"default","ast-page-background-enabled":"default","ast-page-background-meta":{"desktop":{"background-color":"var(--ast-global-color-4)","background-image":"","background-repeat":"repeat","background-position":"center center","background-size":"auto","background-attachment":"scroll","background-type":"","background-media":"","overlay-type":"","overlay-color":"","overlay-opacity":"","overlay-gradient":""},"tablet":{"background-color":"","background-image":"","background-repeat":"repeat","background-position":"center center","background-size":"auto","background-attachment":"scroll","background-type":"","background-media":"","overlay-type":"","overlay-color":"","overlay-opacity":"","overlay-gradient":""},"mobile":{"background-color":"","background-image":"","background-repeat":"repeat","background-position":"center center","background-size":"auto","background-attachment":"scroll","background-type":"","background-media":"","overlay-type":"","overlay-color":"","overlay-opacity":"","overlay-gradient":""}},"ast-content-background-meta":{"desktop":{"background-color":"var(--ast-global-color-5)","background-image":"","background-repeat":"repeat","background-position":"center center","background-size":"auto","background-attachment":"scroll","background-type":"","background-media":"","overlay-type":"","overlay-color":"","overlay-opacity":"","overlay-gradient":""},"tablet":{"background-color":"var(--ast-global-color-5)","background-image":"","background-repeat":"repeat","background-position":"center center","background-size":"auto","background-attachment":"scroll","background-type":"","background-media":"","overlay-type":"","overlay-color":"","overlay-opacity":"","overlay-gradient":""},"mobile":{"background-color":"var(--ast-global-color-5)","background-image":"","background-repeat":"repeat","background-position":"center center","background-size":"auto","background-attachment":"scroll","background-type":"","background-media":"","overlay-type":"","overlay-color":"","overlay-opacity":"","overlay-gradient":""}}},"coauthors":[20],"class_list":["post-17421","services","type-services","status-publish","has-post-thumbnail","hentry"],"acf":[],"yoast_head":"<!-- This site is optimized with the Yoast SEO plugin v27.2 - https:\/\/yoast.com\/product\/yoast-seo-wordpress\/ -->\n<title>Odzie\u017c robocza dla piekarzy - Lindstr\u00f6m Poland<\/title>\n<meta name=\"description\" content=\"Nasz serwis odzie\u017cy roboczej gwarantuje, \u017ce piekarze i piekarze-cukiernicy pracuj\u0105cy w piekarni zawsze b\u0119d\u0105 mieli czyst\u0105 odzie\u017c robocz\u0105\" \/>\n<meta name=\"robots\" content=\"index, follow, max-snippet:-1, max-image-preview:large, max-video-preview:-1\" \/>\n<meta property=\"og:locale\" content=\"pl_PL\" \/>\n<meta property=\"og:type\" content=\"article\" \/>\n<meta property=\"og:title\" content=\"Odzie\u017c robocza dla piekarzy - Lindstr\u00f6m Poland\" \/>\n<meta property=\"og:description\" content=\"Nasz serwis odzie\u017cy roboczej gwarantuje, \u017ce piekarze i piekarze-cukiernicy pracuj\u0105cy w piekarni zawsze b\u0119d\u0105 mieli czyst\u0105 odzie\u017c robocz\u0105\" \/>\n<meta property=\"og:url\" content=\"https:\/\/lindstromgroup.com\/pl\/serwis\/odziez-robocza\/odziez-robocza-dla-przemyslu-spozywczego\/odziez-robocza-dla-piekarza\/\" \/>\n<meta property=\"og:site_name\" content=\"Lindstr\u00f6m Poland\" \/>\n<meta property=\"article:modified_time\" content=\"2024-09-02T13:54:34+00:00\" \/>\n<meta property=\"og:image\" content=\"https:\/\/lindstrom-sites.s3.eu-north-1.amazonaws.com\/wp-content\/uploads\/sites\/20\/2024\/04\/pracovni-obleceni_pekarna-1400x933-1-1024x682.jpg.webp\" \/>\n\t<meta property=\"og:image:width\" content=\"1024\" \/>\n\t<meta property=\"og:image:height\" content=\"682\" \/>\n\t<meta property=\"og:image:type\" content=\"image\/webp\" \/>\n<meta name=\"twitter:card\" content=\"summary_large_image\" \/>\n<meta name=\"twitter:label1\" content=\"Szacowany czas czytania\" \/>\n\t<meta name=\"twitter:data1\" content=\"12 minut\" \/>\n\t<meta name=\"twitter:label2\" content=\"Written by\" \/>\n\t<meta name=\"twitter:data2\" content=\"Lindstr\u00f6m Group\" \/>\n<script type=\"application\/ld+json\" class=\"yoast-schema-graph\">{\"@context\":\"https:\/\/schema.org\",\"@graph\":[{\"@type\":\"WebPage\",\"@id\":\"https:\/\/lindstromgroup.com\/pl\/serwis\/odziez-robocza\/odziez-robocza-dla-przemyslu-spozywczego\/odziez-robocza-dla-piekarza\/\",\"url\":\"https:\/\/lindstromgroup.com\/pl\/serwis\/odziez-robocza\/odziez-robocza-dla-przemyslu-spozywczego\/odziez-robocza-dla-piekarza\/\",\"name\":\"Odzie\u017c robocza dla piekarzy - Lindstr\u00f6m Poland\",\"isPartOf\":{\"@id\":\"https:\/\/lindstromgroup.com\/pl\/#website\"},\"primaryImageOfPage\":{\"@id\":\"https:\/\/lindstromgroup.com\/pl\/serwis\/odziez-robocza\/odziez-robocza-dla-przemyslu-spozywczego\/odziez-robocza-dla-piekarza\/#primaryimage\"},\"image\":{\"@id\":\"https:\/\/lindstromgroup.com\/pl\/serwis\/odziez-robocza\/odziez-robocza-dla-przemyslu-spozywczego\/odziez-robocza-dla-piekarza\/#primaryimage\"},\"thumbnailUrl\":\"https:\/\/d2ris6qfzcz0wn.cloudfront.net\/wp-content\/uploads\/sites\/20\/2024\/04\/pracovni-obleceni_pekarna-1400x933-1-1024x682.jpg.webp\",\"datePublished\":\"2024-04-08T13:11:30+00:00\",\"dateModified\":\"2024-09-02T13:54:34+00:00\",\"description\":\"Nasz serwis odzie\u017cy roboczej gwarantuje, \u017ce piekarze i piekarze-cukiernicy pracuj\u0105cy w piekarni zawsze b\u0119d\u0105 mieli czyst\u0105 odzie\u017c robocz\u0105\",\"breadcrumb\":{\"@id\":\"https:\/\/lindstromgroup.com\/pl\/serwis\/odziez-robocza\/odziez-robocza-dla-przemyslu-spozywczego\/odziez-robocza-dla-piekarza\/#breadcrumb\"},\"inLanguage\":\"pl-PL\",\"potentialAction\":[{\"@type\":\"ReadAction\",\"target\":[\"https:\/\/lindstromgroup.com\/pl\/serwis\/odziez-robocza\/odziez-robocza-dla-przemyslu-spozywczego\/odziez-robocza-dla-piekarza\/\"]}]},{\"@type\":\"ImageObject\",\"inLanguage\":\"pl-PL\",\"@id\":\"https:\/\/lindstromgroup.com\/pl\/serwis\/odziez-robocza\/odziez-robocza-dla-przemyslu-spozywczego\/odziez-robocza-dla-piekarza\/#primaryimage\",\"url\":\"https:\/\/d2ris6qfzcz0wn.cloudfront.net\/wp-content\/uploads\/sites\/20\/2024\/04\/pracovni-obleceni_pekarna-1400x933-1-1024x682.jpg.webp\",\"contentUrl\":\"https:\/\/d2ris6qfzcz0wn.cloudfront.net\/wp-content\/uploads\/sites\/20\/2024\/04\/pracovni-obleceni_pekarna-1400x933-1-1024x682.jpg.webp\",\"width\":1024,\"height\":682},{\"@type\":\"BreadcrumbList\",\"@id\":\"https:\/\/lindstromgroup.com\/pl\/serwis\/odziez-robocza\/odziez-robocza-dla-przemyslu-spozywczego\/odziez-robocza-dla-piekarza\/#breadcrumb\",\"itemListElement\":[{\"@type\":\"ListItem\",\"position\":1,\"name\":\"Lindstr\u00f6m\",\"item\":\"https:\/\/lindstromgroup.com\/pl\/\"},{\"@type\":\"ListItem\",\"position\":2,\"name\":\"Wynajem odzie\u017cy roboczej\",\"item\":\"https:\/\/lindstromgroup.com\/pl\/serwis\/odziez-robocza\/\"},{\"@type\":\"ListItem\",\"position\":3,\"name\":\"Odzie\u017c robocza dla przemys\u0142u spo\u017cywczego\",\"item\":\"https:\/\/lindstromgroup.com\/pl\/serwis\/odziez-robocza\/odziez-robocza-dla-przemyslu-spozywczego\/\"},{\"@type\":\"ListItem\",\"position\":4,\"name\":\"Odzie\u017c robocza dla piekarzy\"}]},{\"@type\":\"WebSite\",\"@id\":\"https:\/\/lindstromgroup.com\/pl\/#website\",\"url\":\"https:\/\/lindstromgroup.com\/pl\/\",\"name\":\"Lindstr\u00f6m Poland\",\"description\":\"\",\"publisher\":{\"@id\":\"https:\/\/lindstromgroup.com\/pl\/#organization\"},\"potentialAction\":[{\"@type\":\"SearchAction\",\"target\":{\"@type\":\"EntryPoint\",\"urlTemplate\":\"https:\/\/lindstromgroup.com\/pl\/?s={search_term_string}\"},\"query-input\":{\"@type\":\"PropertyValueSpecification\",\"valueRequired\":true,\"valueName\":\"search_term_string\"}}],\"inLanguage\":\"pl-PL\"},{\"@type\":\"Organization\",\"@id\":\"https:\/\/lindstromgroup.com\/pl\/#organization\",\"name\":\"Lindstr\u00f6m Poland\",\"url\":\"https:\/\/lindstromgroup.com\/pl\/\",\"logo\":{\"@type\":\"ImageObject\",\"inLanguage\":\"pl-PL\",\"@id\":\"https:\/\/lindstromgroup.com\/pl\/#\/schema\/logo\/image\/\",\"url\":\"https:\/\/d2ris6qfzcz0wn.cloudfront.net\/wp-content\/uploads\/sites\/20\/2023\/10\/Logo512.png\",\"contentUrl\":\"https:\/\/d2ris6qfzcz0wn.cloudfront.net\/wp-content\/uploads\/sites\/20\/2023\/10\/Logo512.png\",\"width\":512,\"height\":109,\"caption\":\"Lindstr\u00f6m Poland\"},\"image\":{\"@id\":\"https:\/\/lindstromgroup.com\/pl\/#\/schema\/logo\/image\/\"}}]}<\/script>\n<!-- \/ Yoast SEO plugin. -->","yoast_head_json":{"title":"Odzie\u017c robocza dla piekarzy - Lindstr\u00f6m Poland","description":"Nasz serwis odzie\u017cy roboczej gwarantuje, \u017ce piekarze i piekarze-cukiernicy pracuj\u0105cy w piekarni zawsze b\u0119d\u0105 mieli czyst\u0105 odzie\u017c robocz\u0105","robots":{"index":"index","follow":"follow","max-snippet":"max-snippet:-1","max-image-preview":"max-image-preview:large","max-video-preview":"max-video-preview:-1"},"og_locale":"pl_PL","og_type":"article","og_title":"Odzie\u017c robocza dla piekarzy - Lindstr\u00f6m Poland","og_description":"Nasz serwis odzie\u017cy roboczej gwarantuje, \u017ce piekarze i piekarze-cukiernicy pracuj\u0105cy w piekarni zawsze b\u0119d\u0105 mieli czyst\u0105 odzie\u017c robocz\u0105","og_url":"https:\/\/lindstromgroup.com\/pl\/serwis\/odziez-robocza\/odziez-robocza-dla-przemyslu-spozywczego\/odziez-robocza-dla-piekarza\/","og_site_name":"Lindstr\u00f6m Poland","article_modified_time":"2024-09-02T13:54:34+00:00","og_image":[{"width":1024,"height":682,"url":"https:\/\/lindstrom-sites.s3.eu-north-1.amazonaws.com\/wp-content\/uploads\/sites\/20\/2024\/04\/pracovni-obleceni_pekarna-1400x933-1-1024x682.jpg.webp","type":"image\/webp"}],"twitter_card":"summary_large_image","twitter_misc":{"Szacowany czas czytania":"12 minut","Written by":"Lindstr\u00f6m Group"},"schema":{"@context":"https:\/\/schema.org","@graph":[{"@type":"WebPage","@id":"https:\/\/lindstromgroup.com\/pl\/serwis\/odziez-robocza\/odziez-robocza-dla-przemyslu-spozywczego\/odziez-robocza-dla-piekarza\/","url":"https:\/\/lindstromgroup.com\/pl\/serwis\/odziez-robocza\/odziez-robocza-dla-przemyslu-spozywczego\/odziez-robocza-dla-piekarza\/","name":"Odzie\u017c robocza dla piekarzy - Lindstr\u00f6m Poland","isPartOf":{"@id":"https:\/\/lindstromgroup.com\/pl\/#website"},"primaryImageOfPage":{"@id":"https:\/\/lindstromgroup.com\/pl\/serwis\/odziez-robocza\/odziez-robocza-dla-przemyslu-spozywczego\/odziez-robocza-dla-piekarza\/#primaryimage"},"image":{"@id":"https:\/\/lindstromgroup.com\/pl\/serwis\/odziez-robocza\/odziez-robocza-dla-przemyslu-spozywczego\/odziez-robocza-dla-piekarza\/#primaryimage"},"thumbnailUrl":"https:\/\/d2ris6qfzcz0wn.cloudfront.net\/wp-content\/uploads\/sites\/20\/2024\/04\/pracovni-obleceni_pekarna-1400x933-1-1024x682.jpg.webp","datePublished":"2024-04-08T13:11:30+00:00","dateModified":"2024-09-02T13:54:34+00:00","description":"Nasz serwis odzie\u017cy roboczej gwarantuje, \u017ce piekarze i piekarze-cukiernicy pracuj\u0105cy w piekarni zawsze b\u0119d\u0105 mieli czyst\u0105 odzie\u017c robocz\u0105","breadcrumb":{"@id":"https:\/\/lindstromgroup.com\/pl\/serwis\/odziez-robocza\/odziez-robocza-dla-przemyslu-spozywczego\/odziez-robocza-dla-piekarza\/#breadcrumb"},"inLanguage":"pl-PL","potentialAction":[{"@type":"ReadAction","target":["https:\/\/lindstromgroup.com\/pl\/serwis\/odziez-robocza\/odziez-robocza-dla-przemyslu-spozywczego\/odziez-robocza-dla-piekarza\/"]}]},{"@type":"ImageObject","inLanguage":"pl-PL","@id":"https:\/\/lindstromgroup.com\/pl\/serwis\/odziez-robocza\/odziez-robocza-dla-przemyslu-spozywczego\/odziez-robocza-dla-piekarza\/#primaryimage","url":"https:\/\/d2ris6qfzcz0wn.cloudfront.net\/wp-content\/uploads\/sites\/20\/2024\/04\/pracovni-obleceni_pekarna-1400x933-1-1024x682.jpg.webp","contentUrl":"https:\/\/d2ris6qfzcz0wn.cloudfront.net\/wp-content\/uploads\/sites\/20\/2024\/04\/pracovni-obleceni_pekarna-1400x933-1-1024x682.jpg.webp","width":1024,"height":682},{"@type":"BreadcrumbList","@id":"https:\/\/lindstromgroup.com\/pl\/serwis\/odziez-robocza\/odziez-robocza-dla-przemyslu-spozywczego\/odziez-robocza-dla-piekarza\/#breadcrumb","itemListElement":[{"@type":"ListItem","position":1,"name":"Lindstr\u00f6m","item":"https:\/\/lindstromgroup.com\/pl\/"},{"@type":"ListItem","position":2,"name":"Wynajem odzie\u017cy roboczej","item":"https:\/\/lindstromgroup.com\/pl\/serwis\/odziez-robocza\/"},{"@type":"ListItem","position":3,"name":"Odzie\u017c robocza dla przemys\u0142u spo\u017cywczego","item":"https:\/\/lindstromgroup.com\/pl\/serwis\/odziez-robocza\/odziez-robocza-dla-przemyslu-spozywczego\/"},{"@type":"ListItem","position":4,"name":"Odzie\u017c robocza dla piekarzy"}]},{"@type":"WebSite","@id":"https:\/\/lindstromgroup.com\/pl\/#website","url":"https:\/\/lindstromgroup.com\/pl\/","name":"Lindstr\u00f6m Poland","description":"","publisher":{"@id":"https:\/\/lindstromgroup.com\/pl\/#organization"},"potentialAction":[{"@type":"SearchAction","target":{"@type":"EntryPoint","urlTemplate":"https:\/\/lindstromgroup.com\/pl\/?s={search_term_string}"},"query-input":{"@type":"PropertyValueSpecification","valueRequired":true,"valueName":"search_term_string"}}],"inLanguage":"pl-PL"},{"@type":"Organization","@id":"https:\/\/lindstromgroup.com\/pl\/#organization","name":"Lindstr\u00f6m Poland","url":"https:\/\/lindstromgroup.com\/pl\/","logo":{"@type":"ImageObject","inLanguage":"pl-PL","@id":"https:\/\/lindstromgroup.com\/pl\/#\/schema\/logo\/image\/","url":"https:\/\/d2ris6qfzcz0wn.cloudfront.net\/wp-content\/uploads\/sites\/20\/2023\/10\/Logo512.png","contentUrl":"https:\/\/d2ris6qfzcz0wn.cloudfront.net\/wp-content\/uploads\/sites\/20\/2023\/10\/Logo512.png","width":512,"height":109,"caption":"Lindstr\u00f6m Poland"},"image":{"@id":"https:\/\/lindstromgroup.com\/pl\/#\/schema\/logo\/image\/"}}]}},"publishpress_future_workflow_manual_trigger":{"enabledWorkflows":[]},"distributor_meta":false,"distributor_terms":false,"distributor_media":false,"distributor_original_site_name":"Lindstr\u00f6m Poland","distributor_original_site_url":"https:\/\/lindstromgroup.com\/pl","push-errors":false,"_links":{"self":[{"href":"https:\/\/lindstromgroup.com\/pl\/wp-json\/wp\/v2\/services\/17421","targetHints":{"allow":["GET"]}}],"collection":[{"href":"https:\/\/lindstromgroup.com\/pl\/wp-json\/wp\/v2\/services"}],"about":[{"href":"https:\/\/lindstromgroup.com\/pl\/wp-json\/wp\/v2\/types\/services"}],"author":[{"embeddable":true,"href":"https:\/\/lindstromgroup.com\/pl\/wp-json\/wp\/v2\/users\/14"}],"up":[{"embeddable":true,"href":"https:\/\/lindstromgroup.com\/pl\/wp-json\/wp\/v2\/services\/17392"}],"wp:featuredmedia":[{"embeddable":true,"href":"https:\/\/lindstromgroup.com\/pl\/wp-json\/wp\/v2\/media\/18452"}],"wp:attachment":[{"href":"https:\/\/lindstromgroup.com\/pl\/wp-json\/wp\/v2\/media?parent=17421"}],"wp:term":[{"taxonomy":"author","embeddable":true,"href":"https:\/\/lindstromgroup.com\/pl\/wp-json\/wp\/v2\/coauthors?post=17421"}],"curies":[{"name":"wp","href":"https:\/\/api.w.org\/{rel}","templated":true}]}}