
    {"id":18073,"date":"2024-04-18T14:58:22","date_gmt":"2024-04-18T13:58:22","guid":{"rendered":"https:\/\/lindstromgroup.com\/pl\/?page_id=18073"},"modified":"2025-10-10T14:48:07","modified_gmt":"2025-10-10T13:48:07","slug":"slownik-lindstrom","status":"publish","type":"page","link":"https:\/\/lindstromgroup.com\/pl\/slownik-lindstrom\/","title":{"rendered":"S\u0142ownik Lindstr\u00f6m"},"content":{"rendered":"\n    <div\n        id=\"block_ace15e0a77b8952efc2a0452f851d685\"\n        class=\"hero-sub hero-sub--block_ace15e0a77b8952efc2a0452f851d685  flex flex-col-reverse lg:flex-row justify-between bg-dark-blue text-white\"\n    >        \n        <div class=\"flex flex-col gap-5 pt-10 pb-5 grow px-5 lg:px-20\">\n            <div class=\"flex flex-col justify-center gap-3 grow max-w-[var(--container-text-max)]\">\n                <h1 class=\"!mb-0 !text-white !text-title-medium lg:!text-title-large !font-bold hyphens-auto break-words\">\n                    S\u0142ownik Lindstr\u00f6m                <\/h1>\n    \n                <div class=\"hero-sub__description\">\n                                    <\/div>\n    \n                                    <div class=\"flex flex-col flex-wrap gap-3 mt-3 md:flex-row\">\n                                                                                    <a \n                                    class=\"px-5 py-3 font-bold text-center text-link-small rounded-[30px] border-2 border-white !no-underline bg-white !text-dark-blue button-solid--white\"\n                                    href=\"tel:+48226142405\"\n                                    target=\"_self\"\n                                >\n                                    Zadzwo\u0144 pod 22 614-24-05                                <\/a>\n                                                                        <\/div>\n                \n                            <\/div>\n                            <div class=\"font-bold hero-sub__breadcrumb text-body-small\">\n                        <span><span><a href=\"https:\/\/lindstromgroup.com\/pl\/\">Lindstr\u00f6m<\/a><\/span><\/span>                <\/div>\n                    <\/div>\n\n        <div class=\"[&#038;_picture]:w-full flex h-full lg:h-auto max-h-[350px] lg:max-h-none lg:min-h-full w-full lg:w-[650px]\">\n            <img decoding=\"async\"\n                class=\"object-cover w-full h-full\"\n                src=\"https:\/\/d2ris6qfzcz0wn.cloudfront.net\/wp-content\/uploads\/sites\/20\/2024\/04\/notebook-1280538_1920-1400x930-1-1024x680.jpg\"\n                alt=\"S\u0142ownik Lindstr\u00f6m\"\n            >\n        <\/div>\n    <\/div>\n\n\n\n        <style>\n            .lindstrom-container--block_bfedb9a5f19ab9e65f933b08aa7fd0e1 {                \n                padding-top: 35px;\n                padding-bottom: 35px;\n            }\n\n            @media screen and (min-width: 768px) {\n                .lindstrom-container--block_bfedb9a5f19ab9e65f933b08aa7fd0e1 {\n                    padding-top: 75px;\n                    padding-bottom: 75px;\n                }\n            }\n        <\/style>\n    \n<div\n    class=\"lindstrom-container-wrapper lindstrom-container lindstrom-container--block_bfedb9a5f19ab9e65f933b08aa7fd0e1 \"\n    id=\"block_bfedb9a5f19ab9e65f933b08aa7fd0e1\"\n    style=\"background-color: #ffffff\"\n    >\n    <div class=\"lindstrom-container lindstrom-container--content items-stretch\">\n        \n\n<div aria-hidden=\"true\" class=\"wp-block-fsb-flexible-spacer fsb-flexible-spacer\"><div class=\"fsb-flexible-spacer__device fsb-flexible-spacer__device--lg\" style=\"height:100px\"><\/div><div class=\"fsb-flexible-spacer__device fsb-flexible-spacer__device--md\" style=\"height:100px\"><\/div><div class=\"fsb-flexible-spacer__device fsb-flexible-spacer__device--sm\" style=\"height:100px\"><\/div><\/div>\n\n\n\n<div class=\"inherit-container-width wp-block-group is-layout-constrained wp-block-group-is-layout-constrained\">\n<p class=\"has-lead-font-size\"><strong><a href=\"#akryl\">A<\/a> <a href=\"#balaklava\"> B<\/a>  <a href=\"#coolmax\">C<\/a>  D  <a href=\"#elastan\">E<\/a>  <a href=\"#fleece\">F<\/a>  G  <a href=\"#hygienick\u00e9 normy\">H<\/a>  <a href=\"#ifs\">I<\/a>  J  K  <a href=\"#logo\">L<\/a>  M  N  <a href=\"#Oeko-Tex\u00ae\">O<\/a>  <a href=\"#pod\u0161\u00edvka\">P<\/a>  Q  <a href=\"#reflexn\u00ed pracovn\u00ed od\u011bvy\">R<\/a>  <a href=\"#s\u00e1lav\u00e9 teplo\">S<\/a> <a href=\"#tencel\"> T<\/a>  <a href=\"#udr\u017eitelnost\">U<\/a>  <a href=\"#visk\u00f3za\">V<\/a>  W  X  Y  <a href=\"#zimn\u00ed pracovn\u00ed od\u011bvy\">Z<\/a><\/strong><\/p>\n\n\n\n<div style=\"height:29px\" aria-hidden=\"true\" class=\"wp-block-spacer\"><\/div>\n\n\n\n<div class=\"wp-block-columns is-layout-flex wp-container-core-columns-is-layout-28f84493 wp-block-columns-is-layout-flex\">\n<div class=\"wp-block-column is-vertically-aligned-top is-layout-flow wp-block-column-is-layout-flow\" style=\"flex-basis:33.33%\">\n<h2 class=\"wp-block-heading\" id=\"akryl\"><strong>Akryl<\/strong><\/h2>\n<\/div>\n\n\n\n<div class=\"wp-block-column is-layout-flow wp-block-column-is-layout-flow\" style=\"flex-basis:66.66%\">\n<p><strong>Akryl<\/strong> lub poliakryl to w\u0142\u00f3kno syntetyczne bardzo podobne do we\u0142ny. Akryl jest bardzo elastyczny, mi\u0119kki i ma dobre w\u0142a\u015bciwo\u015bci termoizolacyjne.<\/p>\n<\/div>\n<\/div>\n\n\n\n<div class=\"wp-block-columns is-layout-flex wp-container-core-columns-is-layout-28f84493 wp-block-columns-is-layout-flex\">\n<div class=\"wp-block-column is-vertically-aligned-top is-layout-flow wp-block-column-is-layout-flow\" style=\"flex-basis:33.33%\">\n<h2 class=\"wp-block-heading\" id=\"antistatick\u00fd\"><strong>Antystatyczny<\/strong><\/h2>\n<\/div>\n\n\n\n<div class=\"wp-block-column is-layout-flow wp-block-column-is-layout-flow\" style=\"flex-basis:66.66%\">\n<p><strong>Antystatyczna <\/strong>odzie\u017c robocza zapobiega lub ogranicza wyst\u0119powanie wy\u0142adowa\u0144 elektrostatycznych. Obowi\u0105zek stosowania odzie\u017cy antystatycznej okre\u015bla bezpo\u015brednio pracodawca. B\u0119dziesz go potrzebowa\u0107 w niebezpiecznym \u015brodowisku \u2014 \u0142atwopalnym, wybuchowym lub w inny spos\u00f3b na\u0142adowanym elektrycznie. \u015arodowisko ESD jest najwi\u0119kszym wrogiem wy\u0142adowa\u0144 elektrostatycznych. Je\u015bli jest silny, mo\u017ce r\u00f3wnie\u017c zagra\u017ca\u0107 zdrowiu. S\u0142abe wy\u0142adowanie (nawet zaledwie 10 V) mo\u017ce uszkodzi\u0107 produkty i urz\u0105dzenia, z kt\u00f3rych korzystamy w miejscu pracy. Mog\u0105 one wtedy nie dzia\u0142a\u0107 prawid\u0142owo i mo\u017ce doj\u015b\u0107 do znacznie powa\u017cniejszego wypadku.<\/p>\n<\/div>\n<\/div>\n\n\n\n<div class=\"wp-block-columns is-layout-flex wp-container-core-columns-is-layout-28f84493 wp-block-columns-is-layout-flex\">\n<div class=\"wp-block-column is-vertically-aligned-top is-layout-flow wp-block-column-is-layout-flow\" style=\"flex-basis:33.33%\">\n<h2 class=\"wp-block-heading\"><strong>W\u0142\u00f3kna aramidowe<\/strong><\/h2>\n<\/div>\n\n\n\n<div class=\"wp-block-column is-layout-flow wp-block-column-is-layout-flow\" style=\"flex-basis:66.66%\">\n<p><strong>W\u0142\u00f3kna aramidowe<\/strong> to w\u0142\u00f3kna poliamid\u00f3w o d\u0142ugim \u0142a\u0144cuchu w\u0119glowodorowym, z kt\u00f3rych co najmniej 85% wi\u0105za\u0144 peptydowych musi by\u0107 po\u0142\u0105czonych z dwoma j\u0105drami aromatycznymi. Ich g\u0142\u00f3wnymi zaletami s\u0105 wysoka wytrzyma\u0142o\u015b\u0107 na rozci\u0105ganie. Aramidy znane s\u0105 g\u0142\u00f3wnie pod nazw\u0105 handlow\u0105 KEVLAR\u00ae.<\/p>\n<\/div>\n<\/div>\n\n\n\n<div class=\"wp-block-columns is-layout-flex wp-container-core-columns-is-layout-28f84493 wp-block-columns-is-layout-flex\">\n<div class=\"wp-block-column is-vertically-aligned-top is-layout-flow wp-block-column-is-layout-flow\" style=\"flex-basis:33.33%\">\n<h2 class=\"wp-block-heading\" id=\"balaklava\"><strong>Kominiarka<\/strong><\/h2>\n<\/div>\n\n\n\n<div class=\"wp-block-column is-layout-flow wp-block-column-is-layout-flow\" style=\"flex-basis:66.66%\">\n<p><strong>Kominiarka <\/strong>to robocze nakrycie g\u0142owy, kt\u00f3re jest u\u017cywane jako urz\u0105dzenie ochronne w dzia\u0142alno\u015bci gastronomicznej i spo\u017cywczej. Chroni w\u0142osy i g\u0142ow\u0119 przed zabrudzeniem, a przede wszystkim sprawia, \u017ce \u200b\u200bw\u0142osy pracownik\u00f3w nie zanieczyszczaj\u0105 produkt\u00f3w i urz\u0105dze\u0144 produkcyjnych. Zakrywa ca\u0142\u0105 g\u0142ow\u0119, szyj\u0119 i cz\u0119\u015b\u0107 bark\u00f3w. Wykonana jest z przyjemnej i przewiewnej siateczki poliestrowej. Nie pachnie jak klasyczne czapki robocze z siateczk\u0105 i delikatnie rozprowadza si\u0119 po g\u0142owie.<\/p>\n<\/div>\n<\/div>\n\n\n\n<div class=\"wp-block-columns is-layout-flex wp-container-core-columns-is-layout-28f84493 wp-block-columns-is-layout-flex\">\n<div class=\"wp-block-column is-vertically-aligned-top is-layout-flow wp-block-column-is-layout-flow\" style=\"flex-basis:33.33%\">\n<h2 class=\"wp-block-heading\" id=\"bavlna\"><strong>Bawe\u0142na<\/strong><\/h2>\n<\/div>\n\n\n\n<div class=\"wp-block-column is-layout-flow wp-block-column-is-layout-flow\" style=\"flex-basis:66.66%\">\n<p><strong>Bawe\u0142na<\/strong> jest produkowana z nasion ro\u015blin z rodzaju Gossypium, kt\u00f3re znamy jako bawe\u0142n\u0119. Jedn\u0105 z wa\u017cnych w\u0142a\u015bciwo\u015bci bawe\u0142ny jest jej odporno\u015b\u0107 na wp\u0142ywy mechaniczne i chemiczne oraz doskona\u0142a wytrzyma\u0142o\u015b\u0107 na rozci\u0105ganie i \u015bcieranie. Je\u015bli bawe\u0142na zostanie zamoczona, jej wytrzyma\u0142o\u015b\u0107 wzrasta nawet o 20%. To g\u0142\u00f3wny pow\u00f3d, dla kt\u00f3rego bawe\u0142niane ubrania robocze s\u0105 bardzo trwa\u0142e i wytrzymuj\u0105 cz\u0119ste pranie. Bawe\u0142niane ubrania robocze stosowane s\u0105 najcz\u0119\u015bciej w zak\u0142adach produkcyjnych, gdzie bardzo wa\u017cna jest czysto\u015b\u0107 ubrania (cz\u0119ste pranie) oraz wygoda podczas wyt\u0119\u017conej pracy. S\u0105 to g\u0142\u00f3wnie produkcja spo\u017cywcza, np. przetw\u00f3rstwo i produkcja wyrob\u00f3w mi\u0119snych czy produkcja piekarnicza.<\/p>\n<\/div>\n<\/div>\n\n\n\n<div class=\"wp-block-columns is-layout-flex wp-container-core-columns-is-layout-28f84493 wp-block-columns-is-layout-flex\">\n<div class=\"wp-block-column is-vertically-aligned-top is-layout-flow wp-block-column-is-layout-flow\" style=\"flex-basis:33.33%\">\n<h2 class=\"wp-block-heading\" id=\"BRC standard\"><strong>Norma BRC<\/strong><\/h2>\n<\/div>\n\n\n\n<div class=\"wp-block-column is-layout-flow wp-block-column-is-layout-flow\" style=\"flex-basis:66.66%\">\n<p><strong>Standard BRC <\/strong>to certyfikat bezpiecze\u0144stwa \u017cywno\u015bci. To gwarancja niezawodno\u015bci ca\u0142ego \u0142a\u0144cucha dostaw. Dostawcy gwarantuj\u0105 standaryzacj\u0119 wymaga\u0144 dotycz\u0105cych jako\u015bci, bezpiecze\u0144stwa i eksploatacji. Certyfikat BRC wyznacza r\u00f3wnie\u017c kryteria praktyki produkcyjnej, daj\u0105c tym samym klientom ko\u0144cowym pewno\u015b\u0107, \u017ce finalne produkty spo\u017cywcze s\u0105 bezpieczne, wysokiej jako\u015bci i zgodne z przepisami. W zale\u017cno\u015bci od poziomu ryzyka poszczeg\u00f3lnych operacji spo\u017cywczych, pracownicy posiadaj\u0105 r\u00f3\u017cn\u0105 odzie\u017c robocz\u0105. Im wi\u0119ksze ryzyko zanieczyszczenia, tym surowsze wymagania dotycz\u0105ce odzie\u017cy roboczej, jej przetwarzania i wymiany.<\/p>\n<\/div>\n<\/div>\n\n\n\n<div class=\"wp-block-columns is-layout-flex wp-container-core-columns-is-layout-28f84493 wp-block-columns-is-layout-flex\">\n<div class=\"wp-block-column is-vertically-aligned-top is-layout-flow wp-block-column-is-layout-flow\" style=\"flex-basis:33.33%\">\n<h2 class=\"wp-block-heading\" id=\"coolmax\"><strong>Coolmax<\/strong><\/h2>\n<\/div>\n\n\n\n<div class=\"wp-block-column is-layout-flow wp-block-column-is-layout-flow\" style=\"flex-basis:66.66%\">\n<p><strong>Coolmax<\/strong> to w\u0142\u00f3kno poliestrowe stosowane w materia\u0142ach mieszanych do produkcji odzie\u017cy roboczej. Charakteryzuje si\u0119 unikalnym usuwaniem wilgoci, dzia\u0142aniem antybakteryjnym, doskona\u0142\u0105 stabilno\u015bci\u0105 kszta\u0142tu i elastyczno\u015bci\u0105. W\u0142\u00f3kna Coolmax s\u0105 dodatkowo wzbogacone jonami srebra, kt\u00f3re rozbijaj\u0105 \u015bcian\u0119 kom\u00f3rkow\u0105 mikroorganizm\u00f3w i tym samym zapobiegaj\u0105 powstawaniu przykrych zapach\u00f3w.<\/p>\n<\/div>\n<\/div>\n\n\n\n<div class=\"wp-block-columns is-layout-flex wp-container-core-columns-is-layout-28f84493 wp-block-columns-is-layout-flex\">\n<div class=\"wp-block-column is-vertically-aligned-top is-layout-flow wp-block-column-is-layout-flow\" style=\"flex-basis:33.33%\">\n<h2 class=\"wp-block-heading\" id=\"elastan\"><strong>Elastan<\/strong><\/h2>\n<\/div>\n\n\n\n<div class=\"wp-block-column is-layout-flow wp-block-column-is-layout-flow\" style=\"flex-basis:66.66%\">\n<p><strong>Elastan<\/strong> to bardzo elastyczne w\u0142\u00f3kno syntetyczne. Stosowany jest w odzie\u017cy roboczej w celu uzyskania maksymalnego komfortu podczas ka\u017cdego ruchu roboczego. W kolekcji odzie\u017cy roboczej Lindstr\u00f6m elastan mo\u017cna znale\u017a\u0107 np. w spodniach roboczych dla pracownik\u00f3w magazynu czy w kolekcji ProStrech dla monter\u00f3w i mechanik\u00f3w.<\/p>\n<\/div>\n<\/div>\n\n\n\n<div class=\"wp-block-columns is-layout-flex wp-container-core-columns-is-layout-28f84493 wp-block-columns-is-layout-flex\">\n<div class=\"wp-block-column is-vertically-aligned-top is-layout-flow wp-block-column-is-layout-flow\" style=\"flex-basis:33.33%\">\n<h2 class=\"wp-block-heading\" id=\"elasticita\"><strong><strong>Elastyczno\u015b\u0107 <\/strong><\/strong><\/h2>\n<\/div>\n\n\n\n<div class=\"wp-block-column is-layout-flow wp-block-column-is-layout-flow\" style=\"flex-basis:66.66%\">\n<p><strong>Elastyczno\u015b\u0107 <\/strong>jest wa\u017cn\u0105 w\u0142a\u015bciwo\u015bci\u0105 materia\u0142\u00f3w tekstylnych u\u017cywanych do produkcji odzie\u017cy roboczej. Najbardziej znane elastyczne materia\u0142y na odzie\u017c robocz\u0105 to lycra, elastan czy spandex.<\/p>\n<\/div>\n<\/div>\n\n\n\n<div class=\"wp-block-columns is-layout-flex wp-container-core-columns-is-layout-28f84493 wp-block-columns-is-layout-flex\">\n<div class=\"wp-block-column is-vertically-aligned-top is-layout-flow wp-block-column-is-layout-flow\" style=\"flex-basis:33.33%\">\n<h2 class=\"wp-block-heading\" id=\"elektrick\u00e1 vodivost\"><strong>Przewodno\u015b\u0107 elektryczna<\/strong><\/h2>\n<\/div>\n\n\n\n<div class=\"wp-block-column is-layout-flow wp-block-column-is-layout-flow\" style=\"flex-basis:66.66%\">\n<p><strong>Przewodno\u015b\u0107 elektryczna <\/strong>jest w\u0142a\u015bciwo\u015bci\u0105 fizyczn\u0105 materia\u0142u, kt\u00f3ra opisuje zdolno\u015b\u0107 do przewodzenia pr\u0105du elektrycznego. Przewodno\u015b\u0107 elektryczna wskazuje ilo\u015b\u0107 pr\u0105du elektrycznego przep\u0142ywaj\u0105cego przez przewodnik przy napi\u0119ciu jednostkowym na jego ko\u0144cach. Im wi\u0119ksza przewodno\u015b\u0107, tym silniejszy pr\u0105d elektryczny przep\u0142ywa przez przewodnik przy tym samym napi\u0119ciu. Odzie\u017c ESD jest wyposa\u017cona w przewodz\u0105c\u0105 siatk\u0119 antystatyczn\u0105 w tkaninie, kt\u00f3ra odprowadza \u0142adunki elektrostatyczne powstaj\u0105ce na odzie\u017cy.<\/p>\n<\/div>\n<\/div>\n\n\n\n<div class=\"wp-block-columns is-layout-flex wp-container-core-columns-is-layout-28f84493 wp-block-columns-is-layout-flex\">\n<div class=\"wp-block-column is-vertically-aligned-top is-layout-flow wp-block-column-is-layout-flow\" style=\"flex-basis:33.33%\">\n<h2 class=\"wp-block-heading\" id=\"esd pracovi\u0161t\u011b\"><strong>ESD Miejsce pracy<\/strong><\/h2>\n<\/div>\n\n\n\n<div class=\"wp-block-column is-layout-flow wp-block-column-is-layout-flow\" style=\"flex-basis:66.66%\">\n<p><strong>Miejsce pracy ESD <\/strong>to stabilne \u015brodowisko antystatyczne, kt\u00f3re jest zgodne z norm\u0105 EN 61 340-5-1 i wyst\u0119puje g\u0142\u00f3wnie w produkcji mikroelektroniki. Odzie\u017c robocza ESD posiadaj\u0105ca zdolno\u015b\u0107 odprowadzania w kontrolowany spos\u00f3b powstaj\u0105cych na odzie\u017cy \u0142adunk\u00f3w elektrostatycznych jest niezb\u0119dna na tym stanowisku pracy.<\/p>\n<\/div>\n<\/div>\n\n\n\n<div class=\"wp-block-columns is-layout-flex wp-container-core-columns-is-layout-28f84493 wp-block-columns-is-layout-flex\">\n<div class=\"wp-block-column is-vertically-aligned-top is-layout-flow wp-block-column-is-layout-flow\" style=\"flex-basis:33.33%\">\n<h2 class=\"wp-block-heading\" id=\"fleece\"><strong>Polar<\/strong><\/h2>\n<\/div>\n\n\n\n<div class=\"wp-block-column is-layout-flow wp-block-column-is-layout-flow\" style=\"flex-basis:66.66%\">\n<p><strong>Polar<\/strong> to funkcjonalna dzianina syntetyczna, wykonana z w\u0142\u00f3kien poliestrowych, kt\u00f3re w procesie produkcji s\u0105 obustronnie czesane i przycinane na wymagan\u0105 d\u0142ugo\u015b\u0107. W\u0142\u00f3knista powierzchnia materia\u0142\u00f3w polarowych pe\u0142ni funkcj\u0119 termoizolacyjn\u0105, a tak\u017ce dba o odprowadzanie wilgoci z cia\u0142a. W odzie\u017cy roboczej s\u0142u\u017cy do ocieplenia ko\u0142nierzy kurtek roboczych, ale du\u017cym powodzeniem ciesz\u0105 si\u0119 r\u00f3wnie\u017c polarowe bluzy robocze.<\/p>\n<\/div>\n<\/div>\n\n\n\n<div class=\"wp-block-columns is-layout-flex wp-container-core-columns-is-layout-28f84493 wp-block-columns-is-layout-flex\">\n<div class=\"wp-block-column is-vertically-aligned-top is-layout-flow wp-block-column-is-layout-flow\" style=\"flex-basis:33.33%\">\n<h2 class=\"wp-block-heading\" id=\"hygienick\u00e9 normy\"><strong>Normy higieniczne<\/strong><\/h2>\n<\/div>\n\n\n\n<div class=\"wp-block-column is-layout-flow wp-block-column-is-layout-flow\" style=\"flex-basis:66.66%\">\n<p><strong>Normy higieniczne <\/strong>s\u0105 najwa\u017cniejsze w przemy\u015ble spo\u017cywczym. Ustanawiaj\u0105 one og\u00f3lne wymagania higieniczne maj\u0105ce zastosowanie do wszystkich etap\u00f3w produkcji, przetwarzania i dystrybucji \u017cywno\u015bci. Do najcz\u0119\u015bciej stosowanych norm mi\u0119dzynarodowych i krajowych w przemy\u015ble spo\u017cywczym nale\u017c\u0105 ISO 22000, BRC, Tesco czy HACCP.<\/p>\n<\/div>\n<\/div>\n\n\n\n<div class=\"wp-block-columns is-layout-flex wp-container-core-columns-is-layout-28f84493 wp-block-columns-is-layout-flex\">\n<div class=\"wp-block-column is-vertically-aligned-top is-layout-flow wp-block-column-is-layout-flow\" style=\"flex-basis:33.33%\">\n<h2 class=\"wp-block-heading\" id=\"hypoalergenn\u00ed\"><strong>Hipoalergiczny<\/strong><\/h2>\n<\/div>\n\n\n\n<div class=\"wp-block-column is-layout-flow wp-block-column-is-layout-flow\" style=\"flex-basis:66.66%\">\n<p><strong>Hipoalergiczny <\/strong>oznacza \u201eponi\u017cej normalnego\u201d lub \u201elekko\u201d uczulaj\u0105cy. Termin ten jest u\u017cywany do opisania materia\u0142\u00f3w tekstylnych, kt\u00f3re powoduj\u0105 lub maj\u0105 powodowa\u0107 mniej reakcji alergicznych.<\/p>\n<\/div>\n<\/div>\n\n\n\n<div class=\"wp-block-columns is-layout-flex wp-container-core-columns-is-layout-28f84493 wp-block-columns-is-layout-flex\">\n<div class=\"wp-block-column is-vertically-aligned-top is-layout-flow wp-block-column-is-layout-flow\" style=\"flex-basis:33.33%\">\n<h2 class=\"wp-block-heading\" id=\"ifs\"><strong>IFS<\/strong><\/h2>\n<\/div>\n\n\n\n<div class=\"wp-block-column is-layout-flow wp-block-column-is-layout-flow\" style=\"flex-basis:66.66%\">\n<p><strong>IFS <\/strong>International Food Standard to wsp\u00f3lny standard bezpiecze\u0144stwa \u017cywno\u015bci, kt\u00f3ry wykorzystuje jednolity system oceny do kwalifikacji i wyboru dostawc\u00f3w. Pomaga producentom i sprzedawcom \u017cywno\u015bci zapewni\u0107 bezpiecze\u0144stwo oferowanych produkt\u00f3w oraz ocenia poziom jako\u015bci producent\u00f3w markowych produkt\u00f3w spo\u017cywczych. Wi\u0119cej o wymaganiach naszych klient\u00f3w z bran\u017cy spo\u017cywczej dowiecie si\u0119 z wywiadu na naszym blogu.<\/p>\n<\/div>\n<\/div>\n\n\n\n<div class=\"wp-block-columns is-layout-flex wp-container-core-columns-is-layout-28f84493 wp-block-columns-is-layout-flex\">\n<div class=\"wp-block-column is-vertically-aligned-top is-layout-flow wp-block-column-is-layout-flow\" style=\"flex-basis:33.33%\">\n<h2 class=\"wp-block-heading\" id=\"iso normy\"><strong>ISO normy<\/strong><\/h2>\n<\/div>\n\n\n\n<div class=\"wp-block-column is-layout-flow wp-block-column-is-layout-flow\" style=\"flex-basis:66.66%\">\n<p><strong>Normy ISO <\/strong>to mi\u0119dzynarodowe normy wydane przez Mi\u0119dzynarodow\u0105 Organizacj\u0119 Normalizacyjn\u0105. Normy ISO okre\u015blaj\u0105 spos\u00f3b robienia czego\u015b. Mog\u0105 dotyczy\u0107 produkcji, zarz\u0105dzania procesami, \u015bwiadczenia us\u0142ug lub dostaw materia\u0142\u00f3w.<\/p>\n<\/div>\n<\/div>\n\n\n\n<div class=\"wp-block-columns is-layout-flex wp-container-core-columns-is-layout-28f84493 wp-block-columns-is-layout-flex\">\n<div class=\"wp-block-column is-vertically-aligned-top is-layout-flow wp-block-column-is-layout-flow\" style=\"flex-basis:33.33%\">\n<h2 class=\"wp-block-heading\" id=\"logo\"><strong>Logo<\/strong><\/h2>\n<\/div>\n\n\n\n<div class=\"wp-block-column is-layout-flow wp-block-column-is-layout-flow\" style=\"flex-basis:66.66%\">\n<p><strong>Logo firmowe<\/strong> jest jednym z g\u0142\u00f3wnych element\u00f3w graficznych firmy, jego kszta\u0142ty i kolory wyr\u00f3\u017cniaj\u0105 firm\u0119 na tle konkurencji i buduj\u0105 \u015bwiadomo\u015b\u0107 marki firmy. Logo firmy cz\u0119sto znajduje zastosowanie na odzie\u017cy roboczej, ale mo\u017ce by\u0107 r\u00f3wnie\u017c wykorzystane przy produkcji designerskich mat czyszcz\u0105cych. Zwi\u0119ksza szanse na zapami\u0119tywanie firmy i uatrakcyjnienia siedzib\u0119 organizacji.<\/p>\n<\/div>\n<\/div>\n\n\n\n<div class=\"wp-block-columns is-layout-flex wp-container-core-columns-is-layout-28f84493 wp-block-columns-is-layout-flex\">\n<div class=\"wp-block-column is-vertically-aligned-top is-layout-flow wp-block-column-is-layout-flow\" style=\"flex-basis:33.33%\">\n<h2 class=\"wp-block-heading\" id=\"lycra\"><strong>Lycra<\/strong><\/h2>\n<\/div>\n\n\n\n<div class=\"wp-block-column is-layout-flow wp-block-column-is-layout-flow\" style=\"flex-basis:66.66%\">\n<p><strong>Lycra <\/strong>to nazwa handlowa mi\u0119kkiego, elastycznego w\u0142\u00f3kna poliuretanowego znanego w Ameryce P\u00f3\u0142nocnej jako spandex, aw Europie jako elastan i lycra. Nazwa lycra jest nazw\u0105 handlow\u0105 elastanu firmy DuPont od 1958 roku. Lycra prawie zawsze mieszana jest z inn\u0105 tkanin\u0105, najcz\u0119\u015bciej z bawe\u0142n\u0105 lub poliestrem, a dzi\u0119ki po\u0142\u0105czeniu w\u0142a\u015bciwo\u015bci obu tych materia\u0142\u00f3w ubrania dos\u0142ownie tworz\u0105 drug\u0105 sk\u00f3r\u0119. Lycra doskonale dopasowuje si\u0119 do cia\u0142a, nie kr\u0119puj\u0105c ruch\u00f3w. Elastyczne w\u0142\u00f3kno umo\u017cliwia tym samym swobod\u0119 ruch\u00f3w, kt\u00f3r\u0105 docenisz nie tylko podczas uprawiania sportu, ale r\u00f3wnie\u017c w pracy.<\/p>\n<\/div>\n<\/div>\n\n\n\n<div class=\"wp-block-columns is-layout-flex wp-container-core-columns-is-layout-28f84493 wp-block-columns-is-layout-flex\">\n<div class=\"wp-block-column is-vertically-aligned-top is-layout-flow wp-block-column-is-layout-flow\" style=\"flex-basis:33.33%\">\n<h2 class=\"wp-block-heading\" id=\"Oeko-Tex\u00ae\"><strong>Oeko-Tex\u00ae<\/strong><\/h2>\n<\/div>\n\n\n\n<div class=\"wp-block-column is-layout-flow wp-block-column-is-layout-flow\" style=\"flex-basis:66.66%\">\n<p>Mi\u0119dzynarodowa marka <strong>Oeko-Tex\u00ae <\/strong>gwarantuje, \u017ce u\u017cyte tekstylia s\u0105 przyjazne dla \u015brodowiska, od produkcji prz\u0119dzy do gotowego produktu. Dzi\u0119ki odzie\u017cy roboczej z certyfikatem Oeko-Tex\u00ae konsument ma pewno\u015b\u0107, \u017ce odzie\u017c ta nie zawiera \u017cadnych substancji szkodliwych dla jego zdrowia i \u015brodowiska. W kolekcji odzie\u017cy roboczej Lindstr\u00f6m praktycznie ca\u0142a kolekcja odzie\u017cy dla bran\u017cy motoryzacyjnej, monta\u017cowej i in\u017cynieryjnej jest oznaczona certyfikatem Oeko-Tex\u00ae.<\/p>\n<\/div>\n<\/div>\n\n\n\n<div class=\"wp-block-columns is-layout-flex wp-container-core-columns-is-layout-28f84493 wp-block-columns-is-layout-flex\">\n<div class=\"wp-block-column is-vertically-aligned-top is-layout-flow wp-block-column-is-layout-flow\" style=\"flex-basis:33.33%\">\n<h2 class=\"wp-block-heading\" id=\"pod\u0161\u00edvka\"><strong>Podszewka<\/strong><\/h2>\n<\/div>\n\n\n\n<div class=\"wp-block-column is-layout-flow wp-block-column-is-layout-flow\" style=\"flex-basis:66.66%\">\n<p><strong>Podszewka<\/strong> jest integraln\u0105 cz\u0119\u015bci\u0105 niekt\u00f3rych ubra\u0144 roboczych. Podszewka u\u0142atwia ubieranie, dlatego musi by\u0107 g\u0142adka, lej\u0105ca, nie sztywna. Podszewka chroni materia\u0142 przed przetarciem od wewn\u0105trz oraz przed strz\u0119pieniem si\u0119 zak\u0142adek szw\u00f3w, dlatego musi charakteryzowa\u0107 si\u0119 du\u017c\u0105 odporno\u015bci\u0105 na przetarcia i przetarcia. Podszewka zapobiega kontaktowi sk\u00f3ry ze spodnim materia\u0142em i tym samym podra\u017cnieniom sk\u00f3ry. Umo\u017cliwia odprowadzanie potu ze sk\u00f3ry i zwi\u0119ksza w\u0142a\u015bciwo\u015bci termoizolacyjne odzie\u017cy. Mo\u017cna go znale\u017a\u0107 np. w zimowych kurtkach roboczych Lindstr\u00f6m czy w odzie\u017cy dla pracownik\u00f3w magazyn\u00f3w, kt\u00f3rzy pracuj\u0105 w ch\u0142odniach lub mro\u017aniach.<\/p>\n<\/div>\n<\/div>\n\n\n\n<div class=\"wp-block-columns is-layout-flex wp-container-core-columns-is-layout-28f84493 wp-block-columns-is-layout-flex\">\n<div class=\"wp-block-column is-vertically-aligned-top is-layout-flow wp-block-column-is-layout-flow\" style=\"flex-basis:33.33%\">\n<h2 class=\"wp-block-heading\" id=\"polyamidov\u00e1 vl\u00e1kna\"><strong>W\u0142\u00f3kna poliamidowe <\/strong><\/h2>\n<\/div>\n\n\n\n<div class=\"wp-block-column is-layout-flow wp-block-column-is-layout-flow\" style=\"flex-basis:66.66%\">\n<p><strong>W\u0142\u00f3kna poliamidowe<\/strong> to w\u0142\u00f3kna syntetyczne, kt\u00f3re charakteryzuj\u0105 si\u0119 du\u017c\u0105 wytrzyma\u0142o\u015bci\u0105 i odporno\u015bci\u0105 na \u015bcieranie. Szczeg\u00f3lnie cenimy te materia\u0142y za ich nisk\u0105 ch\u0142onno\u015b\u0107 i zdolno\u015b\u0107 szybkiego wysychania, co przyczynia si\u0119 do lepszego uczucia sucho\u015bci podczas ich noszenia.<\/p>\n<\/div>\n<\/div>\n\n\n\n<div class=\"wp-block-columns is-layout-flex wp-container-core-columns-is-layout-28f84493 wp-block-columns-is-layout-flex\">\n<div class=\"wp-block-column is-vertically-aligned-top is-layout-flow wp-block-column-is-layout-flow\" style=\"flex-basis:33.33%\">\n<h2 class=\"wp-block-heading\" id=\"polyester\"><strong>Polyester<\/strong><\/h2>\n<\/div>\n\n\n\n<div class=\"wp-block-column is-layout-flow wp-block-column-is-layout-flow\" style=\"flex-basis:66.66%\">\n<p><strong>Poliester <\/strong>to materia\u0142 syntetyczny, kt\u00f3ry najcz\u0119\u015bciej produkowany jest z tzw. PET (politereftalan etylenu). W\u0142\u00f3kna poliestrowe powstaj\u0105 poprzez przepychanie p\u0142ynnej substancji przez dysz\u0119, kt\u00f3ra tworzy w\u0142\u00f3kno. W odzie\u017cy roboczej w\u0142\u00f3kna poliestrowe w mieszanych materia\u0142ach, na przyk\u0142ad w po\u0142\u0105czeniu z bawe\u0142n\u0105. Materia\u0142y te posiadaj\u0105 w\u0142a\u015bciwo\u015bci odpowiednie do prania przemys\u0142owego: zachowuj\u0105 kolor nawet po kilku praniach, nie kurcz\u0105 si\u0119 i zachowuj\u0105 rozmiar, nie marszcz\u0105 si\u0119 i nie przecieraj\u0105, nie strz\u0119pi\u0105 si\u0119 (np. na mankietach czy w szwach).<\/p>\n<\/div>\n<\/div>\n\n\n\n<div class=\"wp-block-columns is-layout-flex wp-container-core-columns-is-layout-28f84493 wp-block-columns-is-layout-flex\">\n<div class=\"wp-block-column is-vertically-aligned-top is-layout-flow wp-block-column-is-layout-flow\" style=\"flex-basis:33.33%\">\n<h2 class=\"wp-block-heading\" id=\"polypropylen\"><strong>Polypropylen<\/strong><\/h2>\n<\/div>\n\n\n\n<div class=\"wp-block-column is-layout-flow wp-block-column-is-layout-flow\" style=\"flex-basis:66.66%\">\n<p><strong>Polipropylen (PP) <\/strong>nale\u017cy do grupy poliolefin i otrzymywany jest w procesie polimeryzacji propenu. Ze wzgl\u0119du na wyj\u0105tkow\u0105 trwa\u0142o\u015b\u0107 i twardo\u015b\u0107 w\u0142\u00f3kna polipropylenowe s\u0105 cz\u0119sto stosowane w odzie\u017cy roboczej.<\/p>\n<\/div>\n<\/div>\n\n\n\n<div class=\"wp-block-columns is-layout-flex wp-container-core-columns-is-layout-28f84493 wp-block-columns-is-layout-flex\">\n<div class=\"wp-block-column is-vertically-aligned-top is-layout-flow wp-block-column-is-layout-flow\" style=\"flex-basis:33.33%\">\n<h2 class=\"wp-block-heading\" id=\"reflexn\u00ed pracovn\u00ed od\u011bvy\"><strong>Odzie\u017c robocza odblaskowa<\/strong><\/h2>\n<\/div>\n\n\n\n<div class=\"wp-block-column is-layout-flow wp-block-column-is-layout-flow\" style=\"flex-basis:66.66%\">\n<p><strong>Odblaskowa odzie\u017c robocza <\/strong>to podstawowe wyposa\u017cenie wszystkich pracownik\u00f3w, kt\u00f3rzy poruszaj\u0105 si\u0119 w miejscach o ograniczonej widoczno\u015bci lub w pobli\u017cu dr\u00f3g. Charakteryzuj\u0105 si\u0119 dobr\u0105 widoczno\u015bci\u0105 w ka\u017cdych warunkach o\u015bwietleniowych, zar\u00f3wno w \u015bwietle dziennym, jak iw ciemno\u015bci. W kolekcji odzie\u017cy roboczej Lindstr\u00f6m mo\u017cna je znale\u017a\u0107 pod nazw\u0105 handlow\u0105 HighVis.<\/p>\n<\/div>\n<\/div>\n\n\n\n<div class=\"wp-block-columns is-layout-flex wp-container-core-columns-is-layout-28f84493 wp-block-columns-is-layout-flex\">\n<div class=\"wp-block-column is-vertically-aligned-top is-layout-flow wp-block-column-is-layout-flow\" style=\"flex-basis:33.33%\">\n<h2 class=\"wp-block-heading\" id=\"rfid \u010dip\"><strong>RFID chip<\/strong><\/h2>\n<\/div>\n\n\n\n<div class=\"wp-block-column is-layout-flow wp-block-column-is-layout-flow\" style=\"flex-basis:66.66%\">\n<p><strong>RFID (Radio-Frequency Identification)<\/strong> to chip do bezkontaktowej wymiany danych mi\u0119dzy chipem a urz\u0105dzeniem zapisuj\u0105cym\/czytuj\u0105cym RFID. Dop\u00f3ki chip RFID znajduje si\u0119 w polu elektromagnetycznym urz\u0105dzenia zapisuj\u0105cego\/czytuj\u0105cego RFID, dane mog\u0105 by\u0107 wymieniane. Czipy RFID w odzie\u017cy roboczej Lindstr\u00f6m umo\u017cliwiaj\u0105 bezkontaktow\u0105 wymian\u0119 danych mi\u0119dzy odzie\u017c\u0105 a czytnikiem. S\u0142u\u017cy do digitalizacji cyklu odzie\u017cy roboczej mi\u0119dzy pralni\u0105 Lindstr\u00f6m a klientem. O tym, jak technologia chip\u00f3w RFID jest wykorzystywana w serwisie odzie\u017cy roboczej, mo\u017cna przeczyta\u0107 na naszym blogu.<\/p>\n<\/div>\n<\/div>\n\n\n\n<div class=\"wp-block-columns is-layout-flex wp-container-core-columns-is-layout-28f84493 wp-block-columns-is-layout-flex\">\n<div class=\"wp-block-column is-vertically-aligned-top is-layout-flow wp-block-column-is-layout-flow\" style=\"flex-basis:33.33%\">\n<h2 class=\"wp-block-heading\" id=\"s\u00e1lav\u00e9 teplo\"><strong>Ciep\u0142o promieniowania <\/strong><\/h2>\n<\/div>\n\n\n\n<div class=\"wp-block-column is-layout-flow wp-block-column-is-layout-flow\" style=\"flex-basis:66.66%\">\n<p><strong>Ciep\u0142o promieniowania<\/strong> to fala elektromagnetyczna, kt\u00f3ra rozchodzi si\u0119 r\u00f3wnomiernie we wszystkich kierunkach od \u017ar\u00f3d\u0142a. Ciep\u0142o to nie ogrzewa powietrza, ale bezpo\u015brednio przedmioty, z kt\u00f3rych powietrze jest ogrzewane tylko wt\u00f3rnie. To ten sam upa\u0142, do kt\u00f3rego jeste\u015bmy przyzwyczajeni ze s\u0142o\u0144ca. Ciep\u0142o to powstaje r\u00f3wnie\u017c podczas spawania \u0142ukowego, dlatego wa\u017cne jest noszenie specjalnej odzie\u017cy roboczej, spe\u0142niaj\u0105cej restrykcyjne normy i normy bezpiecze\u0144stwa oraz zapewniaj\u0105cej wystarczaj\u0105c\u0105 ochron\u0119 przed promieniowaniem cieplnym, p\u0142omieniami i gor\u0105cymi substancjami.<\/p>\n<\/div>\n<\/div>\n\n\n\n<div class=\"wp-block-columns is-layout-flex wp-container-core-columns-is-layout-28f84493 wp-block-columns-is-layout-flex\">\n<div class=\"wp-block-column is-vertically-aligned-top is-layout-flow wp-block-column-is-layout-flow\" style=\"flex-basis:33.33%\">\n<h2 class=\"wp-block-heading\" id=\"sat\u00e9n\"><strong>Satyna<\/strong><\/h2>\n<\/div>\n\n\n\n<div class=\"wp-block-column is-layout-flow wp-block-column-is-layout-flow\" style=\"flex-basis:66.66%\">\n<p><strong>Satyna <\/strong>jest tkanin\u0105 o wysokim po\u0142ysku na licu i jest jedn\u0105 z najpopularniejszych tkanin na rynku. Satyna produkowana jest g\u0142\u00f3wnie z prz\u0119dz ci\u0105g\u0142ych (jedwab naturalny, wiskoza, poliester, poliamid).<\/p>\n<\/div>\n<\/div>\n\n\n\n<div class=\"wp-block-columns is-layout-flex wp-container-core-columns-is-layout-28f84493 wp-block-columns-is-layout-flex\">\n<div class=\"wp-block-column is-vertically-aligned-top is-layout-flow wp-block-column-is-layout-flow\" style=\"flex-basis:33.33%\">\n<h2 class=\"wp-block-heading\" id=\"statick\u00e1 elekt\u0159ina\"><strong>Elektryczno\u015b\u0107 statyczna<\/strong><\/h2>\n<\/div>\n\n\n\n<div class=\"wp-block-column is-layout-flow wp-block-column-is-layout-flow\" style=\"flex-basis:66.66%\">\n<p><strong>Elektryczno\u015b\u0107 statyczna <\/strong>to \u0142adunek elektryczny, kt\u00f3ry powstaje na powierzchni cia\u0142 s\u0142abo przewodz\u0105cych elektrycznie. Powstaje w wyniku wzajemnego tarcia dw\u00f3ch takich powierzchni lub ich wielokrotnego \u0142\u0105czenia i roz\u0142\u0105czania. Wielko\u015b\u0107 \u0142adunku elektryczno\u015bci statycznej zale\u017cy od wielu czynnik\u00f3w. Dotyczy to przede wszystkim przewodnictwa materia\u0142\u00f3w, ci\u015bnienia i pr\u0119dko\u015bci tarcia, ale tak\u017ce temperatury i wilgotno\u015bci materia\u0142\u00f3w.<\/p>\n<\/div>\n<\/div>\n\n\n\n<div class=\"wp-block-columns is-layout-flex wp-container-core-columns-is-layout-28f84493 wp-block-columns-is-layout-flex\">\n<div class=\"wp-block-column is-vertically-aligned-top is-layout-flow wp-block-column-is-layout-flow\" style=\"flex-basis:33.33%\">\n<h2 class=\"wp-block-heading\" id=\"such\u00fd zip\"><strong>Rzepy<\/strong><\/h2>\n<\/div>\n\n\n\n<div class=\"wp-block-column is-layout-flow wp-block-column-is-layout-flow\" style=\"flex-basis:66.66%\">\n<p><strong>Rzepy <\/strong>to materia\u0142 mocuj\u0105cy, kt\u00f3ry spotykamy na r\u00f3\u017cnych cz\u0119\u015bciach odzie\u017cy, ale tak\u017ce na matach czyszcz\u0105cych. Jedna cz\u0119\u015b\u0107 zamka wykonana jest z tkaniny z oczkami, druga z haczykami. Ma\u0142e haczyki s\u0105 z\u0142apane w przeciwleg\u0142e ma\u0142e p\u0119tle. Mocuje si\u0119 poprzez zszycie lub klejenie. Rzep jest tak wykonany, \u017ce mo\u017cna go bardzo \u0142atwo odpi\u0105\u0107.<\/p>\n<\/div>\n<\/div>\n\n\n\n<div class=\"wp-block-columns is-layout-flex wp-container-core-columns-is-layout-28f84493 wp-block-columns-is-layout-flex\">\n<div class=\"wp-block-column is-vertically-aligned-top is-layout-flow wp-block-column-is-layout-flow\" style=\"flex-basis:33.33%\">\n<h2 class=\"wp-block-heading\" id=\"tencel\"><strong>Tencel<\/strong><\/h2>\n<\/div>\n\n\n\n<div class=\"wp-block-column is-layout-flow wp-block-column-is-layout-flow\" style=\"flex-basis:66.66%\">\n<p><strong>Tencel <\/strong>to nazwa handlowa tkaniny powszechnie nazywanej lyocellem. To znaczy rodzaj wiskozy wytwarzanej z pokruszonych w\u0142\u00f3kien drzewnych lub z masy celulozowej lub poprzez recykling innych tekstyli\u00f3w. W por\u00f3wnaniu z klasyczn\u0105 wiskoz\u0105, w\u0142\u00f3kno lyocell jest trwalsze i mocniejsze. W\u0142\u00f3kna Tencel mo\u017cna znale\u017a\u0107 w odzie\u017cy roboczej Lindstr\u00f6m, na przyk\u0142ad w kolekcji odzie\u017cy CarePro dla pracownik\u00f3w s\u0142u\u017cby zdrowia.<\/p>\n<\/div>\n<\/div>\n\n\n\n<div class=\"wp-block-columns is-layout-flex wp-container-core-columns-is-layout-28f84493 wp-block-columns-is-layout-flex\">\n<div class=\"wp-block-column is-vertically-aligned-top is-layout-flow wp-block-column-is-layout-flow\" style=\"flex-basis:33.33%\">\n<h2 class=\"wp-block-heading\" id=\"udr\u017eitelnost\"><strong>Zr\u00f3wnowa\u017cony rozw\u00f3j<\/strong><\/h2>\n<\/div>\n\n\n\n<div class=\"wp-block-column is-layout-flow wp-block-column-is-layout-flow\" style=\"flex-basis:66.66%\">\n<p><strong>Zr\u00f3wnowa\u017cony rozw\u00f3j <\/strong>to praktyczna zdolno\u015b\u0107 do zaspokojenia dzisiejszych potrzeb produkcyjnych bez ograniczania zdolno\u015bci przysz\u0142ych pokole\u0144 do zaspokojenia ich podstawowych potrzeb i utrzymania standardu \u017cycia.<\/p>\n<\/div>\n<\/div>\n\n\n\n<div class=\"wp-block-columns is-layout-flex wp-container-core-columns-is-layout-28f84493 wp-block-columns-is-layout-flex\">\n<div class=\"wp-block-column is-vertically-aligned-top is-layout-flow wp-block-column-is-layout-flow\" style=\"flex-basis:33.33%\">\n<h2 class=\"wp-block-heading\" id=\"uhl\u00edkov\u00e9 vl\u00e1kno\"><strong>W\u0142\u00f3kno w\u0119glowe <\/strong><\/h2>\n<\/div>\n\n\n\n<div class=\"wp-block-column is-layout-flow wp-block-column-is-layout-flow\" style=\"flex-basis:66.66%\">\n<p><strong>W\u0142\u00f3kno w\u0119glowe <\/strong>to d\u0142ugie i cienkie pasmo materia\u0142u o \u015brednicy 5-8 \u03bcm. Sk\u0142ada si\u0119 g\u0142\u00f3wnie z atom\u00f3w w\u0119gla i jest u\u017cywany do produkcji mocnych i trwa\u0142ych tkanin.<\/p>\n<\/div>\n<\/div>\n\n\n\n<div class=\"wp-block-columns is-layout-flex wp-container-core-columns-is-layout-28f84493 wp-block-columns-is-layout-flex\">\n<div class=\"wp-block-column is-vertically-aligned-top is-layout-flow wp-block-column-is-layout-flow\" style=\"flex-basis:33.33%\">\n<h2 class=\"wp-block-heading\" id=\"unisex\"><strong>Unisex<\/strong><\/h2>\n<\/div>\n\n\n\n<div class=\"wp-block-column is-layout-flow wp-block-column-is-layout-flow\" style=\"flex-basis:66.66%\">\n<p><strong>Unisex&nbsp;<\/strong>to termin, z kt\u00f3rym najcz\u0119\u015bciej spotykamy si\u0119 w modzie. Styl ubioru, kt\u00f3ry jest odpowiedni zar\u00f3wno dla m\u0119\u017cczyzn, jak i kobiet, okre\u015blany jest jako unisex, moda unisex jest w tym sensie uniwersalna. Mo\u017ce to by\u0107 streetwear, casual, sport lub odzie\u017c robocza.<\/p>\n<\/div>\n<\/div>\n\n\n\n<div class=\"wp-block-columns is-layout-flex wp-container-core-columns-is-layout-28f84493 wp-block-columns-is-layout-flex\">\n<div class=\"wp-block-column is-vertically-aligned-top is-layout-flow wp-block-column-is-layout-flow\" style=\"flex-basis:33.33%\">\n<h2 class=\"wp-block-heading\" id=\"\u00faplet\"><strong>Dzianina<\/strong><\/h2>\n<\/div>\n\n\n\n<div class=\"wp-block-column is-layout-flow wp-block-column-is-layout-flow\" style=\"flex-basis:66.66%\">\n<p><strong>Dzianina sweterkowa<\/strong>, inaczej dzianina, to rodzaj dzianiny, kt\u00f3ra charakteryzuje si\u0119 niezwyk\u0142\u0105 elastyczno\u015bci\u0105. W odzie\u017cy roboczej Lindstr\u00f6m stosowany jest w wersji mieszanej poliestru z bawe\u0142n\u0105. Dzianiny swetrowe charakteryzuj\u0105 si\u0119 mi\u0119kk\u0105 struktur\u0105, dobr\u0105 przepuszczalno\u015bci\u0105 wilgoci, doskona\u0142\u0105 elastyczno\u015bci\u0105, a tak\u017ce bardzo dobrymi w\u0142a\u015bciwo\u015bciami termoizolacyjnymi. Wykorzystywane s\u0105 np. do produkcji fartuch\u00f3w roboczych dla pracownik\u00f3w bran\u017cy spo\u017cywczej.<\/p>\n<\/div>\n<\/div>\n\n\n\n<div class=\"wp-block-columns is-layout-flex wp-container-core-columns-is-layout-28f84493 wp-block-columns-is-layout-flex\">\n<div class=\"wp-block-column is-vertically-aligned-top is-layout-flow wp-block-column-is-layout-flow\" style=\"flex-basis:33.33%\">\n<h2 class=\"wp-block-heading\" id=\"uv z\u00e1\u0159en\u00ed\"><strong>UV promieniowanie<\/strong><\/h2>\n<\/div>\n\n\n\n<div class=\"wp-block-column is-layout-flow wp-block-column-is-layout-flow\" style=\"flex-basis:66.66%\">\n<p><strong>Promieniowanie ultrafioletowe lub UV (UV: ultrafiolet) <\/strong>to promieniowanie elektromagnetyczne o d\u0142ugo\u015bci fali kr\u00f3tszej ni\u017c \u015bwiat\u0142o widzialne. Naturalnym \u017ar\u00f3d\u0142em promieniowania UV jest S\u0142o\u0144ce, ale mo\u017cna je r\u00f3wnie\u017c bez problemu wytworzy\u0107 za pomoc\u0105 emitera UV. Ciemne kolory odzie\u017cy roboczej zapewniaj\u0105 lepsz\u0105 ochron\u0119 przed promieniowaniem UV. Dlatego odzie\u017c robocza Lindstr\u00f6m dla spawaczy w ciemnoniebieskich kolorach.<\/p>\n<\/div>\n<\/div>\n\n\n\n<div class=\"wp-block-columns is-layout-flex wp-container-core-columns-is-layout-28f84493 wp-block-columns-is-layout-flex\">\n<div class=\"wp-block-column is-vertically-aligned-top is-layout-flow wp-block-column-is-layout-flow\" style=\"flex-basis:33.33%\">\n<h2 class=\"wp-block-heading\" id=\"visk\u00f3za\"><strong>Wiskoza<\/strong><\/h2>\n<\/div>\n\n\n\n<div class=\"wp-block-column is-layout-flow wp-block-column-is-layout-flow\" style=\"flex-basis:66.66%\">\n<p><strong>Wiskoza <\/strong>to p\u00f3\u0142syntetyczny rodzaj tkaniny ze sztucznego jedwabiu wytwarzanej z masy celulozowej. Jest stosowany jako substytut jedwabiu, poniewa\u017c ma podobne w\u0142a\u015bciwo\u015bci p\u0142yni\u0119cia i g\u0142adko\u015bci. Termin wiskoza odnosi si\u0119 konkretnie do roztworu masy celulozowej, kt\u00f3ry jest przekszta\u0142cany w tkanin\u0119. Po raz pierwszy wyprodukowano go w 1883 roku.<\/p>\n<\/div>\n<\/div>\n\n\n\n<div class=\"wp-block-columns is-layout-flex wp-container-core-columns-is-layout-28f84493 wp-block-columns-is-layout-flex\">\n<div class=\"wp-block-column is-vertically-aligned-top is-layout-flow wp-block-column-is-layout-flow\" style=\"flex-basis:33.33%\">\n<h2 class=\"wp-block-heading\" id=\"vlna\"><strong>We\u0142na<\/strong><\/h2>\n<\/div>\n\n\n\n<div class=\"wp-block-column is-layout-flow wp-block-column-is-layout-flow\" style=\"flex-basis:66.66%\">\n<p><strong>We\u0142na <\/strong>to w\u0142\u00f3kna z sier\u015bci zwierz\u0105t, najcz\u0119\u015bciej owiec lub wielb\u0142\u0105d\u00f3w. Mi\u0119kka, mocna i cienka prz\u0119dza we\u0142niana. Jednym z powod\u00f3w, dla kt\u00f3rych we\u0142na jest wykorzystywana w mieszanych materia\u0142ach na odzie\u017c robocz\u0105, s\u0105 jej w\u0142a\u015bciwo\u015bci termoregulacyjne. Podobnie jak bawe\u0142na, we\u0142na ma zdolno\u015b\u0107 wch\u0142aniania wilgoci do rdzenia i pozostawania such\u0105 na powierzchni.<\/p>\n<\/div>\n<\/div>\n\n\n\n<div class=\"wp-block-columns is-layout-flex wp-container-core-columns-is-layout-28f84493 wp-block-columns-is-layout-flex\">\n<div class=\"wp-block-column is-vertically-aligned-top is-layout-flow wp-block-column-is-layout-flow\" style=\"flex-basis:33.33%\">\n<h2 class=\"wp-block-heading\" id=\"vousenka\"><strong>Maska ochronna<\/strong><\/h2>\n<\/div>\n\n\n\n<div class=\"wp-block-column is-layout-flow wp-block-column-is-layout-flow\" style=\"flex-basis:66.66%\">\n<p><strong>Maska \u200b\u200bochronna <\/strong>do brody, stosowana jest g\u0142\u00f3wnie w przemy\u015ble spo\u017cywczym i gastronomii jako niezast\u0105pione narz\u0119dzie zapobiegania zaka\u017ceniom. Opaski ochronne s\u0105 zwykle wykonane z lekkiej i przyjaznej dla zdrowia tkaniny, spe\u0142niaj\u0105cej surowe normy jako\u015bciowe i higieniczne.<\/p>\n<\/div>\n<\/div>\n\n\n\n<div class=\"wp-block-columns is-layout-flex wp-container-core-columns-is-layout-28f84493 wp-block-columns-is-layout-flex\">\n<div class=\"wp-block-column is-vertically-aligned-top is-layout-flow wp-block-column-is-layout-flow\" style=\"flex-basis:33.33%\">\n<h2 class=\"wp-block-heading\" id=\"vsadka\"><strong>Wk\u0142adka tekstylna<\/strong><\/h2>\n<\/div>\n\n\n\n<div class=\"wp-block-column is-layout-flow wp-block-column-is-layout-flow\" style=\"flex-basis:66.66%\">\n<p><strong>Wk\u0142adka tekstylna <\/strong>s\u0142u\u017cy do powi\u0119kszenia przestrzeni odzie\u017cy roboczej (kurtka, bluza, spodnie). Wk\u0142adki tekstylne stosujemy w naszym serwisie odzie\u017cowym, gdy istnieje potrzeba dopasowania odzie\u017cy roboczej poza rozmiar standardowy lub gdy u\u017cytkownik odzie\u017cy roboczej ur\u00f3s\u0142 i oryginalny rozmiar odzie\u017cy roboczej przesta\u0142 pasowa\u0107. To jeden z naszych sposob\u00f3w na to, aby ubrania robocze by\u0142y bardziej zr\u00f3wnowa\u017cone i przed\u0142u\u017ca\u0142y ich \u017cywotno\u015b\u0107.<\/p>\n<\/div>\n<\/div>\n\n\n\n<div class=\"wp-block-columns is-layout-flex wp-container-core-columns-is-layout-28f84493 wp-block-columns-is-layout-flex\">\n<div class=\"wp-block-column is-vertically-aligned-top is-layout-flow wp-block-column-is-layout-flow\" style=\"flex-basis:33.33%\">\n<h2 class=\"wp-block-heading\" id=\"zimn\u00ed pracovn\u00ed od\u011bvy\"><strong>Zimowa odzie\u017c robocza<\/strong><\/h2>\n<\/div>\n\n\n\n<div class=\"wp-block-column is-layout-flow wp-block-column-is-layout-flow\" style=\"flex-basis:66.66%\">\n<p><strong>Zimowa odzie\u017c robocza<\/strong> to szeroka gama odzie\u017cy i akcesori\u00f3w, kt\u00f3re niezawodnie ogrzej\u0105 pracownik\u00f3w w \u015bnie\u017cn\u0105 i mro\u017an\u0105 pogod\u0119. Zimowe ubrania robocze cz\u0119sto s\u0105 wykonane z nieprzemakalnego materia\u0142u, ocieplone watolin\u0105 i wyposa\u017cone w elementy odblaskowe lub wykonane w odblaskowym kolorze \u017c\u00f3\u0142tym lub pomara\u0144czowym.<\/p>\n<\/div>\n<\/div>\n<\/div>\n\n\n\n<div aria-hidden=\"true\" class=\"wp-block-fsb-flexible-spacer fsb-flexible-spacer\"><div class=\"fsb-flexible-spacer__device fsb-flexible-spacer__device--lg\" style=\"height:100px\"><\/div><div class=\"fsb-flexible-spacer__device fsb-flexible-spacer__device--md\" style=\"height:100px\"><\/div><div class=\"fsb-flexible-spacer__device fsb-flexible-spacer__device--sm\" style=\"height:100px\"><\/div><\/div>\n\n\n    <\/div>\n<\/div>\n\n\n\n        <style>\n            .lindstrom-container--block_1b295cde7d2e32d0ce04b73de1d3df3d {                \n                padding-top: 35px;\n                padding-bottom: 35px;\n            }\n\n            @media screen and (min-width: 768px) {\n                .lindstrom-container--block_1b295cde7d2e32d0ce04b73de1d3df3d {\n                    padding-top: 75px;\n                    padding-bottom: 75px;\n                }\n            }\n        <\/style>\n    \n<div\n    class=\"lindstrom-container-wrapper lindstrom-container lindstrom-container--block_1b295cde7d2e32d0ce04b73de1d3df3d \"\n    id=\"block_1b295cde7d2e32d0ce04b73de1d3df3d\"\n    style=\"background-color: #f2f2f2\"\n    >\n    <div class=\"lindstrom-container lindstrom-container--content items-stretch\">\n        \n\n<style>\n    @media only screen and (max-width: 1200px) {\n        #block_9df022270c9a5510e24990c90e91e7df .blogposts__container {\n            grid-template-columns: repeat(4, 1fr);\n        }\n    }\n<\/style>\n\n            <div \n            id=\"block_9df022270c9a5510e24990c90e91e7df\" \n            class=\"blogposts blogposts--block_9df022270c9a5510e24990c90e91e7df \"\n        >\n            <div class=\"blogposts\">\n                <div class=\"blogposts__container post-row\">\n                    \n        <div class='post-card relative' data-index='21870'>\n            <img\n                class='post-card__image' \n                src='https:\/\/d2ris6qfzcz0wn.cloudfront.net\/wp-content\/uploads\/sites\/20\/2025\/11\/lindstrom-vanoce-slamavbotach-683x1024-1.jpg.webp' \n                alt='Jak nie zrobi\u0107 z \u015awi\u0105t ekologicznej katastrofy?' \n            \/>\n            <div class='post-card__content'>\n                <div class='post-card__categories z-20'>\n            <a\n                class='post-card__category'\n                href='https:\/\/lindstromgroup.com\/pl\/category\/artykuly\/'\n            >\n                Artyku\u0142y\n            <\/a><\/div>\n                <div class='post-card__title'>\n                    Jak nie zrobi\u0107 z \u015awi\u0105t ekologicznej katastrofy?\n                <\/div>\n                <p class='post-card__excerpt'>\n                    Zainspiruj si\u0119 pomys\u0142ami na ekologiczne \u015awi\u0119ta: dekoracje DIY, zr\u00f3wnowa\u017cone prezenty i sposoby na ograniczenie odpad\u00f3w w duchu gospodarki cyrkularnej.\n                <\/p>\n                <div class='post-card__tags z-20'>\n            <a\n                class='post-card__tag'\n                href='https:\/\/lindstromgroup.com\/pl\/tag\/odziez-robocza\/'\n                style='border: 1px solid ; color: ;'\n            >\n                #odzie\u017c robocza\n            <\/a><\/div>\n            <\/div>\n            <a href='\/pl\/artykuly\/jak-nie-zrobic-z-swiat-ekologicznej-katastrofy\/' class='absolute inset-0 w-full h-full z-10'><\/a>\n        <\/div>\n    \n        <div class='post-card relative' data-index='21867'>\n            <img\n                class='post-card__image' \n                src='https:\/\/d2ris6qfzcz0wn.cloudfront.net\/wp-content\/uploads\/sites\/20\/2025\/11\/lindstrom-od-black-friday-k-circular-monday-112025-1-1536x1041.jpg-1024x694.webp' \n                alt='Od Black Friday do Circular Monday: kiedy zmienia si\u0119 spos\u00f3b, w jaki my\u015blimy o konsumpcji' \n            \/>\n            <div class='post-card__content'>\n                <div class='post-card__categories z-20'>\n            <a\n                class='post-card__category'\n                href='https:\/\/lindstromgroup.com\/pl\/category\/artykuly\/'\n            >\n                Artyku\u0142y\n            <\/a><\/div>\n                <div class='post-card__title'>\n                    Od Black Friday do Circular Monday: kiedy zmienia si\u0119 spos\u00f3b, w jaki my\u015blimy o konsumpcji\n                <\/div>\n                <p class='post-card__excerpt'>\n                    Zmie\u0144 Black Friday w Circular Monday \u2013 odkryj ide\u0119 odpowiedzialnej konsumpcji, gospodarki cyrkularnej i zr\u00f3wnowa\u017conych wybor\u00f3w na co dzie\u0144.\n                <\/p>\n                <div class='post-card__tags z-20'>\n            <a\n                class='post-card__tag'\n                href='https:\/\/lindstromgroup.com\/pl\/tag\/odziez-robocza\/'\n                style='border: 1px solid ; color: ;'\n            >\n                #odzie\u017c robocza\n            <\/a><\/div>\n            <\/div>\n            <a href='\/pl\/artykuly\/od-black-friday-do-circular-monday-kiedy-zmienia-sie-sposob-w-jaki-myslimy-o-konsumpcji\/' class='absolute inset-0 w-full h-full z-10'><\/a>\n        <\/div>\n    \n        <div class='post-card relative' data-index='21728'>\n            <img\n                class='post-card__image' \n                src='https:\/\/d2ris6qfzcz0wn.cloudfront.net\/wp-content\/uploads\/sites\/20\/2025\/03\/015_Lindstrom_Set2_hires_final-1-1024x683.jpg' \n                alt='Unikalno\u015b\u0107 czy jednolito\u015b\u0107? Dlaczego sp\u00f3jna strategia odzie\u017cy roboczej op\u0142aca si\u0119 w bran\u017cy motoryzacyjnej' \n            \/>\n            <div class='post-card__content'>\n                <div class='post-card__categories z-20'>\n            <a\n                class='post-card__category'\n                href='https:\/\/lindstromgroup.com\/pl\/category\/artykuly\/'\n            >\n                Artyku\u0142y\n            <\/a><\/div>\n                <div class='post-card__title'>\n                    Unikalno\u015b\u0107 czy jednolito\u015b\u0107? Dlaczego sp\u00f3jna strategia odzie\u017cy roboczej op\u0142aca si\u0119 w bran\u017cy motoryzacyjnej\n                <\/div>\n                <p class='post-card__excerpt'>\n                    Poznaj, dlaczego sp\u00f3jna strategia odzie\u017cy roboczej w bran\u017cy motoryzacyjnej redukuje koszty, zwi\u0119ksza bezpiecze\u0144stwo i wspiera zr\u00f3wnowa\u017cony rozw\u00f3j\n                <\/p>\n                <div class='post-card__tags z-20'>\n            <a\n                class='post-card__tag'\n                href='https:\/\/lindstromgroup.com\/pl\/tag\/odziez-robocza\/'\n                style='border: 1px solid ; color: ;'\n            >\n                #odzie\u017c robocza\n            <\/a><\/div>\n            <\/div>\n            <a href='\/pl\/artykuly\/unikalnosc-czy-jednolitosc-dlaczego-spojna-strategia-odziezy-roboczej-oplaca-sie-w-branzy-motoryzacyjnej\/' class='absolute inset-0 w-full h-full z-10'><\/a>\n        <\/div>\n                    <\/div>\n                <div class=\"post-row-mobile-carousel\"><\/div>\n            <\/div>\n        <\/div>\n    \n\n\n        <div \n        id=\"cta-country-block_eaaaed5b8c32ef0378d1d64df3193551\" \n        class=\"cta-country\"\n    >\n        <div class=\"flex flex-col gap-5\" style=\"align-items: center\">\n                                    <div class=\"cta-button-container cta-button-container--row\">\n                                                                                        <div class=\"flex rounded-full h-10 min-w-[150px] mt-auto cta-button button-solid--blue\">\n                                <a \n                                    class=\"flex flex-grow !no-underline py-3 px-5 font-bold text-[15px]\/[21px] justify-center items-center gap-2 text-center border-2 rounded-full cta-button__inner\" \n                                    href=\"https:\/\/lindstromgroup.com\/pl\/aktualnosci\/\"\n                                    style=\"border-color: #003F72; background-color: #003F72; color: #FFFFFF;\"\n                                    target=\"_self\"\n                                >\n                                    Najcz\u0119\u015bciej czytane artyku\u0142y                                                                            <div class=\"flex justify-center items-center w-[35px] h-[35px] cta-button__inner-icon\">\n                                                                                                <span class=\"!text-[35px] material-symbols-outlined\" style=\"color: #FFFFFF\">arrow_right_alt<\/span>\n                                                                                    <\/div>\n                                                                    <\/a>\n                            <\/div>\n                                                                        <\/div>\n        <\/div>\n    <\/div>\n    \n\n\n<div aria-hidden=\"true\" class=\"wp-block-fsb-flexible-spacer fsb-flexible-spacer\"><div class=\"fsb-flexible-spacer__device fsb-flexible-spacer__device--lg\" style=\"height:100px\"><\/div><div class=\"fsb-flexible-spacer__device fsb-flexible-spacer__device--md\" style=\"height:100px\"><\/div><div class=\"fsb-flexible-spacer__device fsb-flexible-spacer__device--sm\" style=\"height:100px\"><\/div><\/div>\n\n\n\n<div class=\"wp-block-columns is-layout-flex wp-container-core-columns-is-layout-188233a6 wp-block-columns-is-layout-flex\" style=\"margin-top:0;margin-bottom:0;padding-top:0;padding-bottom:0\">\n<div class=\"wp-block-column !mb-0 is-layout-flow wp-block-column-is-layout-flow\">\n<!-- HTML -->\n            <div\n            id=\"block_1717ee62ba5ad6bbd1af106845ff212c\"\n            class=\"banner-cta banner-cta--block_1717ee62ba5ad6bbd1af106845ff212c  relative\"\n        >\n            <div class=\"banner-cta__background\" style=\"background-color: #003F72\"><\/div>\n            <div\n                class=\"flex gap-3 min-h-[100px] content-center self-stretch flex-wrap lindstrom-container lindstrom-container--content banner-cta__content banner-cta__content--vertical\">\n                <div class=\"flex-grow flex-shrink-0 basis-0 min-w-[270px] w-full banner-cta__text\">\n                                            <h3 class=\"font-bold mt-0 !mb-1 !text-white text-title-small\">\n                            Zapytaj doradcy                        <\/h3>\n                                                            <p class=\"m-0 !text-white !text-body\">\n                        Zapytaj wi\u0119cej na Naszych doradc\u00f3w klienta odpowiedz\u0105 na Twoje pytania telefonicznie od poniedzia\u0142ku do pi\u0105tku w godzinach 08:00 &#8211; 17:00. W innych przypadkach mo\u017cesz wys\u0142a\u0107 nam pro\u015bb\u0119 o kontakt.                    <\/p>\n                                    <\/div>\n                \n                                    <div class=\"flex flex-wrap items-start gap-4\">\n                                            <div class=\"flex h-10 border-2 border-white rounded-full banner-cta__button button-outlined--white\">\n                            <a\n                                class=\"!no-underline !text-white bg-transparent py-3 px-5 pr-4 font-bold text-[15px]\/[21px] flex items-center gap-3\"\n                                href=\"https:\/\/lindstromgroup.com\/pl\/kontakt\/\"\n                                target=\"_self\"\n                            >\n                                Skontaktuj si\u0119 z nami                                                                    <span class=\"material-symbols-outlined !text-[35px]\">arrow_right_alt<\/span>\n                                                            <\/a>\n                        <\/div>\n                                                                <\/div>\n                            <\/div>\n        <\/div>\n    <\/div>\n\n\n\n<div class=\"wp-block-column is-layout-flow wp-block-column-is-layout-flow\">\n<!-- HTML -->\n            <div\n            id=\"block_0813d77e4b7f1b77164736fa5a8d8f53\"\n            class=\"banner-cta banner-cta--block_0813d77e4b7f1b77164736fa5a8d8f53  relative\"\n        >\n            <div class=\"banner-cta__background\" style=\"background-color: #006f86\"><\/div>\n            <div\n                class=\"flex gap-3 min-h-[100px] content-center self-stretch flex-wrap lindstrom-container lindstrom-container--content banner-cta__content banner-cta__content--vertical\">\n                <div class=\"flex-grow flex-shrink-0 basis-0 min-w-[270px] w-full banner-cta__text\">\n                                            <h3 class=\"font-bold mt-0 !mb-1 !text-white text-title-small\">\n                            Zarz\u0105dzaj swoimi us\u0142ugami w eLindstr\u00f6m                        <\/h3>\n                                                            <p class=\"m-0 !text-white !text-body\">\n                        eLindstr\u00f6m to w\u0142asna us\u0142uga online naszych klient\u00f3w, kt\u00f3ra umo\u017cliwia sk\u0142adanie dodatkowych zam\u00f3wie\u0144, zg\u0142osze\u0144 konserwacyjnych lub serwisowych oraz \u0142atwe monitorowanie bie\u017c\u0105cych proces\u00f3w.                    <\/p>\n                                    <\/div>\n                \n                                    <div class=\"flex flex-wrap items-start gap-4\">\n                                            <div class=\"flex h-10 border-2 border-white rounded-full banner-cta__button button-outlined--white\">\n                            <a\n                                class=\"!no-underline !text-white bg-transparent py-3 px-5 pr-4 font-bold text-[15px]\/[21px] flex items-center gap-3\"\n                                href=\"https:\/\/account.lindstromgroup.com\"\n                                target=\"_self\"\n                            >\n                                Sprawdzam eLindstrom                                                                    <span class=\"material-symbols-outlined !text-[35px]\">arrow_right_alt<\/span>\n                                                            <\/a>\n                        <\/div>\n                                                                <\/div>\n                            <\/div>\n        <\/div>\n    <\/div>\n<\/div>\n\n\n    <\/div>\n<\/div>\n","protected":false},"excerpt":{"rendered":"","protected":false},"author":14,"featured_media":19878,"parent":0,"menu_order":0,"comment_status":"closed","ping_status":"closed","template":"","meta":{"_acf_changed":true,"inline_featured_image":false,"_eb_attr":"","site-sidebar-layout":"default","site-content-layout":"default","ast-site-content-layout":"default","site-content-style":"default","site-sidebar-style":"default","ast-global-header-display":"","ast-banner-title-visibility":"","ast-main-header-display":"","ast-hfb-above-header-display":"","ast-hfb-below-header-display":"","ast-hfb-mobile-header-display":"","site-post-title":"","ast-breadcrumbs-content":"","ast-featured-img":"","footer-sml-layout":"","ast-disable-related-posts":"","theme-transparent-header-meta":"","adv-header-id-meta":"","stick-header-meta":"","header-above-stick-meta":"","header-main-stick-meta":"","header-below-stick-meta":"","astra-migrate-meta-layouts":"set","ast-page-background-enabled":"default","ast-page-background-meta":{"desktop":{"background-color":"var(--ast-global-color-4)","background-image":"","background-repeat":"repeat","background-position":"center center","background-size":"auto","background-attachment":"scroll","background-type":"","background-media":"","overlay-type":"","overlay-color":"","overlay-opacity":"","overlay-gradient":""},"tablet":{"background-color":"","background-image":"","background-repeat":"repeat","background-position":"center center","background-size":"auto","background-attachment":"scroll","background-type":"","background-media":"","overlay-type":"","overlay-color":"","overlay-opacity":"","overlay-gradient":""},"mobile":{"background-color":"","background-image":"","background-repeat":"repeat","background-position":"center center","background-size":"auto","background-attachment":"scroll","background-type":"","background-media":"","overlay-type":"","overlay-color":"","overlay-opacity":"","overlay-gradient":""}},"ast-content-background-meta":{"desktop":{"background-color":"var(--ast-global-color-5)","background-image":"","background-repeat":"repeat","background-position":"center center","background-size":"auto","background-attachment":"scroll","background-type":"","background-media":"","overlay-type":"","overlay-color":"","overlay-opacity":"","overlay-gradient":""},"tablet":{"background-color":"var(--ast-global-color-5)","background-image":"","background-repeat":"repeat","background-position":"center center","background-size":"auto","background-attachment":"scroll","background-type":"","background-media":"","overlay-type":"","overlay-color":"","overlay-opacity":"","overlay-gradient":""},"mobile":{"background-color":"var(--ast-global-color-5)","background-image":"","background-repeat":"repeat","background-position":"center center","background-size":"auto","background-attachment":"scroll","background-type":"","background-media":"","overlay-type":"","overlay-color":"","overlay-opacity":"","overlay-gradient":""}},"footnotes":""},"coauthors":[20],"class_list":["post-18073","page","type-page","status-publish","has-post-thumbnail","hentry"],"acf":[],"yoast_head":"<!-- This site is optimized with the Yoast SEO plugin v27.2 - https:\/\/yoast.com\/product\/yoast-seo-wordpress\/ -->\n<title>S\u0142ownik Lindstr\u00f6m - Lindstr\u00f6m Poland<\/title>\n<meta name=\"description\" content=\"S\u0142ownik ten ma na celu wyja\u015bnienie kluczowych poj\u0119\u0107 oraz u\u0142atwienie zrozumienia oferty Lindstr\u00f6m, co mo\u017ce by\u0107 pomocne zar\u00f3wno dla klient\u00f3w i pracownik\u00f3w.\" \/>\n<meta name=\"robots\" content=\"index, follow, max-snippet:-1, max-image-preview:large, max-video-preview:-1\" \/>\n<meta property=\"og:locale\" content=\"pl_PL\" \/>\n<meta property=\"og:type\" content=\"article\" \/>\n<meta property=\"og:title\" content=\"S\u0142ownik Lindstr\u00f6m - Lindstr\u00f6m Poland\" \/>\n<meta property=\"og:description\" content=\"S\u0142ownik ten ma na celu wyja\u015bnienie kluczowych poj\u0119\u0107 oraz u\u0142atwienie zrozumienia oferty Lindstr\u00f6m, co mo\u017ce by\u0107 pomocne zar\u00f3wno dla klient\u00f3w i pracownik\u00f3w.\" \/>\n<meta property=\"og:url\" content=\"https:\/\/lindstromgroup.com\/pl\/slownik-lindstrom\/\" \/>\n<meta property=\"og:site_name\" content=\"Lindstr\u00f6m Poland\" \/>\n<meta property=\"article:modified_time\" content=\"2025-10-10T13:48:07+00:00\" \/>\n<meta property=\"og:image\" content=\"https:\/\/d2ris6qfzcz0wn.cloudfront.net\/wp-content\/uploads\/sites\/20\/2024\/07\/pexels-karolina-grabowska-5238117.jpg\" \/>\n\t<meta property=\"og:image:width\" content=\"2048\" \/>\n\t<meta property=\"og:image:height\" content=\"1365\" \/>\n\t<meta property=\"og:image:type\" content=\"image\/jpeg\" \/>\n<meta name=\"twitter:card\" content=\"summary_large_image\" \/>\n<meta name=\"twitter:label1\" content=\"Szacowany czas czytania\" \/>\n\t<meta name=\"twitter:data1\" content=\"14 minut\" \/>\n\t<meta name=\"twitter:label2\" content=\"Written by\" \/>\n\t<meta name=\"twitter:data2\" content=\"Lindstr\u00f6m Group\" \/>\n<script type=\"application\/ld+json\" class=\"yoast-schema-graph\">{\"@context\":\"https:\/\/schema.org\",\"@graph\":[{\"@type\":\"WebPage\",\"@id\":\"https:\/\/lindstromgroup.com\/pl\/slownik-lindstrom\/\",\"url\":\"https:\/\/lindstromgroup.com\/pl\/slownik-lindstrom\/\",\"name\":\"S\u0142ownik Lindstr\u00f6m - Lindstr\u00f6m Poland\",\"isPartOf\":{\"@id\":\"https:\/\/lindstromgroup.com\/pl\/#website\"},\"primaryImageOfPage\":{\"@id\":\"https:\/\/lindstromgroup.com\/pl\/slownik-lindstrom\/#primaryimage\"},\"image\":{\"@id\":\"https:\/\/lindstromgroup.com\/pl\/slownik-lindstrom\/#primaryimage\"},\"thumbnailUrl\":\"https:\/\/d2ris6qfzcz0wn.cloudfront.net\/wp-content\/uploads\/sites\/20\/2024\/07\/pexels-karolina-grabowska-5238117.jpg\",\"datePublished\":\"2024-04-18T13:58:22+00:00\",\"dateModified\":\"2025-10-10T13:48:07+00:00\",\"description\":\"S\u0142ownik ten ma na celu wyja\u015bnienie kluczowych poj\u0119\u0107 oraz u\u0142atwienie zrozumienia oferty Lindstr\u00f6m, co mo\u017ce by\u0107 pomocne zar\u00f3wno dla klient\u00f3w i pracownik\u00f3w.\",\"breadcrumb\":{\"@id\":\"https:\/\/lindstromgroup.com\/pl\/slownik-lindstrom\/#breadcrumb\"},\"inLanguage\":\"pl-PL\",\"potentialAction\":[{\"@type\":\"ReadAction\",\"target\":[\"https:\/\/lindstromgroup.com\/pl\/slownik-lindstrom\/\"]}]},{\"@type\":\"ImageObject\",\"inLanguage\":\"pl-PL\",\"@id\":\"https:\/\/lindstromgroup.com\/pl\/slownik-lindstrom\/#primaryimage\",\"url\":\"https:\/\/d2ris6qfzcz0wn.cloudfront.net\/wp-content\/uploads\/sites\/20\/2024\/07\/pexels-karolina-grabowska-5238117.jpg\",\"contentUrl\":\"https:\/\/d2ris6qfzcz0wn.cloudfront.net\/wp-content\/uploads\/sites\/20\/2024\/07\/pexels-karolina-grabowska-5238117.jpg\",\"width\":2048,\"height\":1365},{\"@type\":\"BreadcrumbList\",\"@id\":\"https:\/\/lindstromgroup.com\/pl\/slownik-lindstrom\/#breadcrumb\",\"itemListElement\":[{\"@type\":\"ListItem\",\"position\":1,\"name\":\"Lindstr\u00f6m\",\"item\":\"https:\/\/lindstromgroup.com\/pl\/\"},{\"@type\":\"ListItem\",\"position\":2,\"name\":\"S\u0142ownik Lindstr\u00f6m\"}]},{\"@type\":\"WebSite\",\"@id\":\"https:\/\/lindstromgroup.com\/pl\/#website\",\"url\":\"https:\/\/lindstromgroup.com\/pl\/\",\"name\":\"Lindstr\u00f6m Poland\",\"description\":\"\",\"publisher\":{\"@id\":\"https:\/\/lindstromgroup.com\/pl\/#organization\"},\"potentialAction\":[{\"@type\":\"SearchAction\",\"target\":{\"@type\":\"EntryPoint\",\"urlTemplate\":\"https:\/\/lindstromgroup.com\/pl\/?s={search_term_string}\"},\"query-input\":{\"@type\":\"PropertyValueSpecification\",\"valueRequired\":true,\"valueName\":\"search_term_string\"}}],\"inLanguage\":\"pl-PL\"},{\"@type\":\"Organization\",\"@id\":\"https:\/\/lindstromgroup.com\/pl\/#organization\",\"name\":\"Lindstr\u00f6m Poland\",\"url\":\"https:\/\/lindstromgroup.com\/pl\/\",\"logo\":{\"@type\":\"ImageObject\",\"inLanguage\":\"pl-PL\",\"@id\":\"https:\/\/lindstromgroup.com\/pl\/#\/schema\/logo\/image\/\",\"url\":\"https:\/\/d2ris6qfzcz0wn.cloudfront.net\/wp-content\/uploads\/sites\/20\/2023\/10\/Logo512.png\",\"contentUrl\":\"https:\/\/d2ris6qfzcz0wn.cloudfront.net\/wp-content\/uploads\/sites\/20\/2023\/10\/Logo512.png\",\"width\":512,\"height\":109,\"caption\":\"Lindstr\u00f6m Poland\"},\"image\":{\"@id\":\"https:\/\/lindstromgroup.com\/pl\/#\/schema\/logo\/image\/\"}}]}<\/script>\n<!-- \/ Yoast SEO plugin. -->","yoast_head_json":{"title":"S\u0142ownik Lindstr\u00f6m - Lindstr\u00f6m Poland","description":"S\u0142ownik ten ma na celu wyja\u015bnienie kluczowych poj\u0119\u0107 oraz u\u0142atwienie zrozumienia oferty Lindstr\u00f6m, co mo\u017ce by\u0107 pomocne zar\u00f3wno dla klient\u00f3w i pracownik\u00f3w.","robots":{"index":"index","follow":"follow","max-snippet":"max-snippet:-1","max-image-preview":"max-image-preview:large","max-video-preview":"max-video-preview:-1"},"og_locale":"pl_PL","og_type":"article","og_title":"S\u0142ownik Lindstr\u00f6m - Lindstr\u00f6m Poland","og_description":"S\u0142ownik ten ma na celu wyja\u015bnienie kluczowych poj\u0119\u0107 oraz u\u0142atwienie zrozumienia oferty Lindstr\u00f6m, co mo\u017ce by\u0107 pomocne zar\u00f3wno dla klient\u00f3w i pracownik\u00f3w.","og_url":"https:\/\/lindstromgroup.com\/pl\/slownik-lindstrom\/","og_site_name":"Lindstr\u00f6m Poland","article_modified_time":"2025-10-10T13:48:07+00:00","og_image":[{"width":2048,"height":1365,"url":"https:\/\/d2ris6qfzcz0wn.cloudfront.net\/wp-content\/uploads\/sites\/20\/2024\/07\/pexels-karolina-grabowska-5238117.jpg","type":"image\/jpeg"}],"twitter_card":"summary_large_image","twitter_misc":{"Szacowany czas czytania":"14 minut","Written by":"Lindstr\u00f6m Group"},"schema":{"@context":"https:\/\/schema.org","@graph":[{"@type":"WebPage","@id":"https:\/\/lindstromgroup.com\/pl\/slownik-lindstrom\/","url":"https:\/\/lindstromgroup.com\/pl\/slownik-lindstrom\/","name":"S\u0142ownik Lindstr\u00f6m - Lindstr\u00f6m Poland","isPartOf":{"@id":"https:\/\/lindstromgroup.com\/pl\/#website"},"primaryImageOfPage":{"@id":"https:\/\/lindstromgroup.com\/pl\/slownik-lindstrom\/#primaryimage"},"image":{"@id":"https:\/\/lindstromgroup.com\/pl\/slownik-lindstrom\/#primaryimage"},"thumbnailUrl":"https:\/\/d2ris6qfzcz0wn.cloudfront.net\/wp-content\/uploads\/sites\/20\/2024\/07\/pexels-karolina-grabowska-5238117.jpg","datePublished":"2024-04-18T13:58:22+00:00","dateModified":"2025-10-10T13:48:07+00:00","description":"S\u0142ownik ten ma na celu wyja\u015bnienie kluczowych poj\u0119\u0107 oraz u\u0142atwienie zrozumienia oferty Lindstr\u00f6m, co mo\u017ce by\u0107 pomocne zar\u00f3wno dla klient\u00f3w i pracownik\u00f3w.","breadcrumb":{"@id":"https:\/\/lindstromgroup.com\/pl\/slownik-lindstrom\/#breadcrumb"},"inLanguage":"pl-PL","potentialAction":[{"@type":"ReadAction","target":["https:\/\/lindstromgroup.com\/pl\/slownik-lindstrom\/"]}]},{"@type":"ImageObject","inLanguage":"pl-PL","@id":"https:\/\/lindstromgroup.com\/pl\/slownik-lindstrom\/#primaryimage","url":"https:\/\/d2ris6qfzcz0wn.cloudfront.net\/wp-content\/uploads\/sites\/20\/2024\/07\/pexels-karolina-grabowska-5238117.jpg","contentUrl":"https:\/\/d2ris6qfzcz0wn.cloudfront.net\/wp-content\/uploads\/sites\/20\/2024\/07\/pexels-karolina-grabowska-5238117.jpg","width":2048,"height":1365},{"@type":"BreadcrumbList","@id":"https:\/\/lindstromgroup.com\/pl\/slownik-lindstrom\/#breadcrumb","itemListElement":[{"@type":"ListItem","position":1,"name":"Lindstr\u00f6m","item":"https:\/\/lindstromgroup.com\/pl\/"},{"@type":"ListItem","position":2,"name":"S\u0142ownik Lindstr\u00f6m"}]},{"@type":"WebSite","@id":"https:\/\/lindstromgroup.com\/pl\/#website","url":"https:\/\/lindstromgroup.com\/pl\/","name":"Lindstr\u00f6m Poland","description":"","publisher":{"@id":"https:\/\/lindstromgroup.com\/pl\/#organization"},"potentialAction":[{"@type":"SearchAction","target":{"@type":"EntryPoint","urlTemplate":"https:\/\/lindstromgroup.com\/pl\/?s={search_term_string}"},"query-input":{"@type":"PropertyValueSpecification","valueRequired":true,"valueName":"search_term_string"}}],"inLanguage":"pl-PL"},{"@type":"Organization","@id":"https:\/\/lindstromgroup.com\/pl\/#organization","name":"Lindstr\u00f6m Poland","url":"https:\/\/lindstromgroup.com\/pl\/","logo":{"@type":"ImageObject","inLanguage":"pl-PL","@id":"https:\/\/lindstromgroup.com\/pl\/#\/schema\/logo\/image\/","url":"https:\/\/d2ris6qfzcz0wn.cloudfront.net\/wp-content\/uploads\/sites\/20\/2023\/10\/Logo512.png","contentUrl":"https:\/\/d2ris6qfzcz0wn.cloudfront.net\/wp-content\/uploads\/sites\/20\/2023\/10\/Logo512.png","width":512,"height":109,"caption":"Lindstr\u00f6m Poland"},"image":{"@id":"https:\/\/lindstromgroup.com\/pl\/#\/schema\/logo\/image\/"}}]}},"publishpress_future_workflow_manual_trigger":{"enabledWorkflows":[]},"distributor_meta":false,"distributor_terms":false,"distributor_media":false,"distributor_original_site_name":"Lindstr\u00f6m Poland","distributor_original_site_url":"https:\/\/lindstromgroup.com\/pl","push-errors":false,"_links":{"self":[{"href":"https:\/\/lindstromgroup.com\/pl\/wp-json\/wp\/v2\/pages\/18073","targetHints":{"allow":["GET"]}}],"collection":[{"href":"https:\/\/lindstromgroup.com\/pl\/wp-json\/wp\/v2\/pages"}],"about":[{"href":"https:\/\/lindstromgroup.com\/pl\/wp-json\/wp\/v2\/types\/page"}],"author":[{"embeddable":true,"href":"https:\/\/lindstromgroup.com\/pl\/wp-json\/wp\/v2\/users\/14"}],"replies":[{"embeddable":true,"href":"https:\/\/lindstromgroup.com\/pl\/wp-json\/wp\/v2\/comments?post=18073"}],"version-history":[{"count":0,"href":"https:\/\/lindstromgroup.com\/pl\/wp-json\/wp\/v2\/pages\/18073\/revisions"}],"wp:featuredmedia":[{"embeddable":true,"href":"https:\/\/lindstromgroup.com\/pl\/wp-json\/wp\/v2\/media\/19878"}],"wp:attachment":[{"href":"https:\/\/lindstromgroup.com\/pl\/wp-json\/wp\/v2\/media?parent=18073"}],"wp:term":[{"taxonomy":"author","embeddable":true,"href":"https:\/\/lindstromgroup.com\/pl\/wp-json\/wp\/v2\/coauthors?post=18073"}],"curies":[{"name":"wp","href":"https:\/\/api.w.org\/{rel}","templated":true}]}}