
    {"id":9859,"date":"2025-02-26T13:35:05","date_gmt":"2025-02-26T11:35:05","guid":{"rendered":"https:\/\/lindstromgroup.com\/fi\/?page_id=9859"},"modified":"2025-02-26T13:41:31","modified_gmt":"2025-02-26T11:41:31","slug":"uratarina-head-of-key-accounts","status":"publish","type":"page","link":"https:\/\/lindstromgroup.com\/fi\/toissa-meilla\/uratarinoita\/uratarina-head-of-key-accounts\/","title":{"rendered":"Uratarina: Head of Key Accounts"},"content":{"rendered":"\n    <div\n        id=\"block_3e1b0557ffe0b8034058cf5c4adfbf79\"\n        class=\"hero-sub hero-sub--block_3e1b0557ffe0b8034058cf5c4adfbf79  flex flex-col-reverse lg:flex-row justify-between bg-dark-blue text-white\"\n    >        \n        <div class=\"flex flex-col gap-5 pt-10 pb-5 grow px-5 lg:px-20\">\n            <div class=\"flex flex-col justify-center gap-3 grow max-w-[var(--container-text-max)]\">\n                <h1 class=\"!mb-0 !text-white !text-title-medium lg:!text-title-large !font-bold hyphens-auto break-words\">\n                    Uratarina: Head of Key Accounts                <\/h1>\n    \n                <div class=\"hero-sub__description\">\n                                    <\/div>\n    \n                                    <div class=\"flex flex-col flex-wrap gap-3 mt-3 md:flex-row\">\n                                                                                                <\/div>\n                \n                            <\/div>\n                            <div class=\"font-bold hero-sub__breadcrumb text-body-small\">\n                        <span><span><a href=\"https:\/\/lindstromgroup.com\/fi\/\">Kotisivu<\/a><\/span><\/span>                <\/div>\n                    <\/div>\n\n        <div class=\"[&#038;_picture]:w-full flex h-full lg:h-auto max-h-[350px] lg:max-h-none lg:min-h-full w-full lg:w-[650px]\">\n            <img decoding=\"async\"\n                class=\"object-cover w-full h-full\"\n                src=\"https:\/\/d2ris6qfzcz0wn.cloudfront.net\/wp-content\/uploads\/sites\/8\/2025\/02\/Maria_Niemela_1600x900px-1024x576.jpg\"\n                alt=\"Uratarina: Head of Key Accounts\"\n            >\n        <\/div>\n    <\/div>\n\n\n\n        <style>\n            .lindstrom-container--block_44286e62de25e537c98df522981285d2 {                \n                padding-top: 35px;\n                padding-bottom: 15px;\n            }\n\n            @media screen and (min-width: 768px) {\n                .lindstrom-container--block_44286e62de25e537c98df522981285d2 {\n                    padding-top: 75px;\n                    padding-bottom: 35px;\n                }\n            }\n        <\/style>\n    \n<div\n    class=\"lindstrom-container-wrapper lindstrom-container lindstrom-container--block_44286e62de25e537c98df522981285d2 \"\n    id=\"block_44286e62de25e537c98df522981285d2\"\n    style=\"background-color: #ffffff\"\n    >\n    <div class=\"lindstrom-container lindstrom-container--text items-stretch\">\n        \n\n<div class=\"wp-block-columns is-layout-flex wp-container-core-columns-is-layout-28f84493 wp-block-columns-is-layout-flex\">\n<div class=\"wp-block-column is-layout-flow wp-block-column-is-layout-flow\">\n<div class=\"wp-block-columns is-layout-flex wp-container-core-columns-is-layout-28f84493 wp-block-columns-is-layout-flex\">\n<div class=\"wp-block-column is-layout-flow wp-block-column-is-layout-flow\" style=\"flex-basis:33.33%\">\n        <div\n        id=\"block_cdc7adfaa4035d16b9540fddd05f7f79\"\n        class=\"country-site-team country-site-team--block_cdc7adfaa4035d16b9540fddd05f7f79 \"\n    >\n        <div class=\"country-site-team__wrapper\">\n                            <div class=\"flex flex-col items-center gap-1 p-3 text-center justify-self-center\">\n                    <img decoding=\"async\" \n                        class=\"mb-4 aspect-square w-20 lg:w-[200px] object-cover rounded-full\" \n                        src=\"https:\/\/d2ris6qfzcz0wn.cloudfront.net\/wp-content\/uploads\/sites\/8\/2025\/02\/Maria_Niemela_300x300px.jpg\" \n                    \/>\n                    <h4 class=\"m-0 font-bold text-title-small\">\n                        Maria Niemel\u00e4                    <\/h4>\n                    <div class=\"text-body\">\n                        Head of Key Accounts                    <\/div>\n                    <div class=\"font-bold text-link-small\">\n                        <a href=\"mailto:\">\n                                                    <\/a>\n                    <\/div>\n                <\/div>\n                    <\/div>\n    <\/div>\n    <\/div>\n\n\n\n<div class=\"wp-block-column is-layout-flow wp-block-column-is-layout-flow\" style=\"flex-basis:66.66%\">\n<h2 class=\"wp-block-heading\">Voittavassa joukkueessa<\/h2>\n\n\n\n<div aria-hidden=\"true\" class=\"wp-block-fsb-flexible-spacer fsb-flexible-spacer\"><div class=\"fsb-flexible-spacer__device fsb-flexible-spacer__device--lg\" style=\"height:10px\"><\/div><div class=\"fsb-flexible-spacer__device fsb-flexible-spacer__device--md\" style=\"height:10px\"><\/div><div class=\"fsb-flexible-spacer__device fsb-flexible-spacer__device--sm\" style=\"height:10px\"><\/div><\/div>\n\n\n\n<p class=\"has-grey-100-color has-text-color has-link-color has-link-font-size wp-elements-ca0f508855fcc587616db486aa232570\">Artikkeli on julkaistu alunperin <a href=\"https:\/\/heko.fi\/voittavassa-joukkueessa\/\" target=\"_blank\" rel=\"noreferrer noopener\">Helsingin Ekonomien sivuilla<\/a>.<\/p>\n\n\n\n<p class=\"has-link-font-size\">Kirjoittaja: Matti Lepist\u00f6<\/p>\n\n\n\n<p class=\"has-link-font-size\">Kuvat: Henni Hyv\u00e4rinen<\/p>\n\n\n\n<div aria-hidden=\"true\" class=\"wp-block-fsb-flexible-spacer fsb-flexible-spacer\"><div class=\"fsb-flexible-spacer__device fsb-flexible-spacer__device--lg\" style=\"height:10px\"><\/div><div class=\"fsb-flexible-spacer__device fsb-flexible-spacer__device--md\" style=\"height:10px\"><\/div><div class=\"fsb-flexible-spacer__device fsb-flexible-spacer__device--sm\" style=\"height:10px\"><\/div><\/div>\n\n\n\n<p><\/p>\n\n\n\n<p><strong>Maria Niemel\u00e4 on valittu ty\u00f6paikallaan vuoden esihenkil\u00f6ksi. Viime vuonna h\u00e4n luotsasi Markkinointiekonomit toimikuntakilpailun ykk\u00f6ssijalle. H\u00e4n kertoo nyt, miten innostaa oma tiimi huippusuorituksiin.<\/strong><\/p>\n\n\n\n<div aria-hidden=\"true\" class=\"wp-block-fsb-flexible-spacer fsb-flexible-spacer\"><div class=\"fsb-flexible-spacer__device fsb-flexible-spacer__device--lg\" style=\"height:10px\"><\/div><div class=\"fsb-flexible-spacer__device fsb-flexible-spacer__device--md\" style=\"height:10px\"><\/div><div class=\"fsb-flexible-spacer__device fsb-flexible-spacer__device--sm\" style=\"height:10px\"><\/div><\/div>\n\n\n\n<p>Antoisaa, monipuolista, ihmisl\u00e4heist\u00e4, vastuullista ja my\u00f6s haastavaa.<\/p>\n\n\n\n<p><br>N\u00e4in Maria Niemel\u00e4 kuvaa ty\u00f6t\u00e4\u00e4n Lindstr\u00f6mill\u00e4 esihenkil\u00f6n\u00e4. Virallinen titteli on Head of Key Accounts. H\u00e4n vastaa tiimins\u00e4 kanssa yrityksen merkitt\u00e4vimmist\u00e4 strategisista asiakkuuksista sek\u00e4 valtakunnallisella ett\u00e4 kansainv\u00e4lisell\u00e4 tasolla.<\/p>\n\n\n\n<p><br>\u201dRoolissani yhdistyv\u00e4t strateginen johtaminen, liiketoiminnan kehitt\u00e4minen ja tiimicoaching asiakasjohtamisessa ja myynnin kasvussa. Lis\u00e4ksi autan sis\u00e4isi\u00e4 sidosryhmi\u00e4 menestym\u00e4\u00e4n strategisten asiakkuuksien kanssa. Tavoitteena on tietenkin varmistaa kest\u00e4v\u00e4 kasvu, kannattavuus, pitk\u00e4aikaiset asiakassuhteet ja erinomainen asiakaskokemus\u201d, Niemel\u00e4 kuvailee ty\u00f6nkuvaansa.<\/p>\n\n\n\n<p><br>Lindstr\u00f6mill\u00e4 h\u00e4n on ty\u00f6skennellyt kolmisen vuotta erilaisissa johtamisen teht\u00e4viss\u00e4. Kyseess\u00e4 on 176-vuotias suomalainen perheyritys, joka on yksi Euroopan johtavista tekstiilipalveluyrityksist\u00e4. Yrityksell\u00e4 on 4 700 ty\u00f6ntekij\u00e4\u00e4.<\/p>\n\n\n\n<p><br>Lindstr\u00f6min palveluihin kuuluvat ty\u00f6vaate-, matto-, WC-tila-, teollisuuspyyhe- ja ravintolatekstiilipalvelut. Lis\u00e4ksi yritys tarjoaa potilas- ja liinavaatteita terveydenhuoltoon ja hoitoalalle sek\u00e4 hotellitekstiilej\u00e4 tyt\u00e4ryritys Comfortan kautta.<\/p>\n\n\n\n<p><br>\u201dTarjoamme vastuullisia ja ymp\u00e4rist\u00f6yst\u00e4v\u00e4llisi\u00e4 tekstiilipalveluja eri toimialoille 23:ssa maassa Euroopassa ja Aasiassa\u201d, Niemel\u00e4 kiteytt\u00e4\u00e4.<br>Esihenkil\u00f6n\u00e4 h\u00e4n on ty\u00f6skennellyt jo yli 15 vuoden ajan. Se on pitk\u00e4 siivu 45-vuotiaan ty\u00f6urasta. Viime vuonna h\u00e4net valittiin ty\u00f6paikkansa vuoden esihenkil\u00f6ksi.<\/p>\n\n\n\n<p><br>Millainen on hyv\u00e4 esihenkil\u00f6? Niemel\u00e4 nostaa esille inhimillisen johtamisen. Se tarkoittaa johtamistyyli\u00e4, jossa keski\u00f6ss\u00e4 ovat ty\u00f6ntekij\u00f6iden hyvinvointi, arvostus ja motivaatio. Siin\u00e4 korostetaan empatiaa, avoimuutta ja vuorovaikutusta. Inhimillinen johtaja ymm\u00e4rt\u00e4\u00e4 ty\u00f6ntekij\u00f6idens\u00e4 tarpeet ja pyrkii luomaan ty\u00f6ymp\u00e4rist\u00f6n, jossa kaikki voivat kasvaa ja kehitty\u00e4.<\/p>\n\n\n\n<p><br>\u201dEsihenkil\u00f6 on palveluteht\u00e4v\u00e4ss\u00e4. Siin\u00e4 auttaa muita yksil\u00f6in\u00e4 ja tiimil\u00e4isin\u00e4 kehittym\u00e4\u00e4n ja p\u00e4\u00e4sem\u00e4\u00e4n yhteisiin tavoitteisiin. Hyv\u00e4 johtaja inspiroi sek\u00e4 tukee ja ohjaa muita yhteisi\u00e4 tavoitteita kohti, inhimillisell\u00e4 otteella. Totta kai pit\u00e4\u00e4 olla j\u00e4m\u00e4kk\u00e4, mutta management by perkele -johtaminen ei ole t\u00e4t\u00e4 p\u00e4iv\u00e4\u00e4, Niemel\u00e4 avaa ajatteluaan.<\/p>\n\n\n\n<p><br>Usein puhutaankin, ett\u00e4 ty\u00f6ntekij\u00e4t ovat yrityksen t\u00e4rkein voimavara.<\/p>\n\n\n\n<p><br>\u201dUrallani isoimpia onnistumisen hetki\u00e4 ovat olleet ne, kun olen pystynyt rakentamaan tiimiini vahvan luottamuksen kulttuurin ja avoimen ilmapiirin, jossa kaikki voivat tuoda vapaasti omia ideoitaan ja ajatuksiaan sek\u00e4 my\u00f6s huoliaan esille. Se on mahdollistanut tiimity\u00f6n sujuvuuden, tehokkuuden ja tekemisen kehitt\u00e4misen. Luottamuksen rakentaminen on yksi toimivan tiimin kivijaloista\u201d, Niemel\u00e4 sanoo.<\/p>\n\n\n\n<figure class=\"wp-block-image size-large\"><img decoding=\"async\" width=\"1024\" height=\"538\" src=\"https:\/\/d2ris6qfzcz0wn.cloudfront.net\/wp-content\/uploads\/sites\/8\/2025\/02\/Maria_Niemela_1200x300px-1024x538.jpg\" alt=\"\" class=\"wp-image-9861\" srcset=\"https:\/\/d2ris6qfzcz0wn.cloudfront.net\/wp-content\/uploads\/sites\/8\/2025\/02\/Maria_Niemela_1200x300px-1024x538.jpg 1024w, https:\/\/d2ris6qfzcz0wn.cloudfront.net\/wp-content\/uploads\/sites\/8\/2025\/02\/Maria_Niemela_1200x300px-300x158.jpg 300w, https:\/\/d2ris6qfzcz0wn.cloudfront.net\/wp-content\/uploads\/sites\/8\/2025\/02\/Maria_Niemela_1200x300px-768x403.jpg 768w, https:\/\/d2ris6qfzcz0wn.cloudfront.net\/wp-content\/uploads\/sites\/8\/2025\/02\/Maria_Niemela_1200x300px.jpg 1200w\" sizes=\"(max-width: 1024px) 100vw, 1024px\" \/><\/figure>\n\n\n\n<p><br>\u201dOn ollut todella hienoa n\u00e4hd\u00e4, kuinka tiimil\u00e4iseni ovat kasvaneet omissa rooleissaan, saaneet uusia vastuita ja edenneet urillaan. Koen merkitykselliseksi sen, ett\u00e4 voin luoda sellaista ymp\u00e4rist\u00f6\u00e4, jossa tiimil\u00e4iset voivat kokea onnistuvansa.\u201d<\/p>\n\n\n\n<p><br>Hyv\u00e4 johtaminen ja toimivat tiimit luovat Niemel\u00e4n mukaan perustan yrityksen kest\u00e4v\u00e4lle kasvulle ja menestykselle.<\/p>\n\n\n\n<p><br>\u201dEsihenkil\u00f6n\u00e4 olen tyytyv\u00e4inen, kun tiimini kanssa saavutamme tai ylit\u00e4mme meille asetettuja tavoitteita hyv\u00e4ll\u00e4 tekemisen meiningill\u00e4. Uskon siihen, ett\u00e4 ty\u00f6ntekij\u00f6iden eli tiimil\u00e4isten hyvinvointi heijastuu asiakkaisiin ja n\u00e4kyy sit\u00e4 kautta viivan alla euroina\u201d, h\u00e4n toteaa.<\/p>\n\n\n\n<div aria-hidden=\"true\" class=\"wp-block-fsb-flexible-spacer fsb-flexible-spacer\"><div class=\"fsb-flexible-spacer__device fsb-flexible-spacer__device--lg\" style=\"height:10px\"><\/div><div class=\"fsb-flexible-spacer__device fsb-flexible-spacer__device--md\" style=\"height:10px\"><\/div><div class=\"fsb-flexible-spacer__device fsb-flexible-spacer__device--sm\" style=\"height:10px\"><\/div><\/div>\n\n\n\n<h3 class=\"wp-block-heading\">Yh\u00e4 harvempi haluaa johtajaksi<\/h3>\n\n\n\n<div aria-hidden=\"true\" class=\"wp-block-fsb-flexible-spacer fsb-flexible-spacer\"><div class=\"fsb-flexible-spacer__device fsb-flexible-spacer__device--lg\" style=\"height:10px\"><\/div><div class=\"fsb-flexible-spacer__device fsb-flexible-spacer__device--md\" style=\"height:10px\"><\/div><div class=\"fsb-flexible-spacer__device fsb-flexible-spacer__device--sm\" style=\"height:10px\"><\/div><\/div>\n\n\n\n<p><\/p>\n\n\n\n<p>Maria Niemel\u00e4st\u00e4 tuli esihenkil\u00f6 melko pian yliopistosta valmistumisen j\u00e4lkeen.<\/p>\n\n\n\n<p><br>\u201dMinulla oli luontaista kiinnostusta teht\u00e4viin, joissa voin tukea ja ohjata muita yhteisi\u00e4 p\u00e4\u00e4m\u00e4\u00e4ri\u00e4 kohti\u201d, h\u00e4n pohtii.<\/p>\n\n\n\n<p><br>Moni kuitenkin kokee viihtyv\u00e4ns\u00e4 paremmin asiantuntijateht\u00e4viss\u00e4 ilman esihenkil\u00f6n vastuuta. Suomen nuorkauppakamarien johtajuusbarometrin mukaan nuorista alle 30-vuotiaista vain kolmasosa pit\u00e4\u00e4 johtavaa asemaa houkuttelevana. Esihenkil\u00f6ksi ei haluta vastuun, vaatimusten ja suorituspaineiden takia.<\/p>\n\n\n\n<p><br>Kaikista ei tarvitse tai voikaan tulla esihenkil\u00f6it\u00e4, mutta Niemel\u00e4 on harmissaan johtajuuteen liittyvist\u00e4 kielteisist\u00e4 mielikuvista.<\/p>\n\n\n\n<p><br>Usein kuultu v\u00e4ite on, ett\u00e4 johtavassa asemassa ty\u00f6n ja vapaa-ajan tasapainottaminen on vaikeaa.<\/p>\n\n\n\n<p><br>\u201dOn varmasti totta, ett\u00e4 esihenkil\u00f6n rooli voi olla usein vaativa ja siin\u00e4 voi olla suuria odotuksia t\u00e4ytett\u00e4v\u00e4n\u00e4. Omien rajojen vet\u00e4minen on kuitenkin t\u00e4rke\u00e4\u00e4 ihan jokaisessa teht\u00e4v\u00e4ss\u00e4. Vastuulliset esihenkil\u00f6t voivat itse n\u00e4ytt\u00e4\u00e4 esimerkki\u00e4 siin\u00e4, ett\u00e4 johtajuus tai ty\u00f6nteko ylip\u00e4\u00e4t\u00e4\u00e4n ei tarkoita jatkuvaa tavoitettavissa olemista. Tietenkin ty\u00f6 vaatii v\u00e4lill\u00e4 joustoa, mutta my\u00f6s esihenkil\u00f6ill\u00e4 on oikeus omaan vapaa-aikaan, palautumiseen ja hyvinvoinnista huolehtimiseen\u201d, Niemel\u00e4 sanoo.<\/p>\n\n\n\n<p><br>Sama p\u00e4tee ty\u00f6n ja perhe-el\u00e4m\u00e4n yhteensovittamiseen.<\/p>\n\n\n\n<p><br>\u201dSiin\u00e4kin johtaja voi n\u00e4ytt\u00e4\u00e4 esimerkki\u00e4, ett\u00e4 on t\u00e4ysin sallittua vaikkapa tehd\u00e4 v\u00e4lill\u00e4 lyhennetty\u00e4 ty\u00f6p\u00e4iv\u00e4\u00e4 perhesyist\u00e4. On t\u00e4rke\u00e4\u00e4 ymm\u00e4rt\u00e4\u00e4 ihmisten erilaiset el\u00e4m\u00e4ntilanteet ja joustaa puolin ja toisin.\u201d<\/p>\n\n\n\n<figure class=\"wp-block-image size-large\"><img decoding=\"async\" width=\"1024\" height=\"538\" src=\"https:\/\/d2ris6qfzcz0wn.cloudfront.net\/wp-content\/uploads\/sites\/8\/2025\/02\/Maria_Niemela_1200x630px-1024x538.jpg\" alt=\"\" class=\"wp-image-9863\" srcset=\"https:\/\/d2ris6qfzcz0wn.cloudfront.net\/wp-content\/uploads\/sites\/8\/2025\/02\/Maria_Niemela_1200x630px-1024x538.jpg 1024w, https:\/\/d2ris6qfzcz0wn.cloudfront.net\/wp-content\/uploads\/sites\/8\/2025\/02\/Maria_Niemela_1200x630px-300x158.jpg 300w, https:\/\/d2ris6qfzcz0wn.cloudfront.net\/wp-content\/uploads\/sites\/8\/2025\/02\/Maria_Niemela_1200x630px-768x403.jpg 768w, https:\/\/d2ris6qfzcz0wn.cloudfront.net\/wp-content\/uploads\/sites\/8\/2025\/02\/Maria_Niemela_1200x630px.jpg 1200w\" sizes=\"(max-width: 1024px) 100vw, 1024px\" \/><\/figure>\n\n\n\n<div aria-hidden=\"true\" class=\"wp-block-fsb-flexible-spacer fsb-flexible-spacer\"><div class=\"fsb-flexible-spacer__device fsb-flexible-spacer__device--lg\" style=\"height:10px\"><\/div><div class=\"fsb-flexible-spacer__device fsb-flexible-spacer__device--md\" style=\"height:10px\"><\/div><div class=\"fsb-flexible-spacer__device fsb-flexible-spacer__device--sm\" style=\"height:10px\"><\/div><\/div>\n\n\n\n<h3 class=\"wp-block-heading\">Yhdess\u00e4 tehd\u00e4\u00e4n ja onnistutaan<\/h3>\n\n\n\n<div aria-hidden=\"true\" class=\"wp-block-fsb-flexible-spacer fsb-flexible-spacer\"><div class=\"fsb-flexible-spacer__device fsb-flexible-spacer__device--lg\" style=\"height:10px\"><\/div><div class=\"fsb-flexible-spacer__device fsb-flexible-spacer__device--md\" style=\"height:10px\"><\/div><div class=\"fsb-flexible-spacer__device fsb-flexible-spacer__device--sm\" style=\"height:10px\"><\/div><\/div>\n\n\n\n<p><\/p>\n\n\n\n<p>Maria Niemel\u00e4n mukaan johtajuutta voisi tehd\u00e4 nykyist\u00e4 houkuttelevammaksi sill\u00e4, ett\u00e4 keskusteluissa nostettaisiin esille tiimity\u00f6n arvoa ja mahdollisuutta kasvaa v\u00e4hitellen esihenkil\u00f6n rooliin ja teht\u00e4viin.<\/p>\n\n\n\n<p><br>\u201dJohtajan ei tarvitse olla t\u00e4ydellinen tai heti valmis. Kukaan meist\u00e4 ei ole. T\u00e4rkeint\u00e4 on kyky mukautua erilaisiin tilanteisiin sek\u00e4 oppia ja kasvaa yhdess\u00e4 tiimin kanssa\u201d, h\u00e4n toteaa.<\/p>\n\n\n\n<p><br>Oleellista Niemel\u00e4n mukaan on my\u00f6s hyv\u00e4 suunnittelu, kokonaisuuksien hallinta ja teht\u00e4vien delegoinnin taito.<\/p>\n\n\n\n<p><br>\u201dKaikkea ei tarvitse tehd\u00e4 yksin. Eik\u00e4 ole niin, ett\u00e4 johtaja tai esihenkil\u00f6 tiet\u00e4\u00e4 ja osaa kaiken. T\u00e4m\u00e4h\u00e4n on tiimity\u00f6skentely\u00e4, jossa jaetaan vastuuta ja rakennetaan yhdess\u00e4 ratkaisuja. Se ei ole yksil\u00f6suorittamista\u201d, h\u00e4n sanoo.<\/p>\n\n\n\n<p><br>\u201dYhdess\u00e4 suunnitellaan ja tehd\u00e4\u00e4n, yhdess\u00e4 onnistutaan.\u201d<\/p>\n\n\n\n<p><br>Ja aina kaikki ei mene putkeen. Ep\u00e4onnistumisia, mokia ja virheit\u00e4 sattuu kaikille.<\/p>\n\n\n\n<p><br>\u201dEsihenkil\u00f6 tietenkin kantaa niist\u00e4 vastuun, mutta ne ovat osa ty\u00f6el\u00e4m\u00e4\u00e4 ja niist\u00e4 opitaan yksil\u00f6in\u00e4 ja tiimin\u00e4\u201d, Niemel\u00e4 toteaa.<\/p>\n\n\n\n<p><br>Esihenkil\u00f6ill\u00e4 on Niemel\u00e4n mukaan t\u00e4rke\u00e4 rooli siin\u00e4, ett\u00e4 nuoria ja uransa alkuvaiheessa olevia ty\u00f6ntekij\u00f6it\u00e4 saadaan kiinnostumaan johtavista teht\u00e4vist\u00e4.<\/p>\n\n\n\n<p><br>\u201dJos esihenkil\u00f6ll\u00e4 on tietynlaisia asenteita tai toimintatapoja, ne voivat joko innostaa tai karkottaa potentiaalisia tulevaisuuden esihenkil\u00f6it\u00e4 ja johtajia\u201d, h\u00e4n sanoo.<\/p>\n\n\n\n<p><br>Johtajuutta pit\u00e4isi Niemel\u00e4n mukaan tuoda yh\u00e4 enemm\u00e4n esille inhimillisen\u00e4 ja merkityksellisen\u00e4 teht\u00e4v\u00e4n\u00e4.<\/p>\n\n\n\n<p><br>\u201dSiin\u00e4 on mahdollisuus vaikuttaa ja voi tukea toisia onnistumaan ty\u00f6ss\u00e4\u00e4n. Esihenkil\u00f6ty\u00f6 voi olla eritt\u00e4in palkitsevaa, kun itse n\u00e4kee oman tiimins\u00e4 onnistuvan ja kehittyv\u00e4n\u201d, h\u00e4n sanoo.<\/p>\n\n\n\n<p><br>\u201dMaailmakin on muuttunut ja sen my\u00f6t\u00e4 johtajuuteen liittyv\u00e4t kielteiset mielikuvat ovat vanhentuneet. T\u00e4n\u00e4 p\u00e4iv\u00e4n\u00e4 johtamisessa ja esihenkil\u00f6ty\u00f6ss\u00e4 painottuvat yh\u00e4 enemm\u00e4n inhimillisyys ja pehme\u00e4t arvot. Niit\u00e4 vaaditaan t\u00e4m\u00e4n p\u00e4iv\u00e4n johtajilta.\u201d<\/p>\n<\/div>\n<\/div>\n<\/div>\n<\/div>\n\n\n    <\/div>\n<\/div>\n\n\n\n        <style>\n            .lindstrom-container--block_6604018629b9543d5f732a50cef93fd8 {                \n                padding-top: 35px;\n                padding-bottom: 35px;\n            }\n\n            @media screen and (min-width: 768px) {\n                .lindstrom-container--block_6604018629b9543d5f732a50cef93fd8 {\n                    padding-top: 0px;\n                    padding-bottom: 75px;\n                }\n            }\n        <\/style>\n    \n<div\n    class=\"lindstrom-container-wrapper lindstrom-container lindstrom-container--block_6604018629b9543d5f732a50cef93fd8 \"\n    id=\"block_6604018629b9543d5f732a50cef93fd8\"\n    style=\"background-color: #ffffff\"\n    >\n    <div class=\"lindstrom-container lindstrom-container--content items-stretch\">\n        \n\n<div aria-hidden=\"true\" class=\"wp-block-fsb-flexible-spacer fsb-flexible-spacer\"><div class=\"fsb-flexible-spacer__device fsb-flexible-spacer__device--lg\" style=\"height:10px\"><\/div><div class=\"fsb-flexible-spacer__device fsb-flexible-spacer__device--md\" style=\"height:10px\"><\/div><div class=\"fsb-flexible-spacer__device fsb-flexible-spacer__device--sm\" style=\"height:10px\"><\/div><\/div>\n\n\n    <\/div>\n<\/div>\n\n\n\n        <style>\n            .lindstrom-container--block_0692a959bc3ecbbd5569fde4d7ff681a {                \n                padding-top: 0px;\n                padding-bottom: 0px;\n            }\n\n            @media screen and (min-width: 768px) {\n                .lindstrom-container--block_0692a959bc3ecbbd5569fde4d7ff681a {\n                    padding-top: 0px;\n                    padding-bottom: 0px;\n                }\n            }\n        <\/style>\n    \n<div\n    class=\"lindstrom-container-wrapper lindstrom-container lindstrom-container--block_0692a959bc3ecbbd5569fde4d7ff681a \"\n    id=\"block_0692a959bc3ecbbd5569fde4d7ff681a\"\n    style=\"background-color: #ffffff\"\n    >\n    <div class=\"lindstrom-container lindstrom-container--wide items-stretch\">\n        \n\n<!-- HTML -->\n            <div\n            id=\"block_735cc936824168b992a0ae958abade1e\"\n            class=\"banner-cta banner-cta--block_735cc936824168b992a0ae958abade1e  relative\"\n        >\n            <div class=\"banner-cta__background\" style=\"background-color: #006f86\"><\/div>\n            <div\n                class=\"flex gap-3 min-h-[100px] content-center self-stretch flex-wrap lindstrom-container lindstrom-container--content banner-cta__content banner-cta__content--horizontal\">\n                <div class=\"flex-grow flex-shrink-0 basis-0 min-w-[270px] w-full banner-cta__text\">\n                                            <h3 class=\"font-bold mt-0 !mb-1 !text-white text-title-small\">\n                            Voisit olla kiinnostunut my\u00f6s n\u00e4ist\u00e4                        <\/h3>\n                                                            <p class=\"m-0 !text-white !text-body\">\n                        Lue my\u00f6s muita uratarinoitamme                    <\/p>\n                                    <\/div>\n                \n                                    <div class=\"flex flex-wrap items-start gap-4\">\n                                            <div class=\"flex h-10 border-2 border-white rounded-full banner-cta__button button-outlined--white\">\n                            <a\n                                class=\"!no-underline !text-white bg-transparent py-3 px-5 pr-4 font-bold text-[15px]\/[21px] flex items-center gap-3\"\n                                href=\"https:\/\/lindstromgroup.com\/fi\/toissa-meilla\/uratarinoita\/uratarina-business-unit-buyer\/\"\n                                target=\"_self\"\n                            >\n                                Uratarina: Business Unit Buyer                                                                    <span class=\"material-symbols-outlined !text-[35px]\">arrow_right_alt<\/span>\n                                                            <\/a>\n                        <\/div>\n                                                                    <div class=\"flex h-10 border-2 border-white rounded-full banner-cta__button button-outlined--white\">\n                            <a\n                                class=\"!no-underline !text-white bg-transparent py-3 px-5 pr-4 font-bold text-[15px]\/[21px] flex items-center gap-3\"\n                                href=\"https:\/\/lindstromgroup.com\/fi\/toissa-meilla\/uratarinoita\/\"\n                                target=\"_self\"\n                            >\n                                Muut uratarinat                                                                    <span class=\"material-symbols-outlined !text-[35px]\">arrow_right_alt<\/span>\n                                                            <\/a>\n                        <\/div>\n                                                                <\/div>\n                            <\/div>\n        <\/div>\n    \n\n    <\/div>\n<\/div>\n\n\n\n        <style>\n            .lindstrom-container--block_5363ee6e1f67e6863f04ec05590f47b4 {                \n                padding-top: 0px;\n                padding-bottom: 35px;\n            }\n\n            @media screen and (min-width: 768px) {\n                .lindstrom-container--block_5363ee6e1f67e6863f04ec05590f47b4 {\n                    padding-top: 0px;\n                    padding-bottom: 75px;\n                }\n            }\n        <\/style>\n    \n<div\n    class=\"lindstrom-container-wrapper lindstrom-container lindstrom-container--block_5363ee6e1f67e6863f04ec05590f47b4 \"\n    id=\"block_5363ee6e1f67e6863f04ec05590f47b4\"\n    style=\"background-color: #ffffff\"\n    >\n    <div class=\"lindstrom-container lindstrom-container--text items-stretch\">\n        \n\n        <style>\n            .lindstrom-container--block_bacc79e179b8c68c0454e6f813debcc0 {                \n                padding-top: 35px;\n                padding-bottom: 35px;\n            }\n\n            @media screen and (min-width: 768px) {\n                .lindstrom-container--block_bacc79e179b8c68c0454e6f813debcc0 {\n                    padding-top: 100px;\n                    padding-bottom: 100px;\n                }\n            }\n        <\/style>\n    \n<div\n    class=\"lindstrom-container-wrapper lindstrom-container lindstrom-container--block_bacc79e179b8c68c0454e6f813debcc0 \"\n    id=\"yritys\"\n    style=\"background-color: #ffffff\"\n    >\n    <div class=\"lindstrom-container lindstrom-container--text items-stretch\">\n        \n\n        <div \n        id=\"cta-country-block_4e40477d834b40397e45770823e3a1ff\" \n        class=\"cta-country\"\n    >\n        <div class=\"flex flex-col gap-5\" style=\"align-items: flex-start\">\n                            <h2 class='!text-title-small lg:!text-title-medium !text-grey-100 !font-bold !my-0'>                    Yli 175 vuotta kokemusta tekstiilialalta                <\/h2>                                        <div class=\"cta-text\"><p><span data-sheets-root=\"1\" data-sheets-value=\"{&quot;1&quot;:2,&quot;2&quot;:&quot;Lindstr\u00f6m on kotimainen perheyritys, jolla on yli 175-vuotinen kokemus tekstiilialalta. Pid\u00e4mme huolta useilla eri aloilla toimivien yritysten tekstiilitarpeista pesunkest\u00e4v\u00e4ll\u00e4 ammattitaidolla.\\n\\nMeill\u00e4 on Suomessa yli 20 toimipistett\u00e4 ja ty\u00f6llist\u00e4mmekin noin 1 700 lindstr\u00f6mil\u00e4ist\u00e4. Lis\u00e4ksi menestymme my\u00f6s kansainv\u00e4lisesti ja helpotamme asiakkaidemme arkea Euroopassa sek\u00e4 Aasiassa. \\n\\nMonipuoliset palvelumme ovat vastuullinen vaihtoehto kertak\u00e4ytt\u00f6tuotteille ja tekstiilien omistamiselle. Kest\u00e4v\u00e4t arvot, joustava palvelu ja kotimainen vaatesuunnittelu ovat toimintamme kulmakivi\u00e4.\\n\\nLindstr\u00f6m Global&quot;}\" data-sheets-userformat=\"{&quot;2&quot;:9155,&quot;3&quot;:{&quot;1&quot;:0},&quot;4&quot;:{&quot;1&quot;:2,&quot;2&quot;:13624051},&quot;9&quot;:0,&quot;10&quot;:1,&quot;11&quot;:4,&quot;12&quot;:0,&quot;16&quot;:12}\">Lindstr\u00f6m on kotimainen perheyritys, jolla on yli 175-vuotinen kokemus tekstiilialalta. Pid\u00e4mme huolta useilla eri aloilla toimivien yritysten tekstiilitarpeista pesunkest\u00e4v\u00e4ll\u00e4 ammattitaidolla.<\/span><\/p>\n<p>Meill\u00e4 on Suomessa yli 20 toimipistett\u00e4 ja ty\u00f6llist\u00e4mmekin noin 1 700 lindstr\u00f6mil\u00e4ist\u00e4. Lis\u00e4ksi menestymme my\u00f6s kansainv\u00e4lisesti ja helpotamme asiakkaidemme arkea Euroopassa sek\u00e4 Aasiassa.<\/p>\n<p>Monipuoliset palvelumme ovat huolettomampi vaihtoehto kertak\u00e4ytt\u00f6tuotteille ja tekstiilien omistamiselle. Kest\u00e4v\u00e4t arvot, joustava palvelu ja kotimainen vaatesuunnittelu ovat toimintamme kulmakivi\u00e4.<\/p>\n<\/div>\n                        <div class=\"cta-button-container cta-button-container--row\">\n                                                                                        <div class=\"flex rounded-full h-10 min-w-[150px] mt-auto cta-button button-solid--blue\">\n                                <a \n                                    class=\"flex flex-grow !no-underline py-3 px-5 font-bold text-[15px]\/[21px] justify-center items-center gap-2 text-center border-2 rounded-full cta-button__inner\" \n                                    href=\"https:\/\/lindstromgroup.com\/fi\/lindstrom\/\"\n                                    style=\"border-color: #003F72; background-color: #003F72; color: #FFFFFF;\"\n                                    target=\"_self\"\n                                >\n                                    Lue lis\u00e4\u00e4                                                                            <div class=\"flex justify-center items-center w-[35px] h-[35px] cta-button__inner-icon\">\n                                                                                                <span class=\"!text-[35px] material-symbols-outlined\" style=\"color: #FFFFFF\">arrow_right_alt<\/span>\n                                                                                    <\/div>\n                                                                    <\/a>\n                            <\/div>\n                                                                        <\/div>\n        <\/div>\n    <\/div>\n    \n\n\n<div style=\"height:65px\" aria-hidden=\"true\" class=\"wp-block-spacer\"><\/div>\n\n\n\n    <div \n        id=\"statistics-block_a80e259c2350f8af78328a00d5fd26fd\" \n        class=\"statistics\">\n        <div id=\"statistics\">\n            <div class=\"statistics__container\">\n                                <div class=\"statistic__content\" style=\"border-top: 5px solid #006f86; color: #006f86\">\n                        <div class=\"statistic__number\">4900 <\/div>\n                        <div class=\"statistic__description\">Ty\u00f6ntekij\u00e4\u00e4<\/div>\n                    <\/div>\n                                        <div class=\"statistic__content\" style=\"border-top: 5px solid #e52330; color: #e52330\">\n                        <div class=\"statistic__number\">21,3<\/div>\n                        <div class=\"statistic__description\">Tekstiilej\u00e4 kierrossa (milj)<\/div>\n                    <\/div>\n                                        <div class=\"statistic__content\" style=\"border-top: 5px solid #bd5a00; color: #bd5a00\">\n                        <div class=\"statistic__number\">518,1<\/div>\n                        <div class=\"statistic__description\">Liikevaihto (milj \u20ac)<\/div>\n                    <\/div>\n                                        <div class=\"statistic__content\" style=\"border-top: 5px solid #578200; color: #578200\">\n                        <div class=\"statistic__number\">24<\/div>\n                        <div class=\"statistic__description\">Maassa<\/div>\n                    <\/div>\n                                            <\/div>\n        <\/div>\n    <\/div>\n\n\n    <\/div>\n<\/div>\n\n\n    <\/div>\n<\/div>\n\n\n\n        <style>\n            .lindstrom-container--block_0692a959bc3ecbbd5569fde4d7ff681a {                \n                padding-top: 0px;\n                padding-bottom: 0px;\n            }\n\n            @media screen and (min-width: 768px) {\n                .lindstrom-container--block_0692a959bc3ecbbd5569fde4d7ff681a {\n                    padding-top: 0px;\n                    padding-bottom: 0px;\n                }\n            }\n        <\/style>\n    \n<div\n    class=\"lindstrom-container-wrapper lindstrom-container lindstrom-container--block_0692a959bc3ecbbd5569fde4d7ff681a \"\n    id=\"block_0692a959bc3ecbbd5569fde4d7ff681a\"\n    style=\"background-color: #ffffff\"\n    >\n    <div class=\"lindstrom-container lindstrom-container--wide items-stretch\">\n        \n\n        <div \n        id=\"teaser-block_c7447c048511698e1511daa92ed83958\" \n        class=\"teaser\"\n    >\n        <div class=\"teaser\">\n        <div class=\"teaser--row\">\n            <!-- Left column -->\n                                        <div class=\"teaser__item teaser__item--top\">\n                            <div class=\"teaser__image\">\n                                <a href='https:\/\/lindstromgroup.com\/fi\/toissa-meilla\/'>                                    <img decoding=\"async\"\n                                        src=\"https:\/\/d2ris6qfzcz0wn.cloudfront.net\/wp-content\/uploads\/sites\/8\/2024\/01\/Lindstrom_Tietosuojakaytanto_1453-LINDSTROM-employer-branding-02-2022_1600x1200-1024x768.jpg\"\n                                        alt=\"T\u00f6iss\u00e4 meill\u00e4\"\n                                    \/>\n                                <\/a>                            <\/div>\n\n                                                        <div class=\"teaser__content-wrapper\">\n                            <div class=\"teaser__content\" style=\"background-color: #ca005d; color: #FFFFFF;\">\n                                <div class=\"teaser__title\">\n                                    <a href='https:\/\/lindstromgroup.com\/fi\/toissa-meilla\/'>                                        T\u00f6iss\u00e4 meill\u00e4                                    <\/a>                                <\/div>\n                                <div class=\"teaser__description\">\n                                    <a href='https:\/\/lindstromgroup.com\/fi\/toissa-meilla\/'>                                        Lue lis\u00e4\u00e4 Lindstr\u00f6mist\u00e4 ty\u00f6nantajana                                    <\/a>                                <\/div>\n                                                                <div class=\"teaser__button\">\n                                    <a \n                                        href=\"https:\/\/lindstromgroup.com\/fi\/toissa-meilla\/\"\n                                        style=\"color: #FFFFFF; border: 2px solid #FFFFFF;\"\n                                    >\n                                        Lue lis\u00e4\u00e4                                        <span class=\"material-symbols-outlined !font-bold\">arrow_right_alt<\/span>\n                                    <\/a>\n                                <\/div>\n                                                            <\/div>\n                            <\/div>\n                                                    <\/div>\n                                        <div class=\"teaser__item teaser__item--bottom\">\n                            <div class=\"teaser__image\">\n                                <a href='https:\/\/lindstromgroup.com\/fi\/lindstrom\/vastuullisuuden-tekstiilivallankumous\/'>                                    <img decoding=\"async\"\n                                        src=\"https:\/\/d2ris6qfzcz0wn.cloudfront.net\/wp-content\/uploads\/sites\/8\/2023\/11\/kuvituskuva-maisemakuva-metsa-Lindstrom-hero-post-1600x900-1-1024x576.jpg?ver=1707832013\"\n                                        alt=\"Vastuullisuutemme\"\n                                    \/>\n                                <\/a>                            <\/div>\n\n                                                        <div class=\"teaser__content-wrapper\">\n                            <div class=\"teaser__content\" style=\"background-color: #ca005d; color: #FFFFFF;\">\n                                <div class=\"teaser__title\">\n                                    <a href='https:\/\/lindstromgroup.com\/fi\/lindstrom\/vastuullisuuden-tekstiilivallankumous\/'>                                        Vastuullisuutemme                                    <\/a>                                <\/div>\n                                <div class=\"teaser__description\">\n                                    <a href='https:\/\/lindstromgroup.com\/fi\/lindstrom\/vastuullisuuden-tekstiilivallankumous\/'>                                        Lue lis\u00e4\u00e4 vastuullisuudestamme                                    <\/a>                                <\/div>\n                                                                <div class=\"teaser__button\">\n                                    <a \n                                        href=\"https:\/\/lindstromgroup.com\/fi\/lindstrom\/vastuullisuuden-tekstiilivallankumous\/\"\n                                        style=\"color: #FFFFFF; border: 2px solid #FFFFFF;\"\n                                    >\n                                        Lue lis\u00e4\u00e4                                        <span class=\"material-symbols-outlined !font-bold\">arrow_right_alt<\/span>\n                                    <\/a>\n                                <\/div>\n                                                            <\/div>\n                            <\/div>\n                                                    <\/div>\n                                        <div class=\"teaser__item teaser__item--hide_text\">\n                            <div class=\"teaser__image\">\n                                                                    <img decoding=\"async\"\n                                        src=\"https:\/\/d2ris6qfzcz0wn.cloudfront.net\/wp-content\/uploads\/sites\/8\/2024\/01\/WWS_Lindstrom_Highvis_kelt__DSC7561_1600x1200-1024x768.jpg\"\n                                        alt=\"\"\n                                    \/>\n                                                            <\/div>\n\n                                                    <\/div>\n                                        <div class=\"teaser__item teaser__item--top\">\n                            <div class=\"teaser__image\">\n                                <a href='https:\/\/lindstromgroup.com\/fi\/lindstrom\/eettiset-toimintaohjeet\/'>                                    <img decoding=\"async\"\n                                        src=\"https:\/\/d2ris6qfzcz0wn.cloudfront.net\/wp-content\/uploads\/sites\/8\/2024\/01\/WWS_Lindstrom_HoReCa_Hotel1_1600x1200-1024x768.jpg\"\n                                        alt=\"Eettiset toimintaohjeet\"\n                                    \/>\n                                <\/a>                            <\/div>\n\n                                                        <div class=\"teaser__content-wrapper\">\n                            <div class=\"teaser__content\" style=\"background-color: #ca005d; color: #FFFFFF;\">\n                                <div class=\"teaser__title\">\n                                    <a href='https:\/\/lindstromgroup.com\/fi\/lindstrom\/eettiset-toimintaohjeet\/'>                                        Eettiset toimintaohjeet                                    <\/a>                                <\/div>\n                                <div class=\"teaser__description\">\n                                    <a href='https:\/\/lindstromgroup.com\/fi\/lindstrom\/eettiset-toimintaohjeet\/'>                                        Lue lis\u00e4\u00e4 eettisist\u00e4 toimintaohjeistamme                                    <\/a>                                <\/div>\n                                                                <div class=\"teaser__button\">\n                                    <a \n                                        href=\"https:\/\/lindstromgroup.com\/fi\/lindstrom\/eettiset-toimintaohjeet\/\"\n                                        style=\"color: #FFFFFF; border: 2px solid #FFFFFF;\"\n                                    >\n                                        Lue lis\u00e4\u00e4                                        <span class=\"material-symbols-outlined !font-bold\">arrow_right_alt<\/span>\n                                    <\/a>\n                                <\/div>\n                                                            <\/div>\n                            <\/div>\n                                                    <\/div>\n                            <\/div>\n        <\/div>\n    <\/div>\n    \n\n    <\/div>\n<\/div>\n\n\n\n        <style>\n            .lindstrom-container--block_138e4ca775fa3f20fd668ef88d129c92 {                \n                padding-top: 35px;\n                padding-bottom: 35px;\n            }\n\n            @media screen and (min-width: 768px) {\n                .lindstrom-container--block_138e4ca775fa3f20fd668ef88d129c92 {\n                    padding-top: 50px;\n                    padding-bottom: 50px;\n                }\n            }\n        <\/style>\n    \n<div\n    class=\"lindstrom-container-wrapper lindstrom-container lindstrom-container--block_138e4ca775fa3f20fd668ef88d129c92 \"\n    id=\"block_138e4ca775fa3f20fd668ef88d129c92\"\n    style=\"background-color: #f2f2f2\"\n    >\n    <div class=\"lindstrom-container lindstrom-container--content items-stretch\">\n        \n\n            <div id=\"block_585a0bdd5000b035b75ff96093742abd\" class=\"colored-links colored-links--block_585a0bdd5000b035b75ff96093742abd \">\n            <div class=\"flex flex-col lg:flex-row flex-wrap gap-3\">\n                                                            <a \n                            href=\"https:\/\/lindstromgroup.com\/fi\/toissa-meilla\/avoimet-tyopaikat\/\"\n                            target=\"_self\"\n                            class=\"flex items-center gap-3 flex-1 !text-white hover:!text-white font-bold px-5 py-3 rounded-[5px] !no-underline cursor-pointer colored__link links-per-row-4\"\n                            style=\"background-color: #e52330;\">\n                                <span class=\"text-title-small flex-1\">Avoimet ty\u00f6paikat<\/span>\n                                <span class=\"material-symbols-outlined !text-[50px]\">\n                                    arrow_circle_right\n                                <\/span>\n                        <\/a>    \n                                                                                <a \n                            href=\"https:\/\/lindstromgroup.com\/fi\/toissa-meilla\/nuoret-ja-opiskelijat\/\"\n                            target=\"_self\"\n                            class=\"flex items-center gap-3 flex-1 !text-white hover:!text-white font-bold px-5 py-3 rounded-[5px] !no-underline cursor-pointer colored__link links-per-row-4\"\n                            style=\"background-color: #bd5a00;\">\n                                <span class=\"text-title-small flex-1\">Ty\u00f6harjoitteluun<\/span>\n                                <span class=\"material-symbols-outlined !text-[50px]\">\n                                    arrow_circle_right\n                                <\/span>\n                        <\/a>    \n                                                                                <a \n                            href=\"https:\/\/lindstromgroup.com\/fi\/palvelut\/\"\n                            target=\"_self\"\n                            class=\"flex items-center gap-3 flex-1 !text-white hover:!text-white font-bold px-5 py-3 rounded-[5px] !no-underline cursor-pointer colored__link links-per-row-4\"\n                            style=\"background-color: #578200;\">\n                                <span class=\"text-title-small flex-1\">Palvelumme<\/span>\n                                <span class=\"material-symbols-outlined !text-[50px]\">\n                                    arrow_circle_right\n                                <\/span>\n                        <\/a>    \n                                     \n            <\/div>\n        <\/div>\n    \n\n    <\/div>\n<\/div>\n","protected":false},"excerpt":{"rendered":"","protected":false},"author":37,"featured_media":9862,"parent":7169,"menu_order":0,"comment_status":"closed","ping_status":"closed","template":"","meta":{"_acf_changed":true,"inline_featured_image":false,"_eb_attr":"","site-sidebar-layout":"default","site-content-layout":"default","ast-site-content-layout":"default","site-content-style":"default","site-sidebar-style":"default","ast-global-header-display":"","ast-banner-title-visibility":"","ast-main-header-display":"","ast-hfb-above-header-display":"","ast-hfb-below-header-display":"","ast-hfb-mobile-header-display":"","site-post-title":"","ast-breadcrumbs-content":"","ast-featured-img":"","footer-sml-layout":"","ast-disable-related-posts":"","theme-transparent-header-meta":"","adv-header-id-meta":"","stick-header-meta":"","header-above-stick-meta":"","header-main-stick-meta":"","header-below-stick-meta":"","astra-migrate-meta-layouts":"default","ast-page-background-enabled":"default","ast-page-background-meta":{"desktop":{"background-color":"var(--ast-global-color-4)","background-image":"","background-repeat":"repeat","background-position":"center center","background-size":"auto","background-attachment":"scroll","background-type":"","background-media":"","overlay-type":"","overlay-color":"","overlay-opacity":"","overlay-gradient":""},"tablet":{"background-color":"","background-image":"","background-repeat":"repeat","background-position":"center center","background-size":"auto","background-attachment":"scroll","background-type":"","background-media":"","overlay-type":"","overlay-color":"","overlay-opacity":"","overlay-gradient":""},"mobile":{"background-color":"","background-image":"","background-repeat":"repeat","background-position":"center center","background-size":"auto","background-attachment":"scroll","background-type":"","background-media":"","overlay-type":"","overlay-color":"","overlay-opacity":"","overlay-gradient":""}},"ast-content-background-meta":{"desktop":{"background-color":"var(--ast-global-color-5)","background-image":"","background-repeat":"repeat","background-position":"center center","background-size":"auto","background-attachment":"scroll","background-type":"","background-media":"","overlay-type":"","overlay-color":"","overlay-opacity":"","overlay-gradient":""},"tablet":{"background-color":"var(--ast-global-color-5)","background-image":"","background-repeat":"repeat","background-position":"center center","background-size":"auto","background-attachment":"scroll","background-type":"","background-media":"","overlay-type":"","overlay-color":"","overlay-opacity":"","overlay-gradient":""},"mobile":{"background-color":"var(--ast-global-color-5)","background-image":"","background-repeat":"repeat","background-position":"center center","background-size":"auto","background-attachment":"scroll","background-type":"","background-media":"","overlay-type":"","overlay-color":"","overlay-opacity":"","overlay-gradient":""}},"footnotes":""},"folder":[],"coauthors":[48],"class_list":["post-9859","page","type-page","status-publish","has-post-thumbnail","hentry"],"acf":[],"yoast_head":"<!-- This site is optimized with the Yoast SEO plugin v27.2 - https:\/\/yoast.com\/product\/yoast-seo-wordpress\/ -->\n<title>Uratarina: Head of Key Accounts - Lindstr\u00f6m Suomi<\/title>\n<meta name=\"description\" content=\"Maria Niemel\u00e4 on valittu Lindstr\u00f6mill\u00e4 vuoden esihenkil\u00f6ksi. H\u00e4n kertoo nyt, miten innostaa oma tiimi huippusuorituksiin.\" \/>\n<meta name=\"robots\" content=\"index, follow, max-snippet:-1, max-image-preview:large, max-video-preview:-1\" \/>\n<meta property=\"og:locale\" content=\"fi_FI\" \/>\n<meta property=\"og:type\" content=\"article\" \/>\n<meta property=\"og:title\" content=\"Voittavassa joukkueessa\" \/>\n<meta property=\"og:description\" content=\"Maria Niemel\u00e4 on valittu Lindstr\u00f6mill\u00e4 vuoden esihenkil\u00f6ksi. H\u00e4n kertoo nyt, miten innostaa oma tiimi huippusuorituksiin.\" \/>\n<meta property=\"og:url\" content=\"https:\/\/lindstromgroup.com\/fi\/toissa-meilla\/uratarinoita\/uratarina-head-of-key-accounts\/\" \/>\n<meta property=\"og:site_name\" content=\"Lindstr\u00f6m Suomi\" \/>\n<meta property=\"article:publisher\" content=\"https:\/\/www.facebook.com\/lindstromsuomi\" \/>\n<meta property=\"article:modified_time\" content=\"2025-02-26T11:41:31+00:00\" \/>\n<meta property=\"og:image\" content=\"https:\/\/lindstrom-sites.s3.eu-north-1.amazonaws.com\/wp-content\/uploads\/sites\/8\/2025\/02\/Maria_Niemela_1200x628px.jpg\" \/>\n\t<meta property=\"og:image:width\" content=\"1200\" \/>\n\t<meta property=\"og:image:height\" content=\"628\" \/>\n\t<meta property=\"og:image:type\" content=\"image\/jpeg\" \/>\n<meta name=\"twitter:card\" content=\"summary_large_image\" \/>\n<meta name=\"twitter:title\" content=\"Voittavassa joukkueessa\" \/>\n<meta name=\"twitter:description\" content=\"Maria Niemel\u00e4 on valittu Lindstr\u00f6mill\u00e4 vuoden esihenkil\u00f6ksi. H\u00e4n kertoo nyt, miten innostaa oma tiimi huippusuorituksiin.\" \/>\n<meta name=\"twitter:image\" content=\"https:\/\/d2ris6qfzcz0wn.cloudfront.net\/wp-content\/uploads\/sites\/8\/2025\/02\/Maria_Niemela_1200x628px.jpg\" \/>\n<meta name=\"twitter:label1\" content=\"Arvioitu lukuaika\" \/>\n\t<meta name=\"twitter:data1\" content=\"13 minuuttia\" \/>\n\t<meta name=\"twitter:label2\" content=\"Written by\" \/>\n\t<meta name=\"twitter:data2\" content=\"Lindstr\u00f6m\" \/>\n<script type=\"application\/ld+json\" class=\"yoast-schema-graph\">{\"@context\":\"https:\/\/schema.org\",\"@graph\":[{\"@type\":\"WebPage\",\"@id\":\"https:\/\/lindstromgroup.com\/fi\/toissa-meilla\/uratarinoita\/uratarina-head-of-key-accounts\/\",\"url\":\"https:\/\/lindstromgroup.com\/fi\/toissa-meilla\/uratarinoita\/uratarina-head-of-key-accounts\/\",\"name\":\"Uratarina: Head of Key Accounts - Lindstr\u00f6m Suomi\",\"isPartOf\":{\"@id\":\"https:\/\/lindstromgroup.com\/fi\/#website\"},\"primaryImageOfPage\":{\"@id\":\"https:\/\/lindstromgroup.com\/fi\/toissa-meilla\/uratarinoita\/uratarina-head-of-key-accounts\/#primaryimage\"},\"image\":{\"@id\":\"https:\/\/lindstromgroup.com\/fi\/toissa-meilla\/uratarinoita\/uratarina-head-of-key-accounts\/#primaryimage\"},\"thumbnailUrl\":\"https:\/\/d2ris6qfzcz0wn.cloudfront.net\/wp-content\/uploads\/sites\/8\/2025\/02\/Maria_Niemela_1600x900px.jpg\",\"datePublished\":\"2025-02-26T11:35:05+00:00\",\"dateModified\":\"2025-02-26T11:41:31+00:00\",\"description\":\"Maria Niemel\u00e4 on valittu Lindstr\u00f6mill\u00e4 vuoden esihenkil\u00f6ksi. H\u00e4n kertoo nyt, miten innostaa oma tiimi huippusuorituksiin.\",\"breadcrumb\":{\"@id\":\"https:\/\/lindstromgroup.com\/fi\/toissa-meilla\/uratarinoita\/uratarina-head-of-key-accounts\/#breadcrumb\"},\"inLanguage\":\"fi\",\"potentialAction\":[{\"@type\":\"ReadAction\",\"target\":[\"https:\/\/lindstromgroup.com\/fi\/toissa-meilla\/uratarinoita\/uratarina-head-of-key-accounts\/\"]}]},{\"@type\":\"ImageObject\",\"inLanguage\":\"fi\",\"@id\":\"https:\/\/lindstromgroup.com\/fi\/toissa-meilla\/uratarinoita\/uratarina-head-of-key-accounts\/#primaryimage\",\"url\":\"https:\/\/d2ris6qfzcz0wn.cloudfront.net\/wp-content\/uploads\/sites\/8\/2025\/02\/Maria_Niemela_1600x900px.jpg\",\"contentUrl\":\"https:\/\/d2ris6qfzcz0wn.cloudfront.net\/wp-content\/uploads\/sites\/8\/2025\/02\/Maria_Niemela_1600x900px.jpg\",\"width\":1600,\"height\":900},{\"@type\":\"BreadcrumbList\",\"@id\":\"https:\/\/lindstromgroup.com\/fi\/toissa-meilla\/uratarinoita\/uratarina-head-of-key-accounts\/#breadcrumb\",\"itemListElement\":[{\"@type\":\"ListItem\",\"position\":1,\"name\":\"Kotisivu\",\"item\":\"https:\/\/lindstromgroup.com\/fi\/\"},{\"@type\":\"ListItem\",\"position\":2,\"name\":\"T\u00f6iss\u00e4 meill\u00e4\",\"item\":\"https:\/\/lindstromgroup.com\/fi\/toissa-meilla\/\"},{\"@type\":\"ListItem\",\"position\":3,\"name\":\"Uratarinoita\",\"item\":\"https:\/\/lindstromgroup.com\/fi\/toissa-meilla\/uratarinoita\/\"},{\"@type\":\"ListItem\",\"position\":4,\"name\":\"Uratarina: Head of Key Accounts\"}]},{\"@type\":\"WebSite\",\"@id\":\"https:\/\/lindstromgroup.com\/fi\/#website\",\"url\":\"https:\/\/lindstromgroup.com\/fi\/\",\"name\":\"Lindstr\u00f6m Suomi\",\"description\":\"\",\"publisher\":{\"@id\":\"https:\/\/lindstromgroup.com\/fi\/#organization\"},\"potentialAction\":[{\"@type\":\"SearchAction\",\"target\":{\"@type\":\"EntryPoint\",\"urlTemplate\":\"https:\/\/lindstromgroup.com\/fi\/?s={search_term_string}\"},\"query-input\":{\"@type\":\"PropertyValueSpecification\",\"valueRequired\":true,\"valueName\":\"search_term_string\"}}],\"inLanguage\":\"fi\"},{\"@type\":\"Organization\",\"@id\":\"https:\/\/lindstromgroup.com\/fi\/#organization\",\"name\":\"Lindstr\u00f6m Suomi\",\"url\":\"https:\/\/lindstromgroup.com\/fi\/\",\"logo\":{\"@type\":\"ImageObject\",\"inLanguage\":\"fi\",\"@id\":\"https:\/\/lindstromgroup.com\/fi\/#\/schema\/logo\/image\/\",\"url\":\"https:\/\/d2ris6qfzcz0wn.cloudfront.net\/wp-content\/uploads\/sites\/8\/2023\/10\/Logo512.png\",\"contentUrl\":\"https:\/\/d2ris6qfzcz0wn.cloudfront.net\/wp-content\/uploads\/sites\/8\/2023\/10\/Logo512.png\",\"width\":512,\"height\":109,\"caption\":\"Lindstr\u00f6m Suomi\"},\"image\":{\"@id\":\"https:\/\/lindstromgroup.com\/fi\/#\/schema\/logo\/image\/\"},\"sameAs\":[\"https:\/\/www.facebook.com\/lindstromsuomi\"]}]}<\/script>\n<!-- \/ Yoast SEO plugin. -->","yoast_head_json":{"title":"Uratarina: Head of Key Accounts - Lindstr\u00f6m Suomi","description":"Maria Niemel\u00e4 on valittu Lindstr\u00f6mill\u00e4 vuoden esihenkil\u00f6ksi. H\u00e4n kertoo nyt, miten innostaa oma tiimi huippusuorituksiin.","robots":{"index":"index","follow":"follow","max-snippet":"max-snippet:-1","max-image-preview":"max-image-preview:large","max-video-preview":"max-video-preview:-1"},"og_locale":"fi_FI","og_type":"article","og_title":"Voittavassa joukkueessa","og_description":"Maria Niemel\u00e4 on valittu Lindstr\u00f6mill\u00e4 vuoden esihenkil\u00f6ksi. H\u00e4n kertoo nyt, miten innostaa oma tiimi huippusuorituksiin.","og_url":"https:\/\/lindstromgroup.com\/fi\/toissa-meilla\/uratarinoita\/uratarina-head-of-key-accounts\/","og_site_name":"Lindstr\u00f6m Suomi","article_publisher":"https:\/\/www.facebook.com\/lindstromsuomi","article_modified_time":"2025-02-26T11:41:31+00:00","og_image":[{"width":1200,"height":628,"url":"https:\/\/lindstrom-sites.s3.eu-north-1.amazonaws.com\/wp-content\/uploads\/sites\/8\/2025\/02\/Maria_Niemela_1200x628px.jpg","type":"image\/jpeg"}],"twitter_card":"summary_large_image","twitter_title":"Voittavassa joukkueessa","twitter_description":"Maria Niemel\u00e4 on valittu Lindstr\u00f6mill\u00e4 vuoden esihenkil\u00f6ksi. H\u00e4n kertoo nyt, miten innostaa oma tiimi huippusuorituksiin.","twitter_image":"https:\/\/d2ris6qfzcz0wn.cloudfront.net\/wp-content\/uploads\/sites\/8\/2025\/02\/Maria_Niemela_1200x628px.jpg","twitter_misc":{"Arvioitu lukuaika":"13 minuuttia","Written by":"Lindstr\u00f6m"},"schema":{"@context":"https:\/\/schema.org","@graph":[{"@type":"WebPage","@id":"https:\/\/lindstromgroup.com\/fi\/toissa-meilla\/uratarinoita\/uratarina-head-of-key-accounts\/","url":"https:\/\/lindstromgroup.com\/fi\/toissa-meilla\/uratarinoita\/uratarina-head-of-key-accounts\/","name":"Uratarina: Head of Key Accounts - Lindstr\u00f6m Suomi","isPartOf":{"@id":"https:\/\/lindstromgroup.com\/fi\/#website"},"primaryImageOfPage":{"@id":"https:\/\/lindstromgroup.com\/fi\/toissa-meilla\/uratarinoita\/uratarina-head-of-key-accounts\/#primaryimage"},"image":{"@id":"https:\/\/lindstromgroup.com\/fi\/toissa-meilla\/uratarinoita\/uratarina-head-of-key-accounts\/#primaryimage"},"thumbnailUrl":"https:\/\/d2ris6qfzcz0wn.cloudfront.net\/wp-content\/uploads\/sites\/8\/2025\/02\/Maria_Niemela_1600x900px.jpg","datePublished":"2025-02-26T11:35:05+00:00","dateModified":"2025-02-26T11:41:31+00:00","description":"Maria Niemel\u00e4 on valittu Lindstr\u00f6mill\u00e4 vuoden esihenkil\u00f6ksi. H\u00e4n kertoo nyt, miten innostaa oma tiimi huippusuorituksiin.","breadcrumb":{"@id":"https:\/\/lindstromgroup.com\/fi\/toissa-meilla\/uratarinoita\/uratarina-head-of-key-accounts\/#breadcrumb"},"inLanguage":"fi","potentialAction":[{"@type":"ReadAction","target":["https:\/\/lindstromgroup.com\/fi\/toissa-meilla\/uratarinoita\/uratarina-head-of-key-accounts\/"]}]},{"@type":"ImageObject","inLanguage":"fi","@id":"https:\/\/lindstromgroup.com\/fi\/toissa-meilla\/uratarinoita\/uratarina-head-of-key-accounts\/#primaryimage","url":"https:\/\/d2ris6qfzcz0wn.cloudfront.net\/wp-content\/uploads\/sites\/8\/2025\/02\/Maria_Niemela_1600x900px.jpg","contentUrl":"https:\/\/d2ris6qfzcz0wn.cloudfront.net\/wp-content\/uploads\/sites\/8\/2025\/02\/Maria_Niemela_1600x900px.jpg","width":1600,"height":900},{"@type":"BreadcrumbList","@id":"https:\/\/lindstromgroup.com\/fi\/toissa-meilla\/uratarinoita\/uratarina-head-of-key-accounts\/#breadcrumb","itemListElement":[{"@type":"ListItem","position":1,"name":"Kotisivu","item":"https:\/\/lindstromgroup.com\/fi\/"},{"@type":"ListItem","position":2,"name":"T\u00f6iss\u00e4 meill\u00e4","item":"https:\/\/lindstromgroup.com\/fi\/toissa-meilla\/"},{"@type":"ListItem","position":3,"name":"Uratarinoita","item":"https:\/\/lindstromgroup.com\/fi\/toissa-meilla\/uratarinoita\/"},{"@type":"ListItem","position":4,"name":"Uratarina: Head of Key Accounts"}]},{"@type":"WebSite","@id":"https:\/\/lindstromgroup.com\/fi\/#website","url":"https:\/\/lindstromgroup.com\/fi\/","name":"Lindstr\u00f6m Suomi","description":"","publisher":{"@id":"https:\/\/lindstromgroup.com\/fi\/#organization"},"potentialAction":[{"@type":"SearchAction","target":{"@type":"EntryPoint","urlTemplate":"https:\/\/lindstromgroup.com\/fi\/?s={search_term_string}"},"query-input":{"@type":"PropertyValueSpecification","valueRequired":true,"valueName":"search_term_string"}}],"inLanguage":"fi"},{"@type":"Organization","@id":"https:\/\/lindstromgroup.com\/fi\/#organization","name":"Lindstr\u00f6m Suomi","url":"https:\/\/lindstromgroup.com\/fi\/","logo":{"@type":"ImageObject","inLanguage":"fi","@id":"https:\/\/lindstromgroup.com\/fi\/#\/schema\/logo\/image\/","url":"https:\/\/d2ris6qfzcz0wn.cloudfront.net\/wp-content\/uploads\/sites\/8\/2023\/10\/Logo512.png","contentUrl":"https:\/\/d2ris6qfzcz0wn.cloudfront.net\/wp-content\/uploads\/sites\/8\/2023\/10\/Logo512.png","width":512,"height":109,"caption":"Lindstr\u00f6m Suomi"},"image":{"@id":"https:\/\/lindstromgroup.com\/fi\/#\/schema\/logo\/image\/"},"sameAs":["https:\/\/www.facebook.com\/lindstromsuomi"]}]}},"publishpress_future_workflow_manual_trigger":{"enabledWorkflows":[]},"distributor_meta":false,"distributor_terms":false,"distributor_media":false,"distributor_original_site_name":"Lindstr\u00f6m Suomi","distributor_original_site_url":"https:\/\/lindstromgroup.com\/fi","push-errors":false,"_links":{"self":[{"href":"https:\/\/lindstromgroup.com\/fi\/wp-json\/wp\/v2\/pages\/9859","targetHints":{"allow":["GET"]}}],"collection":[{"href":"https:\/\/lindstromgroup.com\/fi\/wp-json\/wp\/v2\/pages"}],"about":[{"href":"https:\/\/lindstromgroup.com\/fi\/wp-json\/wp\/v2\/types\/page"}],"author":[{"embeddable":true,"href":"https:\/\/lindstromgroup.com\/fi\/wp-json\/wp\/v2\/users\/37"}],"replies":[{"embeddable":true,"href":"https:\/\/lindstromgroup.com\/fi\/wp-json\/wp\/v2\/comments?post=9859"}],"version-history":[{"count":0,"href":"https:\/\/lindstromgroup.com\/fi\/wp-json\/wp\/v2\/pages\/9859\/revisions"}],"up":[{"embeddable":true,"href":"https:\/\/lindstromgroup.com\/fi\/wp-json\/wp\/v2\/pages\/7169"}],"wp:featuredmedia":[{"embeddable":true,"href":"https:\/\/lindstromgroup.com\/fi\/wp-json\/wp\/v2\/media\/9862"}],"wp:attachment":[{"href":"https:\/\/lindstromgroup.com\/fi\/wp-json\/wp\/v2\/media?parent=9859"}],"wp:term":[{"taxonomy":"folder","embeddable":true,"href":"https:\/\/lindstromgroup.com\/fi\/wp-json\/wp\/v2\/folder?post=9859"},{"taxonomy":"author","embeddable":true,"href":"https:\/\/lindstromgroup.com\/fi\/wp-json\/wp\/v2\/coauthors?post=9859"}],"curies":[{"name":"wp","href":"https:\/\/api.w.org\/{rel}","templated":true}]}}