
    {"id":17620,"date":"2025-07-04T09:14:05","date_gmt":"2025-07-04T07:14:05","guid":{"rendered":"https:\/\/lindstromgroup.com\/de\/?post_type=services&#038;p=17620"},"modified":"2025-07-11T18:07:31","modified_gmt":"2025-07-11T16:07:31","slug":"isolierte-arbeitswesten-und-jacken","status":"publish","type":"services","link":"https:\/\/lindstromgroup.com\/de\/mietservice\/arbeitskleidung\/isolierte-arbeitswesten-und-jacken\/","title":{"rendered":"Isolierte Arbeitswesten und -jacken"},"content":{"rendered":"\n    <div\n        id=\"block_add2209799ebbe6c4716844c7cc9d38d\"\n        class=\"hero-sub hero-sub--block_add2209799ebbe6c4716844c7cc9d38d  flex flex-col-reverse lg:flex-row justify-between bg-dark-blue text-white\"\n    >        \n        <div class=\"flex flex-col gap-5 pt-10 pb-5 grow px-5 lg:px-20\">\n            <div class=\"flex flex-col justify-center gap-3 grow max-w-[var(--container-text-max)]\">\n                <h1 class=\"!mb-0 !text-white !text-title-medium lg:!text-title-large !font-bold hyphens-auto break-words\">\n                    Isolierte Arbeitswesten und -jacken                <\/h1>\n    \n                <div class=\"hero-sub__description\">\n                                    <\/div>\n    \n                                    <div class=\"flex flex-col flex-wrap gap-3 mt-3 md:flex-row\">\n                                                                                    <a \n                                    class=\"px-5 py-3 font-bold text-center text-link-small rounded-[30px] border-2 border-white !no-underline bg-white !text-dark-blue button-solid--white\"\n                                    href=\"#angebot\"\n                                    target=\"_self\"\n                                >\n                                    Ich m\u00f6chte ein Preisangebot                                <\/a>\n                                                                        <\/div>\n                \n                            <\/div>\n                            <div class=\"font-bold hero-sub__breadcrumb text-body-small\">\n                        <span><span><a href=\"https:\/\/lindstromgroup.com\/de\/\">Home<\/a><\/span><\/span>                <\/div>\n                    <\/div>\n\n        <div class=\"[&#038;_picture]:w-full flex h-full lg:h-auto max-h-[350px] lg:max-h-none lg:min-h-full w-full lg:w-[650px]\">\n            <img decoding=\"async\"\n                class=\"object-cover w-full h-full\"\n                src=\"https:\/\/d2ris6qfzcz0wn.cloudfront.net\/wp-content\/uploads\/sites\/26\/2025\/07\/toppa-1400x1027-1-1024x751.jpg\"\n                alt=\"Isolierte Arbeitswesten und -jacken\"\n            >\n        <\/div>\n    <\/div>\n\n\n\n        <style>\n            .lindstrom-container--block_ab20858bf9aac39976574b3c64e28750 {                \n                padding-top: 35px;\n                padding-bottom: 35px;\n            }\n\n            @media screen and (min-width: 768px) {\n                .lindstrom-container--block_ab20858bf9aac39976574b3c64e28750 {\n                    padding-top: 35px;\n                    padding-bottom: 35px;\n                }\n            }\n        <\/style>\n    \n<div\n    class=\"lindstrom-container-wrapper lindstrom-container lindstrom-container--block_ab20858bf9aac39976574b3c64e28750 \"\n    id=\"block_ab20858bf9aac39976574b3c64e28750\"\n    style=\"background-color: #ffffff\"\n    >\n    <div class=\"lindstrom-container lindstrom-container--text items-center\">\n        \n\n<p class=\"has-text-align-center\">Die Thermo-Arbeitswesten und -Jacken haben ein Innenfutter aus warmer Wolle und eine Au\u00dfenfl\u00e4che aus glattem Polyester. Leichtes und langlebiges Material, das schmutz- und windabweisend ist. In regelm\u00e4\u00dfigen Abst\u00e4nden werden Verst\u00e4rkungsgarne in einem Kreuzschraffurmuster durch den Stoff gewebt, um das Fortschreiten weiterer Risse oder Risse zu verhindern und Sch\u00e4den am Kleidungsst\u00fcck zu minimieren.<\/p>\n\n\n\n<p class=\"has-text-align-center\">Leichte, teilweise isolierte Arbeitsweste oder Jacke aus Ripstop-Polyestermaterial und flexiblem und atmungsaktivem Softshell-Gewebe. Rei\u00dfverschluss vorne.<br>Vier ger\u00e4umige Vordertaschen, zwei davon mit Rei\u00dfverschluss. Schl\u00fcsselschlaufe in der rechten Vordertasche. Reflektierendes Element auf der R\u00fcckseite. Verl\u00e4ngerter, abgerundeter R\u00fcckensaum f\u00fcr besseren R\u00fcckenschutz.<\/p>\n\n\n    <\/div>\n<\/div>\n\n\n\n        <style>\n            .lindstrom-container--block_46c9b76312cae2c7b94ace2a08b73c50 {                \n                padding-top: 35px;\n                padding-bottom: 35px;\n            }\n\n            @media screen and (min-width: 768px) {\n                .lindstrom-container--block_46c9b76312cae2c7b94ace2a08b73c50 {\n                    padding-top: 75px;\n                    padding-bottom: 75px;\n                }\n            }\n        <\/style>\n    \n<div\n    class=\"lindstrom-container-wrapper lindstrom-container lindstrom-container--block_46c9b76312cae2c7b94ace2a08b73c50 \"\n    id=\"block_46c9b76312cae2c7b94ace2a08b73c50\"\n    style=\"background-color: #ffffff\"\n    >\n    <div class=\"lindstrom-container lindstrom-container--content items-stretch\">\n        \n\n            <div\n            class=\"flex flex-col gap-7 product-intro product-intro--block_2e2c4fca08f3c12631ccb5157207ca88  md:gap-15 md:flex-row\"\n            id=\"block_2e2c4fca08f3c12631ccb5157207ca88\"\n            >\n            <div class=\"flex flex-col flex-1 gap-3 overflow-hidden product-intro__gallery \">\n                                                        <div class=\"relative gallery__highlight\">\n                        <div class=\"relative gallery__highlight-image w-full h-[350px] md:h-[400px]\">\n                                                            <img decoding=\"async\"\n                                    data-index=\"0\"\n                                    class=\"!w-full !h-full object-cover selected\" \n                                    src=\"https:\/\/d2ris6qfzcz0wn.cloudfront.net\/wp-content\/uploads\/sites\/26\/2025\/07\/CarePro_1V9945-1024x585.jpg\" \n                                \/>\n                                                            <img decoding=\"async\"\n                                    data-index=\"1\"\n                                    class=\"!w-full !h-full object-cover \" \n                                    src=\"https:\/\/d2ris6qfzcz0wn.cloudfront.net\/wp-content\/uploads\/sites\/26\/2025\/07\/CarePro_1V8598-1024x585.jpg\" \n                                \/>\n                                                            <img decoding=\"async\"\n                                    data-index=\"2\"\n                                    class=\"!w-full !h-full object-cover \" \n                                    src=\"https:\/\/d2ris6qfzcz0wn.cloudfront.net\/wp-content\/uploads\/sites\/26\/2025\/07\/CarePro_1V8599-1024x585.jpg\" \n                                \/>\n                                                    <\/div>\n\n                        <div class=\"gallery__nav gallery__nav--left\">\n                            <span class=\"material-symbols-outlined\">chevron_left<\/span>\n                        <\/div>\n                        <div class=\"gallery__nav gallery__nav--right\">\n                            <span class=\"material-symbols-outlined\">chevron_right<\/span>\n                        <\/div>\n\n                        <div class=\"flex flex-row gap-2 gallery__dots\">\n                                                            <div data-index=\"0\" class=\"gallery__dot selected\">\n                                <\/div>\n                                                            <div data-index=\"1\" class=\"gallery__dot \">\n                                <\/div>\n                                                            <div data-index=\"2\" class=\"gallery__dot \">\n                                <\/div>\n                                                    <\/div>\n                    <\/div>\n                    <div class=\"flex flex-row gap-2 overflow-x-auto gallery__thumbnails\">\n                                                    <img decoding=\"async\" \n                                data-index=\"0\" \n                                class=\"object-cover w-20 h-20 cursor-pointer\" \n                                src=\"https:\/\/d2ris6qfzcz0wn.cloudfront.net\/wp-content\/uploads\/sites\/26\/2025\/07\/CarePro_1V9945-1024x585.jpg\" \n                            \/>  \n                                                    <img decoding=\"async\" \n                                data-index=\"1\" \n                                class=\"object-cover w-20 h-20 cursor-pointer\" \n                                src=\"https:\/\/d2ris6qfzcz0wn.cloudfront.net\/wp-content\/uploads\/sites\/26\/2025\/07\/CarePro_1V8598-1024x585.jpg\" \n                            \/>  \n                                                    <img decoding=\"async\" \n                                data-index=\"2\" \n                                class=\"object-cover w-20 h-20 cursor-pointer\" \n                                src=\"https:\/\/d2ris6qfzcz0wn.cloudfront.net\/wp-content\/uploads\/sites\/26\/2025\/07\/CarePro_1V8599-1024x585.jpg\" \n                            \/>  \n                                            <\/div>\n                            <\/div>\n            <div class=\"flex flex-col flex-1 gap-5 product-intro__content\">\n                <div class=\"flex flex-col gap-5\">\n                    <h2 class=\"font-bold !text-title-small lg:!text-title-medium\">\n                        Isolierte Arbeitswesten und -jacken                    <\/h2>\n                    <div class=\"text-body\">\n                        <p class=\"has-text-align-center\">Isolierte Arbeitswesten und -jacken haben ein Innenfutter aus warmer Wolle und eine Au\u00dfenfl\u00e4che aus glattem Polyester. Leichtes und langlebiges Material, das Schmutz abweist und nicht wegbl\u00e4st. In regelm\u00e4\u00dfigen Abst\u00e4nden werden Verst\u00e4rkungsgarne in einem Kreuzschraffurmuster durch den Stoff gewebt, um das Fortschreiten weiterer Risse oder Risse zu verhindern und Sch\u00e4den am Kleidungsst\u00fcck zu minimieren.<\/p>\n                    <\/div>\n                <\/div>\n                <div class=\"flex flex-col gap-5\">\n                        \n                                            <div class=\"flex flex-col gap-2 sm:flex-row\">\n                                                                                                                <\/div>\n                    \n                                            <div class=\"accordions\">\n                            \n        <div class='accordion__item'>\n            <div class='item__header'>\n            <span class='header__icon material-symbols-outlined'>add<\/span>\n                <h4 class='header__title'>\n                    Material\n                <\/h4>                                \n            <\/div>\n            <div class='item__content item__content--open'>\n                <div class='content__description'>\n                    <p>Pro Ripstop 75 100% PES , 75g\/m\u00b2, STANDARD 100 by OEKO-TEX\u00ae<\/p>\n<p>Softshell 91% PES \/ 7% PU \/ 2% EA, 280g\/m\u00b2, STANDARD 100 by OEKO-TEX\u00ae<\/p>\n\n                <\/div>\n            <\/div>\n        <\/div>\n    \n        <div class='accordion__item'>\n            <div class='item__header'>\n            <span class='header__icon material-symbols-outlined'>add<\/span>\n                <h4 class='header__title'>\n                    Farben\n                <\/h4>                                \n            <\/div>\n            <div class='item__content item__content--open'>\n                <div class='content__description'>\n                    <p>Schwarz<\/p>\n\n                <\/div>\n            <\/div>\n        <\/div>\n                            <\/div>\n                                    <\/div>\n            <\/div>            \n        <\/div>\n    \n\n    <\/div>\n<\/div>\n\n\n\n        <style>\n            .country-site-certifications--block_13fa8f77735e778c920ab53bac6519e9 {                \n                padding-top: 35px;\n                padding-bottom: 35px;\n            }\n\n            @media screen and (min-width: 768px) {\n                .country-site-certifications--block_13fa8f77735e778c920ab53bac6519e9 {\n                    padding-top: 75px;\n                    padding-bottom: 75px;\n                }\n            }\n        <\/style>\n    \n            <div\n            id=\"block_13fa8f77735e778c920ab53bac6519e9\"\n            style=\"background-color: #ffffff\"\n            class=\"lindstrom-container-wrapper border-t border-grey-25 country-site-certifications country-site-certifications--block_13fa8f77735e778c920ab53bac6519e9 \"\n        >\n            <div class=\"flex flex-col items-center self-stretch gap-5 lindstrom-container lindstrom-container--content lg:flex-row lg:gap-20\">\n                <div class=\"flex flex-col items-center justify-center gap-5 lg:items-start basis-full lg:basis-1\/4 self-baseline\">\n                    <h2 class=\"!text-grey-100 !text-[22px]\/[33px] !font-bold uppercase tracking-[.33px]\">Kompetenz<\/h2>\n                    <p class=\"!text-grey-100 !text-[18px]\/[27px] opacity-90 text-center lg:text-left\"><\/p>\n                <\/div>\n                <div class=\"relative w-full max-w-full\">\n                    <div class=\"flex justify-start gap-3 overflow-x-auto lg:justify-end\">\n                                            <div class=\"relative text-center w-[150px]\">\n                            <img decoding=\"async\" class=\"aspect-square w-full object-contain\" src=\"https:\/\/d2ris6qfzcz0wn.cloudfront.net\/wp-content\/uploads\/sites\/26\/2024\/05\/QualitySysCert_ISO9001_col-1-250x300.jpg\" alt=\"\" \/>\n                                                                                <\/div>\n                                            <div class=\"relative text-center w-[150px]\">\n                            <img decoding=\"async\" class=\"aspect-square w-full object-contain\" src=\"https:\/\/d2ris6qfzcz0wn.cloudfront.net\/wp-content\/uploads\/sites\/26\/2024\/05\/EnvironmentalSysCert_ISO14001_col-1-250x300.jpg\" alt=\"\" \/>\n                                                                                <\/div>\n                                            <div class=\"relative text-center w-[150px]\">\n                            <img decoding=\"async\" class=\"aspect-square w-full object-contain\" src=\"https:\/\/d2ris6qfzcz0wn.cloudfront.net\/wp-content\/uploads\/sites\/26\/2024\/05\/ManagementSysCert_ISO9001_14001_45001_col-1-250x300.jpg\" alt=\"\" \/>\n                                                                                <\/div>\n                                            <div class=\"relative text-center w-[150px]\">\n                            <img decoding=\"async\" class=\"aspect-square w-full object-contain\" src=\"https:\/\/d2ris6qfzcz0wn.cloudfront.net\/wp-content\/uploads\/sites\/26\/2024\/05\/BioContaminationControl_EN14065_col-3-250x300.jpg\" alt=\"\" \/>\n                                                                                <\/div>\n                                            <div class=\"relative text-center w-[150px]\">\n                            <img decoding=\"async\" class=\"aspect-square w-full object-contain\" src=\"https:\/\/d2ris6qfzcz0wn.cloudfront.net\/wp-content\/uploads\/sites\/26\/2024\/12\/csr-4-1-300x300.jpg\" alt=\"\" \/>\n                                                                                <\/div>\n                                        <\/div>\n                <\/div>\n            <\/div>\n        <\/div>\n    \n\n\n        <style>\n            .lindstrom-container--block_46c9b76312cae2c7b94ace2a08b73c50 {                \n                padding-top: 35px;\n                padding-bottom: 35px;\n            }\n\n            @media screen and (min-width: 768px) {\n                .lindstrom-container--block_46c9b76312cae2c7b94ace2a08b73c50 {\n                    padding-top: 75px;\n                    padding-bottom: 75px;\n                }\n            }\n        <\/style>\n    \n<div\n    class=\"lindstrom-container-wrapper lindstrom-container lindstrom-container--block_46c9b76312cae2c7b94ace2a08b73c50 \"\n    id=\"block_46c9b76312cae2c7b94ace2a08b73c50\"\n    style=\"background-color: #ffffff\"\n    >\n    <div class=\"lindstrom-container lindstrom-container--content items-stretch\">\n        \n\n    <div \n        id=\"block_f97fe739de252fdfdbe4e676946d6253\"\n        class=\"visualization-service-cycles visualization-service-cycles--block_f97fe739de252fdfdbe4e676946d6253  \"\n    >\n                            \n            <div class=\"service-cycle__steps flex flex-col\">\n                <div class=\"flex flex-col lg:flex-row\">\n                                            <div \n                            class=\"service-cycle__box\"\n                            style=\"background-color: #ca005d;\"\n                        >\n                            <div class=\"items-center\">\n                                <span class='icon-thread-and-needle' style='font-size: 30px;color: #ffffff;'><\/span>                            <\/div>\n                            <div class=\"text-white flex flex-col gap-1\">\n                                <div class=\"text-title-small font-bold\">\n                                    Auf Ihre Bed\u00fcrfnisse zugeschnitten                                <\/div>\n                                                            <\/div>                            \n                            <div \n                                class=\"service-cycle__box-triangle\"\n                                style=\"background-color: #ca005d\"\n                            >\n                            <\/div>                            \n                        <\/div>\n\n                                                                    <div \n                            class=\"service-cycle__box\"\n                            style=\"background-color: #7c109a;\"\n                        >\n                            <div class=\"items-center\">\n                                <span class='icon-hanger' style='font-size: 30px;color: #ffffff;'><\/span>                            <\/div>\n                            <div class=\"text-white flex flex-col gap-1\">\n                                <div class=\"text-title-small font-bold\">\n                                    Waschen und Endaufbereitung                                <\/div>\n                                                            <\/div>                            \n                            <div \n                                class=\"service-cycle__box-triangle\"\n                                style=\"background-color: #7c109a\"\n                            >\n                            <\/div>                            \n                        <\/div>\n\n                                                                    <div \n                            class=\"service-cycle__box\"\n                            style=\"background-color: #003f72;\"\n                        >\n                            <div class=\"items-center\">\n                                <span class='icon-delivery' style='font-size: 30px;color: #ffffff;'><\/span>                            <\/div>\n                            <div class=\"text-white flex flex-col gap-1\">\n                                <div class=\"text-title-small font-bold\">\n                                    W\u00f6chentliche Lieferung und Abholung                                <\/div>\n                                                            <\/div>                            \n                            <div \n                                class=\"service-cycle__box-triangle\"\n                                style=\"background-color: #003f72\"\n                            >\n                            <\/div>                            \n                        <\/div>\n\n                                                                    <div \n                            class=\"service-cycle__box\"\n                            style=\"background-color: #7ab800;\"\n                        >\n                            <div class=\"items-center\">\n                                <span class='icon-high-five' style='font-size: 30px;color: #ffffff;'><\/span>                            <\/div>\n                            <div class=\"text-white flex flex-col gap-1\">\n                                <div class=\"text-title-small font-bold\">\n                                    Lagerung und endg\u00fcltige Entsorgung                                <\/div>\n                                                            <\/div>                            \n                            <div \n                                class=\"service-cycle__box-triangle\"\n                                style=\"background-color: #7ab800\"\n                            >\n                            <\/div>                            \n                        <\/div>\n\n                                                            <\/div>\n\n                <div class=\"hidden lg:flex\">\n                                            <div class=\"service-cycle__long-description\">\n                                                    <\/div>\n                                            <div class=\"service-cycle__long-description\">\n                                                    <\/div>\n                                            <div class=\"service-cycle__long-description\">\n                                                    <\/div>\n                                            <div class=\"service-cycle__long-description\">\n                                                    <\/div>\n                                    <\/div>\n                \n            <\/div>\n            <\/div>\n\n\n    <\/div>\n<\/div>\n\n\n\n        <style>\n            .lindstrom-container--block_25162ce77a87e3466338207689c99b90 {                \n                padding-top: 35px;\n                padding-bottom: 35px;\n            }\n\n            @media screen and (min-width: 768px) {\n                .lindstrom-container--block_25162ce77a87e3466338207689c99b90 {\n                    padding-top: 10px;\n                    padding-bottom: 10px;\n                }\n            }\n        <\/style>\n    \n<div\n    class=\"lindstrom-container-wrapper lindstrom-container lindstrom-container--block_25162ce77a87e3466338207689c99b90 \"\n    id=\"angebot\"\n    style=\"background-color: #ffffff\"\n    >\n    <div class=\"lindstrom-container lindstrom-container--content items-stretch\">\n        \n\n<div class=\"wp-block-columns is-layout-flex wp-container-core-columns-is-layout-28f84493 wp-block-columns-is-layout-flex\">\n<div class=\"wp-block-column is-layout-flow wp-block-column-is-layout-flow\" style=\"flex-basis:33.33%\">\n<figure class=\"wp-block-image size-large\"><img decoding=\"async\" width=\"683\" height=\"1024\" src=\"https:\/\/d2ris6qfzcz0wn.cloudfront.net\/wp-content\/uploads\/sites\/26\/2024\/05\/IMG_7915-683x1024.jpg\" alt=\"\" class=\"wp-image-16799\" srcset=\"https:\/\/d2ris6qfzcz0wn.cloudfront.net\/wp-content\/uploads\/sites\/26\/2024\/05\/IMG_7915-683x1024.jpg 683w, https:\/\/d2ris6qfzcz0wn.cloudfront.net\/wp-content\/uploads\/sites\/26\/2024\/05\/IMG_7915-200x300.jpg 200w, https:\/\/d2ris6qfzcz0wn.cloudfront.net\/wp-content\/uploads\/sites\/26\/2024\/05\/IMG_7915-768x1152.jpg 768w, https:\/\/d2ris6qfzcz0wn.cloudfront.net\/wp-content\/uploads\/sites\/26\/2024\/05\/IMG_7915-1024x1536.jpg 1024w, https:\/\/d2ris6qfzcz0wn.cloudfront.net\/wp-content\/uploads\/sites\/26\/2024\/05\/IMG_7915.jpg 1365w\" sizes=\"(max-width: 683px) 100vw, 683px\" \/><\/figure>\n<\/div>\n\n\n\n<div class=\"wp-block-column is-layout-flow wp-block-column-is-layout-flow\" style=\"flex-basis:66.66%\">\n    <div id=\"hubspot-contact-form-block_3f6c1f3e5c12b56219f6f5296d1aa530\" class=\"hubspot-contact-form\">\n                    <h2 class=\"mt-0 !mb-5 lg:!mb-10 font-bold !text-title-small lg:!text-title-medium\">\n                Fordern Sie noch heute ein Angebot an!            <\/h2>\n        \n                    <p class=\"!-mt-4 lg:!-mt-8 !mb-5 lg:!mb-10 !text-body-small\">\n                Kontaktieren Sie uns telefonisch ( +420 732 242 055) oder f\u00fcllen Sie bitte das Kontaktformular aus.            <\/p>\n        \n        <div class=\"form-wrapper\"><\/div>\n        <div class=\"editor-message\">\n            Please set a valid form ID.\n        <\/div>\n    <\/div>\n\n<script>\n    \/**\n     * Generate dynamic init form function name to prevent it get re-initialized if there are multiple forms in a page\n     *\/\n    function initForm_69f5b40cb5bbd() {\n        \/\/ retry until hubspot script is initialized\n        if (typeof hbspt !== \"undefined\") {\n            hbspt.forms.create({\n                region: \"eu1\",\n                portalId: \"2758505\",\n                formId: \"7f0114a2-657d-4eb9-87e6-fdf30b427d61\",\n                target: `#hubspot-contact-form-block_3f6c1f3e5c12b56219f6f5296d1aa530 .form-wrapper`,\n                onFormReady: (arg) => {\n                    const hasFeaturedField = 0;\n                    if (!hasFeaturedField) {\n                        return\n                    }\n    \n                    \/\/ in case the featured field is not available in the form\n                    const featuredField = document.querySelector(`#hubspot-contact-form-block_3f6c1f3e5c12b56219f6f5296d1aa530 .none`);\n                    if (!featuredField) {\n                        return\n                    }\n    \n                    \/\/ only support checkbox field for now\n                    convertCheckboxFeaturedField(featuredField)                \n                }\n            });\n            return;\n        }\n\n        setTimeout(initForm_69f5b40cb5bbd, 250);\n    }\n\n    function convertCheckboxFeaturedField(featuredField) {\n        const fieldsetWrapper = featuredField.parentElement\n        \n        \/\/ add the featured field class to the wrapper fieldset element\n        \/\/ transform the featured field's UI via CSS\n        fieldsetWrapper.classList.add('featured-field')\n\n        \/\/ calculate and add enough space to display the featured field on top of the form\n        calculateFeaturedFieldSize(fieldsetWrapper)\n        window.addEventListener('resize', () => {\n            calculateFeaturedFieldSize(fieldsetWrapper)\n        })\n    }\n    \n    function calculateFeaturedFieldSize (fieldsetWrapper) {\n        fieldsetWrapper\n            .closest('.hubspot-contact-form--has-featured-field')\n            .style\n            .paddingTop = fieldsetWrapper.offsetHeight + 50 + 'px';\n    }    \n\n    initForm_69f5b40cb5bbd();\n<\/script>\n<\/div>\n<\/div>\n\n\n    <\/div>\n<\/div>\n\n\n\n        <style>\n            .lindstrom-container--block_8d337d8c293c28e3bfb221a80cd62761 {                \n                padding-top: 35px;\n                padding-bottom: 35px;\n            }\n\n            @media screen and (min-width: 768px) {\n                .lindstrom-container--block_8d337d8c293c28e3bfb221a80cd62761 {\n                    padding-top: 10px;\n                    padding-bottom: 10px;\n                }\n            }\n        <\/style>\n    \n<div\n    class=\"lindstrom-container-wrapper lindstrom-container lindstrom-container--block_8d337d8c293c28e3bfb221a80cd62761 \"\n    id=\"block_8d337d8c293c28e3bfb221a80cd62761\"\n    style=\"background-color: #ffffff\"\n    >\n    <div class=\"lindstrom-container lindstrom-container--content items-stretch\">\n        \n\n        <div \n        id=\"cta-country-block_daf179e1e6e172ef5ba4bff871afa3cc\" \n        class=\"cta-country\"\n    >\n        <div class=\"flex flex-col gap-5\" style=\"align-items: flex-start\">\n                            <h2 class='!text-title-small lg:!text-title-medium !text-grey-100 !font-bold !my-0'>                    Lesen Sie mehr \u00fcber uns                <\/h2>                                    <div class=\"cta-button-container cta-button-container--row\">\n                            <\/div>\n        <\/div>\n    <\/div>\n    \n\n\n<style>\n    @media only screen and (max-width: 1200px) {\n        #block_c4a075d0508a42ecb86fde221644a908 .blogposts__container {\n            grid-template-columns: repeat(4, 1fr);\n        }\n    }\n<\/style>\n\n            <div \n            id=\"block_c4a075d0508a42ecb86fde221644a908\" \n            class=\"blogposts blogposts--block_c4a075d0508a42ecb86fde221644a908 \"\n        >\n            <div class=\"blogposts\">\n                <div class=\"blogposts__container post-row\">\n                    \n        <div class='post-card relative' data-index='17855'>\n            <img\n                class='post-card__image' \n                src='https:\/\/d2ris6qfzcz0wn.cloudfront.net\/wp-content\/uploads\/sites\/26\/2026\/04\/sandvik_lindstrom_9_mansikkaviita_ja_ervasti-scaled-1-1536x864.jpg-1024x576.webp' \n                alt='Sandvik profitiert von m\u00fchelosem Management der Arbeitskleidung' \n            \/>\n            <div class='post-card__content'>\n                <div class='post-card__categories z-20'>\n            <a\n                class='post-card__category'\n                href='https:\/\/lindstromgroup.com\/de\/category\/kundengeschichte\/'\n            >\n                Kundengeschichte\n            <\/a><\/div>\n                <div class='post-card__title'>\n                    Sandvik profitiert von m\u00fchelosem Management der Arbeitskleidung\n                <\/div>\n                <p class='post-card__excerpt'>\n                    Sandvik ist ein weltweit t\u00e4tiger Industriekonzern in der Metall- und Bergbauindustrie. In seinem Werk in Turku, Finnland, wo Untertage-Lade- und Transportger\u00e4te hergestellt werden, ben\u00f6tigt das Unternehmen eine geeignete L\u00f6sung f\u00fcr das Management von Arbeitskleidung, die sowohl die Arbeitssicherheit als auch das Markenimage des Unternehmens ber\u00fccksichtigt.\n                <\/p>\n                <div class='post-card__tags z-20'>\n            <a\n                class='post-card__tag'\n                href='https:\/\/lindstromgroup.com\/de\/tag\/arbeitskleidung\/'\n                style='border: 1px solid ; color: ;'\n            >\n                #arbeitskleidung\n            <\/a>\n            <a\n                class='post-card__tag'\n                href='https:\/\/lindstromgroup.com\/de\/tag\/kundenerfahrung\/'\n                style='border: 1px solid ; color: ;'\n            >\n                #kundenerfahrung\n            <\/a><\/div>\n            <\/div>\n            <a href='\/de\/kundengeschichte\/sandvik-profitiert-von-muehelosem-management-der-arbeitskleidung\/' class='absolute inset-0 w-full h-full z-10'><\/a>\n        <\/div>\n    \n        <div class='post-card relative' data-index='17851'>\n            <img\n                class='post-card__image' \n                src='https:\/\/d2ris6qfzcz0wn.cloudfront.net\/wp-content\/uploads\/sites\/26\/2026\/04\/generated_image-4.jpg.webp' \n                alt='Hier werden Fehler nicht verziehen: Warum die R\u00fcstungs- und Elektrotechnikbranche mehr braucht als nur saubere Arbeitskleidung' \n            \/>\n            <div class='post-card__content'>\n                <div class='post-card__categories z-20'>\n            <a\n                class='post-card__category'\n                href='https:\/\/lindstromgroup.com\/de\/category\/articles\/'\n            >\n                Artikel\n            <\/a><\/div>\n                <div class='post-card__title'>\n                    Hier werden Fehler nicht verziehen: Warum die R\u00fcstungs- und Elektrotechnikbranche mehr braucht als nur saubere Arbeitskleidung\n                <\/div>\n                <p class='post-card__excerpt'>\n                    In der modernen Industrie, in der sensible Elektronik oder hochentwickelte Waffensysteme gefertigt werden, werden Fehler nicht verziehen. Ein nahezu unsichtbarer Funke statischer Elektrizit\u00e4t oder eine kleine Unachtsamkeit k\u00f6nnen ausreichen. Die Folgen sind mitunter unumkehrbar.\n                <\/p>\n                <div class='post-card__tags z-20'>\n            <a\n                class='post-card__tag'\n                href='https:\/\/lindstromgroup.com\/de\/tag\/industrie\/'\n                style='border: 1px solid ; color: ;'\n            >\n                #industrie\n            <\/a>\n            <a\n                class='post-card__tag'\n                href='https:\/\/lindstromgroup.com\/de\/tag\/sicherheit\/'\n                style='border: 1px solid ; color: ;'\n            >\n                #sicherheit\n            <\/a><\/div>\n            <\/div>\n            <a href='\/de\/articles\/hier-werden-fehler-nicht-verziehen-warum-die-ruestungs-und-elektrotechnikbranche-mehr-braucht-als-nur-saubere-arbeitskleidung\/' class='absolute inset-0 w-full h-full z-10'><\/a>\n        <\/div>\n    \n        <div class='post-card relative' data-index='17848'>\n            <img\n                class='post-card__image' \n                src='https:\/\/d2ris6qfzcz0wn.cloudfront.net\/wp-content\/uploads\/sites\/26\/2026\/04\/ecovadis26_v01.jpg-1024x555.webp' \n                alt='Lindstr\u00f6m erneut mit EcoVadis Platinum ausgezeichnet' \n            \/>\n            <div class='post-card__content'>\n                <div class='post-card__categories z-20'>\n            <a\n                class='post-card__category'\n                href='https:\/\/lindstromgroup.com\/de\/category\/articles\/'\n            >\n                Artikel\n            <\/a><\/div>\n                <div class='post-card__title'>\n                    Lindstr\u00f6m erneut mit EcoVadis Platinum ausgezeichnet\n                <\/div>\n                <p class='post-card__excerpt'>\n                    Lindstr\u00f6m hat erneut EcoVadis Platinum erhalten, die h\u00f6chste Auszeichnung eines der weltweit f\u00fchrenden Anbieter von Nachhaltigkeitsratings. Mit einer Gesamtbewertung von 86 geh\u00f6ren wir zu den besten\u00a01 Prozent von mehr als 150.000 Unternehmen, die weltweit von EcoVadis bewertet wurden.\n                <\/p>\n                <div class='post-card__tags z-20'>\n            <a\n                class='post-card__tag'\n                href='https:\/\/lindstromgroup.com\/de\/tag\/nachhaltigkeit\/'\n                style='border: 1px solid ; color: ;'\n            >\n                #nachhaltigkeit\n            <\/a><\/div>\n            <\/div>\n            <a href='\/de\/articles\/lindstroem-erneut-mit-ecovadis-platinum-ausgezeichnet\/' class='absolute inset-0 w-full h-full z-10'><\/a>\n        <\/div>\n                    <\/div>\n                <div class=\"post-row-mobile-carousel\"><\/div>\n            <\/div>\n        <\/div>\n    \n\n    <\/div>\n<\/div>\n","protected":false},"excerpt":{"rendered":"","protected":false},"author":14,"featured_media":17647,"parent":16802,"menu_order":0,"template":"","meta":{"_acf_changed":true,"inline_featured_image":false,"_eb_attr":"","site-sidebar-layout":"default","site-content-layout":"default","ast-site-content-layout":"default","site-content-style":"default","site-sidebar-style":"default","ast-global-header-display":"","ast-banner-title-visibility":"","ast-main-header-display":"","ast-hfb-above-header-display":"","ast-hfb-below-header-display":"","ast-hfb-mobile-header-display":"","site-post-title":"","ast-breadcrumbs-content":"","ast-featured-img":"","footer-sml-layout":"","ast-disable-related-posts":"","theme-transparent-header-meta":"","adv-header-id-meta":"","stick-header-meta":"","header-above-stick-meta":"","header-main-stick-meta":"","header-below-stick-meta":"","astra-migrate-meta-layouts":"default","ast-page-background-enabled":"default","ast-page-background-meta":{"desktop":{"background-color":"var(--ast-global-color-4)","background-image":"","background-repeat":"repeat","background-position":"center center","background-size":"auto","background-attachment":"scroll","background-type":"","background-media":"","overlay-type":"","overlay-color":"","overlay-opacity":"","overlay-gradient":""},"tablet":{"background-color":"","background-image":"","background-repeat":"repeat","background-position":"center center","background-size":"auto","background-attachment":"scroll","background-type":"","background-media":"","overlay-type":"","overlay-color":"","overlay-opacity":"","overlay-gradient":""},"mobile":{"background-color":"","background-image":"","background-repeat":"repeat","background-position":"center center","background-size":"auto","background-attachment":"scroll","background-type":"","background-media":"","overlay-type":"","overlay-color":"","overlay-opacity":"","overlay-gradient":""}},"ast-content-background-meta":{"desktop":{"background-color":"var(--ast-global-color-5)","background-image":"","background-repeat":"repeat","background-position":"center center","background-size":"auto","background-attachment":"scroll","background-type":"","background-media":"","overlay-type":"","overlay-color":"","overlay-opacity":"","overlay-gradient":""},"tablet":{"background-color":"var(--ast-global-color-5)","background-image":"","background-repeat":"repeat","background-position":"center center","background-size":"auto","background-attachment":"scroll","background-type":"","background-media":"","overlay-type":"","overlay-color":"","overlay-opacity":"","overlay-gradient":""},"mobile":{"background-color":"var(--ast-global-color-5)","background-image":"","background-repeat":"repeat","background-position":"center center","background-size":"auto","background-attachment":"scroll","background-type":"","background-media":"","overlay-type":"","overlay-color":"","overlay-opacity":"","overlay-gradient":""}}},"coauthors":[20],"class_list":["post-17620","services","type-services","status-publish","has-post-thumbnail","hentry"],"acf":[],"yoast_head":"<!-- This site is optimized with the Yoast SEO plugin v27.2 - https:\/\/yoast.com\/product\/yoast-seo-wordpress\/ -->\n<title>Isolierte Arbeitswesten und -jacken - Lindstr\u00f6m Germany<\/title>\n<meta name=\"robots\" content=\"index, follow, max-snippet:-1, max-image-preview:large, max-video-preview:-1\" \/>\n<meta property=\"og:locale\" content=\"de_DE\" \/>\n<meta property=\"og:type\" content=\"article\" \/>\n<meta property=\"og:title\" content=\"Isolierte Arbeitswesten und -jacken - Lindstr\u00f6m Germany\" \/>\n<meta property=\"og:url\" content=\"https:\/\/lindstromgroup.com\/de\/mietservice\/arbeitskleidung\/isolierte-arbeitswesten-und-jacken\/\" \/>\n<meta property=\"og:site_name\" content=\"Lindstr\u00f6m Germany\" \/>\n<meta property=\"article:modified_time\" content=\"2025-07-11T16:07:31+00:00\" \/>\n<meta property=\"og:image\" content=\"https:\/\/d2ris6qfzcz0wn.cloudfront.net\/wp-content\/uploads\/sites\/26\/2025\/07\/HIGH-2664-Lindstroem-healthcare-II-1.jpg\" \/>\n\t<meta property=\"og:image:width\" content=\"1500\" \/>\n\t<meta property=\"og:image:height\" content=\"1000\" \/>\n\t<meta property=\"og:image:type\" content=\"image\/jpeg\" \/>\n<meta name=\"twitter:card\" content=\"summary_large_image\" \/>\n<meta name=\"twitter:label1\" content=\"Gesch\u00e4tzte Lesezeit\" \/>\n\t<meta name=\"twitter:data1\" content=\"4 Minuten\" \/>\n\t<meta name=\"twitter:label2\" content=\"Written by\" \/>\n\t<meta name=\"twitter:data2\" content=\"Lindstr\u00f6m Group\" \/>\n<script type=\"application\/ld+json\" class=\"yoast-schema-graph\">{\"@context\":\"https:\/\/schema.org\",\"@graph\":[{\"@type\":\"WebPage\",\"@id\":\"https:\/\/lindstromgroup.com\/de\/mietservice\/arbeitskleidung\/isolierte-arbeitswesten-und-jacken\/\",\"url\":\"https:\/\/lindstromgroup.com\/de\/mietservice\/arbeitskleidung\/isolierte-arbeitswesten-und-jacken\/\",\"name\":\"Isolierte Arbeitswesten und -jacken - Lindstr\u00f6m Germany\",\"isPartOf\":{\"@id\":\"https:\/\/lindstromgroup.com\/de\/#website\"},\"primaryImageOfPage\":{\"@id\":\"https:\/\/lindstromgroup.com\/de\/mietservice\/arbeitskleidung\/isolierte-arbeitswesten-und-jacken\/#primaryimage\"},\"image\":{\"@id\":\"https:\/\/lindstromgroup.com\/de\/mietservice\/arbeitskleidung\/isolierte-arbeitswesten-und-jacken\/#primaryimage\"},\"thumbnailUrl\":\"https:\/\/d2ris6qfzcz0wn.cloudfront.net\/wp-content\/uploads\/sites\/26\/2025\/07\/HIGH-2664-Lindstroem-healthcare-II-1.jpg\",\"datePublished\":\"2025-07-04T07:14:05+00:00\",\"dateModified\":\"2025-07-11T16:07:31+00:00\",\"breadcrumb\":{\"@id\":\"https:\/\/lindstromgroup.com\/de\/mietservice\/arbeitskleidung\/isolierte-arbeitswesten-und-jacken\/#breadcrumb\"},\"inLanguage\":\"de-DE\",\"potentialAction\":[{\"@type\":\"ReadAction\",\"target\":[\"https:\/\/lindstromgroup.com\/de\/mietservice\/arbeitskleidung\/isolierte-arbeitswesten-und-jacken\/\"]}]},{\"@type\":\"ImageObject\",\"inLanguage\":\"de-DE\",\"@id\":\"https:\/\/lindstromgroup.com\/de\/mietservice\/arbeitskleidung\/isolierte-arbeitswesten-und-jacken\/#primaryimage\",\"url\":\"https:\/\/d2ris6qfzcz0wn.cloudfront.net\/wp-content\/uploads\/sites\/26\/2025\/07\/HIGH-2664-Lindstroem-healthcare-II-1.jpg\",\"contentUrl\":\"https:\/\/d2ris6qfzcz0wn.cloudfront.net\/wp-content\/uploads\/sites\/26\/2025\/07\/HIGH-2664-Lindstroem-healthcare-II-1.jpg\",\"width\":1500,\"height\":1000},{\"@type\":\"BreadcrumbList\",\"@id\":\"https:\/\/lindstromgroup.com\/de\/mietservice\/arbeitskleidung\/isolierte-arbeitswesten-und-jacken\/#breadcrumb\",\"itemListElement\":[{\"@type\":\"ListItem\",\"position\":1,\"name\":\"Home\",\"item\":\"https:\/\/lindstromgroup.com\/de\/\"},{\"@type\":\"ListItem\",\"position\":2,\"name\":\"Arbeitskleidung\",\"item\":\"https:\/\/lindstromgroup.com\/de\/mietservice\/arbeitskleidung\/\"},{\"@type\":\"ListItem\",\"position\":3,\"name\":\"Isolierte Arbeitswesten und -jacken\"}]},{\"@type\":\"WebSite\",\"@id\":\"https:\/\/lindstromgroup.com\/de\/#website\",\"url\":\"https:\/\/lindstromgroup.com\/de\/\",\"name\":\"Lindstr\u00f6m Germany\",\"description\":\"\",\"publisher\":{\"@id\":\"https:\/\/lindstromgroup.com\/de\/#organization\"},\"potentialAction\":[{\"@type\":\"SearchAction\",\"target\":{\"@type\":\"EntryPoint\",\"urlTemplate\":\"https:\/\/lindstromgroup.com\/de\/?s={search_term_string}\"},\"query-input\":{\"@type\":\"PropertyValueSpecification\",\"valueRequired\":true,\"valueName\":\"search_term_string\"}}],\"inLanguage\":\"de-DE\"},{\"@type\":\"Organization\",\"@id\":\"https:\/\/lindstromgroup.com\/de\/#organization\",\"name\":\"Lindstr\u00f6m Germany\",\"url\":\"https:\/\/lindstromgroup.com\/de\/\",\"logo\":{\"@type\":\"ImageObject\",\"inLanguage\":\"de-DE\",\"@id\":\"https:\/\/lindstromgroup.com\/de\/#\/schema\/logo\/image\/\",\"url\":\"https:\/\/d2ris6qfzcz0wn.cloudfront.net\/wp-content\/uploads\/sites\/26\/2023\/10\/Logo512.png\",\"contentUrl\":\"https:\/\/d2ris6qfzcz0wn.cloudfront.net\/wp-content\/uploads\/sites\/26\/2023\/10\/Logo512.png\",\"width\":512,\"height\":109,\"caption\":\"Lindstr\u00f6m Germany\"},\"image\":{\"@id\":\"https:\/\/lindstromgroup.com\/de\/#\/schema\/logo\/image\/\"}}]}<\/script>\n<!-- \/ Yoast SEO plugin. -->","yoast_head_json":{"title":"Isolierte Arbeitswesten und -jacken - Lindstr\u00f6m Germany","robots":{"index":"index","follow":"follow","max-snippet":"max-snippet:-1","max-image-preview":"max-image-preview:large","max-video-preview":"max-video-preview:-1"},"og_locale":"de_DE","og_type":"article","og_title":"Isolierte Arbeitswesten und -jacken - Lindstr\u00f6m Germany","og_url":"https:\/\/lindstromgroup.com\/de\/mietservice\/arbeitskleidung\/isolierte-arbeitswesten-und-jacken\/","og_site_name":"Lindstr\u00f6m Germany","article_modified_time":"2025-07-11T16:07:31+00:00","og_image":[{"width":1500,"height":1000,"url":"https:\/\/d2ris6qfzcz0wn.cloudfront.net\/wp-content\/uploads\/sites\/26\/2025\/07\/HIGH-2664-Lindstroem-healthcare-II-1.jpg","type":"image\/jpeg"}],"twitter_card":"summary_large_image","twitter_misc":{"Gesch\u00e4tzte Lesezeit":"4 Minuten","Written by":"Lindstr\u00f6m Group"},"schema":{"@context":"https:\/\/schema.org","@graph":[{"@type":"WebPage","@id":"https:\/\/lindstromgroup.com\/de\/mietservice\/arbeitskleidung\/isolierte-arbeitswesten-und-jacken\/","url":"https:\/\/lindstromgroup.com\/de\/mietservice\/arbeitskleidung\/isolierte-arbeitswesten-und-jacken\/","name":"Isolierte Arbeitswesten und -jacken - Lindstr\u00f6m Germany","isPartOf":{"@id":"https:\/\/lindstromgroup.com\/de\/#website"},"primaryImageOfPage":{"@id":"https:\/\/lindstromgroup.com\/de\/mietservice\/arbeitskleidung\/isolierte-arbeitswesten-und-jacken\/#primaryimage"},"image":{"@id":"https:\/\/lindstromgroup.com\/de\/mietservice\/arbeitskleidung\/isolierte-arbeitswesten-und-jacken\/#primaryimage"},"thumbnailUrl":"https:\/\/d2ris6qfzcz0wn.cloudfront.net\/wp-content\/uploads\/sites\/26\/2025\/07\/HIGH-2664-Lindstroem-healthcare-II-1.jpg","datePublished":"2025-07-04T07:14:05+00:00","dateModified":"2025-07-11T16:07:31+00:00","breadcrumb":{"@id":"https:\/\/lindstromgroup.com\/de\/mietservice\/arbeitskleidung\/isolierte-arbeitswesten-und-jacken\/#breadcrumb"},"inLanguage":"de-DE","potentialAction":[{"@type":"ReadAction","target":["https:\/\/lindstromgroup.com\/de\/mietservice\/arbeitskleidung\/isolierte-arbeitswesten-und-jacken\/"]}]},{"@type":"ImageObject","inLanguage":"de-DE","@id":"https:\/\/lindstromgroup.com\/de\/mietservice\/arbeitskleidung\/isolierte-arbeitswesten-und-jacken\/#primaryimage","url":"https:\/\/d2ris6qfzcz0wn.cloudfront.net\/wp-content\/uploads\/sites\/26\/2025\/07\/HIGH-2664-Lindstroem-healthcare-II-1.jpg","contentUrl":"https:\/\/d2ris6qfzcz0wn.cloudfront.net\/wp-content\/uploads\/sites\/26\/2025\/07\/HIGH-2664-Lindstroem-healthcare-II-1.jpg","width":1500,"height":1000},{"@type":"BreadcrumbList","@id":"https:\/\/lindstromgroup.com\/de\/mietservice\/arbeitskleidung\/isolierte-arbeitswesten-und-jacken\/#breadcrumb","itemListElement":[{"@type":"ListItem","position":1,"name":"Home","item":"https:\/\/lindstromgroup.com\/de\/"},{"@type":"ListItem","position":2,"name":"Arbeitskleidung","item":"https:\/\/lindstromgroup.com\/de\/mietservice\/arbeitskleidung\/"},{"@type":"ListItem","position":3,"name":"Isolierte Arbeitswesten und -jacken"}]},{"@type":"WebSite","@id":"https:\/\/lindstromgroup.com\/de\/#website","url":"https:\/\/lindstromgroup.com\/de\/","name":"Lindstr\u00f6m Germany","description":"","publisher":{"@id":"https:\/\/lindstromgroup.com\/de\/#organization"},"potentialAction":[{"@type":"SearchAction","target":{"@type":"EntryPoint","urlTemplate":"https:\/\/lindstromgroup.com\/de\/?s={search_term_string}"},"query-input":{"@type":"PropertyValueSpecification","valueRequired":true,"valueName":"search_term_string"}}],"inLanguage":"de-DE"},{"@type":"Organization","@id":"https:\/\/lindstromgroup.com\/de\/#organization","name":"Lindstr\u00f6m Germany","url":"https:\/\/lindstromgroup.com\/de\/","logo":{"@type":"ImageObject","inLanguage":"de-DE","@id":"https:\/\/lindstromgroup.com\/de\/#\/schema\/logo\/image\/","url":"https:\/\/d2ris6qfzcz0wn.cloudfront.net\/wp-content\/uploads\/sites\/26\/2023\/10\/Logo512.png","contentUrl":"https:\/\/d2ris6qfzcz0wn.cloudfront.net\/wp-content\/uploads\/sites\/26\/2023\/10\/Logo512.png","width":512,"height":109,"caption":"Lindstr\u00f6m Germany"},"image":{"@id":"https:\/\/lindstromgroup.com\/de\/#\/schema\/logo\/image\/"}}]}},"publishpress_future_workflow_manual_trigger":{"enabledWorkflows":[]},"distributor_meta":false,"distributor_terms":false,"distributor_media":false,"distributor_original_site_name":"Lindstr\u00f6m Germany","distributor_original_site_url":"https:\/\/lindstromgroup.com\/de","push-errors":false,"_links":{"self":[{"href":"https:\/\/lindstromgroup.com\/de\/wp-json\/wp\/v2\/services\/17620","targetHints":{"allow":["GET"]}}],"collection":[{"href":"https:\/\/lindstromgroup.com\/de\/wp-json\/wp\/v2\/services"}],"about":[{"href":"https:\/\/lindstromgroup.com\/de\/wp-json\/wp\/v2\/types\/services"}],"author":[{"embeddable":true,"href":"https:\/\/lindstromgroup.com\/de\/wp-json\/wp\/v2\/users\/14"}],"up":[{"embeddable":true,"href":"https:\/\/lindstromgroup.com\/de\/wp-json\/wp\/v2\/services\/16802"}],"wp:featuredmedia":[{"embeddable":true,"href":"https:\/\/lindstromgroup.com\/de\/wp-json\/wp\/v2\/media\/17647"}],"wp:attachment":[{"href":"https:\/\/lindstromgroup.com\/de\/wp-json\/wp\/v2\/media?parent=17620"}],"wp:term":[{"taxonomy":"author","embeddable":true,"href":"https:\/\/lindstromgroup.com\/de\/wp-json\/wp\/v2\/coauthors?post=17620"}],"curies":[{"name":"wp","href":"https:\/\/api.w.org\/{rel}","templated":true}]}}