
    {"id":16870,"date":"2024-04-05T13:45:39","date_gmt":"2024-04-05T12:45:39","guid":{"rendered":"https:\/\/lindstromgroup.com\/cz\/?post_type=services&#038;p=16870"},"modified":"2024-12-19T15:28:39","modified_gmt":"2024-12-19T14:28:39","slug":"pracovni-cepice","status":"publish","type":"services","link":"https:\/\/lindstromgroup.com\/cz\/servisni-sluzby\/pronajem-pracovnich-odevu\/pracovni-cepice\/","title":{"rendered":"Pracovn\u00ed \u010depice"},"content":{"rendered":"\n    <div\n        id=\"block_297b4cc369ab5ea45f41049dd4de19c8\"\n        class=\"hero-sub hero-sub--block_297b4cc369ab5ea45f41049dd4de19c8  flex flex-col-reverse lg:flex-row justify-between bg-dark-blue text-white\"\n    >        \n        <div class=\"flex flex-col gap-5 pt-10 pb-5 grow px-5 lg:px-20\">\n            <div class=\"flex flex-col justify-center gap-3 grow max-w-[var(--container-text-max)]\">\n                <h1 class=\"!mb-0 !text-white !text-title-medium lg:!text-title-large !font-bold hyphens-auto break-words\">\n                    Pracovn\u00ed \u010depice                <\/h1>\n    \n                <div class=\"hero-sub__description\">\n                    <p>Z\u00e1kladn\u00ed vybaven\u00ed pracovn\u00edk\u016f v potravin\u00e1\u0159sk\u00e9m pr\u016fmyslu pro zakryt\u00ed dlouh\u00fdm i kr\u00e1tk\u00fdch vlas\u016f.<\/p>\n                <\/div>\n    \n                                    <div class=\"flex flex-col flex-wrap gap-3 mt-3 md:flex-row\">\n                                                                                    <a \n                                    class=\"px-5 py-3 font-bold text-center text-link-small rounded-[30px] border-2 border-white !no-underline bg-white !text-dark-blue button-solid--white\"\n                                    href=\"#cenovanabidka\"\n                                    target=\"_self\"\n                                >\n                                    Chci cenovou nab\u00eddku                                <\/a>\n                                                                                                                <a \n                                    class=\"px-5 py-3 font-bold text-center text-link-small rounded-[30px] border-2 border-white !no-underline bg-transparent !text-white button-outlined--white\"\n                                    href=\"https:\/\/group.lindstromgroup.com\/cs-cz\/kolekce_pracovn%C3%ADch_od%C4%9Bv%C5%AF_potravin%C3%A1%C5%99stv%C3%AD\"\n                                    target=\"_self\"\n                                >\n                                    Chci st\u00e1hnout kolekci od\u011bv\u016f                                <\/a>\n                                                                        <\/div>\n                \n                            <\/div>\n                            <div class=\"font-bold hero-sub__breadcrumb text-body-small\">\n                        <span><span><a href=\"https:\/\/lindstromgroup.com\/cz\/\">Home<\/a><\/span><\/span>                <\/div>\n                    <\/div>\n\n        <div class=\"[&#038;_picture]:w-full flex h-full lg:h-auto max-h-[350px] lg:max-h-none lg:min-h-full w-full lg:w-[650px]\">\n            <img decoding=\"async\"\n                class=\"object-cover w-full h-full\"\n                src=\"https:\/\/d2ris6qfzcz0wn.cloudfront.net\/wp-content\/uploads\/sites\/25\/2024\/04\/Atria_alyvaatevarasto_Lindstrom_Artikkeli-1400x933-1-1024x682.jpg\"\n                alt=\"Z\u00e1kladn\u00ed vybaven\u00ed pracovn\u00edk\u016f v potravin\u00e1\u0159sk\u00e9m pr\u016fmyslu pro zakryt\u00ed dlouh\u00fdm i kr\u00e1tk\u00fdch vlas\u016f.\"\n            >\n        <\/div>\n    <\/div>\n\n\n\n        <style>\n            .lindstrom-container--block_2fae247c8e844fe7957312bab85585d0 {                \n                padding-top: 35px;\n                padding-bottom: 35px;\n            }\n\n            @media screen and (min-width: 768px) {\n                .lindstrom-container--block_2fae247c8e844fe7957312bab85585d0 {\n                    padding-top: 75px;\n                    padding-bottom: 10px;\n                }\n            }\n        <\/style>\n    \n<div\n    class=\"lindstrom-container-wrapper lindstrom-container lindstrom-container--block_2fae247c8e844fe7957312bab85585d0 \"\n    id=\"block_2fae247c8e844fe7957312bab85585d0\"\n    style=\"background-color: #ffffff\"\n    >\n    <div class=\"lindstrom-container lindstrom-container--text items-stretch\">\n        \n\n<p class=\"has-text-align-center\">Pracovn\u00ed \u010depice a pokr\u00fdvky hlavy jsou nezbytn\u00fdm ochrann\u00fdm prost\u0159edkem v <strong>gastro<\/strong> a <strong>potravin\u00e1\u0159sk\u00fdch provozech<\/strong>. Slou\u017e\u00ed <strong>k ochran\u011b vlas\u016f a hlavy<\/strong> pracovn\u00edk\u016f p\u0159ed u\u0161pin\u011bn\u00edm a zaji\u0161\u0165uj\u00ed, \u017ee vlasy nebudou kontaminovat <strong>potraviny<\/strong> a <strong>v\u00fdrobn\u00ed za\u0159\u00edzen\u00ed<\/strong>. <\/p>\n\n\n\n<p class=\"has-text-align-center\">Pou\u017eit\u00ed kvalitn\u00ed pracovn\u00ed \u010depice nebo pokr\u00fdvky hlavy <strong>pom\u00e1h\u00e1 minimalizovat riziko k\u0159\u00ed\u017eov\u00e9 kontaminace a<\/strong> <strong>zaji\u0161\u0165uje soulad s normami bezpe\u010dnosti a hygieny<\/strong>, kter\u00e9 jsou <strong>v<\/strong> <strong>potravin\u00e1\u0159sk\u00fdch provozech<\/strong> vy\u017eadov\u00e1ny. Vyberte si z na\u0161\u00ed \u0161irok\u00e9 nab\u00eddky pracovn\u00edch \u010depic, kter\u00e9 spl\u0148uj\u00ed v\u0161echny pot\u0159ebn\u00e9 hygienick\u00e9 a bezpe\u010dnostn\u00ed po\u017eadavky.<\/p>\n\n\n    <\/div>\n<\/div>\n\n\n\n        <style>\n            .lindstrom-container--block_aa7688c520f6ee47ee6d04ae0eee08ec {                \n                padding-top: 35px;\n                padding-bottom: 35px;\n            }\n\n            @media screen and (min-width: 768px) {\n                .lindstrom-container--block_aa7688c520f6ee47ee6d04ae0eee08ec {\n                    padding-top: 10px;\n                    padding-bottom: 10px;\n                }\n            }\n        <\/style>\n    \n<div\n    class=\"lindstrom-container-wrapper lindstrom-container lindstrom-container--block_aa7688c520f6ee47ee6d04ae0eee08ec \"\n    id=\"block_aa7688c520f6ee47ee6d04ae0eee08ec\"\n    style=\"background-color: #ffffff\"\n    >\n    <div class=\"lindstrom-container lindstrom-container--content items-stretch\">\n        \n\n        <div \n        id=\"catalogue-block_72e91a6e745df5ff729338beb505d6d6\" \n        class=\"catalogue\"\n    >\n        <div class=\"flex flex-col catalogue__container\">\n            \n                                                <div class=\"grid w-full grid-cols-1 md:grid-cols-2\">\n                        <div class=\"catalogue__media relative\">\n                                                            <img decoding=\"async\" \n                                    class=\"object-cover h-full w-full max-h-[250px] md:max-h-none md:absolute top-0 left-0\" \n                                    src=\"https:\/\/d2ris6qfzcz0wn.cloudfront.net\/wp-content\/uploads\/sites\/25\/2024\/04\/1L4213_working_cap-1024x585.png\" \n                                    alt=\"Pracovn\u00ed \u010depice KIRK s prodlou\u017een\u00edm na krk\" \n                                \/>\n                                                    <\/div>\n                        <div class=\"flex flex-col justify-center flex-1 gap-5 px-5 py-5 lg:px-20 lg:py-10 catalogue__content min-h-[250px] md:min-h-[350px]\" style=\"background-color:#003f72;\">\n                            <div class=\"flex flex-col gap-2\">\n                                <p \n                                    class=\"text-[16px]\/[22.4px] md:text-[25px]\/[32.5px] text-left tracking-[0.8px] md:tracking-normal uppercase md:normal-case font-bold !mb-0\" \n                                    style=\"color:#FFFFFF;\">\n                                        Pracovn\u00ed \u010depice KIRK s prodlou\u017een\u00edm na krk                                <\/p>\n                                <p class=\"text-[15px]\/[21px] text-left font-normal !mb-0\" style=\"color:#FFFFFF;\">Tato pracovn\u00ed \u010depice s k\u0161iltem je ide\u00e1ln\u00ed volbou pro ochranu hlavy a krku p\u0159i pr\u00e1ci. D\u00edky such\u00e9mu zipu je mo\u017en\u00e9 snadno upravit velikost \u010depice pro maxim\u00e1ln\u00ed pohodl\u00ed. Nav\u00edc je vybavena prodlou\u017een\u00edm, kter\u00e9 poskytuje efektivn\u00ed ochranu krku. Pro je\u0161t\u011b lep\u0161\u00ed komfort nab\u00edz\u00edme variantu se s\u00ed\u0165kou na vlasy, kter\u00e1 zaji\u0161\u0165uje optim\u00e1ln\u00ed ventilaci.<\/p>\n                                                            <\/div>\n                                                            <div class=\"flex h-10 border-2 rounded-full w-fit button-outlined--white\" style=\"border-color:#FFFFFF;\">\n                                    <a \n                                        class=\"!no-underline bg-transparent py-3 pr-4 pl-5 font-bold text-base flex justify-center items-center gap-3 rounded-full w-full\" \n                                        href=\"#cenovanabidka\"\n                                        target=\"_self\"\n                                        style=\"color:#FFFFFF;\">\n                                            Chci cenovou nab\u00eddku <span class=\"material-symbols-outlined !font-bold\">arrow_right_alt<\/span>\n                                    <\/a>\n                                <\/div>\n                                                    <\/div>\n                    <\/div>\n                                    <div class=\"grid w-full grid-cols-1 md:grid-cols-2\">\n                        <div class=\"catalogue__media relative\">\n                                                            <img decoding=\"async\" \n                                    class=\"object-cover h-full w-full max-h-[250px] md:max-h-none md:absolute top-0 left-0\" \n                                    src=\"https:\/\/d2ris6qfzcz0wn.cloudfront.net\/wp-content\/uploads\/sites\/25\/2024\/04\/1L3442_working_cap-1024x585.jpg\" \n                                    alt=\"Pracovn\u00ed \u010depice KIRK\" \n                                \/>\n                                                    <\/div>\n                        <div class=\"flex flex-col justify-center flex-1 gap-5 px-5 py-5 lg:px-20 lg:py-10 catalogue__content min-h-[250px] md:min-h-[350px]\" style=\"background-color:#003f72;\">\n                            <div class=\"flex flex-col gap-2\">\n                                <p \n                                    class=\"text-[16px]\/[22.4px] md:text-[25px]\/[32.5px] text-left tracking-[0.8px] md:tracking-normal uppercase md:normal-case font-bold !mb-0\" \n                                    style=\"color:#FFFFFF;\">\n                                        Pracovn\u00ed \u010depice KIRK                                <\/p>\n                                <p class=\"text-[15px]\/[21px] text-left font-normal !mb-0\" style=\"color:#FFFFFF;\">Pracovn\u00ed \u010depice s k\u0161iltem je ide\u00e1ln\u00ed volbou pro profesion\u00e1ly, kte\u0159\u00ed pot\u0159ebuj\u00ed pohodlnou hlavy. D\u00edky nastaviteln\u00e9mu zap\u00edn\u00e1n\u00ed na such\u00fd zip si ji snadno p\u0159izp\u016fsob\u00edte podle velikosti hlavy. Je vyrobena z kvalitn\u00edch materi\u00e1l\u016f, kter\u00e9 zaji\u0161\u0165uj\u00ed dlouhou \u017eivotnost a odolnost i p\u0159i n\u00e1ro\u010dn\u00fdch pracovn\u00edch podm\u00ednk\u00e1ch.<\/p>\n                                                            <\/div>\n                                                            <div class=\"flex h-10 border-2 rounded-full w-fit button-outlined--white\" style=\"border-color:#FFFFFF;\">\n                                    <a \n                                        class=\"!no-underline bg-transparent py-3 pr-4 pl-5 font-bold text-base flex justify-center items-center gap-3 rounded-full w-full\" \n                                        href=\"#cenovanabidka\"\n                                        target=\"_self\"\n                                        style=\"color:#FFFFFF;\">\n                                            Chci cenovou nab\u00eddku <span class=\"material-symbols-outlined !font-bold\">arrow_right_alt<\/span>\n                                    <\/a>\n                                <\/div>\n                                                    <\/div>\n                    <\/div>\n                                    <div class=\"grid w-full grid-cols-1 md:grid-cols-2\">\n                        <div class=\"catalogue__media relative\">\n                                                            <img decoding=\"async\" \n                                    class=\"object-cover h-full w-full max-h-[250px] md:max-h-none md:absolute top-0 left-0\" \n                                    src=\"https:\/\/d2ris6qfzcz0wn.cloudfront.net\/wp-content\/uploads\/sites\/25\/2024\/04\/Balaclava_head_cover_food-industry-1024x682.jpg\" \n                                    alt=\"Balaklava\" \n                                \/>\n                                                    <\/div>\n                        <div class=\"flex flex-col justify-center flex-1 gap-5 px-5 py-5 lg:px-20 lg:py-10 catalogue__content min-h-[250px] md:min-h-[350px]\" style=\"background-color:#003f72;\">\n                            <div class=\"flex flex-col gap-2\">\n                                <p \n                                    class=\"text-[16px]\/[22.4px] md:text-[25px]\/[32.5px] text-left tracking-[0.8px] md:tracking-normal uppercase md:normal-case font-bold !mb-0\" \n                                    style=\"color:#FFFFFF;\">\n                                        Balaklava                                <\/p>\n                                <p class=\"text-[15px]\/[21px] text-left font-normal !mb-0\" style=\"color:#FFFFFF;\">Na\u0161e balaklava nab\u00edz\u00ed kompletn\u00ed ochranu hlavy, krku a \u010d\u00e1sti ramen. Vyroben\u00e1 z p\u0159\u00edjemn\u00e9ho, dob\u0159e prateln\u00e9ho materi\u00e1lu, kter\u00fd zaji\u0161\u0165uje pohodl\u00ed a dlouhou \u017eivotnost. Tento praktick\u00fd dopln\u011bk chr\u00e1n\u00ed proti chladu a ne\u010distot\u00e1m. Poskytuje dostate\u010dnou prody\u0161nost a flexibilitu. Univerz\u00e1ln\u00ed velikost a pohodln\u00fd st\u0159ih zaji\u0161\u0165uj\u00ed perfektn\u00ed p\u0159ilnut\u00ed na ka\u017edou hlavu.<\/p>\n                                                            <\/div>\n                                                            <div class=\"flex h-10 border-2 rounded-full w-fit button-outlined--white\" style=\"border-color:#FFFFFF;\">\n                                    <a \n                                        class=\"!no-underline bg-transparent py-3 pr-4 pl-5 font-bold text-base flex justify-center items-center gap-3 rounded-full w-full\" \n                                        href=\"#cenovanabidka\"\n                                        target=\"_self\"\n                                        style=\"color:#FFFFFF;\">\n                                            Chci cenovou nab\u00eddku <span class=\"material-symbols-outlined !font-bold\">arrow_right_alt<\/span>\n                                    <\/a>\n                                <\/div>\n                                                    <\/div>\n                    <\/div>\n                 \n                        \n        <\/div>\n    <\/div>\n    \n\n    <\/div>\n<\/div>\n\n\n\n        <style>\n            .lindstrom-container--block_2e1589b3058c8beb4d15ffb5cabc810c {                \n                padding-top: 35px;\n                padding-bottom: 35px;\n            }\n\n            @media screen and (min-width: 768px) {\n                .lindstrom-container--block_2e1589b3058c8beb4d15ffb5cabc810c {\n                    padding-top: 50px;\n                    padding-bottom: 10px;\n                }\n            }\n        <\/style>\n    \n<div\n    class=\"lindstrom-container-wrapper lindstrom-container lindstrom-container--block_2e1589b3058c8beb4d15ffb5cabc810c \"\n    id=\"block_2e1589b3058c8beb4d15ffb5cabc810c\"\n    style=\"background-color: #ffffff\"\n    >\n    <div class=\"lindstrom-container lindstrom-container--content items-stretch\">\n        \n\n<div class=\"wp-block-columns is-layout-flex wp-container-core-columns-is-layout-28f84493 wp-block-columns-is-layout-flex\">\n<div class=\"wp-block-column is-layout-flow wp-block-column-is-layout-flow\" style=\"flex-basis:33.33%\">\n<figure class=\"wp-block-image size-full\"><img decoding=\"async\" width=\"500\" height=\"500\" src=\"https:\/\/d2ris6qfzcz0wn.cloudfront.net\/wp-content\/uploads\/sites\/25\/2024\/04\/Nestle_Krupka-1-1.png\" alt=\"\" class=\"wp-image-16880\" srcset=\"https:\/\/d2ris6qfzcz0wn.cloudfront.net\/wp-content\/uploads\/sites\/25\/2024\/04\/Nestle_Krupka-1-1.png 500w, https:\/\/d2ris6qfzcz0wn.cloudfront.net\/wp-content\/uploads\/sites\/25\/2024\/04\/Nestle_Krupka-1-1-300x300.png 300w, https:\/\/d2ris6qfzcz0wn.cloudfront.net\/wp-content\/uploads\/sites\/25\/2024\/04\/Nestle_Krupka-1-1-150x150.png 150w\" sizes=\"(max-width: 500px) 100vw, 500px\" \/><\/figure>\n<\/div>\n\n\n\n<div class=\"wp-block-column is-layout-flow wp-block-column-is-layout-flow\" style=\"flex-basis:66.66%\">\n            <div\n            class=\"lindstrom-quotes lindstrom-quotes--block_823a949e4f3dd7eb20071503a560a594 \"\n            id=\"block_823a949e4f3dd7eb20071503a560a594\"\n            >\n            <div class=\"grid gap-y-2 md:gap-x-5 md:gap-y-15 grid-cols-1 md:grid-cols-1\">\n                                    <div class=\"quotes__wrap relative text-grey-100 py-3 md:py-0 pr-16\">\n                        <p class=\"text-body\">\n                            Balaklavy u n\u00e1s ve v\u00fdrob\u011b pou\u017e\u00edv\u00e1me od roku 2021. D\u0159\u00edve jsme pou\u017e\u00edvali jednor\u00e1zov\u00e9 kukly, ale toto \u0159e\u0161en\u00ed nebylo v souladu s po\u017eadavky na udr\u017eitelnost. Balaklavy jsou skv\u011bl\u00fdm \u0159e\u0161en\u00edm pro zaji\u0161t\u011bn\u00ed vysok\u00e9ho standardu hygieny na\u0161\u00ed v\u00fdroby a fin\u00e1ln\u00edch v\u00fdrobk\u016f.  Balaklavy jsou ozna\u010deny jm\u00e9nem a RFID \u010dipem. M\u00e1me p\u0159ehled o frekvenci pran\u00ed a na\u0161i zam\u011bstnanci maj\u00ed jistotu, \u017ee nos\u00ed jen tu svou.  Balaklavy Lindstr\u00f6m se servisn\u00ed slu\u017ebou jejich \u00fadr\u017eby jsou pro n\u00e1s ide\u00e1ln\u00edm \u0159e\u0161en\u00edm, d\u00edky kter\u00e9mu to m\u00e1me prakticky bez starost\u00ed.                        <\/p>\n                                                    <p class=\"text-title-tab font-bold uppercase !mt-3\">\n                                Petr Koten, Person\u00e1ln\u00ed \u0159editel v\u00fdrobn\u00edho z\u00e1vodu Nestl\u00e9 Krupka                            <\/p>\n                                                <span \n                            class=\"icon-quotations-2 absolute flex items-center justify-items-center w-[64px] h-[64px] top-0 right-0 text-red text-[50px]\">\n                        <\/span>\n                    <\/div>\n                            <\/div>\n        <\/div>\n    <\/div>\n<\/div>\n\n\n    <\/div>\n<\/div>\n\n\n\n        <style>\n            .lindstrom-container--block_e8d5dafe0c816ef8b1b36ad1c4936485 {                \n                padding-top: 35px;\n                padding-bottom: 35px;\n            }\n\n            @media screen and (min-width: 768px) {\n                .lindstrom-container--block_e8d5dafe0c816ef8b1b36ad1c4936485 {\n                    padding-top: 10px;\n                    padding-bottom: 0px;\n                }\n            }\n        <\/style>\n    \n<div\n    class=\"lindstrom-container-wrapper lindstrom-container lindstrom-container--block_e8d5dafe0c816ef8b1b36ad1c4936485 \"\n    id=\"block_e8d5dafe0c816ef8b1b36ad1c4936485\"\n    style=\"background-color: #ffffff\"\n    >\n    <div class=\"lindstrom-container lindstrom-container--content items-stretch\">\n        \n\n<h2 class=\"wp-block-heading has-grey-100-color has-text-color has-link-color has-h-3-font-size wp-elements-a6df370de724fc832ee6687e430e2013\">Jak funguje na\u0161e servisn\u00ed slu\u017eba pracovn\u00edch od\u011bv\u016f<\/h2>\n\n\n\n    <div \n        id=\"block_f3dc3b235b293276b2f43b5a32b5268a\"\n        class=\"visualization-service-cycles visualization-service-cycles--block_f3dc3b235b293276b2f43b5a32b5268a  \"\n    >\n                            \n            <div class=\"service-cycle__steps flex flex-col\">\n                <div class=\"flex flex-col lg:flex-row\">\n                                            <div \n                            class=\"service-cycle__box\"\n                            style=\"background-color: #ca005d;\"\n                        >\n                            <div class=\"items-center\">\n                                <span class='icon-magnifying-glass' style='font-size: 40px;color: #ffffff;'><\/span>                            <\/div>\n                            <div class=\"text-white flex flex-col gap-1\">\n                                <div class=\"text-title-small font-bold\">\n                                    Spole\u010dn\u011b vytvo\u0159\u00edme kolekci pracovn\u00edch od\u011bv\u016f                                <\/div>\n                                                            <\/div>                            \n                            <div \n                                class=\"service-cycle__box-triangle\"\n                                style=\"background-color: #ca005d\"\n                            >\n                            <\/div>                            \n                        <\/div>\n\n                                                                    <div \n                            class=\"service-cycle__box\"\n                            style=\"background-color: #7c109a;\"\n                        >\n                            <div class=\"items-center\">\n                                <span class='icon-delivery' style='font-size: 40px;color: #ffffff;'><\/span>                            <\/div>\n                            <div class=\"text-white flex flex-col gap-1\">\n                                <div class=\"text-title-small font-bold\">\n                                    Zajist\u00edme pravideln\u00e9 dod\u00e1vky \u010dist\u00fdch od\u011bv\u016f                                 <\/div>\n                                                            <\/div>                            \n                            <div \n                                class=\"service-cycle__box-triangle\"\n                                style=\"background-color: #7c109a\"\n                            >\n                            <\/div>                            \n                        <\/div>\n\n                                                                    <div \n                            class=\"service-cycle__box\"\n                            style=\"background-color: #003f72;\"\n                        >\n                            <div class=\"items-center\">\n                                <span class='icon-thread-and-needle' style='font-size: 40px;color: #ffffff;'><\/span>                            <\/div>\n                            <div class=\"text-white flex flex-col gap-1\">\n                                <div class=\"text-title-small font-bold\">\n                                    Kdy\u017e je pot\u0159eba, oprav\u00edme nebo vym\u011bn\u00edme za nov\u00e9                                 <\/div>\n                                                            <\/div>                            \n                            <div \n                                class=\"service-cycle__box-triangle\"\n                                style=\"background-color: #003f72\"\n                            >\n                            <\/div>                            \n                        <\/div>\n\n                                                                    <div \n                            class=\"service-cycle__box\"\n                            style=\"background-color: #006f86;\"\n                        >\n                            <div class=\"items-center\">\n                                <span class='icon-devices' style='font-size: 40px;color: #ffffff;'><\/span>                            <\/div>\n                            <div class=\"text-white flex flex-col gap-1\">\n                                <div class=\"text-title-small font-bold\">\n                                    Cirkulaci od\u011bv\u016f m\u016f\u017eete \u0159\u00eddit online                                <\/div>\n                                                            <\/div>                            \n                            <div \n                                class=\"service-cycle__box-triangle\"\n                                style=\"background-color: #006f86\"\n                            >\n                            <\/div>                            \n                        <\/div>\n\n                                                                    <div \n                            class=\"service-cycle__box\"\n                            style=\"background-color: #578200;\"\n                        >\n                            <div class=\"items-center\">\n                                <span class='icon-check-circle' style='font-size: 40px;color: #ffffff;'><\/span>                            <\/div>\n                            <div class=\"text-white flex flex-col gap-1\">\n                                <div class=\"text-title-small font-bold\">\n                                    Kompletn\u00ed p\u00e9\u010de v\u010detn\u011b recyklace                                 <\/div>\n                                                            <\/div>                            \n                            <div \n                                class=\"service-cycle__box-triangle\"\n                                style=\"background-color: #578200\"\n                            >\n                            <\/div>                            \n                        <\/div>\n\n                                                            <\/div>\n\n                <div class=\"hidden lg:flex\">\n                                            <div class=\"service-cycle__long-description\">\n                                                    <\/div>\n                                            <div class=\"service-cycle__long-description\">\n                                                    <\/div>\n                                            <div class=\"service-cycle__long-description\">\n                                                    <\/div>\n                                            <div class=\"service-cycle__long-description\">\n                                                    <\/div>\n                                            <div class=\"service-cycle__long-description\">\n                                                    <\/div>\n                                    <\/div>\n                \n            <\/div>\n            <\/div>\n\n\n    <\/div>\n<\/div>\n\n\n\n        <style>\n            .country-site-certifications--block_0c15aee0fc51f3888b748ae58db25dd1 {                \n                padding-top: 35px;\n                padding-bottom: 35px;\n            }\n\n            @media screen and (min-width: 768px) {\n                .country-site-certifications--block_0c15aee0fc51f3888b748ae58db25dd1 {\n                    padding-top: 75px;\n                    padding-bottom: 75px;\n                }\n            }\n        <\/style>\n    \n            <div\n            id=\"block_0c15aee0fc51f3888b748ae58db25dd1\"\n            style=\"background-color: #ffffff\"\n            class=\"lindstrom-container-wrapper border-t border-grey-25 country-site-certifications country-site-certifications--block_0c15aee0fc51f3888b748ae58db25dd1 \"\n        >\n            <div class=\"flex flex-col items-center self-stretch gap-5 lindstrom-container lindstrom-container--content lg:flex-row lg:gap-20\">\n                <div class=\"flex flex-col items-center justify-center gap-5 lg:items-start basis-full lg:basis-1\/4 self-baseline\">\n                    <h2 class=\"!text-grey-100 !text-[22px]\/[33px] !font-bold uppercase tracking-[.33px]\">Jsme profesion\u00e1lov\u00e9<\/h2>\n                    <p class=\"!text-grey-100 !text-[18px]\/[27px] opacity-90 text-center lg:text-left\"><\/p>\n                <\/div>\n                <div class=\"relative w-full max-w-full\">\n                    <div class=\"flex justify-start gap-3 overflow-x-auto lg:justify-end\">\n                                            <div class=\"relative text-center w-[150px]\">\n                            <img decoding=\"async\" class=\"aspect-square w-full object-contain\" src=\"https:\/\/d2ris6qfzcz0wn.cloudfront.net\/wp-content\/uploads\/sites\/25\/2024\/04\/BioContaminationControl_EN14065_col-3-250x300.jpg\" alt=\"\" \/>\n                                                                                <\/div>\n                                            <div class=\"relative text-center w-[150px]\">\n                            <img decoding=\"async\" class=\"aspect-square w-full object-contain\" src=\"https:\/\/d2ris6qfzcz0wn.cloudfront.net\/wp-content\/uploads\/sites\/25\/2024\/04\/ManagementSysCert_ISO9001_14001_45001_col-1-250x300.jpg\" alt=\"\" \/>\n                                                                                <\/div>\n                                            <div class=\"relative text-center w-[150px]\">\n                            <img decoding=\"async\" class=\"aspect-square w-full object-contain\" src=\"https:\/\/d2ris6qfzcz0wn.cloudfront.net\/wp-content\/uploads\/sites\/25\/2024\/04\/EnvironmentalSysCert_ISO14001_col-1-250x300.jpg\" alt=\"\" \/>\n                                                                                <\/div>\n                                            <div class=\"relative text-center w-[150px]\">\n                            <img decoding=\"async\" class=\"aspect-square w-full object-contain\" src=\"https:\/\/d2ris6qfzcz0wn.cloudfront.net\/wp-content\/uploads\/sites\/25\/2024\/01\/QualitySysCert_ISO9001_col-1-250x300.jpg\" alt=\"\" \/>\n                                                                                <\/div>\n                                            <div class=\"relative text-center w-[150px]\">\n                            <img decoding=\"async\" class=\"aspect-square w-full object-contain\" src=\"https:\/\/d2ris6qfzcz0wn.cloudfront.net\/wp-content\/uploads\/sites\/25\/2026\/02\/LINDSTROM-OY-GROUP_EV_Recognition_2026_p-300x300.jpg\" alt=\"\" \/>\n                                                                                <\/div>\n                                        <\/div>\n                <\/div>\n            <\/div>\n        <\/div>\n    \n\n\n        <style>\n            .lindstrom-container--block_9e4f65d9a4b4d40c890565d4dcd6770b {                \n                padding-top: 35px;\n                padding-bottom: 35px;\n            }\n\n            @media screen and (min-width: 768px) {\n                .lindstrom-container--block_9e4f65d9a4b4d40c890565d4dcd6770b {\n                    padding-top: 10px;\n                    padding-bottom: 10px;\n                }\n            }\n        <\/style>\n    \n<div\n    class=\"lindstrom-container-wrapper lindstrom-container lindstrom-container--block_9e4f65d9a4b4d40c890565d4dcd6770b \"\n    id=\"cenovanabidka\"\n    style=\"background-color: #ffffff\"\n    >\n    <div class=\"lindstrom-container lindstrom-container--content items-stretch\">\n        \n\n<div class=\"wp-block-columns is-layout-flex wp-container-core-columns-is-layout-28f84493 wp-block-columns-is-layout-flex\">\n<div class=\"wp-block-column is-layout-flow wp-block-column-is-layout-flow\" style=\"flex-basis:33.33%\">\n<figure class=\"wp-block-image size-large\"><img decoding=\"async\" width=\"683\" height=\"1024\" src=\"https:\/\/d2ris6qfzcz0wn.cloudfront.net\/wp-content\/uploads\/sites\/25\/2024\/04\/IMG_7915-683x1024.jpg\" alt=\"\" class=\"wp-image-16901\" srcset=\"https:\/\/d2ris6qfzcz0wn.cloudfront.net\/wp-content\/uploads\/sites\/25\/2024\/04\/IMG_7915-683x1024.jpg 683w, https:\/\/d2ris6qfzcz0wn.cloudfront.net\/wp-content\/uploads\/sites\/25\/2024\/04\/IMG_7915-200x300.jpg 200w, https:\/\/d2ris6qfzcz0wn.cloudfront.net\/wp-content\/uploads\/sites\/25\/2024\/04\/IMG_7915-768x1152.jpg 768w, https:\/\/d2ris6qfzcz0wn.cloudfront.net\/wp-content\/uploads\/sites\/25\/2024\/04\/IMG_7915-1024x1536.jpg 1024w, https:\/\/d2ris6qfzcz0wn.cloudfront.net\/wp-content\/uploads\/sites\/25\/2024\/04\/IMG_7915.jpg 1365w\" sizes=\"(max-width: 683px) 100vw, 683px\" \/><\/figure>\n<\/div>\n\n\n\n<div class=\"wp-block-column is-layout-flow wp-block-column-is-layout-flow\" style=\"flex-basis:66.66%\">\n    <div id=\"hubspot-contact-form-block_86a27578d8adc52e6c97f7cce2009d8f\" class=\"hubspot-contact-form\">\n                    <h3 class=\"mt-0 !mb-5 lg:!mb-10 font-bold !text-title-small\">\n                M\u00e1te z\u00e1jem o cenovou nab\u00eddku?            <\/h3>\n        \n                    <p class=\"!-mt-4 lg:!-mt-8 !mb-5 lg:!mb-10 !text-body-small\">\n                Pros\u00edm vypl\u0148te kontaktn\u00ed formul\u00e1\u0159. Nebo se n\u00e1m ozv\u011bte telefonicky:  +420 311 533 020            <\/p>\n        \n        <div class=\"form-wrapper\"><\/div>\n        <div class=\"editor-message\">\n            Please set a valid form ID.\n        <\/div>\n    <\/div>\n\n<script>\n    \/**\n     * Generate dynamic init form function name to prevent it get re-initialized if there are multiple forms in a page\n     *\/\n    function initForm_69f57ac998592() {\n        \/\/ retry until hubspot script is initialized\n        if (typeof hbspt !== \"undefined\") {\n            hbspt.forms.create({\n                region: \"eu1\",\n                portalId: \"2758505\",\n                formId: \"9c7f8013-c80d-4a25-92f2-c327ee3f5a6d\",\n                target: `#hubspot-contact-form-block_86a27578d8adc52e6c97f7cce2009d8f .form-wrapper`,\n                onFormReady: (arg) => {\n                    const hasFeaturedField = 0;\n                    if (!hasFeaturedField) {\n                        return\n                    }\n    \n                    \/\/ in case the featured field is not available in the form\n                    const featuredField = document.querySelector(`#hubspot-contact-form-block_86a27578d8adc52e6c97f7cce2009d8f .none`);\n                    if (!featuredField) {\n                        return\n                    }\n    \n                    \/\/ only support checkbox field for now\n                    convertCheckboxFeaturedField(featuredField)                \n                }\n            });\n            return;\n        }\n\n        setTimeout(initForm_69f57ac998592, 250);\n    }\n\n    function convertCheckboxFeaturedField(featuredField) {\n        const fieldsetWrapper = featuredField.parentElement\n        \n        \/\/ add the featured field class to the wrapper fieldset element\n        \/\/ transform the featured field's UI via CSS\n        fieldsetWrapper.classList.add('featured-field')\n\n        \/\/ calculate and add enough space to display the featured field on top of the form\n        calculateFeaturedFieldSize(fieldsetWrapper)\n        window.addEventListener('resize', () => {\n            calculateFeaturedFieldSize(fieldsetWrapper)\n        })\n    }\n    \n    function calculateFeaturedFieldSize (fieldsetWrapper) {\n        fieldsetWrapper\n            .closest('.hubspot-contact-form--has-featured-field')\n            .style\n            .paddingTop = fieldsetWrapper.offsetHeight + 50 + 'px';\n    }    \n\n    initForm_69f57ac998592();\n<\/script>\n<\/div>\n<\/div>\n\n\n    <\/div>\n<\/div>\n\n\n\n<style>\n    @media only screen and (max-width: 1200px) {\n        #block_4b14c72c5a175d293c9025d534e82ef1 .blogposts__container {\n            grid-template-columns: repeat(4, 1fr);\n        }\n    }\n<\/style>\n\n            <div \n            id=\"block_4b14c72c5a175d293c9025d534e82ef1\" \n            class=\"blogposts blogposts--block_4b14c72c5a175d293c9025d534e82ef1 \"\n        >\n            <div class=\"blogposts\">\n                <div class=\"blogposts__container post-row\">\n                    \n        <div class='post-card relative' data-index='19948'>\n            <img\n                class='post-card__image' \n                src='https:\/\/d2ris6qfzcz0wn.cloudfront.net\/wp-content\/uploads\/sites\/25\/2026\/04\/Kveten_banner_2026.jpg' \n                alt='Z\u00e1vozy b\u011bhem st\u00e1tn\u00edch sv\u00e1tk\u016f v kv\u011btnu 2026' \n            \/>\n            <div class='post-card__content'>\n                <div class='post-card__categories z-20'>\n            <a\n                class='post-card__category'\n                href='https:\/\/lindstromgroup.com\/cz\/category\/article\/'\n            >\n                \u010cl\u00e1nek\n            <\/a><\/div>\n                <div class='post-card__title'>\n                    Z\u00e1vozy b\u011bhem st\u00e1tn\u00edch sv\u00e1tk\u016f v kv\u011btnu 2026\n                <\/div>\n                <p class='post-card__excerpt'>\n                    B\u011bhem kv\u011btnov\u00fd st\u00e1tn\u00edch sv\u00e1tk\u016f 2026 pl\u00e1nujeme standardn\u00ed z\u00e1vozy dle upraven\u00e9ho harmonogramu. \n                <\/p>\n                \n            <\/div>\n            <a href='\/cz\/article\/zavozy-behem-statnich-svatku-v-kvetnu-2026\/' class='absolute inset-0 w-full h-full z-10'><\/a>\n        <\/div>\n    \n        <div class='post-card relative' data-index='17790'>\n            <img\n                class='post-card__image' \n                src='https:\/\/d2ris6qfzcz0wn.cloudfront.net\/wp-content\/uploads\/sites\/25\/2024\/04\/lindstrom-cistici-rohoze-uklid-bytovych-domu-042024-1.jpeg' \n                alt='\u010cistic\u00ed roho\u017ee pro snadn\u011bj\u0161\u00ed \u00faklid bytov\u00fdch dom\u016f' \n            \/>\n            <div class='post-card__content'>\n                <div class='post-card__categories z-20'>\n            <a\n                class='post-card__category'\n                href='https:\/\/lindstromgroup.com\/cz\/category\/article\/'\n            >\n                \u010cl\u00e1nek\n            <\/a><\/div>\n                <div class='post-card__title'>\n                    \u010cistic\u00ed roho\u017ee pro snadn\u011bj\u0161\u00ed \u00faklid bytov\u00fdch dom\u016f\n                <\/div>\n                <p class='post-card__excerpt'>\n                    \u0158e\u0161en\u00ed \u00faklidu spole\u010dn\u00fdch prostor p\u0159itom m\u016f\u017ee b\u00fdt mnohem jednodu\u0161\u0161\u00ed &#8211; s pomoc\u00ed \u010dist\u00edc\u00edch roho\u017e\u00ed a profesion\u00e1ln\u00edch \u00faklidov\u00fdch slu\u017eeb.\n                <\/p>\n                <div class='post-card__tags z-20'>\n            <a\n                class='post-card__tag'\n                href='https:\/\/lindstromgroup.com\/cz\/tag\/cisticirohoze\/'\n                style='border: 1px solid ; color: ;'\n            >\n                #cisticirohoze\n            <\/a>\n            <a\n                class='post-card__tag'\n                href='https:\/\/lindstromgroup.com\/cz\/tag\/hygiena\/'\n                style='border: 1px solid ; color: ;'\n            >\n                #hygiena\n            <\/a><\/div>\n            <\/div>\n            <a href='\/cz\/article\/cistici-rohoze-uklid-bytovych-domu\/' class='absolute inset-0 w-full h-full z-10'><\/a>\n        <\/div>\n    \n        <div class='post-card relative' data-index='19850'>\n            <img\n                class='post-card__image' \n                src='https:\/\/d2ris6qfzcz0wn.cloudfront.net\/wp-content\/uploads\/sites\/25\/2024\/04\/Rykov_Libcany_pracovni_odevy_Lindstrom-_1-1024x576.jpg' \n                alt='Upgrade kolekce WelderPro pro sv\u00e1\u0159e\u010de' \n            \/>\n            <div class='post-card__content'>\n                <div class='post-card__categories z-20'>\n            <a\n                class='post-card__category'\n                href='https:\/\/lindstromgroup.com\/cz\/category\/article\/'\n            >\n                \u010cl\u00e1nek\n            <\/a><\/div>\n                <div class='post-card__title'>\n                    Upgrade kolekce WelderPro pro sv\u00e1\u0159e\u010de\n                <\/div>\n                <p class='post-card__excerpt'>\n                    Na\u0161e kolekce WelderPro, pracovn\u00edch od\u011bv\u016f pro sv\u00e1\u0159e\u010de, vstupuje do nov\u00e9 kapitoly. Pracovn\u00ed od\u011bvy WelderPro sice mohou vypadat stejn\u011b, ale zp\u016fsob, jak\u00fdm je vyr\u00e1b\u00edme a dod\u00e1v\u00e1me, se zm\u011bnil.\n                <\/p>\n                <div class='post-card__tags z-20'>\n            <a\n                class='post-card__tag'\n                href='https:\/\/lindstromgroup.com\/cz\/tag\/bezpecnost\/'\n                style='border: 1px solid ; color: ;'\n            >\n                #bezpe\u010dnost\n            <\/a>\n            <a\n                class='post-card__tag'\n                href='https:\/\/lindstromgroup.com\/cz\/tag\/pracovniodevy\/'\n                style='border: 1px solid ; color: ;'\n            >\n                #pracovniodevy\n            <\/a><\/div>\n            <\/div>\n            <a href='\/cz\/article\/upgrade-kolekce-welderpro-pro-svarece\/' class='absolute inset-0 w-full h-full z-10'><\/a>\n        <\/div>\n                    <\/div>\n                <div class=\"post-row-mobile-carousel\"><\/div>\n            <\/div>\n        <\/div>\n    ","protected":false},"excerpt":{"rendered":"","protected":false},"author":79,"featured_media":16871,"parent":17095,"menu_order":0,"template":"","meta":{"_acf_changed":true,"inline_featured_image":false,"_eb_attr":"","site-sidebar-layout":"default","site-content-layout":"","ast-site-content-layout":"default","site-content-style":"default","site-sidebar-style":"default","ast-global-header-display":"","ast-banner-title-visibility":"","ast-main-header-display":"","ast-hfb-above-header-display":"","ast-hfb-below-header-display":"","ast-hfb-mobile-header-display":"","site-post-title":"","ast-breadcrumbs-content":"","ast-featured-img":"","footer-sml-layout":"","ast-disable-related-posts":"","theme-transparent-header-meta":"","adv-header-id-meta":"","stick-header-meta":"","header-above-stick-meta":"","header-main-stick-meta":"","header-below-stick-meta":"","astra-migrate-meta-layouts":"default","ast-page-background-enabled":"default","ast-page-background-meta":{"desktop":{"background-color":"var(--ast-global-color-4)","background-image":"","background-repeat":"repeat","background-position":"center center","background-size":"auto","background-attachment":"scroll","background-type":"","background-media":"","overlay-type":"","overlay-color":"","overlay-opacity":"","overlay-gradient":""},"tablet":{"background-color":"","background-image":"","background-repeat":"repeat","background-position":"center center","background-size":"auto","background-attachment":"scroll","background-type":"","background-media":"","overlay-type":"","overlay-color":"","overlay-opacity":"","overlay-gradient":""},"mobile":{"background-color":"","background-image":"","background-repeat":"repeat","background-position":"center center","background-size":"auto","background-attachment":"scroll","background-type":"","background-media":"","overlay-type":"","overlay-color":"","overlay-opacity":"","overlay-gradient":""}},"ast-content-background-meta":{"desktop":{"background-color":"var(--ast-global-color-5)","background-image":"","background-repeat":"repeat","background-position":"center center","background-size":"auto","background-attachment":"scroll","background-type":"","background-media":"","overlay-type":"","overlay-color":"","overlay-opacity":"","overlay-gradient":""},"tablet":{"background-color":"var(--ast-global-color-5)","background-image":"","background-repeat":"repeat","background-position":"center center","background-size":"auto","background-attachment":"scroll","background-type":"","background-media":"","overlay-type":"","overlay-color":"","overlay-opacity":"","overlay-gradient":""},"mobile":{"background-color":"var(--ast-global-color-5)","background-image":"","background-repeat":"repeat","background-position":"center center","background-size":"auto","background-attachment":"scroll","background-type":"","background-media":"","overlay-type":"","overlay-color":"","overlay-opacity":"","overlay-gradient":""}}},"coauthors":[25],"class_list":["post-16870","services","type-services","status-publish","has-post-thumbnail","hentry"],"acf":[],"yoast_head":"<!-- This site is optimized with the Yoast SEO plugin v27.2 - https:\/\/yoast.com\/product\/yoast-seo-wordpress\/ -->\n<title>Pracovn\u00ed \u010depice - Lindstr\u00f6m Czech<\/title>\n<meta name=\"robots\" content=\"index, follow, max-snippet:-1, max-image-preview:large, max-video-preview:-1\" \/>\n<meta property=\"og:locale\" content=\"cs_CZ\" \/>\n<meta property=\"og:type\" content=\"article\" \/>\n<meta property=\"og:title\" content=\"Pracovn\u00ed \u010depice - Lindstr\u00f6m Czech\" \/>\n<meta property=\"og:url\" content=\"https:\/\/lindstromgroup.com\/cz\/servisni-sluzby\/pronajem-pracovnich-odevu\/pracovni-cepice\/\" \/>\n<meta property=\"og:site_name\" content=\"Lindstr\u00f6m Czech\" \/>\n<meta property=\"article:modified_time\" content=\"2024-12-19T14:28:39+00:00\" \/>\n<meta property=\"og:image\" content=\"https:\/\/lindstrom-sites.s3.eu-north-1.amazonaws.com\/wp-content\/uploads\/sites\/25\/2024\/04\/Atria_alyvaatevarasto_Lindstrom_Artikkeli-1400x933-1.jpg\" \/>\n\t<meta property=\"og:image:width\" content=\"1400\" \/>\n\t<meta property=\"og:image:height\" content=\"933\" \/>\n\t<meta property=\"og:image:type\" content=\"image\/jpeg\" \/>\n<meta name=\"twitter:card\" content=\"summary_large_image\" \/>\n<meta name=\"twitter:label1\" content=\"Odhadovan\u00e1 doba \u010dten\u00ed\" \/>\n\t<meta name=\"twitter:data1\" content=\"5 minut\" \/>\n\t<meta name=\"twitter:label2\" content=\"Written by\" \/>\n\t<meta name=\"twitter:data2\" content=\"zuzananasincova\" \/>\n<script type=\"application\/ld+json\" class=\"yoast-schema-graph\">{\"@context\":\"https:\/\/schema.org\",\"@graph\":[{\"@type\":\"WebPage\",\"@id\":\"https:\/\/lindstromgroup.com\/cz\/servisni-sluzby\/pronajem-pracovnich-odevu\/pracovni-cepice\/\",\"url\":\"https:\/\/lindstromgroup.com\/cz\/servisni-sluzby\/pronajem-pracovnich-odevu\/pracovni-cepice\/\",\"name\":\"Pracovn\u00ed \u010depice - Lindstr\u00f6m Czech\",\"isPartOf\":{\"@id\":\"https:\/\/lindstromgroup.com\/cz\/#website\"},\"primaryImageOfPage\":{\"@id\":\"https:\/\/lindstromgroup.com\/cz\/servisni-sluzby\/pronajem-pracovnich-odevu\/pracovni-cepice\/#primaryimage\"},\"image\":{\"@id\":\"https:\/\/lindstromgroup.com\/cz\/servisni-sluzby\/pronajem-pracovnich-odevu\/pracovni-cepice\/#primaryimage\"},\"thumbnailUrl\":\"https:\/\/d2ris6qfzcz0wn.cloudfront.net\/wp-content\/uploads\/sites\/25\/2024\/04\/Atria_alyvaatevarasto_Lindstrom_Artikkeli-1400x933-1.jpg\",\"datePublished\":\"2024-04-05T12:45:39+00:00\",\"dateModified\":\"2024-12-19T14:28:39+00:00\",\"breadcrumb\":{\"@id\":\"https:\/\/lindstromgroup.com\/cz\/servisni-sluzby\/pronajem-pracovnich-odevu\/pracovni-cepice\/#breadcrumb\"},\"inLanguage\":\"cs\",\"potentialAction\":[{\"@type\":\"ReadAction\",\"target\":[\"https:\/\/lindstromgroup.com\/cz\/servisni-sluzby\/pronajem-pracovnich-odevu\/pracovni-cepice\/\"]}]},{\"@type\":\"ImageObject\",\"inLanguage\":\"cs\",\"@id\":\"https:\/\/lindstromgroup.com\/cz\/servisni-sluzby\/pronajem-pracovnich-odevu\/pracovni-cepice\/#primaryimage\",\"url\":\"https:\/\/d2ris6qfzcz0wn.cloudfront.net\/wp-content\/uploads\/sites\/25\/2024\/04\/Atria_alyvaatevarasto_Lindstrom_Artikkeli-1400x933-1.jpg\",\"contentUrl\":\"https:\/\/d2ris6qfzcz0wn.cloudfront.net\/wp-content\/uploads\/sites\/25\/2024\/04\/Atria_alyvaatevarasto_Lindstrom_Artikkeli-1400x933-1.jpg\",\"width\":1400,\"height\":933},{\"@type\":\"BreadcrumbList\",\"@id\":\"https:\/\/lindstromgroup.com\/cz\/servisni-sluzby\/pronajem-pracovnich-odevu\/pracovni-cepice\/#breadcrumb\",\"itemListElement\":[{\"@type\":\"ListItem\",\"position\":1,\"name\":\"Home\",\"item\":\"https:\/\/lindstromgroup.com\/cz\/\"},{\"@type\":\"ListItem\",\"position\":2,\"name\":\"Pron\u00e1jem pracovn\u00edch od\u011bv\u016f\",\"item\":\"https:\/\/lindstromgroup.com\/cz\/servisni-sluzby\/pronajem-pracovnich-odevu\/\"},{\"@type\":\"ListItem\",\"position\":3,\"name\":\"Pracovn\u00ed \u010depice\"}]},{\"@type\":\"WebSite\",\"@id\":\"https:\/\/lindstromgroup.com\/cz\/#website\",\"url\":\"https:\/\/lindstromgroup.com\/cz\/\",\"name\":\"Lindstr\u00f6m Czech\",\"description\":\"\",\"publisher\":{\"@id\":\"https:\/\/lindstromgroup.com\/cz\/#organization\"},\"potentialAction\":[{\"@type\":\"SearchAction\",\"target\":{\"@type\":\"EntryPoint\",\"urlTemplate\":\"https:\/\/lindstromgroup.com\/cz\/?s={search_term_string}\"},\"query-input\":{\"@type\":\"PropertyValueSpecification\",\"valueRequired\":true,\"valueName\":\"search_term_string\"}}],\"inLanguage\":\"cs\"},{\"@type\":\"Organization\",\"@id\":\"https:\/\/lindstromgroup.com\/cz\/#organization\",\"name\":\"Lindstr\u00f6m\",\"url\":\"https:\/\/lindstromgroup.com\/cz\/\",\"logo\":{\"@type\":\"ImageObject\",\"inLanguage\":\"cs\",\"@id\":\"https:\/\/lindstromgroup.com\/cz\/#\/schema\/logo\/image\/\",\"url\":\"https:\/\/d2ris6qfzcz0wn.cloudfront.net\/wp-content\/uploads\/sites\/25\/2023\/10\/Logo512.png\",\"contentUrl\":\"https:\/\/d2ris6qfzcz0wn.cloudfront.net\/wp-content\/uploads\/sites\/25\/2023\/10\/Logo512.png\",\"width\":512,\"height\":109,\"caption\":\"Lindstr\u00f6m\"},\"image\":{\"@id\":\"https:\/\/lindstromgroup.com\/cz\/#\/schema\/logo\/image\/\"}}]}<\/script>\n<!-- \/ Yoast SEO plugin. -->","yoast_head_json":{"title":"Pracovn\u00ed \u010depice - Lindstr\u00f6m Czech","robots":{"index":"index","follow":"follow","max-snippet":"max-snippet:-1","max-image-preview":"max-image-preview:large","max-video-preview":"max-video-preview:-1"},"og_locale":"cs_CZ","og_type":"article","og_title":"Pracovn\u00ed \u010depice - Lindstr\u00f6m Czech","og_url":"https:\/\/lindstromgroup.com\/cz\/servisni-sluzby\/pronajem-pracovnich-odevu\/pracovni-cepice\/","og_site_name":"Lindstr\u00f6m Czech","article_modified_time":"2024-12-19T14:28:39+00:00","og_image":[{"width":1400,"height":933,"url":"https:\/\/lindstrom-sites.s3.eu-north-1.amazonaws.com\/wp-content\/uploads\/sites\/25\/2024\/04\/Atria_alyvaatevarasto_Lindstrom_Artikkeli-1400x933-1.jpg","type":"image\/jpeg"}],"twitter_card":"summary_large_image","twitter_misc":{"Odhadovan\u00e1 doba \u010dten\u00ed":"5 minut","Written by":"zuzananasincova"},"schema":{"@context":"https:\/\/schema.org","@graph":[{"@type":"WebPage","@id":"https:\/\/lindstromgroup.com\/cz\/servisni-sluzby\/pronajem-pracovnich-odevu\/pracovni-cepice\/","url":"https:\/\/lindstromgroup.com\/cz\/servisni-sluzby\/pronajem-pracovnich-odevu\/pracovni-cepice\/","name":"Pracovn\u00ed \u010depice - Lindstr\u00f6m Czech","isPartOf":{"@id":"https:\/\/lindstromgroup.com\/cz\/#website"},"primaryImageOfPage":{"@id":"https:\/\/lindstromgroup.com\/cz\/servisni-sluzby\/pronajem-pracovnich-odevu\/pracovni-cepice\/#primaryimage"},"image":{"@id":"https:\/\/lindstromgroup.com\/cz\/servisni-sluzby\/pronajem-pracovnich-odevu\/pracovni-cepice\/#primaryimage"},"thumbnailUrl":"https:\/\/d2ris6qfzcz0wn.cloudfront.net\/wp-content\/uploads\/sites\/25\/2024\/04\/Atria_alyvaatevarasto_Lindstrom_Artikkeli-1400x933-1.jpg","datePublished":"2024-04-05T12:45:39+00:00","dateModified":"2024-12-19T14:28:39+00:00","breadcrumb":{"@id":"https:\/\/lindstromgroup.com\/cz\/servisni-sluzby\/pronajem-pracovnich-odevu\/pracovni-cepice\/#breadcrumb"},"inLanguage":"cs","potentialAction":[{"@type":"ReadAction","target":["https:\/\/lindstromgroup.com\/cz\/servisni-sluzby\/pronajem-pracovnich-odevu\/pracovni-cepice\/"]}]},{"@type":"ImageObject","inLanguage":"cs","@id":"https:\/\/lindstromgroup.com\/cz\/servisni-sluzby\/pronajem-pracovnich-odevu\/pracovni-cepice\/#primaryimage","url":"https:\/\/d2ris6qfzcz0wn.cloudfront.net\/wp-content\/uploads\/sites\/25\/2024\/04\/Atria_alyvaatevarasto_Lindstrom_Artikkeli-1400x933-1.jpg","contentUrl":"https:\/\/d2ris6qfzcz0wn.cloudfront.net\/wp-content\/uploads\/sites\/25\/2024\/04\/Atria_alyvaatevarasto_Lindstrom_Artikkeli-1400x933-1.jpg","width":1400,"height":933},{"@type":"BreadcrumbList","@id":"https:\/\/lindstromgroup.com\/cz\/servisni-sluzby\/pronajem-pracovnich-odevu\/pracovni-cepice\/#breadcrumb","itemListElement":[{"@type":"ListItem","position":1,"name":"Home","item":"https:\/\/lindstromgroup.com\/cz\/"},{"@type":"ListItem","position":2,"name":"Pron\u00e1jem pracovn\u00edch od\u011bv\u016f","item":"https:\/\/lindstromgroup.com\/cz\/servisni-sluzby\/pronajem-pracovnich-odevu\/"},{"@type":"ListItem","position":3,"name":"Pracovn\u00ed \u010depice"}]},{"@type":"WebSite","@id":"https:\/\/lindstromgroup.com\/cz\/#website","url":"https:\/\/lindstromgroup.com\/cz\/","name":"Lindstr\u00f6m Czech","description":"","publisher":{"@id":"https:\/\/lindstromgroup.com\/cz\/#organization"},"potentialAction":[{"@type":"SearchAction","target":{"@type":"EntryPoint","urlTemplate":"https:\/\/lindstromgroup.com\/cz\/?s={search_term_string}"},"query-input":{"@type":"PropertyValueSpecification","valueRequired":true,"valueName":"search_term_string"}}],"inLanguage":"cs"},{"@type":"Organization","@id":"https:\/\/lindstromgroup.com\/cz\/#organization","name":"Lindstr\u00f6m","url":"https:\/\/lindstromgroup.com\/cz\/","logo":{"@type":"ImageObject","inLanguage":"cs","@id":"https:\/\/lindstromgroup.com\/cz\/#\/schema\/logo\/image\/","url":"https:\/\/d2ris6qfzcz0wn.cloudfront.net\/wp-content\/uploads\/sites\/25\/2023\/10\/Logo512.png","contentUrl":"https:\/\/d2ris6qfzcz0wn.cloudfront.net\/wp-content\/uploads\/sites\/25\/2023\/10\/Logo512.png","width":512,"height":109,"caption":"Lindstr\u00f6m"},"image":{"@id":"https:\/\/lindstromgroup.com\/cz\/#\/schema\/logo\/image\/"}}]}},"publishpress_future_workflow_manual_trigger":{"enabledWorkflows":[]},"distributor_meta":false,"distributor_terms":false,"distributor_media":false,"distributor_original_site_name":"Lindstr\u00f6m Czech","distributor_original_site_url":"https:\/\/lindstromgroup.com\/cz","push-errors":false,"_links":{"self":[{"href":"https:\/\/lindstromgroup.com\/cz\/wp-json\/wp\/v2\/services\/16870","targetHints":{"allow":["GET"]}}],"collection":[{"href":"https:\/\/lindstromgroup.com\/cz\/wp-json\/wp\/v2\/services"}],"about":[{"href":"https:\/\/lindstromgroup.com\/cz\/wp-json\/wp\/v2\/types\/services"}],"author":[{"embeddable":true,"href":"https:\/\/lindstromgroup.com\/cz\/wp-json\/wp\/v2\/users\/79"}],"up":[{"embeddable":true,"href":"https:\/\/lindstromgroup.com\/cz\/wp-json\/wp\/v2\/services\/17095"}],"wp:featuredmedia":[{"embeddable":true,"href":"https:\/\/lindstromgroup.com\/cz\/wp-json\/wp\/v2\/media\/16871"}],"wp:attachment":[{"href":"https:\/\/lindstromgroup.com\/cz\/wp-json\/wp\/v2\/media?parent=16870"}],"wp:term":[{"taxonomy":"author","embeddable":true,"href":"https:\/\/lindstromgroup.com\/cz\/wp-json\/wp\/v2\/coauthors?post=16870"}],"curies":[{"name":"wp","href":"https:\/\/api.w.org\/{rel}","templated":true}]}}