
    {"id":17664,"date":"2024-04-18T10:09:42","date_gmt":"2024-04-18T09:09:42","guid":{"rendered":"https:\/\/lindstromgroup.com\/cz\/?page_id=17664"},"modified":"2024-12-10T09:06:06","modified_gmt":"2024-12-10T08:06:06","slug":"slovnik-lindstrom","status":"publish","type":"page","link":"https:\/\/lindstromgroup.com\/cz\/slovnik-lindstrom\/","title":{"rendered":"Slovn\u00edk Lindstr\u00f6m"},"content":{"rendered":"\n    <div\n        id=\"block_9010914576813d5c60953135d7bed9f9\"\n        class=\"hero-sub hero-sub--block_9010914576813d5c60953135d7bed9f9  flex flex-col-reverse lg:flex-row justify-between bg-dark-blue text-white\"\n    >        \n        <div class=\"flex flex-col gap-5 pt-10 pb-5 grow px-5 lg:px-20\">\n            <div class=\"flex flex-col justify-center gap-3 grow max-w-[var(--container-text-max)]\">\n                <h1 class=\"!mb-0 !text-white !text-title-medium lg:!text-title-large !font-bold hyphens-auto break-words\">\n                    Slovn\u00edk Lindstr\u00f6m                <\/h1>\n    \n                <div class=\"hero-sub__description\">\n                                    <\/div>\n    \n                \n                            <\/div>\n                            <div class=\"font-bold hero-sub__breadcrumb text-body-small\">\n                        <span><span><a href=\"https:\/\/lindstromgroup.com\/cz\/\">Home<\/a><\/span><\/span>                <\/div>\n                    <\/div>\n\n        <div class=\"[&#038;_picture]:w-full flex h-full lg:h-auto max-h-[350px] lg:max-h-none lg:min-h-full w-full lg:w-[650px]\">\n            <img decoding=\"async\"\n                class=\"object-cover w-full h-full\"\n                src=\"https:\/\/d2ris6qfzcz0wn.cloudfront.net\/wp-content\/uploads\/sites\/25\/2024\/04\/AdobeStock_27928371-1400x933-1-1024x682.jpeg\"\n                alt=\"Slovn\u00edk Lindstr\u00f6m\"\n            >\n        <\/div>\n    <\/div>\n\n\n\n        <style>\n            .lindstrom-container--block_f262955b77e85256de7b2a5cfd6c7bb6 {                \n                padding-top: 35px;\n                padding-bottom: 35px;\n            }\n\n            @media screen and (min-width: 768px) {\n                .lindstrom-container--block_f262955b77e85256de7b2a5cfd6c7bb6 {\n                    padding-top: 75px;\n                    padding-bottom: 75px;\n                }\n            }\n        <\/style>\n    \n<div\n    class=\"lindstrom-container-wrapper lindstrom-container lindstrom-container--block_f262955b77e85256de7b2a5cfd6c7bb6 \"\n    id=\"block_f262955b77e85256de7b2a5cfd6c7bb6\"\n    style=\"background-color: #ffffff\"\n    >\n    <div class=\"lindstrom-container lindstrom-container--content items-stretch\">\n        \n\n<p class=\"has-lead-font-size\"><strong><a href=\"#akryl\">A<\/a> <a href=\"#balaklava\"> B<\/a>  <a href=\"#coolmax\">C<\/a>  D  <a href=\"#ecovadis\">E<\/a>  <a href=\"#fleece\">F<\/a>  G  <a href=\"#hygienick\u00e9 normy\">H<\/a>  <a href=\"#ifs\">I<\/a>  J  K  <a href=\"#logo\">L<\/a>  M  N  <a href=\"#Oeko-Tex\u00ae\">O<\/a>  <a href=\"#pod\u0161\u00edvka\">P<\/a>  Q  <a href=\"#reflexn\u00ed pracovn\u00ed od\u011bvy\">R<\/a>  <a href=\"#s\u00e1lav\u00e9 teplo\">S<\/a> <a href=\"#tencel\"> T<\/a>  <a href=\"#udr\u017eitelnost\">U<\/a>  <a href=\"#visk\u00f3za\">V<\/a>  W  X  Y  <a href=\"#zimn\u00ed pracovn\u00ed od\u011bvy\">Z<\/a><\/strong><\/p>\n\n\n\n<div style=\"height:29px\" aria-hidden=\"true\" class=\"wp-block-spacer\"><\/div>\n\n\n\n<div class=\"wp-block-columns is-layout-flex wp-container-core-columns-is-layout-28f84493 wp-block-columns-is-layout-flex\">\n<div class=\"wp-block-column is-vertically-aligned-top is-layout-flow wp-block-column-is-layout-flow\" style=\"flex-basis:33.33%\">\n<h2 class=\"wp-block-heading\" id=\"akryl\"><strong>Akryl<\/strong><\/h2>\n<\/div>\n\n\n\n<div class=\"wp-block-column is-layout-flow wp-block-column-is-layout-flow\" style=\"flex-basis:66.66%\">\n<p><strong>Akryl <\/strong>nebo polyakryl je syntetick\u00e9 vl\u00e1kno velmi podobn\u00e9 vln\u011b. Akryl je velmi pru\u017en\u00fd, hebk\u00fd a m\u00e1 dobr\u00e9 termoizola\u010dn\u00ed vlastnosti.<\/p>\n<\/div>\n<\/div>\n\n\n\n<div class=\"wp-block-columns is-layout-flex wp-container-core-columns-is-layout-28f84493 wp-block-columns-is-layout-flex\">\n<div class=\"wp-block-column is-vertically-aligned-top is-layout-flow wp-block-column-is-layout-flow\" style=\"flex-basis:33.33%\">\n<h2 class=\"wp-block-heading\" id=\"antistatick\u00fd\"><strong>Antistatick\u00fd<\/strong><\/h2>\n<\/div>\n\n\n\n<div class=\"wp-block-column is-layout-flow wp-block-column-is-layout-flow\" style=\"flex-basis:66.66%\">\n<p><a href=\"https:\/\/lindstromgroup.com\/cz\/servisni-sluzby\/workwear-service\/antistaticke-pracovni-odevy-odolne-proti-plameni\/\"><strong>Antistatick\u00fd<\/strong> pracovn\u00ed od\u011bv<\/a> zabra\u0148uje nebo omezuje vznik elektrostatick\u00fdm v\u00fdboj\u016fm. Povinnost pou\u017e\u00edt antistatick\u00fd od\u011bv stanovuje p\u0159\u00edmo zam\u011bstnavatel. Pot\u0159ebovat jej budete v nebezpe\u010dn\u00e9m prost\u0159ed\u00ed &#8211; v ho\u0159lav\u00e9m, v\u00fdbu\u0161n\u00e9m nebo jinak elektricky nabit\u00e9m. ESD prost\u0159ed\u00ed je nejv\u011bt\u0161\u00edm nep\u0159\u00edtelem elektrostatick\u00fd v\u00fdboj. Pokud bude siln\u00fd, m\u016f\u017ee ohrozit na zdrav\u00ed i v\u00e1s. Slab\u00fd v\u00fdboj (i pouh\u00fdch 10 V) m\u016f\u017ee po\u0161kodit v\u00fdrobky a p\u0159\u00edstroje, kter\u00e9 na pracovi\u0161ti pou\u017e\u00edv\u00e1me. Ty pot\u00e9 nemus\u00ed fungovat spr\u00e1vn\u011b a m\u016f\u017ee doj\u00edt k mnohem v\u011bt\u0161\u00edmu ne\u0161t\u011bst\u00ed.<\/p>\n<\/div>\n<\/div>\n\n\n\n<div class=\"wp-block-columns is-layout-flex wp-container-core-columns-is-layout-28f84493 wp-block-columns-is-layout-flex\">\n<div class=\"wp-block-column is-vertically-aligned-top is-layout-flow wp-block-column-is-layout-flow\" style=\"flex-basis:33.33%\">\n<h2 class=\"wp-block-heading\"><strong>Aramidov\u00e1 vl\u00e1kna<\/strong><\/h2>\n<\/div>\n\n\n\n<div class=\"wp-block-column is-layout-flow wp-block-column-is-layout-flow\" style=\"flex-basis:66.66%\">\n<p><strong>Aramidov\u00e1 vl\u00e1kna<\/strong> jsou vl\u00e1kna a&nbsp;polyamid\u016f s&nbsp;dlouh\u00fdm uhlovod\u00edkov\u00fdm \u0159et\u011bzcem, z&nbsp;jeho\u017e peptidick\u00fdch vazeb nejm\u00e9n\u011b 85% mus\u00ed b\u00fdt spojeno se&nbsp;dv\u011bma aromatick\u00fdmi j\u00e1dry. Mezi jejich hlavn\u00ed p\u0159ednosti pat\u0159\u00ed vysok\u00e1 pevnost v tahu. Aramidov\u00e1 jsou zn\u00e1m\u00e1 p\u0159edev\u0161\u00edm pod obchodn\u00edm n\u00e1zvem KEVLAR\u00ae.<\/p>\n<\/div>\n<\/div>\n\n\n\n<div class=\"wp-block-columns is-layout-flex wp-container-core-columns-is-layout-28f84493 wp-block-columns-is-layout-flex\">\n<div class=\"wp-block-column is-vertically-aligned-top is-layout-flow wp-block-column-is-layout-flow\" style=\"flex-basis:33.33%\">\n<h2 class=\"wp-block-heading\" id=\"balaklava\"><strong>Balaklava<\/strong><\/h2>\n<\/div>\n\n\n\n<div class=\"wp-block-column is-layout-flow wp-block-column-is-layout-flow\" style=\"flex-basis:66.66%\">\n<p><strong><a href=\"https:\/\/lindstromgroup.com\/cz\/servisni-sluzby\/pracovni-cepice\/\">Balaklava<\/a> <\/strong>je pracovn\u00ed pokr\u00fdvka hlavy, kter\u00e1 se pou\u017e\u00edv\u00e1 jako ochrann\u00fd prost\u0159edek v gastro a potravin\u00e1\u0159sk\u00fdch provozech. Chr\u00e1n\u00ed vlasy a hlavu p\u0159ed u\u0161pin\u011bn\u00edm a p\u0159edev\u0161\u00edm zajist\u00ed, \u017ee vlasy pracovn\u00edk\u016f nekontaminuj\u00ed v\u00fdrobky a v\u00fdrobn\u00ed za\u0159\u00edzen\u00ed. Zakr\u00fdv\u00e1 celou hlavu, krk a \u010d\u00e1st ramen. Je vyrobena z p\u0159\u00edjemn\u00e9ho a prody\u0161n\u00e9ho s\u00ed\u0165ovan\u00e9ho polyesteru. Necuch\u00e1 vlasy jako klasick\u00e9 pracovn\u00edch \u010depice se s\u00ed\u0165kou a jemn\u011b spl\u00fdv\u00e1 p\u0159es hlavu.<\/p>\n<\/div>\n<\/div>\n\n\n\n<div class=\"wp-block-columns is-layout-flex wp-container-core-columns-is-layout-28f84493 wp-block-columns-is-layout-flex\">\n<div class=\"wp-block-column is-vertically-aligned-top is-layout-flow wp-block-column-is-layout-flow\" style=\"flex-basis:33.33%\">\n<h2 class=\"wp-block-heading\" id=\"bavlna\"><strong>Bavlna<\/strong><\/h2>\n<\/div>\n\n\n\n<div class=\"wp-block-column is-layout-flow wp-block-column-is-layout-flow\" style=\"flex-basis:66.66%\">\n<p><strong>Bavlna<\/strong> se vyr\u00e1b\u00ed ze semen rostlin rodu Gossypium, kter\u00e9 zn\u00e1me jako bavln\u00edk. Jednou z d\u016fle\u017eit\u00fdch vlastnost\u00ed bavlny je jej\u00ed odolnost proti mechanick\u00fdm a chemick\u00fdm vliv\u016fm a jej\u00ed skv\u011bl\u00e1 pevnost v tahu a v od\u011bru. Pokud se bavlna namo\u010d\u00ed, jej\u00ed pevnost se nav\u00edc zvy\u0161uje, a to a\u017e o 20 %. To je hlavn\u00ed d\u016fvod, pro\u010d jsou pracovn\u00ed od\u011bvy z bavlny velmi trvanliv\u00e9 a dob\u0159e sn\u00e1\u0161ej\u00ed \u010dast\u011bj\u0161\u00ed pran\u00ed. Bavln\u011bn\u00e9 pracovn\u00ed od\u011bvy jsou nejv\u00edce vyu\u017e\u00edv\u00e1ny ve v\u00fdrobn\u00edch provozech, kde je velmi d\u016fle\u017eit\u00e1 \u010distota od\u011bvu (\u010dast\u00e9 pran\u00ed) a z\u00e1rove\u0148 pohodl\u00ed p\u0159i nam\u00e1hav\u00e9 pr\u00e1ci. Jedn\u00e1 se v\u011bt\u0161inou o potravin\u00e1\u0159sk\u00e9 v\u00fdroby, nap\u0159\u00edklad <a href=\"https:\/\/lindstromgroup.com\/cz\/servisni-sluzby\/workwear-service\/reznici\/\">zpracov\u00e1n\u00ed a v\u00fdroba masn\u00fdch v\u00fdrobk\u016f<\/a> nebo <a href=\"https:\/\/lindstromgroup.com\/cz\/servisni-sluzby\/workwear-service\/pekari\/\">peka\u0159sk\u00e1 v\u00fdroba<\/a>.<\/p>\n<\/div>\n<\/div>\n\n\n\n<div class=\"wp-block-columns is-layout-flex wp-container-core-columns-is-layout-28f84493 wp-block-columns-is-layout-flex\">\n<div class=\"wp-block-column is-vertically-aligned-top is-layout-flow wp-block-column-is-layout-flow\" style=\"flex-basis:33.33%\">\n<h2 class=\"wp-block-heading\" id=\"BRC standard\"><strong>BRC standard<\/strong><\/h2>\n<\/div>\n\n\n\n<div class=\"wp-block-column is-layout-flow wp-block-column-is-layout-flow\" style=\"flex-basis:66.66%\">\n<p><strong>BRC standard<\/strong> je certifikace bezpe\u010dnosti potravin. Je z\u00e1rukou spolehlivosti cel\u00e9ho dodavatelsk\u00e9ho \u0159et\u011bzce. Dodavatel\u00e9 garantuj\u00ed standardizaci po\u017eadavk\u016f na kvalitu, bezpe\u010dnost a provoz. BRC certifik\u00e1t tak\u00e9 stanovuje krit\u00e9ria pro v\u00fdrobn\u00ed praxi a d\u00edky tomu d\u00e1v\u00e1 koncov\u00fdm z\u00e1kazn\u00edk\u016fm jistotu, \u017ee fin\u00e1ln\u00ed potravin\u00e1\u0159sk\u00e9 v\u00fdrobky jsou bezpe\u010dn\u00e9, vysoce kvalitn\u00ed a odpov\u00eddaj\u00ed p\u0159edpis\u016fm. Podle \u00farovn\u011b rizika jednotliv\u00fdch potravin\u00e1\u0159sk\u00fdch provoz\u016f maj\u00ed zam\u011bstnanci r\u016fzn\u00e9&nbsp;pracovn\u00ed od\u011bvy. \u010c\u00edm je vy\u0161\u0161\u00ed riziko <a href=\"https:\/\/lindstromgroup.com\/cz\/article\/zajisteni-bezpecnosti-potravin-klicova-role-designu-pracovnich-odevu-pri-prevenci-krizove-kontaminace\/\">kontaminace<\/a>, t\u00edm p\u0159\u00edsn\u011bj\u0161\u00ed jsou&nbsp;n\u00e1roky na pracovn\u00ed od\u011bv, jeho zpracov\u00e1n\u00ed a jeho v\u00fdm\u011bnu.<\/p>\n<\/div>\n<\/div>\n\n\n\n<div class=\"wp-block-columns is-layout-flex wp-container-core-columns-is-layout-28f84493 wp-block-columns-is-layout-flex\">\n<div class=\"wp-block-column is-vertically-aligned-top is-layout-flow wp-block-column-is-layout-flow\" style=\"flex-basis:33.33%\">\n<h2 class=\"wp-block-heading\" id=\"coolmax\"><strong>Coolmax<\/strong><\/h2>\n<\/div>\n\n\n\n<div class=\"wp-block-column is-layout-flow wp-block-column-is-layout-flow\" style=\"flex-basis:66.66%\">\n<p><strong>Coolmax j<\/strong>e polyesterov\u00e9 vl\u00e1kno pou\u017e\u00edvan\u00e9 ve sm\u011bsov\u00fdch materi\u00e1lech pro v\u00fdrobu pracovn\u00edch od\u011bv\u016f. Je unik\u00e1tn\u00ed odvodem vlhkosti, antibakteri\u00e1ln\u00ed \u00fapravou, v\u00fdbornou tvarovou st\u00e1lost\u00ed a elasticitou. Coolmax vl\u00e1kna jsou nav\u00edc obohacena o ionty st\u0159\u00edbra, kter\u00e9 rozkl\u00e1daj\u00ed bun\u011b\u010dnou st\u011bnu mikroorganism\u016f a zamezuj\u00ed tak tvorb\u011b z\u00e1pachu.<\/p>\n<\/div>\n<\/div>\n\n\n\n<div class=\"wp-block-columns is-layout-flex wp-container-core-columns-is-layout-28f84493 wp-block-columns-is-layout-flex\">\n<div class=\"wp-block-column is-vertically-aligned-top is-layout-flow wp-block-column-is-layout-flow\" style=\"flex-basis:33.33%\">\n<h2 class=\"wp-block-heading\" id=\"ecovadis\"><strong>EcoVadis<\/strong><\/h2>\n<\/div>\n\n\n\n<div class=\"wp-block-column is-layout-flow wp-block-column-is-layout-flow\" style=\"flex-basis:66.66%\">\n<p><a href=\"https:\/\/ecovadis.com\/\"><strong>EcoVadis<\/strong><\/a> je mezin\u00e1rodn\u011b uzn\u00e1van\u00fd hodnotitel udr\u017eitelnosti podnik\u00e1n\u00ed a referen\u010dn\u00edm subjektem v B2B sektorech a glob\u00e1ln\u00edch dodavatelsk\u00fdch \u0159et\u011bzc\u00edch. Hodnocen\u00ed prob\u00edh\u00e1 na z\u00e1klad\u011b 21 krit\u00e9ri\u00ed rozd\u011blen\u00fdch do \u010dty\u0159 oblast\u00ed: \u017eivotn\u00ed prost\u0159ed\u00ed, pracovn\u00ed a lidsk\u00e1 pr\u00e1va, etika a udr\u017eiteln\u00e9 podnik\u00e1n\u00ed. Lindstr\u00f6m dos\u00e1hl <a href=\"https:\/\/lindstromgroup.com\/cz\/certifikace\/\"><strong>platinov\u00e9 medaile EcoVadis<\/strong><\/a> a pat\u0159\u00edme mezi TOP 1% nejlep\u0161\u00edch mezi v\u00edce ne\u017e 130.000 spole\u010dnostmi hodnocen\u00fdmi organizac\u00ed EcoVadis.<\/p>\n\n\n\n<p>Medaile EcoVadis oce\u0148uj\u00ed spole\u010dnosti, kter\u00e9 dokon\u010dily proces hodnocen\u00ed EcoVadis a ve srovn\u00e1n\u00ed s jin\u00fdmi hodnocen\u00fdmi spole\u010dnostmi prok\u00e1zaly siln\u00fd syst\u00e9m \u0159\u00edzen\u00ed, kter\u00fd odpov\u00edd\u00e1 krit\u00e9ri\u00edm udr\u017eitelnosti EcoVadis.<\/p>\n<\/div>\n<\/div>\n\n\n\n<div class=\"wp-block-columns is-layout-flex wp-container-core-columns-is-layout-28f84493 wp-block-columns-is-layout-flex\">\n<div class=\"wp-block-column is-vertically-aligned-top is-layout-flow wp-block-column-is-layout-flow\" style=\"flex-basis:33.33%\">\n<h2 class=\"wp-block-heading\" id=\"elastan\"><strong>Elastan<\/strong><\/h2>\n<\/div>\n\n\n\n<div class=\"wp-block-column is-layout-flow wp-block-column-is-layout-flow\" style=\"flex-basis:66.66%\">\n<p><strong>Elastan<\/strong> je vysoce pru\u017en\u00e9 syntetick\u00e9 vl\u00e1kno. Pou\u017e\u00edv\u00e1 se do pracovn\u00edch od\u011bv\u016f, aby bylo dosa\u017eeno maxim\u00e1ln\u00edho pohodl\u00ed p\u0159i jak\u00e9mkoliv pracovn\u00edm pohybu. V <a href=\"https:\/\/lindstromgroup.com\/cz\/servisni-sluzby\/service-page-template\/pracovni-odevy-pro-automotive\/\">Lindstr\u00f6m kolekci pracovn\u00edch od\u011bv\u016f <\/a>najdete elastan t\u0159eba v pracovn\u00edch kalhot\u00e1ch pro skladn\u00edky nebo v kolekci ProStrech pro mont\u00e1\u017en\u00edky a stroja\u0159e.<\/p>\n<\/div>\n<\/div>\n\n\n\n<div class=\"wp-block-columns is-layout-flex wp-container-core-columns-is-layout-28f84493 wp-block-columns-is-layout-flex\">\n<div class=\"wp-block-column is-vertically-aligned-top is-layout-flow wp-block-column-is-layout-flow\" style=\"flex-basis:33.33%\">\n<h2 class=\"wp-block-heading\" id=\"elasticita\"><strong>Elasticita<\/strong><\/h2>\n<\/div>\n\n\n\n<div class=\"wp-block-column is-layout-flow wp-block-column-is-layout-flow\" style=\"flex-basis:66.66%\">\n<p><strong>Elasticita <\/strong>neboli pru\u017enost je d\u016fle\u017eit\u00e1 vlastnost textiln\u00edch materi\u00e1l\u016f, kter\u00e9 se pou\u017e\u00edvaj\u00ed pro v\u00fdrobu pracovn\u00edch od\u011bv\u016f. Nejzn\u00e1m\u011bj\u0161\u00ed elastick\u00e9 materi\u00e1ly pro pracovn\u00ed od\u011bvy jsou lycra, elastan nebo spandex.<\/p>\n<\/div>\n<\/div>\n\n\n\n<div class=\"wp-block-columns is-layout-flex wp-container-core-columns-is-layout-28f84493 wp-block-columns-is-layout-flex\">\n<div class=\"wp-block-column is-vertically-aligned-top is-layout-flow wp-block-column-is-layout-flow\" style=\"flex-basis:33.33%\">\n<h2 class=\"wp-block-heading\" id=\"elektrick\u00e1 vodivost\"><strong>Elektrick\u00e1 vodivost<\/strong><\/h2>\n<\/div>\n\n\n\n<div class=\"wp-block-column is-layout-flow wp-block-column-is-layout-flow\" style=\"flex-basis:66.66%\">\n<p><strong>Elektrick\u00e1 vodivost <\/strong>je fyzik\u00e1ln\u00ed vlastnost materi\u00e1lu, kter\u00e1 popisuje schopnost v\u00e9st elektrick\u00fd proud. Elektrick\u00e1 vodivost ud\u00e1v\u00e1 velikost elektrick\u00e9ho proudu proch\u00e1zej\u00edc\u00ed vodi\u010dem p\u0159i jednotkov\u00e9m nap\u011bt\u00ed na jeho konc\u00edch. \u010c\u00edm v\u011bt\u0161\u00ed je vodivost, t\u00edm siln\u011bj\u0161\u00ed elektrick\u00fd proud proch\u00e1z\u00ed vodi\u010dem p\u0159i stejn\u00e9m nap\u011bt\u00ed. ESD od\u011bvy jsou vybaveny vodivou antistatickou m\u0159\u00ed\u017ekou v l\u00e1tce, kter\u00e1 vyb\u00edj\u00ed elektrostatick\u00e9 n\u00e1boje generovan\u00e9 na od\u011bvu.<\/p>\n<\/div>\n<\/div>\n\n\n\n<div class=\"wp-block-columns is-layout-flex wp-container-core-columns-is-layout-28f84493 wp-block-columns-is-layout-flex\">\n<div class=\"wp-block-column is-vertically-aligned-top is-layout-flow wp-block-column-is-layout-flow\" style=\"flex-basis:33.33%\">\n<h2 class=\"wp-block-heading\" id=\"esd pracovi\u0161t\u011b\"><strong>ESD pracovi\u0161t\u011b<\/strong><\/h2>\n<\/div>\n\n\n\n<div class=\"wp-block-column is-layout-flow wp-block-column-is-layout-flow\" style=\"flex-basis:66.66%\">\n<p><strong>ESD pracovi\u0161t\u011b j<\/strong>e stabiln\u00ed antistatick\u00e9 prost\u0159ed\u00ed, kter\u00e9 odpov\u00edd\u00e1 norm\u011b EN 61 340-5-1 a vyskytuje se zejm\u00e9na ve v\u00fdrob\u011b mikroelektroniky. Pro tohoto pracovi\u0161t\u011b jsou nezbytn\u00e9 <a href=\"https:\/\/lindstromgroup.com\/cz\/servisni-sluzby\/service-page-template\/collection-page-template\/antistaticke-esd-plaste\/\">ESD pracovn\u00ed od\u011bvy<\/a>, kter\u00e9 maj\u00ed schopnost vyb\u00edjet elektrostatick\u00e9 n\u00e1boje generovan\u00e9 na od\u011bvu kontrolovan\u00fdm zp\u016fsobem.<\/p>\n<\/div>\n<\/div>\n\n\n\n<div class=\"wp-block-columns is-layout-flex wp-container-core-columns-is-layout-28f84493 wp-block-columns-is-layout-flex\">\n<div class=\"wp-block-column is-vertically-aligned-top is-layout-flow wp-block-column-is-layout-flow\" style=\"flex-basis:33.33%\">\n<h2 class=\"wp-block-heading\" id=\"fleece\"><strong>Fleece<\/strong><\/h2>\n<\/div>\n\n\n\n<div class=\"wp-block-column is-layout-flow wp-block-column-is-layout-flow\" style=\"flex-basis:66.66%\">\n<p><strong>Fleece<\/strong> (fl\u00eds) je funk\u010dn\u00ed syntetick\u00e1 pletenina, vyroben\u00e1 z polyesterov\u00fdch vl\u00e1ken, kter\u00e9 jsou b\u011bhem v\u00fdrobn\u00edho procesu na obou stran\u00e1ch vy\u010desan\u00e9 a zast\u0159i\u017een\u00e9 na pot\u0159ebnou d\u00e9lku. Vl\u00e1knit\u00fd povrch fleece materi\u00e1l\u016f m\u00e1 termoizola\u010dn\u00ed funkci a star\u00e1 se i o odvod vlhkosti od t\u011bla. V pracovn\u00edch od\u011bvech se pou\u017e\u00edv\u00e1 pro zateplen\u00ed l\u00edmc\u016f pracovn\u00edch bund, ale velmi obl\u00edben\u00e9 jsou i fleece pracovn\u00ed mikiny.<\/p>\n<\/div>\n<\/div>\n\n\n\n<div class=\"wp-block-columns is-layout-flex wp-container-core-columns-is-layout-28f84493 wp-block-columns-is-layout-flex\">\n<div class=\"wp-block-column is-vertically-aligned-top is-layout-flow wp-block-column-is-layout-flow\" style=\"flex-basis:33.33%\">\n<h2 class=\"wp-block-heading\" id=\"hygienick\u00e9 normy\"><strong>Hygienick\u00e9 normy<\/strong><\/h2>\n<\/div>\n\n\n\n<div class=\"wp-block-column is-layout-flow wp-block-column-is-layout-flow\" style=\"flex-basis:66.66%\">\n<p><strong>Hygienick\u00e9 normy<\/strong> jsou nejd\u016fle\u017eit\u011bj\u0161\u00ed v potravin\u00e1\u0159sk\u00e9m pr\u016fmyslu. Stanovuj\u00ed obecn\u00e9 hygienick\u00e9 po\u017eadavky vztahuj\u00edc\u00ed se na v\u0161echny f\u00e1ze v\u00fdroby, zpracov\u00e1n\u00ed a distribuci potravin. Nejv\u00edce pou\u017e\u00edvan\u00e9 mezin\u00e1rodn\u00ed i n\u00e1rodn\u00ed normy v potravin\u00e1\u0159stv\u00ed jsou ISO 22000, BRC, Tesco \u010di HACCP.<\/p>\n<\/div>\n<\/div>\n\n\n\n<div class=\"wp-block-columns is-layout-flex wp-container-core-columns-is-layout-28f84493 wp-block-columns-is-layout-flex\">\n<div class=\"wp-block-column is-vertically-aligned-top is-layout-flow wp-block-column-is-layout-flow\" style=\"flex-basis:33.33%\">\n<h2 class=\"wp-block-heading\" id=\"hypoalergenn\u00ed\"><strong>Hypoalergenn\u00ed<\/strong><\/h2>\n<\/div>\n\n\n\n<div class=\"wp-block-column is-layout-flow wp-block-column-is-layout-flow\" style=\"flex-basis:66.66%\">\n<p><strong>Hypoalergenn\u00ed <\/strong>znamen\u00e1 \u201epod norm\u00e1ln\u00ed\u201c nebo \u201em\u00edrn\u011b\u201c alergenn\u00ed. Tento term\u00edn se pou\u017e\u00edv\u00e1 k popisu textiln\u00edch materi\u00e1l\u016f, kter\u00e9 zp\u016fsobuj\u00ed nebo se o nich tvrd\u00ed, \u017ee zp\u016fsobuj\u00ed m\u00e9n\u011b alergick\u00fdch reakc\u00ed.<\/p>\n<\/div>\n<\/div>\n\n\n\n<div class=\"wp-block-columns is-layout-flex wp-container-core-columns-is-layout-28f84493 wp-block-columns-is-layout-flex\">\n<div class=\"wp-block-column is-vertically-aligned-top is-layout-flow wp-block-column-is-layout-flow\" style=\"flex-basis:33.33%\">\n<h2 class=\"wp-block-heading\" id=\"ifs\"><strong>IFS<\/strong><\/h2>\n<\/div>\n\n\n\n<div class=\"wp-block-column is-layout-flow wp-block-column-is-layout-flow\" style=\"flex-basis:66.66%\">\n<p>\u200bMezin\u00e1rodn\u00ed norma potravin<strong> IFS<\/strong> je spole\u010dn\u00fd standard pro bezpe\u010dnost potravin, kter\u00fd pou\u017e\u00edv\u00e1 jednotn\u00fd syst\u00e9m hodnocen\u00ed pro kvalifikaci a v\u00fdb\u011br dodavatel\u016f. Pom\u00e1h\u00e1 v\u00fdrobc\u016fm a prodejc\u016fm potravin zajistit bezpe\u010dnost nab\u00edzen\u00fdch produkt\u016f a hodnot\u00ed \u00farove\u0148 kvality v\u00fdrobc\u016f zna\u010dkov\u00fdch potravin\u00e1\u0159sk\u00fdch v\u00fdrobk\u016f. V\u00edce o po\u017eadavc\u00edch na\u0161ich z\u00e1kazn\u00edk\u016f z potravin\u00e1\u0159sk\u00e9ho oboru najdete v rozhovoru na na\u0161em blogu.<\/p>\n<\/div>\n<\/div>\n\n\n\n<div class=\"wp-block-columns is-layout-flex wp-container-core-columns-is-layout-28f84493 wp-block-columns-is-layout-flex\">\n<div class=\"wp-block-column is-vertically-aligned-top is-layout-flow wp-block-column-is-layout-flow\" style=\"flex-basis:33.33%\">\n<h2 class=\"wp-block-heading\" id=\"iso normy\"><strong>ISO normy<\/strong><\/h2>\n<\/div>\n\n\n\n<div class=\"wp-block-column is-layout-flow wp-block-column-is-layout-flow\" style=\"flex-basis:66.66%\">\n<p><strong>ISO normy <\/strong>jsou mezin\u00e1rodn\u00ed standardy, kter\u00e9 vyd\u00e1v\u00e1 Mezin\u00e1rodn\u00ed organizace pro normalizaci (International Organization for Standardization). <a href=\"https:\/\/lindstromgroup.com\/cz\/article\/proc-jsou-v-prumyslu-dulezite-iso-normy\/\" target=\"_blank\" rel=\"noreferrer noopener\">ISO normy <\/a>definuj\u00ed zp\u016fsob, jak n\u011bco d\u011blat. Mohou se t\u00fdkat v\u00fdroby, procesn\u00edho \u0159\u00edzen\u00ed, poskytov\u00e1n\u00ed slu\u017eeb nebo dod\u00e1vek materi\u00e1l\u016f.<\/p>\n<\/div>\n<\/div>\n\n\n\n<div class=\"wp-block-columns is-layout-flex wp-container-core-columns-is-layout-28f84493 wp-block-columns-is-layout-flex\">\n<div class=\"wp-block-column is-vertically-aligned-top is-layout-flow wp-block-column-is-layout-flow\" style=\"flex-basis:33.33%\">\n<h2 class=\"wp-block-heading\" id=\"logo\"><strong>Logo<\/strong><\/h2>\n<\/div>\n\n\n\n<div class=\"wp-block-column is-layout-flow wp-block-column-is-layout-flow\" style=\"flex-basis:66.66%\">\n<p><strong>Logo<\/strong> firmy je jedn\u00edm z hlavn\u00edch grafick\u00fdch aspekt\u016f firmy Jeho tvary a barvy odli\u0161uj\u00ed firmu od konkurence a tvo\u0159\u00ed pov\u011bdom\u00ed o firemn\u00ed zna\u010dce. Firemn\u00ed logo se \u010dasto pou\u017e\u00edv\u00e1 na pracovn\u00edch od\u011bvech, ale lze ho tak\u00e9 pou\u017e\u00edt p\u0159i v\u00fdrob\u011b <strong><a href=\"https:\/\/lindstromgroup.com\/cz\/servisni-sluzby\/cistici-rohoze-na-miru\/\">designov\u00fdch \u010dist\u00edc\u00edch roho\u017e\u00ed<\/a><\/strong>. Pro zv\u00fd\u0161en\u00ed zapamatovatelnosti firmy a pro zaktraktiv\u011bn\u00ed firemn\u00edch prostor.<\/p>\n<\/div>\n<\/div>\n\n\n\n<div class=\"wp-block-columns is-layout-flex wp-container-core-columns-is-layout-28f84493 wp-block-columns-is-layout-flex\">\n<div class=\"wp-block-column is-vertically-aligned-top is-layout-flow wp-block-column-is-layout-flow\" style=\"flex-basis:33.33%\">\n<h2 class=\"wp-block-heading\" id=\"lycra\"><strong>Lycra<\/strong><\/h2>\n<\/div>\n\n\n\n<div class=\"wp-block-column is-layout-flow wp-block-column-is-layout-flow\" style=\"flex-basis:66.66%\">\n<p><strong>Lycra <\/strong>je obchodn\u00ed n\u00e1zev m\u011bkk\u00e9ho elastick\u00e9ho vl\u00e1kna z polyuretanu, kter\u00e9 v severn\u00ed Americe znaj\u00ed pod n\u00e1zvem spandex a v Evrop\u011b se objevuje pod n\u00e1zvem elastan a lycra. N\u00e1zev lycra je od roku 1958 obchodn\u00edm n\u00e1zvem pro elastan firmy DuPont. Lycra b\u00fdv\u00e1 t\u00e9m\u011b\u0159 v\u017edy sm\u00edch\u00e1na s jinou tkaninou, nej\u010dast\u011bji s bavlnou nebo polyesterem a d\u00edky kombinaci vlastnost\u00ed obou t\u011bchto materi\u00e1l\u016f, oble\u010den\u00ed vytvo\u0159\u00ed doslova druhou k\u016f\u017ei. Lycra se toti\u017e dok\u00e1\u017ee dokonale p\u0159izp\u016fsobit t\u011blu, a to bez omezen\u00ed pohybu. Elastick\u00e9 vl\u00e1kno tak umo\u017e\u0148uje voln\u00fd pohyb, kter\u00fd ocen\u00edte nejen p\u0159i sportu, ale i p\u0159i pr\u00e1ci.<\/p>\n<\/div>\n<\/div>\n\n\n\n<div class=\"wp-block-columns is-layout-flex wp-container-core-columns-is-layout-28f84493 wp-block-columns-is-layout-flex\">\n<div class=\"wp-block-column is-vertically-aligned-top is-layout-flow wp-block-column-is-layout-flow\" style=\"flex-basis:33.33%\">\n<h2 class=\"wp-block-heading\" id=\"Oeko-Tex\u00ae\"><strong>Oeko-Tex\u00ae<\/strong><\/h2>\n<\/div>\n\n\n\n<div class=\"wp-block-column is-layout-flow wp-block-column-is-layout-flow\" style=\"flex-basis:66.66%\">\n<p>Mezin\u00e1rodn\u00ed zna\u010dka <strong>Oeko-Tex\u00ae<\/strong> zaru\u010duje, \u017ee pou\u017eit\u00e9 textilie jsou ekologicky \u0161etrn\u00e9, a to od v\u00fdroby p\u0159\u00edze a\u017e po hotov\u00fd v\u00fdrobek. S pracovn\u00edmi od\u011bvy s certifik\u00e1tem Oeko-Tex\u00ae m\u00e1 spot\u0159ebitel jistotu, \u017ee toto oble\u010den\u00ed neobsahuj\u00ed \u017e\u00e1dn\u00e9 l\u00e1tky \u0161kodliv\u00e9 pro jeho zdrav\u00ed a \u017eivotn\u00ed prost\u0159ed\u00ed. V kolekci pracovn\u00edch od\u011bv\u016f Lindstr\u00f6m je certik\u00e1tem Oeko-Tex\u00ae ozna\u010dena prakticky cel\u00e1 kolekce od\u011bv\u016f pro automobilov\u00fd pr\u016fmysl, mont\u00e1\u017en\u00ed a stroj\u00edrensk\u00fd pr\u016fmysl.<\/p>\n<\/div>\n<\/div>\n\n\n\n<div class=\"wp-block-columns is-layout-flex wp-container-core-columns-is-layout-28f84493 wp-block-columns-is-layout-flex\">\n<div class=\"wp-block-column is-vertically-aligned-top is-layout-flow wp-block-column-is-layout-flow\" style=\"flex-basis:33.33%\">\n<h2 class=\"wp-block-heading\" id=\"pod\u0161\u00edvka\"><strong>Pod\u0161\u00edvka<\/strong><\/h2>\n<\/div>\n\n\n\n<div class=\"wp-block-column is-layout-flow wp-block-column-is-layout-flow\" style=\"flex-basis:66.66%\">\n<p><strong>Pod\u0161\u00edvka<\/strong> je neodd\u011bliteln\u00e1 sou\u010d\u00e1st n\u011bkter\u00fdch pracovn\u00edch od\u011bv\u016f. Pod\u0161\u00edvka uleh\u010duje obl\u00e9k\u00e1n\u00ed, proto mus\u00ed b\u00fdt hladk\u00e1, spl\u00fdvav\u00e1, nesm\u00ed b\u00fdt tuh\u00e1. Pod\u0161\u00edvka chr\u00e1n\u00ed vrchov\u00fd materi\u00e1l p\u0159ed od\u011brem zevnit\u0159 a p\u0159ed t\u0159epen\u00edm \u0161vov\u00fdch z\u00e1lo\u017eek, proto mus\u00ed m\u00edt vysokou odolnost v od\u011bru a ot\u011bru. Pod\u0161\u00edvka zabra\u0148uje styku poko\u017eky s vrchov\u00fdm materi\u00e1lem a t\u00edm jej\u00edmu dr\u00e1\u017ed\u011bn\u00ed. Umo\u017e\u0148uje odvod potu z poko\u017eky a zvy\u0161uje tepeln\u011b- izola\u010dn\u00ed vlastnosti od\u011bvu. Najdete ji nap\u0159\u00edklad v zimn\u00ed pracovn\u00edch bund\u00e1ch Lindstr\u00f6m nebo v oble\u010den\u00ed pro skladn\u00edky, kter\u00fd pracuj\u00ed v chlazen\u00fdch skladech nebo mraz\u00e1c\u00edch.<\/p>\n<\/div>\n<\/div>\n\n\n\n<div class=\"wp-block-columns is-layout-flex wp-container-core-columns-is-layout-28f84493 wp-block-columns-is-layout-flex\">\n<div class=\"wp-block-column is-vertically-aligned-top is-layout-flow wp-block-column-is-layout-flow\" style=\"flex-basis:33.33%\">\n<h2 class=\"wp-block-heading\" id=\"polyamidov\u00e1 vl\u00e1kna\"><strong>Polyamidov\u00e1 vl\u00e1kna<\/strong><\/h2>\n<\/div>\n\n\n\n<div class=\"wp-block-column is-layout-flow wp-block-column-is-layout-flow\" style=\"flex-basis:66.66%\">\n<p><strong>Polyamidov\u00e1 vl\u00e1kna <\/strong>jsou syntetick\u00e1 vl\u00e1kna, kter\u00e1 se vyzna\u010duj\u00ed vysokou pevnost\u00ed a odolnost\u00ed v od\u011bru. U t\u011bchto materi\u00e1l\u016f cen\u00edme p\u0159edev\u0161\u00edm jejich malou nas\u00e1kavost a schopnost rychle usychat, co\u017e p\u0159isp\u00edv\u00e1 k lep\u0161\u00edmu pocitu sucha p\u0159i no\u0161en\u00ed.<\/p>\n<\/div>\n<\/div>\n\n\n\n<div class=\"wp-block-columns is-layout-flex wp-container-core-columns-is-layout-28f84493 wp-block-columns-is-layout-flex\">\n<div class=\"wp-block-column is-vertically-aligned-top is-layout-flow wp-block-column-is-layout-flow\" style=\"flex-basis:33.33%\">\n<h2 class=\"wp-block-heading\" id=\"polyester\"><strong>Polyester<\/strong><\/h2>\n<\/div>\n\n\n\n<div class=\"wp-block-column is-layout-flow wp-block-column-is-layout-flow\" style=\"flex-basis:66.66%\">\n<p><strong>Polyester <\/strong>je syntetick\u00fd materi\u00e1l, kter\u00fd se vyr\u00e1b\u00ed nej\u010dast\u011bji z tzv. PET (polyetylentereftal\u00e1t). Polyesterov\u00e1 vl\u00e1kna vznikaj\u00ed tak, \u017ee se hmota v tekut\u00e9m stavu protla\u010d\u00ed tryskou, \u010d\u00edm\u017e vznikne vl\u00e1kno. V pracovn\u00edch od\u011bvech se polyesterov\u00e1 vl\u00e1kna ve sm\u011bsov\u00fdch materi\u00e1lech, nap\u0159\u00edklad v kombinaci s bavlnou. Tyto materi\u00e1ly maj\u00ed vlastnosti vyhovuj\u00edc\u00ed pr\u016fmyslov\u00e9mu pran\u00ed: zachov\u00e1vaj\u00ed si st\u00e1lost barvy i po n\u011bkolikan\u00e1sobn\u00e9m pran\u00ed, nesr\u00e1\u017e\u00ed se a zachov\u00e1vaj\u00ed si svou velikost, nema\u010dkaj\u00ed se a neod\u00edraj\u00ed, net\u0159ep\u00ed se (nap\u0159. na man\u017eet\u00e1ch nebo ve \u0161vech).<\/p>\n<\/div>\n<\/div>\n\n\n\n<div class=\"wp-block-columns is-layout-flex wp-container-core-columns-is-layout-28f84493 wp-block-columns-is-layout-flex\">\n<div class=\"wp-block-column is-vertically-aligned-top is-layout-flow wp-block-column-is-layout-flow\" style=\"flex-basis:33.33%\">\n<h2 class=\"wp-block-heading\" id=\"polypropylen\"><strong>Polypropylen<\/strong><\/h2>\n<\/div>\n\n\n\n<div class=\"wp-block-column is-layout-flow wp-block-column-is-layout-flow\" style=\"flex-basis:66.66%\">\n<p><strong>Polypropylen<\/strong> (PP) pat\u0159\u00ed do skupiny polyolefin\u016f a z\u00edsk\u00e1v\u00e1 se v procesu polymerace propenu. Pro svou mimo\u0159\u00e1dnou odolnost a tvrdost se polypropylenov\u00e1 vl\u00e1kna \u010dasto pou\u017e\u00edvaj\u00ed v pracovn\u00edch od\u011bvech.<\/p>\n<\/div>\n<\/div>\n\n\n\n<div class=\"wp-block-columns is-layout-flex wp-container-core-columns-is-layout-28f84493 wp-block-columns-is-layout-flex\">\n<div class=\"wp-block-column is-vertically-aligned-top is-layout-flow wp-block-column-is-layout-flow\" style=\"flex-basis:33.33%\">\n<h2 class=\"wp-block-heading\" id=\"reflexn\u00ed pracovn\u00ed od\u011bvy\"><strong>Reflexn\u00ed pracovn\u00ed od\u011bvy<\/strong><\/h2>\n<\/div>\n\n\n\n<div class=\"wp-block-column is-layout-flow wp-block-column-is-layout-flow\" style=\"flex-basis:66.66%\">\n<p><strong><a href=\"https:\/\/lindstromgroup.com\/cz\/servisni-sluzby\/workwear-service\/reflexni-pracovni-odevy\/\">Reflexn\u00ed pracovn\u00ed od\u011bvy<\/a><\/strong> jsou z\u00e1kladn\u00ed v\u00fdbavou pro v\u0161echny pracovn\u00edky, kte\u0159\u00ed se pohybuj\u00ed v provozech se sn\u00ed\u017eenou viditelnost\u00ed nebo bl\u00edzko cest. Maj\u00ed vysokou viditelnost p\u0159i jak\u00fdchkoliv sv\u011bteln\u00fdch podm\u00ednk\u00e1ch, za denn\u00edho sv\u011btla i ve tm\u011b. V kolekci pracovn\u00edch od\u011bv\u016f Lindstr\u00f6m je najdete pod obchodn\u00edm ozna\u010den\u00edm HighVis.<\/p>\n<\/div>\n<\/div>\n\n\n\n<div class=\"wp-block-columns is-layout-flex wp-container-core-columns-is-layout-28f84493 wp-block-columns-is-layout-flex\">\n<div class=\"wp-block-column is-vertically-aligned-top is-layout-flow wp-block-column-is-layout-flow\" style=\"flex-basis:33.33%\">\n<h2 class=\"wp-block-heading\" id=\"rfid \u010dip\"><strong>RFID \u010dip<\/strong><\/h2>\n<\/div>\n\n\n\n<div class=\"wp-block-column is-layout-flow wp-block-column-is-layout-flow\" style=\"flex-basis:66.66%\">\n<p><strong>RFID <\/strong>(Radio-Frequency Identification)&nbsp;je \u010dip pro bezkontaktn\u00ed v\u00fdm\u011bnu dat mezi \u010dipem a RFID zapisova\u010dkou\/\u010dte\u010dkou. Dokud se RFID \u010dip nach\u00e1z\u00ed v elektromagnetick\u00e9m poli RFID zapisova\u010dky\/\u010dte\u010dky, m\u016f\u017ee prob\u00edhat v\u00fdm\u011bna dat. RFID \u010dipy v pracovn\u00edch od\u011bvech Lindstr\u00f6m umo\u017e\u0148uj\u00ed bezkontaktn\u00ed v\u00fdm\u011bnu dat mezi od\u011bvem a \u010dte\u010dkou. Slou\u017e\u00ed k digitalizaci kolob\u011bhu pracovn\u00edch od\u011bv\u016f mezi Lindstr\u00f6m pr\u00e1delnou a z\u00e1kazn\u00edkem. Jak je technologie RFID \u010dip\u016f vyu\u017e\u00edv\u00e1na p\u0159i servisn\u00ed slu\u017eb\u011b pracovn\u00edch od\u011bv\u016f najdete na na\u0161em <a href=\"https:\/\/lindstromgroup.com\/cz\/novinky\/\" target=\"_blank\" rel=\"noreferrer noopener\">blogu<\/a>.<\/p>\n<\/div>\n<\/div>\n\n\n\n<div class=\"wp-block-columns is-layout-flex wp-container-core-columns-is-layout-28f84493 wp-block-columns-is-layout-flex\">\n<div class=\"wp-block-column is-vertically-aligned-top is-layout-flow wp-block-column-is-layout-flow\" style=\"flex-basis:33.33%\">\n<h2 class=\"wp-block-heading\" id=\"s\u00e1lav\u00e9 teplo\"><strong>S\u00e1lav\u00e9 teplo<\/strong><\/h2>\n<\/div>\n\n\n\n<div class=\"wp-block-column is-layout-flow wp-block-column-is-layout-flow\" style=\"flex-basis:66.66%\">\n<p><strong>S\u00e1lav\u00e9 teplo <\/strong>je elektromagnetick\u00e9 vln\u011bn\u00ed, kter\u00e9 se \u0161\u00ed\u0159\u00ed rovnom\u011brn\u011b v\u0161emi sm\u011bry od zdroje. Toto teplo neproh\u0159\u00edv\u00e1 vzduch, ale p\u0159\u00edmo p\u0159edm\u011bty, od kter\u00fdch je teprve druhotn\u011b oh\u0159\u00edv\u00e1n vzduch. Je to stejn\u00e9 teplo, na kter\u00e9 jsme zvykl\u00ed od slunce. Toto teplo vznik\u00e1 tak\u00e9 p\u0159i sv\u00e1\u0159en\u00ed elektrick\u00fdm obloukem, proto je d\u016fle\u017eit\u00e9 nosit speci\u00e1ln\u00ed pracovn\u00ed od\u011bvy, kter\u00e9 spl\u0148uj\u00ed p\u0159\u00edsn\u00e9 bezpe\u010dnostn\u00ed standardy a normy a poskytuj\u00ed dostate\u010dnou ochranu proti tepeln\u00e9mu z\u00e1\u0159en\u00ed, plamen\u016fm a hork\u00fdm l\u00e1tk\u00e1m.<\/p>\n<\/div>\n<\/div>\n\n\n\n<div class=\"wp-block-columns is-layout-flex wp-container-core-columns-is-layout-28f84493 wp-block-columns-is-layout-flex\">\n<div class=\"wp-block-column is-vertically-aligned-top is-layout-flow wp-block-column-is-layout-flow\" style=\"flex-basis:33.33%\">\n<h2 class=\"wp-block-heading\" id=\"sat\u00e9n\"><strong>Sat\u00e9n<\/strong><\/h2>\n<\/div>\n\n\n\n<div class=\"wp-block-column is-layout-flow wp-block-column-is-layout-flow\" style=\"flex-basis:66.66%\">\n<p><strong>Sat\u00e9n<\/strong> je tkanina s vysok\u00fdm leskem na l\u00edcn\u00ed stran\u011b a je jednou z nejobl\u00edben\u011bj\u0161\u00edch tkanin na trhu. Sat\u00e9n se vyr\u00e1b\u00ed p\u0159ev\u00e1\u017en\u011b z p\u0159\u00edz\u00ed z nekone\u010dn\u00fdch vl\u00e1ken (p\u0159\u00edrodn\u00ed hedv\u00e1b\u00ed, visk\u00f3za, polyester, polyamid).<\/p>\n<\/div>\n<\/div>\n\n\n\n<div class=\"wp-block-columns is-layout-flex wp-container-core-columns-is-layout-28f84493 wp-block-columns-is-layout-flex\">\n<div class=\"wp-block-column is-vertically-aligned-top is-layout-flow wp-block-column-is-layout-flow\" style=\"flex-basis:33.33%\">\n<h2 class=\"wp-block-heading\" id=\"softshell\"><strong>Softshell<\/strong><\/h2>\n<\/div>\n\n\n\n<div class=\"wp-block-column is-layout-flow wp-block-column-is-layout-flow\" style=\"flex-basis:66.66%\">\n<p><strong>Softshell<\/strong> je souhrnn\u00e9 ozna\u010den\u00ed v\u00edcevrstv\u00fdch funk\u010dn\u00edch materi\u00e1l\u016f. N\u00e1zev vznikl spojen\u00edm dvou anglick\u00fdch slov SOFT (m\u011bkk\u00e1) a SHELL (schr\u00e1nka\/sko\u0159\u00e1pka). Z tohoto slovn\u00edho spojen\u00ed lze tedy odvodit i z\u00e1kladn\u00ed vlastnosti, kter\u00fdmi softshell disponuje: mechanick\u00e1 odolnost, nepromokavost, dobr\u00e1 tepeln\u00e1 izolace, v\u011btruvzdornost a prody\u0161nost.<\/p>\n<\/div>\n<\/div>\n\n\n\n<div class=\"wp-block-columns is-layout-flex wp-container-core-columns-is-layout-28f84493 wp-block-columns-is-layout-flex\">\n<div class=\"wp-block-column is-vertically-aligned-top is-layout-flow wp-block-column-is-layout-flow\" style=\"flex-basis:33.33%\">\n<h2 class=\"wp-block-heading\" id=\"statick\u00e1 elekt\u0159ina\"><strong>Statick\u00e1 elekt\u0159ina<\/strong><\/h2>\n<\/div>\n\n\n\n<div class=\"wp-block-column is-layout-flow wp-block-column-is-layout-flow\" style=\"flex-basis:66.66%\">\n<p><strong>Statick\u00e1 elekt\u0159ina <\/strong>je elektrick\u00fd n\u00e1boj, kter\u00fd vznik\u00e1 na povrchu elektricky m\u00e1lo vodiv\u00fdch t\u011bles. Vznik\u00e1 vz\u00e1jemn\u00fdm t\u0159en\u00edm dvou takov\u00fdch povrch\u016f, pop\u0159\u00edpad\u011b jejich opakovan\u00fdm spojov\u00e1n\u00edm a odpojov\u00e1n\u00edm. Velikost n\u00e1boje statick\u00e9 elekt\u0159iny je odvisl\u00e1 od mnoha faktor\u016f. P\u0159edev\u0161\u00edm jde o vodivost materi\u00e1l\u016f, tlak i rychlost t\u0159en\u00ed, ale i teplotu a vlhkost materi\u00e1l\u016f.<\/p>\n<\/div>\n<\/div>\n\n\n\n<div class=\"wp-block-columns is-layout-flex wp-container-core-columns-is-layout-28f84493 wp-block-columns-is-layout-flex\">\n<div class=\"wp-block-column is-vertically-aligned-top is-layout-flow wp-block-column-is-layout-flow\" style=\"flex-basis:33.33%\">\n<h2 class=\"wp-block-heading\" id=\"such\u00fd zip\"><strong>Such\u00fd zip<\/strong><\/h2>\n<\/div>\n\n\n\n<div class=\"wp-block-column is-layout-flow wp-block-column-is-layout-flow\" style=\"flex-basis:66.66%\">\n<p><strong>Such\u00fd zip<\/strong> je spojovac\u00ed materi\u00e1l, se kter\u00fdm se setk\u00e1v\u00e1me na r\u016fzn\u00fdch \u010d\u00e1stech od\u011bvu, ale i na \u010dist\u00edc\u00edch roho\u017e\u00edch. Jedna \u010d\u00e1st zipu je vyrobena z textilie, kter\u00e1 m\u00e1 o\u010dka, druh\u00e1 zase h\u00e1\u010dky. Drobn\u00e9 h\u00e1\u010dky se zachyt\u00e1vaj\u00ed do prot\u011bj\u0161\u00edch drobn\u00fdch o\u010dek. P\u0159ipev\u0148uje se \u0161it\u00edm nebo lepen\u00edm. Such\u00fd zip je vyhotoven tak, aby se dal velice snadno rozpojovat.<\/p>\n<\/div>\n<\/div>\n\n\n\n<div class=\"wp-block-columns is-layout-flex wp-container-core-columns-is-layout-28f84493 wp-block-columns-is-layout-flex\">\n<div class=\"wp-block-column is-vertically-aligned-top is-layout-flow wp-block-column-is-layout-flow\" style=\"flex-basis:33.33%\">\n<h2 class=\"wp-block-heading\" id=\"tencel\"><strong>Tencel<\/strong><\/h2>\n<\/div>\n\n\n\n<div class=\"wp-block-column is-layout-flow wp-block-column-is-layout-flow\" style=\"flex-basis:66.66%\">\n<p><strong>Tencel <\/strong>je obchodn\u00ed n\u00e1zev pro tkaninu obvykle naz\u00fdvanou jako lyocell. Tedy druh visk\u00f3zy vyr\u00e1b\u011bn\u00fd z rozdrcen\u00fdch d\u0159ev\u011bn\u00fdch vl\u00e1ken, resp. z buni\u010diny, anebo recyklac\u00ed jin\u00fdch textili\u00ed. Oproti klasick\u00e9 visk\u00f3ze je lyocellov\u00e9 vl\u00e1kno odoln\u011bj\u0161\u00ed a pevn\u011bj\u0161\u00ed. V Lindstr\u00f6m pracovn\u00edch od\u011bvech tencelov\u00e1 vl\u00e1kna najdete t\u0159eba v kolekci od\u011bv\u016f CarePro pro zdravotn\u00edky.<\/p>\n<\/div>\n<\/div>\n\n\n\n<div class=\"wp-block-columns is-layout-flex wp-container-core-columns-is-layout-28f84493 wp-block-columns-is-layout-flex\">\n<div class=\"wp-block-column is-vertically-aligned-top is-layout-flow wp-block-column-is-layout-flow\" style=\"flex-basis:33.33%\">\n<h2 class=\"wp-block-heading\" id=\"udr\u017eitelnost\"><strong>Udr\u017eitelnost<\/strong><\/h2>\n<\/div>\n\n\n\n<div class=\"wp-block-column is-layout-flow wp-block-column-is-layout-flow\" style=\"flex-basis:66.66%\">\n<p><strong><a href=\"https:\/\/lindstromgroup.com\/cz\/udrzitelnost\/\">Udr\u017eitelnost<\/a> <\/strong>je praktick\u00e1 schopnost uspokojit dne\u0161n\u00ed v\u00fdrobn\u00ed pot\u0159eby bez oslaben\u00ed schopnosti budouc\u00edch generac\u00ed uspokojit jejich z\u00e1kladn\u00ed pot\u0159eby a udr\u017eet jejich \u017eivotn\u00ed \u00farove\u0148.<\/p>\n<\/div>\n<\/div>\n\n\n\n<div class=\"wp-block-columns is-layout-flex wp-container-core-columns-is-layout-28f84493 wp-block-columns-is-layout-flex\">\n<div class=\"wp-block-column is-vertically-aligned-top is-layout-flow wp-block-column-is-layout-flow\" style=\"flex-basis:33.33%\">\n<h2 class=\"wp-block-heading\" id=\"uhl\u00edkov\u00e9 vl\u00e1kno\"><strong>Uhl\u00edkov\u00e9 vl\u00e1kno<\/strong><\/h2>\n<\/div>\n\n\n\n<div class=\"wp-block-column is-layout-flow wp-block-column-is-layout-flow\" style=\"flex-basis:66.66%\">\n<p><strong>Uhl\u00edkov\u00e9 <\/strong>neboli karbonov\u00e9 <strong>vl\u00e1kno<\/strong> je dlouh\u00fd a tenk\u00fd pramen materi\u00e1lu o pr\u016fm\u011bru 5\u20138 \u03bcm. Skl\u00e1d\u00e1 se p\u0159ev\u00e1\u017en\u011b z atom\u016f uhl\u00edku a je vyu\u017e\u00edv\u00e1no pro v\u00fdrobu pevn\u00fdch a odoln\u00fdch tkanin.<\/p>\n<\/div>\n<\/div>\n\n\n\n<div class=\"wp-block-columns is-layout-flex wp-container-core-columns-is-layout-28f84493 wp-block-columns-is-layout-flex\">\n<div class=\"wp-block-column is-vertically-aligned-top is-layout-flow wp-block-column-is-layout-flow\" style=\"flex-basis:33.33%\">\n<h2 class=\"wp-block-heading\" id=\"unisex\"><strong>Unisex<\/strong><\/h2>\n<\/div>\n\n\n\n<div class=\"wp-block-column is-layout-flow wp-block-column-is-layout-flow\" style=\"flex-basis:66.66%\">\n<p><strong>Unisex<\/strong>&nbsp;je pojem, se kter\u00fdm se nej\u010dast\u011bji setk\u00e1me v m\u00f3d\u011b. Jako unisex je ozna\u010dov\u00e1n takov\u00fd styl od\u011bvu, kter\u00fd se hod\u00ed pro mu\u017ee i \u017eeny, unisex m\u00f3da je v tomto smyslu univerz\u00e1ln\u00ed. M\u016f\u017ee se jednat o styl streetwear, casualwear nebo o sportovn\u00ed \u010di pracovn\u00ed oble\u010den\u00ed.<\/p>\n<\/div>\n<\/div>\n\n\n\n<div class=\"wp-block-columns is-layout-flex wp-container-core-columns-is-layout-28f84493 wp-block-columns-is-layout-flex\">\n<div class=\"wp-block-column is-vertically-aligned-top is-layout-flow wp-block-column-is-layout-flow\" style=\"flex-basis:33.33%\">\n<h2 class=\"wp-block-heading\" id=\"\u00faplet\"><strong>\u00daplet<\/strong><\/h2>\n<\/div>\n\n\n\n<div class=\"wp-block-column is-layout-flow wp-block-column-is-layout-flow\" style=\"flex-basis:66.66%\">\n<p><strong>Svetrov\u00fd \u00faplet <\/strong>neboli pletenina je druh textilie, kter\u00e1 se vyzna\u010duje extr\u00e9mn\u00ed pru\u017enost\u00ed. V Lindstr\u00f6m pracovn\u00edch od\u011bvech se pou\u017e\u00edv\u00e1 ve sm\u011bsov\u00e9 variant\u011b polyesteru s bavlnou. Svetrov\u00e9 \u00faplety maj\u00ed m\u011bkkou strukturu, dobrou propustnost vlhkosti, vynikaj\u00edc\u00ed pru\u017enost, a tak\u00e9 velmi dobr\u00e9 termoizola\u010dn\u00ed vlastnosti. Pou\u017e\u00edvaj\u00ed se nap\u0159\u00edklad p\u0159i v\u00fdrob\u011b pracovn\u00edch pl\u00e1\u0161\u0165\u016f pro potravin\u00e1\u0159e.<\/p>\n<\/div>\n<\/div>\n\n\n\n<div class=\"wp-block-columns is-layout-flex wp-container-core-columns-is-layout-28f84493 wp-block-columns-is-layout-flex\">\n<div class=\"wp-block-column is-vertically-aligned-top is-layout-flow wp-block-column-is-layout-flow\" style=\"flex-basis:33.33%\">\n<h2 class=\"wp-block-heading\" id=\"uv z\u00e1\u0159en\u00ed\"><strong>UV z\u00e1\u0159en\u00ed<\/strong><\/h2>\n<\/div>\n\n\n\n<div class=\"wp-block-column is-layout-flow wp-block-column-is-layout-flow\" style=\"flex-basis:66.66%\">\n<p><strong>Ultrafialov\u00e9 nebo<strong> UV<\/strong> (UV: ultra violet)<\/strong> <strong>z\u00e1\u0159en\u00ed <\/strong>je elektromagnetick\u00e9 z\u00e1\u0159en\u00ed s vlnovou d\u00e9lkou krat\u0161\u00ed ne\u017e m\u00e1 viditeln\u00e9 sv\u011btlo. P\u0159irozen\u00fd zdroj UV z\u00e1\u0159en\u00ed je Slunce, lze v\u0161ak vyrobit bez probl\u00e9m\u016f i UV z\u00e1\u0159i\u010dem. Tmav\u00e9 barvy pracovn\u00edch od\u011bv\u016f l\u00e9pe chr\u00e1n\u00ed p\u0159ed UV z\u00e1\u0159en\u00edm. Proto jsou Lindstr\u00f6m pracovn\u00ed od\u011bvy pro sv\u00e1\u0159e\u010de v tmav\u011b modr\u00fdch barv\u00e1ch.<\/p>\n<\/div>\n<\/div>\n\n\n\n<div class=\"wp-block-columns is-layout-flex wp-container-core-columns-is-layout-28f84493 wp-block-columns-is-layout-flex\">\n<div class=\"wp-block-column is-vertically-aligned-top is-layout-flow wp-block-column-is-layout-flow\" style=\"flex-basis:33.33%\">\n<h2 class=\"wp-block-heading\" id=\"visk\u00f3za\"><strong>Visk\u00f3za<\/strong><\/h2>\n<\/div>\n\n\n\n<div class=\"wp-block-column is-layout-flow wp-block-column-is-layout-flow\" style=\"flex-basis:66.66%\">\n<p><strong>Visk\u00f3za<\/strong> je polosyntetick\u00fd typ tkaniny z um\u011bl\u00e9ho hedv\u00e1b\u00ed vyroben\u00e9ho z buni\u010diny. Pou\u017e\u00edv\u00e1 se jako n\u00e1hra\u017eka hedv\u00e1b\u00ed, proto\u017ee m\u00e1 podobn\u00fd spl\u00fdvav\u00e9 a hladk\u00e9 vlastnosti. Term\u00edn visk\u00f3za se vztahuje konkr\u00e9tn\u011b k roztoku buni\u010diny, kter\u00e1 je p\u0159em\u011bn\u011bna na tkaninu. Byla poprv\u00e9 vyrobena v roce 1883.<\/p>\n<\/div>\n<\/div>\n\n\n\n<div class=\"wp-block-columns is-layout-flex wp-container-core-columns-is-layout-28f84493 wp-block-columns-is-layout-flex\">\n<div class=\"wp-block-column is-vertically-aligned-top is-layout-flow wp-block-column-is-layout-flow\" style=\"flex-basis:33.33%\">\n<h2 class=\"wp-block-heading\" id=\"vlna\"><strong>Vlna<\/strong><\/h2>\n<\/div>\n\n\n\n<div class=\"wp-block-column is-layout-flow wp-block-column-is-layout-flow\" style=\"flex-basis:66.66%\">\n<p><strong>Vlna <\/strong>jsou vl\u00e1kna ze zv\u00ed\u0159ec\u00ed srsti, nej\u010dast\u011bji z ovc\u00ed nebo z velbloud\u016f. P\u0159\u00edze z vlny jemn\u00e1, pevn\u00e1 a tenk\u00e1. Jedn\u00edm z d\u016fvod\u016f, pro\u010d se vlna pou\u017e\u00edv\u00e1 do sm\u011bsov\u00fdch materi\u00e1l\u016f pro pracovn\u00ed od\u011bvy jsou jej\u00ed termoregula\u010dn\u00ed vlastnosti. Podon\u011b jako bavlna m\u00e1 vlna schopnost vst\u0159ebat vlhkost do sv\u00e9ho j\u00e1dra a na povrchu z\u016fstat such\u00e1.<\/p>\n<\/div>\n<\/div>\n\n\n\n<div class=\"wp-block-columns is-layout-flex wp-container-core-columns-is-layout-28f84493 wp-block-columns-is-layout-flex\">\n<div class=\"wp-block-column is-vertically-aligned-top is-layout-flow wp-block-column-is-layout-flow\" style=\"flex-basis:33.33%\">\n<h2 class=\"wp-block-heading\" id=\"vousenka\"><strong>Vousenka<\/strong><\/h2>\n<\/div>\n\n\n\n<div class=\"wp-block-column is-layout-flow wp-block-column-is-layout-flow\" style=\"flex-basis:66.66%\">\n<p><strong>Vousenka<\/strong> neboli ochrann\u00e1 maska na vousy se pou\u017e\u00edv\u00e1 hlavn\u011b v potravin\u00e1\u0159stv\u00ed a gastronomi\u00ed jako nepostradateln\u00e1 pom\u016fcka pro zabr\u00e1n\u011bn\u00ed kontaminace. Ochrann\u00e9 vousenky jsou obvykle vyrobeny z lehk\u00e9 a zdravotn\u011b nez\u00e1vadn\u00e9 textilie spl\u0148uj\u00edc\u00ed p\u0159\u00edsn\u00e1 krit\u00e9ria na kvalitu a hygienickou \u010distotu.<\/p>\n<\/div>\n<\/div>\n\n\n\n<div class=\"wp-block-columns is-layout-flex wp-container-core-columns-is-layout-28f84493 wp-block-columns-is-layout-flex\">\n<div class=\"wp-block-column is-vertically-aligned-top is-layout-flow wp-block-column-is-layout-flow\" style=\"flex-basis:33.33%\">\n<h2 class=\"wp-block-heading\" id=\"vsadka\"><strong>Vsadka<\/strong><\/h2>\n<\/div>\n\n\n\n<div class=\"wp-block-column is-layout-flow wp-block-column-is-layout-flow\" style=\"flex-basis:66.66%\">\n<p><strong>Textiln\u00ed vsadka<\/strong> slou\u017e\u00ed k tomu, abyste si prostor pracovn\u00edho od\u011bvu (bunda,bl\u016fza, kalhoty) zv\u011bt\u0161ili. Textiln\u00ed vsadky pou\u017e\u00edv\u00e1me v na\u0161\u00ed servisn\u00ed slu\u017eb\u011b od\u011bv\u016f, kdy\u017e je pot\u0159eba upravit pracovn\u00edch od\u011bv nad standardn\u00ed velikost nebo v p\u0159\u00edpad\u011b, \u017ee nositel pracovn\u00edho od\u011bvu vyrostl a p\u016fvodn\u00ed velikost pracovn\u00edho od\u011bvu u\u017e mu nesed\u00ed. Je jeden z na\u0161ich zp\u016fsob\u016f, jak zajistit pracovn\u00edm od\u011bv\u016fm v\u011bt\u0161\u00ed udr\u017eitelnost, a jak prodlou\u017eit jejich \u017eivostnost.<\/p>\n<\/div>\n<\/div>\n\n\n\n<div class=\"wp-block-columns is-layout-flex wp-container-core-columns-is-layout-28f84493 wp-block-columns-is-layout-flex\">\n<div class=\"wp-block-column is-vertically-aligned-top is-layout-flow wp-block-column-is-layout-flow\" style=\"flex-basis:33.33%\">\n<h2 class=\"wp-block-heading\" id=\"zimn\u00ed pracovn\u00ed od\u011bvy\"><strong>Zimn\u00ed pracovn\u00ed od\u011bvy<\/strong><\/h2>\n<\/div>\n\n\n\n<div class=\"wp-block-column is-layout-flow wp-block-column-is-layout-flow\" style=\"flex-basis:66.66%\">\n<p><strong>Zimn\u00ed pracovn\u00ed od\u011bvy <\/strong>p\u0159edstavuj\u00ed \u0161irokou \u0161k\u00e1lu oble\u010den\u00ed a dopl\u0148k\u016f, kter\u00e9 zam\u011bstnance spolehliv\u011b zah\u0159ej\u00ed v sychrav\u00e9m a mraziv\u00e9m po\u010das\u00ed. Zimn\u00ed pracovn\u00ed od\u011bvy jsou \u010dasto vyrobeny z nepromokav\u00e9ho materi\u00e1lu, jsou zatepleny vatov\u00e1n\u00edm a vybaveny reflexn\u00edmi prvky nebo jsou vyrobeny ve reflexn\u00ed \u017elut\u00e9 nebo oran\u017eov\u00e9 barv\u011b.<\/p>\n<\/div>\n<\/div>\n\n\n    <\/div>\n<\/div>\n","protected":false},"excerpt":{"rendered":"","protected":false},"author":79,"featured_media":17666,"parent":0,"menu_order":0,"comment_status":"closed","ping_status":"closed","template":"","meta":{"_acf_changed":false,"inline_featured_image":false,"_eb_attr":"","site-sidebar-layout":"default","site-content-layout":"","ast-site-content-layout":"default","site-content-style":"default","site-sidebar-style":"default","ast-global-header-display":"","ast-banner-title-visibility":"","ast-main-header-display":"","ast-hfb-above-header-display":"","ast-hfb-below-header-display":"","ast-hfb-mobile-header-display":"","site-post-title":"","ast-breadcrumbs-content":"","ast-featured-img":"","footer-sml-layout":"","ast-disable-related-posts":"","theme-transparent-header-meta":"","adv-header-id-meta":"","stick-header-meta":"","header-above-stick-meta":"","header-main-stick-meta":"","header-below-stick-meta":"","astra-migrate-meta-layouts":"default","ast-page-background-enabled":"default","ast-page-background-meta":{"desktop":{"background-color":"var(--ast-global-color-4)","background-image":"","background-repeat":"repeat","background-position":"center center","background-size":"auto","background-attachment":"scroll","background-type":"","background-media":"","overlay-type":"","overlay-color":"","overlay-opacity":"","overlay-gradient":""},"tablet":{"background-color":"","background-image":"","background-repeat":"repeat","background-position":"center center","background-size":"auto","background-attachment":"scroll","background-type":"","background-media":"","overlay-type":"","overlay-color":"","overlay-opacity":"","overlay-gradient":""},"mobile":{"background-color":"","background-image":"","background-repeat":"repeat","background-position":"center center","background-size":"auto","background-attachment":"scroll","background-type":"","background-media":"","overlay-type":"","overlay-color":"","overlay-opacity":"","overlay-gradient":""}},"ast-content-background-meta":{"desktop":{"background-color":"var(--ast-global-color-5)","background-image":"","background-repeat":"repeat","background-position":"center center","background-size":"auto","background-attachment":"scroll","background-type":"","background-media":"","overlay-type":"","overlay-color":"","overlay-opacity":"","overlay-gradient":""},"tablet":{"background-color":"var(--ast-global-color-5)","background-image":"","background-repeat":"repeat","background-position":"center center","background-size":"auto","background-attachment":"scroll","background-type":"","background-media":"","overlay-type":"","overlay-color":"","overlay-opacity":"","overlay-gradient":""},"mobile":{"background-color":"var(--ast-global-color-5)","background-image":"","background-repeat":"repeat","background-position":"center center","background-size":"auto","background-attachment":"scroll","background-type":"","background-media":"","overlay-type":"","overlay-color":"","overlay-opacity":"","overlay-gradient":""}},"footnotes":""},"coauthors":[25],"class_list":["post-17664","page","type-page","status-publish","has-post-thumbnail","hentry"],"acf":[],"yoast_head":"<!-- This site is optimized with the Yoast SEO plugin v27.2 - https:\/\/yoast.com\/product\/yoast-seo-wordpress\/ -->\n<title>Slovn\u00edk Lindstr\u00f6m - Lindstr\u00f6m Czech<\/title>\n<meta name=\"robots\" content=\"index, follow, max-snippet:-1, max-image-preview:large, max-video-preview:-1\" \/>\n<meta property=\"og:locale\" content=\"cs_CZ\" \/>\n<meta property=\"og:type\" content=\"article\" \/>\n<meta property=\"og:title\" content=\"Slovn\u00edk Lindstr\u00f6m - Lindstr\u00f6m Czech\" \/>\n<meta property=\"og:url\" content=\"https:\/\/lindstromgroup.com\/cz\/slovnik-lindstrom\/\" \/>\n<meta property=\"og:site_name\" content=\"Lindstr\u00f6m Czech\" \/>\n<meta property=\"article:modified_time\" content=\"2024-12-10T08:06:06+00:00\" \/>\n<meta property=\"og:image\" content=\"https:\/\/lindstrom-sites.s3.eu-north-1.amazonaws.com\/wp-content\/uploads\/sites\/25\/2024\/04\/AdobeStock_27928371-1400x933-1.jpeg\" \/>\n\t<meta property=\"og:image:width\" content=\"1400\" \/>\n\t<meta property=\"og:image:height\" content=\"933\" \/>\n\t<meta property=\"og:image:type\" content=\"image\/jpeg\" \/>\n<meta name=\"twitter:card\" content=\"summary_large_image\" \/>\n<meta name=\"twitter:label1\" content=\"Odhadovan\u00e1 doba \u010dten\u00ed\" \/>\n\t<meta name=\"twitter:data1\" content=\"25 minut\" \/>\n\t<meta name=\"twitter:label2\" content=\"Written by\" \/>\n\t<meta name=\"twitter:data2\" content=\"zuzananasincova\" \/>\n<script type=\"application\/ld+json\" class=\"yoast-schema-graph\">{\"@context\":\"https:\/\/schema.org\",\"@graph\":[{\"@type\":\"WebPage\",\"@id\":\"https:\/\/lindstromgroup.com\/cz\/slovnik-lindstrom\/\",\"url\":\"https:\/\/lindstromgroup.com\/cz\/slovnik-lindstrom\/\",\"name\":\"Slovn\u00edk Lindstr\u00f6m - Lindstr\u00f6m Czech\",\"isPartOf\":{\"@id\":\"https:\/\/lindstromgroup.com\/cz\/#website\"},\"primaryImageOfPage\":{\"@id\":\"https:\/\/lindstromgroup.com\/cz\/slovnik-lindstrom\/#primaryimage\"},\"image\":{\"@id\":\"https:\/\/lindstromgroup.com\/cz\/slovnik-lindstrom\/#primaryimage\"},\"thumbnailUrl\":\"https:\/\/d2ris6qfzcz0wn.cloudfront.net\/wp-content\/uploads\/sites\/25\/2024\/04\/AdobeStock_27928371-1400x933-1.jpeg\",\"datePublished\":\"2024-04-18T09:09:42+00:00\",\"dateModified\":\"2024-12-10T08:06:06+00:00\",\"breadcrumb\":{\"@id\":\"https:\/\/lindstromgroup.com\/cz\/slovnik-lindstrom\/#breadcrumb\"},\"inLanguage\":\"cs\",\"potentialAction\":[{\"@type\":\"ReadAction\",\"target\":[\"https:\/\/lindstromgroup.com\/cz\/slovnik-lindstrom\/\"]}]},{\"@type\":\"ImageObject\",\"inLanguage\":\"cs\",\"@id\":\"https:\/\/lindstromgroup.com\/cz\/slovnik-lindstrom\/#primaryimage\",\"url\":\"https:\/\/d2ris6qfzcz0wn.cloudfront.net\/wp-content\/uploads\/sites\/25\/2024\/04\/AdobeStock_27928371-1400x933-1.jpeg\",\"contentUrl\":\"https:\/\/d2ris6qfzcz0wn.cloudfront.net\/wp-content\/uploads\/sites\/25\/2024\/04\/AdobeStock_27928371-1400x933-1.jpeg\",\"width\":1400,\"height\":933},{\"@type\":\"BreadcrumbList\",\"@id\":\"https:\/\/lindstromgroup.com\/cz\/slovnik-lindstrom\/#breadcrumb\",\"itemListElement\":[{\"@type\":\"ListItem\",\"position\":1,\"name\":\"Home\",\"item\":\"https:\/\/lindstromgroup.com\/cz\/\"},{\"@type\":\"ListItem\",\"position\":2,\"name\":\"Slovn\u00edk Lindstr\u00f6m\"}]},{\"@type\":\"WebSite\",\"@id\":\"https:\/\/lindstromgroup.com\/cz\/#website\",\"url\":\"https:\/\/lindstromgroup.com\/cz\/\",\"name\":\"Lindstr\u00f6m Czech\",\"description\":\"\",\"publisher\":{\"@id\":\"https:\/\/lindstromgroup.com\/cz\/#organization\"},\"potentialAction\":[{\"@type\":\"SearchAction\",\"target\":{\"@type\":\"EntryPoint\",\"urlTemplate\":\"https:\/\/lindstromgroup.com\/cz\/?s={search_term_string}\"},\"query-input\":{\"@type\":\"PropertyValueSpecification\",\"valueRequired\":true,\"valueName\":\"search_term_string\"}}],\"inLanguage\":\"cs\"},{\"@type\":\"Organization\",\"@id\":\"https:\/\/lindstromgroup.com\/cz\/#organization\",\"name\":\"Lindstr\u00f6m\",\"url\":\"https:\/\/lindstromgroup.com\/cz\/\",\"logo\":{\"@type\":\"ImageObject\",\"inLanguage\":\"cs\",\"@id\":\"https:\/\/lindstromgroup.com\/cz\/#\/schema\/logo\/image\/\",\"url\":\"https:\/\/d2ris6qfzcz0wn.cloudfront.net\/wp-content\/uploads\/sites\/25\/2023\/10\/Logo512.png\",\"contentUrl\":\"https:\/\/d2ris6qfzcz0wn.cloudfront.net\/wp-content\/uploads\/sites\/25\/2023\/10\/Logo512.png\",\"width\":512,\"height\":109,\"caption\":\"Lindstr\u00f6m\"},\"image\":{\"@id\":\"https:\/\/lindstromgroup.com\/cz\/#\/schema\/logo\/image\/\"}}]}<\/script>\n<!-- \/ Yoast SEO plugin. -->","yoast_head_json":{"title":"Slovn\u00edk Lindstr\u00f6m - Lindstr\u00f6m Czech","robots":{"index":"index","follow":"follow","max-snippet":"max-snippet:-1","max-image-preview":"max-image-preview:large","max-video-preview":"max-video-preview:-1"},"og_locale":"cs_CZ","og_type":"article","og_title":"Slovn\u00edk Lindstr\u00f6m - Lindstr\u00f6m Czech","og_url":"https:\/\/lindstromgroup.com\/cz\/slovnik-lindstrom\/","og_site_name":"Lindstr\u00f6m Czech","article_modified_time":"2024-12-10T08:06:06+00:00","og_image":[{"width":1400,"height":933,"url":"https:\/\/lindstrom-sites.s3.eu-north-1.amazonaws.com\/wp-content\/uploads\/sites\/25\/2024\/04\/AdobeStock_27928371-1400x933-1.jpeg","type":"image\/jpeg"}],"twitter_card":"summary_large_image","twitter_misc":{"Odhadovan\u00e1 doba \u010dten\u00ed":"25 minut","Written by":"zuzananasincova"},"schema":{"@context":"https:\/\/schema.org","@graph":[{"@type":"WebPage","@id":"https:\/\/lindstromgroup.com\/cz\/slovnik-lindstrom\/","url":"https:\/\/lindstromgroup.com\/cz\/slovnik-lindstrom\/","name":"Slovn\u00edk Lindstr\u00f6m - Lindstr\u00f6m Czech","isPartOf":{"@id":"https:\/\/lindstromgroup.com\/cz\/#website"},"primaryImageOfPage":{"@id":"https:\/\/lindstromgroup.com\/cz\/slovnik-lindstrom\/#primaryimage"},"image":{"@id":"https:\/\/lindstromgroup.com\/cz\/slovnik-lindstrom\/#primaryimage"},"thumbnailUrl":"https:\/\/d2ris6qfzcz0wn.cloudfront.net\/wp-content\/uploads\/sites\/25\/2024\/04\/AdobeStock_27928371-1400x933-1.jpeg","datePublished":"2024-04-18T09:09:42+00:00","dateModified":"2024-12-10T08:06:06+00:00","breadcrumb":{"@id":"https:\/\/lindstromgroup.com\/cz\/slovnik-lindstrom\/#breadcrumb"},"inLanguage":"cs","potentialAction":[{"@type":"ReadAction","target":["https:\/\/lindstromgroup.com\/cz\/slovnik-lindstrom\/"]}]},{"@type":"ImageObject","inLanguage":"cs","@id":"https:\/\/lindstromgroup.com\/cz\/slovnik-lindstrom\/#primaryimage","url":"https:\/\/d2ris6qfzcz0wn.cloudfront.net\/wp-content\/uploads\/sites\/25\/2024\/04\/AdobeStock_27928371-1400x933-1.jpeg","contentUrl":"https:\/\/d2ris6qfzcz0wn.cloudfront.net\/wp-content\/uploads\/sites\/25\/2024\/04\/AdobeStock_27928371-1400x933-1.jpeg","width":1400,"height":933},{"@type":"BreadcrumbList","@id":"https:\/\/lindstromgroup.com\/cz\/slovnik-lindstrom\/#breadcrumb","itemListElement":[{"@type":"ListItem","position":1,"name":"Home","item":"https:\/\/lindstromgroup.com\/cz\/"},{"@type":"ListItem","position":2,"name":"Slovn\u00edk Lindstr\u00f6m"}]},{"@type":"WebSite","@id":"https:\/\/lindstromgroup.com\/cz\/#website","url":"https:\/\/lindstromgroup.com\/cz\/","name":"Lindstr\u00f6m Czech","description":"","publisher":{"@id":"https:\/\/lindstromgroup.com\/cz\/#organization"},"potentialAction":[{"@type":"SearchAction","target":{"@type":"EntryPoint","urlTemplate":"https:\/\/lindstromgroup.com\/cz\/?s={search_term_string}"},"query-input":{"@type":"PropertyValueSpecification","valueRequired":true,"valueName":"search_term_string"}}],"inLanguage":"cs"},{"@type":"Organization","@id":"https:\/\/lindstromgroup.com\/cz\/#organization","name":"Lindstr\u00f6m","url":"https:\/\/lindstromgroup.com\/cz\/","logo":{"@type":"ImageObject","inLanguage":"cs","@id":"https:\/\/lindstromgroup.com\/cz\/#\/schema\/logo\/image\/","url":"https:\/\/d2ris6qfzcz0wn.cloudfront.net\/wp-content\/uploads\/sites\/25\/2023\/10\/Logo512.png","contentUrl":"https:\/\/d2ris6qfzcz0wn.cloudfront.net\/wp-content\/uploads\/sites\/25\/2023\/10\/Logo512.png","width":512,"height":109,"caption":"Lindstr\u00f6m"},"image":{"@id":"https:\/\/lindstromgroup.com\/cz\/#\/schema\/logo\/image\/"}}]}},"publishpress_future_workflow_manual_trigger":{"enabledWorkflows":[]},"distributor_meta":false,"distributor_terms":false,"distributor_media":false,"distributor_original_site_name":"Lindstr\u00f6m Czech","distributor_original_site_url":"https:\/\/lindstromgroup.com\/cz","push-errors":false,"_links":{"self":[{"href":"https:\/\/lindstromgroup.com\/cz\/wp-json\/wp\/v2\/pages\/17664","targetHints":{"allow":["GET"]}}],"collection":[{"href":"https:\/\/lindstromgroup.com\/cz\/wp-json\/wp\/v2\/pages"}],"about":[{"href":"https:\/\/lindstromgroup.com\/cz\/wp-json\/wp\/v2\/types\/page"}],"author":[{"embeddable":true,"href":"https:\/\/lindstromgroup.com\/cz\/wp-json\/wp\/v2\/users\/79"}],"replies":[{"embeddable":true,"href":"https:\/\/lindstromgroup.com\/cz\/wp-json\/wp\/v2\/comments?post=17664"}],"version-history":[{"count":0,"href":"https:\/\/lindstromgroup.com\/cz\/wp-json\/wp\/v2\/pages\/17664\/revisions"}],"wp:featuredmedia":[{"embeddable":true,"href":"https:\/\/lindstromgroup.com\/cz\/wp-json\/wp\/v2\/media\/17666"}],"wp:attachment":[{"href":"https:\/\/lindstromgroup.com\/cz\/wp-json\/wp\/v2\/media?parent=17664"}],"wp:term":[{"taxonomy":"author","embeddable":true,"href":"https:\/\/lindstromgroup.com\/cz\/wp-json\/wp\/v2\/coauthors?post=17664"}],"curies":[{"name":"wp","href":"https:\/\/api.w.org\/{rel}","templated":true}]}}