
    {"id":16891,"date":"2024-05-23T09:40:03","date_gmt":"2024-05-23T07:40:03","guid":{"rendered":"\/?post_type=services&#038;p=16891"},"modified":"2024-06-11T11:54:10","modified_gmt":"2024-06-11T09:54:10","slug":"huete-und-kopfbedeckungen","status":"publish","type":"services","link":"https:\/\/lindstromgroup.com\/at\/mietservice\/arbeitskleidung\/huete-und-kopfbedeckungen\/","title":{"rendered":"H\u00fcte und Kopfbedeckungen"},"content":{"rendered":"\n    <div\n        id=\"block_06d2ef66bfb5639abe2f3df9d013697f\"\n        class=\"hero-sub hero-sub--block_06d2ef66bfb5639abe2f3df9d013697f  flex flex-col-reverse lg:flex-row justify-between bg-dark-blue text-white\"\n    >        \n        <div class=\"flex flex-col gap-5 pt-10 pb-5 grow px-5 lg:px-20\">\n            <div class=\"flex flex-col justify-center gap-3 grow max-w-[var(--container-text-max)]\">\n                <h1 class=\"!mb-0 !text-white !text-title-medium lg:!text-title-large !font-bold hyphens-auto break-words\">\n                    H\u00fcte und Kopfbedeckungen                <\/h1>\n    \n                <div class=\"hero-sub__description\">\n                    <p>Grundausstattung f\u00fcr Arbeiter in der Lebensmittelindustrie zum Abdecken von langen und kurzen Haaren.<\/p>\n                <\/div>\n    \n                                    <div class=\"flex flex-col flex-wrap gap-3 mt-3 md:flex-row\">\n                                                                                    <a \n                                    class=\"px-5 py-3 font-bold text-center text-link-small rounded-[30px] border-2 border-white !no-underline bg-white !text-dark-blue button-solid--white\"\n                                    href=\"#angebot\"\n                                    target=\"_self\"\n                                >\n                                    Ich m\u00f6chte ein Preisangebot                                <\/a>\n                                                                                                                <a \n                                    class=\"px-5 py-3 font-bold text-center text-link-small rounded-[30px] border-2 border-white !no-underline bg-transparent !text-white button-outlined--white\"\n                                    href=\"#brochure\"\n                                    target=\"_self\"\n                                >\n                                    FoodIn Kollektion herunterladen                                <\/a>\n                                                                        <\/div>\n                \n                            <\/div>\n                            <div class=\"font-bold hero-sub__breadcrumb text-body-small\">\n                        <span><span><a href=\"https:\/\/lindstromgroup.com\/at\/\">Home<\/a><\/span><\/span>                <\/div>\n                    <\/div>\n\n        <div class=\"[&#038;_picture]:w-full flex h-full lg:h-auto max-h-[350px] lg:max-h-none lg:min-h-full w-full lg:w-[650px]\">\n            <img decoding=\"async\"\n                class=\"object-cover w-full h-full\"\n                src=\"https:\/\/d2ris6qfzcz0wn.cloudfront.net\/wp-content\/uploads\/sites\/26\/2024\/05\/011_Lindstrom_2016_hires_final-1-1024x683.jpg\"\n                alt=\"Grundausstattung f\u00fcr Arbeiter in der Lebensmittelindustrie zum Abdecken von langen und kurzen Haaren.\"\n            >\n        <\/div>\n    <\/div>\n\n\n\n        <style>\n            .lindstrom-container--block_d4ff94183282d7b6a5f70d8606bd7fae {                \n                padding-top: 35px;\n                padding-bottom: 35px;\n            }\n\n            @media screen and (min-width: 768px) {\n                .lindstrom-container--block_d4ff94183282d7b6a5f70d8606bd7fae {\n                    padding-top: 75px;\n                    padding-bottom: 75px;\n                }\n            }\n        <\/style>\n    \n<div\n    class=\"lindstrom-container-wrapper lindstrom-container lindstrom-container--block_d4ff94183282d7b6a5f70d8606bd7fae \"\n    id=\"block_d4ff94183282d7b6a5f70d8606bd7fae\"\n    style=\"background-color: #ffffff\"\n    >\n    <div class=\"lindstrom-container lindstrom-container--text items-stretch\">\n        \n\n<p class=\"has-text-align-center\">Arbeitsm\u00fctzen bzw. Arbeitskopfbedeckungen werden als Schutzvorrichtung in Gastro- und Lebensmittelbetrieben eingesetzt, wo sie Haare und Kopf vor Schmutz sch\u00fctzen und vor allem daf\u00fcr sorgen, dass die Haare nicht verunreinigt werden und keine Kontamination entstehen.<\/p>\n\n\n    <\/div>\n<\/div>\n\n\n\n        <style>\n            .lindstrom-container--block_55f44186ba5086fb4e5e8e2bd93ff5b2 {                \n                padding-top: 35px;\n                padding-bottom: 35px;\n            }\n\n            @media screen and (min-width: 768px) {\n                .lindstrom-container--block_55f44186ba5086fb4e5e8e2bd93ff5b2 {\n                    padding-top: 75px;\n                    padding-bottom: 75px;\n                }\n            }\n        <\/style>\n    \n<div\n    class=\"lindstrom-container-wrapper lindstrom-container lindstrom-container--block_55f44186ba5086fb4e5e8e2bd93ff5b2 \"\n    id=\"block_55f44186ba5086fb4e5e8e2bd93ff5b2\"\n    style=\"background-color: #ffffff\"\n    >\n    <div class=\"lindstrom-container lindstrom-container--content items-stretch\">\n        \n\n        <div \n        id=\"catalogue-block_1c9aeb1abc742a84676eee7645f854f9\" \n        class=\"catalogue\"\n    >\n        <div class=\"flex flex-col catalogue__container\">\n            \n                                                <div class=\"grid w-full grid-cols-1 md:grid-cols-2\">\n                        <div class=\"catalogue__media relative\">\n                                                            <img decoding=\"async\" \n                                    class=\"object-cover h-full w-full max-h-[250px] md:max-h-none md:absolute top-0 left-0\" \n                                    src=\"https:\/\/d2ris6qfzcz0wn.cloudfront.net\/wp-content\/uploads\/sites\/26\/2024\/05\/1L4213_working_cap-1-1024x585.png\" \n                                    alt=\"KIRK-Arbeitsm\u00fctze mit Halsverl\u00e4ngerung\" \n                                \/>\n                                                    <\/div>\n                        <div class=\"flex flex-col justify-center flex-1 gap-5 px-5 py-5 lg:px-20 lg:py-10 catalogue__content min-h-[250px] md:min-h-[350px]\" style=\"background-color:#003f72;\">\n                            <div class=\"flex flex-col gap-2\">\n                                <p \n                                    class=\"text-[16px]\/[22.4px] md:text-[25px]\/[32.5px] text-left tracking-[0.8px] md:tracking-normal uppercase md:normal-case font-bold !mb-0\" \n                                    style=\"color:#FFFFFF;\">\n                                        KIRK-Arbeitsm\u00fctze mit Halsverl\u00e4ngerung                                <\/p>\n                                <p class=\"text-[15px]\/[21px] text-left font-normal !mb-0\" style=\"color:#FFFFFF;\">Arbeitsm\u00fctze mit Schirm und Klettverschluss zur Gr\u00f6\u00dfenanpassung. Mit einer Verl\u00e4ngerung zur Abdeckung des Halses. Auch in einer Variante mit Haarnetz erh\u00e4ltlich.<\/p>\n                                                            <\/div>\n                                                            <div class=\"flex h-10 border-2 rounded-full w-fit button-outlined--white\" style=\"border-color:#FFFFFF;\">\n                                    <a \n                                        class=\"!no-underline bg-transparent py-3 pr-4 pl-5 font-bold text-base flex justify-center items-center gap-3 rounded-full w-full\" \n                                        href=\"#angebot\"\n                                        target=\"_self\"\n                                        style=\"color:#FFFFFF;\">\n                                            Ich m\u00f6chte ein Preisangebot <span class=\"material-symbols-outlined !font-bold\">arrow_right_alt<\/span>\n                                    <\/a>\n                                <\/div>\n                                                    <\/div>\n                    <\/div>\n                                    <div class=\"grid w-full grid-cols-1 md:grid-cols-2\">\n                        <div class=\"catalogue__media relative\">\n                                                            <img decoding=\"async\" \n                                    class=\"object-cover h-full w-full max-h-[250px] md:max-h-none md:absolute top-0 left-0\" \n                                    src=\"https:\/\/d2ris6qfzcz0wn.cloudfront.net\/wp-content\/uploads\/sites\/26\/2024\/05\/1L3442_working_cap-1-1024x585.jpg\" \n                                    alt=\"KIRK-Arbeitsm\u00fctze\" \n                                \/>\n                                                    <\/div>\n                        <div class=\"flex flex-col justify-center flex-1 gap-5 px-5 py-5 lg:px-20 lg:py-10 catalogue__content min-h-[250px] md:min-h-[350px]\" style=\"background-color:#dddddd;\">\n                            <div class=\"flex flex-col gap-2\">\n                                <p \n                                    class=\"text-[16px]\/[22.4px] md:text-[25px]\/[32.5px] text-left tracking-[0.8px] md:tracking-normal uppercase md:normal-case font-bold !mb-0\" \n                                    style=\"color:#003f72;\">\n                                        KIRK-Arbeitsm\u00fctze                                <\/p>\n                                <p class=\"text-[15px]\/[21px] text-left font-normal !mb-0\" style=\"color:#003f72;\">Arbeitsm\u00fctze mit Schirm und gr\u00f6\u00dfenverstellbar durch Klettverschluss.<\/p>\n                                                            <\/div>\n                                                            <div class=\"flex h-10 border-2 rounded-full w-fit button-outlined--black\" style=\"border-color:#003f72;\">\n                                    <a \n                                        class=\"!no-underline bg-transparent py-3 pr-4 pl-5 font-bold text-base flex justify-center items-center gap-3 rounded-full w-full\" \n                                        href=\"#angebot\"\n                                        target=\"_self\"\n                                        style=\"color:#003f72;\">\n                                            Ich m\u00f6chte ein Preisangebot <span class=\"material-symbols-outlined !font-bold\">arrow_right_alt<\/span>\n                                    <\/a>\n                                <\/div>\n                                                    <\/div>\n                    <\/div>\n                                    <div class=\"grid w-full grid-cols-1 md:grid-cols-2\">\n                        <div class=\"catalogue__media relative\">\n                                                            <img decoding=\"async\" \n                                    class=\"object-cover h-full w-full max-h-[250px] md:max-h-none md:absolute top-0 left-0\" \n                                    src=\"https:\/\/d2ris6qfzcz0wn.cloudfront.net\/wp-content\/uploads\/sites\/26\/2024\/05\/Balaclava_head_cover_food-industry-1024x682-1.jpg\" \n                                    alt=\"Sturmhaube\" \n                                \/>\n                                                    <\/div>\n                        <div class=\"flex flex-col justify-center flex-1 gap-5 px-5 py-5 lg:px-20 lg:py-10 catalogue__content min-h-[250px] md:min-h-[350px]\" style=\"background-color:#003f72;\">\n                            <div class=\"flex flex-col gap-2\">\n                                <p \n                                    class=\"text-[16px]\/[22.4px] md:text-[25px]\/[32.5px] text-left tracking-[0.8px] md:tracking-normal uppercase md:normal-case font-bold !mb-0\" \n                                    style=\"color:#FFFFFF;\">\n                                        Sturmhaube                                <\/p>\n                                <p class=\"text-[15px]\/[21px] text-left font-normal !mb-0\" style=\"color:#FFFFFF;\">Vollst\u00e4ndiger Kopfschutz, der den gesamten Kopf, den Nacken und einen Teil der Schultern bedeckt. Angenehmes, leicht waschbares Material.<\/p>\n                                                            <\/div>\n                                                            <div class=\"flex h-10 border-2 rounded-full w-fit button-outlined--white\" style=\"border-color:#FFFFFF;\">\n                                    <a \n                                        class=\"!no-underline bg-transparent py-3 pr-4 pl-5 font-bold text-base flex justify-center items-center gap-3 rounded-full w-full\" \n                                        href=\"#angebot\"\n                                        target=\"_self\"\n                                        style=\"color:#FFFFFF;\">\n                                            Ich m\u00f6chte ein Preisangebot <span class=\"material-symbols-outlined !font-bold\">arrow_right_alt<\/span>\n                                    <\/a>\n                                <\/div>\n                                                    <\/div>\n                    <\/div>\n                 \n                        \n        <\/div>\n    <\/div>\n    \n\n    <\/div>\n<\/div>\n\n\n\n        <style>\n            .lindstrom-container--block_55f44186ba5086fb4e5e8e2bd93ff5b2 {                \n                padding-top: 35px;\n                padding-bottom: 35px;\n            }\n\n            @media screen and (min-width: 768px) {\n                .lindstrom-container--block_55f44186ba5086fb4e5e8e2bd93ff5b2 {\n                    padding-top: 75px;\n                    padding-bottom: 75px;\n                }\n            }\n        <\/style>\n    \n<div\n    class=\"lindstrom-container-wrapper lindstrom-container lindstrom-container--block_55f44186ba5086fb4e5e8e2bd93ff5b2 \"\n    id=\"block_55f44186ba5086fb4e5e8e2bd93ff5b2\"\n    style=\"background-color: #ffffff\"\n    >\n    <div class=\"lindstrom-container lindstrom-container--content items-stretch\">\n        \n\n<div class=\"wp-block-columns is-layout-flex wp-container-core-columns-is-layout-28f84493 wp-block-columns-is-layout-flex\">\n<div class=\"wp-block-column is-layout-flow wp-block-column-is-layout-flow\" style=\"flex-basis:33.33%\">\n<figure class=\"wp-block-image size-full\"><img decoding=\"async\" width=\"500\" height=\"500\" src=\"\/wp-content\/uploads\/sites\/35\/2024\/05\/Nestle_Krupka-1-1.png\" alt=\"\" class=\"wp-image-16989\" srcset=\"https:\/\/d2ris6qfzcz0wn.cloudfront.net\/wp-content\/uploads\/sites\/26\/2024\/05\/Nestle_Krupka-1-1.png 500w, https:\/\/d2ris6qfzcz0wn.cloudfront.net\/wp-content\/uploads\/sites\/26\/2024\/05\/Nestle_Krupka-1-1-300x300.png 300w, https:\/\/d2ris6qfzcz0wn.cloudfront.net\/wp-content\/uploads\/sites\/26\/2024\/05\/Nestle_Krupka-1-1-150x150.png 150w\" sizes=\"(max-width: 500px) 100vw, 500px\" \/><\/figure>\n<\/div>\n\n\n\n<div class=\"wp-block-column is-layout-flow wp-block-column-is-layout-flow\" style=\"flex-basis:66.66%\">\n<blockquote class=\"wp-block-quote is-layout-flow wp-block-quote-is-layout-flow\">\n<p>Ab 2021 verwenden wir in unserer Produktion Lindstr\u00f6m-Sturmhauben. Fr\u00fcher haben wir Einweghauben verwendet, diese L\u00f6sung entsprach jedoch nicht den Nachhaltigkeitsanforderungen. Sturmhauben sind eine gro\u00dfartige L\u00f6sung, um einen hohen Hygienestandard in unserer Produktion und unseren Endprodukten sicherzustellen. Sturmhauben sind mit einem Namen und einem RFID-Chip gekennzeichnet. Wir haben einen \u00dcberblick \u00fcber die Waschh\u00e4ufigkeit und unsere Mitarbeiter sind sicher, dass sie nur ihre eigenen tragen. Die Sturmhauben von Lindstr\u00f6m mit ihrem Wartungsservice sind f\u00fcr uns die ideale L\u00f6sung, dank der wir uns praktisch keine Sorgen machen m\u00fcssen.<\/p>\n<cite><strong>PETR KOTEN, PERSONALLEITER DES NESTL\u00c9-PRODUKTIONSWERKS KRUPKA<\/strong><\/cite><\/blockquote>\n<\/div>\n<\/div>\n\n\n    <\/div>\n<\/div>\n\n\n\n        <style>\n            .country-site-certifications--block_6acb5e6298bb91803ef965c82f607b33 {                \n                padding-top: 35px;\n                padding-bottom: 35px;\n            }\n\n            @media screen and (min-width: 768px) {\n                .country-site-certifications--block_6acb5e6298bb91803ef965c82f607b33 {\n                    padding-top: 75px;\n                    padding-bottom: 75px;\n                }\n            }\n        <\/style>\n    \n            <div\n            id=\"block_6acb5e6298bb91803ef965c82f607b33\"\n            style=\"background-color: #ffffff\"\n            class=\"lindstrom-container-wrapper border-t border-grey-25 country-site-certifications country-site-certifications--block_6acb5e6298bb91803ef965c82f607b33 \"\n        >\n            <div class=\"flex flex-col items-center self-stretch gap-5 lindstrom-container lindstrom-container--content lg:flex-row lg:gap-20\">\n                <div class=\"flex flex-col items-center justify-center gap-5 lg:items-start basis-full lg:basis-1\/4 self-baseline\">\n                    <h2 class=\"!text-grey-100 !text-[22px]\/[33px] !font-bold uppercase tracking-[.33px]\">Kompetenz<\/h2>\n                    <p class=\"!text-grey-100 !text-[18px]\/[27px] opacity-90 text-center lg:text-left\"><\/p>\n                <\/div>\n                <div class=\"relative w-full max-w-full\">\n                    <div class=\"flex justify-start gap-3 overflow-x-auto lg:justify-end\">\n                                            <div class=\"relative text-center w-[150px]\">\n                            <img decoding=\"async\" class=\"aspect-square w-full object-contain\" src=\"https:\/\/d2ris6qfzcz0wn.cloudfront.net\/wp-content\/uploads\/sites\/26\/2024\/05\/QualitySysCert_ISO9001_col-1-250x300.jpg\" alt=\"\" \/>\n                                                                                <\/div>\n                                            <div class=\"relative text-center w-[150px]\">\n                            <img decoding=\"async\" class=\"aspect-square w-full object-contain\" src=\"https:\/\/d2ris6qfzcz0wn.cloudfront.net\/wp-content\/uploads\/sites\/26\/2024\/05\/EnvironmentalSysCert_ISO14001_col-1-250x300.jpg\" alt=\"\" \/>\n                                                                                <\/div>\n                                            <div class=\"relative text-center w-[150px]\">\n                            <img decoding=\"async\" class=\"aspect-square w-full object-contain\" src=\"https:\/\/d2ris6qfzcz0wn.cloudfront.net\/wp-content\/uploads\/sites\/26\/2024\/05\/ManagementSysCert_ISO9001_14001_45001_col-1-250x300.jpg\" alt=\"\" \/>\n                                                                                <\/div>\n                                            <div class=\"relative text-center w-[150px]\">\n                            <img decoding=\"async\" class=\"aspect-square w-full object-contain\" src=\"https:\/\/d2ris6qfzcz0wn.cloudfront.net\/wp-content\/uploads\/sites\/26\/2024\/05\/BioContaminationControl_EN14065_col-3-250x300.jpg\" alt=\"\" \/>\n                                                                                <\/div>\n                                            <div class=\"relative text-center w-[150px]\">\n                            <img decoding=\"async\" class=\"aspect-square w-full object-contain\" src=\"https:\/\/d2ris6qfzcz0wn.cloudfront.net\/wp-content\/uploads\/sites\/35\/2024\/05\/csr-4-1-300x300.png\" alt=\"\" \/>\n                                                                                <\/div>\n                                        <\/div>\n                <\/div>\n            <\/div>\n        <\/div>\n    \n\n\n        <style>\n            .lindstrom-container--block_f4ac7ddccc4ce13841100789853380c8 {                \n                padding-top: 35px;\n                padding-bottom: 35px;\n            }\n\n            @media screen and (min-width: 768px) {\n                .lindstrom-container--block_f4ac7ddccc4ce13841100789853380c8 {\n                    padding-top: 75px;\n                    padding-bottom: 75px;\n                }\n            }\n        <\/style>\n    \n<div\n    class=\"lindstrom-container-wrapper lindstrom-container lindstrom-container--block_f4ac7ddccc4ce13841100789853380c8 \"\n    id=\"block_f4ac7ddccc4ce13841100789853380c8\"\n    style=\"background-color: #ffffff\"\n    >\n    <div class=\"lindstrom-container lindstrom-container--content items-stretch\">\n        \n\n    <div \n        id=\"block_f6696752b6b42178dc3e383cb40296ad\"\n        class=\"visualization-service-cycles visualization-service-cycles--block_f6696752b6b42178dc3e383cb40296ad  \"\n    >\n                            \n            <div class=\"service-cycle__steps flex flex-col\">\n                <div class=\"flex flex-col lg:flex-row\">\n                                            <div \n                            class=\"service-cycle__box\"\n                            style=\"background-color: #ca005d;\"\n                        >\n                            <div class=\"items-center\">\n                                <span class='icon-thread-and-needle' style='font-size: 30px;color: #ffffff;'><\/span>                            <\/div>\n                            <div class=\"text-white flex flex-col gap-1\">\n                                <div class=\"text-title-small font-bold\">\n                                    Auf Ihre Bed\u00fcrfnisse zugeschnitten                                <\/div>\n                                                            <\/div>                            \n                            <div \n                                class=\"service-cycle__box-triangle\"\n                                style=\"background-color: #ca005d\"\n                            >\n                            <\/div>                            \n                        <\/div>\n\n                                                                    <div \n                            class=\"service-cycle__box\"\n                            style=\"background-color: #7c109a;\"\n                        >\n                            <div class=\"items-center\">\n                                <span class='icon-hanger' style='font-size: 30px;color: #ffffff;'><\/span>                            <\/div>\n                            <div class=\"text-white flex flex-col gap-1\">\n                                <div class=\"text-title-small font-bold\">\n                                    Waschen und Endaufbereitung                                <\/div>\n                                                            <\/div>                            \n                            <div \n                                class=\"service-cycle__box-triangle\"\n                                style=\"background-color: #7c109a\"\n                            >\n                            <\/div>                            \n                        <\/div>\n\n                                                                    <div \n                            class=\"service-cycle__box\"\n                            style=\"background-color: #003f72;\"\n                        >\n                            <div class=\"items-center\">\n                                <span class='icon-delivery' style='font-size: 30px;color: #ffffff;'><\/span>                            <\/div>\n                            <div class=\"text-white flex flex-col gap-1\">\n                                <div class=\"text-title-small font-bold\">\n                                    W\u00f6chentliche Lieferung und Abholung                                <\/div>\n                                                            <\/div>                            \n                            <div \n                                class=\"service-cycle__box-triangle\"\n                                style=\"background-color: #003f72\"\n                            >\n                            <\/div>                            \n                        <\/div>\n\n                                                                    <div \n                            class=\"service-cycle__box\"\n                            style=\"background-color: #578200;\"\n                        >\n                            <div class=\"items-center\">\n                                <span class='icon-high-five' style='font-size: 30px;color: #ffffff;'><\/span>                            <\/div>\n                            <div class=\"text-white flex flex-col gap-1\">\n                                <div class=\"text-title-small font-bold\">\n                                    Lagerung und endg\u00fcltige Entsorgung                                <\/div>\n                                                            <\/div>                            \n                            <div \n                                class=\"service-cycle__box-triangle\"\n                                style=\"background-color: #578200\"\n                            >\n                            <\/div>                            \n                        <\/div>\n\n                                                            <\/div>\n\n                <div class=\"hidden lg:flex\">\n                                            <div class=\"service-cycle__long-description\">\n                                                    <\/div>\n                                            <div class=\"service-cycle__long-description\">\n                                                    <\/div>\n                                            <div class=\"service-cycle__long-description\">\n                                                    <\/div>\n                                            <div class=\"service-cycle__long-description\">\n                                                    <\/div>\n                                    <\/div>\n                \n            <\/div>\n            <\/div>\n\n\n    <\/div>\n<\/div>\n\n\n\n        <style>\n            .lindstrom-container--block_8733d36bf942eb504c1a5c091610f4f8 {                \n                padding-top: 0px;\n                padding-bottom: 0px;\n            }\n\n            @media screen and (min-width: 768px) {\n                .lindstrom-container--block_8733d36bf942eb504c1a5c091610f4f8 {\n                    padding-top: 0px;\n                    padding-bottom: 0px;\n                }\n            }\n        <\/style>\n    \n<div\n    class=\"lindstrom-container-wrapper lindstrom-container lindstrom-container--block_8733d36bf942eb504c1a5c091610f4f8 \"\n    id=\"angebot\"\n    style=\"background-color: #ffffff\"\n    >\n    <div class=\"lindstrom-container lindstrom-container--wide items-stretch\">\n        \n\n<div class=\"wp-block-columns is-layout-flex wp-container-core-columns-is-layout-d9884270 wp-block-columns-is-layout-flex\" style=\"padding-top:0;padding-bottom:0\">\n<div class=\"wp-block-column is-layout-flow wp-block-column-is-layout-flow\">\n<figure class=\"wp-block-image size-full\"><img decoding=\"async\" width=\"2048\" height=\"1365\" src=\"https:\/\/d2ris6qfzcz0wn.cloudfront.net\/wp-content\/uploads\/sites\/26\/2023\/07\/071351-4.jpg\" alt=\"\" class=\"wp-image-17143\" style=\"aspect-ratio:4\/3;object-fit:cover\" srcset=\"https:\/\/d2ris6qfzcz0wn.cloudfront.net\/wp-content\/uploads\/sites\/26\/2023\/07\/071351-4.jpg 2048w, https:\/\/d2ris6qfzcz0wn.cloudfront.net\/wp-content\/uploads\/sites\/26\/2023\/07\/071351-4-300x200.jpg 300w, https:\/\/d2ris6qfzcz0wn.cloudfront.net\/wp-content\/uploads\/sites\/26\/2023\/07\/071351-4-1024x683.jpg 1024w, https:\/\/d2ris6qfzcz0wn.cloudfront.net\/wp-content\/uploads\/sites\/26\/2023\/07\/071351-4-768x512.jpg 768w, https:\/\/d2ris6qfzcz0wn.cloudfront.net\/wp-content\/uploads\/sites\/26\/2023\/07\/071351-4-1536x1024.jpg 1536w\" sizes=\"(max-width: 2048px) 100vw, 2048px\" \/><\/figure>\n<\/div>\n\n\n\n<div class=\"wp-block-column is-layout-constrained wp-block-column-is-layout-constrained\">\n        <style>\n            .lindstrom-container--block_f4ac7ddccc4ce13841100789853380c8 {                \n                padding-top: 35px;\n                padding-bottom: 35px;\n            }\n\n            @media screen and (min-width: 768px) {\n                .lindstrom-container--block_f4ac7ddccc4ce13841100789853380c8 {\n                    padding-top: 75px;\n                    padding-bottom: 75px;\n                }\n            }\n        <\/style>\n    \n<div\n    class=\"lindstrom-container-wrapper lindstrom-container lindstrom-container--block_f4ac7ddccc4ce13841100789853380c8 \"\n    id=\"block_f4ac7ddccc4ce13841100789853380c8\"\n    style=\"background-color: #ffffff\"\n    >\n    <div class=\"lindstrom-container lindstrom-container--content items-stretch\">\n        \n\n    <div id=\"hubspot-contact-form-block_9049c581d1695b7c89ab9599538e7c84\" class=\"hubspot-contact-form\">\n                    <h3 class=\"mt-0 !mb-5 lg:!mb-10 font-bold !text-title-small\">\n                Fordern Sie noch heute ein Angebot an!            <\/h3>\n        \n                    <p class=\"!-mt-4 lg:!-mt-8 !mb-5 lg:!mb-10 !text-body-small\">\n                F\u00fcllen Sie das Formular aus            <\/p>\n        \n        <div class=\"form-wrapper\"><\/div>\n        <div class=\"editor-message\">\n            Please set a valid form ID.\n        <\/div>\n    <\/div>\n\n<script>\n    \/**\n     * Generate dynamic init form function name to prevent it get re-initialized if there are multiple forms in a page\n     *\/\n    function initForm_69f0ca7e8cdf3() {\n        \/\/ retry until hubspot script is initialized\n        if (typeof hbspt !== \"undefined\") {\n            hbspt.forms.create({\n                region: \"eu1\",\n                portalId: \"2758505\",\n                formId: \"eeb6b1f8-5ab4-4108-b1b9-d18a98994d05\",\n                target: `#hubspot-contact-form-block_9049c581d1695b7c89ab9599538e7c84 .form-wrapper`,\n                onFormReady: (arg) => {\n                    const hasFeaturedField = 0;\n                    if (!hasFeaturedField) {\n                        return\n                    }\n    \n                    \/\/ in case the featured field is not available in the form\n                    const featuredField = document.querySelector(`#hubspot-contact-form-block_9049c581d1695b7c89ab9599538e7c84 .none`);\n                    if (!featuredField) {\n                        return\n                    }\n    \n                    \/\/ only support checkbox field for now\n                    convertCheckboxFeaturedField(featuredField)                \n                }\n            });\n            return;\n        }\n\n        setTimeout(initForm_69f0ca7e8cdf3, 250);\n    }\n\n    function convertCheckboxFeaturedField(featuredField) {\n        const fieldsetWrapper = featuredField.parentElement\n        \n        \/\/ add the featured field class to the wrapper fieldset element\n        \/\/ transform the featured field's UI via CSS\n        fieldsetWrapper.classList.add('featured-field')\n\n        \/\/ calculate and add enough space to display the featured field on top of the form\n        calculateFeaturedFieldSize(fieldsetWrapper)\n        window.addEventListener('resize', () => {\n            calculateFeaturedFieldSize(fieldsetWrapper)\n        })\n    }\n    \n    function calculateFeaturedFieldSize (fieldsetWrapper) {\n        fieldsetWrapper\n            .closest('.hubspot-contact-form--has-featured-field')\n            .style\n            .paddingTop = fieldsetWrapper.offsetHeight + 50 + 'px';\n    }    \n\n    initForm_69f0ca7e8cdf3();\n<\/script>\n\n\n    <\/div>\n<\/div>\n<\/div>\n<\/div>\n\n\n    <\/div>\n<\/div>\n\n\n\n        <style>\n            .lindstrom-container--block_f4ac7ddccc4ce13841100789853380c8 {                \n                padding-top: 35px;\n                padding-bottom: 35px;\n            }\n\n            @media screen and (min-width: 768px) {\n                .lindstrom-container--block_f4ac7ddccc4ce13841100789853380c8 {\n                    padding-top: 75px;\n                    padding-bottom: 75px;\n                }\n            }\n        <\/style>\n    \n<div\n    class=\"lindstrom-container-wrapper lindstrom-container lindstrom-container--block_f4ac7ddccc4ce13841100789853380c8 \"\n    id=\"block_f4ac7ddccc4ce13841100789853380c8\"\n    style=\"background-color: #ffffff\"\n    >\n    <div class=\"lindstrom-container lindstrom-container--content items-stretch\">\n        \n\n<style>\n    @media only screen and (max-width: 1200px) {\n        #block_7939471f33e32d90b469a8bfbe4d20cd .blogposts__container {\n            grid-template-columns: repeat(4, 1fr);\n        }\n    }\n<\/style>\n\n            <div \n            id=\"block_7939471f33e32d90b469a8bfbe4d20cd\" \n            class=\"blogposts blogposts--block_7939471f33e32d90b469a8bfbe4d20cd \"\n        >\n            <div class=\"blogposts\">\n                <div class=\"blogposts__container post-row\">\n                    \n        <div class='post-card relative' data-index='17792'>\n            <img\n                class='post-card__image' \n                src='https:\/\/d2ris6qfzcz0wn.cloudfront.net\/wp-content\/uploads\/sites\/35\/2026\/03\/ecovadis26_v01-1024x555.jpg' \n                alt='Lindstr\u00f6m erneut mit EcoVadis Platinum ausgezeichnet' \n            \/>\n            <div class='post-card__content'>\n                <div class='post-card__categories z-20'>\n            <a\n                class='post-card__category'\n                href='https:\/\/lindstromgroup.com\/at\/category\/article\/'\n            >\n                Blog\n            <\/a><\/div>\n                <div class='post-card__title'>\n                    Lindstr\u00f6m erneut mit EcoVadis Platinum ausgezeichnet\n                <\/div>\n                <p class='post-card__excerpt'>\n                    Lindstr\u00f6m hat erneut EcoVadis Platinum erhalten, die h\u00f6chste Auszeichnung eines der weltweit f\u00fchrenden Anbieter von Nachhaltigkeitsratings. EcoVadis bewertet Unternehmen in den Bereichen Umwelt, Arbeits- und&#8230;\n                <\/p>\n                <div class='post-card__tags z-20'>\n            <a\n                class='post-card__tag'\n                href='https:\/\/lindstromgroup.com\/at\/tag\/nachhaltigkeit\/'\n                style='border: 1px solid ; color: ;'\n            >\n                #nachhaltigkeit\n            <\/a><\/div>\n            <\/div>\n            <a href='\/at\/article\/lindstroem-erneut-mit-ecovadis-platinum-ausgezeichnet\/' class='absolute inset-0 w-full h-full z-10'><\/a>\n        <\/div>\n    \n        <div class='post-card relative' data-index='17783'>\n            <img\n                class='post-card__image' \n                src='https:\/\/d2ris6qfzcz0wn.cloudfront.net\/wp-content\/uploads\/sites\/35\/2026\/01\/generated_image-4.jpg' \n                alt='Hier werden Fehler nicht verziehen: Warum die R\u00fcstungs- und Elektrotechnikbranche mehr braucht als nur saubere Arbeitskleidung' \n            \/>\n            <div class='post-card__content'>\n                <div class='post-card__categories z-20'>\n            <a\n                class='post-card__category'\n                href='https:\/\/lindstromgroup.com\/at\/category\/article\/'\n            >\n                Blog\n            <\/a>\n            <a\n                class='post-card__category'\n                href='https:\/\/lindstromgroup.com\/at\/category\/uncategorized\/'\n            >\n                Uncategorized\n            <\/a><\/div>\n                <div class='post-card__title'>\n                    Hier werden Fehler nicht verziehen: Warum die R\u00fcstungs- und Elektrotechnikbranche mehr braucht als nur saubere Arbeitskleidung\n                <\/div>\n                <p class='post-card__excerpt'>\n                    In der modernen Industrie, in der sensible Elektronik oder hochentwickelte Waffensysteme gefertigt werden, werden Fehler nicht verziehen. Ein nahezu unsichtbarer Funke statischer Elektrizit\u00e4t oder eine&#8230;\n                <\/p>\n                <div class='post-card__tags z-20'>\n            <a\n                class='post-card__tag'\n                href='https:\/\/lindstromgroup.com\/at\/tag\/arbeitskleidung\/'\n                style='border: 1px solid ; color: ;'\n            >\n                #arbeitskleidung\n            <\/a>\n            <a\n                class='post-card__tag'\n                href='https:\/\/lindstromgroup.com\/at\/tag\/industrie\/'\n                style='border: 1px solid ; color: ;'\n            >\n                #industrie\n            <\/a>\n            <a\n                class='post-card__tag'\n                href='https:\/\/lindstromgroup.com\/at\/tag\/persoenlicheschutzausruestung\/'\n                style='border: 1px solid ; color: ;'\n            >\n                #pers\u00f6nlicheSchutzausr\u00fcstung\n            <\/a><\/div>\n            <\/div>\n            <a href='\/at\/article\/hier-werden-fehler-nicht-verziehen-warum-die-ruestungs-und-elektrotechnikbranche-mehr-braucht-als-nur-saubere-arbeitskleidung\/' class='absolute inset-0 w-full h-full z-10'><\/a>\n        <\/div>\n    \n        <div class='post-card relative' data-index='17780'>\n            <img\n                class='post-card__image' \n                src='https:\/\/d2ris6qfzcz0wn.cloudfront.net\/wp-content\/uploads\/sites\/35\/2025\/12\/Emco_header.jpg-1024x396.webp' \n                alt='EMCO spol. s r.o.  &#8211; Gesundes und leckeres Fr\u00fchst\u00fcck' \n            \/>\n            <div class='post-card__content'>\n                <div class='post-card__categories z-20'>\n            <a\n                class='post-card__category'\n                href='https:\/\/lindstromgroup.com\/at\/category\/uncategorized\/'\n            >\n                Uncategorized\n            <\/a><\/div>\n                <div class='post-card__title'>\n                    EMCO spol. s r.o.  &#8211; Gesundes und leckeres Fr\u00fchst\u00fcck\n                <\/div>\n                <p class='post-card__excerpt'>\n                    EMCO spol. s r.o. &#8211; Gesundes und leckeres Fr\u00fchst\u00fcck Seit 1998 produziert EMCO spol. s r.o. M\u00fcsli in der Tschechischen Republik. Zden\u011bk Jahoda begann mit&#8230;\n                <\/p>\n                <div class='post-card__tags z-20'>\n            <a\n                class='post-card__tag'\n                href='https:\/\/lindstromgroup.com\/at\/tag\/arbeitskleidung\/'\n                style='border: 1px solid ; color: ;'\n            >\n                #arbeitskleidung\n            <\/a>\n            <a\n                class='post-card__tag'\n                href='https:\/\/lindstromgroup.com\/at\/tag\/hygiene-2\/'\n                style='border: 1px solid ; color: ;'\n            >\n                #hygiene\n            <\/a>\n            <a\n                class='post-card__tag'\n                href='https:\/\/lindstromgroup.com\/at\/tag\/kundenerlebnis\/'\n                style='border: 1px solid ; color: ;'\n            >\n                #kundenerlebnis\n            <\/a><\/div>\n            <\/div>\n            <a href='\/at\/uncategorized\/emco-spol-s-r-o-gesundes-und-leckeres-fruehstueck\/' class='absolute inset-0 w-full h-full z-10'><\/a>\n        <\/div>\n                    <\/div>\n                <div class=\"post-row-mobile-carousel\"><\/div>\n            <\/div>\n        <\/div>\n    \n\n    <\/div>\n<\/div>\n\n\n\n        <style>\n            .lindstrom-container--block_2563e6fc29594b97f57c9a8f66c24891 {                \n                padding-top: 0px;\n                padding-bottom: 0px;\n            }\n\n            @media screen and (min-width: 768px) {\n                .lindstrom-container--block_2563e6fc29594b97f57c9a8f66c24891 {\n                    padding-top: 0px;\n                    padding-bottom: 0px;\n                }\n            }\n        <\/style>\n    \n<div\n    class=\"lindstrom-container-wrapper lindstrom-container lindstrom-container--block_2563e6fc29594b97f57c9a8f66c24891 \"\n    id=\"brochure\"\n    style=\"background-color: #ffffff\"\n    >\n    <div class=\"lindstrom-container lindstrom-container--wide items-stretch\">\n        \n\n<div class=\"wp-block-columns is-layout-flex wp-container-core-columns-is-layout-d9884270 wp-block-columns-is-layout-flex\" style=\"padding-top:0;padding-bottom:0\">\n<div class=\"wp-block-column is-layout-flow wp-block-column-is-layout-flow\">\n<figure class=\"wp-block-image size-full\"><img decoding=\"async\" width=\"1500\" height=\"1200\" src=\"https:\/\/d2ris6qfzcz0wn.cloudfront.net\/wp-content\/uploads\/sites\/35\/2024\/05\/Baker-0009-1.jpg\" alt=\"\" class=\"wp-image-17283\" style=\"aspect-ratio:4\/3;object-fit:cover\" srcset=\"https:\/\/d2ris6qfzcz0wn.cloudfront.net\/wp-content\/uploads\/sites\/35\/2024\/05\/Baker-0009-1.jpg 1500w, https:\/\/d2ris6qfzcz0wn.cloudfront.net\/wp-content\/uploads\/sites\/35\/2024\/05\/Baker-0009-1-300x240.jpg 300w, https:\/\/d2ris6qfzcz0wn.cloudfront.net\/wp-content\/uploads\/sites\/35\/2024\/05\/Baker-0009-1-1024x819.jpg 1024w, https:\/\/d2ris6qfzcz0wn.cloudfront.net\/wp-content\/uploads\/sites\/35\/2024\/05\/Baker-0009-1-768x614.jpg 768w\" sizes=\"(max-width: 1500px) 100vw, 1500px\" \/><\/figure>\n<\/div>\n\n\n\n<div class=\"wp-block-column is-layout-constrained wp-block-column-is-layout-constrained\">\n        <style>\n            .lindstrom-container--block_f4ac7ddccc4ce13841100789853380c8 {                \n                padding-top: 35px;\n                padding-bottom: 35px;\n            }\n\n            @media screen and (min-width: 768px) {\n                .lindstrom-container--block_f4ac7ddccc4ce13841100789853380c8 {\n                    padding-top: 75px;\n                    padding-bottom: 75px;\n                }\n            }\n        <\/style>\n    \n<div\n    class=\"lindstrom-container-wrapper lindstrom-container lindstrom-container--block_f4ac7ddccc4ce13841100789853380c8 \"\n    id=\"block_f4ac7ddccc4ce13841100789853380c8\"\n    style=\"background-color: #ffffff\"\n    >\n    <div class=\"lindstrom-container lindstrom-container--content items-stretch\">\n        \n\n    <div id=\"hubspot-contact-form-block_89c522f92d1a0c987c57755df7edaa93\" class=\"hubspot-contact-form\">\n                    <h3 class=\"mt-0 !mb-5 lg:!mb-10 font-bold !text-title-small\">\n                Erhalten Sie die Kollektion der Arbeitskleidung per E-Mail            <\/h3>\n        \n                    <p class=\"!-mt-4 lg:!-mt-8 !mb-5 lg:!mb-10 !text-body-small\">\n                F\u00fcllen Sie das Formular aus            <\/p>\n        \n        <div class=\"form-wrapper\"><\/div>\n        <div class=\"editor-message\">\n            Please set a valid form ID.\n        <\/div>\n    <\/div>\n\n<script>\n    \/**\n     * Generate dynamic init form function name to prevent it get re-initialized if there are multiple forms in a page\n     *\/\n    function initForm_69f0ca7e922ee() {\n        \/\/ retry until hubspot script is initialized\n        if (typeof hbspt !== \"undefined\") {\n            hbspt.forms.create({\n                region: \"eu1\",\n                portalId: \"2758505\",\n                formId: \"501c3854-6599-4b15-b413-00820986657b\",\n                target: `#hubspot-contact-form-block_89c522f92d1a0c987c57755df7edaa93 .form-wrapper`,\n                onFormReady: (arg) => {\n                    const hasFeaturedField = 0;\n                    if (!hasFeaturedField) {\n                        return\n                    }\n    \n                    \/\/ in case the featured field is not available in the form\n                    const featuredField = document.querySelector(`#hubspot-contact-form-block_89c522f92d1a0c987c57755df7edaa93 .none`);\n                    if (!featuredField) {\n                        return\n                    }\n    \n                    \/\/ only support checkbox field for now\n                    convertCheckboxFeaturedField(featuredField)                \n                }\n            });\n            return;\n        }\n\n        setTimeout(initForm_69f0ca7e922ee, 250);\n    }\n\n    function convertCheckboxFeaturedField(featuredField) {\n        const fieldsetWrapper = featuredField.parentElement\n        \n        \/\/ add the featured field class to the wrapper fieldset element\n        \/\/ transform the featured field's UI via CSS\n        fieldsetWrapper.classList.add('featured-field')\n\n        \/\/ calculate and add enough space to display the featured field on top of the form\n        calculateFeaturedFieldSize(fieldsetWrapper)\n        window.addEventListener('resize', () => {\n            calculateFeaturedFieldSize(fieldsetWrapper)\n        })\n    }\n    \n    function calculateFeaturedFieldSize (fieldsetWrapper) {\n        fieldsetWrapper\n            .closest('.hubspot-contact-form--has-featured-field')\n            .style\n            .paddingTop = fieldsetWrapper.offsetHeight + 50 + 'px';\n    }    \n\n    initForm_69f0ca7e922ee();\n<\/script>\n\n\n    <\/div>\n<\/div>\n<\/div>\n<\/div>\n\n\n    <\/div>\n<\/div>\n","protected":false},"excerpt":{"rendered":"","protected":false},"author":79,"featured_media":16984,"parent":16802,"menu_order":0,"template":"","meta":{"_acf_changed":true,"inline_featured_image":false,"_eb_attr":"","site-sidebar-layout":"default","site-content-layout":"","ast-site-content-layout":"default","site-content-style":"default","site-sidebar-style":"default","ast-global-header-display":"","ast-banner-title-visibility":"","ast-main-header-display":"","ast-hfb-above-header-display":"","ast-hfb-below-header-display":"","ast-hfb-mobile-header-display":"","site-post-title":"","ast-breadcrumbs-content":"","ast-featured-img":"","footer-sml-layout":"","ast-disable-related-posts":"","theme-transparent-header-meta":"","adv-header-id-meta":"","stick-header-meta":"","header-above-stick-meta":"","header-main-stick-meta":"","header-below-stick-meta":"","astra-migrate-meta-layouts":"default","ast-page-background-enabled":"default","ast-page-background-meta":{"desktop":{"background-color":"var(--ast-global-color-4)","background-image":"","background-repeat":"repeat","background-position":"center center","background-size":"auto","background-attachment":"scroll","background-type":"","background-media":"","overlay-type":"","overlay-color":"","overlay-opacity":"","overlay-gradient":""},"tablet":{"background-color":"","background-image":"","background-repeat":"repeat","background-position":"center center","background-size":"auto","background-attachment":"scroll","background-type":"","background-media":"","overlay-type":"","overlay-color":"","overlay-opacity":"","overlay-gradient":""},"mobile":{"background-color":"","background-image":"","background-repeat":"repeat","background-position":"center center","background-size":"auto","background-attachment":"scroll","background-type":"","background-media":"","overlay-type":"","overlay-color":"","overlay-opacity":"","overlay-gradient":""}},"ast-content-background-meta":{"desktop":{"background-color":"var(--ast-global-color-5)","background-image":"","background-repeat":"repeat","background-position":"center center","background-size":"auto","background-attachment":"scroll","background-type":"","background-media":"","overlay-type":"","overlay-color":"","overlay-opacity":"","overlay-gradient":""},"tablet":{"background-color":"var(--ast-global-color-5)","background-image":"","background-repeat":"repeat","background-position":"center center","background-size":"auto","background-attachment":"scroll","background-type":"","background-media":"","overlay-type":"","overlay-color":"","overlay-opacity":"","overlay-gradient":""},"mobile":{"background-color":"var(--ast-global-color-5)","background-image":"","background-repeat":"repeat","background-position":"center center","background-size":"auto","background-attachment":"scroll","background-type":"","background-media":"","overlay-type":"","overlay-color":"","overlay-opacity":"","overlay-gradient":""}}},"coauthors":[25],"class_list":["post-16891","services","type-services","status-publish","has-post-thumbnail","hentry"],"acf":[],"yoast_head":"<!-- This site is optimized with the Yoast SEO plugin v27.2 - https:\/\/yoast.com\/product\/yoast-seo-wordpress\/ -->\n<title>H\u00fcte und Kopfbedeckungen - Lindstr\u00f6m Austria<\/title>\n<meta name=\"robots\" content=\"index, follow, max-snippet:-1, max-image-preview:large, max-video-preview:-1\" \/>\n<meta property=\"og:locale\" content=\"de_DE\" \/>\n<meta property=\"og:type\" content=\"article\" \/>\n<meta property=\"og:title\" content=\"H\u00fcte und Kopfbedeckungen - Lindstr\u00f6m Austria\" \/>\n<meta property=\"og:url\" content=\"https:\/\/lindstromgroup.com\/at\/mietservice\/arbeitskleidung\/huete-und-kopfbedeckungen\/\" \/>\n<meta property=\"og:site_name\" content=\"Lindstr\u00f6m Austria\" \/>\n<meta property=\"article:modified_time\" content=\"2024-06-11T09:54:10+00:00\" \/>\n<meta property=\"og:image\" content=\"https:\/\/lindstrom-sites.s3.eu-north-1.amazonaws.com\/wp-content\/uploads\/sites\/26\/2024\/05\/011_Lindstrom_2016_hires_final-1.jpg\" \/>\n\t<meta property=\"og:image:width\" content=\"1500\" \/>\n\t<meta property=\"og:image:height\" content=\"1001\" \/>\n\t<meta property=\"og:image:type\" content=\"image\/jpeg\" \/>\n<meta name=\"twitter:card\" content=\"summary_large_image\" \/>\n<meta name=\"twitter:label1\" content=\"Gesch\u00e4tzte Lesezeit\" \/>\n\t<meta name=\"twitter:data1\" content=\"4 Minuten\" \/>\n\t<meta name=\"twitter:label2\" content=\"Written by\" \/>\n\t<meta name=\"twitter:data2\" content=\"zuzananasincova\" \/>\n<script type=\"application\/ld+json\" class=\"yoast-schema-graph\">{\"@context\":\"https:\/\/schema.org\",\"@graph\":[{\"@type\":\"WebPage\",\"@id\":\"https:\/\/lindstromgroup.com\/at\/mietservice\/arbeitskleidung\/huete-und-kopfbedeckungen\/\",\"url\":\"https:\/\/lindstromgroup.com\/at\/mietservice\/arbeitskleidung\/huete-und-kopfbedeckungen\/\",\"name\":\"H\u00fcte und Kopfbedeckungen - Lindstr\u00f6m Austria\",\"isPartOf\":{\"@id\":\"https:\/\/lindstromgroup.com\/at\/#website\"},\"primaryImageOfPage\":{\"@id\":\"https:\/\/lindstromgroup.com\/at\/mietservice\/arbeitskleidung\/huete-und-kopfbedeckungen\/#primaryimage\"},\"image\":{\"@id\":\"https:\/\/lindstromgroup.com\/at\/mietservice\/arbeitskleidung\/huete-und-kopfbedeckungen\/#primaryimage\"},\"thumbnailUrl\":\"https:\/\/d2ris6qfzcz0wn.cloudfront.net\/wp-content\/uploads\/sites\/26\/2024\/05\/011_Lindstrom_2016_hires_final-1.jpg\",\"datePublished\":\"2024-05-23T07:40:03+00:00\",\"dateModified\":\"2024-06-11T09:54:10+00:00\",\"breadcrumb\":{\"@id\":\"https:\/\/lindstromgroup.com\/at\/mietservice\/arbeitskleidung\/huete-und-kopfbedeckungen\/#breadcrumb\"},\"inLanguage\":\"de-AT\",\"potentialAction\":[{\"@type\":\"ReadAction\",\"target\":[\"https:\/\/lindstromgroup.com\/at\/mietservice\/arbeitskleidung\/huete-und-kopfbedeckungen\/\"]}]},{\"@type\":\"ImageObject\",\"inLanguage\":\"de-AT\",\"@id\":\"https:\/\/lindstromgroup.com\/at\/mietservice\/arbeitskleidung\/huete-und-kopfbedeckungen\/#primaryimage\",\"url\":\"https:\/\/d2ris6qfzcz0wn.cloudfront.net\/wp-content\/uploads\/sites\/26\/2024\/05\/011_Lindstrom_2016_hires_final-1.jpg\",\"contentUrl\":\"https:\/\/d2ris6qfzcz0wn.cloudfront.net\/wp-content\/uploads\/sites\/26\/2024\/05\/011_Lindstrom_2016_hires_final-1.jpg\",\"width\":1500,\"height\":1001},{\"@type\":\"BreadcrumbList\",\"@id\":\"https:\/\/lindstromgroup.com\/at\/mietservice\/arbeitskleidung\/huete-und-kopfbedeckungen\/#breadcrumb\",\"itemListElement\":[{\"@type\":\"ListItem\",\"position\":1,\"name\":\"Home\",\"item\":\"https:\/\/lindstromgroup.com\/at\/\"},{\"@type\":\"ListItem\",\"position\":2,\"name\":\"Arbeitskleidung\",\"item\":\"https:\/\/lindstromgroup.com\/at\/mietservice\/arbeitskleidung\/\"},{\"@type\":\"ListItem\",\"position\":3,\"name\":\"H\u00fcte und Kopfbedeckungen\"}]},{\"@type\":\"WebSite\",\"@id\":\"https:\/\/lindstromgroup.com\/at\/#website\",\"url\":\"https:\/\/lindstromgroup.com\/at\/\",\"name\":\"Lindstr\u00f6m Austria\",\"description\":\"\",\"publisher\":{\"@id\":\"https:\/\/lindstromgroup.com\/at\/#organization\"},\"potentialAction\":[{\"@type\":\"SearchAction\",\"target\":{\"@type\":\"EntryPoint\",\"urlTemplate\":\"https:\/\/lindstromgroup.com\/at\/?s={search_term_string}\"},\"query-input\":{\"@type\":\"PropertyValueSpecification\",\"valueRequired\":true,\"valueName\":\"search_term_string\"}}],\"inLanguage\":\"de-AT\"},{\"@type\":\"Organization\",\"@id\":\"https:\/\/lindstromgroup.com\/at\/#organization\",\"name\":\"Lindstr\u00f6m Austria\",\"url\":\"https:\/\/lindstromgroup.com\/at\/\",\"logo\":{\"@type\":\"ImageObject\",\"inLanguage\":\"de-AT\",\"@id\":\"https:\/\/lindstromgroup.com\/at\/#\/schema\/logo\/image\/\",\"url\":\"https:\/\/d2ris6qfzcz0wn.cloudfront.net\/wp-content\/uploads\/sites\/26\/2023\/10\/Logo512.png\",\"contentUrl\":\"https:\/\/d2ris6qfzcz0wn.cloudfront.net\/wp-content\/uploads\/sites\/26\/2023\/10\/Logo512.png\",\"width\":512,\"height\":109,\"caption\":\"Lindstr\u00f6m Austria\"},\"image\":{\"@id\":\"https:\/\/lindstromgroup.com\/at\/#\/schema\/logo\/image\/\"}}]}<\/script>\n<!-- \/ Yoast SEO plugin. -->","yoast_head_json":{"title":"H\u00fcte und Kopfbedeckungen - Lindstr\u00f6m Austria","robots":{"index":"index","follow":"follow","max-snippet":"max-snippet:-1","max-image-preview":"max-image-preview:large","max-video-preview":"max-video-preview:-1"},"og_locale":"de_DE","og_type":"article","og_title":"H\u00fcte und Kopfbedeckungen - Lindstr\u00f6m Austria","og_url":"https:\/\/lindstromgroup.com\/at\/mietservice\/arbeitskleidung\/huete-und-kopfbedeckungen\/","og_site_name":"Lindstr\u00f6m Austria","article_modified_time":"2024-06-11T09:54:10+00:00","og_image":[{"width":1500,"height":1001,"url":"https:\/\/lindstrom-sites.s3.eu-north-1.amazonaws.com\/wp-content\/uploads\/sites\/26\/2024\/05\/011_Lindstrom_2016_hires_final-1.jpg","type":"image\/jpeg"}],"twitter_card":"summary_large_image","twitter_misc":{"Gesch\u00e4tzte Lesezeit":"4 Minuten","Written by":"zuzananasincova"},"schema":{"@context":"https:\/\/schema.org","@graph":[{"@type":"WebPage","@id":"https:\/\/lindstromgroup.com\/at\/mietservice\/arbeitskleidung\/huete-und-kopfbedeckungen\/","url":"https:\/\/lindstromgroup.com\/at\/mietservice\/arbeitskleidung\/huete-und-kopfbedeckungen\/","name":"H\u00fcte und Kopfbedeckungen - Lindstr\u00f6m Austria","isPartOf":{"@id":"https:\/\/lindstromgroup.com\/at\/#website"},"primaryImageOfPage":{"@id":"https:\/\/lindstromgroup.com\/at\/mietservice\/arbeitskleidung\/huete-und-kopfbedeckungen\/#primaryimage"},"image":{"@id":"https:\/\/lindstromgroup.com\/at\/mietservice\/arbeitskleidung\/huete-und-kopfbedeckungen\/#primaryimage"},"thumbnailUrl":"https:\/\/d2ris6qfzcz0wn.cloudfront.net\/wp-content\/uploads\/sites\/26\/2024\/05\/011_Lindstrom_2016_hires_final-1.jpg","datePublished":"2024-05-23T07:40:03+00:00","dateModified":"2024-06-11T09:54:10+00:00","breadcrumb":{"@id":"https:\/\/lindstromgroup.com\/at\/mietservice\/arbeitskleidung\/huete-und-kopfbedeckungen\/#breadcrumb"},"inLanguage":"de-AT","potentialAction":[{"@type":"ReadAction","target":["https:\/\/lindstromgroup.com\/at\/mietservice\/arbeitskleidung\/huete-und-kopfbedeckungen\/"]}]},{"@type":"ImageObject","inLanguage":"de-AT","@id":"https:\/\/lindstromgroup.com\/at\/mietservice\/arbeitskleidung\/huete-und-kopfbedeckungen\/#primaryimage","url":"https:\/\/d2ris6qfzcz0wn.cloudfront.net\/wp-content\/uploads\/sites\/26\/2024\/05\/011_Lindstrom_2016_hires_final-1.jpg","contentUrl":"https:\/\/d2ris6qfzcz0wn.cloudfront.net\/wp-content\/uploads\/sites\/26\/2024\/05\/011_Lindstrom_2016_hires_final-1.jpg","width":1500,"height":1001},{"@type":"BreadcrumbList","@id":"https:\/\/lindstromgroup.com\/at\/mietservice\/arbeitskleidung\/huete-und-kopfbedeckungen\/#breadcrumb","itemListElement":[{"@type":"ListItem","position":1,"name":"Home","item":"https:\/\/lindstromgroup.com\/at\/"},{"@type":"ListItem","position":2,"name":"Arbeitskleidung","item":"https:\/\/lindstromgroup.com\/at\/mietservice\/arbeitskleidung\/"},{"@type":"ListItem","position":3,"name":"H\u00fcte und Kopfbedeckungen"}]},{"@type":"WebSite","@id":"https:\/\/lindstromgroup.com\/at\/#website","url":"https:\/\/lindstromgroup.com\/at\/","name":"Lindstr\u00f6m Austria","description":"","publisher":{"@id":"https:\/\/lindstromgroup.com\/at\/#organization"},"potentialAction":[{"@type":"SearchAction","target":{"@type":"EntryPoint","urlTemplate":"https:\/\/lindstromgroup.com\/at\/?s={search_term_string}"},"query-input":{"@type":"PropertyValueSpecification","valueRequired":true,"valueName":"search_term_string"}}],"inLanguage":"de-AT"},{"@type":"Organization","@id":"https:\/\/lindstromgroup.com\/at\/#organization","name":"Lindstr\u00f6m Austria","url":"https:\/\/lindstromgroup.com\/at\/","logo":{"@type":"ImageObject","inLanguage":"de-AT","@id":"https:\/\/lindstromgroup.com\/at\/#\/schema\/logo\/image\/","url":"https:\/\/d2ris6qfzcz0wn.cloudfront.net\/wp-content\/uploads\/sites\/26\/2023\/10\/Logo512.png","contentUrl":"https:\/\/d2ris6qfzcz0wn.cloudfront.net\/wp-content\/uploads\/sites\/26\/2023\/10\/Logo512.png","width":512,"height":109,"caption":"Lindstr\u00f6m Austria"},"image":{"@id":"https:\/\/lindstromgroup.com\/at\/#\/schema\/logo\/image\/"}}]}},"publishpress_future_workflow_manual_trigger":{"enabledWorkflows":[]},"distributor_meta":false,"distributor_terms":false,"distributor_media":false,"distributor_original_site_name":"Lindstr\u00f6m Austria","distributor_original_site_url":"https:\/\/lindstromgroup.com\/at","push-errors":false,"_links":{"self":[{"href":"https:\/\/lindstromgroup.com\/at\/wp-json\/wp\/v2\/services\/16891","targetHints":{"allow":["GET"]}}],"collection":[{"href":"https:\/\/lindstromgroup.com\/at\/wp-json\/wp\/v2\/services"}],"about":[{"href":"https:\/\/lindstromgroup.com\/at\/wp-json\/wp\/v2\/types\/services"}],"author":[{"embeddable":true,"href":"https:\/\/lindstromgroup.com\/at\/wp-json\/wp\/v2\/users\/79"}],"up":[{"embeddable":true,"href":"https:\/\/lindstromgroup.com\/at\/wp-json\/wp\/v2\/services\/16802"}],"wp:featuredmedia":[{"embeddable":true,"href":"https:\/\/lindstromgroup.com\/at\/wp-json\/wp\/v2\/media\/16984"}],"wp:attachment":[{"href":"https:\/\/lindstromgroup.com\/at\/wp-json\/wp\/v2\/media?parent=16891"}],"wp:term":[{"taxonomy":"author","embeddable":true,"href":"https:\/\/lindstromgroup.com\/at\/wp-json\/wp\/v2\/coauthors?post=16891"}],"curies":[{"name":"wp","href":"https:\/\/api.w.org\/{rel}","templated":true}]}}